{"id":3934,"date":"2023-04-14T15:55:38","date_gmt":"2023-04-14T13:55:38","guid":{"rendered":"https:\/\/www.upo.es\/25-aniversario\/?post_type=tribe_events&#038;p=3934"},"modified":"2023-04-19T09:38:26","modified_gmt":"2023-04-19T07:38:26","slug":"gestion-de-la-innovacion-la-cocina-marinera-del-siglo-xxi","status":"publish","type":"tribe_events","link":"https:\/\/www.upo.es\/25-aniversario\/evento\/gestion-de-la-innovacion-la-cocina-marinera-del-siglo-xxi\/","title":{"rendered":"&#8216;Gesti\u00f3n de la Innovaci\u00f3n: La Cocina Marinera del Siglo XXI&#8217;"},"content":{"rendered":"<p><strong>Conferencia de \u00c1ngel Le\u00f3n, el Chef del Mar &#8211; Alevante.\u00a0<\/strong><\/p>\n<p><a href=\"https:\/\/www.upo.es\/formularios\/xxv-aniversario-de-la-facultad-de-ciencias-empresariales\/index.html\">Inscripci\u00f3n<\/a><\/p>\n<p>&nbsp;<\/p>\n","protected":false},"excerpt":{"rendered":"<p>Conferencia de \u00c1ngel Le\u00f3n, el Chef del Mar &#8211; Alevante.\u00a0 Inscripci\u00f3n &nbsp;<\/p>\n","protected":false},"author":3,"featured_media":3950,"comment_status":"closed","ping_status":"closed","template":"","meta":{"om_disable_all_campaigns":false,"_monsterinsights_skip_tracking":false,"_monsterinsights_sitenote_active":false,"_monsterinsights_sitenote_note":"","_monsterinsights_sitenote_category":0,"_tribe_events_status":"","_tribe_events_status_reason":"","footnotes":""},"tags":[60,114,115,31],"tribe_events_cat":[22],"class_list":["post-3934","tribe_events","type-tribe_events","status-publish","has-post-thumbnail","hentry","tag-25-aniversario-upo","tag-angel-leon","tag-chef-del-mar","tag-facultad-de-ciencias-empresariales","tribe_events_cat-conferencia","cat_conferencia"],"aioseo_notices":[],"yoast_head":"<!-- This site is optimized with the Yoast SEO plugin v19.9 - https:\/\/yoast.com\/wordpress\/plugins\/seo\/ -->\n<title>&#039;Gesti\u00f3n de la Innovaci\u00f3n: La Cocina Marinera del Siglo XXI&#039; - 25 Aniversario UPO<\/title>\n<meta name=\"robots\" content=\"index, follow, max-snippet:-1, max-image-preview:large, max-video-preview:-1\" \/>\n<link rel=\"canonical\" href=\"https:\/\/www.upo.es\/25-aniversario\/evento\/gestion-de-la-innovacion-la-cocina-marinera-del-siglo-xxi\/\" \/>\n<meta property=\"og:locale\" content=\"es_ES\" \/>\n<meta property=\"og:type\" content=\"article\" \/>\n<meta property=\"og:title\" content=\"&#039;Gesti\u00f3n de la Innovaci\u00f3n: La Cocina Marinera del Siglo XXI&#039; - 25 Aniversario UPO\" \/>\n<meta property=\"og:description\" content=\"Conferencia de \u00c1ngel Le\u00f3n, el Chef del Mar &#8211; Alevante.\u00a0 Inscripci\u00f3n &nbsp;\" \/>\n<meta property=\"og:url\" content=\"https:\/\/www.upo.es\/25-aniversario\/evento\/gestion-de-la-innovacion-la-cocina-marinera-del-siglo-xxi\/\" \/>\n<meta property=\"og:site_name\" content=\"25 Aniversario UPO\" \/>\n<meta property=\"article:modified_time\" content=\"2023-04-19T07:38:26+00:00\" \/>\n<meta property=\"og:image\" content=\"https:\/\/www.upo.es\/25-aniversario\/wp-content\/uploads\/2023\/04\/Angel-Leon-Cartel-1.png\" \/>\n\t<meta property=\"og:image:width\" content=\"800\" \/>\n\t<meta property=\"og:image:height\" content=\"800\" \/>\n\t<meta property=\"og:image:type\" content=\"image\/png\" \/>\n<meta name=\"twitter:card\" content=\"summary_large_image\" \/>\n<script type=\"application\/ld+json\" class=\"yoast-schema-graph\">{\"@context\":\"https:\/\/schema.org\",\"@graph\":[{\"@type\":\"WebPage\",\"@id\":\"https:\/\/www.upo.es\/25-aniversario\/evento\/gestion-de-la-innovacion-la-cocina-marinera-del-siglo-xxi\/\",\"url\":\"https:\/\/www.upo.es\/25-aniversario\/evento\/gestion-de-la-innovacion-la-cocina-marinera-del-siglo-xxi\/\",\"name\":\"'Gesti\u00f3n de la Innovaci\u00f3n: La Cocina Marinera del Siglo XXI' - 25 Aniversario UPO\",\"isPartOf\":{\"@id\":\"https:\/\/www.upo.es\/25-aniversario\/#website\"},\"datePublished\":\"2023-04-14T13:55:38+00:00\",\"dateModified\":\"2023-04-19T07:38:26+00:00\",\"breadcrumb\":{\"@id\":\"https:\/\/www.upo.es\/25-aniversario\/evento\/gestion-de-la-innovacion-la-cocina-marinera-del-siglo-xxi\/#breadcrumb\"},\"inLanguage\":\"es\",\"potentialAction\":[{\"@type\":\"ReadAction\",\"target\":[\"https:\/\/www.upo.es\/25-aniversario\/evento\/gestion-de-la-innovacion-la-cocina-marinera-del-siglo-xxi\/\"]}]},{\"@type\":\"BreadcrumbList\",\"@id\":\"https:\/\/www.upo.es\/25-aniversario\/evento\/gestion-de-la-innovacion-la-cocina-marinera-del-siglo-xxi\/#breadcrumb\",\"itemListElement\":[{\"@type\":\"ListItem\",\"position\":1,\"name\":\"\",\"item\":\"https:\/\/www.upo.es\/25-aniversario\/\"},{\"@type\":\"ListItem\",\"position\":2,\"name\":\"Eventos\",\"item\":\"https:\/\/www.upo.es\/25-aniversario\/eventos\/\"},{\"@type\":\"ListItem\",\"position\":3,\"name\":\"&#8216;Gesti\u00f3n de la Innovaci\u00f3n: La Cocina Marinera del Siglo XXI&#8217;\"}]},{\"@type\":\"WebSite\",\"@id\":\"https:\/\/www.upo.es\/25-aniversario\/#website\",\"url\":\"https:\/\/www.upo.es\/25-aniversario\/\",\"name\":\"25 Aniversario UPO\",\"description\":\"Olavide, x 25 m\u00e1s\",\"potentialAction\":[{\"@type\":\"SearchAction\",\"target\":{\"@type\":\"EntryPoint\",\"urlTemplate\":\"https:\/\/www.upo.es\/25-aniversario\/?s={search_term_string}\"},\"query-input\":\"required name=search_term_string\"}],\"inLanguage\":\"es\"}]}<\/script>\n<!-- \/ Yoast SEO plugin. -->","yoast_head_json":{"title":"'Gesti\u00f3n de la Innovaci\u00f3n: La Cocina Marinera del Siglo XXI' - 25 Aniversario UPO","robots":{"index":"index","follow":"follow","max-snippet":"max-snippet:-1","max-image-preview":"max-image-preview:large","max-video-preview":"max-video-preview:-1"},"canonical":"https:\/\/www.upo.es\/25-aniversario\/evento\/gestion-de-la-innovacion-la-cocina-marinera-del-siglo-xxi\/","og_locale":"es_ES","og_type":"article","og_title":"'Gesti\u00f3n de la Innovaci\u00f3n: La Cocina Marinera del Siglo XXI' - 25 Aniversario UPO","og_description":"Conferencia de \u00c1ngel Le\u00f3n, el Chef del Mar &#8211; Alevante.\u00a0 Inscripci\u00f3n &nbsp;","og_url":"https:\/\/www.upo.es\/25-aniversario\/evento\/gestion-de-la-innovacion-la-cocina-marinera-del-siglo-xxi\/","og_site_name":"25 Aniversario UPO","article_modified_time":"2023-04-19T07:38:26+00:00","og_image":[{"width":800,"height":800,"url":"https:\/\/www.upo.es\/25-aniversario\/wp-content\/uploads\/2023\/04\/Angel-Leon-Cartel-1.png","type":"image\/png"}],"twitter_card":"summary_large_image","schema":{"@context":"https:\/\/schema.org","@graph":[{"@type":"WebPage","@id":"https:\/\/www.upo.es\/25-aniversario\/evento\/gestion-de-la-innovacion-la-cocina-marinera-del-siglo-xxi\/","url":"https:\/\/www.upo.es\/25-aniversario\/evento\/gestion-de-la-innovacion-la-cocina-marinera-del-siglo-xxi\/","name":"'Gesti\u00f3n de la Innovaci\u00f3n: La Cocina Marinera del Siglo XXI' - 25 Aniversario UPO","isPartOf":{"@id":"https:\/\/www.upo.es\/25-aniversario\/#website"},"datePublished":"2023-04-14T13:55:38+00:00","dateModified":"2023-04-19T07:38:26+00:00","breadcrumb":{"@id":"https:\/\/www.upo.es\/25-aniversario\/evento\/gestion-de-la-innovacion-la-cocina-marinera-del-siglo-xxi\/#breadcrumb"},"inLanguage":"es","potentialAction":[{"@type":"ReadAction","target":["https:\/\/www.upo.es\/25-aniversario\/evento\/gestion-de-la-innovacion-la-cocina-marinera-del-siglo-xxi\/"]}]},{"@type":"BreadcrumbList","@id":"https:\/\/www.upo.es\/25-aniversario\/evento\/gestion-de-la-innovacion-la-cocina-marinera-del-siglo-xxi\/#breadcrumb","itemListElement":[{"@type":"ListItem","position":1,"name":"","item":"https:\/\/www.upo.es\/25-aniversario\/"},{"@type":"ListItem","position":2,"name":"Eventos","item":"https:\/\/www.upo.es\/25-aniversario\/eventos\/"},{"@type":"ListItem","position":3,"name":"&#8216;Gesti\u00f3n de la Innovaci\u00f3n: La Cocina Marinera del Siglo XXI&#8217;"}]},{"@type":"WebSite","@id":"https:\/\/www.upo.es\/25-aniversario\/#website","url":"https:\/\/www.upo.es\/25-aniversario\/","name":"25 Aniversario UPO","description":"Olavide, x 25 m\u00e1s","potentialAction":[{"@type":"SearchAction","target":{"@type":"EntryPoint","urlTemplate":"https:\/\/www.upo.es\/25-aniversario\/?s={search_term_string}"},"query-input":"required name=search_term_string"}],"inLanguage":"es"}]}},"_links":{"self":[{"href":"https:\/\/www.upo.es\/25-aniversario\/wp-json\/wp\/v2\/tribe_events\/3934","targetHints":{"allow":["GET"]}}],"collection":[{"href":"https:\/\/www.upo.es\/25-aniversario\/wp-json\/wp\/v2\/tribe_events"}],"about":[{"href":"https:\/\/www.upo.es\/25-aniversario\/wp-json\/wp\/v2\/types\/tribe_events"}],"author":[{"embeddable":true,"href":"https:\/\/www.upo.es\/25-aniversario\/wp-json\/wp\/v2\/users\/3"}],"replies":[{"embeddable":true,"href":"https:\/\/www.upo.es\/25-aniversario\/wp-json\/wp\/v2\/comments?post=3934"}],"version-history":[{"count":1,"href":"https:\/\/www.upo.es\/25-aniversario\/wp-json\/wp\/v2\/tribe_events\/3934\/revisions"}],"predecessor-version":[{"id":3936,"href":"https:\/\/www.upo.es\/25-aniversario\/wp-json\/wp\/v2\/tribe_events\/3934\/revisions\/3936"}],"wp:featuredmedia":[{"embeddable":true,"href":"https:\/\/www.upo.es\/25-aniversario\/wp-json\/wp\/v2\/media\/3950"}],"wp:attachment":[{"href":"https:\/\/www.upo.es\/25-aniversario\/wp-json\/wp\/v2\/media?parent=3934"}],"wp:term":[{"taxonomy":"post_tag","embeddable":true,"href":"https:\/\/www.upo.es\/25-aniversario\/wp-json\/wp\/v2\/tags?post=3934"},{"taxonomy":"tribe_events_cat","embeddable":true,"href":"https:\/\/www.upo.es\/25-aniversario\/wp-json\/wp\/v2\/tribe_events_cat?post=3934"}],"curies":[{"name":"wp","href":"https:\/\/api.w.org\/{rel}","templated":true}]}}