{"id":3973,"date":"2023-06-06T11:10:12","date_gmt":"2023-06-06T09:10:12","guid":{"rendered":"https:\/\/www.upo.es\/25-aniversario\/?post_type=tribe_events&#038;p=3973"},"modified":"2023-06-06T11:11:10","modified_gmt":"2023-06-06T09:11:10","slug":"un-aniversario-de-pelicula-concierto-de-bandas-sonoras","status":"publish","type":"tribe_events","link":"https:\/\/www.upo.es\/25-aniversario\/evento\/un-aniversario-de-pelicula-concierto-de-bandas-sonoras\/","title":{"rendered":"&#8216;Un aniversario de pel\u00edcula&#8217;. Concierto de bandas sonoras."},"content":{"rendered":"<p><strong>&#8216;Un aniversario de pel\u00edcula&#8217;<\/strong><\/p>\n<p>Concierto de bandas sonoras a cargo de la Banda de M\u00fasica del Sol (Sevilla).<\/p>\n<p>Dentro del programa de actos conmemorativos del <strong><em>25\u00ba Aniversario de la Universidad Pablo de Olavide<\/em><\/strong>, \u00a0la <strong><em>Banda de M\u00fasica del Sol<\/em><\/strong>\u00a0 interpretar\u00e1 distintos temas que nos llevar\u00e1 a un viaje por todas las emociones, sentimientos, vivencias y sue\u00f1os que nos han despertado temas tan emblem\u00e1ticos como las bandas sonoras de pel\u00edculas como <em>Gladiator,<\/em>\u00a0<em>Bailando con lobos, <\/em>\u00a0<em>Mago de Oz<\/em> o <em>Los Siete Magn\u00edficos<\/em>.<\/p>\n<p><strong>Entrada libre hasta completar aforo.<\/strong><\/p>\n<table width=\"633\">\n<tbody>\n<tr>\n<td width=\"217\"><strong>PROGRAMA<\/strong><\/td>\n<td width=\"416\"><strong>\u00a0<\/strong><\/td>\n<\/tr>\n<tr>\n<td width=\"217\"><strong>Biba la Banda<\/strong> (1987)<\/td>\n<td width=\"416\"><em>Miguel Asins Arb\u00f3 (1916-1996)<\/em><\/td>\n<\/tr>\n<tr>\n<td width=\"217\"><strong>Los Siete Magn\u00edficos<\/strong> (1960)<\/p>\n<p><strong>\u00a0<\/strong><\/td>\n<td width=\"416\"><em>Elmer Bernstein (1922-2004)<\/em><\/p>\n<p>arr. Scott Richards<\/td>\n<\/tr>\n<tr>\n<td width=\"217\"><strong>Mago de Oz <\/strong>(1939)<\/p>\n<p><strong><em>Over the Rainbow<\/em><\/strong><\/td>\n<td width=\"416\"><em>Harold Arlen<\/em> <em>(1905-1986)<\/em><\/p>\n<p>arr. Jerry Brubaker<\/td>\n<\/tr>\n<tr>\n<td width=\"217\"><strong>Gladiator <\/strong>(2000)<\/td>\n<td width=\"416\"><em>Hans Zimmer (1957- )<\/em><\/p>\n<p>arr. Frank Bernaerts<\/td>\n<\/tr>\n<tr>\n<td width=\"217\"><strong>Memorias de \u00c1frica <\/strong>(1985)<\/td>\n<td width=\"416\"><em>John Barry (1933-2011)<\/em><\/p>\n<p>arr. Johan de Meij<\/td>\n<\/tr>\n<tr>\n<td width=\"217\"><strong>Bailando con Lobos <\/strong>(1990)<\/p>\n<p><strong>\u00a0<\/strong><\/td>\n<td width=\"416\"><em>John Barry (1933-2011)<\/em><\/p>\n<p>arr. Jay Bocook<\/td>\n<\/tr>\n<tr>\n<td width=\"217\"><strong>West Side Story <\/strong>(1961)<\/td>\n<td width=\"416\"><em>Leonard Bernstein (1918-1990)<\/em><\/td>\n<\/tr>\n<tr>\n<td width=\"217\"><\/td>\n<td width=\"416\"><\/td>\n<\/tr>\n<\/tbody>\n<\/table>\n<p><em>\u00a0<\/em><\/p>\n<p><em>Director titular:<strong> Jorge Belda Mora<\/strong><\/em><\/p>\n<p><em>Presentador:<strong> Carlos Ruiz Cadierno<\/strong><\/em><\/p>\n<p><strong><em>BANDA DE M\u00daSICA DEL SOL <\/em><\/strong><\/p>\n<p>&nbsp;<\/p>\n<p><strong><a href=\"https:\/\/www.upo.es\/25-aniversario\/wp-content\/uploads\/2023\/06\/DIPTICO_bandamusica.pdf\">Programa completo.<\/a><\/strong><\/p>\n","protected":false},"excerpt":{"rendered":"<p>&#8216;Un aniversario de pel\u00edcula&#8217; Concierto de bandas sonoras a cargo de la Banda de M\u00fasica del Sol (Sevilla). Dentro del programa de actos conmemorativos del 25\u00ba Aniversario de la Universidad [&hellip;]<\/p>\n","protected":false},"author":3,"featured_media":3975,"comment_status":"closed","ping_status":"closed","template":"","meta":{"om_disable_all_campaigns":false,"_monsterinsights_skip_tracking":false,"_monsterinsights_sitenote_active":false,"_monsterinsights_sitenote_note":"","_monsterinsights_sitenote_category":0,"_tribe_events_status":"","_tribe_events_status_reason":"","footnotes":""},"tags":[60,133,41,134],"tribe_events_cat":[36],"class_list":["post-3973","tribe_events","type-tribe_events","status-publish","has-post-thumbnail","hentry","tag-25-aniversario-upo","tag-banda-de-musica-del-sol","tag-concierto","tag-vicerrectorado-de-cultura-y-politicas-sociales","tribe_events_cat-concierto","cat_concierto"],"aioseo_notices":[],"yoast_head":"<!-- This site is optimized with the Yoast SEO plugin v19.9 - https:\/\/yoast.com\/wordpress\/plugins\/seo\/ -->\n<title>&#039;Un aniversario de pel\u00edcula&#039;. Concierto de bandas sonoras. - 25 Aniversario UPO<\/title>\n<meta name=\"robots\" content=\"index, follow, max-snippet:-1, max-image-preview:large, max-video-preview:-1\" \/>\n<link rel=\"canonical\" href=\"https:\/\/www.upo.es\/25-aniversario\/evento\/un-aniversario-de-pelicula-concierto-de-bandas-sonoras\/\" \/>\n<meta property=\"og:locale\" content=\"es_ES\" \/>\n<meta property=\"og:type\" content=\"article\" \/>\n<meta property=\"og:title\" content=\"&#039;Un aniversario de pel\u00edcula&#039;. Concierto de bandas sonoras. - 25 Aniversario UPO\" \/>\n<meta property=\"og:description\" content=\"&#8216;Un aniversario de pel\u00edcula&#8217; Concierto de bandas sonoras a cargo de la Banda de M\u00fasica del Sol (Sevilla). Dentro del programa de actos conmemorativos del 25\u00ba Aniversario de la Universidad [&hellip;]\" \/>\n<meta property=\"og:url\" content=\"https:\/\/www.upo.es\/25-aniversario\/evento\/un-aniversario-de-pelicula-concierto-de-bandas-sonoras\/\" \/>\n<meta property=\"og:site_name\" content=\"25 Aniversario UPO\" \/>\n<meta property=\"article:modified_time\" content=\"2023-06-06T09:11:10+00:00\" \/>\n<meta property=\"og:image\" content=\"https:\/\/www.upo.es\/25-aniversario\/wp-content\/uploads\/2023\/06\/CARTEL_bandamusica_web.png\" \/>\n\t<meta property=\"og:image:width\" content=\"1654\" \/>\n\t<meta property=\"og:image:height\" content=\"1445\" \/>\n\t<meta property=\"og:image:type\" content=\"image\/png\" \/>\n<meta name=\"twitter:card\" content=\"summary_large_image\" \/>\n<meta name=\"twitter:label1\" content=\"Tiempo de lectura\" \/>\n\t<meta name=\"twitter:data1\" content=\"1 minuto\" \/>\n<script type=\"application\/ld+json\" class=\"yoast-schema-graph\">{\"@context\":\"https:\/\/schema.org\",\"@graph\":[{\"@type\":\"WebPage\",\"@id\":\"https:\/\/www.upo.es\/25-aniversario\/evento\/un-aniversario-de-pelicula-concierto-de-bandas-sonoras\/\",\"url\":\"https:\/\/www.upo.es\/25-aniversario\/evento\/un-aniversario-de-pelicula-concierto-de-bandas-sonoras\/\",\"name\":\"'Un aniversario de pel\u00edcula'. Concierto de bandas sonoras. - 25 Aniversario UPO\",\"isPartOf\":{\"@id\":\"https:\/\/www.upo.es\/25-aniversario\/#website\"},\"datePublished\":\"2023-06-06T09:10:12+00:00\",\"dateModified\":\"2023-06-06T09:11:10+00:00\",\"breadcrumb\":{\"@id\":\"https:\/\/www.upo.es\/25-aniversario\/evento\/un-aniversario-de-pelicula-concierto-de-bandas-sonoras\/#breadcrumb\"},\"inLanguage\":\"es\",\"potentialAction\":[{\"@type\":\"ReadAction\",\"target\":[\"https:\/\/www.upo.es\/25-aniversario\/evento\/un-aniversario-de-pelicula-concierto-de-bandas-sonoras\/\"]}]},{\"@type\":\"BreadcrumbList\",\"@id\":\"https:\/\/www.upo.es\/25-aniversario\/evento\/un-aniversario-de-pelicula-concierto-de-bandas-sonoras\/#breadcrumb\",\"itemListElement\":[{\"@type\":\"ListItem\",\"position\":1,\"name\":\"\",\"item\":\"https:\/\/www.upo.es\/25-aniversario\/\"},{\"@type\":\"ListItem\",\"position\":2,\"name\":\"Eventos\",\"item\":\"https:\/\/www.upo.es\/25-aniversario\/eventos\/\"},{\"@type\":\"ListItem\",\"position\":3,\"name\":\"&#8216;Un aniversario de pel\u00edcula&#8217;. Concierto de bandas sonoras.\"}]},{\"@type\":\"WebSite\",\"@id\":\"https:\/\/www.upo.es\/25-aniversario\/#website\",\"url\":\"https:\/\/www.upo.es\/25-aniversario\/\",\"name\":\"25 Aniversario UPO\",\"description\":\"Olavide, x 25 m\u00e1s\",\"potentialAction\":[{\"@type\":\"SearchAction\",\"target\":{\"@type\":\"EntryPoint\",\"urlTemplate\":\"https:\/\/www.upo.es\/25-aniversario\/?s={search_term_string}\"},\"query-input\":\"required name=search_term_string\"}],\"inLanguage\":\"es\"}]}<\/script>\n<!-- \/ Yoast SEO plugin. -->","yoast_head_json":{"title":"'Un aniversario de pel\u00edcula'. Concierto de bandas sonoras. - 25 Aniversario UPO","robots":{"index":"index","follow":"follow","max-snippet":"max-snippet:-1","max-image-preview":"max-image-preview:large","max-video-preview":"max-video-preview:-1"},"canonical":"https:\/\/www.upo.es\/25-aniversario\/evento\/un-aniversario-de-pelicula-concierto-de-bandas-sonoras\/","og_locale":"es_ES","og_type":"article","og_title":"'Un aniversario de pel\u00edcula'. Concierto de bandas sonoras. - 25 Aniversario UPO","og_description":"&#8216;Un aniversario de pel\u00edcula&#8217; Concierto de bandas sonoras a cargo de la Banda de M\u00fasica del Sol (Sevilla). Dentro del programa de actos conmemorativos del 25\u00ba Aniversario de la Universidad [&hellip;]","og_url":"https:\/\/www.upo.es\/25-aniversario\/evento\/un-aniversario-de-pelicula-concierto-de-bandas-sonoras\/","og_site_name":"25 Aniversario UPO","article_modified_time":"2023-06-06T09:11:10+00:00","og_image":[{"width":1654,"height":1445,"url":"https:\/\/www.upo.es\/25-aniversario\/wp-content\/uploads\/2023\/06\/CARTEL_bandamusica_web.png","type":"image\/png"}],"twitter_card":"summary_large_image","twitter_misc":{"Tiempo de lectura":"1 minuto"},"schema":{"@context":"https:\/\/schema.org","@graph":[{"@type":"WebPage","@id":"https:\/\/www.upo.es\/25-aniversario\/evento\/un-aniversario-de-pelicula-concierto-de-bandas-sonoras\/","url":"https:\/\/www.upo.es\/25-aniversario\/evento\/un-aniversario-de-pelicula-concierto-de-bandas-sonoras\/","name":"'Un aniversario de pel\u00edcula'. Concierto de bandas sonoras. - 25 Aniversario UPO","isPartOf":{"@id":"https:\/\/www.upo.es\/25-aniversario\/#website"},"datePublished":"2023-06-06T09:10:12+00:00","dateModified":"2023-06-06T09:11:10+00:00","breadcrumb":{"@id":"https:\/\/www.upo.es\/25-aniversario\/evento\/un-aniversario-de-pelicula-concierto-de-bandas-sonoras\/#breadcrumb"},"inLanguage":"es","potentialAction":[{"@type":"ReadAction","target":["https:\/\/www.upo.es\/25-aniversario\/evento\/un-aniversario-de-pelicula-concierto-de-bandas-sonoras\/"]}]},{"@type":"BreadcrumbList","@id":"https:\/\/www.upo.es\/25-aniversario\/evento\/un-aniversario-de-pelicula-concierto-de-bandas-sonoras\/#breadcrumb","itemListElement":[{"@type":"ListItem","position":1,"name":"","item":"https:\/\/www.upo.es\/25-aniversario\/"},{"@type":"ListItem","position":2,"name":"Eventos","item":"https:\/\/www.upo.es\/25-aniversario\/eventos\/"},{"@type":"ListItem","position":3,"name":"&#8216;Un aniversario de pel\u00edcula&#8217;. Concierto de bandas sonoras."}]},{"@type":"WebSite","@id":"https:\/\/www.upo.es\/25-aniversario\/#website","url":"https:\/\/www.upo.es\/25-aniversario\/","name":"25 Aniversario UPO","description":"Olavide, x 25 m\u00e1s","potentialAction":[{"@type":"SearchAction","target":{"@type":"EntryPoint","urlTemplate":"https:\/\/www.upo.es\/25-aniversario\/?s={search_term_string}"},"query-input":"required name=search_term_string"}],"inLanguage":"es"}]}},"_links":{"self":[{"href":"https:\/\/www.upo.es\/25-aniversario\/wp-json\/wp\/v2\/tribe_events\/3973","targetHints":{"allow":["GET"]}}],"collection":[{"href":"https:\/\/www.upo.es\/25-aniversario\/wp-json\/wp\/v2\/tribe_events"}],"about":[{"href":"https:\/\/www.upo.es\/25-aniversario\/wp-json\/wp\/v2\/types\/tribe_events"}],"author":[{"embeddable":true,"href":"https:\/\/www.upo.es\/25-aniversario\/wp-json\/wp\/v2\/users\/3"}],"replies":[{"embeddable":true,"href":"https:\/\/www.upo.es\/25-aniversario\/wp-json\/wp\/v2\/comments?post=3973"}],"version-history":[{"count":2,"href":"https:\/\/www.upo.es\/25-aniversario\/wp-json\/wp\/v2\/tribe_events\/3973\/revisions"}],"predecessor-version":[{"id":3978,"href":"https:\/\/www.upo.es\/25-aniversario\/wp-json\/wp\/v2\/tribe_events\/3973\/revisions\/3978"}],"wp:featuredmedia":[{"embeddable":true,"href":"https:\/\/www.upo.es\/25-aniversario\/wp-json\/wp\/v2\/media\/3975"}],"wp:attachment":[{"href":"https:\/\/www.upo.es\/25-aniversario\/wp-json\/wp\/v2\/media?parent=3973"}],"wp:term":[{"taxonomy":"post_tag","embeddable":true,"href":"https:\/\/www.upo.es\/25-aniversario\/wp-json\/wp\/v2\/tags?post=3973"},{"taxonomy":"tribe_events_cat","embeddable":true,"href":"https:\/\/www.upo.es\/25-aniversario\/wp-json\/wp\/v2\/tribe_events_cat?post=3973"}],"curies":[{"name":"wp","href":"https:\/\/api.w.org\/{rel}","templated":true}]}}