{"id":3560,"date":"2022-08-10T10:51:19","date_gmt":"2022-08-10T08:51:19","guid":{"rendered":"https:\/\/www.upo.es\/area-historia-america\/?page_id=3560"},"modified":"2023-01-09T09:54:17","modified_gmt":"2023-01-09T08:54:17","slug":"postdoctorado-en-procesos-identitarios-culturales-y-socioeconomicos-en-la-historia-latinoamericana-i-edicion","status":"publish","type":"page","link":"https:\/\/www.upo.es\/area-historia-america\/postdoctorado-en-procesos-identitarios-culturales-y-socioeconomicos-en-la-historia-latinoamericana-i-edicion\/","title":{"rendered":"Postdoctorado en Procesos Identitarios, Culturales y Socioecon\u00f3micos en la Historia Latinoamericana."},"content":{"rendered":"<section class=\"wpb-content-wrapper\"><p>[vc_row][vc_column][vc_column_text css=\u00bb.vc_custom_1660121292295{padding-bottom: 20px !important;}\u00bb]M\u00e1s informaci\u00f3n: <a href=\"https:\/\/www.upo.es\/postgrado\/Master-en-Postdoctorado-en-Procesos-Identitarios-Culturales-y-Socioeconomicos-en-la-Historia-Latinoamericana\/\">https:\/\/www.upo.es\/postgrado\/Master-en-Postdoctorado-en-Procesos-Identitarios-Culturales-y-Socioeconomicos-en-la-Historia-Latinoamericana\/<\/a>[\/vc_column_text]<div class=\"edgt-tabs  edgt-tabs-standard\">\n\t<ul class=\"edgt-tabs-nav clearfix\">\n\t\t\t\t\t<li>\n\t\t\t\t\t\t\t\t\t<h5>\n\t\t\t\t\t\t<a href=\"#tab-descripcion\">Descripci\u00f3n<\/a>\n\t\t\t\t\t<\/h5>\n\t\t\t\t\t\t\t<\/li>\n\t\t\t\t\t<li>\n\t\t\t\t\t\t\t\t\t<h5>\n\t\t\t\t\t\t<a href=\"#tab-profesores\">Profesores<\/a>\n\t\t\t\t\t<\/h5>\n\t\t\t\t\t\t\t<\/li>\n\t\t\t\t\t<li>\n\t\t\t\t\t\t\t\t\t<h5>\n\t\t\t\t\t\t<a href=\"#tab-comision-academica\">Comisi\u00f3n Acad\u00e9mica<\/a>\n\t\t\t\t\t<\/h5>\n\t\t\t\t\t\t\t<\/li>\n\t\t\t<\/ul>\n\t<div class=\"edgt-tab-container\" id=\"tab-descripcion-86\">\n            <h3 class=\"edgt-tab-title\">\n            Descripci\u00f3n        <\/h3>\n            <div class=\"edgt-tab-content-holder\">\n        <div class=\"edgt-tab-content\">\n            [vc_column_text]<\/p>\n<p style=\"text-align: left;\">Este curso de Postdoctorado como objetivo general plantea la necesidad de actualizar, mejorar y ampliar la formaci\u00f3n y actualizaci\u00f3n de investigadoras e investigadores, ya doctores y profesionales, buscando lograr un alto nivel de competencias para el desarrollo de la investigaci\u00f3n en Historia Americana. La Especializaci\u00f3n Postdoctoral se considera como una de las v\u00edas que permiten el desarrollo y profundizaci\u00f3n de la investigaci\u00f3n acad\u00e9mica por parte de investigadores con t\u00edtulo de Doctor, y cuyas investigaciones se orientan a la atenci\u00f3n de los retos que plantea el conocimiento cient\u00edfico en esta \u00c1rea de conocimiento.<\/p>\n<p>&nbsp;<\/p>\n<p style=\"text-align: left;\">El curso est\u00e1 dirigido por los Dres. Justo Cu\u00f1o Bonito y Juan Marchena Fern\u00e1ndez, contando con la direcci\u00f3n ejecutiva del Dr. Manuel Chust Calero y como responsable de calidad la Dra. Nayibe Guti\u00e9rrez Montoya. Son tambi\u00e9n docentes del programa el Dr. Jos\u00e9 Mar\u00eda Miura, de la UPO, y los Dres. Pedro Cardim, Joao Paulo Costa y Alexandra Pelucia de la Universidad Nova de Lisboa y la C\u00e1tedra UNESCO de Historia de los Oc\u00e9anos. En otro orden de cosas, es un programa con 60 cr\u00e9ditos, semipresencial y se desarrollar\u00e1 a lo largo de un a\u00f1o comenzando el mes de noviembre.<\/p>\n<p>&nbsp;<\/p>\n<p style=\"text-align: left;\">El programa aborda temas como:<\/p>\n<ul>\n<li style=\"text-align: left;\">Los nuevos debates Medievalidad y Modernidad,<\/li>\n<li style=\"text-align: left;\">La nueva historiograf\u00eda de los Mundos Oce\u00e1nicos,<\/li>\n<li style=\"text-align: left;\">Las relaciones entre sociedad, econom\u00eda, arquitectura y urbanismo en Am\u00e9rica Latina,<\/li>\n<li style=\"text-align: left;\">Las \u00faltimas investigaciones sobre \u00e9lites y poder en los Mundos Ib\u00e9ricos Coloniales,<\/li>\n<li style=\"text-align: left;\">Paradigmas renovados en el estudio de los Bicentenarios de las Independencias.<\/li>\n<\/ul>\n<p>As\u00ed hasta un total de doce \u00edtems. Al final del programa, los y las cursantes, procedentes de varios pa\u00edses latinoamericanos, algunos de ellos doctores en Historia de Am\u00e9rica por la UPO, deber\u00e1n entregar un trabajo de investigaci\u00f3n de nivel postdoctoral que ser\u00e1 evaluado por un jurado establecido a tal efecto.[\/vc_column_text]        <\/div>\n        <div class=\"edgt-tab-image\">\n                    <\/div>\n    <\/div>\n<\/div><div class=\"edgt-tab-container\" id=\"tab-profesores-581\">\n            <h3 class=\"edgt-tab-title\">\n            Profesores        <\/h3>\n            <div class=\"edgt-tab-content-holder\">\n        <div class=\"edgt-tab-content\">\n            [vc_column_text]<\/p>\n<ul>\n<li><strong>Universidad Pablo de Olavide:<\/strong> Dr. Justo Cu\u00f1o Bonito, Dr. Juan Marchena Fern\u00e1ndez, Dra. Nayibe Guti\u00e9rrez Montoya, Dr. Jos\u00e9 Mar\u00eda Miura.<\/li>\n<li><strong>Universidad Jaume I (Castell\u00f3n):<\/strong> Dr. Manuel Chust Calero<\/li>\n<li><strong>Universidad Nova (Lisboa):<\/strong> Dr. Joao Paulo Costa, Dra. Alexandra Pelucia y Dr. Pedro Cardim.<\/li>\n<\/ul>\n<p>[\/vc_column_text]        <\/div>\n        <div class=\"edgt-tab-image\">\n                    <\/div>\n    <\/div>\n<\/div><div class=\"edgt-tab-container\" id=\"tab-comision-academica-289\">\n            <h3 class=\"edgt-tab-title\">\n            Comisi\u00f3n Acad\u00e9mica        <\/h3>\n            <div class=\"edgt-tab-content-holder\">\n        <div class=\"edgt-tab-content\">\n            [vc_column_text]<\/p>\n<ul>\n<li><strong>Direcci\u00f3n Acad\u00e9mica: <\/strong>D.\u00a0 Justo Cu\u00f1o Bonito y D. Juan Marchena Fern\u00e1ndez (in memoriam)<\/li>\n<li><strong>Direcci\u00f3n ejecutiva:<\/strong> Dr. Manuel Chust Calero<\/li>\n<li><strong>Responsable de Calidad:<\/strong> D\u00aa. Nayibe Guti\u00e9rrez Montoya<\/li>\n<li><strong>Apoyo a la Coordinaci\u00f3n:<\/strong> D.\u00a0 Justo Cu\u00f1o Bonito<\/li>\n<\/ul>\n<p>[\/vc_column_text]        <\/div>\n        <div class=\"edgt-tab-image\">\n                    <\/div>\n    <\/div>\n<\/div><\/div>[\/vc_column][\/vc_row]<\/p>\n<\/section>","protected":false},"excerpt":{"rendered":"<p>[vc_row][vc_column][vc_column_text css=\u00bb.vc_custom_1660121292295{padding-bottom: 20px !important;}\u00bb]M\u00e1s informaci\u00f3n: https:\/\/www.upo.es\/postgrado\/Master-en-Postdoctorado-en-Procesos-Identitarios-Culturales-y-Socioeconomicos-en-la-Historia-Latinoamericana\/[\/vc_column_text][\/vc_column][\/vc_row]<\/p>\n","protected":false},"author":1,"featured_media":0,"parent":0,"menu_order":0,"comment_status":"closed","ping_status":"closed","template":"","meta":{"footnotes":""},"class_list":["post-3560","page","type-page","status-publish","hentry"],"_links":{"self":[{"href":"https:\/\/www.upo.es\/area-historia-america\/wp-json\/wp\/v2\/pages\/3560","targetHints":{"allow":["GET"]}}],"collection":[{"href":"https:\/\/www.upo.es\/area-historia-america\/wp-json\/wp\/v2\/pages"}],"about":[{"href":"https:\/\/www.upo.es\/area-historia-america\/wp-json\/wp\/v2\/types\/page"}],"author":[{"embeddable":true,"href":"https:\/\/www.upo.es\/area-historia-america\/wp-json\/wp\/v2\/users\/1"}],"replies":[{"embeddable":true,"href":"https:\/\/www.upo.es\/area-historia-america\/wp-json\/wp\/v2\/comments?post=3560"}],"version-history":[{"count":5,"href":"https:\/\/www.upo.es\/area-historia-america\/wp-json\/wp\/v2\/pages\/3560\/revisions"}],"predecessor-version":[{"id":3955,"href":"https:\/\/www.upo.es\/area-historia-america\/wp-json\/wp\/v2\/pages\/3560\/revisions\/3955"}],"wp:attachment":[{"href":"https:\/\/www.upo.es\/area-historia-america\/wp-json\/wp\/v2\/media?parent=3560"}],"curies":[{"name":"wp","href":"https:\/\/api.w.org\/{rel}","templated":true}]}}