{"id":4042,"date":"2023-08-13T19:34:13","date_gmt":"2023-08-13T17:34:13","guid":{"rendered":"https:\/\/www.upo.es\/area-historia-america\/?post_type=tribe_events&#038;p=4042"},"modified":"2023-08-13T19:34:13","modified_gmt":"2023-08-13T17:34:13","slug":"iv-congreso-internacional-de-mundos-indigenas-america-territorios-territorializaciones-y-saberes-ancestrales-en-fronteras","status":"publish","type":"tribe_events","link":"https:\/\/www.upo.es\/area-historia-america\/evento\/iv-congreso-internacional-de-mundos-indigenas-america-territorios-territorializaciones-y-saberes-ancestrales-en-fronteras\/","title":{"rendered":"IV Congreso Internacional de Mundos Ind\u00edgenas, Am\u00e9rica: Territorios, Territorializaciones y Saberes ancestrales en Fronteras"},"content":{"rendered":"<p>El Congreso Internacional de Mundos Ind\u00edgenas es siempre un momento especial del a\u00f1o, repleto de aprendizajes y de profesionales impresionantes. En esta ocasi\u00f3n, el IV COIMI se celebra en la Universidad del Magdalena, en Santa Marta, Colombia. Se abre as\u00ed una oportunidad \u00fanica para compartir saberes ancestrales, pr\u00e1cticas tradicionales y desaf\u00edos contempor\u00e1neos de forma presencial en un enclave tan privilegiado.<\/p>\n","protected":false},"excerpt":{"rendered":"<p>El Congreso Internacional de Mundos Ind\u00edgenas es siempre un momento especial del a\u00f1o, repleto de aprendizajes y de profesionales impresionantes. En esta ocasi\u00f3n, el IV COIMI se celebra en la Universidad del Magdalena, en Santa Marta, Colombia. Se abre as\u00ed una oportunidad \u00fanica para compartir saberes ancestrales, pr\u00e1cticas tradicionales y desaf\u00edos contempor\u00e1neos de forma presencial en un enclave tan privilegiado.<\/p>\n","protected":false},"author":4,"featured_media":4043,"comment_status":"open","ping_status":"closed","template":"","meta":{"_tribe_events_status":"","_tribe_events_status_reason":"","footnotes":""},"tags":[],"tribe_events_cat":[140],"class_list":["post-4042","tribe_events","type-tribe_events","status-publish","has-post-thumbnail","hentry","tribe_events_cat-congreso","cat_congreso"],"_links":{"self":[{"href":"https:\/\/www.upo.es\/area-historia-america\/wp-json\/wp\/v2\/tribe_events\/4042","targetHints":{"allow":["GET"]}}],"collection":[{"href":"https:\/\/www.upo.es\/area-historia-america\/wp-json\/wp\/v2\/tribe_events"}],"about":[{"href":"https:\/\/www.upo.es\/area-historia-america\/wp-json\/wp\/v2\/types\/tribe_events"}],"author":[{"embeddable":true,"href":"https:\/\/www.upo.es\/area-historia-america\/wp-json\/wp\/v2\/users\/4"}],"replies":[{"embeddable":true,"href":"https:\/\/www.upo.es\/area-historia-america\/wp-json\/wp\/v2\/comments?post=4042"}],"version-history":[{"count":2,"href":"https:\/\/www.upo.es\/area-historia-america\/wp-json\/wp\/v2\/tribe_events\/4042\/revisions"}],"predecessor-version":[{"id":4049,"href":"https:\/\/www.upo.es\/area-historia-america\/wp-json\/wp\/v2\/tribe_events\/4042\/revisions\/4049"}],"wp:featuredmedia":[{"embeddable":true,"href":"https:\/\/www.upo.es\/area-historia-america\/wp-json\/wp\/v2\/media\/4043"}],"wp:attachment":[{"href":"https:\/\/www.upo.es\/area-historia-america\/wp-json\/wp\/v2\/media?parent=4042"}],"wp:term":[{"taxonomy":"post_tag","embeddable":true,"href":"https:\/\/www.upo.es\/area-historia-america\/wp-json\/wp\/v2\/tags?post=4042"},{"taxonomy":"tribe_events_cat","embeddable":true,"href":"https:\/\/www.upo.es\/area-historia-america\/wp-json\/wp\/v2\/tribe_events_cat?post=4042"}],"curies":[{"name":"wp","href":"https:\/\/api.w.org\/{rel}","templated":true}]}}