{"id":1192,"date":"2019-05-15T13:25:20","date_gmt":"2019-05-15T11:25:20","guid":{"rendered":"https:\/\/www.upo.es\/area-historia-arte\/?page_id=1192"},"modified":"2019-05-15T13:37:03","modified_gmt":"2019-05-15T11:37:03","slug":"francisco-ollero-publica-el-libro-la-plaza-de-san-francisco-de-sevilla-escena-de-la-fiesta-barroca-2","status":"publish","type":"page","link":"https:\/\/www.upo.es\/area-historia-arte\/francisco-ollero-publica-el-libro-la-plaza-de-san-francisco-de-sevilla-escena-de-la-fiesta-barroca-2\/","title":{"rendered":"Francisco Ollero publica el libro \u00abLa plaza de San Francisco de Sevilla, escena de la fiesta barroca\u00bb"},"content":{"rendered":"\n<p>La plaza de San Francisco de Sevilla fue el\nespacio urbano m\u00e1s destacado en el desarrollo de la fiesta barroca en la\nciudad, seg\u00fan se recoge en la monograf\u00eda cient\u00edfica \u201cLa Plaza de San Francisco\nde Sevilla, escena de la fiesta barroca\u201d, publicada recientemente por Francisco\nOllero Lobato, profesor de Historia del Arte de la Universidad Pablo de Olavide\nde Sevilla, y editado por Monema, de Granada. En este estudio, el investigador\naborda los v\u00ednculos existentes entre su morfolog\u00eda, las celebraciones p\u00fablicas\nque se realizan o discurren por ella y los principales contenidos de estos\nfastos, que permiten identificar tal espacio p\u00fablico como un aut\u00e9ntico\nescenario.<\/p>\n\n\n\n<p>El trabajo, encuadrado en una l\u00ednea de\ninvestigaci\u00f3n del grupo de investigaci\u00f3n HUM_647 Quadratura, aborda el estudio\nde la plaza de San Francisco como principal escenario de las fiestas p\u00fablicas\nen la ciudad de Sevilla durante la Edad Moderna.<\/p>\n","protected":false},"excerpt":{"rendered":"<p>La plaza de San Francisco de Sevilla fue el espacio urbano m\u00e1s destacado en el desarrollo de la fiesta barroca[&#8230;]<\/p>\n","protected":false},"author":1,"featured_media":0,"parent":0,"menu_order":0,"comment_status":"closed","ping_status":"closed","template":"template-fullwidth.php","meta":[],"_links":{"self":[{"href":"https:\/\/www.upo.es\/area-historia-arte\/wp-json\/wp\/v2\/pages\/1192"}],"collection":[{"href":"https:\/\/www.upo.es\/area-historia-arte\/wp-json\/wp\/v2\/pages"}],"about":[{"href":"https:\/\/www.upo.es\/area-historia-arte\/wp-json\/wp\/v2\/types\/page"}],"author":[{"embeddable":true,"href":"https:\/\/www.upo.es\/area-historia-arte\/wp-json\/wp\/v2\/users\/1"}],"replies":[{"embeddable":true,"href":"https:\/\/www.upo.es\/area-historia-arte\/wp-json\/wp\/v2\/comments?post=1192"}],"version-history":[{"count":1,"href":"https:\/\/www.upo.es\/area-historia-arte\/wp-json\/wp\/v2\/pages\/1192\/revisions"}],"predecessor-version":[{"id":1193,"href":"https:\/\/www.upo.es\/area-historia-arte\/wp-json\/wp\/v2\/pages\/1192\/revisions\/1193"}],"wp:attachment":[{"href":"https:\/\/www.upo.es\/area-historia-arte\/wp-json\/wp\/v2\/media?parent=1192"}],"curies":[{"name":"wp","href":"https:\/\/api.w.org\/{rel}","templated":true}]}}