{"id":1198,"date":"2019-05-15T13:28:50","date_gmt":"2019-05-15T11:28:50","guid":{"rendered":"https:\/\/www.upo.es\/area-historia-arte\/?page_id=1198"},"modified":"2019-07-16T13:26:58","modified_gmt":"2019-07-16T11:26:58","slug":"fernando-quiles-garcia-participa-en-el-coloquio-internacional-el-arte-granadino-durante-la-edad-moderna-en-el-contexto-europeo-granada-23-26-de-abril-de-2013%ef%bb%bf","status":"publish","type":"page","link":"https:\/\/www.upo.es\/area-historia-arte\/fernando-quiles-garcia-participa-en-el-coloquio-internacional-el-arte-granadino-durante-la-edad-moderna-en-el-contexto-europeo-granada-23-26-de-abril-de-2013%ef%bb%bf\/","title":{"rendered":"Fernando Quiles Garc\u00eda participa en el Coloquio Internacional \u00abEl arte granadino durante la Edad Moderna en el contexto europeo\u00bb"},"content":{"rendered":"\n<p style=\"text-align:center\"><\/p>\n\n\n\n<div class=\"wp-block-image\"><figure class=\"aligncenter is-resized\"><img loading=\"lazy\" src=\"https:\/\/www.upo.es\/area-historia-arte\/wp-content\/uploads\/2019\/05\/arte-granadino-quiles.png\" alt=\"\" class=\"wp-image-1211\" width=\"218\" height=\"465\" srcset=\"https:\/\/www.upo.es\/area-historia-arte\/wp-content\/uploads\/2019\/05\/arte-granadino-quiles.png 296w, https:\/\/www.upo.es\/area-historia-arte\/wp-content\/uploads\/2019\/05\/arte-granadino-quiles-141x300.png 141w\" sizes=\"(max-width: 218px) 100vw, 218px\" \/><\/figure><\/div>\n\n\n\n<p style=\"text-align:center\">Coloquio Internacional \u00abEl arte granadino durante la Edad Moderna en el contexto europeo: fuentes, influencias, producci\u00f3n y mecenazgo\u00bb<\/p>\n\n\n\n<p style=\"text-align:center\"><strong>Fecha<\/strong>: 23-26 de abril de 2012 <\/p>\n\n\n\n<p style=\"text-align:center\"><strong>Lugar<\/strong>: Universidad de Granada<\/p>\n\n\n\n<p>Este Coloquio aspira\na trazar una pan\u00f3ramica a la vez integradora y renovadora de la historiograf\u00eda\ntradicional del arte en Granada durante los siglos XVI al XVIII, m\u00e1s all\u00e1 de la\ndiscusi\u00f3n local sobre la evoluci\u00f3n de los estilos y la biograf\u00eda de los\nartistas. Pretende ofrecer una imagen m\u00faltiple del hecho art\u00edstico,\ncontemplando la historia del arte granadino desde una perspectiva m\u00e1s amplia,\nen su relaci\u00f3n con la propia evoluci\u00f3n del arte europeo del Renacimiento y del\nBarroco. Su objetivo fundamental es ofrecer nuevas l\u00edneas de invetsigaci\u00f3n que\npermitan abordar las fuentes iconogr\u00e1ficas y literarias, las influencias de\nartistas formados en el extranjero y de obras importadas, los procesos de\nproducci\u00f3n de la obra en el \u00e1mbito del taller y las relaciones de mecenzago.<\/p>\n\n\n\n<p><strong>Directores Acad\u00e9micos<\/strong><\/p>\n\n\n\n<ul><li> Dr. D. Jos\u00e9 Policarpo Cruz Cabrera.<\/li><li> Dr. D. Juan Manuel Mart\u00edn Garc\u00eda.<\/li><\/ul>\n\n\n\n<p><strong>Coordinadores Acad\u00e9micos<\/strong><\/p>\n\n\n\n<ul><li> Dr. D. David Garc\u00eda Cueto.<\/li><li> Dr. D. Sonia Caballero Escamilla.&nbsp;<\/li><\/ul>\n\n\n\n<p><a href=\"https:\/\/www.upo.es\/area-historia-arte\/wp-content\/uploads\/2019\/03\/Coloquio_Internacional_El_arte_granadino_durante_la_Edad_Moderna_UGR_2013.pdf\">PROGRAMA<\/a><\/p>\n","protected":false},"excerpt":{"rendered":"<p>Coloquio Internacional \u00abEl arte granadino durante la Edad Moderna en el contexto europeo: fuentes, influencias, producci\u00f3n y mecenazgo\u00bb Fecha: 23-26[&#8230;]<\/p>\n","protected":false},"author":1,"featured_media":0,"parent":0,"menu_order":0,"comment_status":"closed","ping_status":"closed","template":"template-fullwidth.php","meta":[],"_links":{"self":[{"href":"https:\/\/www.upo.es\/area-historia-arte\/wp-json\/wp\/v2\/pages\/1198"}],"collection":[{"href":"https:\/\/www.upo.es\/area-historia-arte\/wp-json\/wp\/v2\/pages"}],"about":[{"href":"https:\/\/www.upo.es\/area-historia-arte\/wp-json\/wp\/v2\/types\/page"}],"author":[{"embeddable":true,"href":"https:\/\/www.upo.es\/area-historia-arte\/wp-json\/wp\/v2\/users\/1"}],"replies":[{"embeddable":true,"href":"https:\/\/www.upo.es\/area-historia-arte\/wp-json\/wp\/v2\/comments?post=1198"}],"version-history":[{"count":6,"href":"https:\/\/www.upo.es\/area-historia-arte\/wp-json\/wp\/v2\/pages\/1198\/revisions"}],"predecessor-version":[{"id":2053,"href":"https:\/\/www.upo.es\/area-historia-arte\/wp-json\/wp\/v2\/pages\/1198\/revisions\/2053"}],"wp:attachment":[{"href":"https:\/\/www.upo.es\/area-historia-arte\/wp-json\/wp\/v2\/media?parent=1198"}],"curies":[{"name":"wp","href":"https:\/\/api.w.org\/{rel}","templated":true}]}}