{"id":1807,"date":"2019-06-26T13:11:23","date_gmt":"2019-06-26T11:11:23","guid":{"rendered":"https:\/\/www.upo.es\/area-historia-arte\/?page_id=1807"},"modified":"2019-07-17T20:39:47","modified_gmt":"2019-07-17T18:39:47","slug":"seminario-arte-y-arquitectura-en-iberoamerica","status":"publish","type":"page","link":"https:\/\/www.upo.es\/area-historia-arte\/seminario-arte-y-arquitectura-en-iberoamerica\/","title":{"rendered":"Seminario \u00abArte y arquitectura en Iberoam\u00e9rica\u00bb"},"content":{"rendered":"\n<div class=\"wp-block-image\"><figure class=\"aligncenter is-resized\"><img loading=\"lazy\" src=\"https:\/\/www.upo.es\/area-historia-arte\/wp-content\/uploads\/2019\/07\/SEMINARIO-ARTE-Y-ARQUITECTURA-IBEROAME\u0301RICA-768x1024.jpg\" alt=\"\" class=\"wp-image-2147\" width=\"399\" height=\"532\" srcset=\"https:\/\/www.upo.es\/area-historia-arte\/wp-content\/uploads\/2019\/07\/SEMINARIO-ARTE-Y-ARQUITECTURA-IBEROAME\u0301RICA.jpg 768w, https:\/\/www.upo.es\/area-historia-arte\/wp-content\/uploads\/2019\/07\/SEMINARIO-ARTE-Y-ARQUITECTURA-IBEROAME\u0301RICA-225x300.jpg 225w\" sizes=\"(max-width: 399px) 100vw, 399px\" \/><\/figure><\/div>\n\n\n\n<p style=\"text-align:center\">Seminario \u00abArte y arquitectura en Iberoam\u00e9rica\u00bb<\/p>\n\n\n\n<p style=\"text-align:center\"><strong>Fecha<\/strong>: 20 de enero &#8211; 10 de febrero de 2011 <\/p>\n\n\n\n<p style=\"text-align:center\"><strong>Lugar<\/strong>: Escuela de Estudios Hispanoamericanos (CSIC), Sevilla<br><\/p>\n\n\n\n<p><strong>Organizan: <\/strong><\/p>\n\n\n\n<ul><li>M\u00e1ster en Arte, Museos y Gesti\u00f3n del Patrimonio Hist\u00f3rico (UPO)<\/li><li>Escuela de Estudios Hispano-Americanos (CSIC)<\/li><li>Instituto Andaluz de Patrimonio Hist\u00f3rico (IAPH)<\/li><\/ul>\n\n\n\n<p><a href=\"https:\/\/www.upo.es\/area-historia-arte\/wp-content\/uploads\/2019\/06\/Seminario_de_arte_y_arquitectura_en_Iberoamerica_UPO_EEHA_2011.pdf\">PROGRAMA<\/a><\/p>\n","protected":false},"excerpt":{"rendered":"<p>Seminario \u00abArte y arquitectura en Iberoam\u00e9rica\u00bb Fecha: 20 de enero &#8211; 10 de febrero de 2011 Lugar: Escuela de Estudios[&#8230;]<\/p>\n","protected":false},"author":1,"featured_media":0,"parent":0,"menu_order":0,"comment_status":"closed","ping_status":"closed","template":"template-fullwidth.php","meta":[],"_links":{"self":[{"href":"https:\/\/www.upo.es\/area-historia-arte\/wp-json\/wp\/v2\/pages\/1807"}],"collection":[{"href":"https:\/\/www.upo.es\/area-historia-arte\/wp-json\/wp\/v2\/pages"}],"about":[{"href":"https:\/\/www.upo.es\/area-historia-arte\/wp-json\/wp\/v2\/types\/page"}],"author":[{"embeddable":true,"href":"https:\/\/www.upo.es\/area-historia-arte\/wp-json\/wp\/v2\/users\/1"}],"replies":[{"embeddable":true,"href":"https:\/\/www.upo.es\/area-historia-arte\/wp-json\/wp\/v2\/comments?post=1807"}],"version-history":[{"count":4,"href":"https:\/\/www.upo.es\/area-historia-arte\/wp-json\/wp\/v2\/pages\/1807\/revisions"}],"predecessor-version":[{"id":2149,"href":"https:\/\/www.upo.es\/area-historia-arte\/wp-json\/wp\/v2\/pages\/1807\/revisions\/2149"}],"wp:attachment":[{"href":"https:\/\/www.upo.es\/area-historia-arte\/wp-json\/wp\/v2\/media?parent=1807"}],"curies":[{"name":"wp","href":"https:\/\/api.w.org\/{rel}","templated":true}]}}