{"id":209,"date":"2019-03-27T19:05:21","date_gmt":"2019-03-27T18:05:21","guid":{"rendered":"https:\/\/www.upo.es\/area-historia-arte\/?page_id=209"},"modified":"2019-07-16T13:25:28","modified_gmt":"2019-07-16T11:25:28","slug":"maria-del-valle-gomez-de-terreros-guardiola-y-francisco-ollero-lobato-participan-en-el-curso-la-restauracion-entre-los-anos-cincuenta-y-sesenta-del-siglo-xx-14-15-de-mayo-de-2013","status":"publish","type":"page","link":"https:\/\/www.upo.es\/area-historia-arte\/maria-del-valle-gomez-de-terreros-guardiola-y-francisco-ollero-lobato-participan-en-el-curso-la-restauracion-entre-los-anos-cincuenta-y-sesenta-del-siglo-xx-14-15-de-mayo-de-2013\/","title":{"rendered":"Mar\u00eda del Valle G\u00f3mez de Terreros Guardiola y Francisco Ollero Lobato participan en el curso \u00abLa restauraci\u00f3n entre los a\u00f1os cincuenta y sesenta del siglo XX\u00bb"},"content":{"rendered":"\n<p style=\"text-align:center\"><\/p>\n\n\n\n<div class=\"wp-block-image\"><figure class=\"aligncenter is-resized\"><img loading=\"lazy\" src=\"https:\/\/www.upo.es\/area-historia-arte\/wp-content\/uploads\/2019\/05\/Valle-y-Paco.-Restauracio\u0301n-an\u0303os-cincuenta.png\" alt=\"\" class=\"wp-image-1171\" width=\"630\" height=\"502\" srcset=\"https:\/\/www.upo.es\/area-historia-arte\/wp-content\/uploads\/2019\/05\/Valle-y-Paco.-Restauracio\u0301n-an\u0303os-cincuenta.png 705w, https:\/\/www.upo.es\/area-historia-arte\/wp-content\/uploads\/2019\/05\/Valle-y-Paco.-Restauracio\u0301n-an\u0303os-cincuenta-300x239.png 300w\" sizes=\"(max-width: 630px) 100vw, 630px\" \/><\/figure><\/div>\n\n\n\n<p style=\"text-align:center\">Curso \u00abLa restauraci\u00f3n entre los a\u00f1os cincuenta y setenta del siglo XX. De la reconstrucci\u00f3n de posguerra a la recuperaci\u00f3n de nuestro paisaje monumental\u00bb<\/p>\n\n\n\n<p style=\"text-align:center\"><strong>Fecha<\/strong>: 14 y 15 de mayo de 2013 <\/p>\n\n\n\n<p style=\"text-align:center\"><strong>Lugar<\/strong>: Escuela de Patrimonio Hist\u00f3rico de N\u00e1jera &#8211; N\u00e1jera, La Rioja<\/p>\n\n\n\n<p><strong>Objetivos y contenido:<\/strong><\/p>\n\n\n\n<p>Acercamiento a la\nrestauraci\u00f3n y a las propuestas de intervenci\u00f3n y de conservaci\u00f3n de los\nconjuntos y centros hist\u00f3ricos llevados a cabo en el periodo conocido como del\ndesarrollismo.<\/p>\n\n\n\n<p>Se analizar\u00e1 el\ncambio de orientaci\u00f3n de la tutela monumental que tiene una vez culminado el\ngrueso de la ingente tarea de la Reconstrucci\u00f3n tras la Guerra Civil Espa\u00f1ola.\nDe esa labor marcada por la necesidad de recuperar lo da\u00f1ado por el conflicto y\nde una econom\u00eda determinada por las restricciones de la postguerra y la\nautarqu\u00eda, se va evolucionando a proyectos marcados por la integraci\u00f3n de los\nnuevos materiales, de nuevas t\u00e9cnicas y de nuevos planteamientos sobre la restauraci\u00f3n\ny tambi\u00e9n, en muchos casos, por los nuevos criterios de explotaci\u00f3n tur\u00edstica y\nde imagen de nuestro patrimonio.<\/p>\n\n\n\n<p>El curso recoge los resultados del Proyecto de investigaci\u00f3n Restauraci\u00f3n monumental y desarrollismo en Espa\u00f1a 1959-1975. HARD2011-23918, financiado por el Ministerio de Econom\u00eda y Competitividad.<\/p>\n\n\n\n<p><strong>Direcci\u00f3n del Curso:<\/strong><\/p>\n\n\n\n<ul><li> Mar\u00eda del Pilar Garc\u00eda Cuetos  <\/li><li> Bego\u00f1a Arr\u00fae Ugarte<\/li><\/ul>\n\n\n\n<p><strong>Coordinaci\u00f3n IPCE:  <\/strong><\/p>\n\n\n\n<ul><li> Roc\u00edo Salas Almela<\/li><\/ul>\n\n\n\n<p><a href=\"https:\/\/www.upo.es\/area-historia-arte\/wp-content\/uploads\/2019\/03\/Curso_La_restauracion_en_Espana_entre_los_anos_cincuenta_y_setenta_del_Siglo_XX_Najera_2013.pdf\">PROGRAMA<\/a><\/p>\n","protected":false},"excerpt":{"rendered":"<p>Curso \u00abLa restauraci\u00f3n entre los a\u00f1os cincuenta y setenta del siglo XX. De la reconstrucci\u00f3n de posguerra a la recuperaci\u00f3n[&#8230;]<\/p>\n","protected":false},"author":1,"featured_media":0,"parent":0,"menu_order":0,"comment_status":"closed","ping_status":"closed","template":"template-fullwidth.php","meta":[],"_links":{"self":[{"href":"https:\/\/www.upo.es\/area-historia-arte\/wp-json\/wp\/v2\/pages\/209"}],"collection":[{"href":"https:\/\/www.upo.es\/area-historia-arte\/wp-json\/wp\/v2\/pages"}],"about":[{"href":"https:\/\/www.upo.es\/area-historia-arte\/wp-json\/wp\/v2\/types\/page"}],"author":[{"embeddable":true,"href":"https:\/\/www.upo.es\/area-historia-arte\/wp-json\/wp\/v2\/users\/1"}],"replies":[{"embeddable":true,"href":"https:\/\/www.upo.es\/area-historia-arte\/wp-json\/wp\/v2\/comments?post=209"}],"version-history":[{"count":6,"href":"https:\/\/www.upo.es\/area-historia-arte\/wp-json\/wp\/v2\/pages\/209\/revisions"}],"predecessor-version":[{"id":2052,"href":"https:\/\/www.upo.es\/area-historia-arte\/wp-json\/wp\/v2\/pages\/209\/revisions\/2052"}],"wp:attachment":[{"href":"https:\/\/www.upo.es\/area-historia-arte\/wp-json\/wp\/v2\/media?parent=209"}],"curies":[{"name":"wp","href":"https:\/\/api.w.org\/{rel}","templated":true}]}}