{"id":216,"date":"2019-03-27T19:08:04","date_gmt":"2019-03-27T18:08:04","guid":{"rendered":"https:\/\/www.upo.es\/area-historia-arte\/?page_id=216"},"modified":"2019-05-16T12:13:24","modified_gmt":"2019-05-16T10:13:24","slug":"en-fuentes-de-andalucia-se-presenta-el-v-congreso-de-barroco-iberoamericano-y-el-i-simposio-internacional-jovenes-investigadores-del-barroco-iberoamericano","status":"publish","type":"page","link":"https:\/\/www.upo.es\/area-historia-arte\/en-fuentes-de-andalucia-se-presenta-el-v-congreso-de-barroco-iberoamericano-y-el-i-simposio-internacional-jovenes-investigadores-del-barroco-iberoamericano\/","title":{"rendered":"En Fuentes de Andaluc\u00eda se presenta el V Congreso de Barroco Iberoamericano y el I Simposio Internacional J\u00f3venes Investigadores del Barroco Iberoamericano"},"content":{"rendered":"\n<p><\/p>\n\n\n\n<div class=\"wp-block-image\"><figure class=\"aligncenter is-resized\"><img loading=\"lazy\" src=\"https:\/\/www.upo.es\/area-historia-arte\/wp-content\/uploads\/2019\/05\/v-congreso-internacional-del-barroco-quiles-5241003-redu-800-1.jpg\" alt=\"\" class=\"wp-image-1169\" width=\"426\" height=\"319\" srcset=\"https:\/\/www.upo.es\/area-historia-arte\/wp-content\/uploads\/2019\/05\/v-congreso-internacional-del-barroco-quiles-5241003-redu-800-1.jpg 800w, https:\/\/www.upo.es\/area-historia-arte\/wp-content\/uploads\/2019\/05\/v-congreso-internacional-del-barroco-quiles-5241003-redu-800-1-300x225.jpg 300w, https:\/\/www.upo.es\/area-historia-arte\/wp-content\/uploads\/2019\/05\/v-congreso-internacional-del-barroco-quiles-5241003-redu-800-1-768x576.jpg 768w\" sizes=\"(max-width: 426px) 100vw, 426px\" \/><\/figure><\/div>\n\n\n\n<p>En el Centro de Interpretaci\u00f3n\ndel Barroco de Fuentes de Andaluc\u00eda, se llevar\u00e1 a cabo el acto de presentaci\u00f3n\ndel&nbsp;&nbsp;<a href=\"http:\/\/jovenesceiba.com\/\">I\nSimposio Internacional de J\u00f3venes Investigadores del&nbsp; Barroco Iberoamericano<\/a>&nbsp;que\nse celebra del 27 al 29 de mayo en Santiago de Compostela,&nbsp; y del V\nCongreso Internacional del Barroco Iberoamericano que se celebrar\u00e1 en oto\u00f1o de\n2014 en Bogot\u00e1 (Colombia).&nbsp;<\/p>\n\n\n\n<p><a href=\"http:\/\/www.upo.es\/diario\/cultura\/2013\/05\/manana-se-presenta-en-fuentes-de-andalucia-el-v-congreso-del-barroco-iberoamericano\/\">Noticia &#8211; DUPO<\/a><\/p>\n\n\n\n<p><a href=\"http:\/\/ayuntamientofuentes.com\/redaccion\/2013\/el-centro-de-interpretacion-del-barroco-fontaniego-alcanza-cotas-internacionales\/\">Noticia &#8211; Ayuntamiento de Fuentes de Andaluc\u00eda<\/a><\/p>\n","protected":false},"excerpt":{"rendered":"<p>En el Centro de Interpretaci\u00f3n del Barroco de Fuentes de Andaluc\u00eda, se llevar\u00e1 a cabo el acto de presentaci\u00f3n del&nbsp;&nbsp;I[&#8230;]<\/p>\n","protected":false},"author":1,"featured_media":0,"parent":0,"menu_order":0,"comment_status":"closed","ping_status":"closed","template":"template-fullwidth.php","meta":[],"_links":{"self":[{"href":"https:\/\/www.upo.es\/area-historia-arte\/wp-json\/wp\/v2\/pages\/216"}],"collection":[{"href":"https:\/\/www.upo.es\/area-historia-arte\/wp-json\/wp\/v2\/pages"}],"about":[{"href":"https:\/\/www.upo.es\/area-historia-arte\/wp-json\/wp\/v2\/types\/page"}],"author":[{"embeddable":true,"href":"https:\/\/www.upo.es\/area-historia-arte\/wp-json\/wp\/v2\/users\/1"}],"replies":[{"embeddable":true,"href":"https:\/\/www.upo.es\/area-historia-arte\/wp-json\/wp\/v2\/comments?post=216"}],"version-history":[{"count":3,"href":"https:\/\/www.upo.es\/area-historia-arte\/wp-json\/wp\/v2\/pages\/216\/revisions"}],"predecessor-version":[{"id":1300,"href":"https:\/\/www.upo.es\/area-historia-arte\/wp-json\/wp\/v2\/pages\/216\/revisions\/1300"}],"wp:attachment":[{"href":"https:\/\/www.upo.es\/area-historia-arte\/wp-json\/wp\/v2\/media?parent=216"}],"curies":[{"name":"wp","href":"https:\/\/api.w.org\/{rel}","templated":true}]}}