{"id":2298,"date":"2020-01-30T22:49:22","date_gmt":"2020-01-30T21:49:22","guid":{"rendered":"https:\/\/www.upo.es\/area-historia-arte\/?page_id=2298"},"modified":"2022-08-01T15:46:02","modified_gmt":"2022-08-01T13:46:02","slug":"x-seminario-de-gestion-y-difusion-del-patrimonio-cultural-local-tambien-andalucia-se-vacia-una-sospecha-una-constatacion-una-necesaria-respuesta","status":"publish","type":"page","link":"https:\/\/www.upo.es\/area-historia-arte\/x-seminario-de-gestion-y-difusion-del-patrimonio-cultural-local-tambien-andalucia-se-vacia-una-sospecha-una-constatacion-una-necesaria-respuesta\/","title":{"rendered":"X Seminario de Gesti\u00f3n y Difusi\u00f3n del Patrimonio Cultural Local: \u00bfTambi\u00e9n Andaluc\u00eda se vac\u00eda? Una sospecha, una constataci\u00f3n, una necesaria respuesta"},"content":{"rendered":"\n<p><\/p>\n\n\n\n<div class=\"wp-block-image\"><figure class=\"aligncenter size-large is-resized\"><img loading=\"lazy\" src=\"https:\/\/www.upo.es\/area-historia-arte\/wp-content\/uploads\/2020\/01\/X-Seminario_P\u00e1gina_1-1024x1024.jpg\" alt=\"\" class=\"wp-image-2299\" width=\"440\" height=\"440\" srcset=\"https:\/\/www.upo.es\/area-historia-arte\/wp-content\/uploads\/2020\/01\/X-Seminario_P\u00e1gina_1-1024x1024.jpg 1024w, https:\/\/www.upo.es\/area-historia-arte\/wp-content\/uploads\/2020\/01\/X-Seminario_P\u00e1gina_1-300x300.jpg 300w, https:\/\/www.upo.es\/area-historia-arte\/wp-content\/uploads\/2020\/01\/X-Seminario_P\u00e1gina_1-150x150.jpg 150w, https:\/\/www.upo.es\/area-historia-arte\/wp-content\/uploads\/2020\/01\/X-Seminario_P\u00e1gina_1-768x768.jpg 768w, https:\/\/www.upo.es\/area-historia-arte\/wp-content\/uploads\/2020\/01\/X-Seminario_P\u00e1gina_1-1536x1536.jpg 1536w, https:\/\/www.upo.es\/area-historia-arte\/wp-content\/uploads\/2020\/01\/X-Seminario_P\u00e1gina_1-2048x2048.jpg 2048w\" sizes=\"(max-width: 440px) 100vw, 440px\" \/><figcaption>X Seminario de Gesti\u00f3n y Difusi\u00f3n del Patrimonio Cultural Local: \u00bfTambi\u00e9n Andaluc\u00eda se vac\u00eda? Una sospecha, una constataci\u00f3n, una necesaria respuesta<\/figcaption><\/figure><\/div>\n\n\n\n<p class=\"has-text-align-center\"><strong>Fecha<\/strong>: 4, 6 y 13 de febrero de 2020<\/p>\n\n\n\n<p class=\"has-text-align-center\"><strong>Lugar<\/strong>: Sala de Grados. CEI CamBio<\/p>\n\n\n\n<p>El M\u00e1ster de Arte, Museos y Gesti\u00f3n del Patrimonio Hist\u00f3rico (UPO) organiza desde hace diez a\u00f1os este Seminario para que los profesionales de la Difusi\u00f3n y la Gesti\u00f3n del Patrimonio Cultural Local compartan sus experiencias con los estudiantes y con un p\u00fablico interesado.<\/p>\n\n\n\n<p><strong>Coordinaci\u00f3n\nacad\u00e9mica:<\/strong><\/p>\n\n\n\n<ul><li>Fernando Quiles Garc\u00eda\n     (Universidad Pablo de Olavide)<\/li><\/ul>\n\n\n\n<p><strong>Organiza:<\/strong><\/p>\n\n\n\n<ul><li>M\u00e1ster oficial de Arte, Museos\n     y Gesti\u00f3n del Patrimonio Hist\u00f3rico<\/li><li>\u00c1rea de Historia del Arte,\n     Universidad Pablo de Olavide<\/li><\/ul>\n\n\n\n<p><strong>Colaboran:<\/strong><\/p>\n\n\n\n<ul><li>Visibilia. Portal de Patrimonio\n     Art\u00edstico Andaluz<\/li><\/ul>\n\n\n\n<p><strong>Gesti\u00f3n y\ndifusi\u00f3n:<\/strong><\/p>\n\n\n\n<ul><li>Enredars.\nMatriz de Arte y Patrimonio Iberoamericano<\/li><\/ul>\n\n\n\n<p><strong>Inscripci\u00f3n:<\/strong><\/p>\n\n\n\n<p>Tel\u00e9fono: 954349158<\/p>\n\n\n\n<p>E-mail: fquigar@gmail.com<\/p>\n\n\n\n<p> Entrada libre hasta completar aforo.  <\/p>\n\n\n\n<p><strong><a href=\"https:\/\/www.upo.es\/area-historia-arte\/wp-content\/uploads\/2020\/01\/X-Seminario-1.pdf\">P<\/a><a href=\"https:\/\/www.upo.es\/area-historia-arte\/wp-content\/uploads\/2020\/01\/X-Seminario-1.pdf\" target=\"_blank\" rel=\"noreferrer noopener\" aria-label=\"ROGRAMA (se abre en una nueva pesta\u00f1a)\">ROGRAMA<\/a><\/strong><\/p>\n","protected":false},"excerpt":{"rendered":"<p>Fecha: 4, 6 y 13 de febrero de 2020 Lugar: Sala de Grados. CEI CamBio El M\u00e1ster de Arte, Museos[&#8230;]<\/p>\n","protected":false},"author":1,"featured_media":0,"parent":0,"menu_order":0,"comment_status":"closed","ping_status":"closed","template":"","meta":[],"_links":{"self":[{"href":"https:\/\/www.upo.es\/area-historia-arte\/wp-json\/wp\/v2\/pages\/2298"}],"collection":[{"href":"https:\/\/www.upo.es\/area-historia-arte\/wp-json\/wp\/v2\/pages"}],"about":[{"href":"https:\/\/www.upo.es\/area-historia-arte\/wp-json\/wp\/v2\/types\/page"}],"author":[{"embeddable":true,"href":"https:\/\/www.upo.es\/area-historia-arte\/wp-json\/wp\/v2\/users\/1"}],"replies":[{"embeddable":true,"href":"https:\/\/www.upo.es\/area-historia-arte\/wp-json\/wp\/v2\/comments?post=2298"}],"version-history":[{"count":4,"href":"https:\/\/www.upo.es\/area-historia-arte\/wp-json\/wp\/v2\/pages\/2298\/revisions"}],"predecessor-version":[{"id":2310,"href":"https:\/\/www.upo.es\/area-historia-arte\/wp-json\/wp\/v2\/pages\/2298\/revisions\/2310"}],"wp:attachment":[{"href":"https:\/\/www.upo.es\/area-historia-arte\/wp-json\/wp\/v2\/media?parent=2298"}],"curies":[{"name":"wp","href":"https:\/\/api.w.org\/{rel}","templated":true}]}}