{"id":2336,"date":"2020-02-20T11:53:05","date_gmt":"2020-02-20T10:53:05","guid":{"rendered":"https:\/\/www.upo.es\/area-historia-arte\/?page_id=2336"},"modified":"2020-02-20T12:40:10","modified_gmt":"2020-02-20T11:40:10","slug":"entre-libros-2","status":"publish","type":"page","link":"https:\/\/www.upo.es\/area-historia-arte\/entre-libros-2\/","title":{"rendered":"Entre libros"},"content":{"rendered":"\n<div class=\"wp-block-image\"><figure class=\"aligncenter size-large is-resized\"><img loading=\"lazy\" src=\"https:\/\/www.upo.es\/area-historia-arte\/wp-content\/uploads\/2020\/02\/Entre-Libros-1-916x1024.png\" alt=\"\" class=\"wp-image-2340\" width=\"430\" height=\"481\" srcset=\"https:\/\/www.upo.es\/area-historia-arte\/wp-content\/uploads\/2020\/02\/Entre-Libros-1-916x1024.png 916w, https:\/\/www.upo.es\/area-historia-arte\/wp-content\/uploads\/2020\/02\/Entre-Libros-1-268x300.png 268w, https:\/\/www.upo.es\/area-historia-arte\/wp-content\/uploads\/2020\/02\/Entre-Libros-1-768x858.png 768w, https:\/\/www.upo.es\/area-historia-arte\/wp-content\/uploads\/2020\/02\/Entre-Libros-1-1374x1536.png 1374w, https:\/\/www.upo.es\/area-historia-arte\/wp-content\/uploads\/2020\/02\/Entre-Libros-1-1832x2048.png 1832w\" sizes=\"(max-width: 430px) 100vw, 430px\" \/><figcaption>Entre libros<\/figcaption><\/figure><\/div>\n\n\n\n<p class=\"has-text-align-center\"><strong>Fecha<\/strong>: 20 de febrero de 2020<\/p>\n\n\n\n<p class=\"has-text-align-center\"><strong>Lugares<\/strong>: Espacio Ca\u00f3tica, Calle Jos\u00e9 Gestoso, 8<\/p>\n\n\n\n<p><strong>Coordinaci\u00f3n acad\u00e9mica:<\/strong><\/p>\n\n\n\n<ul><li>Fernando Quiles Garc\u00eda<\/li><li>Mar\u00eda de los \u00c1ngeles Fern\u00e1ndez Valle<\/li><\/ul>\n\n\n\n<p><strong>Organizan:<\/strong><\/p>\n\n\n\n<ul><li>\u00c1rea de Historia del Arte, Universidad Pablo de Olavide<\/li><li>Aula Latinoamericana de Pensamiento y Creaci\u00f3n Contempor\u00e1neos<\/li><li>Enredars Publicaciones<\/li><li>Espacio Ca\u00f3tica<\/li><\/ul>\n\n\n\n<p><strong>Inscripci\u00f3n:<\/strong>  enredars@gmaill.com<\/p>\n\n\n\n<p>Entrada gratuita, previa inscripci\u00f3n, hasta completar aforo. <\/p>\n\n\n\n<p><strong><a href=\"https:\/\/www.upo.es\/area-historia-arte\/wp-content\/uploads\/2020\/02\/Entre-Libros-scaled.png\">PROGRAMA<\/a><\/strong><\/p>\n","protected":false},"excerpt":{"rendered":"<p>Fecha: 20 de febrero de 2020 Lugares: Espacio Ca\u00f3tica, Calle Jos\u00e9 Gestoso, 8 Coordinaci\u00f3n acad\u00e9mica: Fernando Quiles Garc\u00eda Mar\u00eda de[&#8230;]<\/p>\n","protected":false},"author":1,"featured_media":0,"parent":0,"menu_order":0,"comment_status":"closed","ping_status":"closed","template":"","meta":[],"_links":{"self":[{"href":"https:\/\/www.upo.es\/area-historia-arte\/wp-json\/wp\/v2\/pages\/2336"}],"collection":[{"href":"https:\/\/www.upo.es\/area-historia-arte\/wp-json\/wp\/v2\/pages"}],"about":[{"href":"https:\/\/www.upo.es\/area-historia-arte\/wp-json\/wp\/v2\/types\/page"}],"author":[{"embeddable":true,"href":"https:\/\/www.upo.es\/area-historia-arte\/wp-json\/wp\/v2\/users\/1"}],"replies":[{"embeddable":true,"href":"https:\/\/www.upo.es\/area-historia-arte\/wp-json\/wp\/v2\/comments?post=2336"}],"version-history":[{"count":3,"href":"https:\/\/www.upo.es\/area-historia-arte\/wp-json\/wp\/v2\/pages\/2336\/revisions"}],"predecessor-version":[{"id":2350,"href":"https:\/\/www.upo.es\/area-historia-arte\/wp-json\/wp\/v2\/pages\/2336\/revisions\/2350"}],"wp:attachment":[{"href":"https:\/\/www.upo.es\/area-historia-arte\/wp-json\/wp\/v2\/media?parent=2336"}],"curies":[{"name":"wp","href":"https:\/\/api.w.org\/{rel}","templated":true}]}}