{"id":242,"date":"2019-03-27T19:20:59","date_gmt":"2019-03-27T18:20:59","guid":{"rendered":"https:\/\/www.upo.es\/area-historia-arte\/?page_id=242"},"modified":"2019-07-16T13:21:45","modified_gmt":"2019-07-16T11:21:45","slug":"ma-del-valle-gomez-de-terreros-guardiola-y-francisco-ollero-lobato-participan-en-el-seminario-la-restauracion-monumental-en-espana-entre-los-anos-treinta-y-setenta-del-siglo-xx-continuidad-y-ruptur","status":"publish","type":"page","link":"https:\/\/www.upo.es\/area-historia-arte\/ma-del-valle-gomez-de-terreros-guardiola-y-francisco-ollero-lobato-participan-en-el-seminario-la-restauracion-monumental-en-espana-entre-los-anos-treinta-y-setenta-del-siglo-xx-continuidad-y-ruptur\/","title":{"rendered":"M\u00aa del Valle G\u00f3mez de Terreros Guardiola y Francisco Ollero Lobato participan en el Seminario \u00abLa restauraci\u00f3n monumental en Espa\u00f1a entre los a\u00f1os treinta y setenta del siglo XX. Continuidad y ruptura\u00bb"},"content":{"rendered":"\n<p style=\"text-align:center\"><\/p>\n\n\n\n<div class=\"wp-block-image\"><figure class=\"aligncenter\"><img loading=\"lazy\" width=\"924\" height=\"194\" src=\"https:\/\/www.upo.es\/area-historia-arte\/wp-content\/uploads\/2019\/05\/valle-y-paco-restauracion-monumental-2014.png\" alt=\"\" class=\"wp-image-1161\" srcset=\"https:\/\/www.upo.es\/area-historia-arte\/wp-content\/uploads\/2019\/05\/valle-y-paco-restauracion-monumental-2014.png 924w, https:\/\/www.upo.es\/area-historia-arte\/wp-content\/uploads\/2019\/05\/valle-y-paco-restauracion-monumental-2014-300x63.png 300w, https:\/\/www.upo.es\/area-historia-arte\/wp-content\/uploads\/2019\/05\/valle-y-paco-restauracion-monumental-2014-768x161.png 768w\" sizes=\"(max-width: 924px) 100vw, 924px\" \/><\/figure><\/div>\n\n\n\n<p style=\"text-align:center\">Seminario \u00abLa restauraci\u00f3n monumental en Espa\u00f1a entre los a\u00f1os treinta y setenta del siglo XX. Continuidad y ruptura\u00bb<\/p>\n\n\n\n<p style=\"text-align:center\"><strong>Fecha<\/strong>: 29 y 30 de octubre de 2013 <\/p>\n\n\n\n<p style=\"text-align:center\"><strong>Lugar<\/strong>: Instituto Andaluz del Patrimonio Hist\u00f3rico (IAPH), Sevilla<\/p>\n\n\n\n<p>El seminario analiza la evoluci\u00f3n de los criterios y m\u00e9todos de restauraci\u00f3n monumental aplicados en Espa\u00f1a a lo largo de unas decisivas d\u00e9cadas que nos permiten asistir al desarrollo de una tutela moderna que evoluciona, en un contexto de continuidades y rupturas, de la mano de diferentes profesionales. El grueso de sus aportaciones es resultado de dos proyectos de investigaci\u00f3n desarrollados dentro del Plan de I+D+I (ref. HUM2007-62699 y HAR2011-93918, desarrollados entre 2007-2009 y 2011-2014)<\/p>\n\n\n\n<p>Si los a\u00f1os treinta asistieron al\ndesarrollo de una restauraci\u00f3n marcada por la asimilaci\u00f3n de una teor\u00eda restauradora\nbasada en el criterio de la conservaci\u00f3n y el conocimiento cient\u00edfico, los a\u00f1os\ncuarenta y la primera mitad de la d\u00e9cada de los cincuenta se vieron\ndeterminados por la econom\u00eda de posguerra, la prioridad de la reconstrucci\u00f3n y\nla utilizaci\u00f3n ideol\u00f3gica de los proyectos m\u00e1s destacados bajo el llamado\nPrimer Franquismo.<\/p>\n\n\n\n<p>En el per\u00edodo conocido como del Desarrollismo, la restauraci\u00f3n monumental no puede desligarse de los nuevos objetivos de utilizaci\u00f3n del patrimonio como un recurso vinculado al creciente turismo y nuevas t\u00e9cnicas y nuevos materiales van relegando progresivamente a las t\u00e9cnicas tradicionales propias de la Autarqu\u00eda. Espa\u00f1a \u201cera diferente\u201d y cabe preguntarse si nuestra restauraci\u00f3n monumental mantuvo tambi\u00e9n ese sesgo propio y si la reconstrucci\u00f3n cede paso a la recreaci\u00f3n.<br><\/p>\n\n\n\n<p><strong>Direcci\u00f3n<\/strong>: <\/p>\n\n\n\n<ul><li>Mar\u00eda Pilar Garc\u00eda Cuetos, Proyecto de&nbsp;<em>Investigaci\u00f3n Restauraci\u00f3n monumental y desarrollismo en Espa\u00f1a 1959-1975&nbsp;<\/em>HAR2011-23918<\/li><\/ul>\n\n\n\n<p><strong>Coordinaci\u00f3n acad\u00e9mica<\/strong>: <\/p>\n\n\n\n<ul><li>Alfredo J. Morales Mart\u00ednez (Universidad de Sevilla)<\/li><\/ul>\n\n\n\n<p><strong>Coordinaci\u00f3n<\/strong>: <\/p>\n\n\n\n<ul><li>Grupo IPEC<\/li><li>Mar\u00eda Pilar Garc\u00eda Cuetos (Universidad de Oviedo)<\/li><li>Esther Almarcha N\u00fa\u00f1ez-Herrador (Universidad de Castilla La-Mancha)<\/li><li>Ascensi\u00f3n Hern\u00e1ndez Mart\u00ednez (Universidad de Zaragoza)<\/li><\/ul>\n\n\n\n<p><a href=\"http:\/\/www.iaph.es\/web\/sites\/seminario_restauracionmonumental\/index.html\">IAPH &#8211; Seminario<\/a><\/p>\n\n\n\n<p><a href=\"https:\/\/www.upo.es\/area-historia-arte\/wp-content\/uploads\/2019\/03\/Programa_Seminario_Restauracion_monumental_29_y_30_de_octubre_2013_IAPH.pdf\">PROGRAMA<\/a><\/p>\n","protected":false},"excerpt":{"rendered":"<p>Seminario \u00abLa restauraci\u00f3n monumental en Espa\u00f1a entre los a\u00f1os treinta y setenta del siglo XX. Continuidad y ruptura\u00bb Fecha: 29[&#8230;]<\/p>\n","protected":false},"author":1,"featured_media":0,"parent":0,"menu_order":0,"comment_status":"closed","ping_status":"closed","template":"template-fullwidth.php","meta":[],"_links":{"self":[{"href":"https:\/\/www.upo.es\/area-historia-arte\/wp-json\/wp\/v2\/pages\/242"}],"collection":[{"href":"https:\/\/www.upo.es\/area-historia-arte\/wp-json\/wp\/v2\/pages"}],"about":[{"href":"https:\/\/www.upo.es\/area-historia-arte\/wp-json\/wp\/v2\/types\/page"}],"author":[{"embeddable":true,"href":"https:\/\/www.upo.es\/area-historia-arte\/wp-json\/wp\/v2\/users\/1"}],"replies":[{"embeddable":true,"href":"https:\/\/www.upo.es\/area-historia-arte\/wp-json\/wp\/v2\/comments?post=242"}],"version-history":[{"count":5,"href":"https:\/\/www.upo.es\/area-historia-arte\/wp-json\/wp\/v2\/pages\/242\/revisions"}],"predecessor-version":[{"id":2044,"href":"https:\/\/www.upo.es\/area-historia-arte\/wp-json\/wp\/v2\/pages\/242\/revisions\/2044"}],"wp:attachment":[{"href":"https:\/\/www.upo.es\/area-historia-arte\/wp-json\/wp\/v2\/media?parent=242"}],"curies":[{"name":"wp","href":"https:\/\/api.w.org\/{rel}","templated":true}]}}