{"id":280,"date":"2019-03-31T12:59:57","date_gmt":"2019-03-31T10:59:57","guid":{"rendered":"https:\/\/www.upo.es\/area-historia-arte\/?page_id=280"},"modified":"2019-07-16T13:09:53","modified_gmt":"2019-07-16T11:09:53","slug":"i-seminario-politicas-culturales-pensamiento-debate-y-accion-en-la-casa-de-la-provincia-casa-de-la-provincia-24-25-y-26-de-abril-de-2014","status":"publish","type":"page","link":"https:\/\/www.upo.es\/area-historia-arte\/i-seminario-politicas-culturales-pensamiento-debate-y-accion-en-la-casa-de-la-provincia-casa-de-la-provincia-24-25-y-26-de-abril-de-2014\/","title":{"rendered":"I Seminario Pol\u00edticas Culturales: Pensamiento, debate y acci\u00f3n en la Casa de la Provincia"},"content":{"rendered":"\n<p style=\"text-align:center\"><\/p>\n\n\n\n<div class=\"wp-block-image\"><figure class=\"aligncenter is-resized\"><img loading=\"lazy\" src=\"https:\/\/www.upo.es\/area-historia-arte\/wp-content\/uploads\/2019\/05\/I_Seminario_Politicas_Culturales_UPO_Casa_de_la_Provincia_2014-1024x638.jpg\" alt=\"\" class=\"wp-image-1140\" width=\"488\" height=\"304\" srcset=\"https:\/\/www.upo.es\/area-historia-arte\/wp-content\/uploads\/2019\/05\/I_Seminario_Politicas_Culturales_UPO_Casa_de_la_Provincia_2014-1024x638.jpg 1024w, https:\/\/www.upo.es\/area-historia-arte\/wp-content\/uploads\/2019\/05\/I_Seminario_Politicas_Culturales_UPO_Casa_de_la_Provincia_2014-300x187.jpg 300w, https:\/\/www.upo.es\/area-historia-arte\/wp-content\/uploads\/2019\/05\/I_Seminario_Politicas_Culturales_UPO_Casa_de_la_Provincia_2014-768x478.jpg 768w, https:\/\/www.upo.es\/area-historia-arte\/wp-content\/uploads\/2019\/05\/I_Seminario_Politicas_Culturales_UPO_Casa_de_la_Provincia_2014.jpg 1283w\" sizes=\"(max-width: 488px) 100vw, 488px\" \/><\/figure><\/div>\n\n\n\n<p style=\"text-align:center\">I Seminario \u00abPol\u00edticas Culturales: Pensamiento, debate y acci\u00f3n\u00bb<\/p>\n\n\n\n<p style=\"text-align:center\"><strong>Fecha<\/strong>: 24, 25 y 26 de abril de 2014 <\/p>\n\n\n\n<p style=\"text-align:center\"><strong>Lugar<\/strong>: Casa de la Provincia. Plaza del Triunfo, Sevilla<br><\/p>\n\n\n\n<p><strong>Inauguran<\/strong>:<\/p>\n\n\n\n<ul><li>Don Vicente Granados Cabezas. Secretario General de Turismo, Consejer\u00eda de Turismo y Comercio de la Junta de Andaluc\u00eda<\/li><li>Do\u00f1a Elodia Hern\u00e1ndez Le\u00f3n. Vicerrectora de Cultura, Participaci\u00f3n y Compromiso Social de la Universidad Pablo de Olavide, Sevilla<\/li><\/ul>\n\n\n\n<p><strong>Inscripci\u00f3n<\/strong>: fquigar@upo.es <\/p>\n\n\n\n<p>Certificado de asistencia con el 80%&nbsp; <\/p>\n\n\n\n<p><a href=\"https:\/\/www.upo.es\/area-historia-arte\/wp-content\/uploads\/2019\/03\/I_Seminario_Politicas_Culturales_UPO_Casa_de_la_Provincia_2014.pdf\">PROGRAMA<\/a><\/p>\n","protected":false},"excerpt":{"rendered":"<p>I Seminario \u00abPol\u00edticas Culturales: Pensamiento, debate y acci\u00f3n\u00bb Fecha: 24, 25 y 26 de abril de 2014 Lugar: Casa de[&#8230;]<\/p>\n","protected":false},"author":1,"featured_media":0,"parent":0,"menu_order":0,"comment_status":"closed","ping_status":"closed","template":"template-fullwidth.php","meta":[],"_links":{"self":[{"href":"https:\/\/www.upo.es\/area-historia-arte\/wp-json\/wp\/v2\/pages\/280"}],"collection":[{"href":"https:\/\/www.upo.es\/area-historia-arte\/wp-json\/wp\/v2\/pages"}],"about":[{"href":"https:\/\/www.upo.es\/area-historia-arte\/wp-json\/wp\/v2\/types\/page"}],"author":[{"embeddable":true,"href":"https:\/\/www.upo.es\/area-historia-arte\/wp-json\/wp\/v2\/users\/1"}],"replies":[{"embeddable":true,"href":"https:\/\/www.upo.es\/area-historia-arte\/wp-json\/wp\/v2\/comments?post=280"}],"version-history":[{"count":6,"href":"https:\/\/www.upo.es\/area-historia-arte\/wp-json\/wp\/v2\/pages\/280\/revisions"}],"predecessor-version":[{"id":2031,"href":"https:\/\/www.upo.es\/area-historia-arte\/wp-json\/wp\/v2\/pages\/280\/revisions\/2031"}],"wp:attachment":[{"href":"https:\/\/www.upo.es\/area-historia-arte\/wp-json\/wp\/v2\/media?parent=280"}],"curies":[{"name":"wp","href":"https:\/\/api.w.org\/{rel}","templated":true}]}}