{"id":2824,"date":"2022-10-24T14:49:57","date_gmt":"2022-10-24T12:49:57","guid":{"rendered":"https:\/\/www.upo.es\/area-historia-arte\/?page_id=2824"},"modified":"2022-10-25T14:50:35","modified_gmt":"2022-10-25T12:50:35","slug":"xvi-jornadas-de-patrimonio-historico-y-cultural-de-la-provincia-de-sevilla-patrimonio-linguistico-de-la-provincia-de-sevilla-a-proposito-de-la-figura-de-nebrija","status":"publish","type":"page","link":"https:\/\/www.upo.es\/area-historia-arte\/xvi-jornadas-de-patrimonio-historico-y-cultural-de-la-provincia-de-sevilla-patrimonio-linguistico-de-la-provincia-de-sevilla-a-proposito-de-la-figura-de-nebrija\/","title":{"rendered":"XVI Jornadas de patrimonio hist\u00f3rico y cultural de la provincia de Sevilla. Patrimonio ling\u00fc\u00edstico de la provincia de Sevilla. A prop\u00f3sito de la figura de Nebrija"},"content":{"rendered":"\n<div class=\"wp-block-image\"><figure class=\"aligncenter size-large is-resized\"><a href=\"https:\/\/www.upo.es\/area-historia-arte\/wp-content\/uploads\/2022\/10\/XVI-Jornadas-patrimonio_Nebrija_humanidades.pdf\"><img loading=\"lazy\" src=\"https:\/\/www.upo.es\/area-historia-arte\/wp-content\/uploads\/2022\/10\/XVI-Jornadas-cartel-763x1024.jpg\" alt=\"\" class=\"wp-image-2825\" width=\"414\" height=\"555\" srcset=\"https:\/\/www.upo.es\/area-historia-arte\/wp-content\/uploads\/2022\/10\/XVI-Jornadas-cartel-763x1024.jpg 763w, https:\/\/www.upo.es\/area-historia-arte\/wp-content\/uploads\/2022\/10\/XVI-Jornadas-cartel-224x300.jpg 224w, https:\/\/www.upo.es\/area-historia-arte\/wp-content\/uploads\/2022\/10\/XVI-Jornadas-cartel-768x1030.jpg 768w, https:\/\/www.upo.es\/area-historia-arte\/wp-content\/uploads\/2022\/10\/XVI-Jornadas-cartel-1145x1536.jpg 1145w, https:\/\/www.upo.es\/area-historia-arte\/wp-content\/uploads\/2022\/10\/XVI-Jornadas-cartel.jpg 1226w\" sizes=\"(max-width: 414px) 100vw, 414px\" \/><\/a><figcaption>XVI Jornadas de patrimonio hist\u00f3rico y cultural de la provincia de Sevilla. Patrimonio ling\u00fc\u00edstico de la provincia de Sevilla. A prop\u00f3sito de la figura de Nebrija<\/figcaption><\/figure><\/div>\n\n\n\n<p class=\"has-text-align-center\" id=\"block-a9caecd0-35b1-49fc-9504-7b7c5c4549d2\"><strong>Fecha<\/strong>: 30 de noviembre y 1 de diciembre de 2022<\/p>\n\n\n\n<p class=\"has-text-align-center\" id=\"block-8a3f1464-717b-4f4d-ab42-8cebe60863bb\"><strong>Lugar:<\/strong>&nbsp; Casa de la Provincia, plaza del Triunfo, Sevilla<\/p>\n\n\n\n<p><strong>Comisi\u00f3n organizadora<\/strong>:<\/p>\n\n\n\n<ul><li>Francisco Mantec\u00f3n Campos. Museo de Alcal\u00e1 de Guada\u00edra<\/li><li>Fernando Quiles Garc\u00eda. Universidad Pablo de Olavide, de Sevilla<\/li><li>Jos\u00e9 Reina Mac\u00edas. Casa de la Provincia de la Diputaci\u00f3n de Sevilla<\/li><\/ul>\n\n\n\n<p><strong>Comisi\u00f3n cient\u00edfica<\/strong>:<\/p>\n\n\n\n<ul><li>Rosario Moreno Soldevila. Universidad Pablo de Olavide, de Sevilla<\/li><li>Olga Cruz Moya. Universidad Pablo de Olavide, de Sevilla<\/li><\/ul>\n\n\n\n<p><strong>Organizan<\/strong>:<\/p>\n\n\n\n<ul><li>Diputaci\u00f3n de Sevilla<\/li><li>Universidad Pablo de Olavide<br><\/li><\/ul>\n\n\n\n<p><strong>Colaboran<\/strong>:<\/p>\n\n\n\n<ul><li>Ayuntamiento de Alcal\u00e1 de Guada\u00edra<\/li><li>Ayuntamiento de Lebrija<\/li><li>A\u00f1o Nebrija 2022<\/li><\/ul>\n\n\n\n<p>Inscripci\u00f3n gratuita: remitir un correo electr\u00f3nico a <a href=\"mailto:josereinamacias@dipusevilla.es\">josereinamacias@dipusevilla.es<\/a><br>Las personas inscritas que asistan a las Jornadas recibir\u00e1n un certificado personal<br>de asistencia emitido por la Casa de la Provincia.<\/p>\n\n\n\n<p id=\"block-8c1ccf0b-765d-4290-bfbb-6761bbde2bc8\"><a href=\"https:\/\/www.upo.es\/area-historia-arte\/wp-content\/uploads\/2022\/10\/XVI-Jornadas-patrimonio_Nebrija_humanidades.pdf\">PROGRAMA<\/a><\/p>\n","protected":false},"excerpt":{"rendered":"<p>Fecha: 30 de noviembre y 1 de diciembre de 2022 Lugar:&nbsp; Casa de la Provincia, plaza del Triunfo, Sevilla Comisi\u00f3n[&#8230;]<\/p>\n","protected":false},"author":1,"featured_media":0,"parent":0,"menu_order":0,"comment_status":"closed","ping_status":"closed","template":"","meta":[],"_links":{"self":[{"href":"https:\/\/www.upo.es\/area-historia-arte\/wp-json\/wp\/v2\/pages\/2824"}],"collection":[{"href":"https:\/\/www.upo.es\/area-historia-arte\/wp-json\/wp\/v2\/pages"}],"about":[{"href":"https:\/\/www.upo.es\/area-historia-arte\/wp-json\/wp\/v2\/types\/page"}],"author":[{"embeddable":true,"href":"https:\/\/www.upo.es\/area-historia-arte\/wp-json\/wp\/v2\/users\/1"}],"replies":[{"embeddable":true,"href":"https:\/\/www.upo.es\/area-historia-arte\/wp-json\/wp\/v2\/comments?post=2824"}],"version-history":[{"count":5,"href":"https:\/\/www.upo.es\/area-historia-arte\/wp-json\/wp\/v2\/pages\/2824\/revisions"}],"predecessor-version":[{"id":2838,"href":"https:\/\/www.upo.es\/area-historia-arte\/wp-json\/wp\/v2\/pages\/2824\/revisions\/2838"}],"wp:attachment":[{"href":"https:\/\/www.upo.es\/area-historia-arte\/wp-json\/wp\/v2\/media?parent=2824"}],"curies":[{"name":"wp","href":"https:\/\/api.w.org\/{rel}","templated":true}]}}