{"id":288,"date":"2019-03-31T13:04:00","date_gmt":"2019-03-31T11:04:00","guid":{"rendered":"https:\/\/www.upo.es\/area-historia-arte\/?page_id=288"},"modified":"2019-07-16T13:09:27","modified_gmt":"2019-07-16T11:09:27","slug":"publicaciones-red-de-arquitectura-vernacula-iberoamericana-redavi-coleccion-textos","status":"publish","type":"page","link":"https:\/\/www.upo.es\/area-historia-arte\/publicaciones-red-de-arquitectura-vernacula-iberoamericana-redavi-coleccion-textos\/","title":{"rendered":"PUBLICACIONES: Red de Arquitectura Vern\u00e1cula Iberoamericana &#038; RedAVI Colecci\u00f3n Textos"},"content":{"rendered":"\n<p><\/p>\n\n\n\n<div class=\"wp-block-image\"><figure class=\"aligncenter is-resized\"><img loading=\"lazy\" src=\"https:\/\/www.upo.es\/area-historia-arte\/wp-content\/uploads\/2019\/05\/Publicaciones_Red_AVI.jpg\" alt=\"\" class=\"wp-image-1136\" width=\"570\" height=\"321\" srcset=\"https:\/\/www.upo.es\/area-historia-arte\/wp-content\/uploads\/2019\/05\/Publicaciones_Red_AVI.jpg 960w, https:\/\/www.upo.es\/area-historia-arte\/wp-content\/uploads\/2019\/05\/Publicaciones_Red_AVI-300x169.jpg 300w, https:\/\/www.upo.es\/area-historia-arte\/wp-content\/uploads\/2019\/05\/Publicaciones_Red_AVI-768x433.jpg 768w\" sizes=\"(max-width: 570px) 100vw, 570px\" \/><\/figure><\/div>\n\n\n\n<p>Tenemos el agrado\nde presentarles cuatro publicaciones de la RedAVI- Colecci\u00f3n Textos.<\/p>\n\n\n\n<p><strong>Vol.\nI. Arquitectura vern\u00e1cula iberoamericana<\/strong><br>\nGraciela Mar\u00eda Vi\u00f1uales (editora)<\/p>\n\n\n\n<p><strong>Vol.\nII. Territorios, paisajes y arquitectura vern\u00e1cula<\/strong><br>\nFernando Quiles Garc\u00eda (editor)<\/p>\n\n\n\n<p><strong>Vol.\nIII. Miradas diversas. Arquitectura vern\u00e1cula y paisajes culturales\niberoamericanos<\/strong><br>\nMarcela Cristina Cu\u00e9llar S\u00e1nchez (editora)<\/p>\n\n\n\n<p><strong>Vol.\nIV. Lo dom\u00e9stico y lo cotidiano. Gesti\u00f3n y conservaci\u00f3n del patrimonio\nvern\u00e1culo<\/strong><br>\nMarcela Cristina Cu\u00e9llar S\u00e1nchez (editora)<\/p>\n\n\n\n<p><em>M\u00e1s informaci\u00f3n:<br><\/em>Fernando Quiles Garc\u00eda (fquigar@upo.es)<\/p>\n","protected":false},"excerpt":{"rendered":"<p>Tenemos el agrado de presentarles cuatro publicaciones de la RedAVI- Colecci\u00f3n Textos. Vol. I. Arquitectura vern\u00e1cula iberoamericana Graciela Mar\u00eda Vi\u00f1uales[&#8230;]<\/p>\n","protected":false},"author":1,"featured_media":0,"parent":0,"menu_order":0,"comment_status":"closed","ping_status":"closed","template":"template-fullwidth.php","meta":[],"_links":{"self":[{"href":"https:\/\/www.upo.es\/area-historia-arte\/wp-json\/wp\/v2\/pages\/288"}],"collection":[{"href":"https:\/\/www.upo.es\/area-historia-arte\/wp-json\/wp\/v2\/pages"}],"about":[{"href":"https:\/\/www.upo.es\/area-historia-arte\/wp-json\/wp\/v2\/types\/page"}],"author":[{"embeddable":true,"href":"https:\/\/www.upo.es\/area-historia-arte\/wp-json\/wp\/v2\/users\/1"}],"replies":[{"embeddable":true,"href":"https:\/\/www.upo.es\/area-historia-arte\/wp-json\/wp\/v2\/comments?post=288"}],"version-history":[{"count":4,"href":"https:\/\/www.upo.es\/area-historia-arte\/wp-json\/wp\/v2\/pages\/288\/revisions"}],"predecessor-version":[{"id":2030,"href":"https:\/\/www.upo.es\/area-historia-arte\/wp-json\/wp\/v2\/pages\/288\/revisions\/2030"}],"wp:attachment":[{"href":"https:\/\/www.upo.es\/area-historia-arte\/wp-json\/wp\/v2\/media?parent=288"}],"curies":[{"name":"wp","href":"https:\/\/api.w.org\/{rel}","templated":true}]}}