{"id":2883,"date":"2023-01-25T12:21:36","date_gmt":"2023-01-25T11:21:36","guid":{"rendered":"https:\/\/www.upo.es\/area-historia-arte\/?page_id=2883"},"modified":"2023-01-31T11:16:05","modified_gmt":"2023-01-31T10:16:05","slug":"seminario-internacional-la-arquitectura-de-la-ilustracion-su-legado-en-los-territorios-del-sur-de-la-america-hispanica","status":"publish","type":"page","link":"https:\/\/www.upo.es\/area-historia-arte\/seminario-internacional-la-arquitectura-de-la-ilustracion-su-legado-en-los-territorios-del-sur-de-la-america-hispanica\/","title":{"rendered":"Seminario Internacional La arquitectura de la Ilustraci\u00f3n. Su legado en los territorios del Sur de la Am\u00e9rica Hisp\u00e1nica"},"content":{"rendered":"\n<div class=\"wp-block-image\"><figure class=\"aligncenter size-large\"><img loading=\"lazy\" width=\"1024\" height=\"654\" src=\"https:\/\/www.upo.es\/area-historia-arte\/wp-content\/uploads\/2023\/01\/Arquitectura-ilustracion_programa-1024x654.jpeg\" alt=\"\" class=\"wp-image-2890\" srcset=\"https:\/\/www.upo.es\/area-historia-arte\/wp-content\/uploads\/2023\/01\/Arquitectura-ilustracion_programa-1024x654.jpeg 1024w, https:\/\/www.upo.es\/area-historia-arte\/wp-content\/uploads\/2023\/01\/Arquitectura-ilustracion_programa-300x192.jpeg 300w, https:\/\/www.upo.es\/area-historia-arte\/wp-content\/uploads\/2023\/01\/Arquitectura-ilustracion_programa-768x491.jpeg 768w, https:\/\/www.upo.es\/area-historia-arte\/wp-content\/uploads\/2023\/01\/Arquitectura-ilustracion_programa-1536x981.jpeg 1536w, https:\/\/www.upo.es\/area-historia-arte\/wp-content\/uploads\/2023\/01\/Arquitectura-ilustracion_programa-2048x1309.jpeg 2048w\" sizes=\"(max-width: 1024px) 100vw, 1024px\" \/><figcaption>Seminario Internacional La arquitectura de la Ilustraci\u00f3n. Su legado en los territorios del Sur de la Am\u00e9rica Hisp\u00e1nica<\/figcaption><\/figure><\/div>\n\n\n\n<p class=\"has-text-align-center\"><strong>Fecha<\/strong>: 8 y 9 de febrero de 2023<\/p>\n\n\n\n<p class=\"has-text-align-center\"><strong>Lugar:<\/strong>&nbsp; Universidad Pablo de Olavide, edificio 45, aula 110<\/p>\n\n\n\n<p><strong>Coordinadores<\/strong>:<\/p>\n\n\n\n<ul><li>Prof. Francisco Ollero Lobato. Universidad Pablo de Olavide, de Sevilla<\/li><li>Prof. William Rey Ashfield. Universidad de la Rep\u00fablica de Uruguay<\/li><\/ul>\n\n\n\n<p><strong>Organizan<\/strong>:<\/p>\n\n\n\n<ul><li>M\u00e1ster oficial Arte, Museos y Gesti\u00f3n del Patrimonio Hist\u00f3rico, de la Universidad Pablo de Olavide<\/li><li>Programa de Doctorado en Historia y Estudios Human\u00edsticos: Europa, Am\u00e9rica, Arte y Lenguas, de la Universidad Pablo de Olavide<\/li><li>Proyecto I+D 477\/2020 CSIC-UDELAR de la Rep\u00fablica de Uruguay. Nuevas ideas y dise\u00f1os en la esfera del territorio colonial. Urbanismo, arquitectura y programas ilustrados en la Banda Oriental de Uruguay (1770-1810).<\/li><\/ul>\n\n\n\n<p><strong>Informaci\u00f3n e inscripci\u00f3n<\/strong>:&nbsp;<a href=\"mailto:mariasiquierherrera@gmail.com\">mariasiquierherrera@gmail.com<\/a><\/p>\n\n\n\n<p><a href=\"https:\/\/www.upo.es\/area-historia-arte\/wp-content\/uploads\/2023\/01\/Arquitectura-ilustracion_programa.jpeg\">PROGRAMA<\/a><\/p>\n","protected":false},"excerpt":{"rendered":"<p>Fecha: 8 y 9 de febrero de 2023 Lugar:&nbsp; Universidad Pablo de Olavide, edificio 45, aula 110 Coordinadores: Prof. Francisco[&#8230;]<\/p>\n","protected":false},"author":1,"featured_media":0,"parent":0,"menu_order":0,"comment_status":"closed","ping_status":"closed","template":"","meta":[],"_links":{"self":[{"href":"https:\/\/www.upo.es\/area-historia-arte\/wp-json\/wp\/v2\/pages\/2883"}],"collection":[{"href":"https:\/\/www.upo.es\/area-historia-arte\/wp-json\/wp\/v2\/pages"}],"about":[{"href":"https:\/\/www.upo.es\/area-historia-arte\/wp-json\/wp\/v2\/types\/page"}],"author":[{"embeddable":true,"href":"https:\/\/www.upo.es\/area-historia-arte\/wp-json\/wp\/v2\/users\/1"}],"replies":[{"embeddable":true,"href":"https:\/\/www.upo.es\/area-historia-arte\/wp-json\/wp\/v2\/comments?post=2883"}],"version-history":[{"count":3,"href":"https:\/\/www.upo.es\/area-historia-arte\/wp-json\/wp\/v2\/pages\/2883\/revisions"}],"predecessor-version":[{"id":2891,"href":"https:\/\/www.upo.es\/area-historia-arte\/wp-json\/wp\/v2\/pages\/2883\/revisions\/2891"}],"wp:attachment":[{"href":"https:\/\/www.upo.es\/area-historia-arte\/wp-json\/wp\/v2\/media?parent=2883"}],"curies":[{"name":"wp","href":"https:\/\/api.w.org\/{rel}","templated":true}]}}