{"id":2954,"date":"2023-03-02T11:36:49","date_gmt":"2023-03-02T10:36:49","guid":{"rendered":"https:\/\/www.upo.es\/area-historia-arte\/?page_id=2954"},"modified":"2023-03-02T11:36:49","modified_gmt":"2023-03-02T10:36:49","slug":"seminario-horas-barrocas-4","status":"publish","type":"page","link":"https:\/\/www.upo.es\/area-historia-arte\/seminario-horas-barrocas-4\/","title":{"rendered":"Seminario \u00abHoras Barrocas\u2026\u00bb"},"content":{"rendered":"\n<div class=\"wp-block-image\"><figure class=\"aligncenter size-large is-resized\"><a href=\"https:\/\/www.upo.es\/area-historia-arte\/wp-content\/uploads\/2023\/03\/Seminario-Horas-Barrocas-marzo.jpeg\"><img loading=\"lazy\" src=\"https:\/\/www.upo.es\/area-historia-arte\/wp-content\/uploads\/2023\/03\/Seminario-Horas-Barrocas-marzo-1024x1024.jpeg\" alt=\"\" class=\"wp-image-2953\" width=\"503\" height=\"503\" srcset=\"https:\/\/www.upo.es\/area-historia-arte\/wp-content\/uploads\/2023\/03\/Seminario-Horas-Barrocas-marzo-1024x1024.jpeg 1024w, https:\/\/www.upo.es\/area-historia-arte\/wp-content\/uploads\/2023\/03\/Seminario-Horas-Barrocas-marzo-300x300.jpeg 300w, https:\/\/www.upo.es\/area-historia-arte\/wp-content\/uploads\/2023\/03\/Seminario-Horas-Barrocas-marzo-150x150.jpeg 150w, https:\/\/www.upo.es\/area-historia-arte\/wp-content\/uploads\/2023\/03\/Seminario-Horas-Barrocas-marzo-768x768.jpeg 768w, https:\/\/www.upo.es\/area-historia-arte\/wp-content\/uploads\/2023\/03\/Seminario-Horas-Barrocas-marzo.jpeg 1080w\" sizes=\"(max-width: 503px) 100vw, 503px\" \/><\/a><figcaption>Seminario \u00abHoras Barrocas\u2026\u00bb<\/figcaption><\/figure><\/div>\n\n\n\n<p class=\"has-text-align-center\"><strong>Fecha<\/strong>: 2 de marzo de 2023<\/p>\n\n\n\n<p class=\"has-text-align-center\"><strong>Lugar:<\/strong>&nbsp; Universidad Pablo de Olavide, edificio 45, aula 110<\/p>\n\n\n\n<p><strong>Coordinaci\u00f3n acad\u00e9mica<\/strong>:<\/p>\n\n\n\n<ul><li>Mar\u00eda Siquier Herrera (UPO)<\/li><\/ul>\n\n\n\n<p><strong>Organizan<\/strong>:<\/p>\n\n\n\n<ul><li>M\u00e1ster en Arte, Museos y Gesti\u00f3n del Patrimonio Hist\u00f3rico (UPO)<\/li><li>CeIBA. Centro de Estudios del Barroco Iberoamericano<\/li><li>Programa de Doctorado en Historia y Estudios Human\u00edsticos: Europa, Am\u00e9rica, Arte y Lenguas (UPO)<\/li><li>\u00c1rea de Historia del Arte (UPO)<\/li><\/ul>\n\n\n\n<p><strong>Informaci\u00f3n e inscripci\u00f3n<\/strong>: <a href=\"mailto:mariasiquierherrera@gmail.com\">mariasiquierherrera@gmail.com<\/a><\/p>\n\n\n\n<p><a href=\"https:\/\/www.upo.es\/area-historia-arte\/wp-content\/uploads\/2023\/03\/Seminario-Horas-Barrocas-marzo.jpeg\">PROGRAMA<\/a><\/p>\n","protected":false},"excerpt":{"rendered":"<p>Fecha: 2 de marzo de 2023 Lugar:&nbsp; Universidad Pablo de Olavide, edificio 45, aula 110 Coordinaci\u00f3n acad\u00e9mica: Mar\u00eda Siquier Herrera[&#8230;]<\/p>\n","protected":false},"author":1,"featured_media":0,"parent":0,"menu_order":0,"comment_status":"closed","ping_status":"closed","template":"","meta":[],"_links":{"self":[{"href":"https:\/\/www.upo.es\/area-historia-arte\/wp-json\/wp\/v2\/pages\/2954"}],"collection":[{"href":"https:\/\/www.upo.es\/area-historia-arte\/wp-json\/wp\/v2\/pages"}],"about":[{"href":"https:\/\/www.upo.es\/area-historia-arte\/wp-json\/wp\/v2\/types\/page"}],"author":[{"embeddable":true,"href":"https:\/\/www.upo.es\/area-historia-arte\/wp-json\/wp\/v2\/users\/1"}],"replies":[{"embeddable":true,"href":"https:\/\/www.upo.es\/area-historia-arte\/wp-json\/wp\/v2\/comments?post=2954"}],"version-history":[{"count":1,"href":"https:\/\/www.upo.es\/area-historia-arte\/wp-json\/wp\/v2\/pages\/2954\/revisions"}],"predecessor-version":[{"id":2955,"href":"https:\/\/www.upo.es\/area-historia-arte\/wp-json\/wp\/v2\/pages\/2954\/revisions\/2955"}],"wp:attachment":[{"href":"https:\/\/www.upo.es\/area-historia-arte\/wp-json\/wp\/v2\/media?parent=2954"}],"curies":[{"name":"wp","href":"https:\/\/api.w.org\/{rel}","templated":true}]}}