{"id":3154,"date":"2024-05-22T11:48:58","date_gmt":"2024-05-22T09:48:58","guid":{"rendered":"https:\/\/www.upo.es\/area-historia-arte\/?page_id=3154"},"modified":"2024-05-22T11:48:58","modified_gmt":"2024-05-22T09:48:58","slug":"encuentro-20-anos-de-investigacion-upo-sobre-el-patrimonio-historico-en-espana-y-america","status":"publish","type":"page","link":"https:\/\/www.upo.es\/area-historia-arte\/encuentro-20-anos-de-investigacion-upo-sobre-el-patrimonio-historico-en-espana-y-america\/","title":{"rendered":"Encuentro 20 a\u00f1os de investigaci\u00f3n UPO sobre el patrimonio hist\u00f3rico en Espa\u00f1a y Am\u00e9rica"},"content":{"rendered":"\n<div class=\"wp-block-image\"><figure class=\"aligncenter size-large\"><a href=\"https:\/\/www.upo.es\/area-historia-arte\/wp-content\/uploads\/2024\/05\/Programa_Encuentro-20-anos-UPO.pdf\"><img loading=\"lazy\" width=\"399\" height=\"578\" src=\"https:\/\/www.upo.es\/area-historia-arte\/wp-content\/uploads\/2024\/05\/Programa_Encuentro-20-anos-UPO_portada.jpg\" alt=\"\" class=\"wp-image-3153\" srcset=\"https:\/\/www.upo.es\/area-historia-arte\/wp-content\/uploads\/2024\/05\/Programa_Encuentro-20-anos-UPO_portada.jpg 399w, https:\/\/www.upo.es\/area-historia-arte\/wp-content\/uploads\/2024\/05\/Programa_Encuentro-20-anos-UPO_portada-207x300.jpg 207w\" sizes=\"(max-width: 399px) 100vw, 399px\" \/><\/a><figcaption>Encuentro 20 a\u00f1os de investigaci\u00f3n UPO sobre el patrimonio hist\u00f3rico en Espa\u00f1a y Am\u00e9rica<\/figcaption><\/figure><\/div>\n\n\n\n<p class=\"has-text-align-center\"><strong>Fecha<\/strong>: 6 y 7 de junio de 2024<\/p>\n\n\n\n<p class=\"has-text-align-center\"><strong>Lugar:<\/strong>\u00a0 Sede Olavide en Carmona \u2013 Rectora Rosario Valpuesta. (C\/ Ram\u00f3n y Cajal, 15, Carmona &#8211; Sevilla)<\/p>\n\n\n\n<p><strong>Organizadores<\/strong>:<\/p>\n\n\n\n<ul><li>Jos\u00e9 Manuel Almansa Moreno (Universidad de Ja\u00e9n).<\/li><li>Francisco Ollero Lobato (Universidad Pablo de Olavide, Sevilla).<\/li><\/ul>\n\n\n\n<p><strong>Coordina<\/strong>:<\/p>\n\n\n\n<ul><li>Victoria S\u00e1nchez Mellado (Universidad Pablo de Olavide, Sevilla)<span style=\"font-size: 1.0625rem;\">.<\/span><\/li><\/ul>\n\n\n\n<p><strong>Colaboran<\/strong>:<\/p>\n\n\n\n<ul><li>Departamento de Geograf\u00eda, Historia y Filosof\u00eda (Universidad Pablo de Olavide, Sevilla).<\/li><li>C\u00e1tedra de Estudios del Barroco Iberoamericano Universidad Pablo de Olavide &#8211; Ayuntamiento de Carmona.<\/li><li>Programa de Doctorado Historia y Estudios Human\u00edsticos. Europa, Am\u00e9rica, Arte y Lenguas (Universidad Pablo de Olavide, Sevilla).<\/li><li>M\u00e1ster universitario Arte, Museos y Gesti\u00f3n del Patrimonio Hist\u00f3rico (Universidad Pablo de Olavide, Sevilla).<\/li><li>Departamento de Patrimonio Hist\u00f3rico. \u00c1rea de Historia del Arte (Universidad de Ja\u00e9n).<\/li><\/ul>\n\n\n\n<p><strong>Inscripci\u00f3n:<\/strong><\/p>\n\n\n\n<p>El acceso es libre hasta completar aforo. Para la obtenci\u00f3n de un documento acreditativo ser\u00e1 necesario constatar una asistencia de un m\u00ednimo del 80% del tiempo lectivo y escribir previamente a Victoria S\u00e1nchez Mellado <a href=\"mailto:vsanmel@upo.es\">vsanmel@upo.es<\/a>.<\/p>\n\n\n\n<p><a href=\"https:\/\/www.upo.es\/area-historia-arte\/wp-content\/uploads\/2024\/05\/Programa_Encuentro-20-anos-UPO.pdf\">PROGRAMA<\/a><\/p>\n","protected":false},"excerpt":{"rendered":"<p>Fecha: 6 y 7 de junio de 2024 Lugar:\u00a0 Sede Olavide en Carmona \u2013 Rectora Rosario Valpuesta. (C\/ Ram\u00f3n y[&#8230;]<\/p>\n","protected":false},"author":1,"featured_media":0,"parent":0,"menu_order":0,"comment_status":"closed","ping_status":"closed","template":"","meta":[],"_links":{"self":[{"href":"https:\/\/www.upo.es\/area-historia-arte\/wp-json\/wp\/v2\/pages\/3154"}],"collection":[{"href":"https:\/\/www.upo.es\/area-historia-arte\/wp-json\/wp\/v2\/pages"}],"about":[{"href":"https:\/\/www.upo.es\/area-historia-arte\/wp-json\/wp\/v2\/types\/page"}],"author":[{"embeddable":true,"href":"https:\/\/www.upo.es\/area-historia-arte\/wp-json\/wp\/v2\/users\/1"}],"replies":[{"embeddable":true,"href":"https:\/\/www.upo.es\/area-historia-arte\/wp-json\/wp\/v2\/comments?post=3154"}],"version-history":[{"count":1,"href":"https:\/\/www.upo.es\/area-historia-arte\/wp-json\/wp\/v2\/pages\/3154\/revisions"}],"predecessor-version":[{"id":3155,"href":"https:\/\/www.upo.es\/area-historia-arte\/wp-json\/wp\/v2\/pages\/3154\/revisions\/3155"}],"wp:attachment":[{"href":"https:\/\/www.upo.es\/area-historia-arte\/wp-json\/wp\/v2\/media?parent=3154"}],"curies":[{"name":"wp","href":"https:\/\/api.w.org\/{rel}","templated":true}]}}