{"id":3364,"date":"2025-05-30T13:00:16","date_gmt":"2025-05-30T11:00:16","guid":{"rendered":"https:\/\/www.upo.es\/area-historia-arte\/?page_id=3364"},"modified":"2025-06-08T13:42:25","modified_gmt":"2025-06-08T11:42:25","slug":"seminario-naturaleza-y-sensibilidad-en-la-ilustracion","status":"publish","type":"page","link":"https:\/\/www.upo.es\/area-historia-arte\/seminario-naturaleza-y-sensibilidad-en-la-ilustracion\/","title":{"rendered":"Seminario Naturaleza y sensibilidad en la Ilustraci\u00f3n"},"content":{"rendered":"\n<p><\/p>\n\n\n\n<figure class=\"wp-block-image size-large\"><img loading=\"lazy\" width=\"1022\" height=\"1024\" src=\"https:\/\/www.upo.es\/area-historia-arte\/wp-content\/uploads\/2025\/05\/Captura-de-pantalla-2025-05-30-a-las-12.56.35-1022x1024.png\" alt=\"\" class=\"wp-image-3365\" srcset=\"https:\/\/www.upo.es\/area-historia-arte\/wp-content\/uploads\/2025\/05\/Captura-de-pantalla-2025-05-30-a-las-12.56.35-1022x1024.png 1022w, https:\/\/www.upo.es\/area-historia-arte\/wp-content\/uploads\/2025\/05\/Captura-de-pantalla-2025-05-30-a-las-12.56.35-300x300.png 300w, https:\/\/www.upo.es\/area-historia-arte\/wp-content\/uploads\/2025\/05\/Captura-de-pantalla-2025-05-30-a-las-12.56.35-150x150.png 150w, https:\/\/www.upo.es\/area-historia-arte\/wp-content\/uploads\/2025\/05\/Captura-de-pantalla-2025-05-30-a-las-12.56.35-768x769.png 768w, https:\/\/www.upo.es\/area-historia-arte\/wp-content\/uploads\/2025\/05\/Captura-de-pantalla-2025-05-30-a-las-12.56.35.png 1222w\" sizes=\"(max-width: 1022px) 100vw, 1022px\" \/><\/figure>\n\n\n\n<p class=\"has-text-align-center\"><strong>Fecha<\/strong>: 16 y 17 de junio de 2025<\/p>\n\n\n\n<p class=\"has-text-align-center\"><strong>Lugar:<\/strong>&nbsp; Sal\u00f3n de Grados del edificio 7, Universidad Pablo de Olavide<\/p>\n\n\n\n<p><strong>Direcci\u00f3n:<\/strong><br>Mar\u00eda Losada Friend, Decana de la Facultad de Humanidades<br>Francisco Ollero Lobato<\/p>\n\n\n\n<p><strong>Coordinaci\u00f3n:<\/strong><br>Daniela Kaplan Stein<\/p>\n\n\n\n<p><strong>Organizaci\u00f3n:<\/strong><br>Fundaci\u00f3n de Municipios Pablo de Olavide<br>Proyecto I+D CSIC-UDELAR 2024 \u201cLa mirada del paisaje en el territorio platense (1680-1850)\u201d<\/p>\n\n\n\n<p><strong>Colabora:<\/strong><br>Programa de Doctorado en Historia y Estudios Human\u00edsticos: Europa, Am\u00e9rica, Arte y Lenguas<br>Asociaci\u00f3n de Historiadores de la Arquitectura y el Urbanismo<\/p>\n\n\n\n<div class=\"wp-block-file\"><a href=\"https:\/\/www.upo.es\/area-historia-arte\/wp-content\/uploads\/2025\/06\/Programa-5.pdf\">PROGRAMA<\/a><a href=\"https:\/\/www.upo.es\/area-historia-arte\/wp-content\/uploads\/2025\/06\/Programa-5.pdf\" class=\"wp-block-file__button\" download>Descarga<\/a><\/div>\n\n\n\n<p><\/p>\n","protected":false},"excerpt":{"rendered":"<p>Fecha: 16 y 17 de junio de 2025 Lugar:&nbsp; Sal\u00f3n de Grados del edificio 7, Universidad Pablo de Olavide Direcci\u00f3n:Mar\u00eda[&#8230;]<\/p>\n","protected":false},"author":1,"featured_media":0,"parent":0,"menu_order":0,"comment_status":"closed","ping_status":"closed","template":"","meta":[],"_links":{"self":[{"href":"https:\/\/www.upo.es\/area-historia-arte\/wp-json\/wp\/v2\/pages\/3364"}],"collection":[{"href":"https:\/\/www.upo.es\/area-historia-arte\/wp-json\/wp\/v2\/pages"}],"about":[{"href":"https:\/\/www.upo.es\/area-historia-arte\/wp-json\/wp\/v2\/types\/page"}],"author":[{"embeddable":true,"href":"https:\/\/www.upo.es\/area-historia-arte\/wp-json\/wp\/v2\/users\/1"}],"replies":[{"embeddable":true,"href":"https:\/\/www.upo.es\/area-historia-arte\/wp-json\/wp\/v2\/comments?post=3364"}],"version-history":[{"count":5,"href":"https:\/\/www.upo.es\/area-historia-arte\/wp-json\/wp\/v2\/pages\/3364\/revisions"}],"predecessor-version":[{"id":3381,"href":"https:\/\/www.upo.es\/area-historia-arte\/wp-json\/wp\/v2\/pages\/3364\/revisions\/3381"}],"wp:attachment":[{"href":"https:\/\/www.upo.es\/area-historia-arte\/wp-json\/wp\/v2\/media?parent=3364"}],"curies":[{"name":"wp","href":"https:\/\/api.w.org\/{rel}","templated":true}]}}