{"id":437,"date":"2019-04-01T13:17:35","date_gmt":"2019-04-01T11:17:35","guid":{"rendered":"https:\/\/www.upo.es\/area-historia-arte\/?page_id=437"},"modified":"2019-07-16T12:24:46","modified_gmt":"2019-07-16T10:24:46","slug":"octubre-2016-ii-seminario-de-patrimonio-musical-patrimonio-artistico-y-educacion","status":"publish","type":"page","link":"https:\/\/www.upo.es\/area-historia-arte\/octubre-2016-ii-seminario-de-patrimonio-musical-patrimonio-artistico-y-educacion\/","title":{"rendered":"II Seminario de \u00abPatrimonio Musical, Patrimonio Art\u00edstico y Educaci\u00f3n\u00bb"},"content":{"rendered":"\n<p style=\"text-align:center\"><\/p>\n\n\n\n<div class=\"wp-block-image\"><figure class=\"aligncenter is-resized\"><img loading=\"lazy\" src=\"https:\/\/www.upo.es\/area-historia-arte\/wp-content\/uploads\/2019\/05\/Cartel_Seminario_Patrimonio_Musical_2016-701x1024.jpg\" alt=\"\" class=\"wp-image-1072\" width=\"417\" height=\"609\" srcset=\"https:\/\/www.upo.es\/area-historia-arte\/wp-content\/uploads\/2019\/05\/Cartel_Seminario_Patrimonio_Musical_2016-701x1024.jpg 701w, https:\/\/www.upo.es\/area-historia-arte\/wp-content\/uploads\/2019\/05\/Cartel_Seminario_Patrimonio_Musical_2016-205x300.jpg 205w, https:\/\/www.upo.es\/area-historia-arte\/wp-content\/uploads\/2019\/05\/Cartel_Seminario_Patrimonio_Musical_2016-768x1122.jpg 768w, https:\/\/www.upo.es\/area-historia-arte\/wp-content\/uploads\/2019\/05\/Cartel_Seminario_Patrimonio_Musical_2016.jpg 1950w\" sizes=\"(max-width: 417px) 100vw, 417px\" \/><\/figure><\/div>\n\n\n\n<p style=\"text-align:center\">II Seminario\u00bbPatrimonio Musical, Patrimonio Art\u00edstico y Educaci\u00f3n\u00bb<\/p>\n\n\n\n<p style=\"text-align:center\"><strong>Fecha<\/strong>: 6 al 8 de octubre de 2016 <\/p>\n\n\n\n<p style=\"text-align:center\"><strong>Lugar<\/strong>: Montevideo\/Salto, Uruguay<\/p>\n\n\n\n<p>Tras llevar a cabo\nel pasado mes de diciembre el I Seminario de Educaci\u00f3n Patrimonio Art\u00edstico y\nMusical en la Universidad Pablo de Olavide, organizado por el \u00c1rea de Historia\ndel Arte de la citada instituci\u00f3n, y tras continuar con los v\u00ednculos en los\n\u00e1mbitos art\u00edsticos en Am\u00e9rica, se produce un intercambio de sede y es as\u00ed que\ndesarrollamos el segundo seminario durante los d\u00edas 6, 7 y 8 de octubre en\nUruguay. En el encuentro intervendr\u00e1n expertos de las dos orillas del\nAtl\u00e1ntico, con la ayuda de distintos organismos como el Centro Cultural de\nEspa\u00f1a en Montevideo. Una idea que esperamos que tenga continuidad, cree nuevas\nl\u00edneas conjuntas de trabajo y de a conocer un patrimonio art\u00edstico olvidado,\nlas artes esc\u00e9nicas&#8230;<\/p>\n\n\n\n<p><strong>Organizan<\/strong>:<\/p>\n\n\n\n<ul><li>Centro de Investigaci\u00f3n en Artes Musicales y Esc\u00e9nicas, CENUR del Litoral Norte<\/li><li>Universidad de la Rep\u00fablica, Uruguay<\/li><li>\u00c1rea de Historia del Arte, Departamento de Geograf\u00eda, Historia y Filosof\u00eda<\/li><li>Universidad Pablo de Olavide, Espa\u00f1a<\/li><\/ul>\n\n\n\n<p><strong>Apoyan<\/strong>:<\/p>\n\n\n\n<ul><li>Intendencia de Salto<\/li><li>Comisi\u00f3n del Patrimonio Hist\u00f3rico y Cultural de Salto<\/li><li>Teatro Sol\u00eds de Montevideo<\/li><\/ul>\n\n\n\n<p><a href=\"http:\/\/www.cce.org.uy\/\">Centro Cultural de Espa\u00f1a en Montevideo &#8211; Uruguay<\/a><\/p>\n\n\n\n<p><a href=\"https:\/\/www.upo.es\/area-historia-arte\/wp-content\/uploads\/2019\/04\/Programa_II_Seminario_Patrimonio_Musical_2016-1.pdf\">PROGRAMA<\/a><\/p>\n","protected":false},"excerpt":{"rendered":"<p>II Seminario\u00bbPatrimonio Musical, Patrimonio Art\u00edstico y Educaci\u00f3n\u00bb Fecha: 6 al 8 de octubre de 2016 Lugar: Montevideo\/Salto, Uruguay Tras llevar[&#8230;]<\/p>\n","protected":false},"author":1,"featured_media":0,"parent":0,"menu_order":0,"comment_status":"closed","ping_status":"closed","template":"template-fullwidth.php","meta":[],"_links":{"self":[{"href":"https:\/\/www.upo.es\/area-historia-arte\/wp-json\/wp\/v2\/pages\/437"}],"collection":[{"href":"https:\/\/www.upo.es\/area-historia-arte\/wp-json\/wp\/v2\/pages"}],"about":[{"href":"https:\/\/www.upo.es\/area-historia-arte\/wp-json\/wp\/v2\/types\/page"}],"author":[{"embeddable":true,"href":"https:\/\/www.upo.es\/area-historia-arte\/wp-json\/wp\/v2\/users\/1"}],"replies":[{"embeddable":true,"href":"https:\/\/www.upo.es\/area-historia-arte\/wp-json\/wp\/v2\/comments?post=437"}],"version-history":[{"count":6,"href":"https:\/\/www.upo.es\/area-historia-arte\/wp-json\/wp\/v2\/pages\/437\/revisions"}],"predecessor-version":[{"id":1998,"href":"https:\/\/www.upo.es\/area-historia-arte\/wp-json\/wp\/v2\/pages\/437\/revisions\/1998"}],"wp:attachment":[{"href":"https:\/\/www.upo.es\/area-historia-arte\/wp-json\/wp\/v2\/media?parent=437"}],"curies":[{"name":"wp","href":"https:\/\/api.w.org\/{rel}","templated":true}]}}