{"id":478,"date":"2019-04-01T14:09:38","date_gmt":"2019-04-01T12:09:38","guid":{"rendered":"https:\/\/www.upo.es\/area-historia-arte\/?page_id=478"},"modified":"2019-07-16T12:14:05","modified_gmt":"2019-07-16T10:14:05","slug":"junio-2017-seminario-metodo-y-fuentes-para-la-historia-social-de-los-gremios-y-la-historia-de-la-navegacion","status":"publish","type":"page","link":"https:\/\/www.upo.es\/area-historia-arte\/junio-2017-seminario-metodo-y-fuentes-para-la-historia-social-de-los-gremios-y-la-historia-de-la-navegacion\/","title":{"rendered":"Seminario \u00abM\u00e9todo y fuentes para la historia social de los gremios y la historia de la navegaci\u00f3n\u00bb"},"content":{"rendered":"\n<p style=\"text-align:center\"><\/p>\n\n\n\n<div class=\"wp-block-image\"><figure class=\"aligncenter is-resized\"><img loading=\"lazy\" src=\"https:\/\/www.upo.es\/area-historia-arte\/wp-content\/uploads\/2019\/05\/Seminario_mercaderes_y_artistas-1024x722.png\" alt=\"\" class=\"wp-image-1055\" width=\"521\" height=\"367\" srcset=\"https:\/\/www.upo.es\/area-historia-arte\/wp-content\/uploads\/2019\/05\/Seminario_mercaderes_y_artistas-1024x722.png 1024w, https:\/\/www.upo.es\/area-historia-arte\/wp-content\/uploads\/2019\/05\/Seminario_mercaderes_y_artistas-300x212.png 300w, https:\/\/www.upo.es\/area-historia-arte\/wp-content\/uploads\/2019\/05\/Seminario_mercaderes_y_artistas-768x542.png 768w, https:\/\/www.upo.es\/area-historia-arte\/wp-content\/uploads\/2019\/05\/Seminario_mercaderes_y_artistas.png 1536w\" sizes=\"(max-width: 521px) 100vw, 521px\" \/><\/figure><\/div>\n\n\n\n<p style=\"text-align:center\">Seminario \u00abM\u00e9todos y fuentes para la historia social de los gremios y la historia de la navegaci\u00f3n\u00bb<\/p>\n\n\n\n<p style=\"text-align:center\"><strong>Fecha<\/strong>: 16 y 17 de junio de 2017 <\/p>\n\n\n\n<p style=\"text-align:center\"><strong>Lugar<\/strong>: Universidad Pablo de Olavide, Sevilla<\/p>\n\n\n\n<p><strong>Organizan<\/strong>:<\/p>\n\n\n\n<ul><li>Departamento de Historia del Arte, Arqueolog\u00eda y M\u00fasica. Universidad de C\u00f3rdoba<\/li><li>\u00c1rea de Historia del Arte. Departamento de Geograf\u00eda, Historia y Filosof\u00eda. Universidad Pablo de Olavide<\/li><\/ul>\n\n\n\n<p><strong>Auspicia<\/strong>:<\/p>\n\n\n\n<ul><li>MINECO\/Ministerio de Econom\u00eda, Industria y Competitividad de Espa\u00f1a.<\/li><li>Uni\u00f3n Europea: Fondo Europeo de Desarrollo Regional.<\/li><\/ul>\n\n\n\n<p><a href=\"https:\/\/www.upo.es\/area-historia-arte\/wp-content\/uploads\/2019\/04\/Seminario_Mercaderes_y_artistas_2017.pdf\">PROGRAMA<\/a><\/p>\n","protected":false},"excerpt":{"rendered":"<p>Seminario \u00abM\u00e9todos y fuentes para la historia social de los gremios y la historia de la navegaci\u00f3n\u00bb Fecha: 16 y[&#8230;]<\/p>\n","protected":false},"author":1,"featured_media":0,"parent":0,"menu_order":0,"comment_status":"closed","ping_status":"closed","template":"template-fullwidth.php","meta":[],"_links":{"self":[{"href":"https:\/\/www.upo.es\/area-historia-arte\/wp-json\/wp\/v2\/pages\/478"}],"collection":[{"href":"https:\/\/www.upo.es\/area-historia-arte\/wp-json\/wp\/v2\/pages"}],"about":[{"href":"https:\/\/www.upo.es\/area-historia-arte\/wp-json\/wp\/v2\/types\/page"}],"author":[{"embeddable":true,"href":"https:\/\/www.upo.es\/area-historia-arte\/wp-json\/wp\/v2\/users\/1"}],"replies":[{"embeddable":true,"href":"https:\/\/www.upo.es\/area-historia-arte\/wp-json\/wp\/v2\/comments?post=478"}],"version-history":[{"count":5,"href":"https:\/\/www.upo.es\/area-historia-arte\/wp-json\/wp\/v2\/pages\/478\/revisions"}],"predecessor-version":[{"id":1989,"href":"https:\/\/www.upo.es\/area-historia-arte\/wp-json\/wp\/v2\/pages\/478\/revisions\/1989"}],"wp:attachment":[{"href":"https:\/\/www.upo.es\/area-historia-arte\/wp-json\/wp\/v2\/media?parent=478"}],"curies":[{"name":"wp","href":"https:\/\/api.w.org\/{rel}","templated":true}]}}