{"id":504,"date":"2019-04-01T14:22:54","date_gmt":"2019-04-01T12:22:54","guid":{"rendered":"https:\/\/www.upo.es\/area-historia-arte\/?page_id=504"},"modified":"2019-07-16T12:09:43","modified_gmt":"2019-07-16T10:09:43","slug":"noviembre-diciembre-2017-proyecto-migracion-y-fiestas-cultura-de-ida-y-vuelta","status":"publish","type":"page","link":"https:\/\/www.upo.es\/area-historia-arte\/noviembre-diciembre-2017-proyecto-migracion-y-fiestas-cultura-de-ida-y-vuelta\/","title":{"rendered":"Proyecto Migraci\u00f3n y Fiestas \u00abCultura de ida y vuelta\u00bb"},"content":{"rendered":"\n<p><\/p>\n\n\n\n<div class=\"wp-block-image\"><figure class=\"aligncenter is-resized\"><img loading=\"lazy\" src=\"https:\/\/www.upo.es\/area-historia-arte\/wp-content\/uploads\/2019\/05\/Cartel_Migracion_y_fiestas_2017-1-1024x964.jpg\" alt=\"\" class=\"wp-image-1047\" width=\"435\" height=\"409\" srcset=\"https:\/\/www.upo.es\/area-historia-arte\/wp-content\/uploads\/2019\/05\/Cartel_Migracion_y_fiestas_2017-1-1024x964.jpg 1024w, https:\/\/www.upo.es\/area-historia-arte\/wp-content\/uploads\/2019\/05\/Cartel_Migracion_y_fiestas_2017-1-300x282.jpg 300w, https:\/\/www.upo.es\/area-historia-arte\/wp-content\/uploads\/2019\/05\/Cartel_Migracion_y_fiestas_2017-1-768x723.jpg 768w\" sizes=\"(max-width: 435px) 100vw, 435px\" \/><\/figure><\/div>\n\n\n\n<p style=\"text-align:center\">Proyecto Migraci\u00f3n y Fiestas \u00abCultura de ida y vuelta\u00bb<\/p>\n\n\n\n<p style=\"text-align:center\">Proyecto\nseleccionado en la convocatoria de Acciones de Intervenci\u00f3n Social a trav\u00e9s de\nlas Artes 2017<\/p>\n\n\n\n<p style=\"text-align:center\"><strong>Fecha<\/strong>: 14 de noviembre al 16 de diciembre de 2017 <\/p>\n\n\n\n<p style=\"text-align:center\"><strong>Lugar<\/strong>: Sevilla<\/p>\n\n\n\n<p><strong>Programaci\u00f3n:<\/strong><\/p>\n\n\n\n<ul><li>Cuatro programas de radio en la emisora Integraci\u00f3n 88.2 FM &#8211; Sevilla<\/li><\/ul>\n\n\n\n<p>A la 13\u00b400h<\/p>\n\n\n\n<p>&#8212; 14 de\nnoviembre. 1\u00ba programa de radio:&nbsp;<em>Sevilla Americana.<\/em><\/p>\n\n\n\n<p>&#8212; 21 de\nnoviembre. 2\u00ba programa de radio:&nbsp;<em>Sevilla barroca como puerto americano.<\/em><\/p>\n\n\n\n<p>&#8212; 28 de\nnoviembre. 3\u00ba programa de radio:&nbsp;<em>Virgen de Guadalupe de M\u00e9xico en la\ndevoci\u00f3n sevillana.<\/em><\/p>\n\n\n\n<p>&#8212; 5 de diciembre.\n4\u00ba programa de radio:&nbsp;<em>Santa Rosa de Lima en la devoci\u00f3n sevillana.<\/em><\/p>\n\n\n\n<p><strong>Ruta\nSevilla Americana<\/strong><\/p>\n\n\n\n<p>&#8212; 9 de diciembre.\nLugar de encuentro: Archivo General de Indias, a las 10\u00b400h.&nbsp;<\/p>\n\n\n\n<p>*** La ruta\nterminar\u00e1 con la actuaci\u00f3n&nbsp;<em>Mercedes Divina. Drama lit\u00fargico: Santa Rosa\nde Lima, patrona del Per\u00fa, Am\u00e9rica y Filipinas<\/em>. Actuaci\u00f3n: Maribel Alarc\u00f3n\nCanchari con la colaboraci\u00f3n de Alicia Cifredo. Direcci\u00f3n: Bocanegra. Lugar:\nConvento de Madre de Dios de Sevilla.<\/p>\n\n\n\n<p><strong>Fiesta\nGastron\u00f3mica Latinomericana<\/strong><\/p>\n\n\n\n<p>&#8212; 16 de\ndiciembre. Lugar de encuentro: Edif. 37. Pabell\u00f3n de&nbsp;la Universidad Pablo\nde Olavide, a la 13\u00b400h.<\/p>\n\n\n\n<p><strong>Organizan<\/strong>:<\/p>\n\n\n\n<ul><li>Proyecto Atalaya. Red de las Universidades P\u00fablicas Andaluzas.<\/li><li>Vicerrectorado de Cultura y Compromiso Social de la Universidad Pablo de Olavide.<\/li><li>\u00c1rea de Historia del Arte de la Universidad Pablo de Olavide.<\/li><\/ul>\n\n\n\n<p><strong>Financiaci\u00f3n y apoyo<\/strong>:<\/p>\n\n\n\n<ul><li>Consejer\u00eda de Econom\u00eda y Conocimiento de la Junta de Andaluc\u00eda.<\/li><li>Facultad de Humanidades de la Universidad Pablo de Olavide.<\/li><\/ul>\n\n\n\n<p><strong>Colaboran<\/strong>: <\/p>\n\n\n\n<ul><li>Integraci\u00f3n Radio 88.2 FM<\/li><li>Retama Teatro<\/li><li>Convento Madre de Dios<\/li><li>Peko Peko Tapas<\/li><li>Las Naciones<\/li><li>El Mariscal <\/li><li>Los Le\u00f1os<\/li><\/ul>\n\n\n\n<p><strong>Equipo<\/strong>: \u00c1ngel Bautista Portillo y Fernando Granado Bermudo, estudiantes del Grado de Geograf\u00eda e Historia de la Universidad Pablo de Olavide .<\/p>\n\n\n\n<p><strong>Asesores<\/strong>: Fernando Quiles Garc\u00eda, Mar\u00eda de los \u00c1ngeles Fern\u00e1ndez Valle y Maribel Alarc\u00f3n Canchari.<\/p>\n\n\n\n<p>Con la colaboraci\u00f3n de Francisco Montes Gonz\u00e1lez (Universidad de Sevilla) y Antonio Mart\u00edn Costo, estudiante de Magisterio de la Universidad de Sevilla.<\/p>\n\n\n\n<p><a href=\"https:\/\/www.upo.es\/area-historia-arte\/wp-content\/uploads\/2019\/04\/Folleto_Migracion_y_fiestas_2017.pdf\">FOLLETO<\/a>  <\/p>\n","protected":false},"excerpt":{"rendered":"<p>Proyecto Migraci\u00f3n y Fiestas \u00abCultura de ida y vuelta\u00bb Proyecto seleccionado en la convocatoria de Acciones de Intervenci\u00f3n Social a[&#8230;]<\/p>\n","protected":false},"author":1,"featured_media":0,"parent":0,"menu_order":0,"comment_status":"closed","ping_status":"closed","template":"template-fullwidth.php","meta":[],"_links":{"self":[{"href":"https:\/\/www.upo.es\/area-historia-arte\/wp-json\/wp\/v2\/pages\/504"}],"collection":[{"href":"https:\/\/www.upo.es\/area-historia-arte\/wp-json\/wp\/v2\/pages"}],"about":[{"href":"https:\/\/www.upo.es\/area-historia-arte\/wp-json\/wp\/v2\/types\/page"}],"author":[{"embeddable":true,"href":"https:\/\/www.upo.es\/area-historia-arte\/wp-json\/wp\/v2\/users\/1"}],"replies":[{"embeddable":true,"href":"https:\/\/www.upo.es\/area-historia-arte\/wp-json\/wp\/v2\/comments?post=504"}],"version-history":[{"count":8,"href":"https:\/\/www.upo.es\/area-historia-arte\/wp-json\/wp\/v2\/pages\/504\/revisions"}],"predecessor-version":[{"id":1984,"href":"https:\/\/www.upo.es\/area-historia-arte\/wp-json\/wp\/v2\/pages\/504\/revisions\/1984"}],"wp:attachment":[{"href":"https:\/\/www.upo.es\/area-historia-arte\/wp-json\/wp\/v2\/media?parent=504"}],"curies":[{"name":"wp","href":"https:\/\/api.w.org\/{rel}","templated":true}]}}