{"id":582,"date":"2019-04-01T17:05:09","date_gmt":"2019-04-01T15:05:09","guid":{"rendered":"https:\/\/www.upo.es\/area-historia-arte\/?page_id=582"},"modified":"2019-07-19T09:10:13","modified_gmt":"2019-07-19T07:10:13","slug":"noviembre-de-2018-seminario-de-metodologia-e-investigacion-la-fiesta-y-sus-lenguajes","status":"publish","type":"page","link":"https:\/\/www.upo.es\/area-historia-arte\/noviembre-de-2018-seminario-de-metodologia-e-investigacion-la-fiesta-y-sus-lenguajes\/","title":{"rendered":"Seminario de Metodolog\u00eda e Investigaci\u00f3n. La fiesta y sus lenguajes"},"content":{"rendered":"\n<p><\/p>\n\n\n\n<div class=\"wp-block-image\"><figure class=\"aligncenter is-resized\"><img loading=\"lazy\" src=\"https:\/\/www.upo.es\/area-historia-arte\/wp-content\/uploads\/2019\/05\/Primera_circular_La_Fiesta_y_sus_lenguajes_2018-1024x512.jpg\" alt=\"\" class=\"wp-image-1006\" width=\"506\" height=\"253\" srcset=\"https:\/\/www.upo.es\/area-historia-arte\/wp-content\/uploads\/2019\/05\/Primera_circular_La_Fiesta_y_sus_lenguajes_2018-1024x512.jpg 1024w, https:\/\/www.upo.es\/area-historia-arte\/wp-content\/uploads\/2019\/05\/Primera_circular_La_Fiesta_y_sus_lenguajes_2018-300x150.jpg 300w, https:\/\/www.upo.es\/area-historia-arte\/wp-content\/uploads\/2019\/05\/Primera_circular_La_Fiesta_y_sus_lenguajes_2018-768x384.jpg 768w, https:\/\/www.upo.es\/area-historia-arte\/wp-content\/uploads\/2019\/05\/Primera_circular_La_Fiesta_y_sus_lenguajes_2018-840x420.jpg 840w, https:\/\/www.upo.es\/area-historia-arte\/wp-content\/uploads\/2019\/05\/Primera_circular_La_Fiesta_y_sus_lenguajes_2018.jpg 1864w\" sizes=\"(max-width: 506px) 100vw, 506px\" \/><\/figure><\/div>\n\n\n\n<p style=\"text-align:center\">Seminario \u00abMetodolog\u00eda e Investigaci\u00f3n. La fiesta y sus lenguajes\u00bb<\/p>\n\n\n\n<p style=\"text-align:center\"><strong>Fecha<\/strong>: 6, 7 y 8 de noviembre de 2018 <\/p>\n\n\n\n<p style=\"text-align:center\"><strong>Lugar<\/strong>: Sala de Grados del Edificio 6 &#8211; Universidad Pablo de Olavide, Sevilla<\/p>\n\n\n\n<p><strong>Ponentes invitados:<\/strong><\/p>\n\n\n\n<ul><li>Clara Bejarano Pellicer (Universidad de Sevilla)<\/li><li>V\u00edctor M\u00ednguez Cornelles (Universitat Jaume I, Castell\u00f3n)<\/li><li>Fernando Rodr\u00edguez de la Flor Ad\u00e1nez (Universidad de Salamanca)<\/li><li>William Rey Ashfield (Universidad de la Rep\u00fablica, Montevideo)<\/li><\/ul>\n\n\n\n<p><strong>Contenidos de las mesas:<\/strong><\/p>\n\n\n\n<ul><li>Mesa I.&nbsp;Paisajes sensitivos de la fiesta.<\/li><li>Mesa II. La ciudad, teatro abreviado de la fiesta.<\/li><li>Mesa III.&nbsp;La imagen en la fiesta: monarcas, santos, h\u00e9roes.<\/li><li>Mesa IV.&nbsp;Textos, relatos y viajeros. Los discursos de lo festivo.<\/li><li>Mesa V. La fiesta en la contemporaneidad. Identidades, incertidumbres y conflictos.<\/li><\/ul>\n\n\n\n<p><strong>Inscripciones y plazos:<\/strong><\/p>\n\n\n\n<p>Plazo l\u00edmite de\ninscripci\u00f3n: 1 de octubre de 2018.<\/p>\n\n\n\n<p>*** Env\u00edo de\nsolicitudes de asistencia. Para aquellos que presenten comunicaci\u00f3n con env\u00edo\nde un resumen de 500 palabras m\u00e1ximo y un CV abreviado al\ncorreo:&nbsp;vsanmel@upo.es<\/p>\n\n\n\n<p><strong>Plazo de aceptaci\u00f3n<\/strong>: 10 de octubre de 2018.<\/p>\n\n\n\n<p><strong>Organizan<\/strong>: \u00c1rea de Historia del Arte, Programa de Doctorado de Historia y Estudios Human\u00edsticos: Am\u00e9rica, Europa, Arte y Lenguas y Departamento de Geograf\u00eda, Hisotoria y Filosof\u00eda&nbsp;de la Universidad Pablo de Olavide&nbsp;y Departamento de Historia Moderna de la Universidad de Sevilla.<\/p>\n\n\n\n<p><strong>Colaboran<\/strong>: Grupo PAIDI, Quadratura (HUM-647), Centro de Estudios de Barroco Iberoamericano (CeIBA) y Proyecto HARD2017-85305-P. La construcci\u00f3n de un mundo nuevo: circuitos econ\u00f3micos, din\u00e1micos sociales y mediadores culturales en las ciudades atl\u00e1nticas del sur de Espa\u00f1a, siglos XVI-XVIII.<\/p>\n\n\n\n<p><strong>Coordinaci\u00f3n acad\u00e9mica:<\/strong> Francisco Ollero Lobato (Universidad Pablo de Olavide) y Jaime Garc\u00eda Bernal (Universidad de Sevilla).&nbsp;<\/p>\n\n\n\n<p><strong>Apoyo a la organizaci\u00f3n<\/strong>: Victoria S\u00e1nchez Mellado y Rafael Gonz\u00e1lez Madrid (Universidad Pablo de Olavide).&nbsp;<\/p>\n\n\n\n<p>Inscripci\u00f3n\ngratuita: vsanmel@upo.es&nbsp;<\/p>\n\n\n\n<p>Se entregar\u00e1 certificado de asistencia con el 80%.<\/p>\n\n\n\n<p><a href=\"https:\/\/www.upo.es\/area-historia-arte\/wp-content\/uploads\/2019\/04\/Programa_Seminario_La_Fiesta_y_sus_lenguajes.pdf\">PROGRAMA<\/a><\/p>\n","protected":false},"excerpt":{"rendered":"<p>Seminario \u00abMetodolog\u00eda e Investigaci\u00f3n. La fiesta y sus lenguajes\u00bb Fecha: 6, 7 y 8 de noviembre de 2018 Lugar: Sala[&#8230;]<\/p>\n","protected":false},"author":1,"featured_media":0,"parent":0,"menu_order":0,"comment_status":"closed","ping_status":"closed","template":"template-fullwidth.php","meta":[],"_links":{"self":[{"href":"https:\/\/www.upo.es\/area-historia-arte\/wp-json\/wp\/v2\/pages\/582"}],"collection":[{"href":"https:\/\/www.upo.es\/area-historia-arte\/wp-json\/wp\/v2\/pages"}],"about":[{"href":"https:\/\/www.upo.es\/area-historia-arte\/wp-json\/wp\/v2\/types\/page"}],"author":[{"embeddable":true,"href":"https:\/\/www.upo.es\/area-historia-arte\/wp-json\/wp\/v2\/users\/1"}],"replies":[{"embeddable":true,"href":"https:\/\/www.upo.es\/area-historia-arte\/wp-json\/wp\/v2\/comments?post=582"}],"version-history":[{"count":12,"href":"https:\/\/www.upo.es\/area-historia-arte\/wp-json\/wp\/v2\/pages\/582\/revisions"}],"predecessor-version":[{"id":2183,"href":"https:\/\/www.upo.es\/area-historia-arte\/wp-json\/wp\/v2\/pages\/582\/revisions\/2183"}],"wp:attachment":[{"href":"https:\/\/www.upo.es\/area-historia-arte\/wp-json\/wp\/v2\/media?parent=582"}],"curies":[{"name":"wp","href":"https:\/\/api.w.org\/{rel}","templated":true}]}}