{"id":803,"date":"2019-04-02T13:31:35","date_gmt":"2019-04-02T11:31:35","guid":{"rendered":"https:\/\/www.upo.es\/area-historia-arte\/?page_id=803"},"modified":"2019-07-18T13:54:43","modified_gmt":"2019-07-18T11:54:43","slug":"taller-internacional-estudios-del-paisaje-paisajes-culturales-productivos","status":"publish","type":"page","link":"https:\/\/www.upo.es\/area-historia-arte\/taller-internacional-estudios-del-paisaje-paisajes-culturales-productivos\/","title":{"rendered":"Taller internacional Estudios del Paisaje Paisajes Culturales Productivos"},"content":{"rendered":"\n<p style=\"text-align:center\"><em>Taller Internacional Estudios del Paisaje. Paisajes Culturales Productivos<\/em><\/p>\n\n\n\n<div class=\"wp-block-image\"><figure class=\"aligncenter is-resized\"><img loading=\"lazy\" src=\"https:\/\/www.upo.es\/area-historia-arte\/wp-content\/uploads\/2019\/06\/Captura-de-pantalla-2019-06-18-a-las-11.00.02.png\" alt=\"\" class=\"wp-image-1585\" width=\"523\" height=\"498\" srcset=\"https:\/\/www.upo.es\/area-historia-arte\/wp-content\/uploads\/2019\/06\/Captura-de-pantalla-2019-06-18-a-las-11.00.02.png 437w, https:\/\/www.upo.es\/area-historia-arte\/wp-content\/uploads\/2019\/06\/Captura-de-pantalla-2019-06-18-a-las-11.00.02-300x286.png 300w\" sizes=\"(max-width: 523px) 100vw, 523px\" \/><\/figure><\/div>\n\n\n\n<p style=\"text-align:center\">Taller Internacional Estudios del Paisaje. Paisajes Culturales Productivos<\/p>\n\n\n\n<p style=\"text-align:center\"><strong>Fecha<\/strong>: 30-31 de julio y 1-4 de agosto de 2012 <\/p>\n\n\n\n<p style=\"text-align:center\"><strong>Lugar<\/strong>: Universidad Nacional de Colombia<\/p>\n\n\n\n<p>Conmemoraci\u00f3n del primer a\u00f1o de la Inscripci\u00f3n del Paisaje Cultural Cafetero de Colombia en los Lista de Patrimonio Mundial de la UNESCO y cuadrag\u00e9simo aniversario de la Convenci\u00f3n sobre la Protecci\u00f3n del Patrimonio Mundial, Cultural y Natural.<\/p>\n\n\n\n<p>Manizales. Julio 30 y 31: Institucionalidad agroproductiva<\/p>\n\n\n\n<p>Pereira. Agosto 1 y 2: Patrimonio y arquitectura del bahareque en el paisaje cafetero<\/p>\n\n\n\n<p>Armenoa. Agosto 3 y 4: Turismo sostenible y La ruta del caf\u00e9 <\/p>\n\n\n\n<p><strong>Organizan: <\/strong><\/p>\n\n\n\n<ul><li>Observatorio para la sostenibilidad del patrimonio en Paisajes (OPP)<\/li><li>Universidad Nacional de Colombia, Sede Manizales<\/li><li>Red Avi. Red de arquitectura vern\u00e1cula oberoamericana<\/li><li>Paisaje cultural cafetero<\/li><\/ul>\n\n\n\n<p><strong>Financia: <\/strong><\/p>\n\n\n\n<ul><li>Ministerio de Asuntos Exteriores y de Cooperaci\u00f3n<\/li><li>AECID (Agencia espa\u00f1ola de Cooperaci\u00f3n Internacional y el Desarrollo)<\/li><\/ul>\n\n\n\n<p><a href=\"https:\/\/www.upo.es\/area-historia-arte\/wp-content\/uploads\/2019\/04\/Programa_Taller_Internacional_Estudios_del_Paisaje.pdf\">PROGRAMA<\/a><\/p>\n","protected":false},"excerpt":{"rendered":"<p>Taller Internacional Estudios del Paisaje. Paisajes Culturales Productivos Taller Internacional Estudios del Paisaje. Paisajes Culturales Productivos Fecha: 30-31 de julio[&#8230;]<\/p>\n","protected":false},"author":1,"featured_media":0,"parent":0,"menu_order":0,"comment_status":"closed","ping_status":"closed","template":"template-fullwidth.php","meta":[],"_links":{"self":[{"href":"https:\/\/www.upo.es\/area-historia-arte\/wp-json\/wp\/v2\/pages\/803"}],"collection":[{"href":"https:\/\/www.upo.es\/area-historia-arte\/wp-json\/wp\/v2\/pages"}],"about":[{"href":"https:\/\/www.upo.es\/area-historia-arte\/wp-json\/wp\/v2\/types\/page"}],"author":[{"embeddable":true,"href":"https:\/\/www.upo.es\/area-historia-arte\/wp-json\/wp\/v2\/users\/1"}],"replies":[{"embeddable":true,"href":"https:\/\/www.upo.es\/area-historia-arte\/wp-json\/wp\/v2\/comments?post=803"}],"version-history":[{"count":4,"href":"https:\/\/www.upo.es\/area-historia-arte\/wp-json\/wp\/v2\/pages\/803\/revisions"}],"predecessor-version":[{"id":2076,"href":"https:\/\/www.upo.es\/area-historia-arte\/wp-json\/wp\/v2\/pages\/803\/revisions\/2076"}],"wp:attachment":[{"href":"https:\/\/www.upo.es\/area-historia-arte\/wp-json\/wp\/v2\/media?parent=803"}],"curies":[{"name":"wp","href":"https:\/\/api.w.org\/{rel}","templated":true}]}}