{"id":15,"date":"2025-03-12T18:06:32","date_gmt":"2025-03-12T17:06:32","guid":{"rendered":"https:\/\/www.upo.es\/catedraemprendimientosocial\/?page_id=15"},"modified":"2025-09-09T10:23:42","modified_gmt":"2025-09-09T08:23:42","slug":"quienes-somos","status":"publish","type":"page","link":"https:\/\/www.upo.es\/catedraemprendimientosocial\/quienes-somos\/","title":{"rendered":"\u00bfQui\u00e9nes somos?"},"content":{"rendered":"\t\t<div data-elementor-type=\"wp-page\" data-elementor-id=\"15\" class=\"elementor elementor-15\" data-elementor-post-type=\"page\">\n\t\t\t\t<div class=\"elementor-element elementor-element-ad3391e e-flex e-con-boxed e-con e-parent\" data-id=\"ad3391e\" data-element_type=\"container\" data-settings=\"{&quot;background_background&quot;:&quot;classic&quot;,&quot;background_motion_fx_motion_fx_scrolling&quot;:&quot;yes&quot;,&quot;background_motion_fx_translateY_effect&quot;:&quot;yes&quot;,&quot;background_motion_fx_translateY_speed&quot;:{&quot;unit&quot;:&quot;px&quot;,&quot;size&quot;:4,&quot;sizes&quot;:[]},&quot;background_motion_fx_translateY_affectedRange&quot;:{&quot;unit&quot;:&quot;%&quot;,&quot;size&quot;:&quot;&quot;,&quot;sizes&quot;:{&quot;start&quot;:0,&quot;end&quot;:100}},&quot;background_motion_fx_devices&quot;:[&quot;desktop&quot;,&quot;tablet&quot;,&quot;mobile&quot;]}\">\n\t\t\t\t\t<div class=\"e-con-inner\">\n\t\t<div class=\"elementor-element elementor-element-d158086 e-con-full e-flex e-con e-child\" data-id=\"d158086\" data-element_type=\"container\">\n\t\t\t\t<div class=\"elementor-element elementor-element-b97d5cc elementor-widget elementor-widget-image\" data-id=\"b97d5cc\" data-element_type=\"widget\" data-widget_type=\"image.default\">\n\t\t\t\t<div class=\"elementor-widget-container\">\n\t\t\t\t\t\t\t\t\t\t\t\t\t\t\t<img fetchpriority=\"high\" decoding=\"async\" width=\"512\" height=\"512\" src=\"https:\/\/www.upo.es\/catedraemprendimientosocial\/wp-content\/uploads\/2025\/03\/Favicon.png\" class=\"attachment-large size-large wp-image-10\" alt=\"\" srcset=\"https:\/\/www.upo.es\/catedraemprendimientosocial\/wp-content\/uploads\/2025\/03\/Favicon.png 512w, https:\/\/www.upo.es\/catedraemprendimientosocial\/wp-content\/uploads\/2025\/03\/Favicon-300x300.png 300w, https:\/\/www.upo.es\/catedraemprendimientosocial\/wp-content\/uploads\/2025\/03\/Favicon-150x150.png 150w\" sizes=\"(max-width: 512px) 100vw, 512px\" \/>\t\t\t\t\t\t\t\t\t\t\t\t\t\t\t<\/div>\n\t\t\t\t<\/div>\n\t\t\t\t<\/div>\n\t\t<div class=\"elementor-element elementor-element-10f8fa0 e-con-full e-flex e-con e-child\" data-id=\"10f8fa0\" data-element_type=\"container\">\n\t\t\t\t<div class=\"elementor-element elementor-element-5ac3db1 elementor-widget elementor-widget-heading\" data-id=\"5ac3db1\" data-element_type=\"widget\" data-widget_type=\"heading.default\">\n\t\t\t\t<div class=\"elementor-widget-container\">\n\t\t\t\t\t<h1 class=\"elementor-heading-title elementor-size-default\">\u00bfQui\u00e9nes somos?<\/h1>\t\t\t\t<\/div>\n\t\t\t\t<\/div>\n\t\t\t\t<\/div>\n\t\t\t\t\t<\/div>\n\t\t\t\t<\/div>\n\t\t<div class=\"elementor-element elementor-element-a73f7ec e-flex e-con-boxed e-con e-parent\" data-id=\"a73f7ec\" data-element_type=\"container\">\n\t\t\t\t\t<div class=\"e-con-inner\">\n\t\t\t\t<div class=\"elementor-element elementor-element-de596e6 elementor-widget elementor-widget-text-editor\" data-id=\"de596e6\" data-element_type=\"widget\" data-widget_type=\"text-editor.default\">\n\t\t\t\t<div class=\"elementor-widget-container\">\n\t\t\t\t\t\t\t\t\t<p>La <strong>C\u00e1tedra de Emprendimiento e Innovaci\u00f3n Empresarial en Econom\u00eda Social<\/strong> forma parte de la red de C\u00e1tedras en Econom\u00eda Social que la Consejer\u00eda de Empleo, Empresa y Trabajo Aut\u00f3nomo de la Junta de Andaluc\u00eda ha creado con todas las universidades p\u00fablicas andaluzas.<\/p><p>El objetivo de la C\u00e1tedra es aumentar la visibilidad y el conocimiento de la Econom\u00eda Social por parte de los agentes vinculados con la Universidad: profesorado, alumnado, entidades p\u00fablicas y privadas. Para ello, la C\u00e1tedra tiene actuaciones enfocadas a la formaci\u00f3n y promoci\u00f3n en Econom\u00eda Social.<\/p>\t\t\t\t\t\t\t\t<\/div>\n\t\t\t\t<\/div>\n\t\t\t\t<div class=\"elementor-element elementor-element-8dbae79 elementor-widget elementor-widget-heading\" data-id=\"8dbae79\" data-element_type=\"widget\" data-widget_type=\"heading.default\">\n\t\t\t\t<div class=\"elementor-widget-container\">\n\t\t\t\t\t<h1 class=\"elementor-heading-title elementor-size-default\">\u00bfQui\u00e9nes son los miembros que la componen?<\/h1>\t\t\t\t<\/div>\n\t\t\t\t<\/div>\n\t\t\t\t<div class=\"elementor-element elementor-element-72dada5 elementor-widget elementor-widget-text-editor\" data-id=\"72dada5\" data-element_type=\"widget\" data-widget_type=\"text-editor.default\">\n\t\t\t\t<div class=\"elementor-widget-container\">\n\t\t\t\t\t\t\t\t\t<p>El profesor del departamento de Organizaci\u00f3n de Empresas y Marketing de la Universidad Pablo de Olavide, Fran Rinc\u00f3n Rold\u00e1n, es el director de la C\u00e1tedra; y Rafael Morales S\u00e1nchez, tambi\u00e9n profesor del mismo departamento, es el subdirector.<\/p>\t\t\t\t\t\t\t\t<\/div>\n\t\t\t\t<\/div>\n\t\t\t\t<div class=\"elementor-element elementor-element-3eded76 elementor-widget elementor-widget-heading\" data-id=\"3eded76\" data-element_type=\"widget\" data-widget_type=\"heading.default\">\n\t\t\t\t<div class=\"elementor-widget-container\">\n\t\t\t\t\t<h1 class=\"elementor-heading-title elementor-size-default\">\u00bfQu\u00e9 actividades se desarrollan en la C\u00e1tedra?<\/h1>\t\t\t\t<\/div>\n\t\t\t\t<\/div>\n\t\t\t\t<div class=\"elementor-element elementor-element-c25fa25 elementor-widget elementor-widget-text-editor\" data-id=\"c25fa25\" data-element_type=\"widget\" data-widget_type=\"text-editor.default\">\n\t\t\t\t<div class=\"elementor-widget-container\">\n\t\t\t\t\t\t\t\t\t<p>En la C\u00e1tedra de Emprendimiento e Innovaci\u00f3n Empresarial en Econom\u00eda Social se desarrollan actividades de formaci\u00f3n y divulgaci\u00f3n dirigidas al estudiantado, claves para transmitir conocimientos esenciales sobre este modelo econ\u00f3mico, as\u00ed como para dar a conocer oportunidades laborales y fomentar el emprendimiento en el sector.<\/p><p>La creaci\u00f3n de empresas dentro de la Econom\u00eda Social y la incorporaci\u00f3n de los egresados a estas organizaciones representan una oportunidad \u00fanica para impulsar una econom\u00eda m\u00e1s arraigada en el territorio, comprometida con el desarrollo local y capaz de generar empleos m\u00e1s estables y resilientes ante situaciones de crisis.<\/p><p>Por otro lado, las iniciativas de investigaci\u00f3n y transferencia de conocimiento buscan ofrecer nuevas perspectivas y soluciones a las organizaciones de Econom\u00eda Social. A trav\u00e9s del desarrollo de proyectos conjuntos, se fortalecer\u00e1 la relaci\u00f3n entre la universidad y estas entidades, favoreciendo el crecimiento del ecosistema local.<\/p><p>Estas iniciativas incluyen tanto intervenciones enfocadas en mejorar la sostenibilidad de las organizaciones, como estudios que proporcionen datos y evidencia cient\u00edfica para respaldar la toma de decisiones de los actores del sector<\/p>\t\t\t\t\t\t\t\t<\/div>\n\t\t\t\t<\/div>\n\t\t\t\t\t<\/div>\n\t\t\t\t<\/div>\n\t\t\t\t<\/div>\n\t\t","protected":false},"excerpt":{"rendered":"<p>\u00bfQui\u00e9nes somos? La C\u00e1tedra de Emprendimiento e Innovaci\u00f3n Empresarial en Econom\u00eda Social forma parte de la red de C\u00e1tedras en Econom\u00eda Social que la Consejer\u00eda de Empleo, Empresa y Trabajo [&hellip;]<\/p>\n","protected":false},"author":2,"featured_media":0,"parent":0,"menu_order":0,"comment_status":"closed","ping_status":"closed","template":"","meta":{"footnotes":""},"class_list":["post-15","page","type-page","status-publish","hentry"],"yoast_head":"<!-- This site is optimized with the Yoast SEO plugin v24.7 - https:\/\/yoast.com\/wordpress\/plugins\/seo\/ -->\n<title>\u00bfQui\u00e9nes somos? - C\u00e1tedra Emprendimiento Social e Innovaci\u00f3n Empresarial en Econom\u00eda Social<\/title>\n<meta name=\"robots\" content=\"index, follow, max-snippet:-1, max-image-preview:large, max-video-preview:-1\" \/>\n<link rel=\"canonical\" href=\"https:\/\/www.upo.es\/catedraemprendimientosocial\/quienes-somos\/\" \/>\n<meta property=\"og:locale\" content=\"es_ES\" \/>\n<meta property=\"og:type\" content=\"article\" \/>\n<meta property=\"og:title\" content=\"\u00bfQui\u00e9nes somos? - C\u00e1tedra Emprendimiento Social e Innovaci\u00f3n Empresarial en Econom\u00eda Social\" \/>\n<meta property=\"og:description\" content=\"\u00bfQui\u00e9nes somos? La C\u00e1tedra de Emprendimiento e Innovaci\u00f3n Empresarial en Econom\u00eda Social forma parte de la red de C\u00e1tedras en Econom\u00eda Social que la Consejer\u00eda de Empleo, Empresa y Trabajo [&hellip;]\" \/>\n<meta property=\"og:url\" content=\"https:\/\/www.upo.es\/catedraemprendimientosocial\/quienes-somos\/\" \/>\n<meta property=\"og:site_name\" content=\"C\u00e1tedra Emprendimiento Social e Innovaci\u00f3n Empresarial en Econom\u00eda Social\" \/>\n<meta property=\"article:modified_time\" content=\"2025-09-09T08:23:42+00:00\" \/>\n<meta property=\"og:image\" content=\"https:\/\/www.upo.es\/catedraemprendimientosocial\/wp-content\/uploads\/2025\/03\/Favicon.png\" \/>\n\t<meta property=\"og:image:width\" content=\"512\" \/>\n\t<meta property=\"og:image:height\" content=\"512\" \/>\n\t<meta property=\"og:image:type\" content=\"image\/png\" \/>\n<meta name=\"twitter:card\" content=\"summary_large_image\" \/>\n<meta name=\"twitter:label1\" content=\"Tiempo de lectura\" \/>\n\t<meta name=\"twitter:data1\" content=\"2 minutos\" \/>\n<script type=\"application\/ld+json\" class=\"yoast-schema-graph\">{\"@context\":\"https:\/\/schema.org\",\"@graph\":[{\"@type\":\"WebPage\",\"@id\":\"https:\/\/www.upo.es\/catedraemprendimientosocial\/quienes-somos\/\",\"url\":\"https:\/\/www.upo.es\/catedraemprendimientosocial\/quienes-somos\/\",\"name\":\"\u00bfQui\u00e9nes somos? - C\u00e1tedra Emprendimiento Social e Innovaci\u00f3n Empresarial en Econom\u00eda Social\",\"isPartOf\":{\"@id\":\"https:\/\/www.upo.es\/catedraemprendimientosocial\/#website\"},\"primaryImageOfPage\":{\"@id\":\"https:\/\/www.upo.es\/catedraemprendimientosocial\/quienes-somos\/#primaryimage\"},\"image\":{\"@id\":\"https:\/\/www.upo.es\/catedraemprendimientosocial\/quienes-somos\/#primaryimage\"},\"thumbnailUrl\":\"https:\/\/www.upo.es\/catedraemprendimientosocial\/wp-content\/uploads\/2025\/03\/Favicon.png\",\"datePublished\":\"2025-03-12T17:06:32+00:00\",\"dateModified\":\"2025-09-09T08:23:42+00:00\",\"breadcrumb\":{\"@id\":\"https:\/\/www.upo.es\/catedraemprendimientosocial\/quienes-somos\/#breadcrumb\"},\"inLanguage\":\"es\",\"potentialAction\":[{\"@type\":\"ReadAction\",\"target\":[\"https:\/\/www.upo.es\/catedraemprendimientosocial\/quienes-somos\/\"]}]},{\"@type\":\"ImageObject\",\"inLanguage\":\"es\",\"@id\":\"https:\/\/www.upo.es\/catedraemprendimientosocial\/quienes-somos\/#primaryimage\",\"url\":\"https:\/\/www.upo.es\/catedraemprendimientosocial\/wp-content\/uploads\/2025\/03\/Favicon.png\",\"contentUrl\":\"https:\/\/www.upo.es\/catedraemprendimientosocial\/wp-content\/uploads\/2025\/03\/Favicon.png\",\"width\":512,\"height\":512},{\"@type\":\"BreadcrumbList\",\"@id\":\"https:\/\/www.upo.es\/catedraemprendimientosocial\/quienes-somos\/#breadcrumb\",\"itemListElement\":[{\"@type\":\"ListItem\",\"position\":1,\"name\":\"Portada\",\"item\":\"https:\/\/www.upo.es\/catedraemprendimientosocial\/\"},{\"@type\":\"ListItem\",\"position\":2,\"name\":\"\u00bfQui\u00e9nes somos?\"}]},{\"@type\":\"WebSite\",\"@id\":\"https:\/\/www.upo.es\/catedraemprendimientosocial\/#website\",\"url\":\"https:\/\/www.upo.es\/catedraemprendimientosocial\/\",\"name\":\"C\u00e1tedra Emprendimiento e Innovaci\u00f3n Empresarial en Econom\u00eda Social - Universidad Pablo de Olavide\",\"description\":\"\",\"publisher\":{\"@id\":\"https:\/\/www.upo.es\/catedraemprendimientosocial\/#organization\"},\"potentialAction\":[{\"@type\":\"SearchAction\",\"target\":{\"@type\":\"EntryPoint\",\"urlTemplate\":\"https:\/\/www.upo.es\/catedraemprendimientosocial\/?s={search_term_string}\"},\"query-input\":{\"@type\":\"PropertyValueSpecification\",\"valueRequired\":true,\"valueName\":\"search_term_string\"}}],\"inLanguage\":\"es\"},{\"@type\":\"Organization\",\"@id\":\"https:\/\/www.upo.es\/catedraemprendimientosocial\/#organization\",\"name\":\"C\u00e1tedra Emprendimiento e Innovaci\u00f3n Empresarial en Econom\u00eda Social - Universidad Pablo de Olavide\",\"url\":\"https:\/\/www.upo.es\/catedraemprendimientosocial\/\",\"logo\":{\"@type\":\"ImageObject\",\"inLanguage\":\"es\",\"@id\":\"https:\/\/www.upo.es\/catedraemprendimientosocial\/#\/schema\/logo\/image\/\",\"url\":\"https:\/\/www.upo.es\/catedraemprendimientosocial\/wp-content\/uploads\/2025\/03\/Logo-Catedra-Economia-Social.png\",\"contentUrl\":\"https:\/\/www.upo.es\/catedraemprendimientosocial\/wp-content\/uploads\/2025\/03\/Logo-Catedra-Economia-Social.png\",\"width\":963,\"height\":300,\"caption\":\"C\u00e1tedra Emprendimiento e Innovaci\u00f3n Empresarial en Econom\u00eda Social - Universidad Pablo de Olavide\"},\"image\":{\"@id\":\"https:\/\/www.upo.es\/catedraemprendimientosocial\/#\/schema\/logo\/image\/\"}}]}<\/script>\n<!-- \/ Yoast SEO plugin. -->","yoast_head_json":{"title":"\u00bfQui\u00e9nes somos? - C\u00e1tedra Emprendimiento Social e Innovaci\u00f3n Empresarial en Econom\u00eda Social","robots":{"index":"index","follow":"follow","max-snippet":"max-snippet:-1","max-image-preview":"max-image-preview:large","max-video-preview":"max-video-preview:-1"},"canonical":"https:\/\/www.upo.es\/catedraemprendimientosocial\/quienes-somos\/","og_locale":"es_ES","og_type":"article","og_title":"\u00bfQui\u00e9nes somos? - C\u00e1tedra Emprendimiento Social e Innovaci\u00f3n Empresarial en Econom\u00eda Social","og_description":"\u00bfQui\u00e9nes somos? La C\u00e1tedra de Emprendimiento e Innovaci\u00f3n Empresarial en Econom\u00eda Social forma parte de la red de C\u00e1tedras en Econom\u00eda Social que la Consejer\u00eda de Empleo, Empresa y Trabajo [&hellip;]","og_url":"https:\/\/www.upo.es\/catedraemprendimientosocial\/quienes-somos\/","og_site_name":"C\u00e1tedra Emprendimiento Social e Innovaci\u00f3n Empresarial en Econom\u00eda Social","article_modified_time":"2025-09-09T08:23:42+00:00","og_image":[{"width":512,"height":512,"url":"https:\/\/www.upo.es\/catedraemprendimientosocial\/wp-content\/uploads\/2025\/03\/Favicon.png","type":"image\/png"}],"twitter_card":"summary_large_image","twitter_misc":{"Tiempo de lectura":"2 minutos"},"schema":{"@context":"https:\/\/schema.org","@graph":[{"@type":"WebPage","@id":"https:\/\/www.upo.es\/catedraemprendimientosocial\/quienes-somos\/","url":"https:\/\/www.upo.es\/catedraemprendimientosocial\/quienes-somos\/","name":"\u00bfQui\u00e9nes somos? - C\u00e1tedra Emprendimiento Social e Innovaci\u00f3n Empresarial en Econom\u00eda Social","isPartOf":{"@id":"https:\/\/www.upo.es\/catedraemprendimientosocial\/#website"},"primaryImageOfPage":{"@id":"https:\/\/www.upo.es\/catedraemprendimientosocial\/quienes-somos\/#primaryimage"},"image":{"@id":"https:\/\/www.upo.es\/catedraemprendimientosocial\/quienes-somos\/#primaryimage"},"thumbnailUrl":"https:\/\/www.upo.es\/catedraemprendimientosocial\/wp-content\/uploads\/2025\/03\/Favicon.png","datePublished":"2025-03-12T17:06:32+00:00","dateModified":"2025-09-09T08:23:42+00:00","breadcrumb":{"@id":"https:\/\/www.upo.es\/catedraemprendimientosocial\/quienes-somos\/#breadcrumb"},"inLanguage":"es","potentialAction":[{"@type":"ReadAction","target":["https:\/\/www.upo.es\/catedraemprendimientosocial\/quienes-somos\/"]}]},{"@type":"ImageObject","inLanguage":"es","@id":"https:\/\/www.upo.es\/catedraemprendimientosocial\/quienes-somos\/#primaryimage","url":"https:\/\/www.upo.es\/catedraemprendimientosocial\/wp-content\/uploads\/2025\/03\/Favicon.png","contentUrl":"https:\/\/www.upo.es\/catedraemprendimientosocial\/wp-content\/uploads\/2025\/03\/Favicon.png","width":512,"height":512},{"@type":"BreadcrumbList","@id":"https:\/\/www.upo.es\/catedraemprendimientosocial\/quienes-somos\/#breadcrumb","itemListElement":[{"@type":"ListItem","position":1,"name":"Portada","item":"https:\/\/www.upo.es\/catedraemprendimientosocial\/"},{"@type":"ListItem","position":2,"name":"\u00bfQui\u00e9nes somos?"}]},{"@type":"WebSite","@id":"https:\/\/www.upo.es\/catedraemprendimientosocial\/#website","url":"https:\/\/www.upo.es\/catedraemprendimientosocial\/","name":"C\u00e1tedra Emprendimiento e Innovaci\u00f3n Empresarial en Econom\u00eda Social - Universidad Pablo de Olavide","description":"","publisher":{"@id":"https:\/\/www.upo.es\/catedraemprendimientosocial\/#organization"},"potentialAction":[{"@type":"SearchAction","target":{"@type":"EntryPoint","urlTemplate":"https:\/\/www.upo.es\/catedraemprendimientosocial\/?s={search_term_string}"},"query-input":{"@type":"PropertyValueSpecification","valueRequired":true,"valueName":"search_term_string"}}],"inLanguage":"es"},{"@type":"Organization","@id":"https:\/\/www.upo.es\/catedraemprendimientosocial\/#organization","name":"C\u00e1tedra Emprendimiento e Innovaci\u00f3n Empresarial en Econom\u00eda Social - Universidad Pablo de Olavide","url":"https:\/\/www.upo.es\/catedraemprendimientosocial\/","logo":{"@type":"ImageObject","inLanguage":"es","@id":"https:\/\/www.upo.es\/catedraemprendimientosocial\/#\/schema\/logo\/image\/","url":"https:\/\/www.upo.es\/catedraemprendimientosocial\/wp-content\/uploads\/2025\/03\/Logo-Catedra-Economia-Social.png","contentUrl":"https:\/\/www.upo.es\/catedraemprendimientosocial\/wp-content\/uploads\/2025\/03\/Logo-Catedra-Economia-Social.png","width":963,"height":300,"caption":"C\u00e1tedra Emprendimiento e Innovaci\u00f3n Empresarial en Econom\u00eda Social - Universidad Pablo de Olavide"},"image":{"@id":"https:\/\/www.upo.es\/catedraemprendimientosocial\/#\/schema\/logo\/image\/"}}]}},"_links":{"self":[{"href":"https:\/\/www.upo.es\/catedraemprendimientosocial\/wp-json\/wp\/v2\/pages\/15","targetHints":{"allow":["GET"]}}],"collection":[{"href":"https:\/\/www.upo.es\/catedraemprendimientosocial\/wp-json\/wp\/v2\/pages"}],"about":[{"href":"https:\/\/www.upo.es\/catedraemprendimientosocial\/wp-json\/wp\/v2\/types\/page"}],"author":[{"embeddable":true,"href":"https:\/\/www.upo.es\/catedraemprendimientosocial\/wp-json\/wp\/v2\/users\/2"}],"replies":[{"embeddable":true,"href":"https:\/\/www.upo.es\/catedraemprendimientosocial\/wp-json\/wp\/v2\/comments?post=15"}],"version-history":[{"count":9,"href":"https:\/\/www.upo.es\/catedraemprendimientosocial\/wp-json\/wp\/v2\/pages\/15\/revisions"}],"predecessor-version":[{"id":301,"href":"https:\/\/www.upo.es\/catedraemprendimientosocial\/wp-json\/wp\/v2\/pages\/15\/revisions\/301"}],"wp:attachment":[{"href":"https:\/\/www.upo.es\/catedraemprendimientosocial\/wp-json\/wp\/v2\/media?parent=15"}],"curies":[{"name":"wp","href":"https:\/\/api.w.org\/{rel}","templated":true}]}}