{"id":21,"date":"2025-03-12T18:07:16","date_gmt":"2025-03-12T17:07:16","guid":{"rendered":"https:\/\/www.upo.es\/catedraemprendimientosocial\/?page_id=21"},"modified":"2025-09-09T10:26:56","modified_gmt":"2025-09-09T08:26:56","slug":"noticias","status":"publish","type":"page","link":"https:\/\/www.upo.es\/catedraemprendimientosocial\/noticias\/","title":{"rendered":"Noticias"},"content":{"rendered":"\t\t<div data-elementor-type=\"wp-page\" data-elementor-id=\"21\" class=\"elementor elementor-21\" data-elementor-post-type=\"page\">\n\t\t\t\t<div class=\"elementor-element elementor-element-4e10719 e-con-full e-flex e-con e-parent\" data-id=\"4e10719\" data-element_type=\"container\">\n\t\t<div class=\"elementor-element elementor-element-3a8ee0b e-flex e-con-boxed e-con e-child\" data-id=\"3a8ee0b\" data-element_type=\"container\" data-settings=\"{&quot;background_background&quot;:&quot;classic&quot;,&quot;background_motion_fx_motion_fx_scrolling&quot;:&quot;yes&quot;,&quot;background_motion_fx_translateY_effect&quot;:&quot;yes&quot;,&quot;background_motion_fx_translateY_speed&quot;:{&quot;unit&quot;:&quot;px&quot;,&quot;size&quot;:4,&quot;sizes&quot;:[]},&quot;background_motion_fx_translateY_affectedRange&quot;:{&quot;unit&quot;:&quot;%&quot;,&quot;size&quot;:&quot;&quot;,&quot;sizes&quot;:{&quot;start&quot;:0,&quot;end&quot;:100}},&quot;background_motion_fx_devices&quot;:[&quot;desktop&quot;,&quot;tablet&quot;,&quot;mobile&quot;]}\">\n\t\t\t\t\t<div class=\"e-con-inner\">\n\t\t<div class=\"elementor-element elementor-element-63c1dea e-con-full e-flex e-con e-child\" data-id=\"63c1dea\" data-element_type=\"container\">\n\t\t\t\t<div class=\"elementor-element elementor-element-c608eab elementor-widget elementor-widget-image\" data-id=\"c608eab\" data-element_type=\"widget\" data-widget_type=\"image.default\">\n\t\t\t\t<div class=\"elementor-widget-container\">\n\t\t\t\t\t\t\t\t\t\t\t\t\t\t\t<img fetchpriority=\"high\" decoding=\"async\" width=\"512\" height=\"512\" src=\"https:\/\/www.upo.es\/catedraemprendimientosocial\/wp-content\/uploads\/2025\/03\/Favicon.png\" class=\"attachment-large size-large wp-image-10\" alt=\"\" srcset=\"https:\/\/www.upo.es\/catedraemprendimientosocial\/wp-content\/uploads\/2025\/03\/Favicon.png 512w, https:\/\/www.upo.es\/catedraemprendimientosocial\/wp-content\/uploads\/2025\/03\/Favicon-300x300.png 300w, https:\/\/www.upo.es\/catedraemprendimientosocial\/wp-content\/uploads\/2025\/03\/Favicon-150x150.png 150w\" sizes=\"(max-width: 512px) 100vw, 512px\" \/>\t\t\t\t\t\t\t\t\t\t\t\t\t\t\t<\/div>\n\t\t\t\t<\/div>\n\t\t\t\t<\/div>\n\t\t<div class=\"elementor-element elementor-element-b2b1a3d e-con-full e-flex e-con e-child\" data-id=\"b2b1a3d\" data-element_type=\"container\">\n\t\t\t\t<div class=\"elementor-element elementor-element-6f89a91 elementor-widget elementor-widget-heading\" data-id=\"6f89a91\" data-element_type=\"widget\" data-widget_type=\"heading.default\">\n\t\t\t\t<div class=\"elementor-widget-container\">\n\t\t\t\t\t<h1 class=\"elementor-heading-title elementor-size-default\">Noticias<\/h1>\t\t\t\t<\/div>\n\t\t\t\t<\/div>\n\t\t\t\t<\/div>\n\t\t\t\t\t<\/div>\n\t\t\t\t<\/div>\n\t\t\t\t<\/div>\n\t\t<div class=\"elementor-element elementor-element-4f391d7 e-flex e-con-boxed e-con e-parent\" data-id=\"4f391d7\" data-element_type=\"container\">\n\t\t\t\t\t<div class=\"e-con-inner\">\n\t\t\t\t<div class=\"elementor-element elementor-element-bc03719 elementor-grid-3 elementor-grid-tablet-2 elementor-grid-mobile-1 elementor-posts--thumbnail-top elementor-card-shadow-yes elementor-posts__hover-gradient elementor-widget elementor-widget-posts\" data-id=\"bc03719\" data-element_type=\"widget\" data-settings=\"{&quot;pagination_type&quot;:&quot;prev_next&quot;,&quot;cards_columns&quot;:&quot;3&quot;,&quot;cards_columns_tablet&quot;:&quot;2&quot;,&quot;cards_columns_mobile&quot;:&quot;1&quot;,&quot;cards_row_gap&quot;:{&quot;unit&quot;:&quot;px&quot;,&quot;size&quot;:35,&quot;sizes&quot;:[]},&quot;cards_row_gap_tablet&quot;:{&quot;unit&quot;:&quot;px&quot;,&quot;size&quot;:&quot;&quot;,&quot;sizes&quot;:[]},&quot;cards_row_gap_mobile&quot;:{&quot;unit&quot;:&quot;px&quot;,&quot;size&quot;:&quot;&quot;,&quot;sizes&quot;:[]}}\" data-widget_type=\"posts.cards\">\n\t\t\t\t<div class=\"elementor-widget-container\">\n\t\t\t\t\t\t\t<div class=\"elementor-posts-container elementor-posts elementor-posts--skin-cards elementor-grid\">\n\t\t\t\t<article class=\"elementor-post elementor-grid-item post-399 post type-post status-publish format-standard has-post-thumbnail hentry category-noticias\">\n\t\t\t<div class=\"elementor-post__card\">\n\t\t\t\t<a class=\"elementor-post__thumbnail__link\" href=\"https:\/\/www.upo.es\/catedraemprendimientosocial\/vii-semana-universitaria-de-la-economia-social-2026\/\" tabindex=\"-1\" ><div class=\"elementor-post__thumbnail\"><img decoding=\"async\" width=\"208\" height=\"300\" src=\"https:\/\/www.upo.es\/catedraemprendimientosocial\/wp-content\/uploads\/2026\/02\/Cartel-Semana-Universitaria-ES-208x300.png\" class=\"attachment-medium size-medium wp-image-400\" alt=\"\" srcset=\"https:\/\/www.upo.es\/catedraemprendimientosocial\/wp-content\/uploads\/2026\/02\/Cartel-Semana-Universitaria-ES-208x300.png 208w, https:\/\/www.upo.es\/catedraemprendimientosocial\/wp-content\/uploads\/2026\/02\/Cartel-Semana-Universitaria-ES.png 622w\" sizes=\"(max-width: 208px) 100vw, 208px\" \/><\/div><\/a>\n\t\t\t\t<div class=\"elementor-post__text\">\n\t\t\t\t<h3 class=\"elementor-post__title\">\n\t\t\t<a href=\"https:\/\/www.upo.es\/catedraemprendimientosocial\/vii-semana-universitaria-de-la-economia-social-2026\/\" >\n\t\t\t\tVII SEMANA UNIVERSITARIA DE LA ECONOM\u00cdA SOCIAL 2026\t\t\t<\/a>\n\t\t<\/h3>\n\t\t\t\t<\/div>\n\t\t\t\t<div class=\"elementor-post__meta-data\">\n\t\t\t\t\t<span class=\"elementor-post-date\">\n\t\t\t17 febrero, 2026\t\t<\/span>\n\t\t\t\t<\/div>\n\t\t\t\t\t<\/div>\n\t\t<\/article>\n\t\t\t\t<article class=\"elementor-post elementor-grid-item post-380 post type-post status-publish format-standard has-post-thumbnail hentry category-noticias category-sin-categoria\">\n\t\t\t<div class=\"elementor-post__card\">\n\t\t\t\t<a class=\"elementor-post__thumbnail__link\" href=\"https:\/\/www.upo.es\/catedraemprendimientosocial\/inicio-de-microcredenciales-catedra-2026\/\" tabindex=\"-1\" ><div class=\"elementor-post__thumbnail\"><img decoding=\"async\" width=\"300\" height=\"168\" src=\"https:\/\/www.upo.es\/catedraemprendimientosocial\/wp-content\/uploads\/2026\/02\/Micros-2026-300x168.png\" class=\"attachment-medium size-medium wp-image-381\" alt=\"\" srcset=\"https:\/\/www.upo.es\/catedraemprendimientosocial\/wp-content\/uploads\/2026\/02\/Micros-2026-300x168.png 300w, https:\/\/www.upo.es\/catedraemprendimientosocial\/wp-content\/uploads\/2026\/02\/Micros-2026-1024x574.png 1024w, https:\/\/www.upo.es\/catedraemprendimientosocial\/wp-content\/uploads\/2026\/02\/Micros-2026-768x430.png 768w, https:\/\/www.upo.es\/catedraemprendimientosocial\/wp-content\/uploads\/2026\/02\/Micros-2026.png 1496w\" sizes=\"(max-width: 300px) 100vw, 300px\" \/><\/div><\/a>\n\t\t\t\t<div class=\"elementor-post__text\">\n\t\t\t\t<h3 class=\"elementor-post__title\">\n\t\t\t<a href=\"https:\/\/www.upo.es\/catedraemprendimientosocial\/inicio-de-microcredenciales-catedra-2026\/\" >\n\t\t\t\tInicio de Microcredenciales C\u00e1tedra 2026\t\t\t<\/a>\n\t\t<\/h3>\n\t\t\t\t<\/div>\n\t\t\t\t<div class=\"elementor-post__meta-data\">\n\t\t\t\t\t<span class=\"elementor-post-date\">\n\t\t\t16 febrero, 2026\t\t<\/span>\n\t\t\t\t<\/div>\n\t\t\t\t\t<\/div>\n\t\t<\/article>\n\t\t\t\t<article class=\"elementor-post elementor-grid-item post-375 post type-post status-publish format-standard has-post-thumbnail hentry category-noticias\">\n\t\t\t<div class=\"elementor-post__card\">\n\t\t\t\t<a class=\"elementor-post__thumbnail__link\" href=\"https:\/\/www.upo.es\/catedraemprendimientosocial\/participacion-en-las-jornadas-de-economia-social-fundacion-samu\/\" tabindex=\"-1\" ><div class=\"elementor-post__thumbnail\"><img loading=\"lazy\" decoding=\"async\" width=\"300\" height=\"225\" src=\"https:\/\/www.upo.es\/catedraemprendimientosocial\/wp-content\/uploads\/2025\/12\/WhatsApp-Image-2025-12-17-at-12.24.34-1-300x225.jpeg\" class=\"attachment-medium size-medium wp-image-376\" alt=\"\" srcset=\"https:\/\/www.upo.es\/catedraemprendimientosocial\/wp-content\/uploads\/2025\/12\/WhatsApp-Image-2025-12-17-at-12.24.34-1-300x225.jpeg 300w, https:\/\/www.upo.es\/catedraemprendimientosocial\/wp-content\/uploads\/2025\/12\/WhatsApp-Image-2025-12-17-at-12.24.34-1-1024x768.jpeg 1024w, https:\/\/www.upo.es\/catedraemprendimientosocial\/wp-content\/uploads\/2025\/12\/WhatsApp-Image-2025-12-17-at-12.24.34-1-768x576.jpeg 768w, https:\/\/www.upo.es\/catedraemprendimientosocial\/wp-content\/uploads\/2025\/12\/WhatsApp-Image-2025-12-17-at-12.24.34-1-1536x1152.jpeg 1536w, https:\/\/www.upo.es\/catedraemprendimientosocial\/wp-content\/uploads\/2025\/12\/WhatsApp-Image-2025-12-17-at-12.24.34-1.jpeg 2048w\" sizes=\"(max-width: 300px) 100vw, 300px\" \/><\/div><\/a>\n\t\t\t\t<div class=\"elementor-post__text\">\n\t\t\t\t<h3 class=\"elementor-post__title\">\n\t\t\t<a href=\"https:\/\/www.upo.es\/catedraemprendimientosocial\/participacion-en-las-jornadas-de-economia-social-fundacion-samu\/\" >\n\t\t\t\tParticipaci\u00f3n en las Jornadas de Econom\u00eda Social &#8211; Fundaci\u00f3n SAMU\t\t\t<\/a>\n\t\t<\/h3>\n\t\t\t\t<\/div>\n\t\t\t\t<div class=\"elementor-post__meta-data\">\n\t\t\t\t\t<span class=\"elementor-post-date\">\n\t\t\t17 diciembre, 2025\t\t<\/span>\n\t\t\t\t<\/div>\n\t\t\t\t\t<\/div>\n\t\t<\/article>\n\t\t\t\t<article class=\"elementor-post elementor-grid-item post-372 post type-post status-publish format-standard has-post-thumbnail hentry category-noticias\">\n\t\t\t<div class=\"elementor-post__card\">\n\t\t\t\t<a class=\"elementor-post__thumbnail__link\" href=\"https:\/\/www.upo.es\/catedraemprendimientosocial\/curso-itinerario-para-emprender-en-economia-social\/\" tabindex=\"-1\" ><div class=\"elementor-post__thumbnail\"><img loading=\"lazy\" decoding=\"async\" width=\"300\" height=\"151\" src=\"https:\/\/www.upo.es\/catedraemprendimientosocial\/wp-content\/uploads\/2025\/12\/PORTADA-INNO-768x386-1-300x151.png\" class=\"attachment-medium size-medium wp-image-373\" alt=\"\" srcset=\"https:\/\/www.upo.es\/catedraemprendimientosocial\/wp-content\/uploads\/2025\/12\/PORTADA-INNO-768x386-1-300x151.png 300w, https:\/\/www.upo.es\/catedraemprendimientosocial\/wp-content\/uploads\/2025\/12\/PORTADA-INNO-768x386-1.png 768w\" sizes=\"(max-width: 300px) 100vw, 300px\" \/><\/div><\/a>\n\t\t\t\t<div class=\"elementor-post__text\">\n\t\t\t\t<h3 class=\"elementor-post__title\">\n\t\t\t<a href=\"https:\/\/www.upo.es\/catedraemprendimientosocial\/curso-itinerario-para-emprender-en-economia-social\/\" >\n\t\t\t\tCurso: ITINERARIO PARA EMPRENDER EN ECONOM\u00cdA SOCIAL\t\t\t<\/a>\n\t\t<\/h3>\n\t\t\t\t<\/div>\n\t\t\t\t<div class=\"elementor-post__meta-data\">\n\t\t\t\t\t<span class=\"elementor-post-date\">\n\t\t\t10 diciembre, 2025\t\t<\/span>\n\t\t\t\t<\/div>\n\t\t\t\t\t<\/div>\n\t\t<\/article>\n\t\t\t\t<article class=\"elementor-post elementor-grid-item post-367 post type-post status-publish format-standard has-post-thumbnail hentry category-noticias category-sin-categoria\">\n\t\t\t<div class=\"elementor-post__card\">\n\t\t\t\t<a class=\"elementor-post__thumbnail__link\" href=\"https:\/\/www.upo.es\/catedraemprendimientosocial\/nuestro-director-de-la-catedra-francisco-rincon-premio-andalucia-a-la-economia-social\/\" tabindex=\"-1\" ><div class=\"elementor-post__thumbnail\"><img loading=\"lazy\" decoding=\"async\" width=\"300\" height=\"198\" src=\"https:\/\/www.upo.es\/catedraemprendimientosocial\/wp-content\/uploads\/2025\/11\/Foto-premio-300x198.png\" class=\"attachment-medium size-medium wp-image-368\" alt=\"\" srcset=\"https:\/\/www.upo.es\/catedraemprendimientosocial\/wp-content\/uploads\/2025\/11\/Foto-premio-300x198.png 300w, https:\/\/www.upo.es\/catedraemprendimientosocial\/wp-content\/uploads\/2025\/11\/Foto-premio.png 562w\" sizes=\"(max-width: 300px) 100vw, 300px\" \/><\/div><\/a>\n\t\t\t\t<div class=\"elementor-post__text\">\n\t\t\t\t<h3 class=\"elementor-post__title\">\n\t\t\t<a href=\"https:\/\/www.upo.es\/catedraemprendimientosocial\/nuestro-director-de-la-catedra-francisco-rincon-premio-andalucia-a-la-economia-social\/\" >\n\t\t\t\tNuestro Director de la C\u00e1tedra Francisco Rinc\u00f3n, Premio Andaluc\u00eda a la Econom\u00eda Social\t\t\t<\/a>\n\t\t<\/h3>\n\t\t\t\t<\/div>\n\t\t\t\t<div class=\"elementor-post__meta-data\">\n\t\t\t\t\t<span class=\"elementor-post-date\">\n\t\t\t28 noviembre, 2025\t\t<\/span>\n\t\t\t\t<\/div>\n\t\t\t\t\t<\/div>\n\t\t<\/article>\n\t\t\t\t<article class=\"elementor-post elementor-grid-item post-360 post type-post status-publish format-standard has-post-thumbnail hentry category-noticias\">\n\t\t\t<div class=\"elementor-post__card\">\n\t\t\t\t<a class=\"elementor-post__thumbnail__link\" href=\"https:\/\/www.upo.es\/catedraemprendimientosocial\/concluyen-la-jornada-universitaria-de-economia-social-upo-2025\/\" tabindex=\"-1\" ><div class=\"elementor-post__thumbnail\"><img loading=\"lazy\" decoding=\"async\" width=\"300\" height=\"169\" src=\"https:\/\/www.upo.es\/catedraemprendimientosocial\/wp-content\/uploads\/2025\/11\/Jornadas-II-300x169.png\" class=\"attachment-medium size-medium wp-image-361\" alt=\"\" srcset=\"https:\/\/www.upo.es\/catedraemprendimientosocial\/wp-content\/uploads\/2025\/11\/Jornadas-II-300x169.png 300w, https:\/\/www.upo.es\/catedraemprendimientosocial\/wp-content\/uploads\/2025\/11\/Jornadas-II-1024x576.png 1024w, https:\/\/www.upo.es\/catedraemprendimientosocial\/wp-content\/uploads\/2025\/11\/Jornadas-II-768x432.png 768w, https:\/\/www.upo.es\/catedraemprendimientosocial\/wp-content\/uploads\/2025\/11\/Jornadas-II.png 1249w\" sizes=\"(max-width: 300px) 100vw, 300px\" \/><\/div><\/a>\n\t\t\t\t<div class=\"elementor-post__text\">\n\t\t\t\t<h3 class=\"elementor-post__title\">\n\t\t\t<a href=\"https:\/\/www.upo.es\/catedraemprendimientosocial\/concluyen-la-jornada-universitaria-de-economia-social-upo-2025\/\" >\n\t\t\t\tConcluye la Jornada Universitaria de Econom\u00eda Social UPO &#8211; 2025\t\t\t<\/a>\n\t\t<\/h3>\n\t\t\t\t<\/div>\n\t\t\t\t<div class=\"elementor-post__meta-data\">\n\t\t\t\t\t<span class=\"elementor-post-date\">\n\t\t\t10 noviembre, 2025\t\t<\/span>\n\t\t\t\t<\/div>\n\t\t\t\t\t<\/div>\n\t\t<\/article>\n\t\t\t\t<article class=\"elementor-post elementor-grid-item post-354 post type-post status-publish format-standard has-post-thumbnail hentry category-noticias\">\n\t\t\t<div class=\"elementor-post__card\">\n\t\t\t\t<a class=\"elementor-post__thumbnail__link\" href=\"https:\/\/www.upo.es\/catedraemprendimientosocial\/iv-premios-andalucia-a-la-economia-social-y-i-congreso-andaluz-de-la-economia-social\/\" tabindex=\"-1\" ><div class=\"elementor-post__thumbnail\"><img loading=\"lazy\" decoding=\"async\" width=\"300\" height=\"105\" src=\"https:\/\/www.upo.es\/catedraemprendimientosocial\/wp-content\/uploads\/2025\/11\/Captura-de-pantalla-2025-11-04-a-las-17.07.05-300x105.png\" class=\"attachment-medium size-medium wp-image-355\" alt=\"\" srcset=\"https:\/\/www.upo.es\/catedraemprendimientosocial\/wp-content\/uploads\/2025\/11\/Captura-de-pantalla-2025-11-04-a-las-17.07.05-300x105.png 300w, https:\/\/www.upo.es\/catedraemprendimientosocial\/wp-content\/uploads\/2025\/11\/Captura-de-pantalla-2025-11-04-a-las-17.07.05-1024x359.png 1024w, https:\/\/www.upo.es\/catedraemprendimientosocial\/wp-content\/uploads\/2025\/11\/Captura-de-pantalla-2025-11-04-a-las-17.07.05-768x269.png 768w, https:\/\/www.upo.es\/catedraemprendimientosocial\/wp-content\/uploads\/2025\/11\/Captura-de-pantalla-2025-11-04-a-las-17.07.05-1536x538.png 1536w, https:\/\/www.upo.es\/catedraemprendimientosocial\/wp-content\/uploads\/2025\/11\/Captura-de-pantalla-2025-11-04-a-las-17.07.05.png 1588w\" sizes=\"(max-width: 300px) 100vw, 300px\" \/><\/div><\/a>\n\t\t\t\t<div class=\"elementor-post__text\">\n\t\t\t\t<h3 class=\"elementor-post__title\">\n\t\t\t<a href=\"https:\/\/www.upo.es\/catedraemprendimientosocial\/iv-premios-andalucia-a-la-economia-social-y-i-congreso-andaluz-de-la-economia-social\/\" >\n\t\t\t\tIV Premios Andaluc\u00eda a la Econom\u00eda Social y I Congreso Andaluz de la Econom\u00eda Social\t\t\t<\/a>\n\t\t<\/h3>\n\t\t\t\t<\/div>\n\t\t\t\t<div class=\"elementor-post__meta-data\">\n\t\t\t\t\t<span class=\"elementor-post-date\">\n\t\t\t4 noviembre, 2025\t\t<\/span>\n\t\t\t\t<\/div>\n\t\t\t\t\t<\/div>\n\t\t<\/article>\n\t\t\t\t<article class=\"elementor-post elementor-grid-item post-347 post type-post status-publish format-standard has-post-thumbnail hentry category-noticias\">\n\t\t\t<div class=\"elementor-post__card\">\n\t\t\t\t<a class=\"elementor-post__thumbnail__link\" href=\"https:\/\/www.upo.es\/catedraemprendimientosocial\/347-2\/\" tabindex=\"-1\" ><div class=\"elementor-post__thumbnail\"><img loading=\"lazy\" decoding=\"async\" width=\"300\" height=\"150\" src=\"https:\/\/www.upo.es\/catedraemprendimientosocial\/wp-content\/uploads\/2025\/10\/Burdeos_WEB-1024x513-1-300x150.png\" class=\"attachment-medium size-medium wp-image-359\" alt=\"\" srcset=\"https:\/\/www.upo.es\/catedraemprendimientosocial\/wp-content\/uploads\/2025\/10\/Burdeos_WEB-1024x513-1-300x150.png 300w, https:\/\/www.upo.es\/catedraemprendimientosocial\/wp-content\/uploads\/2025\/10\/Burdeos_WEB-1024x513-1-768x384.png 768w, https:\/\/www.upo.es\/catedraemprendimientosocial\/wp-content\/uploads\/2025\/10\/Burdeos_WEB-1024x513-1.png 1024w\" sizes=\"(max-width: 300px) 100vw, 300px\" \/><\/div><\/a>\n\t\t\t\t<div class=\"elementor-post__text\">\n\t\t\t\t<h3 class=\"elementor-post__title\">\n\t\t\t<a href=\"https:\/\/www.upo.es\/catedraemprendimientosocial\/347-2\/\" >\n\t\t\t\t10th CIRIEC International Research Conference on Social Economy &#8211; Burdeos\t\t\t<\/a>\n\t\t<\/h3>\n\t\t\t\t<\/div>\n\t\t\t\t<div class=\"elementor-post__meta-data\">\n\t\t\t\t\t<span class=\"elementor-post-date\">\n\t\t\t31 octubre, 2025\t\t<\/span>\n\t\t\t\t<\/div>\n\t\t\t\t\t<\/div>\n\t\t<\/article>\n\t\t\t\t<article class=\"elementor-post elementor-grid-item post-343 post type-post status-publish format-standard has-post-thumbnail hentry category-noticias\">\n\t\t\t<div class=\"elementor-post__card\">\n\t\t\t\t<a class=\"elementor-post__thumbnail__link\" href=\"https:\/\/www.upo.es\/catedraemprendimientosocial\/jornada-universitaria-de-economia-social-2025\/\" tabindex=\"-1\" ><div class=\"elementor-post__thumbnail\"><img loading=\"lazy\" decoding=\"async\" width=\"210\" height=\"300\" src=\"https:\/\/www.upo.es\/catedraemprendimientosocial\/wp-content\/uploads\/2025\/10\/Jornadas-nuevas-210x300.png\" class=\"attachment-medium size-medium wp-image-357\" alt=\"\" srcset=\"https:\/\/www.upo.es\/catedraemprendimientosocial\/wp-content\/uploads\/2025\/10\/Jornadas-nuevas-210x300.png 210w, https:\/\/www.upo.es\/catedraemprendimientosocial\/wp-content\/uploads\/2025\/10\/Jornadas-nuevas.png 653w\" sizes=\"(max-width: 210px) 100vw, 210px\" \/><\/div><\/a>\n\t\t\t\t<div class=\"elementor-post__text\">\n\t\t\t\t<h3 class=\"elementor-post__title\">\n\t\t\t<a href=\"https:\/\/www.upo.es\/catedraemprendimientosocial\/jornada-universitaria-de-economia-social-2025\/\" >\n\t\t\t\tJornada Universitaria de Econom\u00eda Social &#8211; 2025\t\t\t<\/a>\n\t\t<\/h3>\n\t\t\t\t<\/div>\n\t\t\t\t<div class=\"elementor-post__meta-data\">\n\t\t\t\t\t<span class=\"elementor-post-date\">\n\t\t\t27 octubre, 2025\t\t<\/span>\n\t\t\t\t<\/div>\n\t\t\t\t\t<\/div>\n\t\t<\/article>\n\t\t\t\t<article class=\"elementor-post elementor-grid-item post-334 post type-post status-publish format-standard has-post-thumbnail hentry category-noticias\">\n\t\t\t<div class=\"elementor-post__card\">\n\t\t\t\t<a class=\"elementor-post__thumbnail__link\" href=\"https:\/\/www.upo.es\/catedraemprendimientosocial\/reunion-de-colaboracion-con-aces-andalucia\/\" tabindex=\"-1\" ><div class=\"elementor-post__thumbnail\"><img loading=\"lazy\" decoding=\"async\" width=\"225\" height=\"300\" src=\"https:\/\/www.upo.es\/catedraemprendimientosocial\/wp-content\/uploads\/2025\/09\/IMG_3238-225x300.jpeg\" class=\"attachment-medium size-medium wp-image-335\" alt=\"\" srcset=\"https:\/\/www.upo.es\/catedraemprendimientosocial\/wp-content\/uploads\/2025\/09\/IMG_3238-225x300.jpeg 225w, https:\/\/www.upo.es\/catedraemprendimientosocial\/wp-content\/uploads\/2025\/09\/IMG_3238-768x1024.jpeg 768w, https:\/\/www.upo.es\/catedraemprendimientosocial\/wp-content\/uploads\/2025\/09\/IMG_3238-1152x1536.jpeg 1152w, https:\/\/www.upo.es\/catedraemprendimientosocial\/wp-content\/uploads\/2025\/09\/IMG_3238-1536x2048.jpeg 1536w, https:\/\/www.upo.es\/catedraemprendimientosocial\/wp-content\/uploads\/2025\/09\/IMG_3238-scaled.jpeg 1920w\" sizes=\"(max-width: 225px) 100vw, 225px\" \/><\/div><\/a>\n\t\t\t\t<div class=\"elementor-post__text\">\n\t\t\t\t<h3 class=\"elementor-post__title\">\n\t\t\t<a href=\"https:\/\/www.upo.es\/catedraemprendimientosocial\/reunion-de-colaboracion-con-aces-andalucia\/\" >\n\t\t\t\tReuni\u00f3n de Colaboraci\u00f3n con ACES Andaluc\u00eda\t\t\t<\/a>\n\t\t<\/h3>\n\t\t\t\t<\/div>\n\t\t\t\t<div class=\"elementor-post__meta-data\">\n\t\t\t\t\t<span class=\"elementor-post-date\">\n\t\t\t18 septiembre, 2025\t\t<\/span>\n\t\t\t\t<\/div>\n\t\t\t\t\t<\/div>\n\t\t<\/article>\n\t\t\t\t<article class=\"elementor-post elementor-grid-item post-330 post type-post status-publish format-standard has-post-thumbnail hentry category-noticias\">\n\t\t\t<div class=\"elementor-post__card\">\n\t\t\t\t<a class=\"elementor-post__thumbnail__link\" href=\"https:\/\/www.upo.es\/catedraemprendimientosocial\/i-edicion-de-los-premios-al-cooperativismo-de-la-provincia-de-sevilla\/\" tabindex=\"-1\" ><div class=\"elementor-post__thumbnail\"><img loading=\"lazy\" decoding=\"async\" width=\"300\" height=\"200\" src=\"https:\/\/www.upo.es\/catedraemprendimientosocial\/wp-content\/uploads\/2025\/09\/I_2025-09-16_Presentacion-Bases-Premio-Cooperativismo_detail-300x200.jpg\" class=\"attachment-medium size-medium wp-image-331\" alt=\"\" srcset=\"https:\/\/www.upo.es\/catedraemprendimientosocial\/wp-content\/uploads\/2025\/09\/I_2025-09-16_Presentacion-Bases-Premio-Cooperativismo_detail-300x200.jpg 300w, https:\/\/www.upo.es\/catedraemprendimientosocial\/wp-content\/uploads\/2025\/09\/I_2025-09-16_Presentacion-Bases-Premio-Cooperativismo_detail.jpg 560w\" sizes=\"(max-width: 300px) 100vw, 300px\" \/><\/div><\/a>\n\t\t\t\t<div class=\"elementor-post__text\">\n\t\t\t\t<h3 class=\"elementor-post__title\">\n\t\t\t<a href=\"https:\/\/www.upo.es\/catedraemprendimientosocial\/i-edicion-de-los-premios-al-cooperativismo-de-la-provincia-de-sevilla\/\" >\n\t\t\t\tI Edici\u00f3n de los Premios al Cooperativismo de la Provincia de Sevilla\t\t\t<\/a>\n\t\t<\/h3>\n\t\t\t\t<\/div>\n\t\t\t\t<div class=\"elementor-post__meta-data\">\n\t\t\t\t\t<span class=\"elementor-post-date\">\n\t\t\t16 septiembre, 2025\t\t<\/span>\n\t\t\t\t<\/div>\n\t\t\t\t\t<\/div>\n\t\t<\/article>\n\t\t\t\t<article class=\"elementor-post elementor-grid-item post-289 post type-post status-publish format-standard has-post-thumbnail hentry category-noticias\">\n\t\t\t<div class=\"elementor-post__card\">\n\t\t\t\t<a class=\"elementor-post__thumbnail__link\" href=\"https:\/\/www.upo.es\/catedraemprendimientosocial\/curso-modelos-innovadores-de-la-economia-social\/\" tabindex=\"-1\" ><div class=\"elementor-post__thumbnail\"><img loading=\"lazy\" decoding=\"async\" width=\"300\" height=\"197\" src=\"https:\/\/www.upo.es\/catedraemprendimientosocial\/wp-content\/uploads\/2025\/09\/Captura-de-pantalla-2025-09-08-a-las-22.57.46-300x197.png\" class=\"attachment-medium size-medium wp-image-290\" alt=\"\" srcset=\"https:\/\/www.upo.es\/catedraemprendimientosocial\/wp-content\/uploads\/2025\/09\/Captura-de-pantalla-2025-09-08-a-las-22.57.46-300x197.png 300w, https:\/\/www.upo.es\/catedraemprendimientosocial\/wp-content\/uploads\/2025\/09\/Captura-de-pantalla-2025-09-08-a-las-22.57.46-1024x671.png 1024w, https:\/\/www.upo.es\/catedraemprendimientosocial\/wp-content\/uploads\/2025\/09\/Captura-de-pantalla-2025-09-08-a-las-22.57.46-768x504.png 768w, https:\/\/www.upo.es\/catedraemprendimientosocial\/wp-content\/uploads\/2025\/09\/Captura-de-pantalla-2025-09-08-a-las-22.57.46-1536x1007.png 1536w, https:\/\/www.upo.es\/catedraemprendimientosocial\/wp-content\/uploads\/2025\/09\/Captura-de-pantalla-2025-09-08-a-las-22.57.46-2048x1343.png 2048w\" sizes=\"(max-width: 300px) 100vw, 300px\" \/><\/div><\/a>\n\t\t\t\t<div class=\"elementor-post__text\">\n\t\t\t\t<h3 class=\"elementor-post__title\">\n\t\t\t<a href=\"https:\/\/www.upo.es\/catedraemprendimientosocial\/curso-modelos-innovadores-de-la-economia-social\/\" >\n\t\t\t\tCurso: MODELOS INNOVADORES DE LA ECONOM\u00cdA SOCIAL\t\t\t<\/a>\n\t\t<\/h3>\n\t\t\t\t<\/div>\n\t\t\t\t<div class=\"elementor-post__meta-data\">\n\t\t\t\t\t<span class=\"elementor-post-date\">\n\t\t\t8 septiembre, 2025\t\t<\/span>\n\t\t\t\t<\/div>\n\t\t\t\t\t<\/div>\n\t\t<\/article>\n\t\t\t\t<article class=\"elementor-post elementor-grid-item post-286 post type-post status-publish format-standard has-post-thumbnail hentry category-noticias\">\n\t\t\t<div class=\"elementor-post__card\">\n\t\t\t\t<a class=\"elementor-post__thumbnail__link\" href=\"https:\/\/www.upo.es\/catedraemprendimientosocial\/curso-intervencion-en-colectivos-vulnerables-desde-el-ambito-de-las-empresas-de-insercion-y-sus-entidades-promotoras\/\" tabindex=\"-1\" ><div class=\"elementor-post__thumbnail\"><img loading=\"lazy\" decoding=\"async\" width=\"300\" height=\"206\" src=\"https:\/\/www.upo.es\/catedraemprendimientosocial\/wp-content\/uploads\/2025\/09\/Captura-de-pantalla-2025-09-08-a-las-22.28.12-300x206.png\" class=\"attachment-medium size-medium wp-image-287\" alt=\"\" srcset=\"https:\/\/www.upo.es\/catedraemprendimientosocial\/wp-content\/uploads\/2025\/09\/Captura-de-pantalla-2025-09-08-a-las-22.28.12-300x206.png 300w, https:\/\/www.upo.es\/catedraemprendimientosocial\/wp-content\/uploads\/2025\/09\/Captura-de-pantalla-2025-09-08-a-las-22.28.12-1024x702.png 1024w, https:\/\/www.upo.es\/catedraemprendimientosocial\/wp-content\/uploads\/2025\/09\/Captura-de-pantalla-2025-09-08-a-las-22.28.12-768x527.png 768w, https:\/\/www.upo.es\/catedraemprendimientosocial\/wp-content\/uploads\/2025\/09\/Captura-de-pantalla-2025-09-08-a-las-22.28.12-1536x1053.png 1536w, https:\/\/www.upo.es\/catedraemprendimientosocial\/wp-content\/uploads\/2025\/09\/Captura-de-pantalla-2025-09-08-a-las-22.28.12-2048x1404.png 2048w\" sizes=\"(max-width: 300px) 100vw, 300px\" \/><\/div><\/a>\n\t\t\t\t<div class=\"elementor-post__text\">\n\t\t\t\t<h3 class=\"elementor-post__title\">\n\t\t\t<a href=\"https:\/\/www.upo.es\/catedraemprendimientosocial\/curso-intervencion-en-colectivos-vulnerables-desde-el-ambito-de-las-empresas-de-insercion-y-sus-entidades-promotoras\/\" >\n\t\t\t\tCurso: INTERVENCI\u00d3N EN COLECTIVOS VULNERABLES DESDE EL \u00c1MBITO DE LAS EMPRESAS DE INSERCI\u00d3N Y SUS ENTIDADES PROMOTORAS\t\t\t<\/a>\n\t\t<\/h3>\n\t\t\t\t<\/div>\n\t\t\t\t<div class=\"elementor-post__meta-data\">\n\t\t\t\t\t<span class=\"elementor-post-date\">\n\t\t\t8 septiembre, 2025\t\t<\/span>\n\t\t\t\t<\/div>\n\t\t\t\t\t<\/div>\n\t\t<\/article>\n\t\t\t\t<article class=\"elementor-post elementor-grid-item post-275 post type-post status-publish format-standard has-post-thumbnail hentry category-noticias\">\n\t\t\t<div class=\"elementor-post__card\">\n\t\t\t\t<a class=\"elementor-post__thumbnail__link\" href=\"https:\/\/www.upo.es\/catedraemprendimientosocial\/curso-emprender-en-economia-social\/\" tabindex=\"-1\" ><div class=\"elementor-post__thumbnail\"><img loading=\"lazy\" decoding=\"async\" width=\"300\" height=\"203\" src=\"https:\/\/www.upo.es\/catedraemprendimientosocial\/wp-content\/uploads\/2025\/09\/Captura-de-pantalla-2025-09-08-a-las-22.24.14-300x203.png\" class=\"attachment-medium size-medium wp-image-279\" alt=\"\" srcset=\"https:\/\/www.upo.es\/catedraemprendimientosocial\/wp-content\/uploads\/2025\/09\/Captura-de-pantalla-2025-09-08-a-las-22.24.14-300x203.png 300w, https:\/\/www.upo.es\/catedraemprendimientosocial\/wp-content\/uploads\/2025\/09\/Captura-de-pantalla-2025-09-08-a-las-22.24.14-1024x694.png 1024w, https:\/\/www.upo.es\/catedraemprendimientosocial\/wp-content\/uploads\/2025\/09\/Captura-de-pantalla-2025-09-08-a-las-22.24.14-768x520.png 768w, https:\/\/www.upo.es\/catedraemprendimientosocial\/wp-content\/uploads\/2025\/09\/Captura-de-pantalla-2025-09-08-a-las-22.24.14-1536x1041.png 1536w, https:\/\/www.upo.es\/catedraemprendimientosocial\/wp-content\/uploads\/2025\/09\/Captura-de-pantalla-2025-09-08-a-las-22.24.14-2048x1388.png 2048w\" sizes=\"(max-width: 300px) 100vw, 300px\" \/><\/div><\/a>\n\t\t\t\t<div class=\"elementor-post__text\">\n\t\t\t\t<h3 class=\"elementor-post__title\">\n\t\t\t<a href=\"https:\/\/www.upo.es\/catedraemprendimientosocial\/curso-emprender-en-economia-social\/\" >\n\t\t\t\tCurso: GESTI\u00d3N DE RECURSOS HUMANOS EN ENTIDADES DE ECONOM\u00cdA SOCIAL\t\t\t<\/a>\n\t\t<\/h3>\n\t\t\t\t<\/div>\n\t\t\t\t<div class=\"elementor-post__meta-data\">\n\t\t\t\t\t<span class=\"elementor-post-date\">\n\t\t\t8 septiembre, 2025\t\t<\/span>\n\t\t\t\t<\/div>\n\t\t\t\t\t<\/div>\n\t\t<\/article>\n\t\t\t\t<article class=\"elementor-post elementor-grid-item post-338 post type-post status-publish format-standard has-post-thumbnail hentry category-noticias\">\n\t\t\t<div class=\"elementor-post__card\">\n\t\t\t\t<a class=\"elementor-post__thumbnail__link\" href=\"https:\/\/www.upo.es\/catedraemprendimientosocial\/contrato-de-investigacion\/\" tabindex=\"-1\" ><div class=\"elementor-post__thumbnail\"><img loading=\"lazy\" decoding=\"async\" width=\"225\" height=\"225\" src=\"https:\/\/www.upo.es\/catedraemprendimientosocial\/wp-content\/uploads\/2025\/10\/Otri-UPO.jpg\" class=\"attachment-medium size-medium wp-image-339\" alt=\"\" srcset=\"https:\/\/www.upo.es\/catedraemprendimientosocial\/wp-content\/uploads\/2025\/10\/Otri-UPO.jpg 225w, https:\/\/www.upo.es\/catedraemprendimientosocial\/wp-content\/uploads\/2025\/10\/Otri-UPO-150x150.jpg 150w\" sizes=\"(max-width: 225px) 100vw, 225px\" \/><\/div><\/a>\n\t\t\t\t<div class=\"elementor-post__text\">\n\t\t\t\t<h3 class=\"elementor-post__title\">\n\t\t\t<a href=\"https:\/\/www.upo.es\/catedraemprendimientosocial\/contrato-de-investigacion\/\" >\n\t\t\t\tContrato de Investigaci\u00f3n\t\t\t<\/a>\n\t\t<\/h3>\n\t\t\t\t<\/div>\n\t\t\t\t<div class=\"elementor-post__meta-data\">\n\t\t\t\t\t<span class=\"elementor-post-date\">\n\t\t\t1 julio, 2025\t\t<\/span>\n\t\t\t\t<\/div>\n\t\t\t\t\t<\/div>\n\t\t<\/article>\n\t\t\t\t<article class=\"elementor-post elementor-grid-item post-326 post type-post status-publish format-standard has-post-thumbnail hentry category-noticias\">\n\t\t\t<div class=\"elementor-post__card\">\n\t\t\t\t<a class=\"elementor-post__thumbnail__link\" href=\"https:\/\/www.upo.es\/catedraemprendimientosocial\/participacion-en-xxxix-aedem-international-annual-meeting\/\" tabindex=\"-1\" ><div class=\"elementor-post__thumbnail\"><img loading=\"lazy\" decoding=\"async\" width=\"300\" height=\"219\" src=\"https:\/\/www.upo.es\/catedraemprendimientosocial\/wp-content\/uploads\/2025\/09\/45727b9e-fae3-4bdb-8ad3-b6e77e68b256-300x219.jpeg\" class=\"attachment-medium size-medium wp-image-327\" alt=\"\" srcset=\"https:\/\/www.upo.es\/catedraemprendimientosocial\/wp-content\/uploads\/2025\/09\/45727b9e-fae3-4bdb-8ad3-b6e77e68b256-300x219.jpeg 300w, https:\/\/www.upo.es\/catedraemprendimientosocial\/wp-content\/uploads\/2025\/09\/45727b9e-fae3-4bdb-8ad3-b6e77e68b256-1024x749.jpeg 1024w, https:\/\/www.upo.es\/catedraemprendimientosocial\/wp-content\/uploads\/2025\/09\/45727b9e-fae3-4bdb-8ad3-b6e77e68b256-768x561.jpeg 768w, https:\/\/www.upo.es\/catedraemprendimientosocial\/wp-content\/uploads\/2025\/09\/45727b9e-fae3-4bdb-8ad3-b6e77e68b256-1536x1123.jpeg 1536w, https:\/\/www.upo.es\/catedraemprendimientosocial\/wp-content\/uploads\/2025\/09\/45727b9e-fae3-4bdb-8ad3-b6e77e68b256.jpeg 2048w\" sizes=\"(max-width: 300px) 100vw, 300px\" \/><\/div><\/a>\n\t\t\t\t<div class=\"elementor-post__text\">\n\t\t\t\t<h3 class=\"elementor-post__title\">\n\t\t\t<a href=\"https:\/\/www.upo.es\/catedraemprendimientosocial\/participacion-en-xxxix-aedem-international-annual-meeting\/\" >\n\t\t\t\tParticipaci\u00f3n en XXXIX AEDEM International Annual Meeting\t\t\t<\/a>\n\t\t<\/h3>\n\t\t\t\t<\/div>\n\t\t\t\t<div class=\"elementor-post__meta-data\">\n\t\t\t\t\t<span class=\"elementor-post-date\">\n\t\t\t13 junio, 2025\t\t<\/span>\n\t\t\t\t<\/div>\n\t\t\t\t\t<\/div>\n\t\t<\/article>\n\t\t\t\t<article class=\"elementor-post elementor-grid-item post-311 post type-post status-publish format-standard has-post-thumbnail hentry category-noticias\">\n\t\t\t<div class=\"elementor-post__card\">\n\t\t\t\t<a class=\"elementor-post__thumbnail__link\" href=\"https:\/\/www.upo.es\/catedraemprendimientosocial\/curso-innovacion-sistemica-en-la-economia-social\/\" tabindex=\"-1\" ><div class=\"elementor-post__thumbnail\"><img loading=\"lazy\" decoding=\"async\" width=\"300\" height=\"150\" src=\"https:\/\/www.upo.es\/catedraemprendimientosocial\/wp-content\/uploads\/2025\/09\/UPO2-1-1024x512-1-300x150.jpg\" class=\"attachment-medium size-medium wp-image-312\" alt=\"\" srcset=\"https:\/\/www.upo.es\/catedraemprendimientosocial\/wp-content\/uploads\/2025\/09\/UPO2-1-1024x512-1-300x150.jpg 300w, https:\/\/www.upo.es\/catedraemprendimientosocial\/wp-content\/uploads\/2025\/09\/UPO2-1-1024x512-1-768x384.jpg 768w, https:\/\/www.upo.es\/catedraemprendimientosocial\/wp-content\/uploads\/2025\/09\/UPO2-1-1024x512-1.jpg 1024w\" sizes=\"(max-width: 300px) 100vw, 300px\" \/><\/div><\/a>\n\t\t\t\t<div class=\"elementor-post__text\">\n\t\t\t\t<h3 class=\"elementor-post__title\">\n\t\t\t<a href=\"https:\/\/www.upo.es\/catedraemprendimientosocial\/curso-innovacion-sistemica-en-la-economia-social\/\" >\n\t\t\t\tCurso: INNOVACI\u00d3N SIST\u00c9MICA EN LA ECONOM\u00cdA SOCIAL\t\t\t<\/a>\n\t\t<\/h3>\n\t\t\t\t<\/div>\n\t\t\t\t<div class=\"elementor-post__meta-data\">\n\t\t\t\t\t<span class=\"elementor-post-date\">\n\t\t\t1 mayo, 2025\t\t<\/span>\n\t\t\t\t<\/div>\n\t\t\t\t\t<\/div>\n\t\t<\/article>\n\t\t\t\t<article class=\"elementor-post elementor-grid-item post-264 post type-post status-publish format-standard has-post-thumbnail hentry category-noticias\">\n\t\t\t<div class=\"elementor-post__card\">\n\t\t\t\t<a class=\"elementor-post__thumbnail__link\" href=\"https:\/\/www.upo.es\/catedraemprendimientosocial\/visita-de-la-delegacion-de-miembros-de-la-junta-directiva-junta-de-vigilancia-y-delegados-de-la-cooperativa-chorotega-de-honduras\/\" tabindex=\"-1\" ><div class=\"elementor-post__thumbnail\"><img loading=\"lazy\" decoding=\"async\" width=\"300\" height=\"225\" src=\"https:\/\/www.upo.es\/catedraemprendimientosocial\/wp-content\/uploads\/2025\/04\/43dd0f69-ef38-410f-b8d0-6a176357db41-300x225.jpeg\" class=\"attachment-medium size-medium wp-image-265\" alt=\"\" srcset=\"https:\/\/www.upo.es\/catedraemprendimientosocial\/wp-content\/uploads\/2025\/04\/43dd0f69-ef38-410f-b8d0-6a176357db41-300x225.jpeg 300w, https:\/\/www.upo.es\/catedraemprendimientosocial\/wp-content\/uploads\/2025\/04\/43dd0f69-ef38-410f-b8d0-6a176357db41-1024x768.jpeg 1024w, https:\/\/www.upo.es\/catedraemprendimientosocial\/wp-content\/uploads\/2025\/04\/43dd0f69-ef38-410f-b8d0-6a176357db41-768x576.jpeg 768w, https:\/\/www.upo.es\/catedraemprendimientosocial\/wp-content\/uploads\/2025\/04\/43dd0f69-ef38-410f-b8d0-6a176357db41-1536x1152.jpeg 1536w, https:\/\/www.upo.es\/catedraemprendimientosocial\/wp-content\/uploads\/2025\/04\/43dd0f69-ef38-410f-b8d0-6a176357db41.jpeg 1600w\" sizes=\"(max-width: 300px) 100vw, 300px\" \/><\/div><\/a>\n\t\t\t\t<div class=\"elementor-post__text\">\n\t\t\t\t<h3 class=\"elementor-post__title\">\n\t\t\t<a href=\"https:\/\/www.upo.es\/catedraemprendimientosocial\/visita-de-la-delegacion-de-miembros-de-la-junta-directiva-junta-de-vigilancia-y-delegados-de-la-cooperativa-chorotega-de-honduras\/\" >\n\t\t\t\tVisita de la delegaci\u00f3n de miembros de la Junta Directiva, junta de vigilancia y delegados de la Cooperativa Chorotega de Honduras\t\t\t<\/a>\n\t\t<\/h3>\n\t\t\t\t<\/div>\n\t\t\t\t<div class=\"elementor-post__meta-data\">\n\t\t\t\t\t<span class=\"elementor-post-date\">\n\t\t\t24 abril, 2025\t\t<\/span>\n\t\t\t\t<\/div>\n\t\t\t\t\t<\/div>\n\t\t<\/article>\n\t\t\t\t<article class=\"elementor-post elementor-grid-item post-322 post type-post status-publish format-standard has-post-thumbnail hentry category-noticias\">\n\t\t\t<div class=\"elementor-post__card\">\n\t\t\t\t<a class=\"elementor-post__thumbnail__link\" href=\"https:\/\/www.upo.es\/catedraemprendimientosocial\/premio-a-los-investigadores-de-la-catedra-en-emprendimiento-e-innovacion-empresarial-de-la-economia-social\/\" tabindex=\"-1\" ><div class=\"elementor-post__thumbnail\"><img loading=\"lazy\" decoding=\"async\" width=\"300\" height=\"203\" src=\"https:\/\/www.upo.es\/catedraemprendimientosocial\/wp-content\/uploads\/2025\/09\/IMG_2474-300x203.jpeg\" class=\"attachment-medium size-medium wp-image-323\" alt=\"\" srcset=\"https:\/\/www.upo.es\/catedraemprendimientosocial\/wp-content\/uploads\/2025\/09\/IMG_2474-300x203.jpeg 300w, https:\/\/www.upo.es\/catedraemprendimientosocial\/wp-content\/uploads\/2025\/09\/IMG_2474-768x519.jpeg 768w, https:\/\/www.upo.es\/catedraemprendimientosocial\/wp-content\/uploads\/2025\/09\/IMG_2474.jpeg 800w\" sizes=\"(max-width: 300px) 100vw, 300px\" \/><\/div><\/a>\n\t\t\t\t<div class=\"elementor-post__text\">\n\t\t\t\t<h3 class=\"elementor-post__title\">\n\t\t\t<a href=\"https:\/\/www.upo.es\/catedraemprendimientosocial\/premio-a-los-investigadores-de-la-catedra-en-emprendimiento-e-innovacion-empresarial-de-la-economia-social\/\" >\n\t\t\t\tPremio a los Investigadores de la C\u00e1tedra en Emprendimiento e Innovaci\u00f3n Empresarial de la Econom\u00eda Social\t\t\t<\/a>\n\t\t<\/h3>\n\t\t\t\t<\/div>\n\t\t\t\t<div class=\"elementor-post__meta-data\">\n\t\t\t\t\t<span class=\"elementor-post-date\">\n\t\t\t4 abril, 2025\t\t<\/span>\n\t\t\t\t<\/div>\n\t\t\t\t\t<\/div>\n\t\t<\/article>\n\t\t\t\t<article class=\"elementor-post elementor-grid-item post-261 post type-post status-publish format-standard has-post-thumbnail hentry category-noticias\">\n\t\t\t<div class=\"elementor-post__card\">\n\t\t\t\t<a class=\"elementor-post__thumbnail__link\" href=\"https:\/\/www.upo.es\/catedraemprendimientosocial\/la-catedra-paticipa-en-el-xx-congreso-internacional-de-investigadores-de-economia-social-de-ciriec-espana\/\" tabindex=\"-1\" ><div class=\"elementor-post__thumbnail\"><img loading=\"lazy\" decoding=\"async\" width=\"229\" height=\"300\" src=\"https:\/\/www.upo.es\/catedraemprendimientosocial\/wp-content\/uploads\/2025\/04\/a1f2a603-c1f0-4424-ac3a-1674e14dafb4-229x300.jpeg\" class=\"attachment-medium size-medium wp-image-262\" alt=\"\" srcset=\"https:\/\/www.upo.es\/catedraemprendimientosocial\/wp-content\/uploads\/2025\/04\/a1f2a603-c1f0-4424-ac3a-1674e14dafb4-229x300.jpeg 229w, https:\/\/www.upo.es\/catedraemprendimientosocial\/wp-content\/uploads\/2025\/04\/a1f2a603-c1f0-4424-ac3a-1674e14dafb4-781x1024.jpeg 781w, https:\/\/www.upo.es\/catedraemprendimientosocial\/wp-content\/uploads\/2025\/04\/a1f2a603-c1f0-4424-ac3a-1674e14dafb4-768x1007.jpeg 768w, https:\/\/www.upo.es\/catedraemprendimientosocial\/wp-content\/uploads\/2025\/04\/a1f2a603-c1f0-4424-ac3a-1674e14dafb4.jpeg 1148w\" sizes=\"(max-width: 229px) 100vw, 229px\" \/><\/div><\/a>\n\t\t\t\t<div class=\"elementor-post__text\">\n\t\t\t\t<h3 class=\"elementor-post__title\">\n\t\t\t<a href=\"https:\/\/www.upo.es\/catedraemprendimientosocial\/la-catedra-paticipa-en-el-xx-congreso-internacional-de-investigadores-de-economia-social-de-ciriec-espana\/\" >\n\t\t\t\tLa C\u00e1tedra paticipa en el XX Congreso Internacional de Investigadores de Econom\u00eda Social de CIRIEC-Espa\u00f1a\t\t\t<\/a>\n\t\t<\/h3>\n\t\t\t\t<\/div>\n\t\t\t\t<div class=\"elementor-post__meta-data\">\n\t\t\t\t\t<span class=\"elementor-post-date\">\n\t\t\t2 abril, 2025\t\t<\/span>\n\t\t\t\t<\/div>\n\t\t\t\t\t<\/div>\n\t\t<\/article>\n\t\t\t\t<article class=\"elementor-post elementor-grid-item post-258 post type-post status-publish format-standard has-post-thumbnail hentry category-noticias\">\n\t\t\t<div class=\"elementor-post__card\">\n\t\t\t\t<a class=\"elementor-post__thumbnail__link\" href=\"https:\/\/www.upo.es\/catedraemprendimientosocial\/visita-a-la-empresa-de-insercion-bioalverde\/\" tabindex=\"-1\" ><div class=\"elementor-post__thumbnail\"><img loading=\"lazy\" decoding=\"async\" width=\"300\" height=\"169\" src=\"https:\/\/www.upo.es\/catedraemprendimientosocial\/wp-content\/uploads\/2025\/04\/1FF8FE56-67E1-4DAB-9D40-9A2FE81D7E44-300x169.jpeg\" class=\"attachment-medium size-medium wp-image-259\" alt=\"\" srcset=\"https:\/\/www.upo.es\/catedraemprendimientosocial\/wp-content\/uploads\/2025\/04\/1FF8FE56-67E1-4DAB-9D40-9A2FE81D7E44-300x169.jpeg 300w, https:\/\/www.upo.es\/catedraemprendimientosocial\/wp-content\/uploads\/2025\/04\/1FF8FE56-67E1-4DAB-9D40-9A2FE81D7E44-1024x576.jpeg 1024w, https:\/\/www.upo.es\/catedraemprendimientosocial\/wp-content\/uploads\/2025\/04\/1FF8FE56-67E1-4DAB-9D40-9A2FE81D7E44-768x432.jpeg 768w, https:\/\/www.upo.es\/catedraemprendimientosocial\/wp-content\/uploads\/2025\/04\/1FF8FE56-67E1-4DAB-9D40-9A2FE81D7E44-1536x864.jpeg 1536w, https:\/\/www.upo.es\/catedraemprendimientosocial\/wp-content\/uploads\/2025\/04\/1FF8FE56-67E1-4DAB-9D40-9A2FE81D7E44-2048x1152.jpeg 2048w\" sizes=\"(max-width: 300px) 100vw, 300px\" \/><\/div><\/a>\n\t\t\t\t<div class=\"elementor-post__text\">\n\t\t\t\t<h3 class=\"elementor-post__title\">\n\t\t\t<a href=\"https:\/\/www.upo.es\/catedraemprendimientosocial\/visita-a-la-empresa-de-insercion-bioalverde\/\" >\n\t\t\t\tVisita a la Empresa de Inserci\u00f3n BIOALVERDE\t\t\t<\/a>\n\t\t<\/h3>\n\t\t\t\t<\/div>\n\t\t\t\t<div class=\"elementor-post__meta-data\">\n\t\t\t\t\t<span class=\"elementor-post-date\">\n\t\t\t2 abril, 2025\t\t<\/span>\n\t\t\t\t<\/div>\n\t\t\t\t\t<\/div>\n\t\t<\/article>\n\t\t\t\t<article class=\"elementor-post elementor-grid-item post-268 post type-post status-publish format-standard has-post-thumbnail hentry category-noticias\">\n\t\t\t<div class=\"elementor-post__card\">\n\t\t\t\t<a class=\"elementor-post__thumbnail__link\" href=\"https:\/\/www.upo.es\/catedraemprendimientosocial\/curso-emprender-en-economia-social-2\/\" tabindex=\"-1\" ><div class=\"elementor-post__thumbnail\"><img loading=\"lazy\" decoding=\"async\" width=\"193\" height=\"300\" src=\"https:\/\/www.upo.es\/catedraemprendimientosocial\/wp-content\/uploads\/2025\/09\/Emprender-en-Economia-Social_2-193x300.png\" class=\"attachment-medium size-medium wp-image-269\" alt=\"\" srcset=\"https:\/\/www.upo.es\/catedraemprendimientosocial\/wp-content\/uploads\/2025\/09\/Emprender-en-Economia-Social_2-193x300.png 193w, https:\/\/www.upo.es\/catedraemprendimientosocial\/wp-content\/uploads\/2025\/09\/Emprender-en-Economia-Social_2.png 472w\" sizes=\"(max-width: 193px) 100vw, 193px\" \/><\/div><\/a>\n\t\t\t\t<div class=\"elementor-post__text\">\n\t\t\t\t<h3 class=\"elementor-post__title\">\n\t\t\t<a href=\"https:\/\/www.upo.es\/catedraemprendimientosocial\/curso-emprender-en-economia-social-2\/\" >\n\t\t\t\tCurso: EMPRENDER EN ECONOM\u00cdA SOCIAL\t\t\t<\/a>\n\t\t<\/h3>\n\t\t\t\t<\/div>\n\t\t\t\t<div class=\"elementor-post__meta-data\">\n\t\t\t\t\t<span class=\"elementor-post-date\">\n\t\t\t30 marzo, 2025\t\t<\/span>\n\t\t\t\t<\/div>\n\t\t\t\t\t<\/div>\n\t\t<\/article>\n\t\t\t\t<article class=\"elementor-post elementor-grid-item post-254 post type-post status-publish format-standard has-post-thumbnail hentry category-noticias\">\n\t\t\t<div class=\"elementor-post__card\">\n\t\t\t\t<a class=\"elementor-post__thumbnail__link\" href=\"https:\/\/www.upo.es\/catedraemprendimientosocial\/las-sesiones-de-economia-social-en-el-aula-estan-siendo-un-exito\/\" tabindex=\"-1\" ><div class=\"elementor-post__thumbnail\"><img loading=\"lazy\" decoding=\"async\" width=\"300\" height=\"225\" src=\"https:\/\/www.upo.es\/catedraemprendimientosocial\/wp-content\/uploads\/2025\/04\/537f1b24-d5a9-47fe-84ae-f1a80a05b306-300x225.jpeg\" class=\"attachment-medium size-medium wp-image-255\" alt=\"\" srcset=\"https:\/\/www.upo.es\/catedraemprendimientosocial\/wp-content\/uploads\/2025\/04\/537f1b24-d5a9-47fe-84ae-f1a80a05b306-300x225.jpeg 300w, https:\/\/www.upo.es\/catedraemprendimientosocial\/wp-content\/uploads\/2025\/04\/537f1b24-d5a9-47fe-84ae-f1a80a05b306-1024x769.jpeg 1024w, https:\/\/www.upo.es\/catedraemprendimientosocial\/wp-content\/uploads\/2025\/04\/537f1b24-d5a9-47fe-84ae-f1a80a05b306-768x576.jpeg 768w, https:\/\/www.upo.es\/catedraemprendimientosocial\/wp-content\/uploads\/2025\/04\/537f1b24-d5a9-47fe-84ae-f1a80a05b306-1536x1153.jpeg 1536w, https:\/\/www.upo.es\/catedraemprendimientosocial\/wp-content\/uploads\/2025\/04\/537f1b24-d5a9-47fe-84ae-f1a80a05b306.jpeg 2048w\" sizes=\"(max-width: 300px) 100vw, 300px\" \/><\/div><\/a>\n\t\t\t\t<div class=\"elementor-post__text\">\n\t\t\t\t<h3 class=\"elementor-post__title\">\n\t\t\t<a href=\"https:\/\/www.upo.es\/catedraemprendimientosocial\/las-sesiones-de-economia-social-en-el-aula-estan-siendo-un-exito\/\" >\n\t\t\t\t\u00a1Las sesiones de Econom\u00eda Social en el Aula est\u00e1n siendo un \u00e9xito!\t\t\t<\/a>\n\t\t<\/h3>\n\t\t\t\t<\/div>\n\t\t\t\t<div class=\"elementor-post__meta-data\">\n\t\t\t\t\t<span class=\"elementor-post-date\">\n\t\t\t28 marzo, 2025\t\t<\/span>\n\t\t\t\t<\/div>\n\t\t\t\t\t<\/div>\n\t\t<\/article>\n\t\t\t\t<article class=\"elementor-post elementor-grid-item post-195 post type-post status-publish format-standard has-post-thumbnail hentry category-noticias\">\n\t\t\t<div class=\"elementor-post__card\">\n\t\t\t\t<a class=\"elementor-post__thumbnail__link\" href=\"https:\/\/www.upo.es\/catedraemprendimientosocial\/vi-semana-universitaria-de-la-economia-social-2025\/\" tabindex=\"-1\" ><div class=\"elementor-post__thumbnail\"><img loading=\"lazy\" decoding=\"async\" width=\"207\" height=\"300\" src=\"https:\/\/www.upo.es\/catedraemprendimientosocial\/wp-content\/uploads\/2025\/03\/Cartel-semana-universitaria-definitivo-207x300.png\" class=\"attachment-medium size-medium wp-image-196\" alt=\"\" srcset=\"https:\/\/www.upo.es\/catedraemprendimientosocial\/wp-content\/uploads\/2025\/03\/Cartel-semana-universitaria-definitivo-207x300.png 207w, https:\/\/www.upo.es\/catedraemprendimientosocial\/wp-content\/uploads\/2025\/03\/Cartel-semana-universitaria-definitivo-707x1024.png 707w, https:\/\/www.upo.es\/catedraemprendimientosocial\/wp-content\/uploads\/2025\/03\/Cartel-semana-universitaria-definitivo-768x1112.png 768w, https:\/\/www.upo.es\/catedraemprendimientosocial\/wp-content\/uploads\/2025\/03\/Cartel-semana-universitaria-definitivo-1061x1536.png 1061w, https:\/\/www.upo.es\/catedraemprendimientosocial\/wp-content\/uploads\/2025\/03\/Cartel-semana-universitaria-definitivo-1414x2048.png 1414w, https:\/\/www.upo.es\/catedraemprendimientosocial\/wp-content\/uploads\/2025\/03\/Cartel-semana-universitaria-definitivo.png 1624w\" sizes=\"(max-width: 207px) 100vw, 207px\" \/><\/div><\/a>\n\t\t\t\t<div class=\"elementor-post__text\">\n\t\t\t\t<h3 class=\"elementor-post__title\">\n\t\t\t<a href=\"https:\/\/www.upo.es\/catedraemprendimientosocial\/vi-semana-universitaria-de-la-economia-social-2025\/\" >\n\t\t\t\tVI Semana Universitaria de la Econom\u00eda Social, 2025\t\t\t<\/a>\n\t\t<\/h3>\n\t\t\t\t<\/div>\n\t\t\t\t<div class=\"elementor-post__meta-data\">\n\t\t\t\t\t<span class=\"elementor-post-date\">\n\t\t\t24 marzo, 2025\t\t<\/span>\n\t\t\t\t<\/div>\n\t\t\t\t\t<\/div>\n\t\t<\/article>\n\t\t\t\t<article class=\"elementor-post elementor-grid-item post-316 post type-post status-publish format-standard has-post-thumbnail hentry category-noticias\">\n\t\t\t<div class=\"elementor-post__card\">\n\t\t\t\t<a class=\"elementor-post__thumbnail__link\" href=\"https:\/\/www.upo.es\/catedraemprendimientosocial\/formacion-pdi-aproximacion-a-la-economia-social\/\" tabindex=\"-1\" ><div class=\"elementor-post__thumbnail\"><img loading=\"lazy\" decoding=\"async\" width=\"232\" height=\"300\" src=\"https:\/\/www.upo.es\/catedraemprendimientosocial\/wp-content\/uploads\/2025\/09\/Foto-Curso-232x300.png\" class=\"attachment-medium size-medium wp-image-319\" alt=\"\" srcset=\"https:\/\/www.upo.es\/catedraemprendimientosocial\/wp-content\/uploads\/2025\/09\/Foto-Curso-232x300.png 232w, https:\/\/www.upo.es\/catedraemprendimientosocial\/wp-content\/uploads\/2025\/09\/Foto-Curso.png 542w\" sizes=\"(max-width: 232px) 100vw, 232px\" \/><\/div><\/a>\n\t\t\t\t<div class=\"elementor-post__text\">\n\t\t\t\t<h3 class=\"elementor-post__title\">\n\t\t\t<a href=\"https:\/\/www.upo.es\/catedraemprendimientosocial\/formacion-pdi-aproximacion-a-la-economia-social\/\" >\n\t\t\t\tFormaci\u00f3n PDI: APROXIMACI\u00d3N A LA ECONOM\u00cdA SOCIAL\t\t\t<\/a>\n\t\t<\/h3>\n\t\t\t\t<\/div>\n\t\t\t\t<div class=\"elementor-post__meta-data\">\n\t\t\t\t\t<span class=\"elementor-post-date\">\n\t\t\t21 marzo, 2025\t\t<\/span>\n\t\t\t\t<\/div>\n\t\t\t\t\t<\/div>\n\t\t<\/article>\n\t\t\t\t<article class=\"elementor-post elementor-grid-item post-137 post type-post status-publish format-standard has-post-thumbnail hentry category-noticias\">\n\t\t\t<div class=\"elementor-post__card\">\n\t\t\t\t<a class=\"elementor-post__thumbnail__link\" href=\"https:\/\/www.upo.es\/catedraemprendimientosocial\/francisco-oliva-en-la-inauguracion-de-la-coops-week-el-futuro-es-colaborativo-innovador-y-transformador\/\" tabindex=\"-1\" ><div class=\"elementor-post__thumbnail\"><img loading=\"lazy\" decoding=\"async\" width=\"300\" height=\"200\" src=\"https:\/\/www.upo.es\/catedraemprendimientosocial\/wp-content\/uploads\/2025\/03\/25022025-Coops-Week-0530-scaled-1-300x200.jpg\" class=\"attachment-medium size-medium wp-image-138\" alt=\"\" srcset=\"https:\/\/www.upo.es\/catedraemprendimientosocial\/wp-content\/uploads\/2025\/03\/25022025-Coops-Week-0530-scaled-1-300x200.jpg 300w, https:\/\/www.upo.es\/catedraemprendimientosocial\/wp-content\/uploads\/2025\/03\/25022025-Coops-Week-0530-scaled-1-1024x683.jpg 1024w, https:\/\/www.upo.es\/catedraemprendimientosocial\/wp-content\/uploads\/2025\/03\/25022025-Coops-Week-0530-scaled-1-768x512.jpg 768w, https:\/\/www.upo.es\/catedraemprendimientosocial\/wp-content\/uploads\/2025\/03\/25022025-Coops-Week-0530-scaled-1-1536x1024.jpg 1536w, https:\/\/www.upo.es\/catedraemprendimientosocial\/wp-content\/uploads\/2025\/03\/25022025-Coops-Week-0530-scaled-1-2048x1366.jpg 2048w\" sizes=\"(max-width: 300px) 100vw, 300px\" \/><\/div><\/a>\n\t\t\t\t<div class=\"elementor-post__text\">\n\t\t\t\t<h3 class=\"elementor-post__title\">\n\t\t\t<a href=\"https:\/\/www.upo.es\/catedraemprendimientosocial\/francisco-oliva-en-la-inauguracion-de-la-coops-week-el-futuro-es-colaborativo-innovador-y-transformador\/\" >\n\t\t\t\tFrancisco Oliva en la inauguraci\u00f3n de la Coop\u2019s Week: \u201cEl futuro es colaborativo, innovador y transformador\u201d\t\t\t<\/a>\n\t\t<\/h3>\n\t\t\t\t<\/div>\n\t\t\t\t<div class=\"elementor-post__meta-data\">\n\t\t\t\t\t<span class=\"elementor-post-date\">\n\t\t\t25 febrero, 2025\t\t<\/span>\n\t\t\t\t<\/div>\n\t\t\t\t\t<\/div>\n\t\t<\/article>\n\t\t\t\t<article class=\"elementor-post elementor-grid-item post-92 post type-post status-publish format-standard has-post-thumbnail hentry category-noticias tag-pimesa tag-red-de-catedras-en-economia-social\">\n\t\t\t<div class=\"elementor-post__card\">\n\t\t\t\t<a class=\"elementor-post__thumbnail__link\" href=\"https:\/\/www.upo.es\/catedraemprendimientosocial\/junta-y-universidades-publicas-andaluzas-ponen-en-marcha-la-red-de-catedras-de-economia-social\/\" tabindex=\"-1\" ><div class=\"elementor-post__thumbnail\"><img loading=\"lazy\" decoding=\"async\" width=\"300\" height=\"200\" src=\"https:\/\/www.upo.es\/catedraemprendimientosocial\/wp-content\/uploads\/2025\/03\/Catedrasm4-scaled-1-300x200.jpg\" class=\"attachment-medium size-medium wp-image-93\" alt=\"\" srcset=\"https:\/\/www.upo.es\/catedraemprendimientosocial\/wp-content\/uploads\/2025\/03\/Catedrasm4-scaled-1-300x200.jpg 300w, https:\/\/www.upo.es\/catedraemprendimientosocial\/wp-content\/uploads\/2025\/03\/Catedrasm4-scaled-1-1024x683.jpg 1024w, https:\/\/www.upo.es\/catedraemprendimientosocial\/wp-content\/uploads\/2025\/03\/Catedrasm4-scaled-1-768x512.jpg 768w, https:\/\/www.upo.es\/catedraemprendimientosocial\/wp-content\/uploads\/2025\/03\/Catedrasm4-scaled-1-1536x1024.jpg 1536w, https:\/\/www.upo.es\/catedraemprendimientosocial\/wp-content\/uploads\/2025\/03\/Catedrasm4-scaled-1-2048x1366.jpg 2048w\" sizes=\"(max-width: 300px) 100vw, 300px\" \/><\/div><\/a>\n\t\t\t\t<div class=\"elementor-post__text\">\n\t\t\t\t<h3 class=\"elementor-post__title\">\n\t\t\t<a href=\"https:\/\/www.upo.es\/catedraemprendimientosocial\/junta-y-universidades-publicas-andaluzas-ponen-en-marcha-la-red-de-catedras-de-economia-social\/\" >\n\t\t\t\tJunta y Universidades P\u00fablicas Andaluzas ponen en marcha la Red de C\u00e1tedras de Econom\u00eda Social\t\t\t<\/a>\n\t\t<\/h3>\n\t\t\t\t<\/div>\n\t\t\t\t<div class=\"elementor-post__meta-data\">\n\t\t\t\t\t<span class=\"elementor-post-date\">\n\t\t\t20 diciembre, 2024\t\t<\/span>\n\t\t\t\t<\/div>\n\t\t\t\t\t<\/div>\n\t\t<\/article>\n\t\t\t\t<\/div>\n\t\t\n\t\t\t\t\t\t<\/div>\n\t\t\t\t<\/div>\n\t\t\t\t\t<\/div>\n\t\t\t\t<\/div>\n\t\t\t\t<\/div>\n\t\t","protected":false},"excerpt":{"rendered":"<p>Noticias<\/p>\n","protected":false},"author":2,"featured_media":0,"parent":0,"menu_order":0,"comment_status":"closed","ping_status":"closed","template":"","meta":{"footnotes":""},"class_list":["post-21","page","type-page","status-publish","hentry"],"yoast_head":"<!-- This site is optimized with the Yoast SEO plugin v24.7 - https:\/\/yoast.com\/wordpress\/plugins\/seo\/ -->\n<title>Noticias - C\u00e1tedra Emprendimiento Social e Innovaci\u00f3n Empresarial en Econom\u00eda Social<\/title>\n<meta name=\"robots\" content=\"index, follow, max-snippet:-1, max-image-preview:large, max-video-preview:-1\" \/>\n<link rel=\"canonical\" href=\"https:\/\/www.upo.es\/catedraemprendimientosocial\/noticias\/\" \/>\n<meta property=\"og:locale\" content=\"es_ES\" \/>\n<meta property=\"og:type\" content=\"article\" \/>\n<meta property=\"og:title\" content=\"Noticias - C\u00e1tedra Emprendimiento Social e Innovaci\u00f3n Empresarial en Econom\u00eda Social\" \/>\n<meta property=\"og:description\" content=\"Noticias\" \/>\n<meta property=\"og:url\" content=\"https:\/\/www.upo.es\/catedraemprendimientosocial\/noticias\/\" \/>\n<meta property=\"og:site_name\" content=\"C\u00e1tedra Emprendimiento Social e Innovaci\u00f3n Empresarial en Econom\u00eda Social\" \/>\n<meta property=\"article:modified_time\" content=\"2025-09-09T08:26:56+00:00\" \/>\n<meta property=\"og:image\" content=\"https:\/\/www.upo.es\/catedraemprendimientosocial\/wp-content\/uploads\/2025\/03\/Favicon.png\" \/>\n\t<meta property=\"og:image:width\" content=\"512\" \/>\n\t<meta property=\"og:image:height\" content=\"512\" \/>\n\t<meta property=\"og:image:type\" content=\"image\/png\" \/>\n<meta name=\"twitter:card\" content=\"summary_large_image\" \/>\n<meta name=\"twitter:label1\" content=\"Tiempo de lectura\" \/>\n\t<meta name=\"twitter:data1\" content=\"3 minutos\" \/>\n<script type=\"application\/ld+json\" class=\"yoast-schema-graph\">{\"@context\":\"https:\/\/schema.org\",\"@graph\":[{\"@type\":\"WebPage\",\"@id\":\"https:\/\/www.upo.es\/catedraemprendimientosocial\/noticias\/\",\"url\":\"https:\/\/www.upo.es\/catedraemprendimientosocial\/noticias\/\",\"name\":\"Noticias - C\u00e1tedra Emprendimiento Social e Innovaci\u00f3n Empresarial en Econom\u00eda Social\",\"isPartOf\":{\"@id\":\"https:\/\/www.upo.es\/catedraemprendimientosocial\/#website\"},\"primaryImageOfPage\":{\"@id\":\"https:\/\/www.upo.es\/catedraemprendimientosocial\/noticias\/#primaryimage\"},\"image\":{\"@id\":\"https:\/\/www.upo.es\/catedraemprendimientosocial\/noticias\/#primaryimage\"},\"thumbnailUrl\":\"https:\/\/www.upo.es\/catedraemprendimientosocial\/wp-content\/uploads\/2025\/03\/Favicon.png\",\"datePublished\":\"2025-03-12T17:07:16+00:00\",\"dateModified\":\"2025-09-09T08:26:56+00:00\",\"breadcrumb\":{\"@id\":\"https:\/\/www.upo.es\/catedraemprendimientosocial\/noticias\/#breadcrumb\"},\"inLanguage\":\"es\",\"potentialAction\":[{\"@type\":\"ReadAction\",\"target\":[\"https:\/\/www.upo.es\/catedraemprendimientosocial\/noticias\/\"]}]},{\"@type\":\"ImageObject\",\"inLanguage\":\"es\",\"@id\":\"https:\/\/www.upo.es\/catedraemprendimientosocial\/noticias\/#primaryimage\",\"url\":\"https:\/\/www.upo.es\/catedraemprendimientosocial\/wp-content\/uploads\/2025\/03\/Favicon.png\",\"contentUrl\":\"https:\/\/www.upo.es\/catedraemprendimientosocial\/wp-content\/uploads\/2025\/03\/Favicon.png\",\"width\":512,\"height\":512},{\"@type\":\"BreadcrumbList\",\"@id\":\"https:\/\/www.upo.es\/catedraemprendimientosocial\/noticias\/#breadcrumb\",\"itemListElement\":[{\"@type\":\"ListItem\",\"position\":1,\"name\":\"Portada\",\"item\":\"https:\/\/www.upo.es\/catedraemprendimientosocial\/\"},{\"@type\":\"ListItem\",\"position\":2,\"name\":\"Noticias\"}]},{\"@type\":\"WebSite\",\"@id\":\"https:\/\/www.upo.es\/catedraemprendimientosocial\/#website\",\"url\":\"https:\/\/www.upo.es\/catedraemprendimientosocial\/\",\"name\":\"C\u00e1tedra Emprendimiento e Innovaci\u00f3n Empresarial en Econom\u00eda Social - Universidad Pablo de Olavide\",\"description\":\"\",\"publisher\":{\"@id\":\"https:\/\/www.upo.es\/catedraemprendimientosocial\/#organization\"},\"potentialAction\":[{\"@type\":\"SearchAction\",\"target\":{\"@type\":\"EntryPoint\",\"urlTemplate\":\"https:\/\/www.upo.es\/catedraemprendimientosocial\/?s={search_term_string}\"},\"query-input\":{\"@type\":\"PropertyValueSpecification\",\"valueRequired\":true,\"valueName\":\"search_term_string\"}}],\"inLanguage\":\"es\"},{\"@type\":\"Organization\",\"@id\":\"https:\/\/www.upo.es\/catedraemprendimientosocial\/#organization\",\"name\":\"C\u00e1tedra Emprendimiento e Innovaci\u00f3n Empresarial en Econom\u00eda Social - Universidad Pablo de Olavide\",\"url\":\"https:\/\/www.upo.es\/catedraemprendimientosocial\/\",\"logo\":{\"@type\":\"ImageObject\",\"inLanguage\":\"es\",\"@id\":\"https:\/\/www.upo.es\/catedraemprendimientosocial\/#\/schema\/logo\/image\/\",\"url\":\"https:\/\/www.upo.es\/catedraemprendimientosocial\/wp-content\/uploads\/2025\/03\/Logo-Catedra-Economia-Social.png\",\"contentUrl\":\"https:\/\/www.upo.es\/catedraemprendimientosocial\/wp-content\/uploads\/2025\/03\/Logo-Catedra-Economia-Social.png\",\"width\":963,\"height\":300,\"caption\":\"C\u00e1tedra Emprendimiento e Innovaci\u00f3n Empresarial en Econom\u00eda Social - Universidad Pablo de Olavide\"},\"image\":{\"@id\":\"https:\/\/www.upo.es\/catedraemprendimientosocial\/#\/schema\/logo\/image\/\"}}]}<\/script>\n<!-- \/ Yoast SEO plugin. -->","yoast_head_json":{"title":"Noticias - C\u00e1tedra Emprendimiento Social e Innovaci\u00f3n Empresarial en Econom\u00eda Social","robots":{"index":"index","follow":"follow","max-snippet":"max-snippet:-1","max-image-preview":"max-image-preview:large","max-video-preview":"max-video-preview:-1"},"canonical":"https:\/\/www.upo.es\/catedraemprendimientosocial\/noticias\/","og_locale":"es_ES","og_type":"article","og_title":"Noticias - C\u00e1tedra Emprendimiento Social e Innovaci\u00f3n Empresarial en Econom\u00eda Social","og_description":"Noticias","og_url":"https:\/\/www.upo.es\/catedraemprendimientosocial\/noticias\/","og_site_name":"C\u00e1tedra Emprendimiento Social e Innovaci\u00f3n Empresarial en Econom\u00eda Social","article_modified_time":"2025-09-09T08:26:56+00:00","og_image":[{"width":512,"height":512,"url":"https:\/\/www.upo.es\/catedraemprendimientosocial\/wp-content\/uploads\/2025\/03\/Favicon.png","type":"image\/png"}],"twitter_card":"summary_large_image","twitter_misc":{"Tiempo de lectura":"3 minutos"},"schema":{"@context":"https:\/\/schema.org","@graph":[{"@type":"WebPage","@id":"https:\/\/www.upo.es\/catedraemprendimientosocial\/noticias\/","url":"https:\/\/www.upo.es\/catedraemprendimientosocial\/noticias\/","name":"Noticias - C\u00e1tedra Emprendimiento Social e Innovaci\u00f3n Empresarial en Econom\u00eda Social","isPartOf":{"@id":"https:\/\/www.upo.es\/catedraemprendimientosocial\/#website"},"primaryImageOfPage":{"@id":"https:\/\/www.upo.es\/catedraemprendimientosocial\/noticias\/#primaryimage"},"image":{"@id":"https:\/\/www.upo.es\/catedraemprendimientosocial\/noticias\/#primaryimage"},"thumbnailUrl":"https:\/\/www.upo.es\/catedraemprendimientosocial\/wp-content\/uploads\/2025\/03\/Favicon.png","datePublished":"2025-03-12T17:07:16+00:00","dateModified":"2025-09-09T08:26:56+00:00","breadcrumb":{"@id":"https:\/\/www.upo.es\/catedraemprendimientosocial\/noticias\/#breadcrumb"},"inLanguage":"es","potentialAction":[{"@type":"ReadAction","target":["https:\/\/www.upo.es\/catedraemprendimientosocial\/noticias\/"]}]},{"@type":"ImageObject","inLanguage":"es","@id":"https:\/\/www.upo.es\/catedraemprendimientosocial\/noticias\/#primaryimage","url":"https:\/\/www.upo.es\/catedraemprendimientosocial\/wp-content\/uploads\/2025\/03\/Favicon.png","contentUrl":"https:\/\/www.upo.es\/catedraemprendimientosocial\/wp-content\/uploads\/2025\/03\/Favicon.png","width":512,"height":512},{"@type":"BreadcrumbList","@id":"https:\/\/www.upo.es\/catedraemprendimientosocial\/noticias\/#breadcrumb","itemListElement":[{"@type":"ListItem","position":1,"name":"Portada","item":"https:\/\/www.upo.es\/catedraemprendimientosocial\/"},{"@type":"ListItem","position":2,"name":"Noticias"}]},{"@type":"WebSite","@id":"https:\/\/www.upo.es\/catedraemprendimientosocial\/#website","url":"https:\/\/www.upo.es\/catedraemprendimientosocial\/","name":"C\u00e1tedra Emprendimiento e Innovaci\u00f3n Empresarial en Econom\u00eda Social - Universidad Pablo de Olavide","description":"","publisher":{"@id":"https:\/\/www.upo.es\/catedraemprendimientosocial\/#organization"},"potentialAction":[{"@type":"SearchAction","target":{"@type":"EntryPoint","urlTemplate":"https:\/\/www.upo.es\/catedraemprendimientosocial\/?s={search_term_string}"},"query-input":{"@type":"PropertyValueSpecification","valueRequired":true,"valueName":"search_term_string"}}],"inLanguage":"es"},{"@type":"Organization","@id":"https:\/\/www.upo.es\/catedraemprendimientosocial\/#organization","name":"C\u00e1tedra Emprendimiento e Innovaci\u00f3n Empresarial en Econom\u00eda Social - Universidad Pablo de Olavide","url":"https:\/\/www.upo.es\/catedraemprendimientosocial\/","logo":{"@type":"ImageObject","inLanguage":"es","@id":"https:\/\/www.upo.es\/catedraemprendimientosocial\/#\/schema\/logo\/image\/","url":"https:\/\/www.upo.es\/catedraemprendimientosocial\/wp-content\/uploads\/2025\/03\/Logo-Catedra-Economia-Social.png","contentUrl":"https:\/\/www.upo.es\/catedraemprendimientosocial\/wp-content\/uploads\/2025\/03\/Logo-Catedra-Economia-Social.png","width":963,"height":300,"caption":"C\u00e1tedra Emprendimiento e Innovaci\u00f3n Empresarial en Econom\u00eda Social - Universidad Pablo de Olavide"},"image":{"@id":"https:\/\/www.upo.es\/catedraemprendimientosocial\/#\/schema\/logo\/image\/"}}]}},"_links":{"self":[{"href":"https:\/\/www.upo.es\/catedraemprendimientosocial\/wp-json\/wp\/v2\/pages\/21","targetHints":{"allow":["GET"]}}],"collection":[{"href":"https:\/\/www.upo.es\/catedraemprendimientosocial\/wp-json\/wp\/v2\/pages"}],"about":[{"href":"https:\/\/www.upo.es\/catedraemprendimientosocial\/wp-json\/wp\/v2\/types\/page"}],"author":[{"embeddable":true,"href":"https:\/\/www.upo.es\/catedraemprendimientosocial\/wp-json\/wp\/v2\/users\/2"}],"replies":[{"embeddable":true,"href":"https:\/\/www.upo.es\/catedraemprendimientosocial\/wp-json\/wp\/v2\/comments?post=21"}],"version-history":[{"count":7,"href":"https:\/\/www.upo.es\/catedraemprendimientosocial\/wp-json\/wp\/v2\/pages\/21\/revisions"}],"predecessor-version":[{"id":307,"href":"https:\/\/www.upo.es\/catedraemprendimientosocial\/wp-json\/wp\/v2\/pages\/21\/revisions\/307"}],"wp:attachment":[{"href":"https:\/\/www.upo.es\/catedraemprendimientosocial\/wp-json\/wp\/v2\/media?parent=21"}],"curies":[{"name":"wp","href":"https:\/\/api.w.org\/{rel}","templated":true}]}}