{"id":25,"date":"2024-12-04T11:01:01","date_gmt":"2024-12-04T10:01:01","guid":{"rendered":"https:\/\/www.upo.es\/ceicambio-dev\/?page_id=25"},"modified":"2026-01-23T10:33:44","modified_gmt":"2026-01-23T09:33:44","slug":"inicio","status":"publish","type":"page","link":"https:\/\/www.upo.es\/ceicambio\/","title":{"rendered":"Inicio"},"content":{"rendered":"<div class=\"wpb-content-wrapper\">[vc_row full_width=\u00bbstretch_row_content\u00bb][vc_column]<div  class=\"swmsc_full_width_section\" style=\" background-color:#ffffff;background-size: auto;  padding-top:0px; padding-bottom:50px; margin-top:0px; margin-bottom:0px;  \">\n\t\t\t\t\t\t<div class=\"swmsc_container\">\n\t\t\t\t\t\t\t<div  class=\"center\" ><div style=\"font-size:18px; color:#888888; font-weight:normal; line-height:30px;\">\n\t\t\t\t\tCEI CamBio, el Campus de Excelencia Internacional de Medio Ambiente, Biodiversidad y Cambio Global, es un punto de encuentro en torno al Medio Ambiente, la Biodiversidad y el Cambio Global que participa en la consolidaci\u00f3n de Andaluc\u00eda como referente en estas \u00e1reas de conocimiento. Es una plataforma para la promoci\u00f3n de proyectos en materia ambiental que est\u00e1 coordinada por la Universidad Pablo de Olavide, de Sevilla.\n\t\t\t\t\t<\/div><\/div>[vc_row_inner css=\u00bb.vc_custom_1736254304275{margin-top: 0px !important;margin-right: 0px !important;margin-bottom: 0px !important;margin-left: 0px !important;padding-top: 20px !important;padding-right: 0px !important;padding-bottom: 0px !important;padding-left: 0px !important;}\u00bb][vc_column_inner width=\u00bb1\/3&#8243; css=\u00bb.vc_custom_1734019161879{margin-top: 0px !important;margin-right: 0px !important;margin-bottom: 0px !important;margin-left: 0px !important;padding-top: 20px !important;padding-right: 0px !important;padding-bottom: 0px !important;padding-left: 0px !important;}\u00bb]<div   >\n\t\t\t\t\t\t<div class=\"swmsc_services_images swmsc_responsive_services swmsc_services_item_right\" data-responsive=\"767\" data-margin=\"20\" >\n\t\t\t\t\t\t\t\t<div class=\"swmsc_services_item_holder\" style=\"margin-left:20px;\">\n\t\t\t\t\t\t\t\t<span>\n\t\t\t\t\t\t\t\t\t<img decoding=\"async\" src=\"https:\/\/www.upo.es\/ceicambio\/wp-content\/uploads\/2024\/12\/icon-75x75-cambio.png\" alt=\"\" style=\"border:0px solid #e6e6e6; border-radius:5px; padding:0px;\" \/>\n\t\t\t\t\t\t\t\t<\/span>\n\t\t\t\t\t\t\t<\/div>\n\t\t\t\t\t\t\t<div class=\"swmsc_services_image_content\">\n\t\t\t\t\t\t\t\t<h5 style=\"font-size:20px; color:#333333;margin-bottom:0px;\">Cambio clim\u00e1tico<\/h5>\n\t\t\t\t\t\t\t\t\n\t\t\t\t\t\t\t\t<div class=\"clear\"><\/div>\n\t\t\t\t\t\t\t\t<\/div>\n\t\t\t\t\t\t\t<div class=\"clear\"><\/div>\n\t\t\t\t\t\t<\/div>\n\t\t\t\t\t\t<div class=\"clear\"><\/div>\n\t\t\t\t\t<\/div><div  class=\"clear swmsc_gap\" style=\"margin:30px 0 0 0;\"><\/div><div   style=\"padding-right: 25px\">\n\t\t\t\t\t\t<div class=\"swmsc_services_images swmsc_responsive_services swmsc_services_item_right\" data-responsive=\"767\" data-margin=\"20\" >\n\t\t\t\t\t\t\t\t<div class=\"swmsc_services_item_holder\" style=\"margin-left:20px;\">\n\t\t\t\t\t\t\t\t<span>\n\t\t\t\t\t\t\t\t\t<img decoding=\"async\" src=\"https:\/\/www.upo.es\/ceicambio\/wp-content\/uploads\/2024\/12\/icon-75x75-biodiversidad_v2.png\" alt=\"\" style=\"border:0px solid #e6e6e6; border-radius:5px; padding:0px;\" \/>\n\t\t\t\t\t\t\t\t<\/span>\n\t\t\t\t\t\t\t<\/div>\n\t\t\t\t\t\t\t<div class=\"swmsc_services_image_content\">\n\t\t\t\t\t\t\t\t<h5 style=\"font-size:20px; color:#333333;margin-bottom:5px;\">Biodiversidad y ambientes antropizados<\/h5>\n\t\t\t\t\t\t\t\t\n\t\t\t\t\t\t\t\t<div class=\"clear\"><\/div>\n\t\t\t\t\t\t\t\t<\/div>\n\t\t\t\t\t\t\t<div class=\"clear\"><\/div>\n\t\t\t\t\t\t<\/div>\n\t\t\t\t\t\t<div class=\"clear\"><\/div>\n\t\t\t\t\t<\/div><div  class=\"clear swmsc_gap\" style=\"margin:30px 0 0 0;\"><\/div><div   >\n\t\t\t\t\t\t<div class=\"swmsc_services_images swmsc_responsive_services swmsc_services_item_right\" data-responsive=\"767\" data-margin=\"20\" >\n\t\t\t\t\t\t\t\t<div class=\"swmsc_services_item_holder\" style=\"margin-left:20px;\">\n\t\t\t\t\t\t\t\t<span>\n\t\t\t\t\t\t\t\t\t<img decoding=\"async\" src=\"https:\/\/www.upo.es\/ceicambio\/wp-content\/uploads\/2024\/12\/icon-75x75-transicion_v2.png\" alt=\"\" style=\"border:0px solid #e6e6e6; border-radius:5px; padding:0px;\" \/>\n\t\t\t\t\t\t\t\t<\/span>\n\t\t\t\t\t\t\t<\/div>\n\t\t\t\t\t\t\t<div class=\"swmsc_services_image_content\">\n\t\t\t\t\t\t\t\t<h5 style=\"font-size:20px; color:#333333;margin-bottom:5px;\">Transici\u00f3n energ\u00e9tica justa<\/h5>\n\t\t\t\t\t\t\t\t\n\t\t\t\t\t\t\t\t<div class=\"clear\"><\/div>\n\t\t\t\t\t\t\t\t<\/div>\n\t\t\t\t\t\t\t<div class=\"clear\"><\/div>\n\t\t\t\t\t\t<\/div>\n\t\t\t\t\t\t<div class=\"clear\"><\/div>\n\t\t\t\t\t<\/div>[\/vc_column_inner][vc_column_inner width=\u00bb1\/3&#8243; offset=\u00bbvc_col-sm-offset-0&#8243; css=\u00bb.vc_custom_1481350211223{padding: 0px !important;}\u00bb][vc_single_image image=\u00bb1686&#8243; img_size=\u00bb266&#215;300&#8243; alignment=\u00bbcenter\u00bb css_animation=\u00bbzoomIn\u00bb css=\u00bb.vc_custom_1734698349704{padding-top: 20px !important;}\u00bb]<div  class=\"clear swmsc_gap\" style=\"margin:30px 0 0 0;\"><\/div>[\/vc_column_inner][vc_column_inner width=\u00bb1\/3&#8243; css=\u00bb.vc_custom_1734019176621{padding-top: 20px !important;padding-right: 0px !important;padding-bottom: 0px !important;padding-left: 0px !important;}\u00bb]<div   >\n\t\t\t\t\t\t<div class=\"swmsc_services_images swmsc_responsive_services swmsc_services_item_left\" data-responsive=\"767\" data-margin=\"20\" >\n\t\t\t\t\t\t\t\t<div class=\"swmsc_services_item_holder\" style=\"margin-right:20px;\">\n\t\t\t\t\t\t\t\t<span>\n\t\t\t\t\t\t\t\t\t<img decoding=\"async\" src=\"https:\/\/www.upo.es\/ceicambio\/wp-content\/uploads\/2024\/12\/icon-75x75-agroecologia_gradient.png\" alt=\"\" style=\"border:0px solid #e6e6e6; border-radius:5px; padding:0px;\" \/>\n\t\t\t\t\t\t\t\t<\/span>\n\t\t\t\t\t\t\t<\/div>\n\t\t\t\t\t\t\t<div class=\"swmsc_services_image_content\">\n\t\t\t\t\t\t\t\t<h5 style=\"font-size:20px; color:;margin-bottom:7px;\">Agroecolog\u00eda<\/h5>\n\t\t\t\t\t\t\t\t\n\t\t\t\t\t\t\t\t<div class=\"clear\"><\/div>\n\t\t\t\t\t\t\t\t<\/div>\n\t\t\t\t\t\t\t<div class=\"clear\"><\/div>\n\t\t\t\t\t\t<\/div>\n\t\t\t\t\t\t<div class=\"clear\"><\/div>\n\t\t\t\t\t<\/div><div  class=\"clear swmsc_gap\" style=\"margin:30px 0 0 0;\"><\/div><div   style=\"padding-left: 25px\">\n\t\t\t\t\t\t<div class=\"swmsc_services_images swmsc_responsive_services swmsc_services_item_left\" data-responsive=\"767\" data-margin=\"20\" >\n\t\t\t\t\t\t\t\t<div class=\"swmsc_services_item_holder\" style=\"margin-right:20px;\">\n\t\t\t\t\t\t\t\t<span>\n\t\t\t\t\t\t\t\t\t<img decoding=\"async\" src=\"https:\/\/www.upo.es\/ceicambio\/wp-content\/uploads\/2024\/12\/icon-75x75-educacion_v2.png\" alt=\"\" style=\"border:0px solid #e6e6e6; border-radius:5px; padding:0px;\" \/>\n\t\t\t\t\t\t\t\t<\/span>\n\t\t\t\t\t\t\t<\/div>\n\t\t\t\t\t\t\t<div class=\"swmsc_services_image_content\">\n\t\t\t\t\t\t\t\t<h5 style=\"font-size:20px; color:#333333;margin-bottom:7px;\">Educaci\u00f3n ambiental<\/h5>\n\t\t\t\t\t\t\t\t\n\t\t\t\t\t\t\t\t<div class=\"clear\"><\/div>\n\t\t\t\t\t\t\t\t<\/div>\n\t\t\t\t\t\t\t<div class=\"clear\"><\/div>\n\t\t\t\t\t\t<\/div>\n\t\t\t\t\t\t<div class=\"clear\"><\/div>\n\t\t\t\t\t<\/div><div  class=\"clear swmsc_gap\" style=\"margin:30px 0 0 0;\"><\/div><div   >\n\t\t\t\t\t\t<div class=\"swmsc_services_images swmsc_responsive_services swmsc_services_item_left\" data-responsive=\"767\" data-margin=\"20\" >\n\t\t\t\t\t\t\t\t<div class=\"swmsc_services_item_holder\" style=\"margin-right:20px;\">\n\t\t\t\t\t\t\t\t<span>\n\t\t\t\t\t\t\t\t\t<img decoding=\"async\" src=\"https:\/\/www.upo.es\/ceicambio\/wp-content\/uploads\/2024\/12\/icon-75x75-agenda2030-gradient.png\" alt=\"\" style=\"border:0px solid #e6e6e6; border-radius:5px; padding:0px;\" \/>\n\t\t\t\t\t\t\t\t<\/span>\n\t\t\t\t\t\t\t<\/div>\n\t\t\t\t\t\t\t<div class=\"swmsc_services_image_content\">\n\t\t\t\t\t\t\t\t<h5 style=\"font-size:20px; color:#333333;margin-bottom:5px;\">Agenda 2030<\/h5>\n\t\t\t\t\t\t\t\t\n\t\t\t\t\t\t\t\t<div class=\"clear\"><\/div>\n\t\t\t\t\t\t\t\t<\/div>\n\t\t\t\t\t\t\t<div class=\"clear\"><\/div>\n\t\t\t\t\t\t<\/div>\n\t\t\t\t\t\t<div class=\"clear\"><\/div>\n\t\t\t\t\t<\/div>[\/vc_column_inner][\/vc_row_inner]\n\t\t\t\t\t\t\t<div class=\"clear\"><\/div>\n\t\t\t\t\t\t<\/div>\n\t\t\t\t\t<\/div>[\/vc_column][\/vc_row][vc_row full_width=\u00bbstretch_row_content\u00bb][vc_column css=\u00bb.vc_custom_1481353594532{padding: 0px !important;}\u00bb]<div  class=\"swmsc_full_width_section\" style=\" background-color:#ffffff;background-image:url(https:\/\/www.upo.es\/ceicambio\/wp-content\/uploads\/2024\/12\/bg_portfolio_v2.jpg); background-position:center center; background-size: cover; padding-top:50px; padding-bottom:50px; margin-top:0px; margin-bottom:0px;  \">\n\t\t\t\t\t\t<div class=\"swmsc_container\">\n\t\t\t\t\t\t\t[vc_row_inner][vc_column_inner]<div  class=\"swmsc_promotion_box p_border p_box_text_center\" style=\"background:rgba(144,190,84,0.01);\">\n\t\t\t\t\t\t<div class=\"swmsc_promotion_box_text \">\n\t\t\t\t\t\t\t<div class=\"swmsc_promotion_box_title_text\" style=\" margin-top:8px; font-size:36px; color:#ffffff;\">UPO SOSTENIBILIDAD<div class=\"swmsc_promotion_box_sub_title\" style=\"color:#ffffff; font-size:18px;\"><\/div>\n\t\t\t\t\t\t\t<\/div>\n\t\t\t\t\t\t<\/div><div class=\"swmsc_promotion_box_button\">\n\t\t\t\t\t\t\t\t\t\t\t<a style=\"background:#90be54;color:#ffffff;border-color:#90be54;\" href=\"upo-sostenibilidad\" class=\"swmsc_button large square skin_color\" target=\"_self\">ACCEDER<\/a>\n\t\t\t\t\t\t\t\t\t\t<\/div><div class=\"clear\"><\/div>\n\t\t\t\t\t<\/div>[\/vc_column_inner][\/vc_row_inner]\n\t\t\t\t\t\t\t<div class=\"clear\"><\/div>\n\t\t\t\t\t\t<\/div>\n\t\t\t\t\t<\/div>[\/vc_column][\/vc_row][vc_row full_width=\u00bbstretch_row_content\u00bb][vc_column]<div  class=\"clear swmsc_gap\" style=\"margin:50px 0 0 0;\"><\/div><div id=\"home-proyectos\" class=\"ecoworld-heading-font center uppercase\" ><div style=\"font-size:30px; color:#333333; font-weight:bold; line-height:50px;\">\n\t\t\t\t\tProyectos\n\t\t\t\t\t<\/div><\/div><div  class=\"swmsc_custom_dividers swmsc_dividers_line2 text_align_center\" style=\"margin-top:15px;margin-bottom:15px; clear:both;\"><span style=\"max-width:40px;background-color:#90be54;\"><\/span><\/div><div  class=\"center\" ><div style=\"font-size:18px; color:#888888; font-weight:normal; line-height:30px;\">\n\t\t\t\t\tPrincipales proyectos que se realizan desde el CEICambio.\n\t\t\t\t\t<\/div><\/div><div  class=\"clear swmsc_gap\" style=\"margin:70px 0 0 0;\"><\/div><div  class=\"swmsc_full_width_section\" style=\" background-color:#ffffff;background-size: auto;  padding-top:0px; padding-bottom:50px; margin-top:0px; margin-bottom:0px;  \">\n\t\t\t\t\t\t<div class=\"swmsc_container\">\n\t\t\t\t\t\t\t[vc_row_inner][vc_column_inner]<div   >\n\t\t\t\t\t\t<div class=\"swmsc_service_box\" style=\"background-color:#ffffff;;border:2px solid #e6e6e6; border-radius:0 30px 0 30px;margin-bottom:20px;\">\n\t\t\t\t\t\t\t<div class=\"swmsc_service_box_content auto_width\" style=\"padding:20px; border-radius:0 30px 0 30px;\">\n\t\t\t\t\t\t\t\t<div   >\n\t\t\t\t\t\t<div class=\"swmsc_services_images swmsc_responsive_services swmsc_services_item_center\" data-responsive=\"767\" data-margin=\"20\" >\n\t\t\t\t\t\t\t\t<div class=\"swmsc_services_item_holder\" style=\"margin-bottom:20px;\">\n\t\t\t\t\t\t\t\t<span>\n\t\t\t\t\t\t\t\t\t<a href=\"proyectos\/plan-complementario\"  target=\"_self\"><img decoding=\"async\" src=\"https:\/\/www.upo.es\/ceicambio\/wp-content\/uploads\/2024\/12\/plan-foto1_v2.png\" alt=\"\" style=\"border:0px solid #e6e6e6; border-radius:0; padding:0px;\" \/><\/a>\n\t\t\t\t\t\t\t\t<\/span>\n\t\t\t\t\t\t\t<\/div>\n\t\t\t\t\t\t\t<div class=\"swmsc_services_image_content\">\n\t\t\t\t\t\t\t\t<h5 style=\"margin-bottom:10px;\"><a href=\"proyectos\/plan-complementario\" style=\"font-size:24px; color:#444444;\"  target=\"_self\">Plan Complementario de Biodiversidad Andaluz<\/a><\/h5>\n\t\t\t\t\t\t\t\tDise\u00f1o, validaci\u00f3n e implementaci\u00f3n de una red de seguimiento del papel de la biodiversidad y los servicios ecosist\u00e9micos en ambientes antropizados, en Andaluc\u00eda.\n\t\t\t\t\t\t\t\t<div class=\"clear\"><\/div>\n\t\t\t\t\t\t\t\t<\/div>\n\t\t\t\t\t\t\t<div class=\"clear\"><\/div>\n\t\t\t\t\t\t<\/div>\n\t\t\t\t\t\t<div class=\"clear\"><\/div>\n\t\t\t\t\t<\/div>\n\t\t\t\t\t\t\t\t<div class=\"clear\"><\/div>\n\t\t\t\t\t\t\t<\/div>\n\t\t\t\t\t\t<\/div>\n\t\t\t\t\t<\/div>[\/vc_column_inner][\/vc_row_inner]<div  class=\"swmsc_button_div center swmsc_btn_548305763\" ><a href=\"proyectos\" data-class=\"swmsc_btn_548305763\" data-color=\"#ffffff\" data-bg-color=\"#90be54\" data-border-color=\"#555555\" data-h-color=\"#eeeeee\" data-h-bg-color=\"#222222\" data-h-border-color=\"#222222\"  class=\"swmsc_button_sc\" style=\"font-size:15px; border-width:0px; border-radius:30px; padding:7px 30px; line-height:30px;\" target=\"_self\" rel=\"\"><strong>VER TODOS LOS PROYECTOS DEL CEI CAMBIO<\/strong><\/a><\/div>\n\t\t\t\t\t\t\t<div class=\"clear\"><\/div>\n\t\t\t\t\t\t<\/div>\n\t\t\t\t\t<\/div>[\/vc_column][\/vc_row][vc_row full_width=\u00bbstretch_row_content\u00bb][vc_column css=\u00bb.vc_custom_1481353594532{padding: 0px !important;}\u00bb]<div  class=\"swmsc_full_width_section\" style=\" background-color:#ffffff;background-image:url(https:\/\/www.upo.es\/ceicambio\/wp-content\/uploads\/2025\/01\/bg_manifiesto_v3.jpg); background-position:center center; background-size: cover; padding-top:50px; padding-bottom:50px; margin-top:0px; margin-bottom:0px;  \">\n\t\t\t\t\t\t<div class=\"swmsc_container\">\n\t\t\t\t\t\t\t[vc_row_inner][vc_column_inner]<div  class=\"swmsc_promotion_box p_border p_box_text_center\" style=\"background:rgba(144,190,84,0.01);\">\n\t\t\t\t\t\t<div class=\"swmsc_promotion_box_text \">\n\t\t\t\t\t\t\t<div class=\"swmsc_promotion_box_title_text\" style=\" margin-top:8px; font-size:36px; color:#ffffff;\">Campa\u00f1a \u00abTu campus est\u00e1 en el campo \u00a1disfr\u00fatalo!\u00bb<div class=\"swmsc_promotion_box_sub_title\" style=\"color:#ffffff; font-size:18px;\"><\/div>\n\t\t\t\t\t\t\t<\/div>\n\t\t\t\t\t\t<\/div><div class=\"swmsc_promotion_box_button\">\n\t\t\t\t\t\t\t\t\t\t\t<a style=\"background:#90be54;color:#ffffff;border-color:#90be54;\" href=\"https:\/\/www.upo.es\/ceicambio\/portfolios\/tu-campus-esta-en-el-campo\/\" class=\"swmsc_button large square skin_color\" target=\"_self\">ACCEDER<\/a>\n\t\t\t\t\t\t\t\t\t\t<\/div><div class=\"clear\"><\/div>\n\t\t\t\t\t<\/div>[\/vc_column_inner][\/vc_row_inner]\n\t\t\t\t\t\t\t<div class=\"clear\"><\/div>\n\t\t\t\t\t\t<\/div>\n\t\t\t\t\t<\/div>[\/vc_column][\/vc_row][vc_row][vc_column]<div  class=\"swmsc_full_width_section\" style=\" background-color:#ffffff;background-size: auto;  padding-top:30px; padding-bottom:30px; margin-top:0px; margin-bottom:0px;  \">\n\t\t\t\t\t\t<div class=\"swmsc_container\">\n\t\t\t\t\t\t\t[vc_row_inner][vc_column_inner css=\u00bb.vc_custom_1734520589282{padding-top: 50px !important;padding-bottom: 50px !important;}\u00bb]<div  class=\"center ecoworld-heading-font uppercase\" ><div style=\"font-size:30px; color:#303030; font-weight:bold; line-height:30px;\">\n\t\t\t\t\tNoticias\n\t\t\t\t\t<\/div><\/div><div  class=\"swmsc_custom_dividers swmsc_dividers_line2 text_align_center\" style=\"margin-top:20px;margin-bottom:50px; clear:both;\"><span style=\"max-width:50px;background-color:#90be54;\"><\/span><\/div><div  class=\"swmsc_recent_posts_slider_container swmsc-carousel cei-recent-posts-home\"  data-autoPlayTimeOut=\"5000\" data-autoplay=\"true\" data-navArrow=\"true\"><div class=\"swmsc_recent_posts_slider\">\n\t\t\t\t\t\t\t\t\t<div class=\"swmsc_rp_slider_holder\">\n\t\t\t\t\t\t\t\t\t\t<div class=\"swmsc_rp_slider_img\" style=\"background:url(https:\/\/www.upo.es\/ceicambio\/wp-content\/uploads\/2026\/03\/Cartel-la-hora-del-planeta.jpg) no-repeat center center; background-size:cover;\"><\/div>\n\t\t\t\t\t\t\t\t\t\t<div class=\"swmsc_rp_slider_content\">\n\t\t\t\t\t\t\t\t\t\t\t<div class=\"swmsc_rp_slider_content_wrap\">\n\n\t\t\t\t\t\t\t\t\t\t\t\t<div class=\"swmsc_rp_slider_date\">\n\t\t\t\t\t\t\t\t\t\t\t\t\t<span>23<sub>Mar<\/sub><\/span>\n\t\t\t\t\t\t\t\t\t\t\t\t<\/div>\n\n\t\t\t\t\t\t\t\t\t\t\t\t<div class=\"swmsc_rp_slider_title swmsc-heading-font\" style=\"font-size:24px;\"><a href=\"https:\/\/www.upo.es\/ceicambio\/la-upo-apagara-su-emblematica-torre-para-reafirmar-su-compromiso-con-la-tierra-en-la-hora-del-planeta\/\">La UPO apagar\u00e1 su emblem\u00e1tica torre para reafirmar su compromiso con la Tierra en la &#8216;Hora del Planeta&#8217;<\/a><\/div>\n\t\t\t\t\t\t\t\t\t\t\t\t<ul>\n\t\t\t\t\t\t\t\t\t\t\t\t\t<li><i class=\"fa fa-clock-o\"><\/i>23\/03\/2026<\/li>\n\t\t\t\t\t\t\t\t\t\t\t\t\t<li><i class=\"fa fa-user\"><\/i><a href=\"https:\/\/www.upo.es\/ceicambio\/author\/ceicambio\/\">ceicambio<\/a><\/li>\n\t\t\t\t\t\t\t\t\t\t\t\t\t<li><i class=\"fa fa-comments\"><\/i><a href=\"https:\/\/www.upo.es\/ceicambio\/la-upo-apagara-su-emblematica-torre-para-reafirmar-su-compromiso-con-la-tierra-en-la-hora-del-planeta\/#respond\">0 Comments<\/a><\/li>\n\t\t\t\t\t\t\t\t\t\t\t\t\t<li><i class=\"fa fa-folder-open\"><\/i><a href=\"https:\/\/www.upo.es\/ceicambio\/category\/sin-categoria\/\" title=\"View all posts in Sin categor\u00eda\" >Sin categor\u00eda<\/a><\/li>\n\t\t\t\t\t\t\t\t\t\t\t\t<\/ul>\n\t\t\t\t\t\t\t\t\t\t\t\t<div class=\"clear\"><\/div>\n\t\t\t\t\t\t\t\t\t\t\t\t<span class=\"swmsc_rp_slider_divider\"><\/span>\n\t\t\t\t\t\t\t\t\t\t\t\t<p>La Universidad Pablo de Olavide reafirma su compromiso con la sostenibilidad sum\u00e1ndose un a\u00f1o m\u00e1s a 'La Hora del Planeta'. El pr\u00f3ximo s\u00e1bado 28 de marzo, de 20:30 a 21:30 horas, la emblem\u00e1tica torre del campus se apagar\u00e1 como gesto simb\u00f3lico en la lucha contra el cambio clim\u00e1tico.<\/p>\n\t\t\t\t\t\t\t\t\t\t\t\t<p><a href=\"https:\/\/www.upo.es\/ceicambio\/la-upo-apagara-su-emblematica-torre-para-reafirmar-su-compromiso-con-la-tierra-en-la-hora-del-planeta\/\" class=\"swmsc_rp_slider_button\">Leer m\u00e1s<i class=\"fa fa-long-arrow-right\"><\/i><\/a><\/p>\n\t\t\t\t\t\t\t\t\t\t\t<\/div>\n\t\t\t\t\t\t\t\t\t\t<\/div>\n\t\t\t\t\t\t\t\t\t\t<div class=\"clear\"><\/div>\n\t\t\t\t\t\t\t\t\t<\/div>\n\t\t\t\t\t\t\t\t<\/div><div class=\"swmsc_recent_posts_slider\">\n\t\t\t\t\t\t\t\t\t<div class=\"swmsc_rp_slider_holder\">\n\t\t\t\t\t\t\t\t\t\t<div class=\"swmsc_rp_slider_img\" style=\"background:url(https:\/\/www.upo.es\/ceicambio\/wp-content\/uploads\/2026\/03\/Imagen-2-Publicacion-3.jpg) no-repeat center center; background-size:cover;\"><\/div>\n\t\t\t\t\t\t\t\t\t\t<div class=\"swmsc_rp_slider_content\">\n\t\t\t\t\t\t\t\t\t\t\t<div class=\"swmsc_rp_slider_content_wrap\">\n\n\t\t\t\t\t\t\t\t\t\t\t\t<div class=\"swmsc_rp_slider_date\">\n\t\t\t\t\t\t\t\t\t\t\t\t\t<span>23<sub>Mar<\/sub><\/span>\n\t\t\t\t\t\t\t\t\t\t\t\t<\/div>\n\n\t\t\t\t\t\t\t\t\t\t\t\t<div class=\"swmsc_rp_slider_title swmsc-heading-font\" style=\"font-size:24px;\"><a href=\"https:\/\/www.upo.es\/ceicambio\/el-cei-cambio-colabora-con-la-fundacion-conama-en-el-lanzamiento-del-barometro-2026-sobre-democracia-ambiental\/\">El CEi CamBio colabora con la Fundaci\u00f3n Conama en el lanzamiento del Bar\u00f3metro 2026 sobre democracia ambiental<\/a><\/div>\n\t\t\t\t\t\t\t\t\t\t\t\t<ul>\n\t\t\t\t\t\t\t\t\t\t\t\t\t<li><i class=\"fa fa-clock-o\"><\/i>23\/03\/2026<\/li>\n\t\t\t\t\t\t\t\t\t\t\t\t\t<li><i class=\"fa fa-user\"><\/i><a href=\"https:\/\/www.upo.es\/ceicambio\/author\/ceicambio\/\">ceicambio<\/a><\/li>\n\t\t\t\t\t\t\t\t\t\t\t\t\t<li><i class=\"fa fa-comments\"><\/i><a href=\"https:\/\/www.upo.es\/ceicambio\/el-cei-cambio-colabora-con-la-fundacion-conama-en-el-lanzamiento-del-barometro-2026-sobre-democracia-ambiental\/#respond\">0 Comments<\/a><\/li>\n\t\t\t\t\t\t\t\t\t\t\t\t\t<li><i class=\"fa fa-folder-open\"><\/i><a href=\"https:\/\/www.upo.es\/ceicambio\/category\/sin-categoria\/\" title=\"View all posts in Sin categor\u00eda\" >Sin categor\u00eda<\/a><\/li>\n\t\t\t\t\t\t\t\t\t\t\t\t<\/ul>\n\t\t\t\t\t\t\t\t\t\t\t\t<div class=\"clear\"><\/div>\n\t\t\t\t\t\t\t\t\t\t\t\t<span class=\"swmsc_rp_slider_divider\"><\/span>\n\t\t\t\t\t\t\t\t\t\t\t\t<p>La Fundaci\u00f3n Conama, entidad con la que el CEi CamBio mantiene un estrecho convenio de colaboraci\u00f3n, ha puesto en marcha el Bar\u00f3metro Conama 2026. Se trata de una iniciativa estrat\u00e9gica dise\u00f1ada para recoger la percepci\u00f3n de las y los profesionales del sector ambiental sobre la situaci\u00f3n actual y los retos de futuro en Espa\u00f1a.<\/p>\n\t\t\t\t\t\t\t\t\t\t\t\t<p><a href=\"https:\/\/www.upo.es\/ceicambio\/el-cei-cambio-colabora-con-la-fundacion-conama-en-el-lanzamiento-del-barometro-2026-sobre-democracia-ambiental\/\" class=\"swmsc_rp_slider_button\">Leer m\u00e1s<i class=\"fa fa-long-arrow-right\"><\/i><\/a><\/p>\n\t\t\t\t\t\t\t\t\t\t\t<\/div>\n\t\t\t\t\t\t\t\t\t\t<\/div>\n\t\t\t\t\t\t\t\t\t\t<div class=\"clear\"><\/div>\n\t\t\t\t\t\t\t\t\t<\/div>\n\t\t\t\t\t\t\t\t<\/div><div class=\"swmsc_recent_posts_slider\">\n\t\t\t\t\t\t\t\t\t<div class=\"swmsc_rp_slider_holder\">\n\t\t\t\t\t\t\t\t\t\t<div class=\"swmsc_rp_slider_img\" style=\"background:url(https:\/\/www.upo.es\/ceicambio\/wp-content\/uploads\/2026\/03\/agenda2023.jpg) no-repeat center center; background-size:cover;\"><\/div>\n\t\t\t\t\t\t\t\t\t\t<div class=\"swmsc_rp_slider_content\">\n\t\t\t\t\t\t\t\t\t\t\t<div class=\"swmsc_rp_slider_content_wrap\">\n\n\t\t\t\t\t\t\t\t\t\t\t\t<div class=\"swmsc_rp_slider_date\">\n\t\t\t\t\t\t\t\t\t\t\t\t\t<span>17<sub>Mar<\/sub><\/span>\n\t\t\t\t\t\t\t\t\t\t\t\t<\/div>\n\n\t\t\t\t\t\t\t\t\t\t\t\t<div class=\"swmsc_rp_slider_title swmsc-heading-font\" style=\"font-size:24px;\"><a href=\"https:\/\/www.upo.es\/ceicambio\/el-cei-cambio-acogera-la-presentacion-de-resultados-del-proyecto-eduods-sobre-el-papel-de-las-universidades-en-la-agenda-2030\/\">El CEi CamBio acoger\u00e1 la presentaci\u00f3n de resultados del proyecto EDUODS sobre el papel de las universidades en la Agenda 2030<\/a><\/div>\n\t\t\t\t\t\t\t\t\t\t\t\t<ul>\n\t\t\t\t\t\t\t\t\t\t\t\t\t<li><i class=\"fa fa-clock-o\"><\/i>17\/03\/2026<\/li>\n\t\t\t\t\t\t\t\t\t\t\t\t\t<li><i class=\"fa fa-user\"><\/i><a href=\"https:\/\/www.upo.es\/ceicambio\/author\/ceicambio\/\">ceicambio<\/a><\/li>\n\t\t\t\t\t\t\t\t\t\t\t\t\t<li><i class=\"fa fa-comments\"><\/i><a href=\"https:\/\/www.upo.es\/ceicambio\/el-cei-cambio-acogera-la-presentacion-de-resultados-del-proyecto-eduods-sobre-el-papel-de-las-universidades-en-la-agenda-2030\/#respond\">0 Comments<\/a><\/li>\n\t\t\t\t\t\t\t\t\t\t\t\t\t<li><i class=\"fa fa-folder-open\"><\/i><a href=\"https:\/\/www.upo.es\/ceicambio\/category\/sin-categoria\/\" title=\"View all posts in Sin categor\u00eda\" >Sin categor\u00eda<\/a><\/li>\n\t\t\t\t\t\t\t\t\t\t\t\t<\/ul>\n\t\t\t\t\t\t\t\t\t\t\t\t<div class=\"clear\"><\/div>\n\t\t\t\t\t\t\t\t\t\t\t\t<span class=\"swmsc_rp_slider_divider\"><\/span>\n\t\t\t\t\t\t\t\t\t\t\t\t<p>El CEi CamBio organiza el pr\u00f3ximo 25 de marzo la jornada \u201cEl papel de las universidades en la Agenda 2030\u201d, un encuentro clave para presentar los resultados del proyecto EDUODS. La sesi\u00f3n, que contar\u00e1 con la participaci\u00f3n del Rector de la UPO, el Director General de Agenda 2030 y representantes de CRUE Sostenibilidad, analizar\u00e1 c\u00f3mo el conocimiento y la innovaci\u00f3n del sistema universitario act\u00faan como motores para acelerar los Objetivos de Desarrollo Sostenible. Esta cita reunir\u00e1 a <\/p>\n\t\t\t\t\t\t\t\t\t\t\t\t<p><a href=\"https:\/\/www.upo.es\/ceicambio\/el-cei-cambio-acogera-la-presentacion-de-resultados-del-proyecto-eduods-sobre-el-papel-de-las-universidades-en-la-agenda-2030\/\" class=\"swmsc_rp_slider_button\">Leer m\u00e1s<i class=\"fa fa-long-arrow-right\"><\/i><\/a><\/p>\n\t\t\t\t\t\t\t\t\t\t\t<\/div>\n\t\t\t\t\t\t\t\t\t\t<\/div>\n\t\t\t\t\t\t\t\t\t\t<div class=\"clear\"><\/div>\n\t\t\t\t\t\t\t\t\t<\/div>\n\t\t\t\t\t\t\t\t<\/div><\/div>[\/vc_column_inner][\/vc_row_inner]\n\t\t\t\t\t\t\t<div class=\"clear\"><\/div>\n\t\t\t\t\t\t<\/div>\n\t\t\t\t\t<\/div>[\/vc_column][\/vc_row][vc_row full_width=\u00bbstretch_row_content\u00bb css=\u00bb.vc_custom_1733940718981{background-color: #262626 !important;}\u00bb][vc_column css=\u00bb.vc_custom_1479477447318{padding-top: 0px !important;padding-right: 0px !important;padding-bottom: 0px !important;padding-left: 0px !important;background-color: rgba(0,0,0,0.1) !important;*background-color: rgb(0,0,0) !important;}\u00bb]<div  class=\"swmsc_full_width_section\" style=\" background-color:#ffffff;background-image:url(https:\/\/www.upo.es\/ceicambio\/wp-content\/uploads\/2024\/12\/bg_events.jpg); background-position:center center; background-size: cover; padding-top:50px; padding-bottom:0px; margin-top:0px; margin-bottom:0px;  \">\n\t\t\t\t\t\t<div class=\"swmsc_container\">\n\t\t\t\t\t\t\t[vc_row_inner][vc_column_inner css=\u00bb.vc_custom_1734520603129{padding-top: 50px !important;padding-bottom: 50px !important;}\u00bb]<div  class=\"center ecoworld-heading-font uppercase\" ><div style=\"font-size:30px; color:#ffffff; font-weight:bold; line-height:30px;\">\n\t\t\t\t\tPr\u00f3ximos eventos\n\t\t\t\t\t<\/div><\/div><div  class=\"swmsc_custom_dividers swmsc_dividers_line2 text_align_center\" style=\"margin-top:20px;margin-bottom:50px; clear:both;\"><span style=\"max-width:50px;background-color:#90be54;\"><\/span><\/div><div  class=\" swmsc_event_1269803190\"  ><div class=\"swmsc_events\">\n\t\t\t<div class=\"swmsc_events_style_one swmsc_events_sc_text_color darkbg\" style=\"color:#ffffff;\">\n\t\t\t\t<div class=\"swmsc_events_main_wrap\">\n\t\t\t\t\t<div class=\"swmsc_events_full_wrap\">\n\t\t\t\t\t\t<div class=\"swmsc_events_full_img\"><a href=\"https:\/\/www.upo.es\/ceicambio\/evento\/martes-ornitologico-mayo-2\/\"><img loading=\"lazy\" decoding=\"async\" width=\"670\" height=\"460\" src=\"https:\/\/www.upo.es\/ceicambio\/wp-content\/uploads\/2025\/09\/Martes-Ornitologicos-670x460.jpg\" class=\"attachment-swmsc-grid-image size-swmsc-grid-image wp-post-image\" alt=\"\" srcset=\"https:\/\/www.upo.es\/ceicambio\/wp-content\/uploads\/2025\/09\/Martes-Ornitologicos-670x460.jpg 670w, https:\/\/www.upo.es\/ceicambio\/wp-content\/uploads\/2025\/09\/Martes-Ornitologicos-500x344.jpg 500w\" sizes=\"auto, (max-width: 670px) 100vw, 670px\" \/><\/a><\/div>\n\n\t\t\t\t\t\t<div class=\"swmsc_events_full_date_title_section\" style=\"border-color:rgba(255,255,255,0.15);\">\n\t\t\t\t\t\t\t<div class=\"swmsc_events_full_date swmsc_events_sc_skin_color swmsc_events_date_all\" style=\"border-color:rgba(255,255,255,0.15);\">\n\t\t\t\t\t\t\t\t<span class=\"swmsc_events_full_date_day\"> 05 <\/span>\n\t\t\t\t\t\t\t\t<span class=\"swmsc_events_full_date_month_year\"> May '26 <\/span>\n\t\t\t\t\t\t\t<\/div>\n\t\t\t\t\t\t\t<div class=\"swmsc_events_full_title_section\">\n\t\t\t\t\t\t\t\t<span class=\"swmsc_events_full_title swm_events_list_title_all\" style=\"font-size:25px;\"><a href=\"https:\/\/www.upo.es\/ceicambio\/evento\/martes-ornitologico-mayo-2\/\" class=\"onHoverLinkSelector\" data-color=\"#ffffff\" data-h-color=\"#ffffff\">Martes Ornitol\u00f3gico Mayo<\/a><\/span>\n\t\t\t\t\t\t\t\t<ul class=\"swmsc_events_full_meta swmsc_events_list_all\">\n\t\t\t\t\t\t\t\t\t<li>Universidad Pablo de Olavide,  Edificio 25, Sala de Grados, 1\u00aa planta, Sevilla, .<\/li>\n\t\t\t\t\t\t\t\t\t<li class=\"swmsc_events_list_mobile_date\">05\/05\/2026<\/li>\n\t\t\t\t\t\t\t\t\t<li>martes @ 7:00 pm<\/li>\n\t\t\t\t\t\t\t\t<\/ul>\n\t\t\t\t\t\t\t<\/div>\n\t\t\t\t\t\t<\/div>\n\n\t\t\t\t\t\t<div class=\"swmsc_events_full_excerpt\">\n\t\t\t\t\t\t\t<p> Vuelven los Martes Ornitol\u00f3gicos: Cada primer martes de mes, explora el mundo de las aves con expertos de SEO-Sevilla y el CEI CamBio. Ciencia, biodiversidad y conservaci\u00f3n en la UPO. \u00a1Guarda la fecha!<\/p>\n\t\t\t\t\t\t\t<p class=\"swmsc_events_sc_skin_color swmsc_view_all_events_link\"><a href=\"https:\/\/www.upo.es\/ceicambio\/evento\/martes-ornitologico-mayo-2\/\" class=\"onHoverLinkSelector\" data-color=\"\" data-h-color=\"#ffffff\" >View Event Detail<i class=\"fa fa-angle-double-right\"><\/i><\/a><\/p>\n\t\t\t\t\t\t<\/div>\n\n\t\t\t\t\t<\/div>\n\t\t\t\t\t<div class=\"swmsc_events_list_wrap\" style=\"border-color:rgba(255,255,255,0.15);\">\n\t\t\t\t\t\t<div class=\"swmsc_events_list_box\" style=\"border-color:rgba(255,255,255,0.15);\">\n\t\t\t\t\t<div class=\"swmsc_events_list_date swmsc_events_sc_skin_color swmsc_events_date_all\" style=\"border-color:rgba(255,255,255,0.15);\">\n\t\t\t\t\t\t<span class=\"swmsc_events_list_date_day\"> 19 <\/span>\n\t\t\t\t\t\t<span class=\"swmsc_events_list_date_month_year\"> May '26 <\/span>\n\t\t\t\t\t<\/div>\n\t\t\t\t\t<div class=\"swmsc_events_list_title_section\">\n\t\t\t\t\t\t<span class=\"swmsc_events_list_title swm_events_list_title_all\"><a href=\"https:\/\/www.upo.es\/ceicambio\/evento\/ecomercado-mayo\/\" class=\"onHoverLinkSelector\" data-color=\"#ffffff\" data-h-color=\"\">Ecomercado mayo<\/a><\/span>\n\t\t\t\t\t\t<ul class=\"swmsc_events_list_meta swmsc_events_list_all\">\n\t\t\t\t\t\t\t<li>Pasaje de la Ilustraci\u00f3n. UPO, , .<\/li>\n\t\t\t\t\t\t\t<li class=\"swmsc_events_list_mobile_date\">19\/05\/2026<\/li>\n\t\t\t\t\t\t\t<li>martes @ 10:00 am<\/li>\n\t\t\t\t\t\t<\/ul>\n\t\t\t\t\t<\/div>\n\t\t\t\t\t<div class=\"clear\"><\/div>\n\t\t\t\t<\/div><div class=\"swmsc_events_list_box\" style=\"border-color:rgba(255,255,255,0.15);\">\n\t\t\t\t\t<div class=\"swmsc_events_list_date swmsc_events_sc_skin_color swmsc_events_date_all\" style=\"border-color:rgba(255,255,255,0.15);\">\n\t\t\t\t\t\t<span class=\"swmsc_events_list_date_day\"> 02 <\/span>\n\t\t\t\t\t\t<span class=\"swmsc_events_list_date_month_year\"> Jun '26 <\/span>\n\t\t\t\t\t<\/div>\n\t\t\t\t\t<div class=\"swmsc_events_list_title_section\">\n\t\t\t\t\t\t<span class=\"swmsc_events_list_title swm_events_list_title_all\"><a href=\"https:\/\/www.upo.es\/ceicambio\/evento\/martes-ornitologico-junio\/\" class=\"onHoverLinkSelector\" data-color=\"#ffffff\" data-h-color=\"\">Martes ornitol\u00f3gico junio<\/a><\/span>\n\t\t\t\t\t\t<ul class=\"swmsc_events_list_meta swmsc_events_list_all\">\n\t\t\t\t\t\t\t<li>Universidad Pablo de Olavide,  Edificio 25, Sala de Grados, 1\u00aa planta, Sevilla, .<\/li>\n\t\t\t\t\t\t\t<li class=\"swmsc_events_list_mobile_date\">02\/06\/2026<\/li>\n\t\t\t\t\t\t\t<li>martes @ 7:00 pm<\/li>\n\t\t\t\t\t\t<\/ul>\n\t\t\t\t\t<\/div>\n\t\t\t\t\t<div class=\"clear\"><\/div>\n\t\t\t\t<\/div>\n\t\t\t\t\t<\/div>\n\t\t\t\t\t<div class=\"clear\"><\/div>\n\t\t\t\t<\/div>\n\t\t\t<\/div>\n\t\t<\/div><\/div>[\/vc_column_inner][\/vc_row_inner]\n\t\t\t\t\t\t\t<div class=\"clear\"><\/div>\n\t\t\t\t\t\t<\/div>\n\t\t\t\t\t<\/div>[\/vc_column][\/vc_row]\n<\/div>","protected":false},"excerpt":{"rendered":"<p>[vc_row full_width=\u00bbstretch_row_content\u00bb][vc_column][\/vc_column][\/vc_row][vc_row full_width=\u00bbstretch_row_content\u00bb][vc_column css=\u00bb.vc_custom_1481353594532{padding: 0px !important;}\u00bb][\/vc_column][\/vc_row][vc_row full_width=\u00bbstretch_row_content\u00bb][vc_column][\/vc_column][\/vc_row][vc_row full_width=\u00bbstretch_row_content\u00bb][vc_column css=\u00bb.vc_custom_1481353594532{padding: 0px !important;}\u00bb][\/vc_column][\/vc_row][vc_row][vc_column][\/vc_column][\/vc_row][vc_row full_width=\u00bbstretch_row_content\u00bb css=\u00bb.vc_custom_1733940718981{background-color: #262626 !important;}\u00bb][vc_column css=\u00bb.vc_custom_1479477447318{padding-top: 0px !important;padding-right: 0px !important;padding-bottom: 0px !important;padding-left: 0px !important;background-color: rgba(0,0,0,0.1) !important;*background-color: rgb(0,0,0) !important;}\u00bb][\/vc_column][\/vc_row]<\/p>\n","protected":false},"author":1,"featured_media":0,"parent":0,"menu_order":0,"comment_status":"closed","ping_status":"closed","template":"templates\/100-width.php","meta":{"give_campaign_id":0,"footnotes":""},"class_list":["post-25","page","type-page","status-publish","hentry"],"campaignId":"","_links":{"self":[{"href":"https:\/\/www.upo.es\/ceicambio\/wp-json\/wp\/v2\/pages\/25","targetHints":{"allow":["GET"]}}],"collection":[{"href":"https:\/\/www.upo.es\/ceicambio\/wp-json\/wp\/v2\/pages"}],"about":[{"href":"https:\/\/www.upo.es\/ceicambio\/wp-json\/wp\/v2\/types\/page"}],"author":[{"embeddable":true,"href":"https:\/\/www.upo.es\/ceicambio\/wp-json\/wp\/v2\/users\/1"}],"replies":[{"embeddable":true,"href":"https:\/\/www.upo.es\/ceicambio\/wp-json\/wp\/v2\/comments?post=25"}],"version-history":[{"count":101,"href":"https:\/\/www.upo.es\/ceicambio\/wp-json\/wp\/v2\/pages\/25\/revisions"}],"predecessor-version":[{"id":2473,"href":"https:\/\/www.upo.es\/ceicambio\/wp-json\/wp\/v2\/pages\/25\/revisions\/2473"}],"wp:attachment":[{"href":"https:\/\/www.upo.es\/ceicambio\/wp-json\/wp\/v2\/media?parent=25"}],"curies":[{"name":"wp","href":"https:\/\/api.w.org\/{rel}","templated":true}]}}