{"id":2097,"date":"2025-03-24T08:03:54","date_gmt":"2025-03-24T07:03:54","guid":{"rendered":"https:\/\/www.upo.es\/ceicambio\/?post_type=tribe_events&#038;p=2097"},"modified":"2025-03-24T08:13:27","modified_gmt":"2025-03-24T07:13:27","slug":"vii-congreso-internacional-de-biodiversidad-y-conservacion-de-la-naturaleza","status":"publish","type":"tribe_events","link":"https:\/\/www.upo.es\/ceicambio\/evento\/vii-congreso-internacional-de-biodiversidad-y-conservacion-de-la-naturaleza\/","title":{"rendered":"VII Congreso Internacional de Biodiversidad y Conservaci\u00f3n de la Naturaleza"},"content":{"rendered":"<p>El CEICambio, junto a otras entidades, organiza el VII Congreso Internacional de Biodiversidad y Conservaci\u00f3n de la Naturaleza, que tendr\u00e1 lugar en Sevilla del 18 al 21 de septiembre de 2025.<\/p>\n<p>En la actualidad, la conservaci\u00f3n de la naturaleza es un tema\u00a0que est\u00e1 adquiriendo un gran protagonismo en la sociedad debido a\u00a0los\u00a0<strong>graves problemas clim\u00e1ticos y medioambientales<\/strong>\u00a0a los que se est\u00e1 enfrentando\u00a0nuestro planeta. Este inter\u00e9s se est\u00e1 materializando en una serie de iniciativas desde\u00a0diversos campos como la investigaci\u00f3n, la divulgaci\u00f3n cient\u00edfica o la educaci\u00f3n ambiental\u00a0y cuya finalidad ha sido y es la de\u00a0<strong>proteger y conservar la biodiversidad<\/strong>. De los principales\u00a0factores que amenazan con desestabilizar este fr\u00e1gil equilibrio natural, destaca el cambio clim\u00e1tico\u00a0de origen antropog\u00e9nico (Intergovernmental Panel on Climate Change (IPCC, 2022)), cuyos efectos a\u00a0largo plazo a\u00fan est\u00e1n por descubrir.<\/p>\n<p>Por lo tanto, ampliar el conocimiento sobre estas tem\u00e1ticas contribuir\u00e1 a\u00a0<strong>desarrollar futuros proyectos\u00a0que colaboren en su conservaci\u00f3n<\/strong>. La escasa elaboraci\u00f3n de encuentros espec\u00edficos sobre la\u00a0<strong>transferencia de\u00a0conocimiento y divulgaci\u00f3n sobre la biodiversidad y conservaci\u00f3n de la naturaleza<\/strong>\u00a0entre los distintos sectores de\u00a0la sociedad, ha impulsado este proyecto con el fin de\u00a0<strong>potenciar relaciones interdisciplinares<\/strong>.<\/p>\n<h2 class=\"wp-block-heading has-text-align-center\">Objetivo general<\/h2>\n<p><strong>Divulgar<\/strong>\u00a0el conocimiento cient\u00edfico y\u00a0<strong>fomentar el contacto entre sectores de la sociedad<\/strong>\u00a0como son: cient\u00edfico-acad\u00e9mico, conservacionista, divulgaci\u00f3n y educaci\u00f3n ambiental, pol\u00edtica, administraci\u00f3n, gesti\u00f3n, empresas, medios de comunicaci\u00f3n y p\u00fablico en general, que permita\u00a0<strong>desarrollar propuestas conjuntas dirigidas a la conservaci\u00f3n de la biodiversidad<\/strong>\u00a0en un contexto de cambio global.<\/p>\n<h2 class=\"wp-block-heading has-text-align-center\">Objetivos espec\u00edficos<\/h2>\n<ul class=\"wp-block-list\">\n<li><strong>Divulgar y transferir el conocimiento cient\u00edfico<\/strong>\u00a0as\u00ed como propuestas relacionadas con la protecci\u00f3n de la biodiversidad y la conservaci\u00f3n de especies y ecosistemas.<\/li>\n<li>Promover la\u00a0<strong>integraci\u00f3n<\/strong>\u00a0de tem\u00e1ticas de investigaci\u00f3n y de manejo de la conservaci\u00f3n (ONG, gubernamentales, etc.).<\/li>\n<li><strong>Fomentar las relaciones interdisciplinares<\/strong>\u00a0entre grupos e instituciones.<\/li>\n<li>Incentivar la\u00a0<strong>participaci\u00f3n de estudiantes<\/strong>\u00a0vinculados a la conservaci\u00f3n en congresos internacionales.<\/li>\n<li><strong>Impulsar la importancia de los estudios de investigaci\u00f3n<\/strong>\u00a0basado en interacciones biol\u00f3gicas y el ambiente.<\/li>\n<\/ul>\n<p>&nbsp;<\/p>\n<h2 class=\"wp-block-heading has-text-align-center\" style=\"text-align: center;\"><a href=\"https:\/\/docs.google.com\/forms\/d\/e\/1FAIpQLSfqrV8v3QRFb29vXY_843CgxnMWZ49OgKYIjrz_oaaMXpE4dw\/viewform\" target=\"_blank\" rel=\"noopener\">FORMULARIO DE INSCRIPCI\u00d3N<\/a><\/h2>\n<p>&nbsp;<\/p>\n<p><img decoding=\"async\" class=\"aligncenter\" src=\"https:\/\/www.congresoconserbio.com\/wp-content\/uploads\/2025\/01\/Financiadores-Plan-Complementario-1-1024x142.png\" \/><\/p>\n","protected":false},"excerpt":{"rendered":"<p>El CEICambio, junto a otras entidades, organiza\u00a0el VII Congreso Internacional de Biodiversidad y Conservaci\u00f3n de la Naturaleza, que tendr\u00e1 lugar en Sevilla del 18 al 21 de septiembre de 2025.<\/p>\n","protected":false},"author":1,"featured_media":2098,"template":"","meta":{"give_campaign_id":0,"_tribe_events_status":"","_tribe_events_status_reason":"","footnotes":""},"tags":[],"tribe_events_cat":[],"class_list":["post-2097","tribe_events","type-tribe_events","status-publish","has-post-thumbnail","hentry"],"_links":{"self":[{"href":"https:\/\/www.upo.es\/ceicambio\/wp-json\/wp\/v2\/tribe_events\/2097","targetHints":{"allow":["GET"]}}],"collection":[{"href":"https:\/\/www.upo.es\/ceicambio\/wp-json\/wp\/v2\/tribe_events"}],"about":[{"href":"https:\/\/www.upo.es\/ceicambio\/wp-json\/wp\/v2\/types\/tribe_events"}],"author":[{"embeddable":true,"href":"https:\/\/www.upo.es\/ceicambio\/wp-json\/wp\/v2\/users\/1"}],"version-history":[{"count":4,"href":"https:\/\/www.upo.es\/ceicambio\/wp-json\/wp\/v2\/tribe_events\/2097\/revisions"}],"predecessor-version":[{"id":2102,"href":"https:\/\/www.upo.es\/ceicambio\/wp-json\/wp\/v2\/tribe_events\/2097\/revisions\/2102"}],"wp:featuredmedia":[{"embeddable":true,"href":"https:\/\/www.upo.es\/ceicambio\/wp-json\/wp\/v2\/media\/2098"}],"wp:attachment":[{"href":"https:\/\/www.upo.es\/ceicambio\/wp-json\/wp\/v2\/media?parent=2097"}],"wp:term":[{"taxonomy":"post_tag","embeddable":true,"href":"https:\/\/www.upo.es\/ceicambio\/wp-json\/wp\/v2\/tags?post=2097"},{"taxonomy":"tribe_events_cat","embeddable":true,"href":"https:\/\/www.upo.es\/ceicambio\/wp-json\/wp\/v2\/tribe_events_cat?post=2097"}],"curies":[{"name":"wp","href":"https:\/\/api.w.org\/{rel}","templated":true}]}}