{"id":2208,"date":"2025-06-16T11:59:23","date_gmt":"2025-06-16T09:59:23","guid":{"rendered":"https:\/\/www.upo.es\/ceicambio\/?post_type=tribe_events&#038;p=2208"},"modified":"2025-06-16T12:03:04","modified_gmt":"2025-06-16T10:03:04","slug":"2208","status":"publish","type":"tribe_events","link":"https:\/\/www.upo.es\/ceicambio\/evento\/2208\/","title":{"rendered":""},"content":{"rendered":"<p data-start=\"165\" data-end=\"1130\"><strong data-start=\"165\" data-end=\"250\">Taller: La ecoac\u00fastica como herramienta para medir y monitorizar la biodiversidad<\/strong><br data-start=\"250\" data-end=\"253\" \/><strong data-start=\"253\" data-end=\"264\">Fechas:<\/strong> 25, 26, 27 y 30 de junio de 2025<br data-start=\"297\" data-end=\"300\" \/><strong data-start=\"300\" data-end=\"319\">Hora de inicio:<\/strong> 17:00 h<br data-start=\"327\" data-end=\"330\" \/><strong data-start=\"330\" data-end=\"340\">Lugar:<\/strong> Aula de Computaci\u00f3n, Edificio Viguera Lobo (Facultad de Ciencias), Universidad de Extremadura \u2013 Campus de Badajoz<br data-start=\"454\" data-end=\"457\" \/><strong data-start=\"457\" data-end=\"468\">Idioma:<\/strong> Castellano (material de apoyo en castellano e ingl\u00e9s)<br data-start=\"522\" data-end=\"525\" \/><strong data-start=\"525\" data-end=\"536\">Plazas:<\/strong> 30 asistentes<br data-start=\"550\" data-end=\"553\" \/><strong data-start=\"553\" data-end=\"567\">Modalidad:<\/strong> Presencial<br data-start=\"578\" data-end=\"581\" \/><strong data-start=\"581\" data-end=\"597\">Inscripci\u00f3n:<\/strong> Gratuita, con inscripci\u00f3n previa entre el 12 y el 22 de junio. La adjudicaci\u00f3n de plaza se realizar\u00e1 por riguroso orden de inscripci\u00f3n.<br data-start=\"733\" data-end=\"736\" \/><strong data-start=\"736\" data-end=\"752\">Certificado:<\/strong> Se entregar\u00e1 certificado de participaci\u00f3n a quienes asistan al menos al 80 % del curso.<br data-start=\"840\" data-end=\"843\" \/><strong data-start=\"843\" data-end=\"879\">M\u00e1s informaci\u00f3n e inscripciones:<\/strong> <a class=\"\" href=\"https:\/\/eventos.unex.es\/136982\/section\/59414\/la-ecoacustica-como-herramienta-para-medir-y-monitorizar-la-biodiversidad.html\" target=\"_new\" rel=\"noopener\" data-start=\"880\" data-end=\"1130\">https:\/\/eventos.unex.es\/136982\/section\/59414\/la-ecoacustica-como-herramienta-para-medir-y-monitorizar-la-biodiversidad.html<\/a><\/p>\n<p data-start=\"1132\" data-end=\"1559\">Este taller ofrece una formaci\u00f3n especializada e integral en el uso de dispositivos de grabaci\u00f3n pasiva de audio para estudios ecol\u00f3gicos y proyectos de conservaci\u00f3n de fauna silvestre. Durante cuatro jornadas, las personas participantes podr\u00e1n conocer desde los principios b\u00e1sicos hasta las herramientas m\u00e1s avanzadas para dise\u00f1ar estudios, recopilar datos ac\u00fasticos y analizar vocalizaciones tanto audibles como ultras\u00f3nicas.<\/p>\n<p data-start=\"1561\" data-end=\"2095\">La primera sesi\u00f3n estar\u00e1 dedicada a los fundamentos de la ecoac\u00fastica, el dise\u00f1o experimental y la instalaci\u00f3n de equipos de grabaci\u00f3n. En la segunda jornada se abordar\u00e1 el flujo de trabajo en el an\u00e1lisis de sonidos, con especial atenci\u00f3n a las vocalizaciones de aves y su identificaci\u00f3n. El tercer d\u00eda se centrar\u00e1 en los cantos ultras\u00f3nicos de murci\u00e9lagos y en el uso de herramientas automatizadas y portales de ciencia ciudadana. Finalmente, la cuarta jornada servir\u00e1 para afianzar y aplicar lo aprendido mediante pr\u00e1cticas guiadas.<\/p>\n<p data-start=\"1561\" data-end=\"2095\">En general, este curso combina teor\u00eda y casos pr\u00e1cticos, proporcionando a los participantes las habilidades necesarias para aplicar a ecoac\u00fastica en investigaciones ecol\u00f3gicas y proyectos de conservaci\u00f3n<\/p>\n<p data-start=\"2097\" data-end=\"2443\">El CEI Cambio participa en la organizaci\u00f3n y difusi\u00f3n de esta actividad en el marco de la colaboraci\u00f3n activa entre los planes complementarios de biodiversidad de distintas comunidades aut\u00f3nomas. Esta l\u00ednea de cooperaci\u00f3n interterritorial refuerza nuestro compromiso con la investigaci\u00f3n, la conservaci\u00f3n y el trabajo en red por la biodiversidad.<\/p>\n<p data-start=\"2445\" data-end=\"2535\">Esta actividad est\u00e1 financiada por el Plan Complementario de Biodiversidad de Extremadura.<\/p>\n<p data-start=\"2445\" data-end=\"2535\"><img loading=\"lazy\" decoding=\"async\" class=\"alignnone wp-image-1707\" src=\"https:\/\/www.upo.es\/ceicambio\/wp-content\/uploads\/2024\/12\/financiadores-planComplementario-300x42.png\" alt=\"Financiadores\" width=\"514\" height=\"72\" srcset=\"https:\/\/www.upo.es\/ceicambio\/wp-content\/uploads\/2024\/12\/financiadores-planComplementario-300x42.png 300w, https:\/\/www.upo.es\/ceicambio\/wp-content\/uploads\/2024\/12\/financiadores-planComplementario-1024x142.png 1024w, https:\/\/www.upo.es\/ceicambio\/wp-content\/uploads\/2024\/12\/financiadores-planComplementario-768x107.png 768w, https:\/\/www.upo.es\/ceicambio\/wp-content\/uploads\/2024\/12\/financiadores-planComplementario-1536x214.png 1536w, https:\/\/www.upo.es\/ceicambio\/wp-content\/uploads\/2024\/12\/financiadores-planComplementario.png 2000w\" sizes=\"auto, (max-width: 514px) 100vw, 514px\" \/><\/p>\n","protected":false},"excerpt":{"rendered":"<p>Este taller ofrece una formaci\u00f3n especializada e integral en el uso de dispositivos de grabaci\u00f3n pasiva de audio para estudios ecol\u00f3gicos y proyectos de conservaci\u00f3n de fauna silvestre. Durante cuatro jornadas, las personas participantes podr\u00e1n conocer desde los principios b\u00e1sicos hasta las herramientas m\u00e1s avanzadas para dise\u00f1ar estudios, recopilar datos ac\u00fasticos y analizar vocalizaciones tanto audibles como ultras\u00f3nicas.<\/p>\n","protected":false},"author":1,"featured_media":2209,"template":"","meta":{"give_campaign_id":0,"_tribe_events_status":"","_tribe_events_status_reason":"","footnotes":""},"tags":[],"tribe_events_cat":[],"class_list":["post-2208","tribe_events","type-tribe_events","status-publish","has-post-thumbnail","hentry"],"_links":{"self":[{"href":"https:\/\/www.upo.es\/ceicambio\/wp-json\/wp\/v2\/tribe_events\/2208","targetHints":{"allow":["GET"]}}],"collection":[{"href":"https:\/\/www.upo.es\/ceicambio\/wp-json\/wp\/v2\/tribe_events"}],"about":[{"href":"https:\/\/www.upo.es\/ceicambio\/wp-json\/wp\/v2\/types\/tribe_events"}],"author":[{"embeddable":true,"href":"https:\/\/www.upo.es\/ceicambio\/wp-json\/wp\/v2\/users\/1"}],"version-history":[{"count":4,"href":"https:\/\/www.upo.es\/ceicambio\/wp-json\/wp\/v2\/tribe_events\/2208\/revisions"}],"predecessor-version":[{"id":2215,"href":"https:\/\/www.upo.es\/ceicambio\/wp-json\/wp\/v2\/tribe_events\/2208\/revisions\/2215"}],"wp:featuredmedia":[{"embeddable":true,"href":"https:\/\/www.upo.es\/ceicambio\/wp-json\/wp\/v2\/media\/2209"}],"wp:attachment":[{"href":"https:\/\/www.upo.es\/ceicambio\/wp-json\/wp\/v2\/media?parent=2208"}],"wp:term":[{"taxonomy":"post_tag","embeddable":true,"href":"https:\/\/www.upo.es\/ceicambio\/wp-json\/wp\/v2\/tags?post=2208"},{"taxonomy":"tribe_events_cat","embeddable":true,"href":"https:\/\/www.upo.es\/ceicambio\/wp-json\/wp\/v2\/tribe_events_cat?post=2208"}],"curies":[{"name":"wp","href":"https:\/\/api.w.org\/{rel}","templated":true}]}}