{"id":2271,"date":"2025-09-25T13:58:49","date_gmt":"2025-09-25T11:58:49","guid":{"rendered":"https:\/\/www.upo.es\/ceicambio\/?post_type=tribe_events&#038;p=2271"},"modified":"2025-10-29T11:05:21","modified_gmt":"2025-10-29T10:05:21","slug":"martes-ornitologicos-en-la-upo-2","status":"publish","type":"tribe_events","link":"https:\/\/www.upo.es\/ceicambio\/evento\/martes-ornitologicos-en-la-upo-2\/","title":{"rendered":"Martes Ornitol\u00f3gicos en la UPO &#8211; noviembre"},"content":{"rendered":"<p class=\"ng-star-inserted\"><strong><span class=\"ng-star-inserted\">Alas en el Gosque<\/span><\/strong><\/p>\n<p class=\"ng-star-inserted\"><strong class=\"ng-star-inserted\"><span class=\"ng-star-inserted\">Fecha:<\/span><\/strong><span class=\"ng-star-inserted\">\u00a0Martes, 4 de noviembre de 2025<\/span><br class=\"ng-star-inserted\" \/><strong class=\"ng-star-inserted\"><span class=\"ng-star-inserted\">Hora:<\/span><\/strong><span class=\"ng-star-inserted\">\u00a019:00 &#8211; 20:30 (aproximadamente, puedes ajustar la hora de fin)<\/span><br class=\"ng-star-inserted\" \/><strong class=\"ng-star-inserted\"><span class=\"ng-star-inserted\">Lugar:<\/span><\/strong><span class=\"ng-star-inserted\">\u00a0Sala de Grados 1, Edificio Biblioteca 25, planta baja, Universidad Pablo de Olavide, Autov\u00eda A-376, Km. 1, 41013 Sevilla<\/span><\/p>\n<p class=\"ng-star-inserted\"><span class=\"ng-star-inserted\">Dentro de nuestros \u00abMartes Ornitol\u00f3gicos\u00bb este martes tenemos la charla \u00abAlas en el Gosque: un hito en la conservaci\u00f3n del humedal\u00bb.<\/span><\/p>\n<p class=\"ng-star-inserted\"><span class=\"ng-star-inserted\">Contaremos con la ponencia de Francisco Javier P\u00e9rez Mata, T\u00e9cnico Superior de Recursos Naturales y Paisaj\u00edstico de la Reserva Natural de la Laguna del Gosque (Mart\u00edn de la Jara). La Laguna del Gosque es un importante humedal natural de la Sierra Sur de Sevilla, y este proyecto de conservaci\u00f3n busca mejorar el h\u00e1bitat de la laguna y favorecer la conectividad ecol\u00f3gica con otros humedales y espacios naturales de la regi\u00f3n.<\/span><\/p>\n<p class=\"ng-star-inserted\"><span class=\"ng-star-inserted\">Durante el evento, se presentar\u00e1n los principales avances y resultados obtenidos, destacando el modelo de gesti\u00f3n y restauraci\u00f3n de humedales mediterr\u00e1neos. Se compartir\u00e1 la experiencia clave en la restauraci\u00f3n ecol\u00f3gica y el seguimiento cient\u00edfico para la conservaci\u00f3n de aves acu\u00e1ticas, con potencial de aplicaci\u00f3n en otros humedales similares.<\/span><\/p>\n<p class=\"ng-star-inserted\"><strong class=\"ng-star-inserted\"><span class=\"ng-star-inserted\">P\u00fablico:<\/span><\/strong><span class=\"ng-star-inserted\">\u00a0Abierto a toda la comunidad universitaria y al p\u00fablico interesado en la conservaci\u00f3n y el medio ambiente.<\/span><br class=\"ng-star-inserted\" \/><strong class=\"ng-star-inserted\"><span class=\"ng-star-inserted\">Entrada:<\/span><\/strong><span class=\"ng-star-inserted\">\u00a0Gratuita hasta completar aforo.<\/span><\/p>\n","protected":false},"excerpt":{"rendered":"<p>Descubre los avances del proyecto \u00abAlas en el Gosque\u00bb, un hito en la conservaci\u00f3n del humedal de la Laguna del Gosque. Francisco Javier P\u00e9rez Mata, t\u00e9cnico de la Reserva Natural, presentar\u00e1 los resultados de este esfuerzo por mejorar el h\u00e1bitat de aves acu\u00e1ticas y la conectividad ecol\u00f3gica. Una oportunidad para conocer de cerca la gesti\u00f3n y restauraci\u00f3n de humedales mediterr\u00e1neos. Entrada gratuita hasta completar aforo.<\/p>\n","protected":false},"author":1,"featured_media":2350,"template":"","meta":{"give_campaign_id":0,"_tribe_events_status":"","_tribe_events_status_reason":"","footnotes":""},"tags":[],"tribe_events_cat":[],"class_list":["post-2271","tribe_events","type-tribe_events","status-publish","has-post-thumbnail","hentry"],"_links":{"self":[{"href":"https:\/\/www.upo.es\/ceicambio\/wp-json\/wp\/v2\/tribe_events\/2271","targetHints":{"allow":["GET"]}}],"collection":[{"href":"https:\/\/www.upo.es\/ceicambio\/wp-json\/wp\/v2\/tribe_events"}],"about":[{"href":"https:\/\/www.upo.es\/ceicambio\/wp-json\/wp\/v2\/types\/tribe_events"}],"author":[{"embeddable":true,"href":"https:\/\/www.upo.es\/ceicambio\/wp-json\/wp\/v2\/users\/1"}],"version-history":[{"count":4,"href":"https:\/\/www.upo.es\/ceicambio\/wp-json\/wp\/v2\/tribe_events\/2271\/revisions"}],"predecessor-version":[{"id":2352,"href":"https:\/\/www.upo.es\/ceicambio\/wp-json\/wp\/v2\/tribe_events\/2271\/revisions\/2352"}],"wp:featuredmedia":[{"embeddable":true,"href":"https:\/\/www.upo.es\/ceicambio\/wp-json\/wp\/v2\/media\/2350"}],"wp:attachment":[{"href":"https:\/\/www.upo.es\/ceicambio\/wp-json\/wp\/v2\/media?parent=2271"}],"wp:term":[{"taxonomy":"post_tag","embeddable":true,"href":"https:\/\/www.upo.es\/ceicambio\/wp-json\/wp\/v2\/tags?post=2271"},{"taxonomy":"tribe_events_cat","embeddable":true,"href":"https:\/\/www.upo.es\/ceicambio\/wp-json\/wp\/v2\/tribe_events_cat?post=2271"}],"curies":[{"name":"wp","href":"https:\/\/api.w.org\/{rel}","templated":true}]}}