{"id":2377,"date":"2025-11-12T09:39:03","date_gmt":"2025-11-12T08:39:03","guid":{"rendered":"https:\/\/www.upo.es\/ceicambio\/?post_type=tribe_events&#038;p=2377"},"modified":"2025-11-12T09:40:31","modified_gmt":"2025-11-12T08:40:31","slug":"documental-las-aguas-quietas","status":"publish","type":"tribe_events","link":"https:\/\/www.upo.es\/ceicambio\/evento\/documental-las-aguas-quietas\/","title":{"rendered":"Documental Las Aguas Quietas"},"content":{"rendered":"<h3 data-start=\"177\" data-end=\"231\">Proyecci\u00f3n del documental <em data-start=\"210\" data-end=\"229\">Las aguas quietas<\/em><\/h3>\n<p data-start=\"232\" data-end=\"349\"><strong data-start=\"235\" data-end=\"261\">Lunes, 17 de noviembre<\/strong><br data-start=\"261\" data-end=\"264\" \/><strong data-start=\"267\" data-end=\"278\">17:00 h<\/strong><br data-start=\"278\" data-end=\"281\" \/><strong data-start=\"284\" data-end=\"349\">Sal\u00f3n de Grados del Edificio 7 \u2013 Universidad Pablo de Olavide<\/strong><\/p>\n<p data-start=\"351\" data-end=\"650\">El <strong data-start=\"354\" data-end=\"368\">CEI Cambio<\/strong> te invita a la proyecci\u00f3n del documental <em data-start=\"410\" data-end=\"429\">Las aguas quietas<\/em>, una obra de <strong data-start=\"443\" data-end=\"475\">Javier Ros y \u00c1lvaro Saavedra<\/strong> que aborda la <strong data-start=\"490\" data-end=\"563\">amenaza que supone la reapertura del yacimiento minero de Aznalc\u00f3llar<\/strong>, 27 a\u00f1os despu\u00e9s del vertido que contamin\u00f3 el r\u00edo Guadiamar y puso en riesgo Do\u00f1ana.<\/p>\n<p data-start=\"652\" data-end=\"845\">A trav\u00e9s de entrevistas, testimonios y registros de campo, el documental ofrece una mirada cr\u00edtica y humana sobre el equilibrio entre el desarrollo econ\u00f3mico y la conservaci\u00f3n del territorio.<\/p>\n<p data-start=\"847\" data-end=\"941\">El acto contar\u00e1 con la presencia de sus autores y se desarrollar\u00e1 con el siguiente programa:<\/p>\n<ul data-start=\"942\" data-end=\"1058\">\n<li data-start=\"942\" data-end=\"994\">\n<p data-start=\"944\" data-end=\"994\">Recepci\u00f3n y presentaci\u00f3n del documental (10 min)<\/p>\n<\/li>\n<li data-start=\"995\" data-end=\"1018\">\n<p data-start=\"997\" data-end=\"1018\">Proyecci\u00f3n (40 min)<\/p>\n<\/li>\n<li data-start=\"1019\" data-end=\"1058\">\n<p data-start=\"1021\" data-end=\"1058\">Mesa abierta \/ coloquio (20-30 min)<\/p>\n<\/li>\n<\/ul>\n<p data-start=\"1060\" data-end=\"1195\"><em data-start=\"1063\" data-end=\"1082\">Las aguas quietas<\/em> est\u00e1 presentado por <strong data-start=\"1103\" data-end=\"1115\">Guasinei<\/strong>, en colaboraci\u00f3n con el <strong data-start=\"1140\" data-end=\"1154\">CEI Cambio<\/strong> y la <strong data-start=\"1160\" data-end=\"1192\">Universidad Pablo de Olavide<\/strong>.<\/p>\n","protected":false},"excerpt":{"rendered":"<p>\u00abLas aguas quietas\u00bb<br \/>\nProyecci\u00f3n del documental y coloquio posterior con sus creadores<br \/>\nLunes 17 de noviembre \u23f0 17:00 h<br \/>\nSala de Grados, edificio 7 &#8211; Universidad Pablo de Olavide<\/p>\n","protected":false},"author":1,"featured_media":2378,"template":"","meta":{"give_campaign_id":0,"_tribe_events_status":"","_tribe_events_status_reason":"","footnotes":""},"tags":[],"tribe_events_cat":[],"class_list":["post-2377","tribe_events","type-tribe_events","status-publish","has-post-thumbnail","hentry"],"_links":{"self":[{"href":"https:\/\/www.upo.es\/ceicambio\/wp-json\/wp\/v2\/tribe_events\/2377","targetHints":{"allow":["GET"]}}],"collection":[{"href":"https:\/\/www.upo.es\/ceicambio\/wp-json\/wp\/v2\/tribe_events"}],"about":[{"href":"https:\/\/www.upo.es\/ceicambio\/wp-json\/wp\/v2\/types\/tribe_events"}],"author":[{"embeddable":true,"href":"https:\/\/www.upo.es\/ceicambio\/wp-json\/wp\/v2\/users\/1"}],"version-history":[{"count":2,"href":"https:\/\/www.upo.es\/ceicambio\/wp-json\/wp\/v2\/tribe_events\/2377\/revisions"}],"predecessor-version":[{"id":2382,"href":"https:\/\/www.upo.es\/ceicambio\/wp-json\/wp\/v2\/tribe_events\/2377\/revisions\/2382"}],"wp:featuredmedia":[{"embeddable":true,"href":"https:\/\/www.upo.es\/ceicambio\/wp-json\/wp\/v2\/media\/2378"}],"wp:attachment":[{"href":"https:\/\/www.upo.es\/ceicambio\/wp-json\/wp\/v2\/media?parent=2377"}],"wp:term":[{"taxonomy":"post_tag","embeddable":true,"href":"https:\/\/www.upo.es\/ceicambio\/wp-json\/wp\/v2\/tags?post=2377"},{"taxonomy":"tribe_events_cat","embeddable":true,"href":"https:\/\/www.upo.es\/ceicambio\/wp-json\/wp\/v2\/tribe_events_cat?post=2377"}],"curies":[{"name":"wp","href":"https:\/\/api.w.org\/{rel}","templated":true}]}}