{"id":1127,"date":"2024-06-10T15:31:08","date_gmt":"2024-06-10T15:31:08","guid":{"rendered":"https:\/\/www.upo.es\/cinef\/?page_id=1127"},"modified":"2025-06-23T08:23:23","modified_gmt":"2025-06-23T08:23:23","slug":"cursos-aula-abierta-de-mayores","status":"publish","type":"page","link":"https:\/\/www.upo.es\/cinef\/cursos-aula-abierta-de-mayores\/","title":{"rendered":"Cursos Aula Abierta de Mayores"},"content":{"rendered":"\n<div class=\"wp-block-columns is-layout-flex wp-container-core-columns-is-layout-9d6595d7 wp-block-columns-is-layout-flex\">\n<div class=\"wp-block-column is-layout-flow wp-block-column-is-layout-flow\">\n<figure class=\"wp-block-image size-large\"><img fetchpriority=\"high\" decoding=\"async\" width=\"1024\" height=\"190\" src=\"https:\/\/www.upo.es\/cinef\/wp-content\/uploads\/2024\/06\/Vicerrectorado-2-1024x190.jpg\" alt=\"\" class=\"wp-image-1132\" srcset=\"https:\/\/www.upo.es\/cinef\/wp-content\/uploads\/2024\/06\/Vicerrectorado-2-1024x190.jpg 1024w, https:\/\/www.upo.es\/cinef\/wp-content\/uploads\/2024\/06\/Vicerrectorado-2-300x56.jpg 300w, https:\/\/www.upo.es\/cinef\/wp-content\/uploads\/2024\/06\/Vicerrectorado-2-768x143.jpg 768w, https:\/\/www.upo.es\/cinef\/wp-content\/uploads\/2024\/06\/Vicerrectorado-2-1536x285.jpg 1536w, https:\/\/www.upo.es\/cinef\/wp-content\/uploads\/2024\/06\/Vicerrectorado-2-2048x380.jpg 2048w\" sizes=\"(max-width: 1024px) 100vw, 1024px\" \/><\/figure>\n<\/div>\n<\/div>\n\n\n<p><span style=\"color: #000080;\"><strong>Cursos ofertados:\u00a0<\/strong><\/span><\/p>\n\n\n<div class=\"wp-block-columns is-layout-flex wp-container-core-columns-is-layout-9d6595d7 wp-block-columns-is-layout-flex\">\n<div class=\"wp-block-column is-layout-flow wp-block-column-is-layout-flow\">\n<div class=\"wp-block-flipbox-flipbox-block\"><div class=\"eb-parent-wrapper eb-parent-eb-flipbox-xfi78 \"><div class=\"eb-flipbox-container eb-flipbox-xfi78 eb-flipbox-align-center eb-hover-mode\" data-id=\"eb-flipbox-xfi78\" data-flip-type=\"flip-left\" data-flip-mode=\"hover\"><div class=\"eb-flipper flip-left\"><div class=\"eb-flipbox-front\"><div class=\"eb-flipbox-items-container\"><div class=\"eb-flipbox-front-title-wrapper\"><h3 class=\"eb-flipbox-front-title\">Las desigualdades entre mujeres y hombres en la sociedad actual<\/h3><\/div><\/div><\/div><div class=\"eb-flipbox-back\"><div class=\"eb-flipbox-items-container\"><div class=\"eb-flipbox-back-content-wrapper\"><p class=\"eb-flipbox-back-content\">8 horas.\nResponsable: Carmen Monreal Gimeno\nProfesorado: Carmen Monreal y Gema Otero<\/p><\/div><\/div><\/div><\/div><\/div><\/div><\/div>\n\n\n\n<div class=\"wp-block-flipbox-flipbox-block\"><div class=\"eb-parent-wrapper eb-parent-eb-flipbox-kng03 \"><div class=\"eb-flipbox-container eb-flipbox-kng03 eb-flipbox-align-center eb-hover-mode\" data-id=\"eb-flipbox-kng03\" data-flip-type=\"flip-left\" data-flip-mode=\"hover\"><div class=\"eb-flipper flip-left\"><div class=\"eb-flipbox-front\"><div class=\"eb-flipbox-items-container\"><div class=\"eb-flipbox-front-title-wrapper\"><h3 class=\"eb-flipbox-front-title\">Las mujeres en los pa\u00edses \u00e1rabes e isl\u00e1micos: cultura, religi\u00f3n, pol\u00edtica y tradici\u00f3n<\/h3><\/div><\/div><\/div><div class=\"eb-flipbox-back\"><div class=\"eb-flipbox-items-container\"><div class=\"eb-flipbox-back-content-wrapper\"><p class=\"eb-flipbox-back-content\">8 horas.\nResponsable: Hanan Saleh Hussein\nProfesorado: Hanan Saleh Hussein<\/p><\/div><\/div><\/div><\/div><\/div><\/div><\/div>\n<\/div>\n\n\n\n<div class=\"wp-block-column is-layout-flow wp-block-column-is-layout-flow\">\n<div class=\"wp-block-flipbox-flipbox-block\"><div class=\"eb-parent-wrapper eb-parent-eb-flipbox-49659 \"><div class=\"eb-flipbox-container eb-flipbox-49659 eb-flipbox-align-center eb-hover-mode\" data-id=\"eb-flipbox-49659\" data-flip-type=\"flip-left\" data-flip-mode=\"hover\"><div class=\"eb-flipper flip-left\"><div class=\"eb-flipbox-front\"><div class=\"eb-flipbox-items-container\"><div class=\"eb-flipbox-front-title-wrapper\"><h3 class=\"eb-flipbox-front-title\">\u00bfD\u00f3nde estuvieron las artistas, escritoras y fil\u00f3sofas? Buscando a las mujeres en la Historia<\/h3><\/div><\/div><\/div><div class=\"eb-flipbox-back\"><div class=\"eb-flipbox-items-container\"><div class=\"eb-flipbox-back-content-wrapper\"><p class=\"eb-flipbox-back-content\">8 horas.\nResponsable: Marian P\u00e9rez Bernal\nProfesorado: Inmaculada Villa Gil-Bermejo, Carmen Velasco, Ver\u00f3nica Pacheco, Victoria S\u00e1nchez Mellado y Marian P\u00e9rez Bernal<\/p><\/div><\/div><\/div><\/div><\/div><\/div><\/div>\n<\/div>\n<\/div>\n\n\n\n<div class=\"wp-block-columns is-layout-flex wp-container-core-columns-is-layout-9d6595d7 wp-block-columns-is-layout-flex\"><\/div>\n\n\n\n<div class=\"wp-block-columns is-layout-flex wp-container-core-columns-is-layout-9d6595d7 wp-block-columns-is-layout-flex\">\n<div class=\"wp-block-column is-layout-flow wp-block-column-is-layout-flow\"><\/div>\n\n\n\n<div class=\"wp-block-column is-layout-flow wp-block-column-is-layout-flow\"><\/div>\n<\/div>\n","protected":false},"excerpt":{"rendered":"<p>Cursos ofertados:\u00a0<\/p>\n","protected":false},"author":1,"featured_media":0,"parent":0,"menu_order":0,"comment_status":"closed","ping_status":"closed","template":"","meta":{"_eb_attr":"","footnotes":""},"class_list":["post-1127","page","type-page","status-publish","hentry"],"_links":{"self":[{"href":"https:\/\/www.upo.es\/cinef\/wp-json\/wp\/v2\/pages\/1127","targetHints":{"allow":["GET"]}}],"collection":[{"href":"https:\/\/www.upo.es\/cinef\/wp-json\/wp\/v2\/pages"}],"about":[{"href":"https:\/\/www.upo.es\/cinef\/wp-json\/wp\/v2\/types\/page"}],"author":[{"embeddable":true,"href":"https:\/\/www.upo.es\/cinef\/wp-json\/wp\/v2\/users\/1"}],"replies":[{"embeddable":true,"href":"https:\/\/www.upo.es\/cinef\/wp-json\/wp\/v2\/comments?post=1127"}],"version-history":[{"count":3,"href":"https:\/\/www.upo.es\/cinef\/wp-json\/wp\/v2\/pages\/1127\/revisions"}],"predecessor-version":[{"id":1489,"href":"https:\/\/www.upo.es\/cinef\/wp-json\/wp\/v2\/pages\/1127\/revisions\/1489"}],"wp:attachment":[{"href":"https:\/\/www.upo.es\/cinef\/wp-json\/wp\/v2\/media?parent=1127"}],"curies":[{"name":"wp","href":"https:\/\/api.w.org\/{rel}","templated":true}]}}