{"id":1506,"date":"2025-06-23T09:40:14","date_gmt":"2025-06-23T09:40:14","guid":{"rendered":"https:\/\/www.upo.es\/cinef\/?page_id=1506"},"modified":"2025-06-23T09:40:15","modified_gmt":"2025-06-23T09:40:15","slug":"radio-cinef","status":"publish","type":"page","link":"https:\/\/www.upo.es\/cinef\/radio-cinef\/","title":{"rendered":"Radio CINEF"},"content":{"rendered":"\n<div class=\"wp-block-media-text is-stacked-on-mobile is-vertically-aligned-top\"><figure class=\"wp-block-media-text__media\"><img fetchpriority=\"high\" decoding=\"async\" width=\"740\" height=\"886\" src=\"https:\/\/www.upo.es\/cinef\/wp-content\/uploads\/2025\/06\/cartel-final.jpg\" alt=\"\" class=\"wp-image-1507 size-full\" srcset=\"https:\/\/www.upo.es\/cinef\/wp-content\/uploads\/2025\/06\/cartel-final.jpg 740w, https:\/\/www.upo.es\/cinef\/wp-content\/uploads\/2025\/06\/cartel-final-251x300.jpg 251w\" sizes=\"(max-width: 740px) 100vw, 740px\" \/><\/figure><div class=\"wp-block-media-text__content\">\n<p>El Programa&nbsp;<strong>RADIO CINEF<\/strong>&nbsp;impulsado por el Centro de Investigaciones Feministas (CINEF), es un espacio de RadiOlavide dedicado a la reflexi\u00f3n y el di\u00e1logo sobre tem\u00e1ticas feministas desde diversas perspectivas acad\u00e9micas, sociales y culturales. Su prop\u00f3sito es abordar problem\u00e1ticas actuales y fundamentales para el movimiento feminista, proporcionando una plataforma accesible para la sensibilizaci\u00f3n y el debate. Asimismo, busca fortalecer la conciencia cr\u00edtica y la educaci\u00f3n en torno a temas como la equidad de g\u00e9nero, la violencia contra las mujeres y otros aspectos clave del feminismo, contribuyendo a la construcci\u00f3n de una sociedad m\u00e1s justa e igualitaria.<\/p>\n\n\n\n<p>A trav\u00e9s de entrevistas, debates y an\u00e1lisis de casos, el programa promueve el aprendizaje y la reflexi\u00f3n sobre los derechos de las mujeres, siempre con un enfoque inclusivo, plural e interseccional. Cuenta con la participaci\u00f3n de mujeres y hombres de distintas disciplinas y \u00e1mbitos, visibilizando sus aportaciones y experiencias.<br>Cada emisi\u00f3n tiene una tem\u00e1tica central y cuenta con la colaboraci\u00f3n de personas expertas invitadas. El programa se desarrolla a trav\u00e9s de distintas secciones dise\u00f1adas para profundizar en los temas abordados.<\/p>\n\n\n\n<p>Secciones:<br>\u2022&nbsp;Entrevistas con personas expertas: Conversaciones con especialistas en diversas \u00e1reas del feminismo.<br>\u2022&nbsp;An\u00e1lisis de actualidad: Discusi\u00f3n sobre noticias y temas recientes relacionados con la igualdad de g\u00e9nero.<br>\u2022&nbsp;Debates y testimonios: Espacios de conversaci\u00f3n con activistas y miembros de la comunidad universitaria.<br><br><strong>Periodicidad<\/strong>: Mensual<\/p>\n\n\n\n<p><strong>Estreno:<\/strong>&nbsp;el segundo viernes de cada mes<br><strong>Horario de emisi\u00f3n<\/strong>: viernes a las 15:00 horas. con reposici\u00f3n los martes a las 12:00.<br><strong>Equipo de trabajo<\/strong>:<br>-CINEF<br>-Ver\u00f3nica Pacheco Costa<br>-Nancy Lizbeth Garc\u00eda Ram\u00edrez<br>Dise\u00f1o imagen: Alejandro Osuna Pacheco<\/p>\n\n\n\n<p><strong>Contacto:<\/strong>&nbsp;<a href=\"mailto:cpnacinef@upo.es\">cpnacinef@upo.es<\/a><\/p>\n\n\n\n<p><strong>Instagram<\/strong>:&nbsp;<a href=\"https:\/\/www.instagram.com\/cinef_upo\/\" target=\"_blank\" rel=\"noreferrer noopener\">cinef_upo<\/a><\/p>\n\n\n\n<p>Escucha los podcasts&nbsp;<a href=\"https:\/\/radiolavide.org\/categoria-audio\/radio-cinef\/\">aqu\u00ed<\/a>.<\/p>\n\n\n\n<p>*La emisora RadiOlavide no se hace responsable de las aportaciones, opiniones, juicios, comentarios o contenidos vertidos por sus colaboradores\/as<br>**Los programas de RadiOlavide son responsables del contenido que difunden a trav\u00e9s de sus redes sociales.<\/p>\n<\/div><\/div>\n","protected":false},"excerpt":{"rendered":"<p>El Programa&nbsp;RADIO CINEF&nbsp;impulsado por el Centro de Investigaciones Feministas (CINEF), es un espacio de RadiOlavide dedicado a la reflexi\u00f3n y el di\u00e1logo sobre tem\u00e1ticas feministas desde diversas perspectivas acad\u00e9micas, sociales y culturales. Su prop\u00f3sito es abordar problem\u00e1ticas actuales y fundamentales para el movimiento feminista, proporcionando una plataforma accesible para la sensibilizaci\u00f3n y el debate. Asimismo, busca fortalecer la conciencia cr\u00edtica [&hellip;]<\/p>\n","protected":false},"author":1,"featured_media":0,"parent":0,"menu_order":0,"comment_status":"closed","ping_status":"closed","template":"","meta":{"_eb_attr":"","footnotes":""},"class_list":["post-1506","page","type-page","status-publish","hentry"],"_links":{"self":[{"href":"https:\/\/www.upo.es\/cinef\/wp-json\/wp\/v2\/pages\/1506","targetHints":{"allow":["GET"]}}],"collection":[{"href":"https:\/\/www.upo.es\/cinef\/wp-json\/wp\/v2\/pages"}],"about":[{"href":"https:\/\/www.upo.es\/cinef\/wp-json\/wp\/v2\/types\/page"}],"author":[{"embeddable":true,"href":"https:\/\/www.upo.es\/cinef\/wp-json\/wp\/v2\/users\/1"}],"replies":[{"embeddable":true,"href":"https:\/\/www.upo.es\/cinef\/wp-json\/wp\/v2\/comments?post=1506"}],"version-history":[{"count":1,"href":"https:\/\/www.upo.es\/cinef\/wp-json\/wp\/v2\/pages\/1506\/revisions"}],"predecessor-version":[{"id":1508,"href":"https:\/\/www.upo.es\/cinef\/wp-json\/wp\/v2\/pages\/1506\/revisions\/1508"}],"wp:attachment":[{"href":"https:\/\/www.upo.es\/cinef\/wp-json\/wp\/v2\/media?parent=1506"}],"curies":[{"name":"wp","href":"https:\/\/api.w.org\/{rel}","templated":true}]}}