{"id":183,"date":"2021-05-12T15:09:47","date_gmt":"2021-05-12T15:09:47","guid":{"rendered":"https:\/\/www.upo.es\/cinef\/?page_id=183"},"modified":"2023-10-04T09:20:14","modified_gmt":"2023-10-04T09:20:14","slug":"docencia","status":"publish","type":"page","link":"https:\/\/www.upo.es\/cinef\/docencia\/","title":{"rendered":"Formaci\u00f3n y Docencia"},"content":{"rendered":"\n<p class=\"has-text-align-center\"><strong><span class=\"has-inline-color has-black-color\">M\u00e1ster Universitario en G\u00e9nero&nbsp;e Igualdad (Titulo Oficial)<\/span><\/strong><\/p>\n\n\n<div class=\"wp-block-image is-style-default\">\n<figure class=\"aligncenter size-full\"><img decoding=\"async\" width=\"170\" height=\"152\" src=\"https:\/\/www.upo.es\/cinef\/wp-content\/uploads\/2021\/10\/Logo-master-Genero-e-Igualdad.png\" alt=\"\" class=\"wp-image-432\"\/><\/figure>\n<\/div>\n\n\n<p>Este es un M\u00e1ster interdisciplinario creado en 2009 cuyo objetivo es dotar a las personas participantes de competencias profesionales a trav\u00e9s de una capacitaci\u00f3n integral (tanto te\u00f3rica como pr\u00e1ctica) para la intervenci\u00f3n en materias de igualdad. Para ello se trabajar\u00e1 en el dise\u00f1o, desarrollo y evaluaci\u00f3n de distintas din\u00e1micas en torno al g\u00e9nero y la igualdad entre mujeres y hombres.<\/p>\n\n\n\n<p>Duraci\u00f3n: Un curso acad\u00e9mico<br>Cr\u00e9ditos: 60 Cr\u00e9ditos ECTS<br>Rama del Conocimiento: Ciencias sociales y jur\u00eddicas<br>Lengua(s) Utilizada(s): Espa\u00f1ol<br>2 itinerarios: investigador \/ Profesionalizante<br>Mas&nbsp;info en:&nbsp; <a href=\"https:\/\/www.upo.es\/postgrado\/Master-Oficial-Genero-e-Igualdad\/\" target=\"_blank\" rel=\"noreferrer noopener\">https:\/\/www.upo.es\/postgrado\/Master-Oficial-Genero-e-Igualdad\/<\/a><\/p>\n","protected":false},"excerpt":{"rendered":"<p>M\u00e1ster Universitario en G\u00e9nero&nbsp;e Igualdad (Titulo Oficial) Este es un M\u00e1ster interdisciplinario creado en 2009 cuyo objetivo es dotar a las personas participantes de competencias profesionales a trav\u00e9s de una capacitaci\u00f3n integral (tanto te\u00f3rica como pr\u00e1ctica) para la intervenci\u00f3n en materias de igualdad. Para ello se trabajar\u00e1 en el dise\u00f1o, desarrollo y evaluaci\u00f3n de distintas din\u00e1micas en torno al g\u00e9nero [&hellip;]<\/p>\n","protected":false},"author":1,"featured_media":0,"parent":0,"menu_order":0,"comment_status":"closed","ping_status":"closed","template":"","meta":{"_eb_attr":"","footnotes":""},"class_list":["post-183","page","type-page","status-publish","hentry"],"_links":{"self":[{"href":"https:\/\/www.upo.es\/cinef\/wp-json\/wp\/v2\/pages\/183","targetHints":{"allow":["GET"]}}],"collection":[{"href":"https:\/\/www.upo.es\/cinef\/wp-json\/wp\/v2\/pages"}],"about":[{"href":"https:\/\/www.upo.es\/cinef\/wp-json\/wp\/v2\/types\/page"}],"author":[{"embeddable":true,"href":"https:\/\/www.upo.es\/cinef\/wp-json\/wp\/v2\/users\/1"}],"replies":[{"embeddable":true,"href":"https:\/\/www.upo.es\/cinef\/wp-json\/wp\/v2\/comments?post=183"}],"version-history":[{"count":4,"href":"https:\/\/www.upo.es\/cinef\/wp-json\/wp\/v2\/pages\/183\/revisions"}],"predecessor-version":[{"id":610,"href":"https:\/\/www.upo.es\/cinef\/wp-json\/wp\/v2\/pages\/183\/revisions\/610"}],"wp:attachment":[{"href":"https:\/\/www.upo.es\/cinef\/wp-json\/wp\/v2\/media?parent=183"}],"curies":[{"name":"wp","href":"https:\/\/api.w.org\/{rel}","templated":true}]}}