{"id":221,"date":"2021-05-17T09:21:36","date_gmt":"2021-05-17T09:21:36","guid":{"rendered":"https:\/\/www.upo.es\/cinef\/?page_id=221"},"modified":"2025-03-10T11:17:52","modified_gmt":"2025-03-10T11:17:52","slug":"proyectos-nacionales-y-autonomicos","status":"publish","type":"page","link":"https:\/\/www.upo.es\/cinef\/proyectos-nacionales-y-autonomicos\/","title":{"rendered":"Proyectos Nacionales y Auton\u00f3micos"},"content":{"rendered":"\t\t<div data-elementor-type=\"wp-page\" data-elementor-id=\"221\" class=\"elementor elementor-221\">\n\t\t\t\t\t\t<section class=\"elementor-section elementor-top-section elementor-element elementor-element-6dd29f5 elementor-section-boxed elementor-section-height-default elementor-section-height-default\" data-id=\"6dd29f5\" data-element_type=\"section\">\n\t\t\t\t\t\t<div class=\"elementor-container elementor-column-gap-default\">\n\t\t\t\t\t<div class=\"elementor-column elementor-col-100 elementor-top-column elementor-element elementor-element-63d0563\" data-id=\"63d0563\" data-element_type=\"column\">\n\t\t\t<div class=\"elementor-widget-wrap\">\n\t\t\t\t\t\t\t<\/div>\n\t\t<\/div>\n\t\t\t\t\t<\/div>\n\t\t<\/section>\n\t\t\t\t<section class=\"elementor-section elementor-top-section elementor-element elementor-element-6e9a04a elementor-section-boxed elementor-section-height-default elementor-section-height-default\" data-id=\"6e9a04a\" data-element_type=\"section\">\n\t\t\t\t\t\t<div class=\"elementor-container elementor-column-gap-default\">\n\t\t\t\t\t<div class=\"elementor-column elementor-col-50 elementor-top-column elementor-element elementor-element-e62a594\" data-id=\"e62a594\" data-element_type=\"column\">\n\t\t\t<div class=\"elementor-widget-wrap elementor-element-populated\">\n\t\t\t\t\t\t<div class=\"elementor-element elementor-element-1c45cbf elementor-widget elementor-widget-image\" data-id=\"1c45cbf\" data-element_type=\"widget\" data-widget_type=\"image.default\">\n\t\t\t\t<div class=\"elementor-widget-container\">\n\t\t\t\t\t\t\t\t\t\t<figure class=\"wp-caption\">\n\t\t\t\t\t\t\t\t\t\t<img fetchpriority=\"high\" decoding=\"async\" width=\"640\" height=\"766\" src=\"https:\/\/www.upo.es\/cinef\/wp-content\/uploads\/2025\/03\/radio-cinef.jpg\" class=\"attachment-large size-large wp-image-1389\" alt=\"\" srcset=\"https:\/\/www.upo.es\/cinef\/wp-content\/uploads\/2025\/03\/radio-cinef.jpg 740w, https:\/\/www.upo.es\/cinef\/wp-content\/uploads\/2025\/03\/radio-cinef-251x300.jpg 251w\" sizes=\"(max-width: 640px) 100vw, 640px\" \/>\t\t\t\t\t\t\t\t\t\t\t<figcaption class=\"widget-image-caption wp-caption-text\">Actividad enmarcada en la convocatoria de ayudas para incorporar la perspectiva de g\u00e9nero en centros y facultades 2025, de la Delegaci\u00f3n del Rector para la Igualdad de G\u00e9nero de la UPO, con la gesti\u00f3n de la Oficina para la Igualdad<\/figcaption>\n\t\t\t\t\t\t\t\t\t\t<\/figure>\n\t\t\t\t\t\t\t<\/div>\n\t\t\t\t<\/div>\n\t\t\t\t<div class=\"elementor-element elementor-element-ef30cfd elementor-button-info elementor-align-center elementor-widget elementor-widget-button\" data-id=\"ef30cfd\" data-element_type=\"widget\" data-widget_type=\"button.default\">\n\t\t\t\t<div class=\"elementor-widget-container\">\n\t\t\t\t\t<div class=\"elementor-button-wrapper\">\n\t\t\t<a class=\"elementor-button elementor-button-link elementor-size-sm\" href=\"https:\/\/radiolavide.org\/programa\/radio-cinef\/\">\n\t\t\t\t\t\t<span class=\"elementor-button-content-wrapper\">\n\t\t\t\t\t\t\t\t\t<span class=\"elementor-button-text\">Enlace a la Fonoteca de la Radio Olavide<\/span>\n\t\t\t\t\t<\/span>\n\t\t\t\t\t<\/a>\n\t\t<\/div>\n\t\t\t\t<\/div>\n\t\t\t\t<\/div>\n\t\t\t\t\t<\/div>\n\t\t<\/div>\n\t\t\t\t<div class=\"elementor-column elementor-col-50 elementor-top-column elementor-element elementor-element-4b1bb38\" data-id=\"4b1bb38\" data-element_type=\"column\">\n\t\t\t<div class=\"elementor-widget-wrap elementor-element-populated\">\n\t\t\t\t\t\t<div class=\"elementor-element elementor-element-beea34a elementor-widget elementor-widget-text-editor\" data-id=\"beea34a\" data-element_type=\"widget\" data-widget_type=\"text-editor.default\">\n\t\t\t\t<div class=\"elementor-widget-container\">\n\t\t\t\t\t\t\t<p style=\"text-align: justify;\"><span style=\"color: #000000;\">El Programa RADIO CINEF impulsado por el Centro de Investigaciones Feministas (CINEF), es un espacio de RadiOlavide dedicado a la reflexi\u00f3n y el di\u00e1logo sobre tem\u00e1ticas feministas desde diversas perspectivas acad\u00e9micas, sociales y culturales. Su prop\u00f3sito es abordar problem\u00e1ticas actuales y fundamentales para el movimiento feminista, proporcionando una plataforma accesible para la sensibilizaci\u00f3n y el debate.\u00a0 Asimismo, busca fortalecer la conciencia cr\u00edtica y la educaci\u00f3n en torno a temas como la equidad de g\u00e9nero, la violencia contra las mujeres y otros aspectos clave del feminismo, contribuyendo a la construcci\u00f3n de una sociedad m\u00e1s justa e igualitaria.<\/span><\/p><p style=\"text-align: justify;\"><span style=\"color: #000000;\">A trav\u00e9s de entrevistas, debates y an\u00e1lisis de casos, el programa promueve el aprendizaje y la reflexi\u00f3n sobre los derechos de las mujeres, siempre con un enfoque inclusivo, plural e interseccional. Cuenta con la participaci\u00f3n de mujeres y hombres de distintas disciplinas y \u00e1mbitos, visibilizando sus aportaciones y experiencias.<\/span><\/p><p style=\"text-align: justify;\"><span style=\"color: #000000;\">Cada emisi\u00f3n tiene una tem\u00e1tica central y cuenta con la colaboraci\u00f3n de personas expertas invitadas. El programa se desarrolla a trav\u00e9s de distintas secciones dise\u00f1adas para profundizar en los temas abordados.<\/span><\/p><p style=\"text-align: justify;\"><strong>Secciones:<\/strong><\/p><ul style=\"text-align: justify;\"><li><span style=\"color: #000000;\">Entrevistas con personas expertas: Conversaciones con especialistas en diversas \u00e1reas del feminismo.<\/span><\/li><li><span style=\"color: #000000;\">An\u00e1lisis de actualidad: Discusi\u00f3n sobre noticias y temas recientes relacionados con la igualdad de g\u00e9nero.<\/span><\/li><li><span style=\"color: #000000;\">Debates y testimonios: Espacios de conversaci\u00f3n con activistas y miembros de la comunidad universitaria.<\/span><\/li><li><span style=\"color: #000000;\">Interacci\u00f3n con la audiencia: Posibilidad de participaci\u00f3n a trav\u00e9s de redes sociales<\/span><\/li><\/ul><p style=\"text-align: justify;\"><strong>Periodicidad:<\/strong> <span style=\"color: #000000;\">Mensual<\/span><\/p><p style=\"text-align: justify;\"><strong>Equipo de Trabajo:<\/strong> <span style=\"color: #000000;\">CINEF, Ver\u00f3nica Pacheco Costa, Nancy Lizbeth Garc\u00eda Ram\u00edrez.<\/span><\/p><p style=\"text-align: justify;\"><strong>Dise\u00f1o imagen:<\/strong> <span style=\"color: #000000;\">Alejandro Osuna Pacheco.<\/span><\/p><p style=\"text-align: justify;\"><strong>Contacto:<\/strong> <span style=\"color: #000000;\">cpnacinef@upo.es<\/span><\/p><p>\u00a0<\/p><p style=\"text-align: justify;\">\u00a0<\/p>\t\t\t\t\t\t<\/div>\n\t\t\t\t<\/div>\n\t\t\t\t\t<\/div>\n\t\t<\/div>\n\t\t\t\t\t<\/div>\n\t\t<\/section>\n\t\t\t\t<\/div>\n\t\t","protected":false},"excerpt":{"rendered":"<p>Actividad enmarcada en la convocatoria de ayudas para incorporar la perspectiva de g\u00e9nero en centros y facultades 2025, de la Delegaci\u00f3n del Rector para la Igualdad de G\u00e9nero de la UPO, con la gesti\u00f3n de la Oficina para la Igualdad Enlace a la Fonoteca de la Radio Olavide El Programa RADIO CINEF impulsado por el Centro de Investigaciones Feministas (CINEF), [&hellip;]<\/p>\n","protected":false},"author":1,"featured_media":0,"parent":0,"menu_order":0,"comment_status":"closed","ping_status":"closed","template":"","meta":{"_eb_attr":"","footnotes":""},"class_list":["post-221","page","type-page","status-publish","hentry"],"_links":{"self":[{"href":"https:\/\/www.upo.es\/cinef\/wp-json\/wp\/v2\/pages\/221","targetHints":{"allow":["GET"]}}],"collection":[{"href":"https:\/\/www.upo.es\/cinef\/wp-json\/wp\/v2\/pages"}],"about":[{"href":"https:\/\/www.upo.es\/cinef\/wp-json\/wp\/v2\/types\/page"}],"author":[{"embeddable":true,"href":"https:\/\/www.upo.es\/cinef\/wp-json\/wp\/v2\/users\/1"}],"replies":[{"embeddable":true,"href":"https:\/\/www.upo.es\/cinef\/wp-json\/wp\/v2\/comments?post=221"}],"version-history":[{"count":25,"href":"https:\/\/www.upo.es\/cinef\/wp-json\/wp\/v2\/pages\/221\/revisions"}],"predecessor-version":[{"id":1427,"href":"https:\/\/www.upo.es\/cinef\/wp-json\/wp\/v2\/pages\/221\/revisions\/1427"}],"wp:attachment":[{"href":"https:\/\/www.upo.es\/cinef\/wp-json\/wp\/v2\/media?parent=221"}],"curies":[{"name":"wp","href":"https:\/\/api.w.org\/{rel}","templated":true}]}}