{"id":222,"date":"2021-05-17T09:19:50","date_gmt":"2021-05-17T09:19:50","guid":{"rendered":"https:\/\/www.upo.es\/cinef\/?page_id=222"},"modified":"2025-03-17T12:38:13","modified_gmt":"2025-03-17T12:38:13","slug":"proyectos-internacionales","status":"publish","type":"page","link":"https:\/\/www.upo.es\/cinef\/proyectos-internacionales\/","title":{"rendered":"Proyectos Internacionales"},"content":{"rendered":"\t\t<div data-elementor-type=\"wp-page\" data-elementor-id=\"222\" class=\"elementor elementor-222\">\n\t\t\t\t\t\t<section class=\"elementor-section elementor-top-section elementor-element elementor-element-bbbc0fb elementor-section-boxed elementor-section-height-default elementor-section-height-default\" data-id=\"bbbc0fb\" data-element_type=\"section\">\n\t\t\t\t\t\t<div class=\"elementor-container elementor-column-gap-default\">\n\t\t\t\t\t<div class=\"elementor-column elementor-col-100 elementor-top-column elementor-element elementor-element-5bc70f9\" data-id=\"5bc70f9\" data-element_type=\"column\">\n\t\t\t<div class=\"elementor-widget-wrap elementor-element-populated\">\n\t\t\t\t\t\t<div class=\"elementor-element elementor-element-8bec92c elementor-widget elementor-widget-text-editor\" data-id=\"8bec92c\" data-element_type=\"widget\" data-widget_type=\"text-editor.default\">\n\t\t\t\t<div class=\"elementor-widget-container\">\n\t\t\t\t\t\t\t<p class=\"has-text-align-center has-vivid-purple-color has-text-color has-medium-font-size\" style=\"box-sizing: inherit; font-family: OpenSansRegular;\"><strong style=\"box-sizing: inherit;\"><mark class=\"has-inline-color has-black-color\" style=\"box-sizing: inherit; background-color: rgba(0, 0, 0, 0);\">Comisi\u00f3n de Proyectos Internacionales<\/mark><\/strong>:<\/p>\n<p class=\"has-text-align-center has-vivid-purple-color has-text-color has-medium-font-size\" style=\"box-sizing: inherit; font-family: OpenSansRegular;\"><strong> cpicinef@upo.es<\/strong><\/p>\n<figure class=\"wp-block-image size-thumbnail is-style-rounded\" style=\"box-sizing: inherit; color: #64686d; font-family: OpenSansRegular;\"><img decoding=\"async\" class=\"wp-image-200 aligncenter\" style=\"border-width: 0px; border-style: initial; border-radius: 9999px;\" src=\"https:\/\/www.upo.es\/cinef\/wp-content\/uploads\/2021\/05\/Rocio-Cardenas-4-150x150.jpg\" sizes=\"(max-width: 150px) 100vw, 150px\" srcset=\"https:\/\/www.upo.es\/cinef\/wp-content\/uploads\/2021\/05\/Rocio-Cardenas-4-150x150.jpg 150w, https:\/\/www.upo.es\/cinef\/wp-content\/uploads\/2021\/05\/Rocio-Cardenas-4-300x300.jpg 300w\" alt=\"\" width=\"150\" height=\"150\" \/><\/figure>\n<p style=\"box-sizing: inherit; color: #64686d; font-family: OpenSansRegular;\"><strong style=\"box-sizing: inherit;\">Dra. Mar\u00eda del Roc\u00edo C\u00e1rdenas Rodr\u00edguez<\/strong><br style=\"box-sizing: inherit;\" \/><a style=\"box-sizing: inherit;\" href=\"mailto:mttercar@upo.es\"><strong style=\"box-sizing: inherit;\">mrcarrod@upo.es\u00a0<\/strong><\/a><br style=\"box-sizing: inherit;\" \/>Profesora Titular de Universidad<br style=\"box-sizing: inherit;\" \/>Departamento e Educaci\u00f3n y Psicolog\u00eda Social<br style=\"box-sizing: inherit;\" \/>ORCID:\u00a0<a style=\"box-sizing: inherit;\" href=\"http:\/\/orcid.org\/0000-0003-1737-3092\" target=\"_blank\" rel=\"noreferrer noopener\">http:\/\/orcid.org\/0000-0003-1737-3092<\/a><\/p>\t\t\t\t\t\t<\/div>\n\t\t\t\t<\/div>\n\t\t\t\t\t<\/div>\n\t\t<\/div>\n\t\t\t\t\t<\/div>\n\t\t<\/section>\n\t\t\t\t<section class=\"elementor-section elementor-top-section elementor-element elementor-element-94d1cbf elementor-section-boxed elementor-section-height-default elementor-section-height-default\" data-id=\"94d1cbf\" data-element_type=\"section\">\n\t\t\t\t\t\t<div class=\"elementor-container elementor-column-gap-default\">\n\t\t\t\t\t<div class=\"elementor-column elementor-col-100 elementor-top-column elementor-element elementor-element-659bd1c\" data-id=\"659bd1c\" data-element_type=\"column\">\n\t\t\t<div class=\"elementor-widget-wrap\">\n\t\t\t\t\t\t\t<\/div>\n\t\t<\/div>\n\t\t\t\t\t<\/div>\n\t\t<\/section>\n\t\t\t\t<\/div>\n\t\t","protected":false},"excerpt":{"rendered":"<p>Comisi\u00f3n de Proyectos Internacionales: cpicinef@upo.es Dra. Mar\u00eda del Roc\u00edo C\u00e1rdenas Rodr\u00edguezmrcarrod@upo.es\u00a0Profesora Titular de UniversidadDepartamento e Educaci\u00f3n y Psicolog\u00eda SocialORCID:\u00a0http:\/\/orcid.org\/0000-0003-1737-3092<\/p>\n","protected":false},"author":1,"featured_media":0,"parent":0,"menu_order":0,"comment_status":"closed","ping_status":"closed","template":"","meta":{"_eb_attr":"","footnotes":""},"class_list":["post-222","page","type-page","status-publish","hentry"],"_links":{"self":[{"href":"https:\/\/www.upo.es\/cinef\/wp-json\/wp\/v2\/pages\/222","targetHints":{"allow":["GET"]}}],"collection":[{"href":"https:\/\/www.upo.es\/cinef\/wp-json\/wp\/v2\/pages"}],"about":[{"href":"https:\/\/www.upo.es\/cinef\/wp-json\/wp\/v2\/types\/page"}],"author":[{"embeddable":true,"href":"https:\/\/www.upo.es\/cinef\/wp-json\/wp\/v2\/users\/1"}],"replies":[{"embeddable":true,"href":"https:\/\/www.upo.es\/cinef\/wp-json\/wp\/v2\/comments?post=222"}],"version-history":[{"count":16,"href":"https:\/\/www.upo.es\/cinef\/wp-json\/wp\/v2\/pages\/222\/revisions"}],"predecessor-version":[{"id":1465,"href":"https:\/\/www.upo.es\/cinef\/wp-json\/wp\/v2\/pages\/222\/revisions\/1465"}],"wp:attachment":[{"href":"https:\/\/www.upo.es\/cinef\/wp-json\/wp\/v2\/media?parent=222"}],"curies":[{"name":"wp","href":"https:\/\/api.w.org\/{rel}","templated":true}]}}