{"id":28,"date":"2021-04-30T10:53:48","date_gmt":"2021-04-30T10:53:48","guid":{"rendered":"https:\/\/www.upo.es\/cinef\/?page_id=28"},"modified":"2026-04-09T08:26:48","modified_gmt":"2026-04-09T08:26:48","slug":"quienes-somos-en-el-cinef","status":"publish","type":"page","link":"https:\/\/www.upo.es\/cinef\/quienes-somos-en-el-cinef\/","title":{"rendered":"Quienes somos en el CINEF"},"content":{"rendered":"\n<p class=\"has-text-align-center has-white-color has-vivid-purple-background-color has-text-color has-background has-large-font-size\"><strong><span class=\"has-inline-color has-black-color\">EQUIPO DE DIRECCI\u00d3N<\/span><\/strong><\/p>\n\n\n\n<p class=\"has-text-align-center has-vivid-purple-color has-text-color has-medium-font-size\"><strong><mark style=\"background-color:rgba(0, 0, 0, 0)\" class=\"has-inline-color has-black-color\">Directora<\/mark><\/strong>: cinef@upo.es<\/p>\n\n\n\n<figure class=\"wp-block-image size-thumbnail is-style-rounded\"><img decoding=\"async\" width=\"150\" height=\"150\" src=\"https:\/\/www.upo.es\/cinef\/wp-content\/uploads\/2021\/05\/Paula-Rodriguez-150x150.jpg\" alt=\"\" class=\"wp-image-135\" srcset=\"https:\/\/www.upo.es\/cinef\/wp-content\/uploads\/2021\/05\/Paula-Rodriguez-150x150.jpg 150w, https:\/\/www.upo.es\/cinef\/wp-content\/uploads\/2021\/05\/Paula-Rodriguez-300x300.jpg 300w, https:\/\/www.upo.es\/cinef\/wp-content\/uploads\/2021\/05\/Paula-Rodriguez-1024x1024.jpg 1024w, https:\/\/www.upo.es\/cinef\/wp-content\/uploads\/2021\/05\/Paula-Rodriguez-768x768.jpg 768w, https:\/\/www.upo.es\/cinef\/wp-content\/uploads\/2021\/05\/Paula-Rodriguez-1536x1536.jpg 1536w, https:\/\/www.upo.es\/cinef\/wp-content\/uploads\/2021\/05\/Paula-Rodriguez-2048x2048.jpg 2048w\" sizes=\"(max-width: 150px) 100vw, 150px\" \/><\/figure>\n\n\n\n<p class=\"has-text-align-left\"><strong>Dra. Paula Rodr\u00edguez Modro\u00f1o<\/strong><br><a href=\"mailto:prodmod@upo.es\"><strong>prodmod@upo.es<\/strong><\/a><br>Profesora Titular de Universidad<br>Departamento de Econom\u00eda, M\u00e9todos Cuantitativos e Historia Econ\u00f3mica<br>ORCID: <a href=\"https:\/\/orcid.org\/0000-0002-0724-0248\" target=\"_blank\" rel=\"noreferrer noopener\">https:\/\/orcid.org\/0000-0002-0724-0248<\/a><\/p>\n\n\n\n<p class=\"has-text-align-center has-vivid-purple-color has-text-color has-medium-font-size\"><mark style=\"background-color:rgba(0, 0, 0, 0)\" class=\"has-inline-color has-black-color\"><strong>Codirectora<\/strong>:<\/mark> cinef@upo.es<\/p>\n\n\n\n<div class=\"wp-block-group\"><div class=\"wp-block-group__inner-container is-layout-flow wp-block-group-is-layout-flow\">\n<figure class=\"wp-block-image size-thumbnail is-style-rounded\"><img decoding=\"async\" width=\"150\" height=\"150\" src=\"https:\/\/www.upo.es\/cinef\/wp-content\/uploads\/2021\/05\/Monica-Dominguez-150x150.png\" alt=\"\" class=\"wp-image-93\" srcset=\"https:\/\/www.upo.es\/cinef\/wp-content\/uploads\/2021\/05\/Monica-Dominguez-150x150.png 150w, https:\/\/www.upo.es\/cinef\/wp-content\/uploads\/2021\/05\/Monica-Dominguez-300x300.png 300w, https:\/\/www.upo.es\/cinef\/wp-content\/uploads\/2021\/05\/Monica-Dominguez-1024x1024.png 1024w, https:\/\/www.upo.es\/cinef\/wp-content\/uploads\/2021\/05\/Monica-Dominguez-768x768.png 768w, https:\/\/www.upo.es\/cinef\/wp-content\/uploads\/2021\/05\/Monica-Dominguez.png 1080w\" sizes=\"(max-width: 150px) 100vw, 150px\" \/><\/figure>\n\n\n\n<p><strong>Dra. M\u00f3nica Dom\u00ednguez Serrano<\/strong><br><a href=\"mailto:mdomser@upo.es\"><strong>mdomser@upo.es<\/strong><\/a><br>Profesora Titular de Universidad<br>Departamento de Econom\u00eda, M\u00e9todos Cuantitativos e Historia Econ\u00f3mica<br>ORCID:&nbsp;<a href=\"https:\/\/orcid.org\/0000-0001-6162-777X\" target=\"_blank\" rel=\"noreferrer noopener\">https:\/\/orcid.org\/0000-0001-6162-777X<\/a><\/p>\n<\/div><\/div>\n\n\n\n<div class=\"wp-block-group\"><div class=\"wp-block-group__inner-container is-layout-flow wp-block-group-is-layout-flow\">\n<div class=\"wp-block-group\"><div class=\"wp-block-group__inner-container is-layout-flow wp-block-group-is-layout-flow\">\n<p class=\"has-text-align-center has-vivid-purple-color has-text-color has-medium-font-size\"><mark style=\"background-color:rgba(0, 0, 0, 0)\" class=\"has-inline-color has-black-color\"><strong>Secretaria<\/strong><\/mark>: seccinef@upo.es<\/p>\n\n\n\n<figure class=\"wp-block-image size-thumbnail is-style-rounded\"><img decoding=\"async\" width=\"150\" height=\"150\" src=\"https:\/\/www.upo.es\/cinef\/wp-content\/uploads\/2021\/05\/TERESA-TERRON-150x150.jpg\" alt=\"\" class=\"wp-image-79\" srcset=\"https:\/\/www.upo.es\/cinef\/wp-content\/uploads\/2021\/05\/TERESA-TERRON-150x150.jpg 150w, https:\/\/www.upo.es\/cinef\/wp-content\/uploads\/2021\/05\/TERESA-TERRON-300x300.jpg 300w\" sizes=\"(max-width: 150px) 100vw, 150px\" \/><\/figure>\n\n\n\n<p><strong>Dra. Teresa Terr\u00f3n Caro<\/strong><br><a href=\"mailto:mttercar@upo.es\"><strong>mttercar@upo.es&nbsp;<\/strong><\/a><br>Profesora Titular de Universidad<br>Departamento de Educaci\u00f3n y Psicolog\u00eda Social<br>ORCID: <a href=\"https:\/\/orcid.org\/0000-0003-4177-0346\" target=\"_blank\" rel=\"noreferrer noopener\">https:\/\/orcid.org\/0000-0003-4177-0346<\/a><\/p>\n<\/div><\/div>\n<\/div><\/div>\n\n\n\n<p class=\"has-text-align-center has-vivid-purple-color has-text-color has-medium-font-size\"><strong><mark style=\"background-color:rgba(0, 0, 0, 0)\" class=\"has-inline-color has-black-color\">Comisi\u00f3n de Proyectos Internacionales<\/mark><\/strong>: cpicinef@upo.es<\/p>\n\n\n\n<figure class=\"wp-block-image size-thumbnail is-style-rounded\"><img loading=\"lazy\" decoding=\"async\" width=\"150\" height=\"150\" src=\"https:\/\/www.upo.es\/cinef\/wp-content\/uploads\/2021\/05\/Rocio-Cardenas-4-150x150.jpg\" alt=\"\" class=\"wp-image-200\" srcset=\"https:\/\/www.upo.es\/cinef\/wp-content\/uploads\/2021\/05\/Rocio-Cardenas-4-150x150.jpg 150w, https:\/\/www.upo.es\/cinef\/wp-content\/uploads\/2021\/05\/Rocio-Cardenas-4-300x300.jpg 300w\" sizes=\"(max-width: 150px) 100vw, 150px\" \/><\/figure>\n\n\n\n<p><strong>Dra. Mar\u00eda del Roc\u00edo C\u00e1rdenas Rodr\u00edguez<\/strong><br><a href=\"mailto:mttercar@upo.es\"><strong>mrcarrod@upo.es&nbsp;<\/strong><\/a><br>Profesora Titular de Universidad<br>Departamento e Educaci\u00f3n y Psicolog\u00eda Social<br>ORCID:&nbsp;<a href=\"http:\/\/orcid.org\/0000-0003-1737-3092\" target=\"_blank\" rel=\"noreferrer noopener\">http:\/\/orcid.org\/0000-0003-1737-3092<\/a><\/p>\n\n\n\n<p class=\"has-text-align-center has-vivid-purple-color has-text-color has-medium-font-size\"><strong><mark style=\"background-color:rgba(0, 0, 0, 0)\" class=\"has-inline-color has-black-color\">Comisi\u00f3n de Proyectos Nacionales y Auton\u00f3micos<\/mark><\/strong>: cpnacinef@upo.es<\/p>\n\n\n\n<figure class=\"wp-block-image size-thumbnail is-style-rounded\"><img loading=\"lazy\" decoding=\"async\" width=\"150\" height=\"150\" src=\"https:\/\/www.upo.es\/cinef\/wp-content\/uploads\/2021\/05\/Veronica-Pacheco-150x150.jpg\" alt=\"\" class=\"wp-image-88\" srcset=\"https:\/\/www.upo.es\/cinef\/wp-content\/uploads\/2021\/05\/Veronica-Pacheco-150x150.jpg 150w, https:\/\/www.upo.es\/cinef\/wp-content\/uploads\/2021\/05\/Veronica-Pacheco-300x300.jpg 300w\" sizes=\"(max-width: 150px) 100vw, 150px\" \/><\/figure>\n\n\n\n<p><strong>Dra. Ver\u00f3nica Pacheco Costa<\/strong><br><a href=\"mailto:vpacheco@upo.es\"><strong>vpacheco@upo.es<\/strong><\/a><br>Profesora Titular de Universidad<br>Departamento de Filolog\u00eda y Traducci\u00f3n<br>ORCID: <a href=\"https:\/\/orcid.org\/0000-0002-6561-9571\" target=\"_blank\" rel=\"noreferrer noopener\">https:\/\/orcid.org\/0000-0002-6561-9571<\/a><\/p>\n\n\n\n<p class=\"has-text-align-center has-vivid-purple-color has-text-color has-medium-font-size\"><strong><mark style=\"background-color:rgba(0, 0, 0, 0)\" class=\"has-inline-color has-black-color\"><strong><mark style=\"background-color:rgba(0, 0, 0, 0)\" class=\"has-inline-color has-black-color\">Comisi\u00f3n de Formaci\u00f3n<\/mark><\/strong><\/mark><\/strong>: cfcinef@upo.es<\/p>\n\n\n\n<figure class=\"wp-block-image size-thumbnail is-style-rounded\"><img loading=\"lazy\" decoding=\"async\" width=\"150\" height=\"150\" src=\"https:\/\/www.upo.es\/cinef\/wp-content\/uploads\/2021\/05\/Marian-Perez-Bernal-1-150x150.jpg\" alt=\"\" class=\"wp-image-120\" srcset=\"https:\/\/www.upo.es\/cinef\/wp-content\/uploads\/2021\/05\/Marian-Perez-Bernal-1-150x150.jpg 150w, https:\/\/www.upo.es\/cinef\/wp-content\/uploads\/2021\/05\/Marian-Perez-Bernal-1-300x300.jpg 300w\" sizes=\"(max-width: 150px) 100vw, 150px\" \/><\/figure>\n\n\n\n<p><strong>Dra. Marian P\u00e9rez Bernal<\/strong><br><a href=\"mailto:mpperber@upo.es\" target=\"_blank\" rel=\"noreferrer noopener\"><strong>mdperber@upo.es<\/strong><\/a><br>Profesora Contratada Doctora<br>Departamento de&nbsp;Geograf\u00eda, Historia y Filosof\u00eda<br>ORCID:&nbsp;<a href=\"https:\/\/orcid.org\/0000-0002-6186-6188\" target=\"_blank\" rel=\"noreferrer noopener\">https:\/\/orcid.org\/0000-0002-6186-6188<\/a><\/p>\n\n\n\n<p class=\"has-text-align-center has-vivid-purple-color has-text-color has-medium-font-size\"><strong><mark style=\"background-color:rgba(0, 0, 0, 0)\" class=\"has-inline-color has-black-color\">Comisi\u00f3n de Publicaciones, Comunicaci\u00f3n&nbsp;y Transferencia de Conocimiento<\/mark><\/strong>: cpctcinef@upo.es<\/p>\n\n\n\n<figure class=\"wp-block-image size-thumbnail is-style-rounded\"><img loading=\"lazy\" decoding=\"async\" width=\"150\" height=\"150\" src=\"https:\/\/www.upo.es\/cinef\/wp-content\/uploads\/2024\/04\/rocio-rodriguez-casado-150x150.jpg\" alt=\"\" class=\"wp-image-685\" srcset=\"https:\/\/www.upo.es\/cinef\/wp-content\/uploads\/2024\/04\/rocio-rodriguez-casado-150x150.jpg 150w, https:\/\/www.upo.es\/cinef\/wp-content\/uploads\/2024\/04\/rocio-rodriguez-casado-300x300.jpg 300w, https:\/\/www.upo.es\/cinef\/wp-content\/uploads\/2024\/04\/rocio-rodriguez-casado.jpg 500w\" sizes=\"(max-width: 150px) 100vw, 150px\" \/><\/figure>\n\n\n\n<p><strong>Dra. Roc\u00edo Rodr\u00edguez Casado<\/strong><br><a href=\"mailto:mrrodcas@upo.es\"><strong>mrrodcas@upo.es<\/strong><\/a><br>Personal Permanente Laboral \/ Contratada Doctora<br>Departamento de Educaci\u00f3n y Psicolog\u00eda Social<br>ORCID: <a href=\"https:\/\/orcid.org\/0000-0002-8263-6154\" target=\"_blank\" rel=\"noreferrer noopener\">https:\/\/orcid.org\/0000-0002-8263-6154<\/a><\/p>\n\n\n\n<p><\/p>\n\n\n\n<p class=\"has-text-align-center has-white-color has-vivid-purple-background-color has-text-color has-background has-large-font-size\"><strong><span class=\"has-inline-color has-black-color\">COMIT\u00c9 ASESOR EXTERNO<\/span><\/strong><\/p>\n\n\n\n<figure class=\"wp-block-image size-full is-resized is-style-rounded\"><img loading=\"lazy\" decoding=\"async\" width=\"574\" height=\"612\" src=\"https:\/\/www.upo.es\/cinef\/wp-content\/uploads\/2024\/04\/Rodriguez-Pilar-1.jpg\" alt=\"\" class=\"wp-image-678\" style=\"object-fit:cover;width:154px;height:157px\" srcset=\"https:\/\/www.upo.es\/cinef\/wp-content\/uploads\/2024\/04\/Rodriguez-Pilar-1.jpg 574w, https:\/\/www.upo.es\/cinef\/wp-content\/uploads\/2024\/04\/Rodriguez-Pilar-1-281x300.jpg 281w\" sizes=\"(max-width: 574px) 100vw, 574px\" \/><\/figure>\n\n\n\n<p><strong>Dra.<\/strong> <strong><strong><strong><strong>Pilar Rodr\u00edguez Mart\u00ednez<\/strong><br><a href=\"mailto:pilarr@ual.es\">pilarr@ual.es<\/a><br><\/strong><\/strong><\/strong>Profesora Titular de Sociolog\u00eda<strong><br><\/strong>Universidad de Almer\u00eda<strong><br><\/strong>ORCID: <a href=\"https:\/\/orcid.org\/0000-0001-6347-9117\">https:\/\/orcid.org\/0000-0001-6347-9117<\/a><\/p>\n\n\n\n<figure class=\"wp-block-image size-full is-resized is-style-rounded\"><img loading=\"lazy\" decoding=\"async\" width=\"1836\" height=\"1801\" src=\"https:\/\/www.upo.es\/cinef\/wp-content\/uploads\/2024\/04\/Salazar.jpg\" alt=\"\" class=\"wp-image-679\" style=\"object-fit:cover;width:154px;height:157px\" srcset=\"https:\/\/www.upo.es\/cinef\/wp-content\/uploads\/2024\/04\/Salazar.jpg 1836w, https:\/\/www.upo.es\/cinef\/wp-content\/uploads\/2024\/04\/Salazar-300x294.jpg 300w, https:\/\/www.upo.es\/cinef\/wp-content\/uploads\/2024\/04\/Salazar-1024x1004.jpg 1024w, https:\/\/www.upo.es\/cinef\/wp-content\/uploads\/2024\/04\/Salazar-768x753.jpg 768w, https:\/\/www.upo.es\/cinef\/wp-content\/uploads\/2024\/04\/Salazar-1536x1507.jpg 1536w\" sizes=\"(max-width: 1836px) 100vw, 1836px\" \/><\/figure>\n\n\n\n<p><strong>Dr.<\/strong> <strong><strong><strong><strong>Octavio Salazar Ben\u00edtez<\/strong><br><a href=\"mailto:pilarr@ual.es\"><\/a><strong><a href=\"javascript:;\">octavio@uco.es<\/a><\/strong><br><\/strong><\/strong><\/strong>Catedr\u00e1tico de Derecho Constitucional<strong><br><\/strong>Universidad de C\u00f3rdoba<strong><br><\/strong>ORCID: <a href=\"https:\/\/orcid.org\/0000-0002-1294-8662\">https:\/\/orcid.org\/0000-0002-1294-8662<\/a><\/p>\n\n\n\n<figure class=\"wp-block-image size-full is-resized is-style-rounded\"><img loading=\"lazy\" decoding=\"async\" width=\"1321\" height=\"1361\" src=\"https:\/\/www.upo.es\/cinef\/wp-content\/uploads\/2024\/04\/fotoRosario-Cacho.png\" alt=\"\" class=\"wp-image-680\" style=\"object-fit:cover;width:154px;height:157px\" srcset=\"https:\/\/www.upo.es\/cinef\/wp-content\/uploads\/2024\/04\/fotoRosario-Cacho.png 1321w, https:\/\/www.upo.es\/cinef\/wp-content\/uploads\/2024\/04\/fotoRosario-Cacho-291x300.png 291w, https:\/\/www.upo.es\/cinef\/wp-content\/uploads\/2024\/04\/fotoRosario-Cacho-994x1024.png 994w, https:\/\/www.upo.es\/cinef\/wp-content\/uploads\/2024\/04\/fotoRosario-Cacho-768x791.png 768w\" sizes=\"(max-width: 1321px) 100vw, 1321px\" \/><\/figure>\n\n\n\n<p><strong>D\u00f1a. Rosario Cacho S\u00e1ez<strong><strong><br><\/strong><\/strong><\/strong>Coordinadora T\u00e9cnica Delegaci\u00f3n de Igualdad<strong><br><\/strong>Ayuntamiento Dos Hermanas<strong><br><\/strong>LinkedIn: <a href=\"https:\/\/es.linkedin.com\/in\/rosario-cacho-s%C3%A1ez-24833663\">https:\/\/es.linkedin.com\/in\/rosario-cacho-s%C3%A1ez-24833663<\/a><\/p>\n\n\n\n<figure class=\"wp-block-image size-full is-resized is-style-rounded\"><img loading=\"lazy\" decoding=\"async\" width=\"296\" height=\"309\" src=\"https:\/\/www.upo.es\/cinef\/wp-content\/uploads\/2024\/04\/foto-Roldan.png\" alt=\"\" class=\"wp-image-681\" style=\"object-fit:cover;width:154px;height:157px\" srcset=\"https:\/\/www.upo.es\/cinef\/wp-content\/uploads\/2024\/04\/foto-Roldan.png 296w, https:\/\/www.upo.es\/cinef\/wp-content\/uploads\/2024\/04\/foto-Roldan-287x300.png 287w\" sizes=\"(max-width: 296px) 100vw, 296px\" \/><\/figure>\n\n\n\n<p><strong>Dr<strong><strong>a. Concha Rold\u00e1n Panadero<br><a href=\"mailto:concharoldan@gmail.com\">concharoldan@gmail.com<\/a><br><\/strong><\/strong><\/strong>Profesora de Investigaci\u00f3n de Filosof\u00eda<strong><br><\/strong>Consejo Superior de Investigaciones Cient\u00edficas<strong><br><\/strong>ORCID: <a href=\"https:\/\/orcid.org\/0000-0002-9475-9979\">https:\/\/orcid.org\/0000-0002-9475-9979<\/a><\/p>\n\n\n\n<figure class=\"wp-block-image size-full is-resized is-style-rounded\"><img loading=\"lazy\" decoding=\"async\" width=\"407\" height=\"384\" src=\"https:\/\/www.upo.es\/cinef\/wp-content\/uploads\/2024\/04\/Bertran-Marta.jpg\" alt=\"\" class=\"wp-image-682\" style=\"object-fit:cover;width:154px;height:157px\" srcset=\"https:\/\/www.upo.es\/cinef\/wp-content\/uploads\/2024\/04\/Bertran-Marta.jpg 407w, https:\/\/www.upo.es\/cinef\/wp-content\/uploads\/2024\/04\/Bertran-Marta-300x283.jpg 300w\" sizes=\"(max-width: 407px) 100vw, 407px\" \/><\/figure>\n\n\n\n<p><strong>Dr<strong><strong>a. Marta Bertr\u00e1n Tarr\u00e9s<br><a href=\"mailto:concharoldan@gmail.com\">marta.bertran@uab.cat<\/a><br><\/strong><\/strong><\/strong>Profa. Agregada de Teor\u00eda e Historia de la Educaci\u00f3n<strong><br><\/strong>Universidad Aut\u00f3noma de Barcelona<strong><br><\/strong>ORCID: <a href=\"https:\/\/orcid.org\/0000-0003-4112-5195\">https:\/\/orcid.org\/0000-0003-4112-5195<\/a><\/p>\n\n\n\n<p class=\"has-text-align-center has-white-color has-vivid-purple-background-color has-text-color has-background has-large-font-size\"><strong><span style=\"background-color:rgba(0, 0, 0, 0)\" class=\"has-inline-color has-black-color\">MIEMBROS DEL CINEF<\/span><\/strong><\/p>\n\n\n\n<figure class=\"wp-block-image size-thumbnail is-style-rounded\"><img loading=\"lazy\" decoding=\"async\" width=\"150\" height=\"150\" src=\"https:\/\/www.upo.es\/cinef\/wp-content\/uploads\/2021\/05\/Ana-Aranda-150x150.jpg\" alt=\"\" class=\"wp-image-98\" srcset=\"https:\/\/www.upo.es\/cinef\/wp-content\/uploads\/2021\/05\/Ana-Aranda-150x150.jpg 150w, https:\/\/www.upo.es\/cinef\/wp-content\/uploads\/2021\/05\/Ana-Aranda-300x300.jpg 300w\" sizes=\"(max-width: 150px) 100vw, 150px\" \/><\/figure>\n\n\n\n<p><strong>Dra. Ana Aranda Bernal<\/strong><br><a href=\"mailto:amaraber@upo.es\"><strong>amaraber@upo.es<\/strong><\/a><br>Catedr\u00e1tica de Universidad<br>Departamento de&nbsp;Geograf\u00eda, Historia y Filosof\u00eda<br>ORCID:&nbsp;<a href=\"https:\/\/orcid.org\/0000-0002-4901-5495\" target=\"_blank\" rel=\"noreferrer noopener\">https:\/\/orcid.org\/0000-0002-4901-5495<\/a><\/p>\n\n\n\n<figure class=\"wp-block-image size-thumbnail is-style-rounded\"><img loading=\"lazy\" decoding=\"async\" width=\"150\" height=\"150\" src=\"https:\/\/www.upo.es\/cinef\/wp-content\/uploads\/2021\/05\/Antonia-Corona-150x150.jpg\" alt=\"\" class=\"wp-image-99\" srcset=\"https:\/\/www.upo.es\/cinef\/wp-content\/uploads\/2021\/05\/Antonia-Corona-150x150.jpg 150w, https:\/\/www.upo.es\/cinef\/wp-content\/uploads\/2021\/05\/Antonia-Corona-300x300.jpg 300w\" sizes=\"(max-width: 150px) 100vw, 150px\" \/><\/figure>\n\n\n\n<p><strong>Dra. Antonia Corona Aguilar<\/strong><br><a href=\"mailto:acoragu@upo.es\"><strong>acoragu@upo.es<\/strong><\/a><br>Profesora Contratada Doctora<br>Departamento de Trabajo Social y Servicios Sociales<br>ORCID:&nbsp;<a href=\"https:\/\/orcid.org\/0000-0003-1502-5473\" target=\"_blank\" rel=\"noreferrer noopener\">https:\/\/orcid.org\/0000-0003-1502-5473<\/a><\/p>\n\n\n\n<figure class=\"wp-block-image size-thumbnail is-style-rounded\"><img loading=\"lazy\" decoding=\"async\" width=\"150\" height=\"150\" src=\"https:\/\/www.upo.es\/cinef\/wp-content\/uploads\/2021\/05\/Gonzalo-del-Moral-150x150.jpg\" alt=\"\" class=\"wp-image-108\" srcset=\"https:\/\/www.upo.es\/cinef\/wp-content\/uploads\/2021\/05\/Gonzalo-del-Moral-150x150.jpg 150w, https:\/\/www.upo.es\/cinef\/wp-content\/uploads\/2021\/05\/Gonzalo-del-Moral-300x300.jpg 300w\" sizes=\"(max-width: 150px) 100vw, 150px\" \/><\/figure>\n\n\n\n<p><strong>Dr. Gonzalo del Moral Arroyo<\/strong><br><a href=\"mailto:gmorar@upo.es\"><strong>gmorar@upo.es<\/strong><\/a><br>Profesor Titular de Universidad<br>Departamento de Educaci\u00f3n y Psicolog\u00eda Social<br>ORCID: <a href=\"https:\/\/orcid.org\/0000-0001-5581-0471\" target=\"_blank\" rel=\"noreferrer noopener\">https:\/\/orcid.org\/0000-0001-5581-0471<\/a><\/p>\n\n\n\n<figure class=\"wp-block-image size-thumbnail is-style-rounded\"><img loading=\"lazy\" decoding=\"async\" width=\"150\" height=\"150\" src=\"https:\/\/www.upo.es\/cinef\/wp-content\/uploads\/2021\/07\/Foto-Rosa-Diaz-2020-150x150.jpg\" alt=\"\" class=\"wp-image-299\" srcset=\"https:\/\/www.upo.es\/cinef\/wp-content\/uploads\/2021\/07\/Foto-Rosa-Diaz-2020-150x150.jpg 150w, https:\/\/www.upo.es\/cinef\/wp-content\/uploads\/2021\/07\/Foto-Rosa-Diaz-2020-300x300.jpg 300w\" sizes=\"(max-width: 150px) 100vw, 150px\" \/><\/figure>\n\n\n\n<p><strong>Dra. Rosa M\u00aa D\u00edaz Jim\u00e9nez<\/strong><br><a href=\"mailto:gmorar@upo.es\" target=\"_blank\" rel=\"noreferrer noopener\"><\/a><a href=\"mailto:rdiajim@upo.es\"><strong>rdiajim@upo.es<\/strong><\/a><br>Profesora Titular de Universidad<br>Departamento de Trabajo Social y Servicios Sociales<br>ORCID: <a href=\"https:\/\/orcid.org\/0000-0003-3289-6393\" target=\"_blank\" rel=\"noreferrer noopener\"><\/a><a href=\"https:\/\/orcid.org\/0000-0003-3289-6393\" target=\"_blank\" rel=\"noreferrer noopener\">https:\/\/orcid.org\/0000-0003-3289-6393<\/a><\/p>\n\n\n\n<figure class=\"wp-block-image size-thumbnail is-style-rounded\"><img loading=\"lazy\" decoding=\"async\" width=\"150\" height=\"150\" src=\"https:\/\/www.upo.es\/cinef\/wp-content\/uploads\/2021\/05\/Manuel-Tomas-Gonzalez-150x150.jpg\" alt=\"\" class=\"wp-image-89\" srcset=\"https:\/\/www.upo.es\/cinef\/wp-content\/uploads\/2021\/05\/Manuel-Tomas-Gonzalez-150x150.jpg 150w, https:\/\/www.upo.es\/cinef\/wp-content\/uploads\/2021\/05\/Manuel-Tomas-Gonzalez.jpg 300w\" sizes=\"(max-width: 150px) 100vw, 150px\" \/><\/figure>\n\n\n\n<p><strong>Dr. Manuel Tom\u00e1s Gonz\u00e1lez Fern\u00e1ndez<\/strong><br><a href=\"mailto:mtgonfer@upo.es\"><strong>mtgonfer@upo.es<\/strong><\/a><br>Profesor Titular de Universidad<br>Departamento de Sociolog\u00eda<br>ORCID: <a href=\"http:\/\/orcid.org\/0000-0003-2372-9753\" target=\"_blank\" rel=\"noreferrer noopener\">http:\/\/orcid.org\/0000-0003-2372-9753<\/a><\/p>\n\n\n\n<figure class=\"wp-block-image size-thumbnail is-style-rounded\"><img loading=\"lazy\" decoding=\"async\" width=\"150\" height=\"150\" src=\"https:\/\/www.upo.es\/cinef\/wp-content\/uploads\/2021\/05\/Maria-Antonia-Hidalgo-CINEF-150x150.jpg\" alt=\"\" class=\"wp-image-234\" srcset=\"https:\/\/www.upo.es\/cinef\/wp-content\/uploads\/2021\/05\/Maria-Antonia-Hidalgo-CINEF-150x150.jpg 150w, https:\/\/www.upo.es\/cinef\/wp-content\/uploads\/2021\/05\/Maria-Antonia-Hidalgo-CINEF-300x300.jpg 300w, https:\/\/www.upo.es\/cinef\/wp-content\/uploads\/2021\/05\/Maria-Antonia-Hidalgo-CINEF-768x768.jpg 768w, https:\/\/www.upo.es\/cinef\/wp-content\/uploads\/2021\/05\/Maria-Antonia-Hidalgo-CINEF.jpg 960w\" sizes=\"(max-width: 150px) 100vw, 150px\" \/><\/figure>\n\n\n\n<p><strong>Dra. Mar\u00eda Antonia Hidalgo<\/strong><br><a href=\"mailto:mgonrui1@upo.es\"><strong>mahid@upo.es<\/strong><\/a><br>Profesora Sustituta Interina<br>Departamento de Educaci\u00f3n y Psicolog\u00eda Social<br>ORCID:<a href=\"https:\/\/orcid.org\/0000-0002-3855-1997\" target=\"_blank\" rel=\"noreferrer noopener\"> https:\/\/orcid.org\/0000-0002-3855-1997<\/a><\/p>\n\n\n\n<figure class=\"wp-block-image size-thumbnail is-style-rounded\"><img loading=\"lazy\" decoding=\"async\" width=\"150\" height=\"150\" src=\"https:\/\/www.upo.es\/cinef\/wp-content\/uploads\/2021\/05\/Mauricio-Matus-150x150.jpeg\" alt=\"\" class=\"wp-image-91\" srcset=\"https:\/\/www.upo.es\/cinef\/wp-content\/uploads\/2021\/05\/Mauricio-Matus-150x150.jpeg 150w, https:\/\/www.upo.es\/cinef\/wp-content\/uploads\/2021\/05\/Mauricio-Matus-300x300.jpeg 300w\" sizes=\"(max-width: 150px) 100vw, 150px\" \/><\/figure>\n\n\n\n<p><strong>Dr. <strong>Mauricio Matus L\u00f3pez<\/strong><\/strong><br><a href=\"mailto:mmatlop@upo.es\"><strong>mmatlop@upo.es<\/strong><\/a><br>Profesor Titular de Universidad<br>Departamento de Econom\u00eda, M\u00e9todos Cuantitativos e Historia Econ\u00f3mica<br>ORCID: <a href=\"https:\/\/orcid.org\/0000-0002-5273-823X\" target=\"_blank\" rel=\"noreferrer noopener\">https:\/\/orcid.org\/0000-0002-5273-823X<\/a><\/p>\n\n\n\n<figure class=\"wp-block-image size-thumbnail is-style-rounded\"><img loading=\"lazy\" decoding=\"async\" width=\"150\" height=\"150\" src=\"https:\/\/www.upo.es\/cinef\/wp-content\/uploads\/2024\/04\/mimbrero-2-150x150.jpg\" alt=\"\" class=\"wp-image-950\" srcset=\"https:\/\/www.upo.es\/cinef\/wp-content\/uploads\/2024\/04\/mimbrero-2-150x150.jpg 150w, https:\/\/www.upo.es\/cinef\/wp-content\/uploads\/2024\/04\/mimbrero-2-300x300.jpg 300w, https:\/\/www.upo.es\/cinef\/wp-content\/uploads\/2024\/04\/mimbrero-2.jpg 512w\" sizes=\"(max-width: 150px) 100vw, 150px\" \/><\/figure>\n\n\n\n<p><strong>Dra. <strong>Mar\u00eda de la Concepci\u00f3n Mimbrero Mallado<\/strong><\/strong><br><a href=\"mcmongim@upo.es\"><strong>mcmimmal@upo.es<\/strong><\/a><br>Profesora Permanente Laboral \/ PCD<br>Departamento de Educaci\u00f3n y Psicolog\u00eda Social<br>ORCID: <a href=\"https:\/\/orcid.org\/0000-0001-8628-4953\">https:\/\/orcid.org\/0000-0001-8628-4953<\/a><\/p>\n\n\n\n<figure class=\"wp-block-image size-thumbnail is-style-rounded\"><img loading=\"lazy\" decoding=\"async\" width=\"150\" height=\"150\" src=\"https:\/\/www.upo.es\/cinef\/wp-content\/uploads\/2021\/05\/Carmen-Monreal-150x150.png\" alt=\"\" class=\"wp-image-103\" srcset=\"https:\/\/www.upo.es\/cinef\/wp-content\/uploads\/2021\/05\/Carmen-Monreal-150x150.png 150w, https:\/\/www.upo.es\/cinef\/wp-content\/uploads\/2021\/05\/Carmen-Monreal-300x300.png 300w\" sizes=\"(max-width: 150px) 100vw, 150px\" \/><\/figure>\n\n\n\n<p><strong>Dra. Maria Carmen Monreal Gimeno<\/strong><br><a href=\"mcmongim@upo.es\"><strong>mcmongim@upo.es<\/strong><\/a><br>Profesora Titular de Universidad<br>Departamento de Educaci\u00f3n y Psicolog\u00eda Social<br>ORCID: <a href=\"https:\/\/orcid.org\/0000-0002-6609-4885\">https:\/\/orcid.org\/0000-0002-6609-4885<\/a><\/p>\n\n\n\n<figure class=\"wp-block-image size-thumbnail is-style-rounded\"><img loading=\"lazy\" decoding=\"async\" width=\"138\" height=\"150\" src=\"https:\/\/www.upo.es\/cinef\/wp-content\/uploads\/2024\/04\/gmusitu-e1532820304261-138x150.jpg\" alt=\"\" class=\"wp-image-687\"\/><\/figure>\n\n\n\n<div class=\"wp-block-group\"><div class=\"wp-block-group__inner-container is-layout-flow wp-block-group-is-layout-flow\">\n<p><strong>Dr. Gonzalo Musitu Ochoa<\/strong><br><a href=\"mailto:vpacheco@upo.es\" target=\"_blank\" rel=\"noreferrer noopener\"><strong>gmusoch@upo.es<\/strong><\/a><br>Profesor Em\u00e9rito<br>Departamento de Educaci\u00f3n y Psicolog\u00eda Social<br>ORCID: <a href=\"https:\/\/orcid.org\/0000-0002-6561-9571\" target=\"_blank\" rel=\"noreferrer noopener\"><\/a><a href=\"https:\/\/orcid.org\/0000-0002-8668-1526\" target=\"_blank\" rel=\"noreferrer noopener\">https:\/\/orcid.org\/0000-0002-8668-1526<\/a><\/p>\n\n\n\n<figure class=\"wp-block-image is-style-rounded\"><img loading=\"lazy\" decoding=\"async\" width=\"150\" height=\"150\" src=\"https:\/\/www.upo.es\/cinef\/wp-content\/uploads\/2021\/05\/Jordi-Luengo-2-150x150.jpg\" alt=\"\" class=\"wp-image-218\" srcset=\"https:\/\/www.upo.es\/cinef\/wp-content\/uploads\/2021\/05\/Jordi-Luengo-2-150x150.jpg 150w, https:\/\/www.upo.es\/cinef\/wp-content\/uploads\/2021\/05\/Jordi-Luengo-2-300x300.jpg 300w\" sizes=\"(max-width: 150px) 100vw, 150px\" \/><\/figure>\n\n\n\n<p><strong>Dr. Jordi Luengo L\u00f3pez<\/strong><br><a href=\"mailto:jluengol@upo.es\"><strong>jluengol@upo.es<\/strong><\/a><br>Profesor Titular de Universidad<br>Departamento de Filolog\u00eda y Traducci\u00f3n<br>ORCID:&nbsp;<a href=\"https:\/\/orcid.org\/0000-0001-5564-9892\" target=\"_blank\" rel=\"noreferrer noopener\">https:\/\/orcid.org\/0000-0001-5564-9892<\/a><\/p>\n<\/div><\/div>\n\n\n\n<figure class=\"wp-block-image size-thumbnail is-style-rounded\"><img loading=\"lazy\" decoding=\"async\" width=\"150\" height=\"150\" src=\"https:\/\/www.upo.es\/cinef\/wp-content\/uploads\/2021\/05\/Foto-Povedano-Di\u0301az-150x150.jpg\" alt=\"\" class=\"wp-image-202\" srcset=\"https:\/\/www.upo.es\/cinef\/wp-content\/uploads\/2021\/05\/Foto-Povedano-Di\u0301az-150x150.jpg 150w, https:\/\/www.upo.es\/cinef\/wp-content\/uploads\/2021\/05\/Foto-Povedano-Di\u0301az-300x300.jpg 300w\" sizes=\"(max-width: 150px) 100vw, 150px\" \/><\/figure>\n\n\n\n<p><strong>Dra. Amapola Povedano D\u00edaz<\/strong><br><a href=\"mailto:epedgar@upo.es\"><strong>apovedano@upo.es<\/strong><\/a><br>Profesora Titular de Universidad<br>Departamento de Educaci\u00f3n y Psicolog\u00eda Social<br>ORCID: <a href=\"https:\/\/orcid.org\/0000-0002-0771-9099\" target=\"_blank\" rel=\"noreferrer noopener\">https:\/\/orcid.org\/0000-0002-0771-9099<\/a><\/p>\n\n\n\n<figure class=\"wp-block-image size-thumbnail is-style-rounded\"><img loading=\"lazy\" decoding=\"async\" width=\"150\" height=\"150\" src=\"https:\/\/www.upo.es\/cinef\/wp-content\/uploads\/2021\/05\/Encarni-Pedrero-150x150.jpg\" alt=\"\" class=\"wp-image-105\" srcset=\"https:\/\/www.upo.es\/cinef\/wp-content\/uploads\/2021\/05\/Encarni-Pedrero-150x150.jpg 150w, https:\/\/www.upo.es\/cinef\/wp-content\/uploads\/2021\/05\/Encarni-Pedrero-300x300.jpg 300w, https:\/\/www.upo.es\/cinef\/wp-content\/uploads\/2021\/05\/Encarni-Pedrero.jpg 400w\" sizes=\"(max-width: 150px) 100vw, 150px\" \/><\/figure>\n\n\n\n<p><strong>Dra. Encarnaci\u00f3n Pedrero Garc\u00eda<\/strong><br><a href=\"mailto:epedgar@upo.es\"><strong>epedgar@upo.es<\/strong><\/a><br>Profesora Titular de Universidad<br>Departamento de Educaci\u00f3n y Psicolog\u00eda Social<br>ORCID: <a href=\"https:\/\/orcid.org\/0000-0003-0650-7729\" target=\"_blank\" rel=\"noreferrer noopener\">https:\/\/orcid.org\/0000-0003-0650-7729<\/a><\/p>\n\n\n\n<p><\/p>\n\n\n\n<figure class=\"wp-block-image size-thumbnail is-style-rounded\"><img loading=\"lazy\" decoding=\"async\" width=\"150\" height=\"150\" src=\"https:\/\/www.upo.es\/cinef\/wp-content\/uploads\/2021\/05\/Rosa-Maria-Rodriguez-Izquierdo-150x150.jpg\" alt=\"\" class=\"wp-image-86\" srcset=\"https:\/\/www.upo.es\/cinef\/wp-content\/uploads\/2021\/05\/Rosa-Maria-Rodriguez-Izquierdo-150x150.jpg 150w, https:\/\/www.upo.es\/cinef\/wp-content\/uploads\/2021\/05\/Rosa-Maria-Rodriguez-Izquierdo-300x300.jpg 300w, https:\/\/www.upo.es\/cinef\/wp-content\/uploads\/2021\/05\/Rosa-Maria-Rodriguez-Izquierdo.jpg 604w\" sizes=\"(max-width: 150px) 100vw, 150px\" \/><\/figure>\n\n\n\n<p><strong>Dra. Rosa M. Rodr\u00edguez-Izquierdo<\/strong><br><a href=\"\u201cmailto:rmrodizq@upo.es&quot;\"><strong>rmrodizq@upo.es<\/strong><\/a><br>Catedr\u00e1tica de Universidad<br>Departamento de Educaci\u00f3n y Psicolog\u00eda Social<br>ORCID:&nbsp;<a href=\"http:\/\/orcid.org\/0000-0002-9432-1280\" target=\"_blank\" rel=\"noreferrer noopener\">http:\/\/orcid.org\/0000-0002-9432-1280<\/a><\/p>\n\n\n\n<figure class=\"wp-block-image size-thumbnail is-style-rounded\"><img loading=\"lazy\" decoding=\"async\" width=\"150\" height=\"150\" src=\"https:\/\/www.upo.es\/cinef\/wp-content\/uploads\/2021\/05\/FOTO_estefania_rodriguez-150x150.jpg\" alt=\"\" class=\"wp-image-106\" srcset=\"https:\/\/www.upo.es\/cinef\/wp-content\/uploads\/2021\/05\/FOTO_estefania_rodriguez-150x150.jpg 150w, https:\/\/www.upo.es\/cinef\/wp-content\/uploads\/2021\/05\/FOTO_estefania_rodriguez-300x300.jpg 300w\" sizes=\"(max-width: 150px) 100vw, 150px\" \/><\/figure>\n\n\n\n<p><strong>Dra. Estefan\u00eda Rodr\u00edguez Santos<\/strong><br><a href=\"mailto:erodsan@upo.es\"><strong>erodsan@upo.es<\/strong><\/a><br>Profesora Titular de Universidad<br>Departamento de Derecho Privado<br>ORCID:&nbsp;<a href=\"https:\/\/orcid.org\/0000-0002-1697-4809\" target=\"_blank\" rel=\"noreferrer noopener\">https:\/\/orcid.org\/0000-0002-1697-4809<\/a><\/p>\n\n\n\n<figure class=\"wp-block-image size-thumbnail is-style-rounded\"><img loading=\"lazy\" decoding=\"async\" width=\"150\" height=\"150\" src=\"https:\/\/www.upo.es\/cinef\/wp-content\/uploads\/2021\/05\/Antonia-Maria-Ruiz-Jimenez-150x150.png\" alt=\"\" class=\"wp-image-100\" srcset=\"https:\/\/www.upo.es\/cinef\/wp-content\/uploads\/2021\/05\/Antonia-Maria-Ruiz-Jimenez-150x150.png 150w, https:\/\/www.upo.es\/cinef\/wp-content\/uploads\/2021\/05\/Antonia-Maria-Ruiz-Jimenez-300x300.png 300w, https:\/\/www.upo.es\/cinef\/wp-content\/uploads\/2021\/05\/Antonia-Maria-Ruiz-Jimenez-1024x1022.png 1024w, https:\/\/www.upo.es\/cinef\/wp-content\/uploads\/2021\/05\/Antonia-Maria-Ruiz-Jimenez-768x767.png 768w, https:\/\/www.upo.es\/cinef\/wp-content\/uploads\/2021\/05\/Antonia-Maria-Ruiz-Jimenez.png 1047w\" sizes=\"(max-width: 150px) 100vw, 150px\" \/><\/figure>\n\n\n\n<p><strong>Dra. Antonia Mar\u00eda Ruiz Jim\u00e9nez<\/strong><br><a href=\"mailto:amruiz@upo.es\"><strong>amruiz@upo.es<\/strong><\/a><br>Profesora Titular de Universidad<br>Departamento de&nbsp;Sociolog\u00eda<br>ORCID:&nbsp;<a href=\"http:\/\/orcid.org\/0000-0001-9666-946X\" target=\"_blank\" rel=\"noreferrer noopener\">http:\/\/orcid.org\/0000-0001-9666-946X<\/a><\/p>\n\n\n\n<figure class=\"wp-block-image size-thumbnail is-style-rounded\"><img loading=\"lazy\" decoding=\"async\" width=\"150\" height=\"150\" src=\"https:\/\/www.upo.es\/cinef\/wp-content\/uploads\/2021\/07\/foto-Candelaria-Terceno-Solozano-150x150.jpeg\" alt=\"\" class=\"wp-image-310\" srcset=\"https:\/\/www.upo.es\/cinef\/wp-content\/uploads\/2021\/07\/foto-Candelaria-Terceno-Solozano-150x150.jpeg 150w, https:\/\/www.upo.es\/cinef\/wp-content\/uploads\/2021\/07\/foto-Candelaria-Terceno-Solozano-300x300.jpeg 300w\" sizes=\"(max-width: 150px) 100vw, 150px\" \/><\/figure>\n\n\n\n<p><strong>Dra. Candelaria Terce\u00f1o Solozano<\/strong><br><a href=\"mailto:amruiz@upo.es\" target=\"_blank\" rel=\"noreferrer noopener\"><strong>ctersol@upo.es<\/strong><\/a><br>Coordinadora T\u00e9cnica de la Oficina para la Igualdad de la Delegaci\u00f3n del Rector para la Igualdad de G\u00e9nero de la UPO. Profesora Asociada LOU. <br>Departamento de&nbsp;Trabajo Social y Servicios Sociales<br>ORCID:&nbsp;<a href=\"https:\/\/orcid.org\/0000-0001-6789-3024\" target=\"_blank\" rel=\"noreferrer noopener\">https:\/\/orcid.org\/0000-0001-6789-3024<\/a><\/p>\n\n\n\n<figure class=\"wp-block-image size-thumbnail is-style-rounded\"><img loading=\"lazy\" decoding=\"async\" width=\"150\" height=\"150\" src=\"https:\/\/www.upo.es\/cinef\/wp-content\/uploads\/2024\/04\/JoseMValcuende-scaled-1-150x150.jpg\" alt=\"\" class=\"wp-image-693\" srcset=\"https:\/\/www.upo.es\/cinef\/wp-content\/uploads\/2024\/04\/JoseMValcuende-scaled-1-150x150.jpg 150w, https:\/\/www.upo.es\/cinef\/wp-content\/uploads\/2024\/04\/JoseMValcuende-scaled-1-300x300.jpg 300w\" sizes=\"(max-width: 150px) 100vw, 150px\" \/><\/figure>\n\n\n\n<p><strong><strong>Dr. Jos\u00e9 Mar\u00eda Valcuende del R\u00edo<\/strong><\/strong><br><a href=\"mailto:amruiz@upo.es\"><\/a><a href=\"mailto:barawor@upo.es\"><strong>jmvalrio@upo.es<\/strong><\/a><br>Catedr\u00e1tico de Universidad<br>Departamento de&nbsp;Antropolog\u00eda Social, Psicolog\u00eda B\u00e1sica y Salud P\u00fablica<br>ORCID:&nbsp;<a href=\"https:\/\/orcid.org\/0000-0003-1161-2611\">https:\/\/orcid.org\/0000-0003-1161-2611<\/a><\/p>\n\n\n\n<figure class=\"wp-block-image size-thumbnail is-style-rounded\"><img loading=\"lazy\" decoding=\"async\" width=\"150\" height=\"150\" src=\"https:\/\/www.upo.es\/cinef\/wp-content\/uploads\/2024\/04\/Paloma-Garrido-Reina-150x150.jpg\" alt=\"\" class=\"wp-image-782\" srcset=\"https:\/\/www.upo.es\/cinef\/wp-content\/uploads\/2024\/04\/Paloma-Garrido-Reina-150x150.jpg 150w, https:\/\/www.upo.es\/cinef\/wp-content\/uploads\/2024\/04\/Paloma-Garrido-Reina.jpg 225w\" sizes=\"(max-width: 150px) 100vw, 150px\" \/><\/figure>\n\n\n\n<p><strong><strong>Dra. Paloma Garrido Reina<\/strong><\/strong><br><a href=\"mailto:barawor@upo.es\"><strong>pgarrei@upo.es<\/strong><\/a><br>Profesora Sustituta Interina <br>Departamento de Trabajo Social y Servicios Sociales<br>ORCID:&nbsp;<a href=\"https:\/\/orcid.org\/0000-0002-2582-2313\">https:\/\/orcid.org\/0000-0002-2582-2313<\/a><\/p>\n\n\n\n<figure class=\"wp-block-image size-thumbnail is-style-rounded\"><img loading=\"lazy\" decoding=\"async\" width=\"150\" height=\"150\" src=\"https:\/\/www.upo.es\/cinef\/wp-content\/uploads\/2021\/10\/Astrid-Agenjo-150x150.jpeg\" alt=\"\" class=\"wp-image-455\" srcset=\"https:\/\/www.upo.es\/cinef\/wp-content\/uploads\/2021\/10\/Astrid-Agenjo-150x150.jpeg 150w, https:\/\/www.upo.es\/cinef\/wp-content\/uploads\/2021\/10\/Astrid-Agenjo-300x300.jpeg 300w\" sizes=\"(max-width: 150px) 100vw, 150px\" \/><\/figure>\n\n\n\n<p><strong>Dra. Astrid Agenjo-Calder\u00f3n<\/strong><br><a href=\"mailto:barawor@upo.es\"><strong>cmagecal@upo.es<\/strong><\/a><br>Profesora Titular de Universidad<br>Departamento de Econom\u00eda, M\u00e9todos Cuantitativos e Historia Econ\u00f3mica<br>ORCID: <a href=\"https:\/\/orcid.org\/0000-0002-2203-8435\" target=\"_blank\" rel=\"noreferrer noopener\">https:\/\/orcid.org\/0000-0002-2203-8435<\/a><\/p>\n\n\n\n<figure class=\"wp-block-image size-thumbnail is-style-rounded\"><img loading=\"lazy\" decoding=\"async\" width=\"150\" height=\"150\" src=\"https:\/\/www.upo.es\/cinef\/wp-content\/uploads\/2024\/04\/Imagen1-150x150.jpg\" alt=\"\" class=\"wp-image-784\"\/><\/figure>\n\n\n\n<p><strong>Dra. Mar\u00eda Jos\u00e9 del Pino Espejo<\/strong><br><a href=\"mailto:mjpinesp@upo.es\"><strong>mjpinesp@upo.es<\/strong><\/a> <br>Profesora Titular de Universidad<br>Departamento de Sociolog\u00eda<br>ORCID: <a href=\"https:\/\/orcid.org\/0000-0002-5271-5820\">https:\/\/orcid.org\/0000-0002-5271-5820<\/a><\/p>\n\n\n\n<figure class=\"wp-block-image size-thumbnail is-style-rounded\"><img loading=\"lazy\" decoding=\"async\" width=\"150\" height=\"150\" src=\"https:\/\/www.upo.es\/cinef\/wp-content\/uploads\/2021\/10\/AAlmorza-150x150.png\" alt=\"\" class=\"wp-image-451\" srcset=\"https:\/\/www.upo.es\/cinef\/wp-content\/uploads\/2021\/10\/AAlmorza-150x150.png 150w, https:\/\/www.upo.es\/cinef\/wp-content\/uploads\/2021\/10\/AAlmorza-300x300.png 300w\" sizes=\"(max-width: 150px) 100vw, 150px\" \/><\/figure>\n\n\n\n<p><strong>Dra. Amelia Almorza Hidalgo<\/strong><br><strong><a href=\"mailto:barawor@upo.es\">a<\/a><a href=\"mailto:barawor@upo.es\"><\/a><a href=\"mailto:barawor@upo.es\" target=\"_blank\" rel=\"noreferrer noopener\">almhid@upo.es<\/a><\/strong><br>Profesora Permanente Laboral \/ PCD<br>Departamento de Econom\u00eda, M\u00e9todos Cuantitativos e Historia Econ\u00f3mica<br>ORCID: <a href=\"https:\/\/orcid.org\/0000-0002-2360-2747\" target=\"_blank\" rel=\"noreferrer noopener\">https:\/\/orcid.org\/0000-0002-2360-2747<\/a><\/p>\n\n\n\n<figure class=\"wp-block-image size-thumbnail is-style-rounded\"><img loading=\"lazy\" decoding=\"async\" width=\"150\" height=\"150\" src=\"https:\/\/www.upo.es\/cinef\/wp-content\/uploads\/2022\/06\/unnamed-file-150x150.jpeg\" alt=\"\" class=\"wp-image-577\" srcset=\"https:\/\/www.upo.es\/cinef\/wp-content\/uploads\/2022\/06\/unnamed-file-150x150.jpeg 150w, https:\/\/www.upo.es\/cinef\/wp-content\/uploads\/2022\/06\/unnamed-file-300x300.jpeg 300w, https:\/\/www.upo.es\/cinef\/wp-content\/uploads\/2022\/06\/unnamed-file.jpeg 512w\" sizes=\"(max-width: 150px) 100vw, 150px\" \/><\/figure>\n\n\n\n<p><strong>Dra. Juana Mar\u00eda Ruiloba N\u00fa\u00f1ez<\/strong><br><a href=\"mailto:erubdur@upo.es\" target=\"_blank\" rel=\"noreferrer noopener\"><strong>jruiloba@upo.es<\/strong><\/a><br>Profesora Titular de Universidad<br>Departamento de Derecho P\u00fablico<br>ORCID: <a href=\"https:\/\/orcid.org\/0000-0002-8164-7695\" target=\"_blank\" rel=\"noreferrer noopener\">https:\/\/orcid.org\/0000-0002-8164-7695<\/a><\/p>\n\n\n\n<figure class=\"wp-block-image size-thumbnail is-style-rounded\"><img loading=\"lazy\" decoding=\"async\" width=\"150\" height=\"150\" src=\"https:\/\/www.upo.es\/cinef\/wp-content\/uploads\/2024\/04\/Maria-Vera-Perea-1-150x150.jpg\" alt=\"\" class=\"wp-image-797\" srcset=\"https:\/\/www.upo.es\/cinef\/wp-content\/uploads\/2024\/04\/Maria-Vera-Perea-1-150x150.jpg 150w, https:\/\/www.upo.es\/cinef\/wp-content\/uploads\/2024\/04\/Maria-Vera-Perea-1-300x300.jpg 300w\" sizes=\"(max-width: 150px) 100vw, 150px\" \/><\/figure>\n\n\n\n<p><strong><strong><strong>Dra. Mar\u00eda Vera Perea<\/strong><br><a href=\"mailto:amruiz@upo.es\" target=\"_blank\" rel=\"noreferrer noopener\"><\/a><strong><a href=\"mailto:rperana@upo.es\"><\/a><\/strong><\/strong><\/strong><a href=\"mailto:mverper1@upo.es\">mverper1@upo.es<\/a><strong><strong><br><\/strong><\/strong>Profesora Titular de Universidad<br>Departamento de&nbsp;Educaci\u00f3n y Psicolog\u00eda Social<br>ORCID: <a href=\"https:\/\/orcid.org\/0000-0003-2449-4685\" target=\"_blank\" rel=\"noreferrer noopener\">https:\/\/orcid.org\/0000-0003-2449-4685<\/a><\/p>\n\n\n\n<figure class=\"wp-block-image size-thumbnail is-style-rounded\"><img loading=\"lazy\" decoding=\"async\" width=\"150\" height=\"150\" src=\"https:\/\/www.upo.es\/cinef\/wp-content\/uploads\/2021\/09\/Fabiola-Ortega-de-Mora-150x150.jpg\" alt=\"\" class=\"wp-image-400\" srcset=\"https:\/\/www.upo.es\/cinef\/wp-content\/uploads\/2021\/09\/Fabiola-Ortega-de-Mora-150x150.jpg 150w, https:\/\/www.upo.es\/cinef\/wp-content\/uploads\/2021\/09\/Fabiola-Ortega-de-Mora-300x300.jpg 300w\" sizes=\"(max-width: 150px) 100vw, 150px\" \/><\/figure>\n\n\n\n<p><strong>Dra. Fabiola Ortega de Mora<\/strong><br><a href=\"mailto:vpacheco@upo.es\" target=\"_blank\" rel=\"noreferrer noopener\"><strong>faortde@upo.es<\/strong><\/a> ; <strong><a href=\"mailto:fortega2@us.es\">fortega2@us.es<\/a><\/strong> <br>Profesora Sustituta<br>Departamento de M\u00e9todos de Investigaci\u00f3n y Diagn\u00f3stico en Educaci\u00f3n (Universidad de Sevilla)<br>ORCID: <a href=\"https:\/\/orcid.org\/0000-0002-6837-950X\" target=\"_blank\" rel=\"noreferrer noopener\"><\/a><a href=\"https:\/\/orcid.org\/0000-0002-6837-950X\" target=\"_blank\" rel=\"noreferrer noopener\">https:\/\/orcid.org\/0000-0002-6837-950X<\/a><\/p>\n\n\n\n<figure class=\"wp-block-image size-thumbnail is-style-rounded\"><img loading=\"lazy\" decoding=\"async\" width=\"150\" height=\"150\" src=\"https:\/\/www.upo.es\/cinef\/wp-content\/uploads\/2024\/04\/Gracia-Moreno-Amador-150x150.jpg\" alt=\"\" class=\"wp-image-799\" srcset=\"https:\/\/www.upo.es\/cinef\/wp-content\/uploads\/2024\/04\/Gracia-Moreno-Amador-150x150.jpg 150w, https:\/\/www.upo.es\/cinef\/wp-content\/uploads\/2024\/04\/Gracia-Moreno-Amador.jpg 200w\" sizes=\"(max-width: 150px) 100vw, 150px\" \/><\/figure>\n\n\n\n<p><strong>Dra. Gracia Moreno Amador<\/strong><br><a href=\"mailto:vpacheco@upo.es\" target=\"_blank\" rel=\"noreferrer noopener\"><strong>gmmorama@upo.es<\/strong><\/a><br>Profesora Ayudante Doctora<br>Departamento de Trabajo Social y Servicios Sociales<br>ORCID: <a href=\"https:\/\/orcid.org\/0000-0002-7711-3914\">https:\/\/orcid.org\/0000-0002-7711-3914<\/a> <\/p>\n\n\n\n<figure class=\"wp-block-image size-thumbnail is-style-rounded\"><img loading=\"lazy\" decoding=\"async\" width=\"150\" height=\"150\" src=\"https:\/\/www.upo.es\/cinef\/wp-content\/uploads\/2021\/08\/Foto-CINEF-Purificacion-Lopez-150x150.jpg\" alt=\"\" class=\"wp-image-355\" srcset=\"https:\/\/www.upo.es\/cinef\/wp-content\/uploads\/2021\/08\/Foto-CINEF-Purificacion-Lopez-150x150.jpg 150w, https:\/\/www.upo.es\/cinef\/wp-content\/uploads\/2021\/08\/Foto-CINEF-Purificacion-Lopez-300x300.jpg 300w\" sizes=\"(max-width: 150px) 100vw, 150px\" \/><\/figure>\n\n\n\n<p><strong>Dra. Purificaci\u00f3n L\u00f3pez Igual<\/strong><br><a href=\"mailto:amruiz@upo.es\" target=\"_blank\" rel=\"noreferrer noopener\"><strong>mplopigu@upo.es<\/strong><\/a><br>Profesora Ayudante Doctora<br>Departamento de&nbsp;Econom\u00eda, M\u00e9todos Cuantitativos e Historia Econ\u00f3mica<br>ORCID:&nbsp;<a href=\"https:\/\/orcid.org\/0000-0002-7759-0112\" target=\"_blank\" rel=\"noreferrer noopener\">http:\/\/orcid.org\/0000-0001-9666-946X <\/a><\/p>\n\n\n\n<figure class=\"wp-block-image size-thumbnail is-style-rounded\"><img loading=\"lazy\" decoding=\"async\" width=\"150\" height=\"150\" src=\"https:\/\/www.upo.es\/cinef\/wp-content\/uploads\/2024\/04\/Ma-Dolores-Yerga-Miguez-169x300-3-150x150.jpg\" alt=\"\" class=\"wp-image-697\"\/><\/figure>\n\n\n\n<p><strong><strong><strong><strong>Da. Mar\u00eda Dolores Yerga M\u00edguez<\/strong><br><\/strong><\/strong><a href=\"mailto:mverper1@upo.es\" target=\"_blank\" rel=\"noreferrer noopener\"><strong><strong>mdyermig<\/strong><\/strong><\/a><a href=\"mdyermig@alu.upo.es\" target=\"_blank\" rel=\"noreferrer noopener\"><strong><strong>@alu.upo.es<\/strong><\/strong><\/a><strong><strong><br><\/strong><\/strong><\/strong>Colaboradora Honoraria<strong><br><\/strong>Departamento de&nbsp;Trabajo Social y Servicios Sociales<strong><br><\/strong>ORCID:<strong> <\/strong><a href=\"https:\/\/orcid.org\/0000-0002-1550-133X\" target=\"_blank\" rel=\"noreferrer noopener\">https:\/\/orcid.org\/0000-0002-1550-133X<\/a><\/p>\n\n\n\n<figure class=\"wp-block-image size-thumbnail is-style-rounded\"><img loading=\"lazy\" decoding=\"async\" width=\"150\" height=\"150\" src=\"https:\/\/www.upo.es\/cinef\/wp-content\/uploads\/2024\/04\/Foto-Pilar-Guadalupe-Cruz-Zuniga_2_25-10-21-150x150.jpg\" alt=\"\" class=\"wp-image-934\" srcset=\"https:\/\/www.upo.es\/cinef\/wp-content\/uploads\/2024\/04\/Foto-Pilar-Guadalupe-Cruz-Zuniga_2_25-10-21-150x150.jpg 150w, https:\/\/www.upo.es\/cinef\/wp-content\/uploads\/2024\/04\/Foto-Pilar-Guadalupe-Cruz-Zuniga_2_25-10-21-300x300.jpg 300w\" sizes=\"(max-width: 150px) 100vw, 150px\" \/><\/figure>\n\n\n\n<p><strong><strong><strong><strong>Dra. Pilar Cruz Z\u00fa\u00f1iga<\/strong><br><a href=\"mailto:pgcruzun@upo.es\">pgcruzun@upo.es<\/a><br><\/strong><\/strong><\/strong>Profesora Sustituta Interina<strong><br><\/strong>Departamento de&nbsp;Sociolog\u00eda<strong><br><\/strong>ORCID: <a href=\"https:\/\/orcid.org\/0000-0003-0656-0132\">https:\/\/orcid.org\/0000-0003-0656-0132<\/a><\/p>\n\n\n\n<figure class=\"wp-block-image size-thumbnail is-style-rounded\"><img loading=\"lazy\" decoding=\"async\" width=\"150\" height=\"150\" src=\"https:\/\/www.upo.es\/cinef\/wp-content\/uploads\/2021\/05\/Carmen-Botia-3-150x150.jpg\" alt=\"\" class=\"wp-image-195\" srcset=\"https:\/\/www.upo.es\/cinef\/wp-content\/uploads\/2021\/05\/Carmen-Botia-3-150x150.jpg 150w, https:\/\/www.upo.es\/cinef\/wp-content\/uploads\/2021\/05\/Carmen-Botia-3-300x300.jpg 300w\" sizes=\"(max-width: 150px) 100vw, 150px\" \/><\/figure>\n\n\n\n<p><strong>Dra. Carmen Bot\u00eda Morillas<\/strong><br><a href=\"mailto:carmenbotia@upo.es\"><strong>carmenbotia@upo.es<\/strong><\/a><br>Profesora Contratada Doctora<br>Departamento de Sociolog\u00eda<br>ORCID:&nbsp;<a href=\"https:\/\/orcid.org\/0000-0003-2942-3202\">https:\/\/orcid.org\/0000-0003-2942-3202<\/a><\/p>\n\n\n\n<figure class=\"wp-block-image size-full is-style-rounded\"><img loading=\"lazy\" decoding=\"async\" width=\"150\" height=\"150\" src=\"https:\/\/www.upo.es\/cinef\/wp-content\/uploads\/2024\/04\/marevir.jpg_2084533765.jpg\" alt=\"\" class=\"wp-image-700\"\/><\/figure>\n\n\n\n<p><strong>Dra. Margarita Arenas Viruez<\/strong><br><a href=\"mailto:amruiz@upo.es\"><\/a><a href=\"mailto:marevir@upo.es\"><strong>marevir@upo.es<\/strong><\/a><br>Profesora Titular de Universidad<br>Departamento de Derecho Privado<br>ORCID:&nbsp;<a href=\"http:\/\/orcid.org\/0000-0001-9666-946X\" target=\"_blank\" rel=\"noreferrer noopener\"><\/a><a href=\"http:\/\/orcid.org\/0000-0002-2293-7625\" target=\"_blank\" rel=\"noreferrer noopener\">http:\/\/orcid.org\/0000-0002-2293-7625<\/a><\/p>\n\n\n\n<figure class=\"wp-block-image size-thumbnail is-style-rounded\"><img loading=\"lazy\" decoding=\"async\" width=\"150\" height=\"150\" src=\"https:\/\/www.upo.es\/cinef\/wp-content\/uploads\/2021\/12\/Sandra-Fachelli-150x150.jpg\" alt=\"\" class=\"wp-image-461\"\/><\/figure>\n\n\n\n<p><strong>Dra. Sandra Fachelli<\/strong><br><a href=\"mailto:ogarcoc@upo.es\" target=\"_blank\" rel=\"noreferrer noopener\"><strong>sfachelli@upo.es<\/strong><\/a><br>Profesora Contratada Doctora<br>Departamento de Sociolog\u00eda<br>ORCID:&nbsp;<a href=\"https:\/\/orcid.org\/0000-0002-7155-636X\" target=\"_blank\" rel=\"noreferrer noopener\">https:\/\/orcid.org\/0000-0002-7155-636X<\/a><\/p>\n\n\n\n<figure class=\"wp-block-image size-thumbnail is-style-rounded\"><img loading=\"lazy\" decoding=\"async\" width=\"150\" height=\"150\" src=\"https:\/\/www.upo.es\/cinef\/wp-content\/uploads\/2021\/08\/GARCIA_COCA-150x150.jpg\" alt=\"\" class=\"wp-image-364\" srcset=\"https:\/\/www.upo.es\/cinef\/wp-content\/uploads\/2021\/08\/GARCIA_COCA-150x150.jpg 150w, https:\/\/www.upo.es\/cinef\/wp-content\/uploads\/2021\/08\/GARCIA_COCA-300x300.jpg 300w\" sizes=\"(max-width: 150px) 100vw, 150px\" \/><\/figure>\n\n\n\n<p><strong>Dra. Olga Garc\u00eda Coca<\/strong><br><a href=\"mailto:marevir@upo.es\"><\/a><a href=\"mailto:ogarcoc@upo.es\"><strong>ogarcoc@upo.es<\/strong><\/a><br>Profesora Ayudante Doctora<br>Departamento de Derecho Privado<br>ORCID:&nbsp;<a href=\"https:\/\/orcid.org\/0000-0002-9742-8585\">https:\/\/orcid.org\/0000-0002-9742-8585<\/a><\/p>\n\n\n\n<figure class=\"wp-block-image size-thumbnail is-style-rounded\"><img loading=\"lazy\" decoding=\"async\" width=\"150\" height=\"150\" src=\"https:\/\/www.upo.es\/cinef\/wp-content\/uploads\/2022\/03\/GOMEZ_MILLAN-150x150.jpg\" alt=\"\" class=\"wp-image-488\"\/><\/figure>\n\n\n\n<p><strong>Dra. Mar\u00eda Jos\u00e9 G\u00f3mez-Mill\u00e1n Herencia<\/strong><br><a href=\"mailto:cmleomor@upo.es\"><strong>mjgommil@upo.es<\/strong><\/a><br>Profesora Titular de Universidad<br>Departamento de Derecho Privado<br>ORCID:<a href=\"https:\/\/orcid.org\/0000-0002-3028-402X\" target=\"_blank\" rel=\"noreferrer noopener\">&nbsp;<\/a><a href=\"http:\/\/orcid.org\/0000-0002-8815-3647\">https:\/\/orcid.org\/0000-0001-6789-3024 <\/a><\/p>\n\n\n\n<figure class=\"wp-block-image size-full is-style-rounded\"><img loading=\"lazy\" decoding=\"async\" width=\"150\" height=\"150\" src=\"https:\/\/www.upo.es\/cinef\/wp-content\/uploads\/2024\/04\/Laura-Gomez-Ruiz-150x150-1.jpg\" alt=\"\" class=\"wp-image-957\"\/><\/figure>\n\n\n\n<p><strong>Dra. Laura G\u00f3mez-Ruiz<\/strong><br><a href=\"mailto:cmleomor@upo.es\" target=\"_blank\" rel=\"noreferrer noopener\"><strong>lmgomrui@upo.es<\/strong><\/a><br>Profesora Contratada Doctora<br>Departamento de Econom\u00eda Financiera y Contabilidad<br>ORCID:&nbsp;<a href=\"https:\/\/orcid.org\/0000-0003-2241-9649\" target=\"_blank\" rel=\"noreferrer noopener\">https:\/\/orcid.org\/0000-0003-2241-9649<\/a><\/p>\n\n\n\n<figure class=\"wp-block-image size-thumbnail is-resized is-style-rounded\"><img loading=\"lazy\" decoding=\"async\" width=\"150\" height=\"150\" src=\"https:\/\/www.upo.es\/cinef\/wp-content\/uploads\/2021\/08\/Rosa-Maria-Peres-Anaya-150x150.jpg\" alt=\"\" class=\"wp-image-377\" style=\"width:150px;height:150px\"\/><\/figure>\n\n\n\n<p><strong><strong>Dra. Rosa Mar\u00eda P\u00e9rez Anaya<\/strong><br><a href=\"mailto:amruiz@upo.es\" target=\"_blank\" rel=\"noreferrer noopener\"><\/a><\/strong><a href=\"mailto:rperana@upo.es\"><strong>rperana@upo.es<\/strong><\/a><br>Profesora Contratada Doctora<br>Departamento de&nbsp;Derechos Privado<strong><br><\/strong>ORCID:<strong>&nbsp;<a href=\"https:\/\/orcid.org\/0000-0002-4700-7854\" target=\"_blank\" rel=\"noreferrer noopener\"><\/a><\/strong><a href=\"https:\/\/orcid.org\/0000-0002-4700-7854\">https:\/\/orcid.org\/0000-0002-4700-7854<\/a><\/p>\n\n\n\n<figure class=\"wp-block-image size-full is-style-rounded\"><img loading=\"lazy\" decoding=\"async\" width=\"150\" height=\"150\" src=\"https:\/\/www.upo.es\/cinef\/wp-content\/uploads\/2024\/04\/amsansan.jpg_2084533765.jpg\" alt=\"\" class=\"wp-image-960\"\/><\/figure>\n\n\n\n<p><strong><strong><strong>Dra. <strong>Ana Mar\u00eda S\u00e1nchez S\u00e1nchez<\/strong><\/strong><br><\/strong><\/strong><a href=\"mailto:mverper1@upo.es\" target=\"_blank\" rel=\"noreferrer noopener\"><strong>amsansan@upo.es<\/strong><\/a><strong><strong><br><\/strong><\/strong>Profesora Contratada Doctora<br>Departamento de&nbsp;Econom\u00eda, M\u00e9todos Cuantitativos e Historia Econ\u00f3mica<br>ORCID: <a href=\"https:\/\/orcid.org\/0000-0002-6591-954X\">https:\/\/orcid.org\/0000-0002-6591-954X<\/a><\/p>\n\n\n\n<figure class=\"wp-block-image size-thumbnail is-style-rounded\"><img loading=\"lazy\" decoding=\"async\" width=\"150\" height=\"150\" src=\"https:\/\/www.upo.es\/cinef\/wp-content\/uploads\/2021\/09\/Francisca-Sanchez-150x150.jpg\" alt=\"\" class=\"wp-image-412\"\/><\/figure>\n\n\n\n<p><strong><strong><strong>Dra. Francisca J. S\u00e1nchez-S\u00e1nchez<\/strong><br><\/strong><\/strong><a href=\"mailto:mverper1@upo.es\" target=\"_blank\" rel=\"noreferrer noopener\"><strong>fsansan@upo.es<\/strong><\/a><strong><strong><br><\/strong><\/strong>Profesora Contratada Doctora <br>Departamento de&nbsp;Econom\u00eda, M\u00e9todos Cuantitativos e Historia Econ\u00f3mica<br>ORCID: <a href=\"http:\/\/orcid.org\/0000-0001-5325-3667\">http:\/\/orcid.org\/0000-0001-5325-3667<\/a><\/p>\n\n\n\n<figure class=\"wp-block-image size-thumbnail is-style-rounded\"><img loading=\"lazy\" decoding=\"async\" width=\"150\" height=\"150\" src=\"https:\/\/www.upo.es\/cinef\/wp-content\/uploads\/2024\/04\/inmaculada-150x150.jpg\" alt=\"\" class=\"wp-image-937\" srcset=\"https:\/\/www.upo.es\/cinef\/wp-content\/uploads\/2024\/04\/inmaculada-150x150.jpg 150w, https:\/\/www.upo.es\/cinef\/wp-content\/uploads\/2024\/04\/inmaculada-300x300.jpg 300w, https:\/\/www.upo.es\/cinef\/wp-content\/uploads\/2024\/04\/inmaculada.jpg 434w\" sizes=\"(max-width: 150px) 100vw, 150px\" \/><\/figure>\n\n\n\n<p><strong><strong><strong>Dra. Inmaculada Ser\u00f3n Ord\u00f3\u00f1ez<\/strong><br><\/strong><\/strong><a href=\"mailto:mverper1@upo.es\" target=\"_blank\" rel=\"noreferrer noopener\"><strong>iseron@upo.es<\/strong><\/a><strong><strong><br><\/strong><\/strong>Profesora Titular de Universidad<br>Departamento de&nbsp;Filolog\u00eda y Traducci\u00f3n<br>ORCID: <a href=\"https:\/\/orcid.org\/0000-0002-8452-9598\" target=\"_blank\" rel=\"noreferrer noopener\">https:\/\/orcid.org\/0000-0002-8452-9598<\/a><\/p>\n\n\n\n<figure class=\"wp-block-image size-thumbnail is-style-rounded\"><img loading=\"lazy\" decoding=\"async\" width=\"150\" height=\"150\" src=\"https:\/\/www.upo.es\/cinef\/wp-content\/uploads\/2021\/09\/Inmaculada-Villa-Gil-Bermejo-e1631709303721-150x150.jpg\" alt=\"\" class=\"wp-image-418\" srcset=\"https:\/\/www.upo.es\/cinef\/wp-content\/uploads\/2021\/09\/Inmaculada-Villa-Gil-Bermejo-e1631709303721-150x150.jpg 150w, https:\/\/www.upo.es\/cinef\/wp-content\/uploads\/2021\/09\/Inmaculada-Villa-Gil-Bermejo-e1631709303721-300x300.jpg 300w\" sizes=\"(max-width: 150px) 100vw, 150px\" \/><\/figure>\n\n\n\n<p><strong><strong><strong><strong>Dra. Inmaculada Villa Gil-Bermejo<\/strong><br><\/strong><\/strong><a href=\"mailto:mverper1@upo.es\" target=\"_blank\" rel=\"noreferrer noopener\"><strong><strong>ivilgil@upo.es<\/strong><\/strong><\/a><strong><strong><br><\/strong><\/strong><\/strong>Profesora Permanente Laboral \/ PCD<strong><br><\/strong>Departamento de&nbsp;Geograf\u00eda, Historia y Filosof\u00eda<strong><br><\/strong>ORCID:<a href=\"https:\/\/orcid.org\/0000-0003-0249-5070\" target=\"_blank\" rel=\"noreferrer noopener\">https:\/\/orcid.org\/0000-0003-0249-5070<\/a><\/p>\n\n\n\n<figure class=\"wp-block-image size-large is-resized is-style-rounded\"><img loading=\"lazy\" decoding=\"async\" width=\"1024\" height=\"1024\" src=\"https:\/\/www.upo.es\/cinef\/wp-content\/uploads\/2024\/04\/yo-fondo-blanco-1024x1024.png\" alt=\"\" class=\"wp-image-667\" style=\"object-fit:cover;width:154px;height:157px\" srcset=\"https:\/\/www.upo.es\/cinef\/wp-content\/uploads\/2024\/04\/yo-fondo-blanco-1024x1024.png 1024w, https:\/\/www.upo.es\/cinef\/wp-content\/uploads\/2024\/04\/yo-fondo-blanco-300x300.png 300w, https:\/\/www.upo.es\/cinef\/wp-content\/uploads\/2024\/04\/yo-fondo-blanco-150x150.png 150w, https:\/\/www.upo.es\/cinef\/wp-content\/uploads\/2024\/04\/yo-fondo-blanco-768x768.png 768w, https:\/\/www.upo.es\/cinef\/wp-content\/uploads\/2024\/04\/yo-fondo-blanco.png 1080w\" sizes=\"(max-width: 1024px) 100vw, 1024px\" \/><\/figure>\n\n\n\n<p><strong><strong><strong><strong>Da. Yolanda P\u00e9rez Varela<\/strong><br><a href=\"mailto:ypervar@upo.es\">ypervar@upo.es<\/a><br><\/strong><\/strong><\/strong>Contratada FPU<strong><br><\/strong>Departamento de Educaci\u00f3n y Psicolog\u00eda Social<strong><br><\/strong>ORCID: <a href=\"https:\/\/orcid.org\/0000-0002-4247-9545\">https:\/\/orcid.org\/0000-0002-4247-9545<\/a><\/p>\n\n\n\n<figure class=\"wp-block-image size-large is-resized is-style-rounded\"><img loading=\"lazy\" decoding=\"async\" width=\"1024\" height=\"758\" src=\"https:\/\/www.upo.es\/cinef\/wp-content\/uploads\/2024\/04\/rocio-valdes-1024x758.jpg\" alt=\"\" class=\"wp-image-690\" style=\"object-fit:cover;width:154px;height:157px\" srcset=\"https:\/\/www.upo.es\/cinef\/wp-content\/uploads\/2024\/04\/rocio-valdes-1024x758.jpg 1024w, https:\/\/www.upo.es\/cinef\/wp-content\/uploads\/2024\/04\/rocio-valdes-300x222.jpg 300w, https:\/\/www.upo.es\/cinef\/wp-content\/uploads\/2024\/04\/rocio-valdes-768x568.jpg 768w, https:\/\/www.upo.es\/cinef\/wp-content\/uploads\/2024\/04\/rocio-valdes.jpg 1069w\" sizes=\"(max-width: 1024px) 100vw, 1024px\" \/><\/figure>\n\n\n\n<p><strong><strong><strong><strong>Da. Roc\u00edo Val\u00e9s Calder\u00f3n<\/strong><br><a href=\"mailto:ypervar@upo.es\"><\/a><a href=\"mailto:rvalcal@upo.es\">rvalcal@upo.es<\/a><br><\/strong><\/strong><\/strong>Contratada FPU<strong><br><\/strong>Departamento de Derecho P\u00fablico<strong><br><\/strong>ORCID: <a href=\"https:\/\/orcid.org\/0000-0001-8706-7539\">https:\/\/orcid.org\/0000-0001-8706-7539<\/a><\/p>\n\n\n\n<figure class=\"wp-block-image size-full is-resized is-style-rounded\"><img loading=\"lazy\" decoding=\"async\" width=\"800\" height=\"800\" src=\"https:\/\/www.upo.es\/cinef\/wp-content\/uploads\/2024\/04\/1639731124533.jpg\" alt=\"\" class=\"wp-image-801\" style=\"object-fit:cover;width:154px;height:157px\" srcset=\"https:\/\/www.upo.es\/cinef\/wp-content\/uploads\/2024\/04\/1639731124533.jpg 800w, https:\/\/www.upo.es\/cinef\/wp-content\/uploads\/2024\/04\/1639731124533-300x300.jpg 300w, https:\/\/www.upo.es\/cinef\/wp-content\/uploads\/2024\/04\/1639731124533-150x150.jpg 150w, https:\/\/www.upo.es\/cinef\/wp-content\/uploads\/2024\/04\/1639731124533-768x768.jpg 768w\" sizes=\"(max-width: 800px) 100vw, 800px\" \/><\/figure>\n\n\n\n<p><strong>Dra.<\/strong> <strong>Mar\u00eda del Mar Llopis Orrego<strong><strong><br><\/strong><\/strong><a href=\"mailto:mmlloorr@upo.es\">mmlloorr@upo.es<\/a><strong><strong><br><\/strong><\/strong><\/strong>Profesora Asociada<strong><br><\/strong>Departamento de Sociolog\u00eda<strong><br><\/strong>ORCID: <a href=\"https:\/\/orcid.org\/0000-0002-5127-3928\">https:\/\/orcid.org\/0000-0002-5127-3928<\/a> <\/p>\n\n\n\n<figure class=\"wp-block-image size-full is-resized is-style-rounded\"><img loading=\"lazy\" decoding=\"async\" width=\"203\" height=\"193\" src=\"https:\/\/www.upo.es\/cinef\/wp-content\/uploads\/2024\/04\/hanan_cihar.jpg\" alt=\"\" class=\"wp-image-802\" style=\"object-fit:cover;width:154px;height:157px\"\/><\/figure>\n\n\n\n<p><strong>Dra.<\/strong> <strong>Hanan Saleh Hussein<strong><strong><br><\/strong><\/strong><a href=\"mailto:mmlloorr@upo.es\"><\/a><a href=\"mailto:aferqui@upo.es\"><strong>hsalhus@upo.es<\/strong><\/a><strong><strong><br><\/strong><\/strong><\/strong>Profesora Titular de Universidad<strong><br><\/strong>Departamento de Filolog\u00eda y Traducci\u00f3n<strong><br><\/strong>ORCID: <a href=\"http:\/\/orcid.org\/0000-0001-6905-4267\">http:\/\/orcid.org\/0000-0001-6905-4267<\/a><\/p>\n\n\n\n<figure class=\"wp-block-image size-full is-resized is-style-rounded\"><img loading=\"lazy\" decoding=\"async\" width=\"891\" height=\"853\" src=\"https:\/\/www.upo.es\/cinef\/wp-content\/uploads\/2024\/04\/IMG-20231224-WA0038.jpg\" alt=\"\" class=\"wp-image-969\" style=\"object-fit:cover;width:154px;height:157px\" srcset=\"https:\/\/www.upo.es\/cinef\/wp-content\/uploads\/2024\/04\/IMG-20231224-WA0038.jpg 891w, https:\/\/www.upo.es\/cinef\/wp-content\/uploads\/2024\/04\/IMG-20231224-WA0038-300x287.jpg 300w, https:\/\/www.upo.es\/cinef\/wp-content\/uploads\/2024\/04\/IMG-20231224-WA0038-768x735.jpg 768w\" sizes=\"(max-width: 891px) 100vw, 891px\" \/><\/figure>\n\n\n\n<p><strong>D\u00f1a.<\/strong> <strong>Margarita Vega Rap\u00fan<strong><strong><br><\/strong><\/strong><\/strong><a href=\"mailto:mvegrap@upo.es\"><strong>mvegrap@upo.es<\/strong><\/a><strong><strong><strong><br><\/strong><\/strong><\/strong>Profesora Asociada. Honorary Research Fellow University College of London<strong><br><\/strong>Departamento de Econom\u00eda, M\u00e9todos Cuantitativos e Historia Econ\u00f3mica<strong><br><\/strong>ORCID: <a href=\"https:\/\/orcid.org\/0000-0003-4645-1694\">https:\/\/orcid.org\/0000-0003-4645-1694<\/a><\/p>\n\n\n\n<figure class=\"wp-block-image size-full is-resized is-style-rounded\"><img loading=\"lazy\" decoding=\"async\" width=\"900\" height=\"900\" src=\"https:\/\/www.upo.es\/cinef\/wp-content\/uploads\/2024\/06\/foto_inma_2021.jpg\" alt=\"\" class=\"wp-image-1144\" style=\"object-fit:cover;width:154px;height:157px\" srcset=\"https:\/\/www.upo.es\/cinef\/wp-content\/uploads\/2024\/06\/foto_inma_2021.jpg 900w, https:\/\/www.upo.es\/cinef\/wp-content\/uploads\/2024\/06\/foto_inma_2021-300x300.jpg 300w, https:\/\/www.upo.es\/cinef\/wp-content\/uploads\/2024\/06\/foto_inma_2021-150x150.jpg 150w, https:\/\/www.upo.es\/cinef\/wp-content\/uploads\/2024\/06\/foto_inma_2021-768x768.jpg 768w\" sizes=\"(max-width: 900px) 100vw, 900px\" \/><\/figure>\n\n\n\n<p><strong>Dra.<\/strong> <strong>Inmaculada Zambrano \u00c1lvarez<strong><strong><br><\/strong><\/strong><\/strong><a href=\"mailto:mvegrap@upo.es\"><strong>izamalv@upo.es<\/strong><\/a><strong><strong><strong><br><\/strong><\/strong><\/strong>Profesora Contratada Doctora<strong><br><\/strong>Departamento de Sociolog\u00eda<strong><br><\/strong>ORCID: <a href=\"http:\/\/orcid.org\/0000-0002-1855-1367\">http:\/\/orcid.org\/0000-0002-1855-1367<\/a><\/p>\n\n\n\n<figure class=\"wp-block-image size-full is-resized is-style-rounded\"><img loading=\"lazy\" decoding=\"async\" width=\"640\" height=\"480\" src=\"https:\/\/www.upo.es\/cinef\/wp-content\/uploads\/2024\/06\/Maria-Cabillas.jpg\" alt=\"\" class=\"wp-image-1147\" style=\"object-fit:cover;width:154px;height:157px\" srcset=\"https:\/\/www.upo.es\/cinef\/wp-content\/uploads\/2024\/06\/Maria-Cabillas.jpg 640w, https:\/\/www.upo.es\/cinef\/wp-content\/uploads\/2024\/06\/Maria-Cabillas-300x225.jpg 300w\" sizes=\"(max-width: 640px) 100vw, 640px\" \/><\/figure>\n\n\n\n<p><strong>Dra.<\/strong> <strong>Mar\u00eda Cabillas Romero<strong><strong><br><\/strong><\/strong><\/strong><a href=\"mailto:mvegrap@upo.es\"><strong>mcabillas@upo.es<\/strong><\/a><strong><strong><strong><br><\/strong><\/strong><\/strong>Profesora Permanente Laboral \/ PCD<strong><br><\/strong>Departamento de Antropolog\u00eda Social, Psicolog\u00eda B\u00e1sica y Salud P\u00fablica<strong><br><\/strong>ORCID: <a href=\"https:\/\/orcid.org\/0000-0001-5396-9622\">https:\/\/orcid.org\/0000-0001-5396-9622<\/a><\/p>\n\n\n\n<figure class=\"wp-block-image size-full is-resized is-style-rounded\"><img loading=\"lazy\" decoding=\"async\" width=\"900\" height=\"900\" src=\"https:\/\/www.upo.es\/cinef\/wp-content\/uploads\/2024\/11\/velasco-montiel-e1601554711524-900x900-1.jpg\" alt=\"\" class=\"wp-image-1342\" style=\"object-fit:cover;width:154px;height:157px\" srcset=\"https:\/\/www.upo.es\/cinef\/wp-content\/uploads\/2024\/11\/velasco-montiel-e1601554711524-900x900-1.jpg 900w, https:\/\/www.upo.es\/cinef\/wp-content\/uploads\/2024\/11\/velasco-montiel-e1601554711524-900x900-1-300x300.jpg 300w, https:\/\/www.upo.es\/cinef\/wp-content\/uploads\/2024\/11\/velasco-montiel-e1601554711524-900x900-1-150x150.jpg 150w, https:\/\/www.upo.es\/cinef\/wp-content\/uploads\/2024\/11\/velasco-montiel-e1601554711524-900x900-1-768x768.jpg 768w\" sizes=\"(max-width: 900px) 100vw, 900px\" \/><\/figure>\n\n\n\n<p><strong>Dra. Carmen Velasco Montiel<strong><strong><br><\/strong><\/strong><\/strong><a href=\"mailto:julietadlmaruri@gmail.com\"><strong>mcvelmon@upo.es<\/strong><\/a><br>Profesora Ayudante Doctora<strong><br><\/strong>Departamento de Filolog\u00eda y Traducci\u00f3n<strong><br><\/strong>ORCID: <a href=\"https:\/\/orcid.org\/0000-0003-0033-0731\">https:\/\/orcid.org\/0000-0003-0033-0731&nbsp;<\/a><\/p>\n\n\n\n<figure class=\"wp-block-image size-full is-resized is-style-rounded\"><img loading=\"lazy\" decoding=\"async\" width=\"230\" height=\"210\" src=\"https:\/\/www.upo.es\/cinef\/wp-content\/uploads\/2025\/01\/foto-TereR4.jpg\" alt=\"\" class=\"wp-image-1355\" style=\"object-fit:cover;width:154px;height:157px\"\/><\/figure>\n\n\n\n<p><strong>Dra. Teresa Rebolledo G\u00e1mez<strong><strong><br><\/strong><\/strong><\/strong><a href=\"mailto:julietadlmaruri@gmail.com\"><\/a><strong><a href=\"mailto:tjrebgam@upo.es\">tjrebgam@upo.es<\/a><\/strong><br>Profesora Permanente Laboral \/ Contratada Doctora<strong><br><\/strong>Departamento de Educaci\u00f3n y Psicolog\u00eda Social<strong><br><\/strong>ORCID: <a href=\"https:\/\/orcid.org\/0000-0002-1425-0743\">https:\/\/orcid.org\/0000-0002-1425-0743<\/a><\/p>\n\n\n\n<figure class=\"wp-block-image size-thumbnail is-style-rounded\"><img loading=\"lazy\" decoding=\"async\" width=\"150\" height=\"150\" src=\"https:\/\/www.upo.es\/cinef\/wp-content\/uploads\/2025\/07\/Esperanza-150x150.jpg\" alt=\"\" class=\"wp-image-1514\" srcset=\"https:\/\/www.upo.es\/cinef\/wp-content\/uploads\/2025\/07\/Esperanza-150x150.jpg 150w, https:\/\/www.upo.es\/cinef\/wp-content\/uploads\/2025\/07\/Esperanza-300x300.jpg 300w\" sizes=\"(max-width: 150px) 100vw, 150px\" \/><\/figure>\n\n\n\n<p><strong>Dra. Esperanza Jorge Barbuzano<\/strong><br><a href=\"ejobar@upo.es\"><strong>ejorbar@upo.es <\/strong><\/a><br>Profesora Permanente Laboral \/ PCD<br>Departamento de Educaci\u00f3n y Psicolog\u00eda Social<br>ORCID:&nbsp;<a href=\"https:\/\/orcid.org\/0000-0002-8261-166X\">https:\/\/orcid.org\/0000-0002-8261-166X<\/a><\/p>\n\n\n\n<p class=\"has-text-align-center has-black-color has-vivid-purple-background-color has-text-color has-background has-large-font-size\"><strong>PERSONAS COLABORADORAS<\/strong><\/p>\n\n\n\n<figure class=\"wp-block-image size-thumbnail is-style-rounded\"><img loading=\"lazy\" decoding=\"async\" width=\"150\" height=\"150\" src=\"https:\/\/www.upo.es\/cinef\/wp-content\/uploads\/2021\/10\/Bethany-Aram-150x150.jpg\" alt=\"\" class=\"wp-image-442\" srcset=\"https:\/\/www.upo.es\/cinef\/wp-content\/uploads\/2021\/10\/Bethany-Aram-150x150.jpg 150w, https:\/\/www.upo.es\/cinef\/wp-content\/uploads\/2021\/10\/Bethany-Aram-300x300.jpg 300w\" sizes=\"(max-width: 150px) 100vw, 150px\" \/><\/figure>\n\n\n\n<p><strong>Dra. Bethany Aram<\/strong><br><a href=\"mailto:amruiz@upo.es\"><\/a><a href=\"mailto:marevir@upo.es\" target=\"_blank\" rel=\"noreferrer noopener\"><\/a><a href=\"mailto:barawor@upo.es\"><strong>barawor@upo.es<\/strong><\/a><br>Catedr\u00e1tica de Universidad<br>Departamento de Geograf\u00eda, Historia y Filosof\u00eda<br>ORCID: <a href=\"https:\/\/orcid.org\/0000-0003-1724-0812\" target=\"_blank\" rel=\"noreferrer noopener\">https:\/\/orcid.org\/0000-0003-1724-0812<\/a><\/p>\n\n\n\n<figure class=\"wp-block-image size-thumbnail is-style-rounded\"><img loading=\"lazy\" decoding=\"async\" width=\"150\" height=\"150\" src=\"https:\/\/www.upo.es\/cinef\/wp-content\/uploads\/2021\/05\/Mencia-Gonzalez-Ruiz-150x150.jpg\" alt=\"\" class=\"wp-image-92\" srcset=\"https:\/\/www.upo.es\/cinef\/wp-content\/uploads\/2021\/05\/Mencia-Gonzalez-Ruiz-150x150.jpg 150w, https:\/\/www.upo.es\/cinef\/wp-content\/uploads\/2021\/05\/Mencia-Gonzalez-Ruiz-300x300.jpg 300w\" sizes=\"(max-width: 150px) 100vw, 150px\" \/><\/figure>\n\n\n\n<p><strong>Da. Menc\u00eda Gonz\u00e1lez Ruiz <\/strong><br><a href=\"mailto:mgonrui1@upo.es\"><strong>mgonrui1@upo.es<\/strong><\/a><br>Profesora Asociada<br>Departamento de Sociolog\u00eda<br>ORCID: <a href=\"https:\/\/orcid.org\/0000-0002-4625-1943\" target=\"_blank\" rel=\"noreferrer noopener\">https:\/\/orcid.org\/0000-0002-4625-1943<\/a><\/p>\n\n\n\n<figure class=\"wp-block-image size-thumbnail is-style-rounded\"><img loading=\"lazy\" decoding=\"async\" width=\"150\" height=\"150\" src=\"https:\/\/www.upo.es\/cinef\/wp-content\/uploads\/2024\/04\/CELESTE-LEON-FOTO-3-150x150.jpg\" alt=\"\" class=\"wp-image-936\" srcset=\"https:\/\/www.upo.es\/cinef\/wp-content\/uploads\/2024\/04\/CELESTE-LEON-FOTO-3-150x150.jpg 150w, https:\/\/www.upo.es\/cinef\/wp-content\/uploads\/2024\/04\/CELESTE-LEON-FOTO-3-300x300.jpg 300w\" sizes=\"(max-width: 150px) 100vw, 150px\" \/><\/figure>\n\n\n\n<p><strong>Dra. Celeste Le\u00f3n Moreno<\/strong><br><a href=\"mailto:amruiz@upo.es\" target=\"_blank\" rel=\"noreferrer noopener\"><\/a><a href=\"mailto:cmleomor@upo.es\"><strong>cmleomor@upo.es<\/strong><\/a><br>Investigadora Postdoctoral<br>Departamento de Educaci\u00f3n y Psicolog\u00eda Social<br>ORCID:&nbsp;<a href=\"https:\/\/orcid.org\/0000-0002-3028-402X\" target=\"_blank\" rel=\"noreferrer noopener\">https:\/\/orcid.org\/0000-0001-6789-3024 <\/a><\/p>\n\n\n\n<figure class=\"wp-block-image size-thumbnail is-style-rounded\"><img loading=\"lazy\" decoding=\"async\" width=\"150\" height=\"150\" src=\"https:\/\/www.upo.es\/cinef\/wp-content\/uploads\/2024\/04\/FOTO-ANA-MORAL-RAMA-238x300-1-150x150.jpg\" alt=\"\" class=\"wp-image-935\" srcset=\"https:\/\/www.upo.es\/cinef\/wp-content\/uploads\/2024\/04\/FOTO-ANA-MORAL-RAMA-238x300-1-150x150.jpg 150w, https:\/\/www.upo.es\/cinef\/wp-content\/uploads\/2024\/04\/FOTO-ANA-MORAL-RAMA-238x300-1-238x240.jpg 238w\" sizes=\"(max-width: 150px) 100vw, 150px\" \/><\/figure>\n\n\n\n<p><strong>Dra. Ana Moral Rama<\/strong><br><a href=\"mailto:amruiz@upo.es\" target=\"_blank\" rel=\"noreferrer noopener\"><strong><\/strong><\/a><strong><a href=\"mailto:amruiz@upo.es\" target=\"_blank\" rel=\"noreferrer noopener\"><strong>amoram@upo.es<\/strong><\/a><\/strong><br>Profesora Titular de Universidad<br>Departamento de&nbsp;Biolog\u00eda Molecular e Ingenier\u00eda Bioqu\u00edmica<br>ORCID: <a href=\"https:\/\/orcid.org\/0000-0002-8748-652X\" target=\"_blank\" rel=\"noreferrer noopener\">https:\/\/orcid.org\/0000-0002-8748-652X<\/a><\/p>\n\n\n\n<figure class=\"wp-block-image size-thumbnail is-style-rounded\"><img loading=\"lazy\" decoding=\"async\" width=\"150\" height=\"150\" src=\"https:\/\/www.upo.es\/cinef\/wp-content\/uploads\/2021\/09\/Gema-Otero-150x150.jpg\" alt=\"\" class=\"wp-image-404\" srcset=\"https:\/\/www.upo.es\/cinef\/wp-content\/uploads\/2021\/09\/Gema-Otero-150x150.jpg 150w, https:\/\/www.upo.es\/cinef\/wp-content\/uploads\/2021\/09\/Gema-Otero-300x300.jpg 300w\" sizes=\"(max-width: 150px) 100vw, 150px\" \/><\/figure>\n\n\n\n<p><strong>Da. <strong><strong><strong><strong>Gema Mar\u00eda Otero Guti\u00e9rrez<\/strong><\/strong><\/strong><\/strong><\/strong><br><a href=\"mailto:amruiz@upo.es\" target=\"_blank\" rel=\"noreferrer noopener\"><strong><\/strong><\/a><strong><a href=\"mailto:amruiz@upo.es\" target=\"_blank\" rel=\"noreferrer noopener\"><strong><\/strong><\/a><strong><a href=\"mailto:gemaoterog@yahoo.es\"><strong>gemaoterog@yahoo.es<\/strong><\/a> \/\/ <strong><a href=\"mailto:gotegut@alu.upo.es\">gotegut@alu.upo.es<\/a><\/strong><\/strong><\/strong><br>Colaboradora Honoraria<br>Departamento de Educaci\u00f3n y Psicolog\u00eda Social<br>ORCID: <a href=\"https:\/\/orcid.org\/0000-0002-3270-4155\">https:\/\/orcid.org\/0000-0002-3270-4155<\/a><\/p>\n\n\n\n<figure class=\"wp-block-image size-thumbnail is-style-rounded\"><img loading=\"lazy\" decoding=\"async\" width=\"150\" height=\"150\" src=\"https:\/\/www.upo.es\/cinef\/wp-content\/uploads\/2021\/08\/Elvira-Rubio-150x150.jpg\" alt=\"\" class=\"wp-image-357\" srcset=\"https:\/\/www.upo.es\/cinef\/wp-content\/uploads\/2021\/08\/Elvira-Rubio-150x150.jpg 150w, https:\/\/www.upo.es\/cinef\/wp-content\/uploads\/2021\/08\/Elvira-Rubio-300x300.jpg 300w\" sizes=\"(max-width: 150px) 100vw, 150px\" \/><\/figure>\n\n\n\n<p><strong>Da. Elvira Rubio Dur\u00e1n<\/strong><br><a href=\"mailto:amruiz@upo.es\" target=\"_blank\" rel=\"noreferrer noopener\"><\/a><a href=\"mailto:erubdur@upo.es\" target=\"_blank\" rel=\"noreferrer noopener\"><strong>erubdur@upo.es<\/strong><\/a><br>Profesora Asociada<br>Departamento de Sociolog\u00eda<br>ORCID: <a href=\"https:\/\/orcid.org\/0000-0002-3807-684X\">https:\/\/orcid.org\/0000-0002-3807-<\/a><a href=\"https:\/\/orcid.org\/0000-0002-3807-684X\" target=\"_blank\" rel=\"noreferrer noopener\">684X<\/a><\/p>\n\n\n\n<figure class=\"wp-block-image size-full is-resized is-style-rounded\"><img loading=\"lazy\" decoding=\"async\" width=\"648\" height=\"556\" src=\"https:\/\/www.upo.es\/cinef\/wp-content\/uploads\/2024\/04\/Victoria-Sanchez-Mellado-Foto.jpg\" alt=\"\" class=\"wp-image-692\" style=\"object-fit:cover;width:154px;height:157px\" srcset=\"https:\/\/www.upo.es\/cinef\/wp-content\/uploads\/2024\/04\/Victoria-Sanchez-Mellado-Foto.jpg 648w, https:\/\/www.upo.es\/cinef\/wp-content\/uploads\/2024\/04\/Victoria-Sanchez-Mellado-Foto-300x257.jpg 300w, https:\/\/www.upo.es\/cinef\/wp-content\/uploads\/2024\/04\/Victoria-Sanchez-Mellado-Foto-220x190.jpg 220w\" sizes=\"(max-width: 648px) 100vw, 648px\" \/><\/figure>\n\n\n\n<p><strong>Dra.<\/strong> <strong>Victoria S\u00e1nchez Mellado<strong><strong><br><\/strong><\/strong><a href=\"mailto:vsanmel@upo.es\">vsanmel@upo.es<\/a> <strong><strong><br><\/strong><\/strong><\/strong>Profesora Sustituta<strong><br><\/strong>Departamento de Geograf\u00eda, Historia y Filosof\u00eda, \u00c1rea de Historia del Arte<strong><br><\/strong>ORCID: <a href=\"https:\/\/orcid.org\/0000-0003-0651-5315\">https:\/\/orcid.org\/0000-0003-0651-5315<\/a><\/p>\n\n\n\n<figure class=\"wp-block-image size-full is-resized is-style-rounded\"><img loading=\"lazy\" decoding=\"async\" width=\"456\" height=\"479\" src=\"https:\/\/www.upo.es\/cinef\/wp-content\/uploads\/2024\/04\/quiroga.jpeg\" alt=\"\" class=\"wp-image-793\" style=\"object-fit:cover;width:154px;height:157px\" srcset=\"https:\/\/www.upo.es\/cinef\/wp-content\/uploads\/2024\/04\/quiroga.jpeg 456w, https:\/\/www.upo.es\/cinef\/wp-content\/uploads\/2024\/04\/quiroga-286x300.jpeg 286w\" sizes=\"(max-width: 456px) 100vw, 456px\" \/><\/figure>\n\n\n\n<p><strong>Dra.<\/strong> <strong>Ana Fern\u00e1ndez Quiroga<strong><strong><br><\/strong><\/strong><a href=\"mailto:mmlloorr@upo.es\"><\/a><a href=\"mailto:aferqui@upo.es\">aferqui@upo.es<\/a><strong><strong><br><\/strong><\/strong><\/strong>Contratada Postdoctoral Margarita Salas<strong><br><\/strong>\u00c1rea de investigaci\u00f3n y transferencia<strong><br><\/strong>ORCID: <a href=\"https:\/\/orcid.org\/0000-0002-1164-371X\">https:\/\/orcid.org\/0000-0002-1164-371X<\/a><\/p>\n\n\n\n<figure class=\"wp-block-image size-full is-resized is-style-rounded\"><img loading=\"lazy\" decoding=\"async\" width=\"2560\" height=\"2361\" src=\"https:\/\/www.upo.es\/cinef\/wp-content\/uploads\/2024\/10\/julieta-scaled.jpg\" alt=\"\" class=\"wp-image-1217\" style=\"object-fit:cover;width:154px;height:157px\" srcset=\"https:\/\/www.upo.es\/cinef\/wp-content\/uploads\/2024\/10\/julieta-scaled.jpg 2560w, https:\/\/www.upo.es\/cinef\/wp-content\/uploads\/2024\/10\/julieta-300x277.jpg 300w, https:\/\/www.upo.es\/cinef\/wp-content\/uploads\/2024\/10\/julieta-1024x944.jpg 1024w, https:\/\/www.upo.es\/cinef\/wp-content\/uploads\/2024\/10\/julieta-768x708.jpg 768w, https:\/\/www.upo.es\/cinef\/wp-content\/uploads\/2024\/10\/julieta-1536x1416.jpg 1536w, https:\/\/www.upo.es\/cinef\/wp-content\/uploads\/2024\/10\/julieta-2048x1889.jpg 2048w\" sizes=\"(max-width: 2560px) 100vw, 2560px\" \/><\/figure>\n\n\n\n<p><strong>D\u00f1a. Julieta de Le\u00f3n Maruri<strong><strong><br><\/strong><\/strong><\/strong><a href=\"mailto:julietadlmaruri@gmail.com\"><strong>julietadlmaruri@gmail.com<\/strong><\/a><br>Colaboradora<strong><br><\/strong>Departamento de Teor\u00eda e Historiograf\u00eda, Instituto de Historia, Facultad de Humanidades y Ciencias de la Educaci\u00f3n (Universidad de la Rep\u00fablica, Uruguay)<strong><br><\/strong>ORCID: <a href=\"https:\/\/orcid.org\/0000-0002-4922-4393\">https:\/\/orcid.org\/0000-0002-4922-4393<\/a><\/p>\n\n\n\n<figure class=\"wp-block-image size-full is-resized is-style-rounded\"><img loading=\"lazy\" decoding=\"async\" width=\"1010\" height=\"1010\" src=\"https:\/\/www.upo.es\/cinef\/wp-content\/uploads\/2025\/03\/Foto_Angela-Medina-Calvo.jpg\" alt=\"\" class=\"wp-image-1429\" style=\"object-fit:cover;width:154px;height:157px\" srcset=\"https:\/\/www.upo.es\/cinef\/wp-content\/uploads\/2025\/03\/Foto_Angela-Medina-Calvo.jpg 1010w, https:\/\/www.upo.es\/cinef\/wp-content\/uploads\/2025\/03\/Foto_Angela-Medina-Calvo-300x300.jpg 300w, https:\/\/www.upo.es\/cinef\/wp-content\/uploads\/2025\/03\/Foto_Angela-Medina-Calvo-150x150.jpg 150w, https:\/\/www.upo.es\/cinef\/wp-content\/uploads\/2025\/03\/Foto_Angela-Medina-Calvo-768x768.jpg 768w\" sizes=\"(max-width: 1010px) 100vw, 1010px\" \/><\/figure>\n\n\n\n<p><strong>D\u00f1a. \u00c1ngela Medina Calvo<strong><strong><br><\/strong><\/strong><\/strong><a href=\"mailto:julietadlmaruri@gmail.com\"><\/a><strong><a href=\"mailto:tjrebgam@upo.es\">maria.a.medina@uv.es<\/a><\/strong><br>Contratada FPU<strong><br><\/strong>Departamento de Sociolog\u00eda y Antropolog\u00eda Social de la Universitat de Val\u00e8ncia<strong><br><\/strong>ORCID: <a href=\"https:\/\/orcid.org\/0000-0003-1181-9954\">https:\/\/orcid.org\/0000-0003-1181-9954<\/a><\/p>\n\n\n\n<figure class=\"wp-block-image size-full is-resized is-style-rounded\"><img loading=\"lazy\" decoding=\"async\" width=\"385\" height=\"385\" src=\"https:\/\/www.upo.es\/cinef\/wp-content\/uploads\/2025\/03\/Ana-Romero.png\" alt=\"\" class=\"wp-image-1432\" style=\"object-fit:cover;width:154px;height:157px\" srcset=\"https:\/\/www.upo.es\/cinef\/wp-content\/uploads\/2025\/03\/Ana-Romero.png 385w, https:\/\/www.upo.es\/cinef\/wp-content\/uploads\/2025\/03\/Ana-Romero-300x300.png 300w, https:\/\/www.upo.es\/cinef\/wp-content\/uploads\/2025\/03\/Ana-Romero-150x150.png 150w\" sizes=\"(max-width: 385px) 100vw, 385px\" \/><\/figure>\n\n\n\n<p><strong>Dra. Ana Romero Abrio<strong><strong><br><\/strong><\/strong><\/strong><a href=\"mailto:julietadlmaruri@gmail.com\"><\/a><strong><a href=\"mailto:tjrebgam@upo.es\">aromabr@upo.es<\/a><\/strong><br>Profesora Permanente Laboral\/PCD<strong><br><\/strong>Departamento de Educaci\u00f3n y Psicolog\u00eda Social<strong><br><\/strong>ORCID: <a href=\"https:\/\/orcid.org\/0000-0002-1914-8158\">https:\/\/orcid.org\/0000-0002-1914-8158<\/a><\/p>\n\n\n\n<figure class=\"wp-block-image size-full is-resized is-style-rounded\"><img loading=\"lazy\" decoding=\"async\" width=\"779\" height=\"1094\" src=\"https:\/\/www.upo.es\/cinef\/wp-content\/uploads\/2025\/03\/IMG_20240331_2151212.jpg\" alt=\"\" class=\"wp-image-1472\" style=\"object-fit:cover;width:154px;height:157px\" srcset=\"https:\/\/www.upo.es\/cinef\/wp-content\/uploads\/2025\/03\/IMG_20240331_2151212.jpg 779w, https:\/\/www.upo.es\/cinef\/wp-content\/uploads\/2025\/03\/IMG_20240331_2151212-214x300.jpg 214w, https:\/\/www.upo.es\/cinef\/wp-content\/uploads\/2025\/03\/IMG_20240331_2151212-729x1024.jpg 729w, https:\/\/www.upo.es\/cinef\/wp-content\/uploads\/2025\/03\/IMG_20240331_2151212-768x1079.jpg 768w\" sizes=\"(max-width: 779px) 100vw, 779px\" \/><\/figure>\n\n\n\n<p><strong>Dra. Micaela L\u00f3pez Donoso<strong><strong><br><\/strong><\/strong><a href=\"mailto:tjrebgam@upo.es\">mlopdon@upo.es<\/a><\/strong><br>Profesora sustituta interina<strong><br><\/strong>Departamento de Sociolog\u00eda<strong><br><\/strong>ORCID: <a href=\"https:\/\/orcid.org\/0009-0009-5265-3760\">https:\/\/orcid.org\/0009-0009-5265-3760<\/a><\/p>\n\n\n\n<figure class=\"wp-block-image size-full is-resized is-style-rounded\"><img loading=\"lazy\" decoding=\"async\" width=\"463\" height=\"516\" src=\"https:\/\/www.upo.es\/cinef\/wp-content\/uploads\/2025\/06\/Captura-de-pantalla-2025-05-15-113158.png\" alt=\"\" class=\"wp-image-1485\" style=\"object-fit:cover;width:154px;height:157px\" srcset=\"https:\/\/www.upo.es\/cinef\/wp-content\/uploads\/2025\/06\/Captura-de-pantalla-2025-05-15-113158.png 463w, https:\/\/www.upo.es\/cinef\/wp-content\/uploads\/2025\/06\/Captura-de-pantalla-2025-05-15-113158-269x300.png 269w\" sizes=\"(max-width: 463px) 100vw, 463px\" \/><\/figure>\n\n\n\n<p><strong>D\u00f1a.<\/strong> <strong>M\u00aa \u00c1ngeles Quesada Cubo<strong><strong><br><\/strong><\/strong><a href=\"mailto:tjrebgam@upo.es\">maquecub@upo.es<\/a><\/strong><br>Contratada predoctoral FPU<strong><br><\/strong>Departamento de Trabajo Social y Servicios Sociales<strong><br><\/strong>ORCID: <a href=\"https:\/\/orcid.org\/0000-0002-3138-7426\">https:\/\/orcid.org\/0000-0002-3138-7426<\/a><\/p>\n\n\n\n<figure class=\"wp-block-image size-full is-resized is-style-rounded\"><img loading=\"lazy\" decoding=\"async\" width=\"288\" height=\"288\" src=\"https:\/\/www.upo.es\/cinef\/wp-content\/uploads\/2026\/04\/Zamora-Gomez.jpg\" alt=\"\" class=\"wp-image-1720\" style=\"object-fit:cover;width:154px;height:157px\" srcset=\"https:\/\/www.upo.es\/cinef\/wp-content\/uploads\/2026\/04\/Zamora-Gomez.jpg 288w, https:\/\/www.upo.es\/cinef\/wp-content\/uploads\/2026\/04\/Zamora-Gomez-150x150.jpg 150w\" sizes=\"(max-width: 288px) 100vw, 288px\" \/><\/figure>\n\n\n\n<p><strong>Dra.<\/strong> <strong>Cristina Mar\u00eda Zamora G\u00f3mez<strong><strong><br><\/strong><\/strong><a href=\"mailto:tjrebgam@upo.es\">cmzamora@upo.es<\/a><\/strong><br>Profesora Ayudante Doctora<strong><br><\/strong>Derecho P\u00fablico, area de Derecho Internacional P\u00fablico y Relaciones Internacionales<strong><br><\/strong>ORCID: <a href=\"https:\/\/orcid.org\/0000-0002-8258-4788\">https:\/\/orcid.org\/0000-0002-8258-4788<\/a><\/p>\n\n\n\n<p><\/p>\n\n\n\n<p><\/p>\n\n\n\n<p class=\"has-text-align-center has-vivid-purple-color has-text-color has-large-font-size\"><strong>C\u00d3MO COLABORAR<\/strong><\/p>\n\n\n\n<p>Es necesario que transcurra un tiempo desde la puesta en marcha del CINEF para que nuevas personas que tengan inter\u00e9s en formar parte del mismo se puedan integrar de pleno derecho, mientras tanto, cabe la posibilidad de colaborar con el CINEF, para ello, debe manifestar su inter\u00e9s y su solicitud se valorar\u00e1. Si fuese su caso, puede escribir un correo electr\u00f3nico a la siguiente direcci\u00f3n (<a rel=\"noreferrer noopener\" href=\"mailto:cpctcinef@upo.es\" target=\"_blank\"><strong>cpctcinef@upo.es<\/strong><\/a>)&nbsp;aportando la siguiente informaci\u00f3n, as\u00ed como su trayectoria vinculada con los objetivos del CINEF:  <\/p>\n\n\n\n<ul class=\"wp-block-list\">\n<li><strong>Nombre y apellidos<\/strong><\/li>\n\n\n\n<li><strong>Correo electr\u00f3nico<\/strong><\/li>\n\n\n\n<li><strong>Figura contractual<\/strong><\/li>\n\n\n\n<li><strong>Departamento<\/strong><\/li>\n\n\n\n<li><strong>Enlace ORCID<\/strong><\/li>\n\n\n\n<li><strong>Foto<\/strong><\/li>\n<\/ul>\n\n\n\n<p><\/p>\n","protected":false},"excerpt":{"rendered":"<p>EQUIPO DE DIRECCI\u00d3N Directora: cinef@upo.es Dra. Paula Rodr\u00edguez Modro\u00f1oprodmod@upo.esProfesora Titular de UniversidadDepartamento de Econom\u00eda, M\u00e9todos Cuantitativos e Historia Econ\u00f3micaORCID: https:\/\/orcid.org\/0000-0002-0724-0248 Codirectora: cinef@upo.es Dra. M\u00f3nica Dom\u00ednguez Serranomdomser@upo.esProfesora Titular de UniversidadDepartamento de Econom\u00eda, M\u00e9todos Cuantitativos e Historia Econ\u00f3micaORCID:&nbsp;https:\/\/orcid.org\/0000-0001-6162-777X Secretaria: seccinef@upo.es Dra. Teresa Terr\u00f3n Caromttercar@upo.es&nbsp;Profesora Titular de UniversidadDepartamento de Educaci\u00f3n y Psicolog\u00eda SocialORCID: https:\/\/orcid.org\/0000-0003-4177-0346 Comisi\u00f3n de Proyectos Internacionales: cpicinef@upo.es Dra. Mar\u00eda del Roc\u00edo [&hellip;]<\/p>\n","protected":false},"author":1,"featured_media":0,"parent":0,"menu_order":2,"comment_status":"closed","ping_status":"closed","template":"","meta":{"_eb_attr":"","footnotes":""},"class_list":["post-28","page","type-page","status-publish","hentry"],"_links":{"self":[{"href":"https:\/\/www.upo.es\/cinef\/wp-json\/wp\/v2\/pages\/28","targetHints":{"allow":["GET"]}}],"collection":[{"href":"https:\/\/www.upo.es\/cinef\/wp-json\/wp\/v2\/pages"}],"about":[{"href":"https:\/\/www.upo.es\/cinef\/wp-json\/wp\/v2\/types\/page"}],"author":[{"embeddable":true,"href":"https:\/\/www.upo.es\/cinef\/wp-json\/wp\/v2\/users\/1"}],"replies":[{"embeddable":true,"href":"https:\/\/www.upo.es\/cinef\/wp-json\/wp\/v2\/comments?post=28"}],"version-history":[{"count":249,"href":"https:\/\/www.upo.es\/cinef\/wp-json\/wp\/v2\/pages\/28\/revisions"}],"predecessor-version":[{"id":1721,"href":"https:\/\/www.upo.es\/cinef\/wp-json\/wp\/v2\/pages\/28\/revisions\/1721"}],"wp:attachment":[{"href":"https:\/\/www.upo.es\/cinef\/wp-json\/wp\/v2\/media?parent=28"}],"curies":[{"name":"wp","href":"https:\/\/api.w.org\/{rel}","templated":true}]}}