{"id":717,"date":"2024-04-16T13:04:29","date_gmt":"2024-04-16T13:04:29","guid":{"rendered":"https:\/\/www.upo.es\/cinef\/?page_id=717"},"modified":"2026-04-09T11:24:52","modified_gmt":"2026-04-09T11:24:52","slug":"microcredenciales","status":"publish","type":"page","link":"https:\/\/www.upo.es\/cinef\/microcredenciales\/","title":{"rendered":"Microcredenciales"},"content":{"rendered":"\n<p class=\"has-vivid-purple-color has-text-color has-link-color has-medium-font-size wp-elements-a5b449dd48e14a256ec049b48b0d59c7\"><strong>Microcredenciales 202<\/strong>6<\/p>\n\n\n\n<figure class=\"wp-block-image size-large is-resized\"><img fetchpriority=\"high\" decoding=\"async\" width=\"768\" height=\"1024\" src=\"https:\/\/www.upo.es\/cinef\/wp-content\/uploads\/2025\/10\/Nuevas-microcrenciales-con-perspectiva-de-genero-1-768x1024.png\" alt=\"\" class=\"wp-image-1586\" style=\"width:561px;height:auto\" srcset=\"https:\/\/www.upo.es\/cinef\/wp-content\/uploads\/2025\/10\/Nuevas-microcrenciales-con-perspectiva-de-genero-1-768x1024.png 768w, https:\/\/www.upo.es\/cinef\/wp-content\/uploads\/2025\/10\/Nuevas-microcrenciales-con-perspectiva-de-genero-1-225x300.png 225w, https:\/\/www.upo.es\/cinef\/wp-content\/uploads\/2025\/10\/Nuevas-microcrenciales-con-perspectiva-de-genero-1.png 1080w\" sizes=\"(max-width: 768px) 100vw, 768px\" \/><\/figure>\n\n\n\n<div class=\"wp-block-columns is-layout-flex wp-container-core-columns-is-layout-9d6595d7 wp-block-columns-is-layout-flex\">\n<div class=\"wp-block-column is-layout-flow wp-block-column-is-layout-flow\">\n<div class=\"wp-block-flipbox-flipbox-block\"><div class=\"eb-parent-wrapper eb-parent-eb-flipbox-09ban \"><div class=\"eb-flipbox-container eb-flipbox-09ban eb-hover-mode\" data-id=\"eb-flipbox-09ban\" data-flip-type=\"flip-left\" data-flip-mode=\"hover\"><div class=\"eb-flipper flip-left\"><div class=\"eb-flipbox-front\"><div class=\"eb-flipbox-items-container\"><div class=\"eb-flipbox-icon-wrapper\"><div class=\"eb-flipbox-front-image-container\"><img decoding=\"async\" src=\"https:\/\/www.upo.es\/cinef\/wp-content\/uploads\/2021\/09\/cropped-Logo-CINEF-sin-fondo.png\" alt=\"\"\/><\/div><\/div><div class=\"eb-flipbox-front-title-wrapper\"><h3 class=\"eb-flipbox-front-title\">Construyendo una gu\u00eda docente con perspectiva de g\u00e9nero<\/h3><\/div><\/div><\/div><div class=\"eb-flipbox-back\"><div class=\"eb-flipbox-items-container\"><div class=\"eb-flipbox-icon-wrapper\"><\/div><div class=\"eb-flipbox-back-content-wrapper\"><p class=\"eb-flipbox-back-content\">Personas formadoras: Teresa Terr\u00f3n Caro, Mar\u00eda Roc\u00edo C\u00e1rdenas Rodr\u00edguez, <br>Duraci\u00f3n: 12 horas<br>Fecha prevista: 20 y 27 de febrero y 6 y 13 de marzo<\/p><\/div><div class=\"eb-flipbox-button-container\"><a class=\"eb-flipbox-button-link btn-gradient blue\" href=\"https:\/\/upo.es\/cms1\/export\/sites\/upo\/desarrollo\/documentos\/microcredenciales\/2026\/B2026-18.pdf\" target=\"_blank\" rel=\"noopener\"><div class=\"eb-flipbox-button-content\"><span>M\u00e1s informaci\u00f3n<\/span><\/div><\/a><\/div><\/div><\/div><\/div><\/div><\/div><\/div>\n<\/div>\n\n\n\n<div class=\"wp-block-column is-layout-flow wp-block-column-is-layout-flow\"><\/div>\n\n\n\n<div class=\"wp-block-column is-layout-flow wp-block-column-is-layout-flow\"><\/div>\n<\/div>\n\n\n\n<p class=\"has-vivid-purple-color has-text-color has-link-color has-medium-font-size wp-elements-5277aa29eeb8da6958325dfb1914de1d\"><strong>Microcredenciales 2025<\/strong><\/p>\n\n\n\n<div class=\"wp-block-group\"><div class=\"wp-block-group__inner-container is-layout-constrained wp-block-group-is-layout-constrained\">\n<div class=\"wp-block-group\"><div class=\"wp-block-group__inner-container is-layout-constrained wp-block-group-is-layout-constrained\">\n<div class=\"wp-block-columns is-layout-flex wp-container-core-columns-is-layout-9d6595d7 wp-block-columns-is-layout-flex\">\n<div class=\"wp-block-column is-layout-flow wp-block-column-is-layout-flow\">\n<div class=\"wp-block-flipbox-flipbox-block\"><div class=\"eb-parent-wrapper eb-parent-eb-flipbox-mq8yx \"><div class=\"eb-flipbox-container eb-flipbox-mq8yx eb-hover-mode\" data-id=\"eb-flipbox-mq8yx\" data-flip-type=\"flip-left\" data-flip-mode=\"hover\"><div class=\"eb-flipper flip-left\"><div class=\"eb-flipbox-front\"><div class=\"eb-flipbox-items-container\"><div class=\"eb-flipbox-icon-wrapper\"><div class=\"eb-flipbox-front-image-container\"><img decoding=\"async\" src=\"https:\/\/www.upo.es\/cinef\/wp-content\/uploads\/2021\/09\/cropped-Logo-CINEF-sin-fondo.png\" alt=\"\"\/><\/div><\/div><div class=\"eb-flipbox-front-title-wrapper\"><h3 class=\"eb-flipbox-front-title\">Detecci\u00f3n y prevenci\u00f3n de las violencias machistas y el acoso sexual desde la pr\u00e1ctica docente<\/h3><\/div><\/div><\/div><div class=\"eb-flipbox-back\"><div class=\"eb-flipbox-items-container\"><div class=\"eb-flipbox-icon-wrapper\"><\/div><div class=\"eb-flipbox-back-content-wrapper\"><p class=\"eb-flipbox-back-content\">Direcci\u00f3n acad\u00e9mica: Mar\u00eda Roc\u00edo C\u00e1rdenas Rodr\u00edguez<br>Cr\u00e9dito: 1,5 ECTS<br>Fecha prevista: Enero 2025<\/p><\/div><div class=\"eb-flipbox-button-container\"><a class=\"eb-flipbox-button-link btn-gradient blue\" href=\"https:\/\/www.upo.es\/cms1\/export\/sites\/upo\/desarrollo\/documentos\/microcredenciales\/B2025-08.pdf\" target=\"_blank\" rel=\"noopener\"><div class=\"eb-flipbox-button-content\"><span>M\u00e1s informaci\u00f3n<\/span><\/div><\/a><\/div><\/div><\/div><\/div><\/div><\/div><\/div>\n\n\n\n<p class=\"has-vivid-purple-color has-text-color has-link-color has-medium-font-size wp-elements-59661a8bac5f1a03efbd531e5c612058\"><strong>Microcredenciales 2024<\/strong><\/p>\n\n\n\n<div style=\"height:1px\" aria-hidden=\"true\" class=\"wp-block-spacer\"><\/div>\n\n\n\n<div class=\"wp-block-flipbox-flipbox-block\"><div class=\"eb-parent-wrapper eb-parent-eb-flipbox-vdsvo \"><div class=\"eb-flipbox-container eb-flipbox-vdsvo eb-hover-mode\" data-id=\"eb-flipbox-vdsvo\" data-flip-type=\"flip-left\" data-flip-mode=\"hover\"><div class=\"eb-flipper flip-left\"><div class=\"eb-flipbox-front\"><div class=\"eb-flipbox-items-container\"><div class=\"eb-flipbox-icon-wrapper\"><div class=\"eb-flipbox-front-image-container\"><img decoding=\"async\" src=\"https:\/\/www.upo.es\/cinef\/wp-content\/uploads\/2021\/09\/cropped-Logo-CINEF-sin-fondo.png\" alt=\"\"\/><\/div><\/div><div class=\"eb-flipbox-front-title-wrapper\"><h3 class=\"eb-flipbox-front-title\">La perspectiva de g\u00e9nero en los Trabajos Fin de Grado (TFG) y en los Trabajos Fin de M\u00e1ster (TFM)<\/h3><\/div><\/div><\/div><div class=\"eb-flipbox-back\"><div class=\"eb-flipbox-items-container\"><div class=\"eb-flipbox-icon-wrapper\"><\/div><div class=\"eb-flipbox-back-content-wrapper\"><p class=\"eb-flipbox-back-content\">Direcci\u00f3n acad\u00e9mica: Marian P\u00e9rez Bernal<br>Cr\u00e9dito: 1,5 ECTS<br>Fecha prevista: Junio 2024<\/p><\/div><div class=\"eb-flipbox-button-container\"><a class=\"eb-flipbox-button-link btn-gradient blue\" href=\"https:\/\/www.upo.es\/cms1\/export\/sites\/upo\/desarrollo\/documentos\/microcredenciales\/B2024-20.pdf\" target=\"_blank\" rel=\"noopener\"><div class=\"eb-flipbox-button-content\"><span>M\u00e1s informaci\u00f3n<\/span><\/div><\/a><\/div><\/div><\/div><\/div><\/div><\/div><\/div>\n\n\n\n<div class=\"wp-block-flipbox-flipbox-block\"><div class=\"eb-parent-wrapper eb-parent-eb-flipbox-envsc \"><div class=\"eb-flipbox-container eb-flipbox-envsc eb-hover-mode\" data-id=\"eb-flipbox-envsc\" data-flip-type=\"flip-left\" data-flip-mode=\"hover\"><div class=\"eb-flipper flip-left\"><div class=\"eb-flipbox-front\"><div class=\"eb-flipbox-items-container\"><div class=\"eb-flipbox-icon-wrapper\"><div class=\"eb-flipbox-front-image-container\"><img decoding=\"async\" src=\"https:\/\/www.upo.es\/cinef\/wp-content\/uploads\/2021\/09\/cropped-Logo-CINEF-sin-fondo.png\" alt=\"\"\/><\/div><\/div><div class=\"eb-flipbox-front-title-wrapper\"><h3 class=\"eb-flipbox-front-title\">Las leyes y la perspectiva de g\u00e9nero<\/h3><\/div><\/div><\/div><div class=\"eb-flipbox-back\"><div class=\"eb-flipbox-items-container\"><div class=\"eb-flipbox-back-content-wrapper\"><p class=\"eb-flipbox-back-content\">Direcci\u00f3n acad\u00e9mica: Estefan\u00eda Rodr\u00edguez Santos<br>Cr\u00e9dito: 1,5 ECTS<br>Fecha prevista: Marzo 2024<\/p><\/div><div class=\"eb-flipbox-button-container\"><a class=\"eb-flipbox-button-link btn-gradient blue\" href=\"https:\/\/www.upo.es\/cms1\/export\/sites\/upo\/desarrollo\/documentos\/microcredenciales\/B2024-09.pdf\" target=\"_blank\" rel=\"noopener\"><div class=\"eb-flipbox-button-content\"><span>M\u00e1s informaci\u00f3n<\/span><\/div><\/a><\/div><\/div><\/div><\/div><\/div><\/div><\/div>\n<\/div>\n\n\n\n<div class=\"wp-block-column is-layout-flow wp-block-column-is-layout-flow\">\n<div class=\"wp-block-flipbox-flipbox-block\"><div class=\"eb-parent-wrapper eb-parent-eb-flipbox-h89r5 \"><div class=\"eb-flipbox-container eb-flipbox-h89r5 eb-hover-mode\" data-id=\"eb-flipbox-h89r5\" data-flip-type=\"flip-left\" data-flip-mode=\"hover\"><div class=\"eb-flipper flip-left\"><div class=\"eb-flipbox-front\"><div class=\"eb-flipbox-items-container\"><div class=\"eb-flipbox-icon-wrapper\"><div class=\"eb-flipbox-front-image-container\"><img decoding=\"async\" src=\"https:\/\/www.upo.es\/cinef\/wp-content\/uploads\/2021\/09\/cropped-Logo-CINEF-sin-fondo.png\" alt=\"\"\/><\/div><\/div><div class=\"eb-flipbox-front-title-wrapper\"><h3 class=\"eb-flipbox-front-title\">Construyendo una gu\u00eda docente con perspectiva de g\u00e9nero<\/h3><\/div><\/div><\/div><div class=\"eb-flipbox-back\"><div class=\"eb-flipbox-items-container\"><div class=\"eb-flipbox-back-content-wrapper\"><p class=\"eb-flipbox-back-content\">Direcci\u00f3n acad\u00e9mica: Mar\u00eda Roc\u00edo C\u00e1rdenas Rodr\u00edguez\nCr\u00e9dito: 1 ECTS\nFecha prevista: Abril 2025<\/p><\/div><div class=\"eb-flipbox-button-container\"><a class=\"eb-flipbox-button-link btn-gradient blue\" href=\"https:\/\/www.upo.es\/cms1\/export\/sites\/upo\/desarrollo\/documentos\/microcredenciales\/B2025-18.pdf\" target=\"_blank\" rel=\"noopener\"><div class=\"eb-flipbox-button-content\"><span>M\u00e1s informaci\u00f3n<\/span><\/div><\/a><\/div><\/div><\/div><\/div><\/div><\/div><\/div>\n\n\n\n<div style=\"height:65px\" aria-hidden=\"true\" class=\"wp-block-spacer\"><\/div>\n\n\n\n<div class=\"wp-block-flipbox-flipbox-block\"><div class=\"eb-parent-wrapper eb-parent-eb-flipbox-5rark \"><div class=\"eb-flipbox-container eb-flipbox-5rark eb-hover-mode\" data-id=\"eb-flipbox-5rark\" data-flip-type=\"flip-left\" data-flip-mode=\"hover\"><div class=\"eb-flipper flip-left\"><div class=\"eb-flipbox-front\"><div class=\"eb-flipbox-items-container\"><div class=\"eb-flipbox-icon-wrapper\"><div class=\"eb-flipbox-front-image-container\"><img decoding=\"async\" src=\"https:\/\/www.upo.es\/cinef\/wp-content\/uploads\/2021\/09\/cropped-Logo-CINEF-sin-fondo.png\" alt=\"\"\/><\/div><\/div><div class=\"eb-flipbox-front-title-wrapper\"><h3 class=\"eb-flipbox-front-title\">Comunicaci\u00f3n inclusiva<\/h3><\/div><\/div><\/div><div class=\"eb-flipbox-back\"><div class=\"eb-flipbox-items-container\"><div class=\"eb-flipbox-back-content-wrapper\"><p class=\"eb-flipbox-back-content\">Direcci\u00f3n acad\u00e9mica:M\u00f3nica Dom\u00ednguez Serrano \nCr\u00e9dito: 1,5 ECTS\nFecha prevista: Mayo 2024<\/p><\/div><div class=\"eb-flipbox-button-container\"><a class=\"eb-flipbox-button-link btn-gradient blue\" href=\"https:\/\/www.upo.es\/cms1\/export\/sites\/upo\/desarrollo\/documentos\/microcredenciales\/B2024-13.pdf\" target=\"_blank\" rel=\"noopener\"><div class=\"eb-flipbox-button-content\"><span>M\u00e1s informaci\u00f3n<\/span><\/div><\/a><\/div><\/div><\/div><\/div><\/div><\/div><\/div>\n\n\n\n<div class=\"wp-block-flipbox-flipbox-block\"><div class=\"eb-parent-wrapper eb-parent-eb-flipbox-7ns4c \"><div class=\"eb-flipbox-container eb-flipbox-7ns4c eb-hover-mode\" data-id=\"eb-flipbox-7ns4c\" data-flip-type=\"flip-left\" data-flip-mode=\"hover\"><div class=\"eb-flipper flip-left\"><div class=\"eb-flipbox-front\"><div class=\"eb-flipbox-items-container\"><div class=\"eb-flipbox-icon-wrapper\"><div class=\"eb-flipbox-front-image-container\"><img decoding=\"async\" src=\"https:\/\/www.upo.es\/cinef\/wp-content\/uploads\/2021\/09\/cropped-Logo-CINEF-sin-fondo.png\" alt=\"\"\/><\/div><\/div><div class=\"eb-flipbox-front-title-wrapper\"><h3 class=\"eb-flipbox-front-title\">Construyendo una gu\u00eda docente con perspectiva de g\u00e9nero<\/h3><\/div><\/div><\/div><div class=\"eb-flipbox-back\"><div class=\"eb-flipbox-items-container\"><div class=\"eb-flipbox-back-content-wrapper\"><p class=\"eb-flipbox-back-content\">Direcci\u00f3n acad\u00e9mica: Mar\u00eda Teresa Terr\u00f3n Caro<br>Cr\u00e9dito: 1,5 ECTS<br>Fecha prevista: Marzo 2024<\/p><\/div><div class=\"eb-flipbox-button-container\"><a class=\"eb-flipbox-button-link btn-gradient blue\" href=\"https:\/\/www.upo.es\/cms1\/export\/sites\/upo\/desarrollo\/documentos\/microcredenciales\/B2024-18.pdf\" target=\"_blank\" rel=\"noopener\"><div class=\"eb-flipbox-button-content\"><span>M\u00e1s informaci\u00f3n<\/span><\/div><\/a><\/div><\/div><\/div><\/div><\/div><\/div><\/div>\n<\/div>\n\n\n\n<div class=\"wp-block-column is-layout-flow wp-block-column-is-layout-flow\">\n<div style=\"height:403px\" aria-hidden=\"true\" class=\"wp-block-spacer\"><\/div>\n\n\n\n<div class=\"wp-block-flipbox-flipbox-block\"><div class=\"eb-parent-wrapper eb-parent-eb-flipbox-oiwd5 \"><div class=\"eb-flipbox-container eb-flipbox-oiwd5 eb-hover-mode\" data-id=\"eb-flipbox-oiwd5\" data-flip-type=\"flip-left\" data-flip-mode=\"hover\"><div class=\"eb-flipper flip-left\"><div class=\"eb-flipbox-front\"><div class=\"eb-flipbox-items-container\"><div class=\"eb-flipbox-icon-wrapper\"><div class=\"eb-flipbox-front-image-container\"><img decoding=\"async\" src=\"https:\/\/www.upo.es\/cinef\/wp-content\/uploads\/2021\/09\/cropped-Logo-CINEF-sin-fondo.png\" alt=\"\"\/><\/div><\/div><div class=\"eb-flipbox-front-title-wrapper\"><h3 class=\"eb-flipbox-front-title\">La perspectiva de g\u00e9nero en la Agenda 2030: El ODS 5<\/h3><\/div><\/div><\/div><div class=\"eb-flipbox-back\"><div class=\"eb-flipbox-items-container\"><div class=\"eb-flipbox-back-content-wrapper\"><p class=\"eb-flipbox-back-content\">Direcci\u00f3n acad\u00e9mica: M\u00f3nica Dom\u00ednguez Serrano\nCr\u00e9dito: 1 ECTS\nFecha prevista: Abril 2024<\/p><\/div><div class=\"eb-flipbox-button-container\"><a class=\"eb-flipbox-button-link btn-gradient blue\" href=\"https:\/\/www.upo.es\/cms1\/export\/sites\/upo\/desarrollo\/documentos\/microcredenciales\/B2024-19.pdf\" target=\"_blank\" rel=\"noopener\"><div class=\"eb-flipbox-button-content\"><span>M\u00e1s informaci\u00f3n<\/span><\/div><\/a><\/div><\/div><\/div><\/div><\/div><\/div><\/div>\n\n\n\n<div class=\"wp-block-flipbox-flipbox-block\"><div class=\"eb-parent-wrapper eb-parent-eb-flipbox-f3bwi \"><div class=\"eb-flipbox-container eb-flipbox-f3bwi eb-hover-mode\" data-id=\"eb-flipbox-f3bwi\" data-flip-type=\"flip-left\" data-flip-mode=\"hover\"><div class=\"eb-flipper flip-left\"><div class=\"eb-flipbox-front\"><div class=\"eb-flipbox-items-container\"><div class=\"eb-flipbox-icon-wrapper\"><div class=\"eb-flipbox-front-image-container\"><img decoding=\"async\" src=\"https:\/\/www.upo.es\/cinef\/wp-content\/uploads\/2021\/09\/cropped-Logo-CINEF-sin-fondo.png\" alt=\"\"\/><\/div><\/div><div class=\"eb-flipbox-front-title-wrapper\"><h3 class=\"eb-flipbox-front-title\">Taller de elaboraci\u00f3n de proyectos de investigaci\u00f3n con perspectiva de g\u00e9nero<\/h3><\/div><\/div><\/div><div class=\"eb-flipbox-back\"><div class=\"eb-flipbox-items-container\"><div class=\"eb-flipbox-back-content-wrapper\"><p class=\"eb-flipbox-back-content\">Direcci\u00f3n acad\u00e9mica: Paula Rodr\u00edguez Modro\u00f1o\nCr\u00e9dito: 2 ECTS\nFecha prevista: Febrero 2024<\/p><\/div><div class=\"eb-flipbox-button-container\"><a class=\"eb-flipbox-button-link btn-gradient blue\" href=\"https:\/\/www.upo.es\/cms1\/export\/sites\/upo\/desarrollo\/documentos\/microcredenciales\/B2024-12.pdf\" target=\"_blank\" rel=\"noopener\"><div class=\"eb-flipbox-button-content\"><span>M\u00e1s informaci\u00f3n<\/span><\/div><\/a><\/div><\/div><\/div><\/div><\/div><\/div><\/div>\n<\/div>\n<\/div>\n<\/div><\/div>\n<\/div><\/div>\n\n\n\n<div class=\"wp-block-columns is-layout-flex wp-container-core-columns-is-layout-9d6595d7 wp-block-columns-is-layout-flex\">\n<div class=\"wp-block-column is-layout-flow wp-block-column-is-layout-flow\"><\/div>\n\n\n\n<div class=\"wp-block-column is-layout-flow wp-block-column-is-layout-flow\"><\/div>\n\n\n\n<div class=\"wp-block-column is-layout-flow wp-block-column-is-layout-flow\"><\/div>\n<\/div>\n\n\n\n<p><\/p>\n","protected":false},"excerpt":{"rendered":"<p>Microcredenciales 2026 Microcredenciales 2025 Microcredenciales 2024<\/p>\n","protected":false},"author":1,"featured_media":0,"parent":0,"menu_order":0,"comment_status":"closed","ping_status":"closed","template":"","meta":{"_eb_attr":"","footnotes":""},"class_list":["post-717","page","type-page","status-publish","hentry"],"_links":{"self":[{"href":"https:\/\/www.upo.es\/cinef\/wp-json\/wp\/v2\/pages\/717","targetHints":{"allow":["GET"]}}],"collection":[{"href":"https:\/\/www.upo.es\/cinef\/wp-json\/wp\/v2\/pages"}],"about":[{"href":"https:\/\/www.upo.es\/cinef\/wp-json\/wp\/v2\/types\/page"}],"author":[{"embeddable":true,"href":"https:\/\/www.upo.es\/cinef\/wp-json\/wp\/v2\/users\/1"}],"replies":[{"embeddable":true,"href":"https:\/\/www.upo.es\/cinef\/wp-json\/wp\/v2\/comments?post=717"}],"version-history":[{"count":40,"href":"https:\/\/www.upo.es\/cinef\/wp-json\/wp\/v2\/pages\/717\/revisions"}],"predecessor-version":[{"id":1737,"href":"https:\/\/www.upo.es\/cinef\/wp-json\/wp\/v2\/pages\/717\/revisions\/1737"}],"wp:attachment":[{"href":"https:\/\/www.upo.es\/cinef\/wp-json\/wp\/v2\/media?parent=717"}],"curies":[{"name":"wp","href":"https:\/\/api.w.org\/{rel}","templated":true}]}}