{"id":759,"date":"2024-04-16T14:50:18","date_gmt":"2024-04-16T14:50:18","guid":{"rendered":"https:\/\/www.upo.es\/cinef\/?page_id=759"},"modified":"2024-04-22T14:12:18","modified_gmt":"2024-04-22T14:12:18","slug":"feria-del-libro-feminista","status":"publish","type":"page","link":"https:\/\/www.upo.es\/cinef\/feria-del-libro-feminista\/","title":{"rendered":"Feria del Libro Feminista"},"content":{"rendered":"<p><img fetchpriority=\"high\" decoding=\"async\" class=\"wp-image-771 size-medium alignleft\" src=\"https:\/\/www.upo.es\/cinef\/wp-content\/uploads\/2024\/04\/172ae366-3b2e-452e-a3b3-0436e4b5cced-212x300.jpeg\" alt=\"\" width=\"212\" height=\"300\" srcset=\"https:\/\/www.upo.es\/cinef\/wp-content\/uploads\/2024\/04\/172ae366-3b2e-452e-a3b3-0436e4b5cced-212x300.jpeg 212w, https:\/\/www.upo.es\/cinef\/wp-content\/uploads\/2024\/04\/172ae366-3b2e-452e-a3b3-0436e4b5cced.jpeg 424w\" sizes=\"(max-width: 212px) 100vw, 212px\" \/><\/p>\n<p style=\"text-align: center;\"><strong>II FERIA DEL LIBRO FEMINISTA DE SEVILLA<\/strong><\/p>\n<p>El \u00c1rea de Igualdad y Recursos Humanos del Ayuntamiento de Sevilla, a trav\u00e9s de la Direcci\u00f3n General de Igualdad y el Servicio de la Mujer,, y la editorial &#8220;La Giganta Digital&#8221; organizaron la II FERIA DEL LIBRO FEMINISTA DE SEVILLA (F.L.F.S.) el pasado 3 y 4 de marzo de 2023. Dicho encuentro se realiz\u00f3 en conmemoraci\u00f3n del 8 de marzo, D\u00eda Internacional de las Mujeres, con el objetivo de <a href=\"https:\/\/www.sevilla.org\/servicios\/mujer-igualdad\/campanas-de-sensibilizacion\/8-marzo\/8-marzo-2023\/ii-feria-del-libro-feminista-2023\">generar redes y visibilizar a autoras, editoriales y librer\u00edas locales y\/o nacionales<\/a>.<\/p>\n<p>Las actividades celebradas han estado dirigidas <a href=\"_wp_link_placeholder\" data-wplink-edit=\"true\">a sensibilizar, concienciar y visibilizar los valores igualitarios para el conjunto de la Ciudad de Sevilla<\/a>.<\/p>\n<p>En esta ocasi\u00f3n, el Centro Interdisciplinar de Estudios Feministas, de las Mujeres y de G\u00e9nero (CINEF) ha contado con un stand en dicho para informar sobre sus actividades y contribuciones acad\u00e9micas y cient\u00edficas.\u00a0<\/p>\n<hr \/>\n<h6 class=\"mceTemp\">\u00a0<\/h6>\n\n<p><img decoding=\"async\" class=\"wp-image-760 size-medium alignleft\" src=\"https:\/\/www.upo.es\/cinef\/wp-content\/uploads\/2024\/04\/i-feria-feminista-269x300.jpg\" alt=\"\" width=\"269\" height=\"300\" srcset=\"https:\/\/www.upo.es\/cinef\/wp-content\/uploads\/2024\/04\/i-feria-feminista-269x300.jpg 269w, https:\/\/www.upo.es\/cinef\/wp-content\/uploads\/2024\/04\/i-feria-feminista-918x1024.jpg 918w, https:\/\/www.upo.es\/cinef\/wp-content\/uploads\/2024\/04\/i-feria-feminista-768x857.jpg 768w, https:\/\/www.upo.es\/cinef\/wp-content\/uploads\/2024\/04\/i-feria-feminista.jpg 1080w\" sizes=\"(max-width: 269px) 100vw, 269px\" \/><\/p>\n<p style=\"text-align: center;\"><strong>I FERIA DEL LIBRO FEMINISTA DE SEVILLA<\/strong><\/p>\n<p>El \u00c1rea de Igualdad, Participaci\u00f3n Ciudadana y Coordinaci\u00f3n de Distritos del Ayuntamiento de Sevilla, a trav\u00e9s de la Direcci\u00f3n General de Igualdad y el Servicio de la Mujer, y la editorial &#8220;La Giganta Digital&#8221; organizaron la I FERIA DEL LIBRO FEMINISTA DE SEVILLA (F.L.F.S.) el pasado 12 de marzo de 2022. Dicho encuentro se realiz\u00f3 en conmemoraci\u00f3n del 8 de marzo, D\u00eda Internacional de las Mujeres, con el objetivo de <a href=\"https:\/\/www.sevilla.org\/servicios\/mujer-igualdad\/campanas-de-sensibilizacion\/8-marzo\/8-marzo-2022\/12-marzo-i-feria-del-libro-feminista-de-sevilla\">generar redes y visibilizar a autoras, editoriales y librer\u00edas locales y\/o nacionales<\/a>.<\/p>\n<p>El Centro Interdisciplinar de Estudios Feministas, de las Mujeres y de G\u00e9nero (CINEF) tuvo el gusto de participar en esta primera edici\u00f3n, con la charla divulgativa &#8220;Mujeres en busca de remedio. An\u00e1lisis de g\u00e9nero en la emigraci\u00f3n a Am\u00e9rica&#8221;, a cargo de Amelia Almorza Hidalgo, profesora de la Universidad Pablo de Olavide, en el \u00c1rea de Historia e Instituciones Econ\u00f3micas.<\/p>\n<h6 class=\"mceTemp\">\u00a0<\/h6>\n\n\n<p><\/p>\n","protected":false},"excerpt":{"rendered":"<p>II FERIA DEL LIBRO FEMINISTA DE SEVILLA El \u00c1rea de Igualdad y Recursos Humanos del Ayuntamiento de Sevilla, a trav\u00e9s de la Direcci\u00f3n General de Igualdad y el Servicio de la Mujer,, y la editorial &#8220;La Giganta Digital&#8221; organizaron la II FERIA DEL LIBRO FEMINISTA DE SEVILLA (F.L.F.S.) el pasado 3 y 4 de marzo de 2023. Dicho encuentro se [&hellip;]<\/p>\n","protected":false},"author":1,"featured_media":0,"parent":0,"menu_order":0,"comment_status":"closed","ping_status":"closed","template":"","meta":{"_eb_attr":"","footnotes":""},"class_list":["post-759","page","type-page","status-publish","hentry"],"_links":{"self":[{"href":"https:\/\/www.upo.es\/cinef\/wp-json\/wp\/v2\/pages\/759","targetHints":{"allow":["GET"]}}],"collection":[{"href":"https:\/\/www.upo.es\/cinef\/wp-json\/wp\/v2\/pages"}],"about":[{"href":"https:\/\/www.upo.es\/cinef\/wp-json\/wp\/v2\/types\/page"}],"author":[{"embeddable":true,"href":"https:\/\/www.upo.es\/cinef\/wp-json\/wp\/v2\/users\/1"}],"replies":[{"embeddable":true,"href":"https:\/\/www.upo.es\/cinef\/wp-json\/wp\/v2\/comments?post=759"}],"version-history":[{"count":11,"href":"https:\/\/www.upo.es\/cinef\/wp-json\/wp\/v2\/pages\/759\/revisions"}],"predecessor-version":[{"id":795,"href":"https:\/\/www.upo.es\/cinef\/wp-json\/wp\/v2\/pages\/759\/revisions\/795"}],"wp:attachment":[{"href":"https:\/\/www.upo.es\/cinef\/wp-json\/wp\/v2\/media?parent=759"}],"curies":[{"name":"wp","href":"https:\/\/api.w.org\/{rel}","templated":true}]}}