{"id":4225,"date":"2020-12-02T12:16:39","date_gmt":"2020-12-02T11:16:39","guid":{"rendered":"https:\/\/www.upo.es\/facultad-ciencias-sociales\/es\/fcslab\/formacion-2\/"},"modified":"2025-07-01T17:29:21","modified_gmt":"2025-07-01T15:29:21","slug":"entidades-colaboradoras-proyectos","status":"publish","type":"page","link":"https:\/\/www.upo.es\/facultad-ciencias-sociales\/es\/fcslab\/entidades-colaboradoras-proyectos\/","title":{"rendered":"Entidades Colaboradoras \/ Proyectos"},"content":{"rendered":"\t\t<div data-elementor-type=\"wp-page\" data-elementor-id=\"4225\" class=\"elementor elementor-4225\">\n\t\t\t\t\t\t<section class=\"elementor-section elementor-top-section elementor-element elementor-element-441e3f9 elementor-section-height-min-height elementor-section-stretched elementor-section-boxed elementor-section-height-default elementor-section-items-middle\" data-id=\"441e3f9\" data-element_type=\"section\" data-settings=\"{&quot;background_background&quot;:&quot;slideshow&quot;,&quot;background_slideshow_gallery&quot;:[{&quot;id&quot;:390,&quot;url&quot;:&quot;https:\\\/\\\/www.upo.es\\\/facultad-ciencias-sociales\\\/es\\\/fcslab\\\/wp-content\\\/uploads\\\/FCSLab-Sala-ordenadores.jpg&quot;},{&quot;id&quot;:391,&quot;url&quot;:&quot;https:\\\/\\\/www.upo.es\\\/facultad-ciencias-sociales\\\/es\\\/fcslab\\\/wp-content\\\/uploads\\\/FCSLab-Sala.jpg&quot;},{&quot;id&quot;:396,&quot;url&quot;:&quot;https:\\\/\\\/www.upo.es\\\/facultad-ciencias-sociales\\\/es\\\/fcslab\\\/wp-content\\\/uploads\\\/Universidad-Pablo-de-Olavide.jpg&quot;},{&quot;id&quot;:395,&quot;url&quot;:&quot;https:\\\/\\\/www.upo.es\\\/facultad-ciencias-sociales\\\/es\\\/fcslab\\\/wp-content\\\/uploads\\\/Campus-Universidad-Pablo-de-Olavide.jpg&quot;}],&quot;shape_divider_bottom&quot;:&quot;mountains&quot;,&quot;stretch_section&quot;:&quot;section-stretched&quot;,&quot;background_slideshow_loop&quot;:&quot;yes&quot;,&quot;background_slideshow_slide_duration&quot;:5000,&quot;background_slideshow_slide_transition&quot;:&quot;fade&quot;,&quot;background_slideshow_transition_duration&quot;:500}\">\n\t\t\t\t\t\t\t<div class=\"elementor-background-overlay\"><\/div>\n\t\t\t\t\t\t<div class=\"elementor-shape elementor-shape-bottom\" aria-hidden=\"true\" data-negative=\"false\">\n\t\t\t<svg xmlns=\"http:\/\/www.w3.org\/2000\/svg\" viewBox=\"0 0 1000 100\" preserveAspectRatio=\"none\">\n\t<path class=\"elementor-shape-fill\" opacity=\"0.33\" d=\"M473,67.3c-203.9,88.3-263.1-34-320.3,0C66,119.1,0,59.7,0,59.7V0h1000v59.7 c0,0-62.1,26.1-94.9,29.3c-32.8,3.3-62.8-12.3-75.8-22.1C806,49.6,745.3,8.7,694.9,4.7S492.4,59,473,67.3z\"\/>\n\t<path class=\"elementor-shape-fill\" opacity=\"0.66\" d=\"M734,67.3c-45.5,0-77.2-23.2-129.1-39.1c-28.6-8.7-150.3-10.1-254,39.1 s-91.7-34.4-149.2,0C115.7,118.3,0,39.8,0,39.8V0h1000v36.5c0,0-28.2-18.5-92.1-18.5C810.2,18.1,775.7,67.3,734,67.3z\"\/>\n\t<path class=\"elementor-shape-fill\" d=\"M766.1,28.9c-200-57.5-266,65.5-395.1,19.5C242,1.8,242,5.4,184.8,20.6C128,35.8,132.3,44.9,89.9,52.5C28.6,63.7,0,0,0,0 h1000c0,0-9.9,40.9-83.6,48.1S829.6,47,766.1,28.9z\"\/>\n<\/svg>\t\t<\/div>\n\t\t\t\t\t<div class=\"elementor-container elementor-column-gap-default\">\n\t\t\t\t\t<div class=\"elementor-column elementor-col-100 elementor-top-column elementor-element elementor-element-0633b58\" data-id=\"0633b58\" data-element_type=\"column\">\n\t\t\t<div class=\"elementor-widget-wrap elementor-element-populated\">\n\t\t\t\t\t\t<div class=\"elementor-element elementor-element-76662ec elementor-widget elementor-widget-heading\" data-id=\"76662ec\" data-element_type=\"widget\" data-widget_type=\"heading.default\">\n\t\t\t\t<div class=\"elementor-widget-container\">\n\t\t\t\t\t<h2 class=\"elementor-heading-title elementor-size-default\">Entidades Colaboradoras \/ Proyectos<\/h2>\t\t\t\t<\/div>\n\t\t\t\t<\/div>\n\t\t\t\t\t<\/div>\n\t\t<\/div>\n\t\t\t\t\t<\/div>\n\t\t<\/section>\n\t\t\t\t<section class=\"elementor-section elementor-top-section elementor-element elementor-element-98fcc19 elementor-section-boxed elementor-section-height-default elementor-section-height-default\" data-id=\"98fcc19\" data-element_type=\"section\" data-settings=\"{&quot;background_background&quot;:&quot;classic&quot;}\">\n\t\t\t\t\t\t<div class=\"elementor-container elementor-column-gap-default\">\n\t\t\t\t\t<div class=\"elementor-column elementor-col-100 elementor-top-column elementor-element elementor-element-ba1ba32\" data-id=\"ba1ba32\" data-element_type=\"column\">\n\t\t\t<div class=\"elementor-widget-wrap elementor-element-populated\">\n\t\t\t\t\t\t<div class=\"elementor-element elementor-element-421c145 elementor-widget elementor-widget-heading\" data-id=\"421c145\" data-element_type=\"widget\" data-widget_type=\"heading.default\">\n\t\t\t\t<div class=\"elementor-widget-container\">\n\t\t\t\t\t<h2 class=\"elementor-heading-title elementor-size-default\">Proyectos e iniciativas del FCSLab<\/h2>\t\t\t\t<\/div>\n\t\t\t\t<\/div>\n\t\t\t\t\t<\/div>\n\t\t<\/div>\n\t\t\t\t\t<\/div>\n\t\t<\/section>\n\t\t\t\t<section class=\"elementor-section elementor-top-section elementor-element elementor-element-021289a elementor-section-boxed elementor-section-height-default elementor-section-height-default\" data-id=\"021289a\" data-element_type=\"section\">\n\t\t\t\t\t\t<div class=\"elementor-container elementor-column-gap-default\">\n\t\t\t\t\t<div class=\"elementor-column elementor-col-100 elementor-top-column elementor-element elementor-element-6adaf58\" data-id=\"6adaf58\" data-element_type=\"column\">\n\t\t\t<div class=\"elementor-widget-wrap elementor-element-populated\">\n\t\t\t\t\t\t<div class=\"elementor-element elementor-element-7dc2b84 elementor-widget elementor-widget-text-editor\" data-id=\"7dc2b84\" data-element_type=\"widget\" data-widget_type=\"text-editor.default\">\n\t\t\t\t<div class=\"elementor-widget-container\">\n\t\t\t\t\t\t\t\t\t<p>El Laboratorio de la Facultad de Ciencias Sociales como nodo de innovaci\u00f3n docente.&nbsp;<span style=\"color: var( --e-global-color-text );\">FCSLab ( I+D+i): Investiga, Desarrolla e innova. <\/span><em style=\"color: var( --e-global-color-text );\"><b>Investiga.<\/b> <\/em><span style=\"color: var( --e-global-color-text );\">Somos un Laboratorio universitario donde es fundamental apoyar e impulsar el aprendizaje para la Investigaci\u00f3n, la propia de las Ciencias Sociales, con su m\u00e9todo \u2013el cient\u00edfico- y sus t\u00e9cnicas espec\u00edficas, intentando avanzar en instrumentos que aporten valor a\u00f1adido. <\/span><em style=\"color: var( --e-global-color-text );\"><b>Desarrolla.<\/b><\/em><span style=\"color: var( --e-global-color-text );\"> Somos un Laboratorio con una vocaci\u00f3n social, y entendemos el desarrollo como la traslaci\u00f3n aplicada de lo investigado en un sentido transformador;<b> <\/b><\/span><em style=\"color: var( --e-global-color-text );\"><b>Innova.<\/b><\/em><span style=\"color: var( --e-global-color-text );\"> Persuadidos por la conveniencia de innovar no en un sentido ritual sino sustantivo \u2013innovaci\u00f3n para la mejora de los aprendizajes, de los instrumentos, de las t\u00e9cnicas-, convencidos\/as de que la innovaci\u00f3n debe reportar valor social. Lo que nos interesa es dar soluciones y respuestas en entornos sociales y educativos, en continuo cambio. Es por ello el FCSLab&nbsp; colabora y se implica en proyectos sociales que reportaremos aqu\u00ed.<\/span><\/p>\t\t\t\t\t\t\t\t<\/div>\n\t\t\t\t<\/div>\n\t\t\t\t\t<\/div>\n\t\t<\/div>\n\t\t\t\t\t<\/div>\n\t\t<\/section>\n\t\t\t\t<section class=\"elementor-section elementor-top-section elementor-element elementor-element-7ac8037 elementor-section-boxed elementor-section-height-default elementor-section-height-default\" data-id=\"7ac8037\" data-element_type=\"section\" data-settings=\"{&quot;background_background&quot;:&quot;classic&quot;}\">\n\t\t\t\t\t\t<div class=\"elementor-container elementor-column-gap-default\">\n\t\t\t\t\t<div class=\"elementor-column elementor-col-100 elementor-top-column elementor-element elementor-element-63c8759\" data-id=\"63c8759\" data-element_type=\"column\">\n\t\t\t<div class=\"elementor-widget-wrap elementor-element-populated\">\n\t\t\t\t\t\t<div class=\"elementor-element elementor-element-4f7d72a elementor-widget elementor-widget-heading\" data-id=\"4f7d72a\" data-element_type=\"widget\" data-widget_type=\"heading.default\">\n\t\t\t\t<div class=\"elementor-widget-container\">\n\t\t\t\t\t<h3 class=\"elementor-heading-title elementor-size-default\"><a id=\"cs-transcribe\"><\/a>CS-transcribe: Investigaci\u00f3n de Necesidades y Desarrollo de una Herramienta Digital de Transcripci\u00f3n para las Ciencias Sociales<\/h3>\t\t\t\t<\/div>\n\t\t\t\t<\/div>\n\t\t\t\t\t<\/div>\n\t\t<\/div>\n\t\t\t\t\t<\/div>\n\t\t<\/section>\n\t\t\t\t<section class=\"elementor-section elementor-top-section elementor-element elementor-element-0b533bb elementor-section-stretched elementor-section-boxed elementor-section-height-default elementor-section-height-default\" data-id=\"0b533bb\" data-element_type=\"section\" data-settings=\"{&quot;stretch_section&quot;:&quot;section-stretched&quot;}\">\n\t\t\t\t\t\t<div class=\"elementor-container elementor-column-gap-default\">\n\t\t\t\t\t<div class=\"elementor-column elementor-col-100 elementor-top-column elementor-element elementor-element-81811da\" data-id=\"81811da\" data-element_type=\"column\">\n\t\t\t<div class=\"elementor-widget-wrap elementor-element-populated\">\n\t\t\t\t\t\t<div class=\"elementor-element elementor-element-be347e9 elementor-widget elementor-widget-spacer\" data-id=\"be347e9\" data-element_type=\"widget\" data-widget_type=\"spacer.default\">\n\t\t\t\t<div class=\"elementor-widget-container\">\n\t\t\t\t\t\t\t<div class=\"elementor-spacer\">\n\t\t\t<div class=\"elementor-spacer-inner\"><\/div>\n\t\t<\/div>\n\t\t\t\t\t\t<\/div>\n\t\t\t\t<\/div>\n\t\t\t\t\t<\/div>\n\t\t<\/div>\n\t\t\t\t\t<\/div>\n\t\t<\/section>\n\t\t\t\t<section class=\"elementor-section elementor-top-section elementor-element elementor-element-8982e21 elementor-section-stretched elementor-section-boxed elementor-section-height-default elementor-section-height-default\" data-id=\"8982e21\" data-element_type=\"section\" data-settings=\"{&quot;stretch_section&quot;:&quot;section-stretched&quot;}\">\n\t\t\t\t\t\t<div class=\"elementor-container elementor-column-gap-default\">\n\t\t\t\t\t<div class=\"elementor-column elementor-col-100 elementor-top-column elementor-element elementor-element-e35d7b4\" data-id=\"e35d7b4\" data-element_type=\"column\">\n\t\t\t<div class=\"elementor-widget-wrap elementor-element-populated\">\n\t\t\t\t\t\t<section class=\"elementor-section elementor-inner-section elementor-element elementor-element-15e4b66 elementor-section-boxed elementor-section-height-default elementor-section-height-default\" data-id=\"15e4b66\" data-element_type=\"section\">\n\t\t\t\t\t\t<div class=\"elementor-container elementor-column-gap-default\">\n\t\t\t\t\t<div class=\"elementor-column elementor-col-100 elementor-inner-column elementor-element elementor-element-2c321ad\" data-id=\"2c321ad\" data-element_type=\"column\">\n\t\t\t<div class=\"elementor-widget-wrap elementor-element-populated\">\n\t\t\t\t\t\t<div class=\"elementor-element elementor-element-ba17270 elementor-widget__width-initial elementor-widget elementor-widget-text-editor\" data-id=\"ba17270\" data-element_type=\"widget\" data-widget_type=\"text-editor.default\">\n\t\t\t\t<div class=\"elementor-widget-container\">\n\t\t\t\t\t\t\t\t\t<h3><span style=\"font-size: 19px;\">El 19 de diciembre de 2022 fue concedida financiaci\u00f3n para el proyecto \u201c<strong>CS-Transcribe, Investigaci\u00f3n de Necesidades y Desarrollo de una Herramienta Digital de Transcripci\u00f3n para las Ciencias Sociales<\/strong>\u201d, cuyos investigadores principales son <strong>Juan Miguel G\u00f3mez Espino<\/strong> y <strong>Carles X. Sim\u00f3-Noguera<\/strong>, responsables del <a href=\"https:\/\/www.upo.es\/facultad-ciencias-sociales\/es\/fcslab\/\" target=\"_blank\" rel=\"noopener\"><strong>FCSLab<\/strong><\/a> y del <strong><a href=\"https:\/\/www.uv.es\/uvweb\/socials\/es\/social-lab\/social-lab-1286001600167.html\" target=\"_blank\" rel=\"noopener\">Social\u00b7Lab<\/a><\/strong> (laboratorio hom\u00f3logo de la Universitat de Val\u00e8ncia), a trav\u00e9s de la convocatoria de \u201cProyectos Estrat\u00e9gicos Orientados a la Transici\u00f3n Ecol\u00f3gica y a la Transici\u00f3n Digital\u201d de la <strong><a href=\"https:\/\/www.aei.gob.es\/\" target=\"_blank\" rel=\"noopener\">Agencia Estatal de Investigaci\u00f3n (AEI)<\/a><\/strong>.<\/span><\/h3><p>El proyecto est\u00e1 desarrollando una <strong>herramienta software de transcripci\u00f3n automatizada, incorporando sistemas de inteligencia artificial (IA)<\/strong> en el proceso de transcripci\u00f3n (speech-to-text), cuya interfaz y funcionalidades se adapten a las necesidades propias de la investigaci\u00f3n social. La transcripci\u00f3n es un paso indispensable para que el material generado con t\u00e9cnicas conversacionales (entrevistas, grupos focales) pueda analizarse. Es por tanto un proceso central a la investigaci\u00f3n social. La herramienta que genere el proyecto permitir\u00e1 realizarlo de forma m\u00e1s eficiente en tiempo y recursos, sin renunciar a los est\u00e1ndares de calidad cient\u00edfica acostumbrados en los procesos tradicionales de transcripci\u00f3n manual. Ser\u00e1, en ese sentido, un recurso estrat\u00e9gico para la comunidad de cient\u00edficas y cient\u00edficos sociales.<\/p><p>As\u00ed, a trav\u00e9s de este este proyecto, por un lado, se pretende <strong>identificar los requisitos funcionales de una herramienta adecuada a las necesidades del proceso de \u201ctranscripci\u00f3n para la investigaci\u00f3n social\u201d (TIS)<\/strong>, as\u00ed como indagar, desde la perspectiva de las personas usuarias de la transcripci\u00f3n y de las investigadoras\/es sociales, en las oportunidades que ofrece la digitalizaci\u00f3n del proceso de TIS. Para ello se emprender\u00e1 una estrategia investigadora basada en la introducci\u00f3n de t\u00e9cnicas de entrevistas individuales con investigadores, grupos triangulares con profesionales y otros usuarios de la transcripci\u00f3n, y grupos nominales. Por otro lado, se pretende el dise\u00f1o y desarrollo de una \u00abHerramienta digital de ayuda a la transcripci\u00f3n para las ciencias sociales\u201d (HT-CS) como producto espec\u00edfico de este proyecto que servir\u00e1 para la optimizaci\u00f3n del proceso de TIS, a partir de sistemas de reconocimiento de voz (ARS) en una interfaz adaptada espec\u00edficamente a las necesidades de TIS, as\u00ed como para facilitar, en la fase siguiente, la investigaci\u00f3n en la detecci\u00f3n autom\u00e1tica de elementos o situaciones extra(o para)ling\u00fc\u00edstica, con relevancia para el an\u00e1lisis en la investigaci\u00f3n social, y sobre las que existe un notable d\u00e9ficit por parte de las aplicaciones existentes.<\/p><p>En una fase posterior de investigaci\u00f3n, que denominamos \u201cexploraci\u00f3n-IA\u201d, se emplear\u00e1n sistemas de \u201cdeep neural network\u201d (DNN) o \u201cDeep learning\u201d. Se prev\u00e9 que la interfaz, en el producto final, maximice la experiencia de usuario a trav\u00e9s de una herramienta que garantice su usabilidad, agilidad, flexibilidad y adaptabilidad. Adicionalmente, <strong>esta herramienta debe facilitar en todo caso el proceso de revisi\u00f3n de la transcripci\u00f3n autom\u00e1tica<\/strong>, para la correcci\u00f3n de errores y para a\u00f1adir (excepto cuando el sistema pueda efectuarlo autom\u00e1ticamente) marcas u observaciones (que incluyan elementos paraling\u00fc\u00edsticos, suprasegmentales &#8211; entonaci\u00f3n, ritmo-, contextuales -lo que ocurre durante la grabaci\u00f3n- o ret\u00f3ricos -v.gr. iron\u00eda), siempre a trav\u00e9s de \u201cexperiencias de usuario\u201d que maximicen\u00a0 la eficiencia en el proceso.<\/p><p><strong>Dotaci\u00f3n del proyecto: 113.160 euros.<\/strong><\/p><p><strong>Duraci\u00f3n: 2 a\u00f1os<\/strong> (desde 1 de diciembre de 2022 a 30 de noviembre de 2024).<\/p><h2><strong>A continuaci\u00f3n os dejamos el v\u00eddeo de la Jornada Final<\/strong><\/h2>\t\t\t\t\t\t\t\t<\/div>\n\t\t\t\t<\/div>\n\t\t\t\t<div class=\"elementor-element elementor-element-c054508 elementor-widget elementor-widget-video\" data-id=\"c054508\" data-element_type=\"widget\" data-settings=\"{&quot;youtube_url&quot;:&quot;https:\\\/\\\/www.youtube.com\\\/watch?v=XyF4TWp7Khc&quot;,&quot;cc_load_policy&quot;:&quot;yes&quot;,&quot;lazy_load&quot;:&quot;yes&quot;,&quot;video_type&quot;:&quot;youtube&quot;,&quot;controls&quot;:&quot;yes&quot;}\" data-widget_type=\"video.default\">\n\t\t\t\t<div class=\"elementor-widget-container\">\n\t\t\t\t\t\t\t<div class=\"elementor-wrapper elementor-open-inline\">\n\t\t\t<div class=\"elementor-video\"><\/div>\t\t<\/div>\n\t\t\t\t\t\t<\/div>\n\t\t\t\t<\/div>\n\t\t\t\t\t<\/div>\n\t\t<\/div>\n\t\t\t\t\t<\/div>\n\t\t<\/section>\n\t\t\t\t<div class=\"elementor-element elementor-element-3b2e827 elementor-widget elementor-widget-spacer\" data-id=\"3b2e827\" data-element_type=\"widget\" data-widget_type=\"spacer.default\">\n\t\t\t\t<div class=\"elementor-widget-container\">\n\t\t\t\t\t\t\t<div class=\"elementor-spacer\">\n\t\t\t<div class=\"elementor-spacer-inner\"><\/div>\n\t\t<\/div>\n\t\t\t\t\t\t<\/div>\n\t\t\t\t<\/div>\n\t\t\t\t\t<\/div>\n\t\t<\/div>\n\t\t\t\t\t<\/div>\n\t\t<\/section>\n\t\t\t\t<section class=\"elementor-section elementor-top-section elementor-element elementor-element-3eb666b elementor-section-boxed elementor-section-height-default elementor-section-height-default\" data-id=\"3eb666b\" data-element_type=\"section\" data-settings=\"{&quot;background_background&quot;:&quot;classic&quot;}\">\n\t\t\t\t\t\t<div class=\"elementor-container elementor-column-gap-default\">\n\t\t\t\t\t<div class=\"elementor-column elementor-col-100 elementor-top-column elementor-element elementor-element-e4ebc75\" data-id=\"e4ebc75\" data-element_type=\"column\">\n\t\t\t<div class=\"elementor-widget-wrap elementor-element-populated\">\n\t\t\t\t\t\t<div class=\"elementor-element elementor-element-434ed13 elementor-widget elementor-widget-heading\" data-id=\"434ed13\" data-element_type=\"widget\" data-widget_type=\"heading.default\">\n\t\t\t\t<div class=\"elementor-widget-container\">\n\t\t\t\t\t<h3 class=\"elementor-heading-title elementor-size-default\"><a id=\"viw\"><\/a>VIW \u2013 Voices of Immigrant Woman<\/h3>\t\t\t\t<\/div>\n\t\t\t\t<\/div>\n\t\t\t\t\t<\/div>\n\t\t<\/div>\n\t\t\t\t\t<\/div>\n\t\t<\/section>\n\t\t\t\t<section class=\"elementor-section elementor-top-section elementor-element elementor-element-5cb8bcf elementor-section-stretched elementor-section-boxed elementor-section-height-default elementor-section-height-default\" data-id=\"5cb8bcf\" data-element_type=\"section\" data-settings=\"{&quot;stretch_section&quot;:&quot;section-stretched&quot;}\">\n\t\t\t\t\t\t<div class=\"elementor-container elementor-column-gap-default\">\n\t\t\t\t\t<div class=\"elementor-column elementor-col-100 elementor-top-column elementor-element elementor-element-6c09af8\" data-id=\"6c09af8\" data-element_type=\"column\">\n\t\t\t<div class=\"elementor-widget-wrap elementor-element-populated\">\n\t\t\t\t\t\t<div class=\"elementor-element elementor-element-4a3e53a elementor-widget elementor-widget-image\" data-id=\"4a3e53a\" data-element_type=\"widget\" data-widget_type=\"image.default\">\n\t\t\t\t<div class=\"elementor-widget-container\">\n\t\t\t\t\t\t\t\t\t\t\t\t\t\t\t<img decoding=\"async\" width=\"300\" height=\"131\" src=\"https:\/\/www.upo.es\/facultad-ciencias-sociales\/es\/fcslab\/wp-content\/uploads\/imagen-300x131.png\" class=\"attachment-medium size-medium wp-image-4242\" alt=\"\" srcset=\"https:\/\/www.upo.es\/facultad-ciencias-sociales\/es\/fcslab\/wp-content\/uploads\/imagen-300x131.png 300w, https:\/\/www.upo.es\/facultad-ciencias-sociales\/es\/fcslab\/wp-content\/uploads\/imagen.png 325w\" sizes=\"100vw\" \/>\t\t\t\t\t\t\t\t\t\t\t\t\t\t\t<\/div>\n\t\t\t\t<\/div>\n\t\t\t\t<section class=\"elementor-section elementor-inner-section elementor-element elementor-element-733b8ee elementor-section-boxed elementor-section-height-default elementor-section-height-default\" data-id=\"733b8ee\" data-element_type=\"section\">\n\t\t\t\t\t\t<div class=\"elementor-container elementor-column-gap-default\">\n\t\t\t\t\t<div class=\"elementor-column elementor-col-50 elementor-inner-column elementor-element elementor-element-e258e1b\" data-id=\"e258e1b\" data-element_type=\"column\">\n\t\t\t<div class=\"elementor-widget-wrap elementor-element-populated\">\n\t\t\t\t\t\t<div class=\"elementor-element elementor-element-c58998a elementor-widget elementor-widget-text-editor\" data-id=\"c58998a\" data-element_type=\"widget\" data-widget_type=\"text-editor.default\">\n\t\t\t\t<div class=\"elementor-widget-container\">\n\t\t\t\t\t\t\t\t\t<p><span style=\"font-size: 18px;\">El proyecto &#8216;<strong>Voices of Immigrant Women&#8217; (VIW)<\/strong>\u00a0(2020-1-ES01-KA203-082364) cofinanciado por el programa Erasmus+ de la Uni\u00f3n Europea, en la tipolog\u00eda de proyectos de Asociaciones Estrat\u00e9gicas en el sector de Educaci\u00f3n Superior (KA203) est\u00e1 coordinado por la Universidad Pablo de Olavide. El consorcio est\u00e1 integrado por ocho instituciones de seis pa\u00edses diferentes: Italia, Francia, Grecia, Portugal, Espa\u00f1a y Eslovenia.<\/span><\/p><p><strong>VIW tiene como finalidad contribuir a la construcci\u00f3n de un sistema de educaci\u00f3n superior m\u00e1s inclusivo que aborde el importante desaf\u00edo social que representan las migraciones<\/strong> y, m\u00e1s espec\u00edficamente, los flujos migratorios de mujeres en el contexto europeo actual.<\/p><p>El proyecto pretende dotar al alumnado universitario (futuros\/as profesionales), personal investigador, profesorado de Educaci\u00f3n Superior y profesionales que trabajan en el \u00e1mbito, de una profunda conciencia de la interconexi\u00f3n entre g\u00e9nero, migraci\u00f3n e integraci\u00f3n.<\/p><p>Convocatoria: Erasmus+ KA203 2020, Asociaci\u00f3n Estrat\u00e9gica en Educaci\u00f3n Superior<\/p><p>Laboratorio de la Facultad de Ciencias Sociales: Entidad colaboradora del proyecto como miembro asociado.<\/p><p>Fecha de inicio: 01.10.2020<\/p><p>Fecha de finalizaci\u00f3n: 30.09.2022<\/p>\t\t\t\t\t\t\t\t<\/div>\n\t\t\t\t<\/div>\n\t\t\t\t<div class=\"elementor-element elementor-element-f8ec60c elementor-widget elementor-widget-button\" data-id=\"f8ec60c\" data-element_type=\"widget\" data-widget_type=\"button.default\">\n\t\t\t\t<div class=\"elementor-widget-container\">\n\t\t\t\t\t\t\t\t\t<div class=\"elementor-button-wrapper\">\n\t\t\t\t\t<a class=\"elementor-button elementor-button-link elementor-size-sm\" href=\"https:\/\/viw.pixel-online.org\/\" target=\"_blank\">\n\t\t\t\t\t\t<span class=\"elementor-button-content-wrapper\">\n\t\t\t\t\t\t\t\t\t<span class=\"elementor-button-text\">Web del proyecto VIW<\/span>\n\t\t\t\t\t<\/span>\n\t\t\t\t\t<\/a>\n\t\t\t\t<\/div>\n\t\t\t\t\t\t\t\t<\/div>\n\t\t\t\t<\/div>\n\t\t\t\t\t<\/div>\n\t\t<\/div>\n\t\t\t\t<div class=\"elementor-column elementor-col-50 elementor-inner-column elementor-element elementor-element-972ef76\" data-id=\"972ef76\" data-element_type=\"column\">\n\t\t\t<div class=\"elementor-widget-wrap elementor-element-populated\">\n\t\t\t\t\t\t<div class=\"elementor-element elementor-element-dc77d51 elementor-widget elementor-widget-text-editor\" data-id=\"dc77d51\" data-element_type=\"widget\" data-widget_type=\"text-editor.default\">\n\t\t\t\t<div class=\"elementor-widget-container\">\n\t\t\t\t\t\t\t\t\t<p><span style=\"font-size: 18px;\">The project\u00a0<strong>&#8216;Voices of Immigrant Women&#8217;<\/strong>\u00a0(VIW) (2020-1-ES01-KA203-082364) co-funded by the Erasmus+ program of the European Union, in the typology of Strategic Partnerships in the Higher Education sector (KA203) is coordinated by the Universidad Pablo de Olavide. The consortium is composed of eight institutions from six different countries: Italy, France, Greece, Portugal, Spain and Slovenia.<\/span><\/p><p><strong>VIW aims to contribute to building a more inclusive higher education system that addresses the important social challenge of migration<\/strong> and, more specifically, the migratory flows of women in the current European context.<\/p><p>The project aims to provide university students (future professionals), research staff, Higher Education teachers and professionals working in the field, with a deep awareness of the interconnection between gender, migration and integration.<\/p><p>Call for proposals: Erasmus+ KA203 2020, Strategic Partnership in Higher Education.<\/p><p>Laboratory of the Faculty of Social Sciences: Collaborating entity of the project as an associate member.<\/p><p>Start date: 01.10.2020<\/p><p>End date: 30.09.2022<\/p>\t\t\t\t\t\t\t\t<\/div>\n\t\t\t\t<\/div>\n\t\t\t\t<div class=\"elementor-element elementor-element-ece818c elementor-widget elementor-widget-button\" data-id=\"ece818c\" data-element_type=\"widget\" data-widget_type=\"button.default\">\n\t\t\t\t<div class=\"elementor-widget-container\">\n\t\t\t\t\t\t\t\t\t<div class=\"elementor-button-wrapper\">\n\t\t\t\t\t<a class=\"elementor-button elementor-button-link elementor-size-sm\" href=\"https:\/\/viw.pixel-online.org\/\" target=\"_blank\">\n\t\t\t\t\t\t<span class=\"elementor-button-content-wrapper\">\n\t\t\t\t\t\t\t\t\t<span class=\"elementor-button-text\">VIW Project Web<\/span>\n\t\t\t\t\t<\/span>\n\t\t\t\t\t<\/a>\n\t\t\t\t<\/div>\n\t\t\t\t\t\t\t\t<\/div>\n\t\t\t\t<\/div>\n\t\t\t\t\t<\/div>\n\t\t<\/div>\n\t\t\t\t\t<\/div>\n\t\t<\/section>\n\t\t\t\t<div class=\"elementor-element elementor-element-13320ab elementor-widget elementor-widget-spacer\" data-id=\"13320ab\" data-element_type=\"widget\" data-widget_type=\"spacer.default\">\n\t\t\t\t<div class=\"elementor-widget-container\">\n\t\t\t\t\t\t\t<div class=\"elementor-spacer\">\n\t\t\t<div class=\"elementor-spacer-inner\"><\/div>\n\t\t<\/div>\n\t\t\t\t\t\t<\/div>\n\t\t\t\t<\/div>\n\t\t\t\t\t<\/div>\n\t\t<\/div>\n\t\t\t\t\t<\/div>\n\t\t<\/section>\n\t\t\t\t<section class=\"elementor-section elementor-top-section elementor-element elementor-element-becfb93 elementor-section-boxed elementor-section-height-default elementor-section-height-default\" data-id=\"becfb93\" data-element_type=\"section\" data-settings=\"{&quot;background_background&quot;:&quot;classic&quot;}\">\n\t\t\t\t\t\t<div class=\"elementor-container elementor-column-gap-default\">\n\t\t\t\t\t<div class=\"elementor-column elementor-col-100 elementor-top-column elementor-element elementor-element-789fe23\" data-id=\"789fe23\" data-element_type=\"column\">\n\t\t\t<div class=\"elementor-widget-wrap elementor-element-populated\">\n\t\t\t\t\t\t<div class=\"elementor-element elementor-element-7e018f7 elementor-widget elementor-widget-heading\" data-id=\"7e018f7\" data-element_type=\"widget\" id=\"cursos-internos\" data-widget_type=\"heading.default\">\n\t\t\t\t<div class=\"elementor-widget-container\">\n\t\t\t\t\t<h3 class=\"elementor-heading-title elementor-size-default\"><a id=\"ihes\"><\/a>IHES - Sistema de Educaci\u00f3n Superior Inclusivo para Estudiantes con Discapacidad Intelectual<\/h3>\t\t\t\t<\/div>\n\t\t\t\t<\/div>\n\t\t\t\t\t<\/div>\n\t\t<\/div>\n\t\t\t\t\t<\/div>\n\t\t<\/section>\n\t\t\t\t<section class=\"elementor-section elementor-top-section elementor-element elementor-element-8831a1b elementor-section-stretched elementor-section-boxed elementor-section-height-default elementor-section-height-default\" data-id=\"8831a1b\" data-element_type=\"section\" data-settings=\"{&quot;stretch_section&quot;:&quot;section-stretched&quot;}\">\n\t\t\t\t\t\t<div class=\"elementor-container elementor-column-gap-default\">\n\t\t\t\t\t<div class=\"elementor-column elementor-col-100 elementor-top-column elementor-element elementor-element-1ae6a0f\" data-id=\"1ae6a0f\" data-element_type=\"column\">\n\t\t\t<div class=\"elementor-widget-wrap elementor-element-populated\">\n\t\t\t\t\t\t<div class=\"elementor-element elementor-element-a4cc906 elementor-widget elementor-widget-image\" data-id=\"a4cc906\" data-element_type=\"widget\" data-widget_type=\"image.default\">\n\t\t\t\t<div class=\"elementor-widget-container\">\n\t\t\t\t\t\t\t\t\t\t\t\t\t\t\t<img fetchpriority=\"high\" decoding=\"async\" width=\"525\" height=\"161\" src=\"https:\/\/www.upo.es\/facultad-ciencias-sociales\/es\/fcslab\/wp-content\/uploads\/IMAGEN-e1664886664994-1024x315.jpg\" class=\"attachment-large size-large wp-image-4243\" alt=\"\" srcset=\"https:\/\/www.upo.es\/facultad-ciencias-sociales\/es\/fcslab\/wp-content\/uploads\/IMAGEN-e1664886664994-1024x315.jpg 1024w, https:\/\/www.upo.es\/facultad-ciencias-sociales\/es\/fcslab\/wp-content\/uploads\/IMAGEN-e1664886664994-300x92.jpg 300w, https:\/\/www.upo.es\/facultad-ciencias-sociales\/es\/fcslab\/wp-content\/uploads\/IMAGEN-e1664886664994-768x236.jpg 768w, https:\/\/www.upo.es\/facultad-ciencias-sociales\/es\/fcslab\/wp-content\/uploads\/IMAGEN-e1664886664994-1536x472.jpg 1536w, https:\/\/www.upo.es\/facultad-ciencias-sociales\/es\/fcslab\/wp-content\/uploads\/IMAGEN-e1664886664994-1320x405.jpg 1320w, https:\/\/www.upo.es\/facultad-ciencias-sociales\/es\/fcslab\/wp-content\/uploads\/IMAGEN-e1664886664994.jpg 1654w\" sizes=\"100vw\" \/>\t\t\t\t\t\t\t\t\t\t\t\t\t\t\t<\/div>\n\t\t\t\t<\/div>\n\t\t\t\t<div class=\"elementor-element elementor-element-d61672d elementor-widget elementor-widget-spacer\" data-id=\"d61672d\" data-element_type=\"widget\" data-widget_type=\"spacer.default\">\n\t\t\t\t<div class=\"elementor-widget-container\">\n\t\t\t\t\t\t\t<div class=\"elementor-spacer\">\n\t\t\t<div class=\"elementor-spacer-inner\"><\/div>\n\t\t<\/div>\n\t\t\t\t\t\t<\/div>\n\t\t\t\t<\/div>\n\t\t\t\t<section class=\"elementor-section elementor-inner-section elementor-element elementor-element-a439e9a elementor-section-boxed elementor-section-height-default elementor-section-height-default\" data-id=\"a439e9a\" data-element_type=\"section\">\n\t\t\t\t\t\t<div class=\"elementor-container elementor-column-gap-default\">\n\t\t\t\t\t<div class=\"elementor-column elementor-col-50 elementor-inner-column elementor-element elementor-element-38df209\" data-id=\"38df209\" data-element_type=\"column\">\n\t\t\t<div class=\"elementor-widget-wrap elementor-element-populated\">\n\t\t\t\t\t\t<div class=\"elementor-element elementor-element-d280829 elementor-widget elementor-widget-text-editor\" data-id=\"d280829\" data-element_type=\"widget\" data-widget_type=\"text-editor.default\">\n\t\t\t\t<div class=\"elementor-widget-container\">\n\t\t\t\t\t\t\t\t\t<p><span style=\"font-size: 18px;\">El proyecto europeo titulado <strong>IHES \u2013 Sistemas Educaci\u00f3n Superior Inclusivo para estudiantes con discapacidad intelectual<\/strong> fue dise\u00f1ado por la solicitante del proyecto y coordinadora cient\u00edfica, Universidad Pablo de Olavide (Espa\u00f1a) en cooperaci\u00f3n con Pixel.<\/span><\/p><p>El proyecto ha sido financiado por el Programa Erasmus+, KA2 \u2013 Asociaciones de Cooperaci\u00f3n en Educaci\u00f3n Superior.\u00a0El consorcio est\u00e1 integrado por\u00a0<a href=\"https:\/\/www.pixel-online.net\/PRT_lista.php?tipo=EU&amp;prt_id=247#prt247\">Sistemas Universales de Aprendizaje (Irlanda)<\/a>,\u00a0<a href=\"https:\/\/www.pixel-online.net\/PRT_lista.php?tipo=EU&amp;prt_id=569#prt569\">Iscte \u2013 Instituto Universitario de Lisboa (Portugal)<\/a>, Pixel (Italia),\u00a0<a href=\"https:\/\/www.pixel-online.net\/PRT_lista.php?tipo=IT&amp;prt_id=498#prt498\">Universidad de Florencia (Italia)<\/a>, Paz y Bien (Espa\u00f1a), as\u00ed como por otras entidades asociadas, como son: Fundaci\u00f3n ONCE y la Universidad de Huelva.<\/p><p><strong>IHES tiene como finalidad contribuir a construcci\u00f3n de un sistema de educaci\u00f3n superior m\u00e1s inclusivo y de vida independiente para las personas con discapacidad intelectual<\/strong>, as\u00ed como desarrollar un conjunto de recomendaciones para los responsables de la pol\u00edtica universitaria y de la toma de decisiones a nivel de la Escuela Superior (ES) sobre c\u00f3mo promover la inclusi\u00f3n de las personas con discapacidad intelectual. Y entre sus objetivos m\u00e1s importantes encontramos el pilotar una metodolog\u00eda para apoyar la inclusi\u00f3n de estudiantes con discapacidad intelectual en la ES.<\/p><p>El proyecto IHES pretende situar a las personas con discapacidad intelectual en las universidades, como estudiantes, como futuros usuarios de servicios ofrecidos por profesionales formados en las universidades y como ciudadanos que cuentan con universidades generadoras de conocimientos enfocados a mejorar sus vidas en <strong>sociedades m\u00e1s igualitarias y justas<\/strong>.<\/p><p>Convocatoria: Erasmus+, KA2 \u2013 Asociaciones de Cooperaci\u00f3n en Educaci\u00f3n Superior.<\/p><p>Laboratorio de la Facultad de Ciencias Sociales: Entidad colaboradora del proyecto como miembro asociado.<\/p><p>Fecha de inicio: 01.12.2021<\/p><p>Fecha de finalizaci\u00f3n:\u00a001.06.2024<\/p>\t\t\t\t\t\t\t\t<\/div>\n\t\t\t\t<\/div>\n\t\t\t\t<div class=\"elementor-element elementor-element-b0815bd elementor-widget elementor-widget-button\" data-id=\"b0815bd\" data-element_type=\"widget\" data-widget_type=\"button.default\">\n\t\t\t\t<div class=\"elementor-widget-container\">\n\t\t\t\t\t\t\t\t\t<div class=\"elementor-button-wrapper\">\n\t\t\t\t\t<a class=\"elementor-button elementor-button-link elementor-size-sm\" href=\"https:\/\/ihes.pixel-online.org\/index.php\" target=\"_blank\">\n\t\t\t\t\t\t<span class=\"elementor-button-content-wrapper\">\n\t\t\t\t\t\t\t\t\t<span class=\"elementor-button-text\">Web del proyecto IHES<\/span>\n\t\t\t\t\t<\/span>\n\t\t\t\t\t<\/a>\n\t\t\t\t<\/div>\n\t\t\t\t\t\t\t\t<\/div>\n\t\t\t\t<\/div>\n\t\t\t\t\t<\/div>\n\t\t<\/div>\n\t\t\t\t<div class=\"elementor-column elementor-col-50 elementor-inner-column elementor-element elementor-element-81fb04d\" data-id=\"81fb04d\" data-element_type=\"column\">\n\t\t\t<div class=\"elementor-widget-wrap elementor-element-populated\">\n\t\t\t\t\t\t<div class=\"elementor-element elementor-element-3ed1acd elementor-widget elementor-widget-text-editor\" data-id=\"3ed1acd\" data-element_type=\"widget\" data-widget_type=\"text-editor.default\">\n\t\t\t\t<div class=\"elementor-widget-container\">\n\t\t\t\t\t\t\t\t\t<p><span style=\"font-size: 18px;\">The European project entitled <strong>IHES \u2013 Inclusive Higher Education Systems for students with intellectual disabilities<\/strong> was designed by the project applicant and scientific coordinator, Universidad Pablo de Olavide (Spain) in cooperation with Pixel.<\/span><\/p><p>The project has been funded by the Erasmus+ Program, KA2 \u2013 Higher Education Cooperation Partnerships. The consortium is composed of Universal Learning Systems (Ireland), Iscte \u2013 University Institute of Lisbon (Portugal), Pixel (Italy), University of Florence (Italy), Paz y Bien (Spain), as well as other partners such as: ONCE Foundation and the University of Huelva.<\/p><p><strong>IHES aims to contribute to building a more inclusive and independent living higher education system for people with intellectual disabilities<\/strong>, as well as to develop a set of recommendations for university policy and decision makers at HE level on how to promote the inclusion of people with intellectual disabilities. And among its most important objectives is to pilot a methodology to support the inclusion of students with intellectual disabilities in HE.<\/p><p>The IHES project aims to place people with intellectual disabilities in universities, as students, as future users of services offered by professionals trained in universities and as citizens who have universities generating knowledge focused on improving their lives in <strong>more egalitarian and just societies<\/strong>.<\/p><p>Call: Erasmus+, KA2 \u2013 Higher Education Cooperation Partnerships.<\/p><p>Laboratory of the Faculty of Social Sciences: Collaborating entity of the project as an associate member.<\/p><p>Start date: 01.12.2021<\/p><p>End date: 01.06.2024<\/p>\t\t\t\t\t\t\t\t<\/div>\n\t\t\t\t<\/div>\n\t\t\t\t<div class=\"elementor-element elementor-element-fef2090 elementor-widget elementor-widget-button\" data-id=\"fef2090\" data-element_type=\"widget\" data-widget_type=\"button.default\">\n\t\t\t\t<div class=\"elementor-widget-container\">\n\t\t\t\t\t\t\t\t\t<div class=\"elementor-button-wrapper\">\n\t\t\t\t\t<a class=\"elementor-button elementor-button-link elementor-size-sm\" href=\"https:\/\/ihes.pixel-online.org\/index.php\" target=\"_blank\">\n\t\t\t\t\t\t<span class=\"elementor-button-content-wrapper\">\n\t\t\t\t\t\t\t\t\t<span class=\"elementor-button-text\">IHES Project Web<\/span>\n\t\t\t\t\t<\/span>\n\t\t\t\t\t<\/a>\n\t\t\t\t<\/div>\n\t\t\t\t\t\t\t\t<\/div>\n\t\t\t\t<\/div>\n\t\t\t\t\t<\/div>\n\t\t<\/div>\n\t\t\t\t\t<\/div>\n\t\t<\/section>\n\t\t\t\t<div class=\"elementor-element elementor-element-079d777 elementor-widget elementor-widget-spacer\" data-id=\"079d777\" data-element_type=\"widget\" data-widget_type=\"spacer.default\">\n\t\t\t\t<div class=\"elementor-widget-container\">\n\t\t\t\t\t\t\t<div class=\"elementor-spacer\">\n\t\t\t<div class=\"elementor-spacer-inner\"><\/div>\n\t\t<\/div>\n\t\t\t\t\t\t<\/div>\n\t\t\t\t<\/div>\n\t\t\t\t\t<\/div>\n\t\t<\/div>\n\t\t\t\t\t<\/div>\n\t\t<\/section>\n\t\t\t\t<section class=\"elementor-section elementor-top-section elementor-element elementor-element-4bff114 elementor-section-boxed elementor-section-height-default elementor-section-height-default\" data-id=\"4bff114\" data-element_type=\"section\" data-settings=\"{&quot;background_background&quot;:&quot;classic&quot;}\">\n\t\t\t\t\t\t<div class=\"elementor-container elementor-column-gap-default\">\n\t\t\t\t\t<div class=\"elementor-column elementor-col-100 elementor-top-column elementor-element elementor-element-d6335d8\" data-id=\"d6335d8\" data-element_type=\"column\">\n\t\t\t<div class=\"elementor-widget-wrap elementor-element-populated\">\n\t\t\t\t\t\t<div class=\"elementor-element elementor-element-082ce12 elementor-widget elementor-widget-heading\" data-id=\"082ce12\" data-element_type=\"widget\" data-widget_type=\"heading.default\">\n\t\t\t\t<div class=\"elementor-widget-container\">\n\t\t\t\t\t<h3 class=\"elementor-heading-title elementor-size-default\"><a id=\"fri-housing\"><\/a>Fri-Housing (Friendly housing)<br>\nEntornos inclusivos y sostenibles para personas con discapacidad intelectual. Diagn\u00f3stico y evaluaci\u00f3n de indicadores para identificaci\u00f3n de \u2018viviendas amables\u2019.<\/h3>\t\t\t\t<\/div>\n\t\t\t\t<\/div>\n\t\t\t\t\t<\/div>\n\t\t<\/div>\n\t\t\t\t\t<\/div>\n\t\t<\/section>\n\t\t\t\t<section class=\"elementor-section elementor-top-section elementor-element elementor-element-b32b37b elementor-section-stretched elementor-section-boxed elementor-section-height-default elementor-section-height-default\" data-id=\"b32b37b\" data-element_type=\"section\" data-settings=\"{&quot;stretch_section&quot;:&quot;section-stretched&quot;}\">\n\t\t\t\t\t\t<div class=\"elementor-container elementor-column-gap-default\">\n\t\t\t\t\t<div class=\"elementor-column elementor-col-100 elementor-top-column elementor-element elementor-element-c64698b\" data-id=\"c64698b\" data-element_type=\"column\">\n\t\t\t<div class=\"elementor-widget-wrap elementor-element-populated\">\n\t\t\t\t\t\t<div class=\"elementor-element elementor-element-ba649b9 elementor-widget elementor-widget-image\" data-id=\"ba649b9\" data-element_type=\"widget\" data-widget_type=\"image.default\">\n\t\t\t\t<div class=\"elementor-widget-container\">\n\t\t\t\t\t\t\t\t\t\t\t\t\t\t\t\t<a href=\"https:\/\/www.upo.es\/investiga\/frihousing\/\" target=\"_blank\">\n\t\t\t\t\t\t\t<img decoding=\"async\" width=\"414\" height=\"82\" src=\"https:\/\/www.upo.es\/facultad-ciencias-sociales\/es\/fcslab\/wp-content\/uploads\/Fri-Housing.svg\" class=\"attachment-full size-full wp-image-5699\" alt=\"Fri-Housing\" sizes=\"100vw\" \/>\t\t\t\t\t\t\t\t<\/a>\n\t\t\t\t\t\t\t\t\t\t\t\t\t\t\t<\/div>\n\t\t\t\t<\/div>\n\t\t\t\t<div class=\"elementor-element elementor-element-275c82b elementor-widget elementor-widget-spacer\" data-id=\"275c82b\" data-element_type=\"widget\" data-widget_type=\"spacer.default\">\n\t\t\t\t<div class=\"elementor-widget-container\">\n\t\t\t\t\t\t\t<div class=\"elementor-spacer\">\n\t\t\t<div class=\"elementor-spacer-inner\"><\/div>\n\t\t<\/div>\n\t\t\t\t\t\t<\/div>\n\t\t\t\t<\/div>\n\t\t\t\t<section class=\"elementor-section elementor-inner-section elementor-element elementor-element-155c591 elementor-section-boxed elementor-section-height-default elementor-section-height-default\" data-id=\"155c591\" data-element_type=\"section\">\n\t\t\t\t\t\t<div class=\"elementor-container elementor-column-gap-default\">\n\t\t\t\t\t<div class=\"elementor-column elementor-col-100 elementor-inner-column elementor-element elementor-element-166a904\" data-id=\"166a904\" data-element_type=\"column\">\n\t\t\t<div class=\"elementor-widget-wrap elementor-element-populated\">\n\t\t\t\t\t\t<div class=\"elementor-element elementor-element-9b83773 elementor-widget elementor-widget-text-editor\" data-id=\"9b83773\" data-element_type=\"widget\" data-widget_type=\"text-editor.default\">\n\t\t\t\t<div class=\"elementor-widget-container\">\n\t\t\t\t\t\t\t\t\t<p><span style=\"font-size: 20px;\">En el entorno de los estudios sobre vivienda y discapacidad, <strong>el proyecto tiene la finalidad de construir y validar una herramienta que permita evaluar las alternativas habitacionales o convivenciales de un territorio, respecto su nivel de inclusi\u00f3n social para personas con discapacidad intelectual<\/strong> (en adelante DI).<\/span><\/p><p>La idoneidad se analiza desde un enfoque multinivel, incluyendo vivienda, urbanismo y desarrollo comunitario, para facilitar la accesibilidad, la emancipaci\u00f3n e independencia residencial de las personas con discapacidad intelectual.<\/p><p>Se parte de la <strong>hip\u00f3tesis<\/strong> de que alojarse en una vivienda normalizada con apoyos, en entorno accesible, en una &#8216;ciudad humana&#8217; en donde se viva amigablemente incrementa la autonom\u00eda de las personas con DI y sus posibilidades de inclusi\u00f3n social y ejercicio de ciudadan\u00eda.<\/p><p>La investigaci\u00f3n sobre viviendas consideradas inclusivas, son escasas, y con la identificaci\u00f3n de entornos convivencias amables a partir de indicadores estandarizados, se favorecer\u00e1 la implementaci\u00f3n de pol\u00edticas p\u00fablicas m\u00e1s amables en los territorios. Igualmente la participaci\u00f3n de las personas con discapacidad en las decisiones relacionadas con la planificaci\u00f3n o determinaci\u00f3n de la forma en la que quieren vivir tambi\u00e9n son escasas y esta investigaci\u00f3n pretende contar con todos los actores relacionados con la tem\u00e1tica en todas las fases de la investigaci\u00f3n.<\/p><p>En una <strong>primera fase de diagn\u00f3stico<\/strong>, se realiza una revisi\u00f3n sistem\u00e1tica y meta-an\u00e1lisis sobre el estado de la cuesti\u00f3n, un muestreo te\u00f3rico sobre alternativas residenciales para este grupo poblacional y se identificar\u00e1n los actores clave y las dimensiones anal\u00edticas mediante paneles de personas expertas.<\/p><p>La <strong>segunda fase de desarrollo conceptual<\/strong> del modelo de vivienda amable, dar\u00e1 participaci\u00f3n a los actores vinculados, explorando sus expectativas y percepciones sobre la vivienda adecuada y amable. Aqu\u00ed se analizar\u00e1n cualitativamente 5 grupos focales por territorio participante (grupos de personas con discapacidad, de familiares, de profesionales, de responsables pol\u00edticos y asociaciones del sector de la discapacidad y otros actores del entorno comunitario). Participan 10 universidades de Andaluc\u00eda (Ja\u00e9n, Sevilla, C\u00e1diz y Almer\u00eda), Castilla Le\u00f3n (Valladolid), Catalu\u00f1a (Barcelona), Madrid, Galicia (Orense) Canarias (Tenerife) y Portugal (Lisboa), teniendo en cuenta la dimensi\u00f3n insular y la internacional. Adem\u00e1s, las universidades contactar\u00e1n y atraer\u00e1n a entidades especializadas en DI y en viviendas de los territorios.<\/p><p>A partir de estos resultados se realizar\u00e1 un filtrado de variables y definici\u00f3n y ponderaci\u00f3n de indicadores mediante an\u00e1lisis multicriterio (MCDA) y as\u00ed se generar\u00e1 un cuestionario que define el modelo de vivienda amable (prototipo frihousing).<\/p><p>En una <strong>tercera fase de validaci\u00f3n<\/strong> de realizar\u00e1 un muestreo estratificado por territorio y por tipo de alternativa residencial para implementar el prototipo y validarlo. Se incluyen pilotajes de contraste en Portugal, y otros territorios europeos.<\/p><p>La <strong>fase final<\/strong> persigue un aprendizaje compartido de los resultados creando productos que permitan la difusi\u00f3n cient\u00edfica del modelo en revistas de primer cuartil de la tem\u00e1tica y manuales en editoriales prestigiosas, as\u00ed como productos de transferencia a la sociedad como la creaci\u00f3n de la aplicaci\u00f3n inform\u00e1tica Frihousing digital system que permitir\u00e1 la firma de contratos\/convenios para diagn\u00f3sticos territoriales sobre viviendas amables; finalmente la creaci\u00f3n de un laboratorio de ideas con la red de entidades que formar\u00e1n parte del proyecto nos permitir\u00e1 hacer sostenibles los resultados en el futuro generando protocolos de intervenci\u00f3n transferibles a pol\u00edticas locales, auton\u00f3micas estatales e internacionales.<\/p>\t\t\t\t\t\t\t\t<\/div>\n\t\t\t\t<\/div>\n\t\t\t\t<div class=\"elementor-element elementor-element-ae71ec9 elementor-widget elementor-widget-button\" data-id=\"ae71ec9\" data-element_type=\"widget\" data-widget_type=\"button.default\">\n\t\t\t\t<div class=\"elementor-widget-container\">\n\t\t\t\t\t\t\t\t\t<div class=\"elementor-button-wrapper\">\n\t\t\t\t\t<a class=\"elementor-button elementor-button-link elementor-size-sm\" href=\"https:\/\/www.upo.es\/investiga\/frihousing\/\" target=\"_blank\">\n\t\t\t\t\t\t<span class=\"elementor-button-content-wrapper\">\n\t\t\t\t\t\t\t\t\t<span class=\"elementor-button-text\">Web del proyecto Fri-Housing<\/span>\n\t\t\t\t\t<\/span>\n\t\t\t\t\t<\/a>\n\t\t\t\t<\/div>\n\t\t\t\t\t\t\t\t<\/div>\n\t\t\t\t<\/div>\n\t\t\t\t\t<\/div>\n\t\t<\/div>\n\t\t\t\t\t<\/div>\n\t\t<\/section>\n\t\t\t\t<div class=\"elementor-element elementor-element-87c9718 elementor-widget elementor-widget-spacer\" data-id=\"87c9718\" data-element_type=\"widget\" data-widget_type=\"spacer.default\">\n\t\t\t\t<div class=\"elementor-widget-container\">\n\t\t\t\t\t\t\t<div class=\"elementor-spacer\">\n\t\t\t<div class=\"elementor-spacer-inner\"><\/div>\n\t\t<\/div>\n\t\t\t\t\t\t<\/div>\n\t\t\t\t<\/div>\n\t\t\t\t\t<\/div>\n\t\t<\/div>\n\t\t\t\t\t<\/div>\n\t\t<\/section>\n\t\t\t\t<section class=\"elementor-section elementor-top-section elementor-element elementor-element-97e95e3 elementor-section-boxed elementor-section-height-default elementor-section-height-default\" data-id=\"97e95e3\" data-element_type=\"section\">\n\t\t\t\t\t\t<div class=\"elementor-container elementor-column-gap-default\">\n\t\t\t\t\t<div class=\"elementor-column elementor-col-100 elementor-top-column elementor-element elementor-element-c3de19b\" data-id=\"c3de19b\" data-element_type=\"column\">\n\t\t\t<div class=\"elementor-widget-wrap elementor-element-populated\">\n\t\t\t\t\t\t<div class=\"elementor-element elementor-element-6a71ef1 elementor-widget elementor-widget-spacer\" data-id=\"6a71ef1\" data-element_type=\"widget\" data-widget_type=\"spacer.default\">\n\t\t\t\t<div class=\"elementor-widget-container\">\n\t\t\t\t\t\t\t<div class=\"elementor-spacer\">\n\t\t\t<div class=\"elementor-spacer-inner\"><\/div>\n\t\t<\/div>\n\t\t\t\t\t\t<\/div>\n\t\t\t\t<\/div>\n\t\t\t\t\t<\/div>\n\t\t<\/div>\n\t\t\t\t\t<\/div>\n\t\t<\/section>\n\t\t\t\t<\/div>\n\t\t","protected":false},"excerpt":{"rendered":"<p>Entidades Colaboradoras \/ Proyectos Proyectos e iniciativas del FCSLab El Laboratorio de la Facultad de Ciencias Sociales como nodo de innovaci\u00f3n docente.&nbsp;FCSLab ( I+D+i): Investiga, Desarrolla e innova. Investiga. Somos un Laboratorio universitario donde es fundamental apoyar e impulsar el aprendizaje para la Investigaci\u00f3n, la propia de las Ciencias Sociales, con su m\u00e9todo \u2013el cient\u00edfico- &hellip; <\/p>\n<p class=\"link-more\"><a href=\"https:\/\/www.upo.es\/facultad-ciencias-sociales\/es\/fcslab\/entidades-colaboradoras-proyectos\/\" class=\"more-link\">Continuar leyendo<span class=\"screen-reader-text\"> \u00abEntidades Colaboradoras \/ Proyectos\u00bb<\/span><\/a><\/p>\n","protected":false},"author":2,"featured_media":0,"parent":0,"menu_order":0,"comment_status":"closed","ping_status":"closed","template":"elementor_header_footer","meta":{"_eb_attr":"","footnotes":""},"yoast_head":"<!-- This site is optimized with the Yoast SEO plugin v22.7 - https:\/\/yoast.com\/wordpress\/plugins\/seo\/ -->\n<title>Entidades Colaboradoras \/ Proyectos - Laboratorio Facultad de Ciencias Sociales<\/title>\n<meta name=\"description\" content=\"Formaci\u00f3n a tu alcance en el FCSLab, Laboratorio de la Facultad de Ciencias Sociales UPO.\" \/>\n<meta name=\"robots\" content=\"index, follow, max-snippet:-1, max-image-preview:large, max-video-preview:-1\" \/>\n<link rel=\"canonical\" href=\"https:\/\/www.upo.es\/facultad-ciencias-sociales\/es\/fcslab\/entidades-colaboradoras-proyectos\/\" \/>\n<meta property=\"og:locale\" content=\"es_ES\" \/>\n<meta property=\"og:type\" content=\"article\" \/>\n<meta property=\"og:title\" content=\"Entidades Colaboradoras \/ Proyectos - Laboratorio Facultad de Ciencias Sociales\" \/>\n<meta property=\"og:description\" content=\"Formaci\u00f3n a tu alcance en el FCSLab, Laboratorio de la Facultad de Ciencias Sociales UPO.\" \/>\n<meta property=\"og:url\" content=\"https:\/\/www.upo.es\/facultad-ciencias-sociales\/es\/fcslab\/entidades-colaboradoras-proyectos\/\" \/>\n<meta property=\"og:site_name\" content=\"Laboratorio Facultad de Ciencias Sociales\" \/>\n<meta property=\"article:modified_time\" content=\"2025-07-01T15:29:21+00:00\" \/>\n<meta property=\"og:image\" content=\"https:\/\/www.upo.es\/facultad-ciencias-sociales\/es\/fcslab\/wp-content\/uploads\/imagen-300x131.png\" \/>\n<meta name=\"twitter:card\" content=\"summary_large_image\" \/>\n<meta name=\"twitter:site\" content=\"@fcslabUPO\" \/>\n<script type=\"application\/ld+json\" class=\"yoast-schema-graph\">{\"@context\":\"https:\/\/schema.org\",\"@graph\":[{\"@type\":\"WebPage\",\"@id\":\"https:\/\/www.upo.es\/facultad-ciencias-sociales\/es\/fcslab\/entidades-colaboradoras-proyectos\/\",\"url\":\"https:\/\/www.upo.es\/facultad-ciencias-sociales\/es\/fcslab\/entidades-colaboradoras-proyectos\/\",\"name\":\"Entidades Colaboradoras \/ Proyectos - Laboratorio Facultad de Ciencias Sociales\",\"isPartOf\":{\"@id\":\"https:\/\/www.upo.es\/facultad-ciencias-sociales\/es\/fcslab\/#website\"},\"primaryImageOfPage\":{\"@id\":\"https:\/\/www.upo.es\/facultad-ciencias-sociales\/es\/fcslab\/entidades-colaboradoras-proyectos\/#primaryimage\"},\"image\":{\"@id\":\"https:\/\/www.upo.es\/facultad-ciencias-sociales\/es\/fcslab\/entidades-colaboradoras-proyectos\/#primaryimage\"},\"thumbnailUrl\":\"https:\/\/www.upo.es\/facultad-ciencias-sociales\/es\/fcslab\/wp-content\/uploads\/imagen-300x131.png\",\"datePublished\":\"2020-12-02T11:16:39+00:00\",\"dateModified\":\"2025-07-01T15:29:21+00:00\",\"description\":\"Formaci\u00f3n a tu alcance en el FCSLab, Laboratorio de la Facultad de Ciencias Sociales UPO.\",\"breadcrumb\":{\"@id\":\"https:\/\/www.upo.es\/facultad-ciencias-sociales\/es\/fcslab\/entidades-colaboradoras-proyectos\/#breadcrumb\"},\"inLanguage\":\"es\",\"potentialAction\":[{\"@type\":\"ReadAction\",\"target\":[\"https:\/\/www.upo.es\/facultad-ciencias-sociales\/es\/fcslab\/entidades-colaboradoras-proyectos\/\"]}]},{\"@type\":\"ImageObject\",\"inLanguage\":\"es\",\"@id\":\"https:\/\/www.upo.es\/facultad-ciencias-sociales\/es\/fcslab\/entidades-colaboradoras-proyectos\/#primaryimage\",\"url\":\"https:\/\/www.upo.es\/facultad-ciencias-sociales\/es\/fcslab\/wp-content\/uploads\/imagen.png\",\"contentUrl\":\"https:\/\/www.upo.es\/facultad-ciencias-sociales\/es\/fcslab\/wp-content\/uploads\/imagen.png\",\"width\":325,\"height\":142},{\"@type\":\"BreadcrumbList\",\"@id\":\"https:\/\/www.upo.es\/facultad-ciencias-sociales\/es\/fcslab\/entidades-colaboradoras-proyectos\/#breadcrumb\",\"itemListElement\":[{\"@type\":\"ListItem\",\"position\":1,\"name\":\"Portada\",\"item\":\"https:\/\/www.upo.es\/facultad-ciencias-sociales\/es\/fcslab\/\"},{\"@type\":\"ListItem\",\"position\":2,\"name\":\"Entidades Colaboradoras \/ Proyectos\"}]},{\"@type\":\"WebSite\",\"@id\":\"https:\/\/www.upo.es\/facultad-ciencias-sociales\/es\/fcslab\/#website\",\"url\":\"https:\/\/www.upo.es\/facultad-ciencias-sociales\/es\/fcslab\/\",\"name\":\"Laboratorio Facultad de Ciencias Sociales\",\"description\":\"Laboratorio Facultad de Ciencias Sociales\",\"publisher\":{\"@id\":\"https:\/\/www.upo.es\/facultad-ciencias-sociales\/es\/fcslab\/#organization\"},\"potentialAction\":[{\"@type\":\"SearchAction\",\"target\":{\"@type\":\"EntryPoint\",\"urlTemplate\":\"https:\/\/www.upo.es\/facultad-ciencias-sociales\/es\/fcslab\/?s={search_term_string}\"},\"query-input\":\"required name=search_term_string\"}],\"inLanguage\":\"es\"},{\"@type\":\"Organization\",\"@id\":\"https:\/\/www.upo.es\/facultad-ciencias-sociales\/es\/fcslab\/#organization\",\"name\":\"FCSLab\",\"url\":\"https:\/\/www.upo.es\/facultad-ciencias-sociales\/es\/fcslab\/\",\"logo\":{\"@type\":\"ImageObject\",\"inLanguage\":\"es\",\"@id\":\"https:\/\/www.upo.es\/facultad-ciencias-sociales\/es\/fcslab\/#\/schema\/logo\/image\/\",\"url\":\"https:\/\/www.upo.es\/facultad-ciencias-sociales\/es\/fcslab\/wp-content\/uploads\/FCSLab.svg\",\"contentUrl\":\"https:\/\/www.upo.es\/facultad-ciencias-sociales\/es\/fcslab\/wp-content\/uploads\/FCSLab.svg\",\"width\":962,\"height\":305,\"caption\":\"FCSLab\"},\"image\":{\"@id\":\"https:\/\/www.upo.es\/facultad-ciencias-sociales\/es\/fcslab\/#\/schema\/logo\/image\/\"},\"sameAs\":[\"https:\/\/x.com\/fcslabUPO\",\"https:\/\/www.instagram.com\/fcslabupo\/\"]}]}<\/script>\n<!-- \/ Yoast SEO plugin. -->","yoast_head_json":{"title":"Entidades Colaboradoras \/ Proyectos - Laboratorio Facultad de Ciencias Sociales","description":"Formaci\u00f3n a tu alcance en el FCSLab, Laboratorio de la Facultad de Ciencias Sociales UPO.","robots":{"index":"index","follow":"follow","max-snippet":"max-snippet:-1","max-image-preview":"max-image-preview:large","max-video-preview":"max-video-preview:-1"},"canonical":"https:\/\/www.upo.es\/facultad-ciencias-sociales\/es\/fcslab\/entidades-colaboradoras-proyectos\/","og_locale":"es_ES","og_type":"article","og_title":"Entidades Colaboradoras \/ Proyectos - Laboratorio Facultad de Ciencias Sociales","og_description":"Formaci\u00f3n a tu alcance en el FCSLab, Laboratorio de la Facultad de Ciencias Sociales UPO.","og_url":"https:\/\/www.upo.es\/facultad-ciencias-sociales\/es\/fcslab\/entidades-colaboradoras-proyectos\/","og_site_name":"Laboratorio Facultad de Ciencias Sociales","article_modified_time":"2025-07-01T15:29:21+00:00","og_image":[{"url":"https:\/\/www.upo.es\/facultad-ciencias-sociales\/es\/fcslab\/wp-content\/uploads\/imagen-300x131.png"}],"twitter_card":"summary_large_image","twitter_site":"@fcslabUPO","schema":{"@context":"https:\/\/schema.org","@graph":[{"@type":"WebPage","@id":"https:\/\/www.upo.es\/facultad-ciencias-sociales\/es\/fcslab\/entidades-colaboradoras-proyectos\/","url":"https:\/\/www.upo.es\/facultad-ciencias-sociales\/es\/fcslab\/entidades-colaboradoras-proyectos\/","name":"Entidades Colaboradoras \/ Proyectos - Laboratorio Facultad de Ciencias Sociales","isPartOf":{"@id":"https:\/\/www.upo.es\/facultad-ciencias-sociales\/es\/fcslab\/#website"},"primaryImageOfPage":{"@id":"https:\/\/www.upo.es\/facultad-ciencias-sociales\/es\/fcslab\/entidades-colaboradoras-proyectos\/#primaryimage"},"image":{"@id":"https:\/\/www.upo.es\/facultad-ciencias-sociales\/es\/fcslab\/entidades-colaboradoras-proyectos\/#primaryimage"},"thumbnailUrl":"https:\/\/www.upo.es\/facultad-ciencias-sociales\/es\/fcslab\/wp-content\/uploads\/imagen-300x131.png","datePublished":"2020-12-02T11:16:39+00:00","dateModified":"2025-07-01T15:29:21+00:00","description":"Formaci\u00f3n a tu alcance en el FCSLab, Laboratorio de la Facultad de Ciencias Sociales UPO.","breadcrumb":{"@id":"https:\/\/www.upo.es\/facultad-ciencias-sociales\/es\/fcslab\/entidades-colaboradoras-proyectos\/#breadcrumb"},"inLanguage":"es","potentialAction":[{"@type":"ReadAction","target":["https:\/\/www.upo.es\/facultad-ciencias-sociales\/es\/fcslab\/entidades-colaboradoras-proyectos\/"]}]},{"@type":"ImageObject","inLanguage":"es","@id":"https:\/\/www.upo.es\/facultad-ciencias-sociales\/es\/fcslab\/entidades-colaboradoras-proyectos\/#primaryimage","url":"https:\/\/www.upo.es\/facultad-ciencias-sociales\/es\/fcslab\/wp-content\/uploads\/imagen.png","contentUrl":"https:\/\/www.upo.es\/facultad-ciencias-sociales\/es\/fcslab\/wp-content\/uploads\/imagen.png","width":325,"height":142},{"@type":"BreadcrumbList","@id":"https:\/\/www.upo.es\/facultad-ciencias-sociales\/es\/fcslab\/entidades-colaboradoras-proyectos\/#breadcrumb","itemListElement":[{"@type":"ListItem","position":1,"name":"Portada","item":"https:\/\/www.upo.es\/facultad-ciencias-sociales\/es\/fcslab\/"},{"@type":"ListItem","position":2,"name":"Entidades Colaboradoras \/ Proyectos"}]},{"@type":"WebSite","@id":"https:\/\/www.upo.es\/facultad-ciencias-sociales\/es\/fcslab\/#website","url":"https:\/\/www.upo.es\/facultad-ciencias-sociales\/es\/fcslab\/","name":"Laboratorio Facultad de Ciencias Sociales","description":"Laboratorio Facultad de Ciencias Sociales","publisher":{"@id":"https:\/\/www.upo.es\/facultad-ciencias-sociales\/es\/fcslab\/#organization"},"potentialAction":[{"@type":"SearchAction","target":{"@type":"EntryPoint","urlTemplate":"https:\/\/www.upo.es\/facultad-ciencias-sociales\/es\/fcslab\/?s={search_term_string}"},"query-input":"required name=search_term_string"}],"inLanguage":"es"},{"@type":"Organization","@id":"https:\/\/www.upo.es\/facultad-ciencias-sociales\/es\/fcslab\/#organization","name":"FCSLab","url":"https:\/\/www.upo.es\/facultad-ciencias-sociales\/es\/fcslab\/","logo":{"@type":"ImageObject","inLanguage":"es","@id":"https:\/\/www.upo.es\/facultad-ciencias-sociales\/es\/fcslab\/#\/schema\/logo\/image\/","url":"https:\/\/www.upo.es\/facultad-ciencias-sociales\/es\/fcslab\/wp-content\/uploads\/FCSLab.svg","contentUrl":"https:\/\/www.upo.es\/facultad-ciencias-sociales\/es\/fcslab\/wp-content\/uploads\/FCSLab.svg","width":962,"height":305,"caption":"FCSLab"},"image":{"@id":"https:\/\/www.upo.es\/facultad-ciencias-sociales\/es\/fcslab\/#\/schema\/logo\/image\/"},"sameAs":["https:\/\/x.com\/fcslabUPO","https:\/\/www.instagram.com\/fcslabupo\/"]}]}},"_links":{"self":[{"href":"https:\/\/www.upo.es\/facultad-ciencias-sociales\/es\/fcslab\/wp-json\/wp\/v2\/pages\/4225"}],"collection":[{"href":"https:\/\/www.upo.es\/facultad-ciencias-sociales\/es\/fcslab\/wp-json\/wp\/v2\/pages"}],"about":[{"href":"https:\/\/www.upo.es\/facultad-ciencias-sociales\/es\/fcslab\/wp-json\/wp\/v2\/types\/page"}],"author":[{"embeddable":true,"href":"https:\/\/www.upo.es\/facultad-ciencias-sociales\/es\/fcslab\/wp-json\/wp\/v2\/users\/2"}],"replies":[{"embeddable":true,"href":"https:\/\/www.upo.es\/facultad-ciencias-sociales\/es\/fcslab\/wp-json\/wp\/v2\/comments?post=4225"}],"version-history":[{"count":67,"href":"https:\/\/www.upo.es\/facultad-ciencias-sociales\/es\/fcslab\/wp-json\/wp\/v2\/pages\/4225\/revisions"}],"predecessor-version":[{"id":5784,"href":"https:\/\/www.upo.es\/facultad-ciencias-sociales\/es\/fcslab\/wp-json\/wp\/v2\/pages\/4225\/revisions\/5784"}],"wp:attachment":[{"href":"https:\/\/www.upo.es\/facultad-ciencias-sociales\/es\/fcslab\/wp-json\/wp\/v2\/media?parent=4225"}],"curies":[{"name":"wp","href":"https:\/\/api.w.org\/{rel}","templated":true}]}}