{"id":4769,"date":"2023-07-05T10:47:25","date_gmt":"2023-07-05T08:47:25","guid":{"rendered":"https:\/\/www.upo.es\/facultad-ciencias-sociales\/es\/fcslab\/?post_type=portfolio&#038;p=4769"},"modified":"2024-01-22T10:14:53","modified_gmt":"2024-01-22T09:14:53","slug":"humanizando-las-politicas-y-recreando-la-aplicabilidad-de-los-derechos-creacion-de-un-video-didactico-e-interactivo-para-el-diseno-e-implementacion-de-politicas-sociales-desde-el-enfoque-critico-de","status":"publish","type":"portfolio","link":"https:\/\/www.upo.es\/facultad-ciencias-sociales\/es\/fcslab\/noticias\/proyectos\/humanizando-las-politicas-y-recreando-la-aplicabilidad-de-los-derechos-creacion-de-un-video-didactico-e-interactivo-para-el-diseno-e-implementacion-de-politicas-sociales-desde-el-enfoque-critico-de\/","title":{"rendered":"Humanizando las pol\u00edticas y (re)creando la aplicabilidad de los derechos: creaci\u00f3n de un v\u00eddeo did\u00e1ctico e interactivo para el dise\u00f1o e implementaci\u00f3n de pol\u00edticas sociales desde el enfoque cr\u00edtico de derechos humanos en Trabajo Social"},"content":{"rendered":"\t\t<div data-elementor-type=\"wp-post\" data-elementor-id=\"4769\" class=\"elementor elementor-4769\">\n\t\t\t\t\t\t<section class=\"elementor-section elementor-top-section elementor-element elementor-element-238fffa0 elementor-section-boxed elementor-section-height-default elementor-section-height-default\" data-id=\"238fffa0\" data-element_type=\"section\" data-settings=\"{&quot;background_background&quot;:&quot;slideshow&quot;,&quot;background_slideshow_gallery&quot;:[{&quot;id&quot;:391,&quot;url&quot;:&quot;https:\\\/\\\/www.upo.es\\\/facultad-ciencias-sociales\\\/es\\\/fcslab\\\/wp-content\\\/uploads\\\/FCSLab-Sala.jpg&quot;},{&quot;id&quot;:396,&quot;url&quot;:&quot;https:\\\/\\\/www.upo.es\\\/facultad-ciencias-sociales\\\/es\\\/fcslab\\\/wp-content\\\/uploads\\\/Universidad-Pablo-de-Olavide.jpg&quot;},{&quot;id&quot;:395,&quot;url&quot;:&quot;https:\\\/\\\/www.upo.es\\\/facultad-ciencias-sociales\\\/es\\\/fcslab\\\/wp-content\\\/uploads\\\/Campus-Universidad-Pablo-de-Olavide.jpg&quot;}],&quot;shape_divider_bottom&quot;:&quot;mountains&quot;,&quot;background_slideshow_loop&quot;:&quot;yes&quot;,&quot;background_slideshow_slide_duration&quot;:5000,&quot;background_slideshow_slide_transition&quot;:&quot;fade&quot;,&quot;background_slideshow_transition_duration&quot;:500}\">\n\t\t\t\t\t\t\t<div class=\"elementor-background-overlay\"><\/div>\n\t\t\t\t\t\t<div class=\"elementor-shape elementor-shape-bottom\" aria-hidden=\"true\" data-negative=\"false\">\n\t\t\t<svg xmlns=\"http:\/\/www.w3.org\/2000\/svg\" viewBox=\"0 0 1000 100\" preserveAspectRatio=\"none\">\n\t<path class=\"elementor-shape-fill\" opacity=\"0.33\" d=\"M473,67.3c-203.9,88.3-263.1-34-320.3,0C66,119.1,0,59.7,0,59.7V0h1000v59.7 c0,0-62.1,26.1-94.9,29.3c-32.8,3.3-62.8-12.3-75.8-22.1C806,49.6,745.3,8.7,694.9,4.7S492.4,59,473,67.3z\"\/>\n\t<path class=\"elementor-shape-fill\" opacity=\"0.66\" d=\"M734,67.3c-45.5,0-77.2-23.2-129.1-39.1c-28.6-8.7-150.3-10.1-254,39.1 s-91.7-34.4-149.2,0C115.7,118.3,0,39.8,0,39.8V0h1000v36.5c0,0-28.2-18.5-92.1-18.5C810.2,18.1,775.7,67.3,734,67.3z\"\/>\n\t<path class=\"elementor-shape-fill\" d=\"M766.1,28.9c-200-57.5-266,65.5-395.1,19.5C242,1.8,242,5.4,184.8,20.6C128,35.8,132.3,44.9,89.9,52.5C28.6,63.7,0,0,0,0 h1000c0,0-9.9,40.9-83.6,48.1S829.6,47,766.1,28.9z\"\/>\n<\/svg>\t\t<\/div>\n\t\t\t\t\t<div class=\"elementor-container elementor-column-gap-default\">\n\t\t\t\t\t<div class=\"elementor-column elementor-col-100 elementor-top-column elementor-element elementor-element-21dbc2f1\" data-id=\"21dbc2f1\" data-element_type=\"column\">\n\t\t\t<div class=\"elementor-widget-wrap elementor-element-populated\">\n\t\t\t\t\t\t<div class=\"elementor-element elementor-element-65353d51 elementor-widget elementor-widget-text-editor\" data-id=\"65353d51\" data-element_type=\"widget\" data-widget_type=\"text-editor.default\">\n\t\t\t\t<div class=\"elementor-widget-container\">\n\t\t\t\t\t\t\t\t\t<p>Repositorio de Proyectos de Innovaci\u00f3n Docente&nbsp;<\/p>\t\t\t\t\t\t\t\t<\/div>\n\t\t\t\t<\/div>\n\t\t\t\t\t<\/div>\n\t\t<\/div>\n\t\t\t\t\t<\/div>\n\t\t<\/section>\n\t\t\t\t<section class=\"elementor-section elementor-top-section elementor-element elementor-element-1442ed7c elementor-section-boxed elementor-section-height-default elementor-section-height-default\" data-id=\"1442ed7c\" data-element_type=\"section\">\n\t\t\t\t\t\t<div class=\"elementor-container elementor-column-gap-default\">\n\t\t\t\t\t<div class=\"elementor-column elementor-col-100 elementor-top-column elementor-element elementor-element-1b2fdf07\" data-id=\"1b2fdf07\" data-element_type=\"column\">\n\t\t\t<div class=\"elementor-widget-wrap elementor-element-populated\">\n\t\t\t\t\t\t<div class=\"elementor-element elementor-element-52335b66 elementor-widget elementor-widget-heading\" data-id=\"52335b66\" data-element_type=\"widget\" data-widget_type=\"heading.default\">\n\t\t\t\t<div class=\"elementor-widget-container\">\n\t\t\t\t\t<h1 class=\"elementor-heading-title elementor-size-default\">Humanizando las pol\u00edticas y (re)creando la aplicabilidad de los derechos: creaci\u00f3n de un v\u00eddeo did\u00e1ctico e interactivo para el dise\u00f1o e implementaci\u00f3n de pol\u00edticas sociales desde el enfoque cr\u00edtico de derechos humanos en Trabajo Social<\/h1>\t\t\t\t<\/div>\n\t\t\t\t<\/div>\n\t\t\t\t\t<\/div>\n\t\t<\/div>\n\t\t\t\t\t<\/div>\n\t\t<\/section>\n\t\t\t\t<section class=\"elementor-section elementor-top-section elementor-element elementor-element-19d1425f elementor-section-boxed elementor-section-height-default elementor-section-height-default\" data-id=\"19d1425f\" data-element_type=\"section\">\n\t\t\t\t\t\t<div class=\"elementor-container elementor-column-gap-default\">\n\t\t\t\t\t<div class=\"elementor-column elementor-col-66 elementor-top-column elementor-element elementor-element-39643043\" data-id=\"39643043\" data-element_type=\"column\">\n\t\t\t<div class=\"elementor-widget-wrap elementor-element-populated\">\n\t\t\t\t\t\t<div class=\"elementor-element elementor-element-3e3735e4 elementor-widget elementor-widget-text-editor\" data-id=\"3e3735e4\" data-element_type=\"widget\" data-widget_type=\"text-editor.default\">\n\t\t\t\t<div class=\"elementor-widget-container\">\n\t\t\t\t\t\t\t\t\t<p>Descripci\u00f3n<\/p>\t\t\t\t\t\t\t\t<\/div>\n\t\t\t\t<\/div>\n\t\t\t\t<div class=\"elementor-element elementor-element-212e8de4 elementor-widget elementor-widget-text-editor\" data-id=\"212e8de4\" data-element_type=\"widget\" data-widget_type=\"text-editor.default\">\n\t\t\t\t<div class=\"elementor-widget-container\">\n\t\t\t\t\t\t\t\t\t<h2><strong>Humanizando las pol\u00edticas y (re)creando la aplicabilidad de los derechos: creaci\u00f3n de un v\u00eddeo did\u00e1ctico e interactivo para el dise\u00f1o e implementaci\u00f3n de pol\u00edticas sociales desde el enfoque cr\u00edtico de derechos humanos en Trabajo Social.<\/strong><\/h2>\t\t\t\t\t\t\t\t<\/div>\n\t\t\t\t<\/div>\n\t\t\t\t<div class=\"elementor-element elementor-element-364520cf elementor-widget elementor-widget-button\" data-id=\"364520cf\" data-element_type=\"widget\" data-widget_type=\"button.default\">\n\t\t\t\t<div class=\"elementor-widget-container\">\n\t\t\t\t\t\t\t\t\t<div class=\"elementor-button-wrapper\">\n\t\t\t\t\t<a class=\"elementor-button elementor-button-link elementor-size-sm\" href=\"https:\/\/upotv.upo.es\/series\/5ed62ff7abe3c673468b456b\" target=\"_blank\">\n\t\t\t\t\t\t<span class=\"elementor-button-content-wrapper\">\n\t\t\t\t\t\t\t\t\t<span class=\"elementor-button-text\">Ver v\u00eddeo<\/span>\n\t\t\t\t\t<\/span>\n\t\t\t\t\t<\/a>\n\t\t\t\t<\/div>\n\t\t\t\t\t\t\t\t<\/div>\n\t\t\t\t<\/div>\n\t\t\t\t<section class=\"elementor-section elementor-inner-section elementor-element elementor-element-662821f7 elementor-section-boxed elementor-section-height-default elementor-section-height-default\" data-id=\"662821f7\" data-element_type=\"section\">\n\t\t\t\t\t\t<div class=\"elementor-container elementor-column-gap-default\">\n\t\t\t\t\t<div class=\"elementor-column elementor-col-50 elementor-inner-column elementor-element elementor-element-2b280d46\" data-id=\"2b280d46\" data-element_type=\"column\">\n\t\t\t<div class=\"elementor-widget-wrap elementor-element-populated\">\n\t\t\t\t\t\t<div class=\"elementor-element elementor-element-194d1695 elementor-widget elementor-widget-eael-feature-list\" data-id=\"194d1695\" data-element_type=\"widget\" data-widget_type=\"eael-feature-list.default\">\n\t\t\t\t<div class=\"elementor-widget-container\">\n\t\t\t\t\t\t\t<div class=\"-icon-position-left -tablet-icon-position-left -mobile-icon-position-left\">\n\t\t\t<ul id=\"eael-feature-list-194d1695\" class=\"eael-feature-list-items circle stacked  eael-feature-list-vertical\" data-layout-tablet=\"vertical\" data-layout-mobile=\"vertical\">\n\t\t\t                <li class=\"eael-feature-list-item elementor-repeater-item-d9416b8\">\n                    \n\t\t\t\t\t\t<div class=\"eael-feature-list-icon-box\">\n\t\t\t\t\t\t\t<div class=\"eael-feature-list-icon-inner\">\n\n\t\t\t\t\t\t\t\t<span class=\"eael-feature-list-icon fl-icon-0\">\n\n\t\t<i aria-hidden=\"true\" class=\"icon icon-folder\"><\/i>\t\t\t\t\t\t\t\t<\/span>\n\t\t\t\t\t\t\t<\/div>\n\t\t\t\t\t\t<\/div>\n\t\t\t\t\t\t<div class=\"eael-feature-list-content-box\">\n                            <h2 class=\"eael-feature-list-title\">Categor\u00eda<\/h2>\t\t\t\t\t\t<p class=\"eael-feature-list-content\">Intervenci\u00f3n<\/p>\n\t\t\t\t\t\t<\/div>\n\n\t\t\t\t\t<\/li>\n\t\t\t\t\t\t\t<\/ul>\n\t\t<\/div>\n\t\t\t\t\t\t<\/div>\n\t\t\t\t<\/div>\n\t\t\t\t\t<\/div>\n\t\t<\/div>\n\t\t\t\t<div class=\"elementor-column elementor-col-50 elementor-inner-column elementor-element elementor-element-1a69e081\" data-id=\"1a69e081\" data-element_type=\"column\">\n\t\t\t<div class=\"elementor-widget-wrap elementor-element-populated\">\n\t\t\t\t\t\t<div class=\"elementor-element elementor-element-59e783ce elementor-widget elementor-widget-eael-feature-list\" data-id=\"59e783ce\" data-element_type=\"widget\" data-widget_type=\"eael-feature-list.default\">\n\t\t\t\t<div class=\"elementor-widget-container\">\n\t\t\t\t\t\t\t<div class=\"-icon-position-left -tablet-icon-position-left -mobile-icon-position-left\">\n\t\t\t<ul id=\"eael-feature-list-59e783ce\" class=\"eael-feature-list-items circle stacked  eael-feature-list-vertical\" data-layout-tablet=\"vertical\" data-layout-mobile=\"vertical\">\n\t\t\t                <li class=\"eael-feature-list-item elementor-repeater-item-ea5629a\">\n                    \n\t\t\t\t\t\t<div class=\"eael-feature-list-icon-box\">\n\t\t\t\t\t\t\t<div class=\"eael-feature-list-icon-inner\">\n\n\t\t\t\t\t\t\t\t<span class=\"eael-feature-list-icon fl-icon-0\">\n\n\t\t<i aria-hidden=\"true\" class=\"icon icon-calendar1\"><\/i>\t\t\t\t\t\t\t\t<\/span>\n\t\t\t\t\t\t\t<\/div>\n\t\t\t\t\t\t<\/div>\n\t\t\t\t\t\t<div class=\"eael-feature-list-content-box\">\n                            <h2 class=\"eael-feature-list-title\">Curso<\/h2>\t\t\t\t\t\t<p class=\"eael-feature-list-content\">2019-2020<\/p>\n\t\t\t\t\t\t<\/div>\n\n\t\t\t\t\t<\/li>\n\t\t\t\t\t\t\t<\/ul>\n\t\t<\/div>\n\t\t\t\t\t\t<\/div>\n\t\t\t\t<\/div>\n\t\t\t\t\t<\/div>\n\t\t<\/div>\n\t\t\t\t\t<\/div>\n\t\t<\/section>\n\t\t\t\t\t<\/div>\n\t\t<\/div>\n\t\t\t\t<div class=\"elementor-column elementor-col-33 elementor-top-column elementor-element elementor-element-750343b1\" data-id=\"750343b1\" data-element_type=\"column\" data-settings=\"{&quot;background_background&quot;:&quot;classic&quot;}\">\n\t\t\t<div class=\"elementor-widget-wrap elementor-element-populated\">\n\t\t\t\t\t\t<div class=\"elementor-element elementor-element-53975f94 elementor-widget elementor-widget-text-editor\" data-id=\"53975f94\" data-element_type=\"widget\" data-widget_type=\"text-editor.default\">\n\t\t\t\t<div class=\"elementor-widget-container\">\n\t\t\t\t\t\t\t\t\t<p>Investigadoras<\/p>\t\t\t\t\t\t\t\t<\/div>\n\t\t\t\t<\/div>\n\t\t\t\t<div class=\"elementor-element elementor-element-5eff1c8f elementor-widget elementor-widget-text-editor\" data-id=\"5eff1c8f\" data-element_type=\"widget\" data-widget_type=\"text-editor.default\">\n\t\t\t\t<div class=\"elementor-widget-container\">\n\t\t\t\t\t\t\t\t\t<ul>\n \t<li>Cordero Ramos, Nuria<\/li>\n<\/ul>\n\t\t\t\t\t\t\t\t<\/div>\n\t\t\t\t<\/div>\n\t\t\t\t<div class=\"elementor-element elementor-element-290f86be elementor-widget elementor-widget-button\" data-id=\"290f86be\" data-element_type=\"widget\" data-widget_type=\"button.default\">\n\t\t\t\t<div class=\"elementor-widget-container\">\n\t\t\t\t\t\t\t\t\t<div class=\"elementor-button-wrapper\">\n\t\t\t\t\t<a class=\"elementor-button elementor-button-link elementor-size-sm\" href=\"https:\/\/www.upo.es\/facultad-ciencias-sociales\/es\/fcslab\/repositorio-de-proyectos-de-innovacion\/\">\n\t\t\t\t\t\t<span class=\"elementor-button-content-wrapper\">\n\t\t\t\t\t\t\t\t\t<span class=\"elementor-button-text\">Volver al Repositorio<\/span>\n\t\t\t\t\t<\/span>\n\t\t\t\t\t<\/a>\n\t\t\t\t<\/div>\n\t\t\t\t\t\t\t\t<\/div>\n\t\t\t\t<\/div>\n\t\t\t\t\t<\/div>\n\t\t<\/div>\n\t\t\t\t\t<\/div>\n\t\t<\/section>\n\t\t\t\t<section class=\"elementor-section elementor-top-section elementor-element elementor-element-70fe82c5 elementor-section-boxed elementor-section-height-default elementor-section-height-default\" data-id=\"70fe82c5\" data-element_type=\"section\">\n\t\t\t\t\t\t<div class=\"elementor-container elementor-column-gap-default\">\n\t\t\t\t\t<div class=\"elementor-column elementor-col-100 elementor-top-column elementor-element elementor-element-11588737\" data-id=\"11588737\" data-element_type=\"column\">\n\t\t\t<div class=\"elementor-widget-wrap elementor-element-populated\">\n\t\t\t\t\t\t<div class=\"elementor-element elementor-element-1e573911 elementor-widget elementor-widget-spacer\" data-id=\"1e573911\" data-element_type=\"widget\" data-widget_type=\"spacer.default\">\n\t\t\t\t<div class=\"elementor-widget-container\">\n\t\t\t\t\t\t\t<div class=\"elementor-spacer\">\n\t\t\t<div class=\"elementor-spacer-inner\"><\/div>\n\t\t<\/div>\n\t\t\t\t\t\t<\/div>\n\t\t\t\t<\/div>\n\t\t\t\t\t<\/div>\n\t\t<\/div>\n\t\t\t\t\t<\/div>\n\t\t<\/section>\n\t\t\t\t<\/div>\n\t\t","protected":false},"featured_media":0,"menu_order":0,"template":"","portfolio-category":[49,44],"portfolio-tag":[],"yoast_head":"<!-- This site is optimized with the Yoast SEO plugin v22.7 - https:\/\/yoast.com\/wordpress\/plugins\/seo\/ -->\n<title>Humanizando las pol\u00edticas y (re)creando la aplicabilidad de los derechos: creaci\u00f3n de un v\u00eddeo did\u00e1ctico e interactivo para el dise\u00f1o e implementaci\u00f3n de pol\u00edticas sociales desde el enfoque cr\u00edtico de derechos humanos en Trabajo Social - Laboratorio Facultad de Ciencias Sociales<\/title>\n<meta name=\"robots\" content=\"index, follow, max-snippet:-1, max-image-preview:large, max-video-preview:-1\" \/>\n<link rel=\"canonical\" href=\"https:\/\/www.upo.es\/facultad-ciencias-sociales\/es\/fcslab\/noticias\/proyectos\/humanizando-las-politicas-y-recreando-la-aplicabilidad-de-los-derechos-creacion-de-un-video-didactico-e-interactivo-para-el-diseno-e-implementacion-de-politicas-sociales-desde-el-enfoque-critico-de\/\" \/>\n<meta property=\"og:locale\" content=\"es_ES\" \/>\n<meta property=\"og:type\" content=\"article\" \/>\n<meta property=\"og:title\" content=\"Humanizando las pol\u00edticas y (re)creando la aplicabilidad de los derechos: creaci\u00f3n de un v\u00eddeo did\u00e1ctico e interactivo para el dise\u00f1o e implementaci\u00f3n de pol\u00edticas sociales desde el enfoque cr\u00edtico de derechos humanos en Trabajo Social - Laboratorio Facultad de Ciencias Sociales\" \/>\n<meta property=\"og:description\" content=\"Repositorio de Proyectos de Innovaci\u00f3n Docente&nbsp; Humanizando las pol\u00edticas y (re)creando la aplicabilidad de los derechos: creaci\u00f3n de un v\u00eddeo did\u00e1ctico e interactivo para el dise\u00f1o e implementaci\u00f3n de pol\u00edticas sociales desde el enfoque cr\u00edtico de derechos humanos en Trabajo Social Descripci\u00f3n Humanizando las pol\u00edticas y (re)creando la aplicabilidad de los derechos: creaci\u00f3n de un &hellip; Continuar leyendo &quot;Humanizando las pol\u00edticas y (re)creando la aplicabilidad de los derechos: creaci\u00f3n de un v\u00eddeo did\u00e1ctico e interactivo para el dise\u00f1o e implementaci\u00f3n de pol\u00edticas sociales desde el enfoque cr\u00edtico de derechos humanos en Trabajo Social&quot;\" \/>\n<meta property=\"og:url\" content=\"https:\/\/www.upo.es\/facultad-ciencias-sociales\/es\/fcslab\/noticias\/proyectos\/humanizando-las-politicas-y-recreando-la-aplicabilidad-de-los-derechos-creacion-de-un-video-didactico-e-interactivo-para-el-diseno-e-implementacion-de-politicas-sociales-desde-el-enfoque-critico-de\/\" \/>\n<meta property=\"og:site_name\" content=\"Laboratorio Facultad de Ciencias Sociales\" \/>\n<meta property=\"article:modified_time\" content=\"2024-01-22T09:14:53+00:00\" \/>\n<meta property=\"og:image\" content=\"https:\/\/www.upo.es\/facultad-ciencias-sociales\/es\/fcslab\/wp-content\/uploads\/Logotipo-FCSLab_Color-min.png\" \/>\n\t<meta property=\"og:image:width\" content=\"2188\" \/>\n\t<meta property=\"og:image:height\" content=\"816\" \/>\n\t<meta property=\"og:image:type\" content=\"image\/png\" \/>\n<meta name=\"twitter:card\" content=\"summary_large_image\" \/>\n<meta name=\"twitter:site\" content=\"@fcslabUPO\" \/>\n<script type=\"application\/ld+json\" class=\"yoast-schema-graph\">{\"@context\":\"https:\/\/schema.org\",\"@graph\":[{\"@type\":\"WebPage\",\"@id\":\"https:\/\/www.upo.es\/facultad-ciencias-sociales\/es\/fcslab\/noticias\/proyectos\/humanizando-las-politicas-y-recreando-la-aplicabilidad-de-los-derechos-creacion-de-un-video-didactico-e-interactivo-para-el-diseno-e-implementacion-de-politicas-sociales-desde-el-enfoque-critico-de\/\",\"url\":\"https:\/\/www.upo.es\/facultad-ciencias-sociales\/es\/fcslab\/noticias\/proyectos\/humanizando-las-politicas-y-recreando-la-aplicabilidad-de-los-derechos-creacion-de-un-video-didactico-e-interactivo-para-el-diseno-e-implementacion-de-politicas-sociales-desde-el-enfoque-critico-de\/\",\"name\":\"Humanizando las pol\u00edticas y (re)creando la aplicabilidad de los derechos: creaci\u00f3n de un v\u00eddeo did\u00e1ctico e interactivo para el dise\u00f1o e implementaci\u00f3n de pol\u00edticas sociales desde el enfoque cr\u00edtico de derechos humanos en Trabajo Social - Laboratorio Facultad de Ciencias Sociales\",\"isPartOf\":{\"@id\":\"https:\/\/www.upo.es\/facultad-ciencias-sociales\/es\/fcslab\/#website\"},\"datePublished\":\"2023-07-05T08:47:25+00:00\",\"dateModified\":\"2024-01-22T09:14:53+00:00\",\"breadcrumb\":{\"@id\":\"https:\/\/www.upo.es\/facultad-ciencias-sociales\/es\/fcslab\/noticias\/proyectos\/humanizando-las-politicas-y-recreando-la-aplicabilidad-de-los-derechos-creacion-de-un-video-didactico-e-interactivo-para-el-diseno-e-implementacion-de-politicas-sociales-desde-el-enfoque-critico-de\/#breadcrumb\"},\"inLanguage\":\"es\",\"potentialAction\":[{\"@type\":\"ReadAction\",\"target\":[\"https:\/\/www.upo.es\/facultad-ciencias-sociales\/es\/fcslab\/noticias\/proyectos\/humanizando-las-politicas-y-recreando-la-aplicabilidad-de-los-derechos-creacion-de-un-video-didactico-e-interactivo-para-el-diseno-e-implementacion-de-politicas-sociales-desde-el-enfoque-critico-de\/\"]}]},{\"@type\":\"BreadcrumbList\",\"@id\":\"https:\/\/www.upo.es\/facultad-ciencias-sociales\/es\/fcslab\/noticias\/proyectos\/humanizando-las-politicas-y-recreando-la-aplicabilidad-de-los-derechos-creacion-de-un-video-didactico-e-interactivo-para-el-diseno-e-implementacion-de-politicas-sociales-desde-el-enfoque-critico-de\/#breadcrumb\",\"itemListElement\":[{\"@type\":\"ListItem\",\"position\":1,\"name\":\"Portada\",\"item\":\"https:\/\/www.upo.es\/facultad-ciencias-sociales\/es\/fcslab\/\"},{\"@type\":\"ListItem\",\"position\":2,\"name\":\"Humanizando las pol\u00edticas y (re)creando la aplicabilidad de los derechos: creaci\u00f3n de un v\u00eddeo did\u00e1ctico e interactivo para el dise\u00f1o e implementaci\u00f3n de pol\u00edticas sociales desde el enfoque cr\u00edtico de derechos humanos en Trabajo Social\"}]},{\"@type\":\"WebSite\",\"@id\":\"https:\/\/www.upo.es\/facultad-ciencias-sociales\/es\/fcslab\/#website\",\"url\":\"https:\/\/www.upo.es\/facultad-ciencias-sociales\/es\/fcslab\/\",\"name\":\"Laboratorio Facultad de Ciencias Sociales\",\"description\":\"Laboratorio Facultad de Ciencias Sociales\",\"publisher\":{\"@id\":\"https:\/\/www.upo.es\/facultad-ciencias-sociales\/es\/fcslab\/#organization\"},\"potentialAction\":[{\"@type\":\"SearchAction\",\"target\":{\"@type\":\"EntryPoint\",\"urlTemplate\":\"https:\/\/www.upo.es\/facultad-ciencias-sociales\/es\/fcslab\/?s={search_term_string}\"},\"query-input\":\"required name=search_term_string\"}],\"inLanguage\":\"es\"},{\"@type\":\"Organization\",\"@id\":\"https:\/\/www.upo.es\/facultad-ciencias-sociales\/es\/fcslab\/#organization\",\"name\":\"FCSLab\",\"url\":\"https:\/\/www.upo.es\/facultad-ciencias-sociales\/es\/fcslab\/\",\"logo\":{\"@type\":\"ImageObject\",\"inLanguage\":\"es\",\"@id\":\"https:\/\/www.upo.es\/facultad-ciencias-sociales\/es\/fcslab\/#\/schema\/logo\/image\/\",\"url\":\"https:\/\/www.upo.es\/facultad-ciencias-sociales\/es\/fcslab\/wp-content\/uploads\/FCSLab.svg\",\"contentUrl\":\"https:\/\/www.upo.es\/facultad-ciencias-sociales\/es\/fcslab\/wp-content\/uploads\/FCSLab.svg\",\"width\":962,\"height\":305,\"caption\":\"FCSLab\"},\"image\":{\"@id\":\"https:\/\/www.upo.es\/facultad-ciencias-sociales\/es\/fcslab\/#\/schema\/logo\/image\/\"},\"sameAs\":[\"https:\/\/x.com\/fcslabUPO\",\"https:\/\/www.instagram.com\/fcslabupo\/\"]}]}<\/script>\n<!-- \/ Yoast SEO plugin. -->","yoast_head_json":{"title":"Humanizando las pol\u00edticas y (re)creando la aplicabilidad de los derechos: creaci\u00f3n de un v\u00eddeo did\u00e1ctico e interactivo para el dise\u00f1o e implementaci\u00f3n de pol\u00edticas sociales desde el enfoque cr\u00edtico de derechos humanos en Trabajo Social - Laboratorio Facultad de Ciencias Sociales","robots":{"index":"index","follow":"follow","max-snippet":"max-snippet:-1","max-image-preview":"max-image-preview:large","max-video-preview":"max-video-preview:-1"},"canonical":"https:\/\/www.upo.es\/facultad-ciencias-sociales\/es\/fcslab\/noticias\/proyectos\/humanizando-las-politicas-y-recreando-la-aplicabilidad-de-los-derechos-creacion-de-un-video-didactico-e-interactivo-para-el-diseno-e-implementacion-de-politicas-sociales-desde-el-enfoque-critico-de\/","og_locale":"es_ES","og_type":"article","og_title":"Humanizando las pol\u00edticas y (re)creando la aplicabilidad de los derechos: creaci\u00f3n de un v\u00eddeo did\u00e1ctico e interactivo para el dise\u00f1o e implementaci\u00f3n de pol\u00edticas sociales desde el enfoque cr\u00edtico de derechos humanos en Trabajo Social - Laboratorio Facultad de Ciencias Sociales","og_description":"Repositorio de Proyectos de Innovaci\u00f3n Docente&nbsp; Humanizando las pol\u00edticas y (re)creando la aplicabilidad de los derechos: creaci\u00f3n de un v\u00eddeo did\u00e1ctico e interactivo para el dise\u00f1o e implementaci\u00f3n de pol\u00edticas sociales desde el enfoque cr\u00edtico de derechos humanos en Trabajo Social Descripci\u00f3n Humanizando las pol\u00edticas y (re)creando la aplicabilidad de los derechos: creaci\u00f3n de un &hellip; Continuar leyendo \"Humanizando las pol\u00edticas y (re)creando la aplicabilidad de los derechos: creaci\u00f3n de un v\u00eddeo did\u00e1ctico e interactivo para el dise\u00f1o e implementaci\u00f3n de pol\u00edticas sociales desde el enfoque cr\u00edtico de derechos humanos en Trabajo Social\"","og_url":"https:\/\/www.upo.es\/facultad-ciencias-sociales\/es\/fcslab\/noticias\/proyectos\/humanizando-las-politicas-y-recreando-la-aplicabilidad-de-los-derechos-creacion-de-un-video-didactico-e-interactivo-para-el-diseno-e-implementacion-de-politicas-sociales-desde-el-enfoque-critico-de\/","og_site_name":"Laboratorio Facultad de Ciencias Sociales","article_modified_time":"2024-01-22T09:14:53+00:00","og_image":[{"width":2188,"height":816,"url":"https:\/\/www.upo.es\/facultad-ciencias-sociales\/es\/fcslab\/wp-content\/uploads\/Logotipo-FCSLab_Color-min.png","type":"image\/png"}],"twitter_card":"summary_large_image","twitter_site":"@fcslabUPO","schema":{"@context":"https:\/\/schema.org","@graph":[{"@type":"WebPage","@id":"https:\/\/www.upo.es\/facultad-ciencias-sociales\/es\/fcslab\/noticias\/proyectos\/humanizando-las-politicas-y-recreando-la-aplicabilidad-de-los-derechos-creacion-de-un-video-didactico-e-interactivo-para-el-diseno-e-implementacion-de-politicas-sociales-desde-el-enfoque-critico-de\/","url":"https:\/\/www.upo.es\/facultad-ciencias-sociales\/es\/fcslab\/noticias\/proyectos\/humanizando-las-politicas-y-recreando-la-aplicabilidad-de-los-derechos-creacion-de-un-video-didactico-e-interactivo-para-el-diseno-e-implementacion-de-politicas-sociales-desde-el-enfoque-critico-de\/","name":"Humanizando las pol\u00edticas y (re)creando la aplicabilidad de los derechos: creaci\u00f3n de un v\u00eddeo did\u00e1ctico e interactivo para el dise\u00f1o e implementaci\u00f3n de pol\u00edticas sociales desde el enfoque cr\u00edtico de derechos humanos en Trabajo Social - Laboratorio Facultad de Ciencias Sociales","isPartOf":{"@id":"https:\/\/www.upo.es\/facultad-ciencias-sociales\/es\/fcslab\/#website"},"datePublished":"2023-07-05T08:47:25+00:00","dateModified":"2024-01-22T09:14:53+00:00","breadcrumb":{"@id":"https:\/\/www.upo.es\/facultad-ciencias-sociales\/es\/fcslab\/noticias\/proyectos\/humanizando-las-politicas-y-recreando-la-aplicabilidad-de-los-derechos-creacion-de-un-video-didactico-e-interactivo-para-el-diseno-e-implementacion-de-politicas-sociales-desde-el-enfoque-critico-de\/#breadcrumb"},"inLanguage":"es","potentialAction":[{"@type":"ReadAction","target":["https:\/\/www.upo.es\/facultad-ciencias-sociales\/es\/fcslab\/noticias\/proyectos\/humanizando-las-politicas-y-recreando-la-aplicabilidad-de-los-derechos-creacion-de-un-video-didactico-e-interactivo-para-el-diseno-e-implementacion-de-politicas-sociales-desde-el-enfoque-critico-de\/"]}]},{"@type":"BreadcrumbList","@id":"https:\/\/www.upo.es\/facultad-ciencias-sociales\/es\/fcslab\/noticias\/proyectos\/humanizando-las-politicas-y-recreando-la-aplicabilidad-de-los-derechos-creacion-de-un-video-didactico-e-interactivo-para-el-diseno-e-implementacion-de-politicas-sociales-desde-el-enfoque-critico-de\/#breadcrumb","itemListElement":[{"@type":"ListItem","position":1,"name":"Portada","item":"https:\/\/www.upo.es\/facultad-ciencias-sociales\/es\/fcslab\/"},{"@type":"ListItem","position":2,"name":"Humanizando las pol\u00edticas y (re)creando la aplicabilidad de los derechos: creaci\u00f3n de un v\u00eddeo did\u00e1ctico e interactivo para el dise\u00f1o e implementaci\u00f3n de pol\u00edticas sociales desde el enfoque cr\u00edtico de derechos humanos en Trabajo Social"}]},{"@type":"WebSite","@id":"https:\/\/www.upo.es\/facultad-ciencias-sociales\/es\/fcslab\/#website","url":"https:\/\/www.upo.es\/facultad-ciencias-sociales\/es\/fcslab\/","name":"Laboratorio Facultad de Ciencias Sociales","description":"Laboratorio Facultad de Ciencias Sociales","publisher":{"@id":"https:\/\/www.upo.es\/facultad-ciencias-sociales\/es\/fcslab\/#organization"},"potentialAction":[{"@type":"SearchAction","target":{"@type":"EntryPoint","urlTemplate":"https:\/\/www.upo.es\/facultad-ciencias-sociales\/es\/fcslab\/?s={search_term_string}"},"query-input":"required name=search_term_string"}],"inLanguage":"es"},{"@type":"Organization","@id":"https:\/\/www.upo.es\/facultad-ciencias-sociales\/es\/fcslab\/#organization","name":"FCSLab","url":"https:\/\/www.upo.es\/facultad-ciencias-sociales\/es\/fcslab\/","logo":{"@type":"ImageObject","inLanguage":"es","@id":"https:\/\/www.upo.es\/facultad-ciencias-sociales\/es\/fcslab\/#\/schema\/logo\/image\/","url":"https:\/\/www.upo.es\/facultad-ciencias-sociales\/es\/fcslab\/wp-content\/uploads\/FCSLab.svg","contentUrl":"https:\/\/www.upo.es\/facultad-ciencias-sociales\/es\/fcslab\/wp-content\/uploads\/FCSLab.svg","width":962,"height":305,"caption":"FCSLab"},"image":{"@id":"https:\/\/www.upo.es\/facultad-ciencias-sociales\/es\/fcslab\/#\/schema\/logo\/image\/"},"sameAs":["https:\/\/x.com\/fcslabUPO","https:\/\/www.instagram.com\/fcslabupo\/"]}]}},"_links":{"self":[{"href":"https:\/\/www.upo.es\/facultad-ciencias-sociales\/es\/fcslab\/wp-json\/wp\/v2\/portfolio\/4769"}],"collection":[{"href":"https:\/\/www.upo.es\/facultad-ciencias-sociales\/es\/fcslab\/wp-json\/wp\/v2\/portfolio"}],"about":[{"href":"https:\/\/www.upo.es\/facultad-ciencias-sociales\/es\/fcslab\/wp-json\/wp\/v2\/types\/portfolio"}],"version-history":[{"count":10,"href":"https:\/\/www.upo.es\/facultad-ciencias-sociales\/es\/fcslab\/wp-json\/wp\/v2\/portfolio\/4769\/revisions"}],"predecessor-version":[{"id":5323,"href":"https:\/\/www.upo.es\/facultad-ciencias-sociales\/es\/fcslab\/wp-json\/wp\/v2\/portfolio\/4769\/revisions\/5323"}],"wp:attachment":[{"href":"https:\/\/www.upo.es\/facultad-ciencias-sociales\/es\/fcslab\/wp-json\/wp\/v2\/media?parent=4769"}],"wp:term":[{"taxonomy":"portfolio-category","embeddable":true,"href":"https:\/\/www.upo.es\/facultad-ciencias-sociales\/es\/fcslab\/wp-json\/wp\/v2\/portfolio-category?post=4769"},{"taxonomy":"portfolio-tag","embeddable":true,"href":"https:\/\/www.upo.es\/facultad-ciencias-sociales\/es\/fcslab\/wp-json\/wp\/v2\/portfolio-tag?post=4769"}],"curies":[{"name":"wp","href":"https:\/\/api.w.org\/{rel}","templated":true}]}}