{"id":4784,"date":"2023-07-05T10:55:24","date_gmt":"2023-07-05T08:55:24","guid":{"rendered":"https:\/\/www.upo.es\/facultad-ciencias-sociales\/es\/fcslab\/?post_type=portfolio&#038;p=4784"},"modified":"2024-01-22T10:05:31","modified_gmt":"2024-01-22T09:05:31","slug":"diseno-y-aplicacion-de-instrumentos-de-evaluacion-de-competencias-interculturales-desde-la-perspectiva-de-genero","status":"publish","type":"portfolio","link":"https:\/\/www.upo.es\/facultad-ciencias-sociales\/es\/fcslab\/noticias\/proyectos\/diseno-y-aplicacion-de-instrumentos-de-evaluacion-de-competencias-interculturales-desde-la-perspectiva-de-genero\/","title":{"rendered":"Dise\u00f1o y Aplicaci\u00f3n de Instrumentos de Evaluaci\u00f3n de competencias interculturales desde la perspectiva de g\u00e9nero"},"content":{"rendered":"\t\t<div data-elementor-type=\"wp-post\" data-elementor-id=\"4784\" class=\"elementor elementor-4784\">\n\t\t\t\t\t\t<section class=\"elementor-section elementor-top-section elementor-element elementor-element-18937eec elementor-section-boxed elementor-section-height-default elementor-section-height-default\" data-id=\"18937eec\" data-element_type=\"section\" data-settings=\"{&quot;background_background&quot;:&quot;slideshow&quot;,&quot;background_slideshow_gallery&quot;:[{&quot;id&quot;:391,&quot;url&quot;:&quot;https:\\\/\\\/www.upo.es\\\/facultad-ciencias-sociales\\\/es\\\/fcslab\\\/wp-content\\\/uploads\\\/FCSLab-Sala.jpg&quot;},{&quot;id&quot;:396,&quot;url&quot;:&quot;https:\\\/\\\/www.upo.es\\\/facultad-ciencias-sociales\\\/es\\\/fcslab\\\/wp-content\\\/uploads\\\/Universidad-Pablo-de-Olavide.jpg&quot;},{&quot;id&quot;:395,&quot;url&quot;:&quot;https:\\\/\\\/www.upo.es\\\/facultad-ciencias-sociales\\\/es\\\/fcslab\\\/wp-content\\\/uploads\\\/Campus-Universidad-Pablo-de-Olavide.jpg&quot;}],&quot;shape_divider_bottom&quot;:&quot;mountains&quot;,&quot;background_slideshow_loop&quot;:&quot;yes&quot;,&quot;background_slideshow_slide_duration&quot;:5000,&quot;background_slideshow_slide_transition&quot;:&quot;fade&quot;,&quot;background_slideshow_transition_duration&quot;:500}\">\n\t\t\t\t\t\t\t<div class=\"elementor-background-overlay\"><\/div>\n\t\t\t\t\t\t<div class=\"elementor-shape elementor-shape-bottom\" aria-hidden=\"true\" data-negative=\"false\">\n\t\t\t<svg xmlns=\"http:\/\/www.w3.org\/2000\/svg\" viewBox=\"0 0 1000 100\" preserveAspectRatio=\"none\">\n\t<path class=\"elementor-shape-fill\" opacity=\"0.33\" d=\"M473,67.3c-203.9,88.3-263.1-34-320.3,0C66,119.1,0,59.7,0,59.7V0h1000v59.7 c0,0-62.1,26.1-94.9,29.3c-32.8,3.3-62.8-12.3-75.8-22.1C806,49.6,745.3,8.7,694.9,4.7S492.4,59,473,67.3z\"\/>\n\t<path class=\"elementor-shape-fill\" opacity=\"0.66\" d=\"M734,67.3c-45.5,0-77.2-23.2-129.1-39.1c-28.6-8.7-150.3-10.1-254,39.1 s-91.7-34.4-149.2,0C115.7,118.3,0,39.8,0,39.8V0h1000v36.5c0,0-28.2-18.5-92.1-18.5C810.2,18.1,775.7,67.3,734,67.3z\"\/>\n\t<path class=\"elementor-shape-fill\" d=\"M766.1,28.9c-200-57.5-266,65.5-395.1,19.5C242,1.8,242,5.4,184.8,20.6C128,35.8,132.3,44.9,89.9,52.5C28.6,63.7,0,0,0,0 h1000c0,0-9.9,40.9-83.6,48.1S829.6,47,766.1,28.9z\"\/>\n<\/svg>\t\t<\/div>\n\t\t\t\t\t<div class=\"elementor-container elementor-column-gap-default\">\n\t\t\t\t\t<div class=\"elementor-column elementor-col-100 elementor-top-column elementor-element elementor-element-613901a3\" data-id=\"613901a3\" data-element_type=\"column\">\n\t\t\t<div class=\"elementor-widget-wrap elementor-element-populated\">\n\t\t\t\t\t\t<div class=\"elementor-element elementor-element-3d8b1e26 elementor-widget elementor-widget-text-editor\" data-id=\"3d8b1e26\" data-element_type=\"widget\" data-widget_type=\"text-editor.default\">\n\t\t\t\t<div class=\"elementor-widget-container\">\n\t\t\t\t\t\t\t\t\t<p>Repositorio de Proyectos de Innovaci\u00f3n Docente<\/p>\t\t\t\t\t\t\t\t<\/div>\n\t\t\t\t<\/div>\n\t\t\t\t\t<\/div>\n\t\t<\/div>\n\t\t\t\t\t<\/div>\n\t\t<\/section>\n\t\t\t\t<section class=\"elementor-section elementor-top-section elementor-element elementor-element-47639768 elementor-section-boxed elementor-section-height-default elementor-section-height-default\" data-id=\"47639768\" data-element_type=\"section\">\n\t\t\t\t\t\t<div class=\"elementor-container elementor-column-gap-default\">\n\t\t\t\t\t<div class=\"elementor-column elementor-col-100 elementor-top-column elementor-element elementor-element-4200e5ea\" data-id=\"4200e5ea\" data-element_type=\"column\">\n\t\t\t<div class=\"elementor-widget-wrap elementor-element-populated\">\n\t\t\t\t\t\t<div class=\"elementor-element elementor-element-1d74561c elementor-widget elementor-widget-heading\" data-id=\"1d74561c\" data-element_type=\"widget\" data-widget_type=\"heading.default\">\n\t\t\t\t<div class=\"elementor-widget-container\">\n\t\t\t\t\t<h1 class=\"elementor-heading-title elementor-size-default\">Dise\u00f1o y Aplicaci\u00f3n de Instrumentos de Evaluaci\u00f3n de competencias interculturales desde la perspectiva de g\u00e9nero<\/h1>\t\t\t\t<\/div>\n\t\t\t\t<\/div>\n\t\t\t\t\t<\/div>\n\t\t<\/div>\n\t\t\t\t\t<\/div>\n\t\t<\/section>\n\t\t\t\t<section class=\"elementor-section elementor-top-section elementor-element elementor-element-63024751 elementor-section-boxed elementor-section-height-default elementor-section-height-default\" data-id=\"63024751\" data-element_type=\"section\">\n\t\t\t\t\t\t<div class=\"elementor-container elementor-column-gap-default\">\n\t\t\t\t\t<div class=\"elementor-column elementor-col-66 elementor-top-column elementor-element elementor-element-4f6e4740\" data-id=\"4f6e4740\" data-element_type=\"column\">\n\t\t\t<div class=\"elementor-widget-wrap elementor-element-populated\">\n\t\t\t\t\t\t<div class=\"elementor-element elementor-element-6d126f04 elementor-widget elementor-widget-text-editor\" data-id=\"6d126f04\" data-element_type=\"widget\" data-widget_type=\"text-editor.default\">\n\t\t\t\t<div class=\"elementor-widget-container\">\n\t\t\t\t\t\t\t\t\t<p>Descripci\u00f3n<\/p>\t\t\t\t\t\t\t\t<\/div>\n\t\t\t\t<\/div>\n\t\t\t\t<div class=\"elementor-element elementor-element-18834a8e elementor-widget elementor-widget-text-editor\" data-id=\"18834a8e\" data-element_type=\"widget\" data-widget_type=\"text-editor.default\">\n\t\t\t\t<div class=\"elementor-widget-container\">\n\t\t\t\t\t\t\t\t\t<h2><strong>Los objetivos de la propuesta de innovaci\u00f3n docente que presentamos se centraron en:<\/strong><\/h2><ul><li>Dotar al alumnado de conocimientos conceptuales relacionados con la diversidad cultural desde la perspectiva de g\u00e9nero.<\/li><li>Favorecer en el alumnado la capacidad de an\u00e1lisis ante situaciones etnocentristas y androc\u00e9ntricas.<\/li><li>Desarrollar estrategias de intervenci\u00f3n socioeducativas que favorezcan las competencias interculturales con perspectiva de g\u00e9nero.<\/li><li>Desarrollar en el alumnado una sensibilidad de g\u00e9nero en contextos multiculturales.<\/li><\/ul><p>A su vez, se pretendi\u00f3 dise\u00f1ar un instrumento de evaluaci\u00f3n que mida las competencias interculturales desde la perspectiva de g\u00e9nero.<\/p>\t\t\t\t\t\t\t\t<\/div>\n\t\t\t\t<\/div>\n\t\t\t\t<div class=\"elementor-element elementor-element-07f4985 elementor-widget elementor-widget-button\" data-id=\"07f4985\" data-element_type=\"widget\" data-widget_type=\"button.default\">\n\t\t\t\t<div class=\"elementor-widget-container\">\n\t\t\t\t\t\t\t\t\t<div class=\"elementor-button-wrapper\">\n\t\t\t\t\t<a class=\"elementor-button elementor-button-link elementor-size-sm\" href=\"https:\/\/www.upo.es\/facultad-ciencias-sociales\/es\/fcslab\/wp-content\/uploads\/Diseno-y-Aplicacion-de-Instrumentos-de-Evaluacion-de-competencias-interculturales-desde-la-perspectiva-de-genero.pdf\" target=\"_blank\">\n\t\t\t\t\t\t<span class=\"elementor-button-content-wrapper\">\n\t\t\t\t\t\t\t\t\t<span class=\"elementor-button-text\">Ver documentaci\u00f3n<\/span>\n\t\t\t\t\t<\/span>\n\t\t\t\t\t<\/a>\n\t\t\t\t<\/div>\n\t\t\t\t\t\t\t\t<\/div>\n\t\t\t\t<\/div>\n\t\t\t\t<div class=\"elementor-element elementor-element-483d1a61 elementor-widget elementor-widget-button\" data-id=\"483d1a61\" data-element_type=\"widget\" data-widget_type=\"button.default\">\n\t\t\t\t<div class=\"elementor-widget-container\">\n\t\t\t\t\t\t\t\t\t<div class=\"elementor-button-wrapper\">\n\t\t\t\t\t<a class=\"elementor-button elementor-button-link elementor-size-sm\" href=\"https:\/\/upotv.upo.es\/video\/60d965f2abe3c6644a8b456b\" target=\"_blank\">\n\t\t\t\t\t\t<span class=\"elementor-button-content-wrapper\">\n\t\t\t\t\t\t\t\t\t<span class=\"elementor-button-text\">Ver v\u00eddeo<\/span>\n\t\t\t\t\t<\/span>\n\t\t\t\t\t<\/a>\n\t\t\t\t<\/div>\n\t\t\t\t\t\t\t\t<\/div>\n\t\t\t\t<\/div>\n\t\t\t\t<section class=\"elementor-section elementor-inner-section elementor-element elementor-element-76dc84c1 elementor-section-boxed elementor-section-height-default elementor-section-height-default\" data-id=\"76dc84c1\" data-element_type=\"section\">\n\t\t\t\t\t\t<div class=\"elementor-container elementor-column-gap-default\">\n\t\t\t\t\t<div class=\"elementor-column elementor-col-50 elementor-inner-column elementor-element elementor-element-b94d9b7\" data-id=\"b94d9b7\" data-element_type=\"column\">\n\t\t\t<div class=\"elementor-widget-wrap elementor-element-populated\">\n\t\t\t\t\t\t<div class=\"elementor-element elementor-element-2856ed07 elementor-widget elementor-widget-eael-feature-list\" data-id=\"2856ed07\" data-element_type=\"widget\" data-widget_type=\"eael-feature-list.default\">\n\t\t\t\t<div class=\"elementor-widget-container\">\n\t\t\t\t\t\t\t<div class=\"-icon-position-left -tablet-icon-position-left -mobile-icon-position-left\">\n\t\t\t<ul id=\"eael-feature-list-2856ed07\" class=\"eael-feature-list-items circle stacked  eael-feature-list-vertical\" data-layout-tablet=\"vertical\" data-layout-mobile=\"vertical\">\n\t\t\t                <li class=\"eael-feature-list-item elementor-repeater-item-d9416b8\">\n                    \n\t\t\t\t\t\t<div class=\"eael-feature-list-icon-box\">\n\t\t\t\t\t\t\t<div class=\"eael-feature-list-icon-inner\">\n\n\t\t\t\t\t\t\t\t<span class=\"eael-feature-list-icon fl-icon-0\">\n\n\t\t<i aria-hidden=\"true\" class=\"icon icon-folder\"><\/i>\t\t\t\t\t\t\t\t<\/span>\n\t\t\t\t\t\t\t<\/div>\n\t\t\t\t\t\t<\/div>\n\t\t\t\t\t\t<div class=\"eael-feature-list-content-box\">\n                            <h2 class=\"eael-feature-list-title\">Categor\u00eda<\/h2>\t\t\t\t\t\t<p class=\"eael-feature-list-content\">G\u00e9nero<\/p>\n\t\t\t\t\t\t<\/div>\n\n\t\t\t\t\t<\/li>\n\t\t\t\t\t\t\t<\/ul>\n\t\t<\/div>\n\t\t\t\t\t\t<\/div>\n\t\t\t\t<\/div>\n\t\t\t\t\t<\/div>\n\t\t<\/div>\n\t\t\t\t<div class=\"elementor-column elementor-col-50 elementor-inner-column elementor-element elementor-element-366b6afb\" data-id=\"366b6afb\" data-element_type=\"column\">\n\t\t\t<div class=\"elementor-widget-wrap elementor-element-populated\">\n\t\t\t\t\t\t<div class=\"elementor-element elementor-element-bb56742 elementor-widget elementor-widget-eael-feature-list\" data-id=\"bb56742\" data-element_type=\"widget\" data-widget_type=\"eael-feature-list.default\">\n\t\t\t\t<div class=\"elementor-widget-container\">\n\t\t\t\t\t\t\t<div class=\"-icon-position-left -tablet-icon-position-left -mobile-icon-position-left\">\n\t\t\t<ul id=\"eael-feature-list-bb56742\" class=\"eael-feature-list-items circle stacked  eael-feature-list-vertical\" data-layout-tablet=\"vertical\" data-layout-mobile=\"vertical\">\n\t\t\t                <li class=\"eael-feature-list-item elementor-repeater-item-ea5629a\">\n                    \n\t\t\t\t\t\t<div class=\"eael-feature-list-icon-box\">\n\t\t\t\t\t\t\t<div class=\"eael-feature-list-icon-inner\">\n\n\t\t\t\t\t\t\t\t<span class=\"eael-feature-list-icon fl-icon-0\">\n\n\t\t<i aria-hidden=\"true\" class=\"icon icon-calendar1\"><\/i>\t\t\t\t\t\t\t\t<\/span>\n\t\t\t\t\t\t\t<\/div>\n\t\t\t\t\t\t<\/div>\n\t\t\t\t\t\t<div class=\"eael-feature-list-content-box\">\n                            <h2 class=\"eael-feature-list-title\">Curso<\/h2>\t\t\t\t\t\t<p class=\"eael-feature-list-content\">2020-2021<\/p>\n\t\t\t\t\t\t<\/div>\n\n\t\t\t\t\t<\/li>\n\t\t\t\t\t\t\t<\/ul>\n\t\t<\/div>\n\t\t\t\t\t\t<\/div>\n\t\t\t\t<\/div>\n\t\t\t\t\t<\/div>\n\t\t<\/div>\n\t\t\t\t\t<\/div>\n\t\t<\/section>\n\t\t\t\t\t<\/div>\n\t\t<\/div>\n\t\t\t\t<div class=\"elementor-column elementor-col-33 elementor-top-column elementor-element elementor-element-1cad2e7\" data-id=\"1cad2e7\" data-element_type=\"column\" data-settings=\"{&quot;background_background&quot;:&quot;classic&quot;}\">\n\t\t\t<div class=\"elementor-widget-wrap elementor-element-populated\">\n\t\t\t\t\t\t<div class=\"elementor-element elementor-element-525691b9 elementor-widget elementor-widget-text-editor\" data-id=\"525691b9\" data-element_type=\"widget\" data-widget_type=\"text-editor.default\">\n\t\t\t\t<div class=\"elementor-widget-container\">\n\t\t\t\t\t\t\t\t\t<p>Investigadoras<\/p>\t\t\t\t\t\t\t\t<\/div>\n\t\t\t\t<\/div>\n\t\t\t\t<div class=\"elementor-element elementor-element-1fe8b50d elementor-widget elementor-widget-text-editor\" data-id=\"1fe8b50d\" data-element_type=\"widget\" data-widget_type=\"text-editor.default\">\n\t\t\t\t<div class=\"elementor-widget-container\">\n\t\t\t\t\t\t\t\t\t<ul><li>C\u00e1rdenas Rodr\u00edguez, M\u00aa Roc\u00edo<\/li><li>Terr\u00f3n Caro, M\u00aa Teresa<\/li><li>Rebolledo G\u00e1mez, Teresa<\/li><li>Rodr\u00edguez Casado, M\u00aa Roc\u00edo<\/li><\/ul>\t\t\t\t\t\t\t\t<\/div>\n\t\t\t\t<\/div>\n\t\t\t\t<div class=\"elementor-element elementor-element-5ef6fe2f elementor-widget elementor-widget-button\" data-id=\"5ef6fe2f\" data-element_type=\"widget\" data-widget_type=\"button.default\">\n\t\t\t\t<div class=\"elementor-widget-container\">\n\t\t\t\t\t\t\t\t\t<div class=\"elementor-button-wrapper\">\n\t\t\t\t\t<a class=\"elementor-button elementor-button-link elementor-size-sm\" href=\"https:\/\/www.upo.es\/facultad-ciencias-sociales\/es\/fcslab\/repositorio-de-proyectos-de-innovacion\/\">\n\t\t\t\t\t\t<span class=\"elementor-button-content-wrapper\">\n\t\t\t\t\t\t\t\t\t<span class=\"elementor-button-text\">Volver al Repositorio<\/span>\n\t\t\t\t\t<\/span>\n\t\t\t\t\t<\/a>\n\t\t\t\t<\/div>\n\t\t\t\t\t\t\t\t<\/div>\n\t\t\t\t<\/div>\n\t\t\t\t\t<\/div>\n\t\t<\/div>\n\t\t\t\t\t<\/div>\n\t\t<\/section>\n\t\t\t\t<section class=\"elementor-section elementor-top-section elementor-element elementor-element-dd18b8 elementor-section-boxed elementor-section-height-default elementor-section-height-default\" data-id=\"dd18b8\" data-element_type=\"section\">\n\t\t\t\t\t\t<div class=\"elementor-container elementor-column-gap-default\">\n\t\t\t\t\t<div class=\"elementor-column elementor-col-100 elementor-top-column elementor-element elementor-element-7cc60e88\" data-id=\"7cc60e88\" data-element_type=\"column\">\n\t\t\t<div class=\"elementor-widget-wrap elementor-element-populated\">\n\t\t\t\t\t\t<div class=\"elementor-element elementor-element-7fda697f elementor-widget elementor-widget-spacer\" data-id=\"7fda697f\" data-element_type=\"widget\" data-widget_type=\"spacer.default\">\n\t\t\t\t<div class=\"elementor-widget-container\">\n\t\t\t\t\t\t\t<div class=\"elementor-spacer\">\n\t\t\t<div class=\"elementor-spacer-inner\"><\/div>\n\t\t<\/div>\n\t\t\t\t\t\t<\/div>\n\t\t\t\t<\/div>\n\t\t\t\t\t<\/div>\n\t\t<\/div>\n\t\t\t\t\t<\/div>\n\t\t<\/section>\n\t\t\t\t<\/div>\n\t\t","protected":false},"featured_media":0,"menu_order":0,"template":"","portfolio-category":[50,40],"portfolio-tag":[],"yoast_head":"<!-- This site is optimized with the Yoast SEO plugin v22.7 - https:\/\/yoast.com\/wordpress\/plugins\/seo\/ -->\n<title>Dise\u00f1o y Aplicaci\u00f3n de Instrumentos de Evaluaci\u00f3n de competencias interculturales desde la perspectiva de g\u00e9nero - Laboratorio Facultad de Ciencias Sociales<\/title>\n<meta name=\"robots\" content=\"index, follow, max-snippet:-1, max-image-preview:large, max-video-preview:-1\" \/>\n<link rel=\"canonical\" href=\"https:\/\/www.upo.es\/facultad-ciencias-sociales\/es\/fcslab\/noticias\/proyectos\/diseno-y-aplicacion-de-instrumentos-de-evaluacion-de-competencias-interculturales-desde-la-perspectiva-de-genero\/\" \/>\n<meta property=\"og:locale\" content=\"es_ES\" \/>\n<meta property=\"og:type\" content=\"article\" \/>\n<meta property=\"og:title\" content=\"Dise\u00f1o y Aplicaci\u00f3n de Instrumentos de Evaluaci\u00f3n de competencias interculturales desde la perspectiva de g\u00e9nero - Laboratorio Facultad de Ciencias Sociales\" \/>\n<meta property=\"og:description\" content=\"Repositorio de Proyectos de Innovaci\u00f3n Docente Dise\u00f1o y Aplicaci\u00f3n de Instrumentos de Evaluaci\u00f3n de competencias interculturales desde la perspectiva de g\u00e9nero Descripci\u00f3n Los objetivos de la propuesta de innovaci\u00f3n docente que presentamos se centraron en: Dotar al alumnado de conocimientos conceptuales relacionados con la diversidad cultural desde la perspectiva de g\u00e9nero. Favorecer en el alumnado &hellip; Continuar leyendo &quot;Dise\u00f1o y Aplicaci\u00f3n de Instrumentos de Evaluaci\u00f3n de competencias interculturales desde la perspectiva de g\u00e9nero&quot;\" \/>\n<meta property=\"og:url\" content=\"https:\/\/www.upo.es\/facultad-ciencias-sociales\/es\/fcslab\/noticias\/proyectos\/diseno-y-aplicacion-de-instrumentos-de-evaluacion-de-competencias-interculturales-desde-la-perspectiva-de-genero\/\" \/>\n<meta property=\"og:site_name\" content=\"Laboratorio Facultad de Ciencias Sociales\" \/>\n<meta property=\"article:modified_time\" content=\"2024-01-22T09:05:31+00:00\" \/>\n<meta property=\"og:image\" content=\"https:\/\/www.upo.es\/facultad-ciencias-sociales\/es\/fcslab\/wp-content\/uploads\/Logotipo-FCSLab_Color-min.png\" \/>\n\t<meta property=\"og:image:width\" content=\"2188\" \/>\n\t<meta property=\"og:image:height\" content=\"816\" \/>\n\t<meta property=\"og:image:type\" content=\"image\/png\" \/>\n<meta name=\"twitter:card\" content=\"summary_large_image\" \/>\n<meta name=\"twitter:site\" content=\"@fcslabUPO\" \/>\n<script type=\"application\/ld+json\" class=\"yoast-schema-graph\">{\"@context\":\"https:\/\/schema.org\",\"@graph\":[{\"@type\":\"WebPage\",\"@id\":\"https:\/\/www.upo.es\/facultad-ciencias-sociales\/es\/fcslab\/noticias\/proyectos\/diseno-y-aplicacion-de-instrumentos-de-evaluacion-de-competencias-interculturales-desde-la-perspectiva-de-genero\/\",\"url\":\"https:\/\/www.upo.es\/facultad-ciencias-sociales\/es\/fcslab\/noticias\/proyectos\/diseno-y-aplicacion-de-instrumentos-de-evaluacion-de-competencias-interculturales-desde-la-perspectiva-de-genero\/\",\"name\":\"Dise\u00f1o y Aplicaci\u00f3n de Instrumentos de Evaluaci\u00f3n de competencias interculturales desde la perspectiva de g\u00e9nero - Laboratorio Facultad de Ciencias Sociales\",\"isPartOf\":{\"@id\":\"https:\/\/www.upo.es\/facultad-ciencias-sociales\/es\/fcslab\/#website\"},\"datePublished\":\"2023-07-05T08:55:24+00:00\",\"dateModified\":\"2024-01-22T09:05:31+00:00\",\"breadcrumb\":{\"@id\":\"https:\/\/www.upo.es\/facultad-ciencias-sociales\/es\/fcslab\/noticias\/proyectos\/diseno-y-aplicacion-de-instrumentos-de-evaluacion-de-competencias-interculturales-desde-la-perspectiva-de-genero\/#breadcrumb\"},\"inLanguage\":\"es\",\"potentialAction\":[{\"@type\":\"ReadAction\",\"target\":[\"https:\/\/www.upo.es\/facultad-ciencias-sociales\/es\/fcslab\/noticias\/proyectos\/diseno-y-aplicacion-de-instrumentos-de-evaluacion-de-competencias-interculturales-desde-la-perspectiva-de-genero\/\"]}]},{\"@type\":\"BreadcrumbList\",\"@id\":\"https:\/\/www.upo.es\/facultad-ciencias-sociales\/es\/fcslab\/noticias\/proyectos\/diseno-y-aplicacion-de-instrumentos-de-evaluacion-de-competencias-interculturales-desde-la-perspectiva-de-genero\/#breadcrumb\",\"itemListElement\":[{\"@type\":\"ListItem\",\"position\":1,\"name\":\"Portada\",\"item\":\"https:\/\/www.upo.es\/facultad-ciencias-sociales\/es\/fcslab\/\"},{\"@type\":\"ListItem\",\"position\":2,\"name\":\"Dise\u00f1o y Aplicaci\u00f3n de Instrumentos de Evaluaci\u00f3n de competencias interculturales desde la perspectiva de g\u00e9nero\"}]},{\"@type\":\"WebSite\",\"@id\":\"https:\/\/www.upo.es\/facultad-ciencias-sociales\/es\/fcslab\/#website\",\"url\":\"https:\/\/www.upo.es\/facultad-ciencias-sociales\/es\/fcslab\/\",\"name\":\"Laboratorio Facultad de Ciencias Sociales\",\"description\":\"Laboratorio Facultad de Ciencias Sociales\",\"publisher\":{\"@id\":\"https:\/\/www.upo.es\/facultad-ciencias-sociales\/es\/fcslab\/#organization\"},\"potentialAction\":[{\"@type\":\"SearchAction\",\"target\":{\"@type\":\"EntryPoint\",\"urlTemplate\":\"https:\/\/www.upo.es\/facultad-ciencias-sociales\/es\/fcslab\/?s={search_term_string}\"},\"query-input\":\"required name=search_term_string\"}],\"inLanguage\":\"es\"},{\"@type\":\"Organization\",\"@id\":\"https:\/\/www.upo.es\/facultad-ciencias-sociales\/es\/fcslab\/#organization\",\"name\":\"FCSLab\",\"url\":\"https:\/\/www.upo.es\/facultad-ciencias-sociales\/es\/fcslab\/\",\"logo\":{\"@type\":\"ImageObject\",\"inLanguage\":\"es\",\"@id\":\"https:\/\/www.upo.es\/facultad-ciencias-sociales\/es\/fcslab\/#\/schema\/logo\/image\/\",\"url\":\"https:\/\/www.upo.es\/facultad-ciencias-sociales\/es\/fcslab\/wp-content\/uploads\/FCSLab.svg\",\"contentUrl\":\"https:\/\/www.upo.es\/facultad-ciencias-sociales\/es\/fcslab\/wp-content\/uploads\/FCSLab.svg\",\"width\":962,\"height\":305,\"caption\":\"FCSLab\"},\"image\":{\"@id\":\"https:\/\/www.upo.es\/facultad-ciencias-sociales\/es\/fcslab\/#\/schema\/logo\/image\/\"},\"sameAs\":[\"https:\/\/x.com\/fcslabUPO\",\"https:\/\/www.instagram.com\/fcslabupo\/\"]}]}<\/script>\n<!-- \/ Yoast SEO plugin. -->","yoast_head_json":{"title":"Dise\u00f1o y Aplicaci\u00f3n de Instrumentos de Evaluaci\u00f3n de competencias interculturales desde la perspectiva de g\u00e9nero - Laboratorio Facultad de Ciencias Sociales","robots":{"index":"index","follow":"follow","max-snippet":"max-snippet:-1","max-image-preview":"max-image-preview:large","max-video-preview":"max-video-preview:-1"},"canonical":"https:\/\/www.upo.es\/facultad-ciencias-sociales\/es\/fcslab\/noticias\/proyectos\/diseno-y-aplicacion-de-instrumentos-de-evaluacion-de-competencias-interculturales-desde-la-perspectiva-de-genero\/","og_locale":"es_ES","og_type":"article","og_title":"Dise\u00f1o y Aplicaci\u00f3n de Instrumentos de Evaluaci\u00f3n de competencias interculturales desde la perspectiva de g\u00e9nero - Laboratorio Facultad de Ciencias Sociales","og_description":"Repositorio de Proyectos de Innovaci\u00f3n Docente Dise\u00f1o y Aplicaci\u00f3n de Instrumentos de Evaluaci\u00f3n de competencias interculturales desde la perspectiva de g\u00e9nero Descripci\u00f3n Los objetivos de la propuesta de innovaci\u00f3n docente que presentamos se centraron en: Dotar al alumnado de conocimientos conceptuales relacionados con la diversidad cultural desde la perspectiva de g\u00e9nero. Favorecer en el alumnado &hellip; Continuar leyendo \"Dise\u00f1o y Aplicaci\u00f3n de Instrumentos de Evaluaci\u00f3n de competencias interculturales desde la perspectiva de g\u00e9nero\"","og_url":"https:\/\/www.upo.es\/facultad-ciencias-sociales\/es\/fcslab\/noticias\/proyectos\/diseno-y-aplicacion-de-instrumentos-de-evaluacion-de-competencias-interculturales-desde-la-perspectiva-de-genero\/","og_site_name":"Laboratorio Facultad de Ciencias Sociales","article_modified_time":"2024-01-22T09:05:31+00:00","og_image":[{"width":2188,"height":816,"url":"https:\/\/www.upo.es\/facultad-ciencias-sociales\/es\/fcslab\/wp-content\/uploads\/Logotipo-FCSLab_Color-min.png","type":"image\/png"}],"twitter_card":"summary_large_image","twitter_site":"@fcslabUPO","schema":{"@context":"https:\/\/schema.org","@graph":[{"@type":"WebPage","@id":"https:\/\/www.upo.es\/facultad-ciencias-sociales\/es\/fcslab\/noticias\/proyectos\/diseno-y-aplicacion-de-instrumentos-de-evaluacion-de-competencias-interculturales-desde-la-perspectiva-de-genero\/","url":"https:\/\/www.upo.es\/facultad-ciencias-sociales\/es\/fcslab\/noticias\/proyectos\/diseno-y-aplicacion-de-instrumentos-de-evaluacion-de-competencias-interculturales-desde-la-perspectiva-de-genero\/","name":"Dise\u00f1o y Aplicaci\u00f3n de Instrumentos de Evaluaci\u00f3n de competencias interculturales desde la perspectiva de g\u00e9nero - Laboratorio Facultad de Ciencias Sociales","isPartOf":{"@id":"https:\/\/www.upo.es\/facultad-ciencias-sociales\/es\/fcslab\/#website"},"datePublished":"2023-07-05T08:55:24+00:00","dateModified":"2024-01-22T09:05:31+00:00","breadcrumb":{"@id":"https:\/\/www.upo.es\/facultad-ciencias-sociales\/es\/fcslab\/noticias\/proyectos\/diseno-y-aplicacion-de-instrumentos-de-evaluacion-de-competencias-interculturales-desde-la-perspectiva-de-genero\/#breadcrumb"},"inLanguage":"es","potentialAction":[{"@type":"ReadAction","target":["https:\/\/www.upo.es\/facultad-ciencias-sociales\/es\/fcslab\/noticias\/proyectos\/diseno-y-aplicacion-de-instrumentos-de-evaluacion-de-competencias-interculturales-desde-la-perspectiva-de-genero\/"]}]},{"@type":"BreadcrumbList","@id":"https:\/\/www.upo.es\/facultad-ciencias-sociales\/es\/fcslab\/noticias\/proyectos\/diseno-y-aplicacion-de-instrumentos-de-evaluacion-de-competencias-interculturales-desde-la-perspectiva-de-genero\/#breadcrumb","itemListElement":[{"@type":"ListItem","position":1,"name":"Portada","item":"https:\/\/www.upo.es\/facultad-ciencias-sociales\/es\/fcslab\/"},{"@type":"ListItem","position":2,"name":"Dise\u00f1o y Aplicaci\u00f3n de Instrumentos de Evaluaci\u00f3n de competencias interculturales desde la perspectiva de g\u00e9nero"}]},{"@type":"WebSite","@id":"https:\/\/www.upo.es\/facultad-ciencias-sociales\/es\/fcslab\/#website","url":"https:\/\/www.upo.es\/facultad-ciencias-sociales\/es\/fcslab\/","name":"Laboratorio Facultad de Ciencias Sociales","description":"Laboratorio Facultad de Ciencias Sociales","publisher":{"@id":"https:\/\/www.upo.es\/facultad-ciencias-sociales\/es\/fcslab\/#organization"},"potentialAction":[{"@type":"SearchAction","target":{"@type":"EntryPoint","urlTemplate":"https:\/\/www.upo.es\/facultad-ciencias-sociales\/es\/fcslab\/?s={search_term_string}"},"query-input":"required name=search_term_string"}],"inLanguage":"es"},{"@type":"Organization","@id":"https:\/\/www.upo.es\/facultad-ciencias-sociales\/es\/fcslab\/#organization","name":"FCSLab","url":"https:\/\/www.upo.es\/facultad-ciencias-sociales\/es\/fcslab\/","logo":{"@type":"ImageObject","inLanguage":"es","@id":"https:\/\/www.upo.es\/facultad-ciencias-sociales\/es\/fcslab\/#\/schema\/logo\/image\/","url":"https:\/\/www.upo.es\/facultad-ciencias-sociales\/es\/fcslab\/wp-content\/uploads\/FCSLab.svg","contentUrl":"https:\/\/www.upo.es\/facultad-ciencias-sociales\/es\/fcslab\/wp-content\/uploads\/FCSLab.svg","width":962,"height":305,"caption":"FCSLab"},"image":{"@id":"https:\/\/www.upo.es\/facultad-ciencias-sociales\/es\/fcslab\/#\/schema\/logo\/image\/"},"sameAs":["https:\/\/x.com\/fcslabUPO","https:\/\/www.instagram.com\/fcslabupo\/"]}]}},"_links":{"self":[{"href":"https:\/\/www.upo.es\/facultad-ciencias-sociales\/es\/fcslab\/wp-json\/wp\/v2\/portfolio\/4784"}],"collection":[{"href":"https:\/\/www.upo.es\/facultad-ciencias-sociales\/es\/fcslab\/wp-json\/wp\/v2\/portfolio"}],"about":[{"href":"https:\/\/www.upo.es\/facultad-ciencias-sociales\/es\/fcslab\/wp-json\/wp\/v2\/types\/portfolio"}],"version-history":[{"count":16,"href":"https:\/\/www.upo.es\/facultad-ciencias-sociales\/es\/fcslab\/wp-json\/wp\/v2\/portfolio\/4784\/revisions"}],"predecessor-version":[{"id":5266,"href":"https:\/\/www.upo.es\/facultad-ciencias-sociales\/es\/fcslab\/wp-json\/wp\/v2\/portfolio\/4784\/revisions\/5266"}],"wp:attachment":[{"href":"https:\/\/www.upo.es\/facultad-ciencias-sociales\/es\/fcslab\/wp-json\/wp\/v2\/media?parent=4784"}],"wp:term":[{"taxonomy":"portfolio-category","embeddable":true,"href":"https:\/\/www.upo.es\/facultad-ciencias-sociales\/es\/fcslab\/wp-json\/wp\/v2\/portfolio-category?post=4784"},{"taxonomy":"portfolio-tag","embeddable":true,"href":"https:\/\/www.upo.es\/facultad-ciencias-sociales\/es\/fcslab\/wp-json\/wp\/v2\/portfolio-tag?post=4784"}],"curies":[{"name":"wp","href":"https:\/\/api.w.org\/{rel}","templated":true}]}}