{"id":10203,"date":"2022-09-28T15:05:43","date_gmt":"2022-09-28T13:05:43","guid":{"rendered":"https:\/\/www.upo.es\/formacionpermanente\/?post_type=deu&#038;p=10203"},"modified":"2022-12-16T11:14:26","modified_gmt":"2022-12-16T10:14:26","slug":"formacion-para-el-empleo-y-la-vida-autonoma-de-personas-con-discapacidad-intelectual-fevida","status":"publish","type":"deu","link":"https:\/\/www.upo.es\/formacionpermanente\/deu\/formacion-para-el-empleo-y-la-vida-autonoma-de-personas-con-discapacidad-intelectual-fevida\/","title":{"rendered":"Formaci\u00f3n para el Empleo y la Vida Aut\u00f3noma de Personas con Discapacidad Intelectual (FEVIDA)"},"content":{"rendered":"\t\t<div data-elementor-type=\"wp-post\" data-elementor-id=\"10203\" class=\"elementor elementor-10203\" data-elementor-post-type=\"deu\">\n\t\t\t\t\t\t<section data-dce-background-image-url=\"https:\/\/www.upo.es\/formacionpermanente\/wp-content\/imagenes\/uploads\/2022\/09\/Fevida-destacada-scaled.jpg\" class=\"elementor-section elementor-top-section elementor-element elementor-element-14071272 elementor-section-full_width elementor-section-height-min-height elementor-section-height-default elementor-section-items-middle\" data-id=\"14071272\" data-element_type=\"section\" data-e-type=\"section\" data-settings=\"{&quot;background_background&quot;:&quot;classic&quot;}\">\n\t\t\t\t\t\t<div class=\"elementor-container elementor-column-gap-no\">\n\t\t\t\t\t<div class=\"elementor-column elementor-col-100 elementor-top-column elementor-element elementor-element-2d242793\" data-id=\"2d242793\" data-element_type=\"column\" data-e-type=\"column\">\n\t\t\t<div class=\"elementor-widget-wrap elementor-element-populated\">\n\t\t\t\t\t\t<section class=\"elementor-section elementor-inner-section elementor-element elementor-element-2a3f01b elementor-section-height-min-height elementor-section-boxed elementor-section-height-default\" data-id=\"2a3f01b\" data-element_type=\"section\" data-e-type=\"section\" data-settings=\"{&quot;background_background&quot;:&quot;classic&quot;}\">\n\t\t\t\t\t\t<div class=\"elementor-container elementor-column-gap-default\">\n\t\t\t\t\t<div data-dce-background-color=\"#00335B\" class=\"elementor-column elementor-col-50 elementor-inner-column elementor-element elementor-element-170945c0\" data-id=\"170945c0\" data-element_type=\"column\" data-e-type=\"column\" data-settings=\"{&quot;background_background&quot;:&quot;gradient&quot;}\">\n\t\t\t<div class=\"elementor-widget-wrap elementor-element-populated\">\n\t\t\t\t\t\t<div data-dce-title-color=\"#FAB54C\" class=\"elementor-element elementor-element-6d8f44de elementor-widget elementor-widget-heading\" data-id=\"6d8f44de\" data-element_type=\"widget\" data-e-type=\"widget\" data-widget_type=\"heading.default\">\n\t\t\t\t<div class=\"elementor-widget-container\">\n\t\t\t\t\t<h2 class=\"elementor-heading-title elementor-size-default\">Diploma de Extensi\u00f3n Universitaria<\/h2>\t\t\t\t<\/div>\n\t\t\t\t<\/div>\n\t\t\t\t<div data-dce-title-color=\"#FFFFFF\" class=\"elementor-element elementor-element-6364c6a6 elementor-widget elementor-widget-heading\" data-id=\"6364c6a6\" data-element_type=\"widget\" data-e-type=\"widget\" data-widget_type=\"heading.default\">\n\t\t\t\t<div class=\"elementor-widget-container\">\n\t\t\t\t\t<h1 class=\"elementor-heading-title elementor-size-default\">Formaci\u00f3n para el Empleo y la Vida Aut\u00f3noma de Personas con Discapacidad Intelectual (FEVIDA)<\/h1>\t\t\t\t<\/div>\n\t\t\t\t<\/div>\n\t\t\t\t<div data-dce-title-color=\"#FFFFFF\" class=\"elementor-element elementor-element-32a11874 elementor-widget elementor-widget-heading\" data-id=\"32a11874\" data-element_type=\"widget\" data-e-type=\"widget\" data-widget_type=\"heading.default\">\n\t\t\t\t<div class=\"elementor-widget-container\">\n\t\t\t\t\t<h2 class=\"elementor-heading-title elementor-size-default\">VI Ed.<\/h2>\t\t\t\t<\/div>\n\t\t\t\t<\/div>\n\t\t\t\t\t<\/div>\n\t\t<\/div>\n\t\t\t\t<div class=\"elementor-column elementor-col-50 elementor-inner-column elementor-element elementor-element-47770592\" data-id=\"47770592\" data-element_type=\"column\" data-e-type=\"column\">\n\t\t\t<div class=\"elementor-widget-wrap\">\n\t\t\t\t\t\t\t<\/div>\n\t\t<\/div>\n\t\t\t\t\t<\/div>\n\t\t<\/section>\n\t\t\t\t\t<\/div>\n\t\t<\/div>\n\t\t\t\t\t<\/div>\n\t\t<\/section>\n\t\t\t\t<section data-dce-background-color=\"#00335B\" class=\"elementor-section elementor-top-section elementor-element elementor-element-2d005114 elementor-section-height-min-height elementor-section-content-middle elementor-section-boxed elementor-section-height-default elementor-section-items-middle\" data-id=\"2d005114\" data-element_type=\"section\" data-e-type=\"section\" data-settings=\"{&quot;background_background&quot;:&quot;classic&quot;,&quot;motion_fx_motion_fx_scrolling&quot;:&quot;yes&quot;,&quot;motion_fx_devices&quot;:[&quot;desktop&quot;,&quot;tablet&quot;,&quot;mobile&quot;]}\">\n\t\t\t\t\t\t<div class=\"elementor-container elementor-column-gap-default\">\n\t\t\t\t\t<div class=\"elementor-column elementor-col-20 elementor-top-column elementor-element elementor-element-3ad37821\" data-id=\"3ad37821\" data-element_type=\"column\" data-e-type=\"column\" data-settings=\"{&quot;background_background&quot;:&quot;classic&quot;}\">\n\t\t\t<div class=\"elementor-widget-wrap elementor-element-populated\">\n\t\t\t\t\t\t<div class=\"elementor-element elementor-element-5c0861cb elementor-view-default elementor-widget elementor-widget-icon\" data-id=\"5c0861cb\" data-element_type=\"widget\" data-e-type=\"widget\" data-widget_type=\"icon.default\">\n\t\t\t\t<div class=\"elementor-widget-container\">\n\t\t\t\t\t\t\t<div class=\"elementor-icon-wrapper\">\n\t\t\t<div class=\"elementor-icon elementor-animation-shrink\">\n\t\t\t<svg xmlns=\"http:\/\/www.w3.org\/2000\/svg\" xmlns:xlink=\"http:\/\/www.w3.org\/1999\/xlink\" id=\"Capa_1\" x=\"0px\" y=\"0px\" viewBox=\"0 0 167.2 191.6\" style=\"enable-background:new 0 0 167.2 191.6;\" xml:space=\"preserve\"><g>\t<path d=\"M131.5,152.8c5.8,3.7,11.1,7.1,16.4,10.4c7.3,4.7,10,13.4,6.6,21.4c-2.4,5.5-7,7.1-12.6,7c-25.3-0.1-50.7-0.1-76-0.2  c-13.2,0-26.3-0.1-39.5-0.2c-8.2-0.1-12.6-2.8-14.2-8.5c-2.3-8.3,0-14.8,6.7-19.2c5.4-3.5,10.9-6.9,16.9-10.8  C11.7,134.6-0.7,110.9,0,81.2c0.6-22.6,9.1-42.4,25.7-57.8c34-31.7,85.7-31.1,117.2,1.2C160.8,42.9,169,65.2,166.8,91  C164.7,116.8,152.3,136.9,131.5,152.8z M83.9,143.9c33.3-0.1,59.8-26.7,59.6-59.8c-0.2-32.9-27.7-60.3-60.3-60.1  c-32.9,0.2-59.9,27.7-59.6,60.7C23.8,117.2,51,144,83.9,143.9z\"><\/path>\t<path d=\"M131.5,83.6c0.1,26.2-21.2,47.8-47.4,48c-26.7,0.3-48.1-20.9-48.2-47.6c-0.2-26.7,21-48,47.7-48.1  C109.5,35.8,131.3,57.6,131.5,83.6z M82.8,53.7c-15.4-0.1-29.1,13.5-29.2,29.1c0,3.9,1.5,6.6,5.5,7c4,0.4,6-1.9,6.7-5.8  c2.2-12.2,5.9-16,17.9-18c3.9-0.7,6.2-2.6,6-6.6C89.3,55.3,86.6,53.6,82.8,53.7z\"><\/path><\/g><\/svg>\t\t\t<\/div>\n\t\t<\/div>\n\t\t\t\t\t\t<\/div>\n\t\t\t\t<\/div>\n\t\t\t\t<div data-dce-title-color=\"#FFFFFF\" class=\"elementor-element elementor-element-38401537 elementor-widget elementor-widget-heading\" data-id=\"38401537\" data-element_type=\"widget\" data-e-type=\"widget\" data-widget_type=\"heading.default\">\n\t\t\t\t<div class=\"elementor-widget-container\">\n\t\t\t\t\t<h2 class=\"elementor-heading-title elementor-size-default\">Presencial<\/h2>\t\t\t\t<\/div>\n\t\t\t\t<\/div>\n\t\t\t\t\t<\/div>\n\t\t<\/div>\n\t\t\t\t<div class=\"elementor-column elementor-col-20 elementor-top-column elementor-element elementor-element-1acde8a6\" data-id=\"1acde8a6\" data-element_type=\"column\" data-e-type=\"column\" data-settings=\"{&quot;background_background&quot;:&quot;classic&quot;}\">\n\t\t\t<div class=\"elementor-widget-wrap elementor-element-populated\">\n\t\t\t\t\t\t<div class=\"elementor-element elementor-element-4fdfb62c elementor-view-default elementor-widget elementor-widget-icon\" data-id=\"4fdfb62c\" data-element_type=\"widget\" data-e-type=\"widget\" data-widget_type=\"icon.default\">\n\t\t\t\t<div class=\"elementor-widget-container\">\n\t\t\t\t\t\t\t<div class=\"elementor-icon-wrapper\">\n\t\t\t<div class=\"elementor-icon elementor-animation-shrink\">\n\t\t\t<i aria-hidden=\"true\" class=\"far fa-calendar-alt\"><\/i>\t\t\t<\/div>\n\t\t<\/div>\n\t\t\t\t\t\t<\/div>\n\t\t\t\t<\/div>\n\t\t\t\t<div data-dce-title-color=\"#FFFFFF\" class=\"elementor-element elementor-element-16c28fbc elementor-widget elementor-widget-heading\" data-id=\"16c28fbc\" data-element_type=\"widget\" data-e-type=\"widget\" data-widget_type=\"heading.default\">\n\t\t\t\t<div class=\"elementor-widget-container\">\n\t\t\t\t\t<h2 class=\"elementor-heading-title elementor-size-default\"><a href=\"https:\/\/www.upo.es\/formacionpermanente\/wp-content\/imagenes\/uploads\/2022\/10\/DEU2022-06_Calendario.pdf\" target=\"_blank\">Del 3 de noviembre de 2022 al 23 de junio de 2023<\/a><\/h2>\t\t\t\t<\/div>\n\t\t\t\t<\/div>\n\t\t\t\t\t<\/div>\n\t\t<\/div>\n\t\t\t\t<div class=\"elementor-column elementor-col-20 elementor-top-column elementor-element elementor-element-40ea463\" data-id=\"40ea463\" data-element_type=\"column\" data-e-type=\"column\" data-settings=\"{&quot;background_background&quot;:&quot;classic&quot;}\">\n\t\t\t<div class=\"elementor-widget-wrap elementor-element-populated\">\n\t\t\t\t\t\t<div class=\"elementor-element elementor-element-156ac1dd elementor-view-default elementor-widget elementor-widget-icon\" data-id=\"156ac1dd\" data-element_type=\"widget\" data-e-type=\"widget\" data-widget_type=\"icon.default\">\n\t\t\t\t<div class=\"elementor-widget-container\">\n\t\t\t\t\t\t\t<div class=\"elementor-icon-wrapper\">\n\t\t\t<div class=\"elementor-icon elementor-animation-shrink\">\n\t\t\t<i aria-hidden=\"true\" class=\"fas fa-university\"><\/i>\t\t\t<\/div>\n\t\t<\/div>\n\t\t\t\t\t\t<\/div>\n\t\t\t\t<\/div>\n\t\t\t\t<div data-dce-title-color=\"#FFFFFF\" class=\"elementor-element elementor-element-7aeb20cb elementor-widget elementor-widget-heading\" data-id=\"7aeb20cb\" data-element_type=\"widget\" data-e-type=\"widget\" data-widget_type=\"heading.default\">\n\t\t\t\t<div class=\"elementor-widget-container\">\n\t\t\t\t\t<h2 class=\"elementor-heading-title elementor-size-default\">30 ECTS<\/h2>\t\t\t\t<\/div>\n\t\t\t\t<\/div>\n\t\t\t\t\t<\/div>\n\t\t<\/div>\n\t\t\t\t<div class=\"elementor-column elementor-col-20 elementor-top-column elementor-element elementor-element-56a306c0\" data-id=\"56a306c0\" data-element_type=\"column\" data-e-type=\"column\" data-settings=\"{&quot;background_background&quot;:&quot;classic&quot;}\">\n\t\t\t<div class=\"elementor-widget-wrap elementor-element-populated\">\n\t\t\t\t\t\t<div class=\"elementor-element elementor-element-6bab6b5f elementor-view-default elementor-widget elementor-widget-icon\" data-id=\"6bab6b5f\" data-element_type=\"widget\" data-e-type=\"widget\" data-widget_type=\"icon.default\">\n\t\t\t\t<div class=\"elementor-widget-container\">\n\t\t\t\t\t\t\t<div class=\"elementor-icon-wrapper\">\n\t\t\t<div class=\"elementor-icon elementor-animation-shrink\">\n\t\t\t<i aria-hidden=\"true\" class=\"fas fa-euro-sign\"><\/i>\t\t\t<\/div>\n\t\t<\/div>\n\t\t\t\t\t\t<\/div>\n\t\t\t\t<\/div>\n\t\t\t\t<div data-dce-title-color=\"#FFFFFF\" class=\"elementor-element elementor-element-25e158a9 elementor-widget elementor-widget-heading\" data-id=\"25e158a9\" data-element_type=\"widget\" data-e-type=\"widget\" data-widget_type=\"heading.default\">\n\t\t\t\t<div class=\"elementor-widget-container\">\n\t\t\t\t\t<h2 class=\"elementor-heading-title elementor-size-default\">0,00 \u20ac<\/h2>\t\t\t\t<\/div>\n\t\t\t\t<\/div>\n\t\t\t\t\t<\/div>\n\t\t<\/div>\n\t\t\t\t<div class=\"elementor-column elementor-col-20 elementor-top-column elementor-element elementor-element-5036be70\" data-id=\"5036be70\" data-element_type=\"column\" data-e-type=\"column\" data-settings=\"{&quot;background_background&quot;:&quot;classic&quot;}\">\n\t\t\t<div class=\"elementor-widget-wrap elementor-element-populated\">\n\t\t\t\t\t\t<div class=\"elementor-element elementor-element-4aa936c elementor-align-left elementor-widget elementor-widget-global elementor-global-12362 elementor-widget-button\" data-id=\"4aa936c\" data-element_type=\"widget\" data-e-type=\"widget\" data-widget_type=\"button.default\">\n\t\t\t\t<div class=\"elementor-widget-container\">\n\t\t\t\t\t\t\t\t\t<div class=\"elementor-button-wrapper\">\n\t\t\t\t\t<a class=\"elementor-button elementor-button-link elementor-size-sm\" href=\"#\">\n\t\t\t\t\t\t<span class=\"elementor-button-content-wrapper\">\n\t\t\t\t\t\t\t\t\t<span class=\"elementor-button-text\">Matr\u00edcula cerrada<\/span>\n\t\t\t\t\t<\/span>\n\t\t\t\t\t<\/a>\n\t\t\t\t<\/div>\n\t\t\t\t\t\t\t\t<\/div>\n\t\t\t\t<\/div>\n\t\t\t\t\t<\/div>\n\t\t<\/div>\n\t\t\t\t\t<\/div>\n\t\t<\/section>\n\t\t\t\t<section class=\"elementor-section elementor-top-section elementor-element elementor-element-36718fd1 elementor-section-full_width elementor-section-height-default elementor-section-height-default\" data-id=\"36718fd1\" data-element_type=\"section\" data-e-type=\"section\">\n\t\t\t\t\t\t<div class=\"elementor-container elementor-column-gap-default\">\n\t\t\t\t\t<div data-dce-background-image-url=\"https:\/\/www.upo.es\/formacionpermanente\/wp-content\/imagenes\/uploads\/CDPA-Microcredenciales.jpg\" class=\"elementor-column elementor-col-50 elementor-top-column elementor-element elementor-element-1b32b459\" data-id=\"1b32b459\" data-element_type=\"column\" data-e-type=\"column\" data-settings=\"{&quot;background_background&quot;:&quot;classic&quot;}\">\n\t\t\t<div class=\"elementor-widget-wrap\">\n\t\t\t\t\t\t\t<\/div>\n\t\t<\/div>\n\t\t\t\t<div class=\"elementor-column elementor-col-50 elementor-top-column elementor-element elementor-element-ff58363\" data-id=\"ff58363\" data-element_type=\"column\" data-e-type=\"column\">\n\t\t\t<div class=\"elementor-widget-wrap elementor-element-populated\">\n\t\t\t\t\t\t<div class=\"elementor-element elementor-element-586d4d3e elementor-widget elementor-widget-heading\" data-id=\"586d4d3e\" data-element_type=\"widget\" data-e-type=\"widget\" data-widget_type=\"heading.default\">\n\t\t\t\t<div class=\"elementor-widget-container\">\n\t\t\t\t\t<h2 class=\"elementor-heading-title elementor-size-default\">\u00bfPor qu\u00e9 elegir este t\u00edtulo?<\/h2>\t\t\t\t<\/div>\n\t\t\t\t<\/div>\n\t\t\t\t<div class=\"elementor-element elementor-element-170ed898 elementor-widget elementor-widget-text-editor\" data-id=\"170ed898\" data-element_type=\"widget\" data-e-type=\"widget\" data-widget_type=\"text-editor.default\">\n\t\t\t\t<div class=\"elementor-widget-container\">\n\t\t\t\t\t\t\t\t\t<p>Este curso est\u00e1 enfocado a la preparaci\u00f3n laboral de las personas con discapacidad intelectual, habiendo estructurado el programa en materias funcionales, human\u00edsticas y profesionales, complementadas con actividades extracurriculares en el Campus, actividades compartidas con alumnado de grado y posgrado de carreras oficiales y otras actuaciones en la comunidad.<\/p><p>Incorpora como innovaci\u00f3n una experiencia de fomento de la vida aut\u00f3noma como la semana de inmersi\u00f3n comunitaria, planteando el alojamiento del alumnado durante una semana en una residencia universitaria (Flora Trist\u00e1n).<\/p><p><strong>Periodo de solicitud de reserva<\/strong><\/p><p>Se aceptar\u00e1n solicitudes de reserva hasta el 9 de octubre. En la misma hay que entregar\u00a0Certificado de Discapacidad y el Certificado de estar\u00a0inscrito\/a en el Sistema Nacional de Garant\u00eda Juvenil.<\/p><p><strong>Selecci\u00f3n de candidatas y candidatos<\/strong><\/p><p>Posteriormente en el mes de octubre se realizar\u00e1n las entrevistas para la selecci\u00f3n de las candidatas y los candidatos.<\/p><p><strong>Matr\u00edcula<\/strong><\/p><p>Desde la comunicaci\u00f3n de la selecci\u00f3n, hasta el 26 de octubre.<\/p><p><a href=\"https:\/\/www.upo.es\/fevida\/\"><strong>Accede a la Web de Fevida para m\u00e1s informaci\u00f3n<\/strong><\/a><\/p>\t\t\t\t\t\t\t\t<\/div>\n\t\t\t\t<\/div>\n\t\t\t\t\t<\/div>\n\t\t<\/div>\n\t\t\t\t\t<\/div>\n\t\t<\/section>\n\t\t\t\t<section class=\"elementor-section elementor-top-section elementor-element elementor-element-16d6363 elementor-section-height-min-height elementor-section-boxed elementor-section-height-default elementor-section-items-middle\" data-id=\"16d6363\" data-element_type=\"section\" data-e-type=\"section\" data-settings=\"{&quot;background_background&quot;:&quot;classic&quot;}\">\n\t\t\t\t\t\t<div class=\"elementor-container elementor-column-gap-default\">\n\t\t\t\t\t<div class=\"elementor-column elementor-col-100 elementor-top-column elementor-element elementor-element-2bcca804\" data-id=\"2bcca804\" data-element_type=\"column\" data-e-type=\"column\">\n\t\t\t<div class=\"elementor-widget-wrap elementor-element-populated\">\n\t\t\t\t\t\t<div class=\"elementor-element elementor-element-5ae15894 elementor-widget elementor-widget-heading\" data-id=\"5ae15894\" data-element_type=\"widget\" data-e-type=\"widget\" data-widget_type=\"heading.default\">\n\t\t\t\t<div class=\"elementor-widget-container\">\n\t\t\t\t\t<h2 class=\"elementor-heading-title elementor-size-default\">Direcci\u00f3n del t\u00edtulo<\/h2>\t\t\t\t<\/div>\n\t\t\t\t<\/div>\n\t\t\t\t<section class=\"elementor-section elementor-inner-section elementor-element elementor-element-d2e0cdc elementor-section-boxed elementor-section-height-default elementor-section-height-default\" data-id=\"d2e0cdc\" data-element_type=\"section\" data-e-type=\"section\">\n\t\t\t\t\t\t<div class=\"elementor-container elementor-column-gap-wider\">\n\t\t\t\t\t<div class=\"elementor-column elementor-col-33 elementor-inner-column elementor-element elementor-element-4ac65e1c\" data-id=\"4ac65e1c\" data-element_type=\"column\" data-e-type=\"column\">\n\t\t\t<div class=\"elementor-widget-wrap elementor-element-populated\">\n\t\t\t\t\t\t<div class=\"elementor-element elementor-element-f37c983 elementor-widget elementor-widget-image\" data-id=\"f37c983\" data-element_type=\"widget\" data-e-type=\"widget\" data-widget_type=\"image.default\">\n\t\t\t\t<div class=\"elementor-widget-container\">\n\t\t\t\t\t\t\t\t\t\t\t\t\t\t\t<img decoding=\"async\" width=\"150\" height=\"150\" src=\"https:\/\/www.upo.es\/formacionpermanente\/wp-content\/imagenes\/uploads\/2022\/09\/Rosa-Ma-Di\u0301az-Jime\u0301nez-150x150.jpg\" class=\"attachment-thumbnail size-thumbnail wp-image-10210\" alt=\"Rosa M\u00aa Di\u0301az Jime\u0301nez\" srcset=\"https:\/\/www.upo.es\/formacionpermanente\/wp-content\/imagenes\/uploads\/2022\/09\/Rosa-Ma-Di\u0301az-Jime\u0301nez-150x150.jpg 150w, https:\/\/www.upo.es\/formacionpermanente\/wp-content\/imagenes\/uploads\/2022\/09\/Rosa-Ma-Di\u0301az-Jime\u0301nez-300x300.jpg 300w, https:\/\/www.upo.es\/formacionpermanente\/wp-content\/imagenes\/uploads\/2022\/09\/Rosa-Ma-Di\u0301az-Jime\u0301nez.jpg 395w\" sizes=\"(max-width: 150px) 100vw, 150px\" \/>\t\t\t\t\t\t\t\t\t\t\t\t\t\t\t<\/div>\n\t\t\t\t<\/div>\n\t\t\t\t<div data-dce-title-color=\"#FFFFFF\" class=\"elementor-element elementor-element-6dc2c282 elementor-widget elementor-widget-heading\" data-id=\"6dc2c282\" data-element_type=\"widget\" data-e-type=\"widget\" data-widget_type=\"heading.default\">\n\t\t\t\t<div class=\"elementor-widget-container\">\n\t\t\t\t\t<h6 class=\"elementor-heading-title elementor-size-default\">Direcci\u00f3n acad\u00e9mica<\/h6>\t\t\t\t<\/div>\n\t\t\t\t<\/div>\n\t\t\t\t<div class=\"elementor-element elementor-element-390fc2af elementor-widget elementor-widget-text-editor\" data-id=\"390fc2af\" data-element_type=\"widget\" data-e-type=\"widget\" data-widget_type=\"text-editor.default\">\n\t\t\t\t<div class=\"elementor-widget-container\">\n\t\t\t\t\t\t\t\t\t<p style=\"text-align: center;\"><strong>D\u00f1a. Rosa M\u00aa D\u00edaz Jim\u00e9nez<\/strong><\/p>\t\t\t\t\t\t\t\t<\/div>\n\t\t\t\t<\/div>\n\t\t\t\t<div data-dce-text-color=\"#FFFFFF\" class=\"elementor-element elementor-element-ef0752c elementor-widget elementor-widget-text-editor\" data-id=\"ef0752c\" data-element_type=\"widget\" data-e-type=\"widget\" data-widget_type=\"text-editor.default\">\n\t\t\t\t<div class=\"elementor-widget-container\">\n\t\t\t\t\t\t\t\t\t<p>Profesora Titular<br \/><strong>Universidad Pablo de Olavide<\/strong><\/p>\t\t\t\t\t\t\t\t<\/div>\n\t\t\t\t<\/div>\n\t\t\t\t\t<\/div>\n\t\t<\/div>\n\t\t\t\t<div class=\"elementor-column elementor-col-33 elementor-inner-column elementor-element elementor-element-3d968dd\" data-id=\"3d968dd\" data-element_type=\"column\" data-e-type=\"column\">\n\t\t\t<div class=\"elementor-widget-wrap elementor-element-populated\">\n\t\t\t\t\t\t<div class=\"elementor-element elementor-element-20877cf elementor-widget elementor-widget-image\" data-id=\"20877cf\" data-element_type=\"widget\" data-e-type=\"widget\" data-widget_type=\"image.default\">\n\t\t\t\t<div class=\"elementor-widget-container\">\n\t\t\t\t\t\t\t\t\t\t\t\t\t\t\t<img decoding=\"async\" width=\"150\" height=\"150\" src=\"https:\/\/www.upo.es\/formacionpermanente\/wp-content\/imagenes\/uploads\/2022\/09\/Pastora-Reina-Aguilar-150x150.jpg\" class=\"attachment-thumbnail size-thumbnail wp-image-15699\" alt=\"Pastora Reina Aguilar\" srcset=\"https:\/\/www.upo.es\/formacionpermanente\/wp-content\/imagenes\/uploads\/2022\/09\/Pastora-Reina-Aguilar-150x150.jpg 150w, https:\/\/www.upo.es\/formacionpermanente\/wp-content\/imagenes\/uploads\/2022\/09\/Pastora-Reina-Aguilar-300x300.jpg 300w, https:\/\/www.upo.es\/formacionpermanente\/wp-content\/imagenes\/uploads\/2022\/09\/Pastora-Reina-Aguilar.jpg 512w\" sizes=\"(max-width: 150px) 100vw, 150px\" \/>\t\t\t\t\t\t\t\t\t\t\t\t\t\t\t<\/div>\n\t\t\t\t<\/div>\n\t\t\t\t<div data-dce-title-color=\"#FFFFFF\" class=\"elementor-element elementor-element-b4a93e3 elementor-widget elementor-widget-heading\" data-id=\"b4a93e3\" data-element_type=\"widget\" data-e-type=\"widget\" data-widget_type=\"heading.default\">\n\t\t\t\t<div class=\"elementor-widget-container\">\n\t\t\t\t\t<h6 class=\"elementor-heading-title elementor-size-default\">Responsable de Calidad<\/h6>\t\t\t\t<\/div>\n\t\t\t\t<\/div>\n\t\t\t\t<div class=\"elementor-element elementor-element-0df7d08 elementor-widget elementor-widget-text-editor\" data-id=\"0df7d08\" data-element_type=\"widget\" data-e-type=\"widget\" data-widget_type=\"text-editor.default\">\n\t\t\t\t<div class=\"elementor-widget-container\">\n\t\t\t\t\t\t\t\t\t<p style=\"text-align: center;\"><strong>D\u00f1a. Pastora Reina Aguilar\u00a0<\/strong><\/p>\t\t\t\t\t\t\t\t<\/div>\n\t\t\t\t<\/div>\n\t\t\t\t<div data-dce-text-color=\"#FFFFFF\" class=\"elementor-element elementor-element-fff37e1 elementor-widget elementor-widget-text-editor\" data-id=\"fff37e1\" data-element_type=\"widget\" data-e-type=\"widget\" data-widget_type=\"text-editor.default\">\n\t\t\t\t<div class=\"elementor-widget-container\">\n\t\t\t\t\t\t\t\t\t<p>Profesora sustituta interina<br \/><strong>Universidad Pablo de Olavide<\/strong><\/p>\t\t\t\t\t\t\t\t<\/div>\n\t\t\t\t<\/div>\n\t\t\t\t\t<\/div>\n\t\t<\/div>\n\t\t\t\t<div class=\"elementor-column elementor-col-33 elementor-inner-column elementor-element elementor-element-74db45b1\" data-id=\"74db45b1\" data-element_type=\"column\" data-e-type=\"column\">\n\t\t\t<div class=\"elementor-widget-wrap elementor-element-populated\">\n\t\t\t\t\t\t<div class=\"elementor-element elementor-element-20ffe7d9 elementor-widget elementor-widget-image\" data-id=\"20ffe7d9\" data-element_type=\"widget\" data-e-type=\"widget\" data-widget_type=\"image.default\">\n\t\t\t\t<div class=\"elementor-widget-container\">\n\t\t\t\t\t\t\t\t\t\t\t\t\t\t\t<img decoding=\"async\" width=\"150\" height=\"150\" src=\"https:\/\/www.upo.es\/formacionpermanente\/wp-content\/imagenes\/uploads\/2022\/09\/ana-150x150.jpg\" class=\"attachment-thumbnail size-thumbnail wp-image-15914\" alt=\"\" \/>\t\t\t\t\t\t\t\t\t\t\t\t\t\t\t<\/div>\n\t\t\t\t<\/div>\n\t\t\t\t<div data-dce-title-color=\"#FFFFFF\" class=\"elementor-element elementor-element-1fe2f200 elementor-widget elementor-widget-heading\" data-id=\"1fe2f200\" data-element_type=\"widget\" data-e-type=\"widget\" data-widget_type=\"heading.default\">\n\t\t\t\t<div class=\"elementor-widget-container\">\n\t\t\t\t\t<h6 class=\"elementor-heading-title elementor-size-default\">Responsable de Calidad<\/h6>\t\t\t\t<\/div>\n\t\t\t\t<\/div>\n\t\t\t\t<div class=\"elementor-element elementor-element-1014a4ff elementor-widget elementor-widget-text-editor\" data-id=\"1014a4ff\" data-element_type=\"widget\" data-e-type=\"widget\" data-widget_type=\"text-editor.default\">\n\t\t\t\t<div class=\"elementor-widget-container\">\n\t\t\t\t\t\t\t\t\t<p style=\"text-align: center;\"><strong>D\u00f1a. Ana Mar\u00eda Gallardo Flores<\/strong><\/p>\t\t\t\t\t\t\t\t<\/div>\n\t\t\t\t<\/div>\n\t\t\t\t<div data-dce-text-color=\"#FFFFFF\" class=\"elementor-element elementor-element-3cd16110 elementor-widget elementor-widget-text-editor\" data-id=\"3cd16110\" data-element_type=\"widget\" data-e-type=\"widget\" data-widget_type=\"text-editor.default\">\n\t\t\t\t<div class=\"elementor-widget-container\">\n\t\t\t\t\t\t\t\t\t<p>Profesora sustituta interina<\/p><p><strong>Universidad Pablo de Olavide<\/strong><\/p><p>\u00a0<\/p>\t\t\t\t\t\t\t\t<\/div>\n\t\t\t\t<\/div>\n\t\t\t\t\t<\/div>\n\t\t<\/div>\n\t\t\t\t\t<\/div>\n\t\t<\/section>\n\t\t\t\t\t<\/div>\n\t\t<\/div>\n\t\t\t\t\t<\/div>\n\t\t<\/section>\n\t\t\t\t<section data-dce-background-color=\"#FFFFFF\" class=\"elementor-section elementor-top-section elementor-element elementor-element-3d8b82ff elementor-section-full_width elementor-section-height-default elementor-section-height-default\" data-id=\"3d8b82ff\" data-element_type=\"section\" data-e-type=\"section\" data-settings=\"{&quot;background_background&quot;:&quot;classic&quot;}\">\n\t\t\t\t\t\t<div class=\"elementor-container elementor-column-gap-wider\">\n\t\t\t\t\t<div class=\"elementor-column elementor-col-50 elementor-top-column elementor-element elementor-element-6c93f568\" data-id=\"6c93f568\" data-element_type=\"column\" data-e-type=\"column\" data-settings=\"{&quot;background_background&quot;:&quot;slideshow&quot;,&quot;background_slideshow_gallery&quot;:[{&quot;id&quot;:5225,&quot;url&quot;:&quot;https:\\\/\\\/www.upo.es\\\/formacionpermanente\\\/wp-content\\\/imagenes\\\/uploads\\\/pauloramalho-0514-9704-scaled.jpg&quot;},{&quot;id&quot;:5226,&quot;url&quot;:&quot;https:\\\/\\\/www.upo.es\\\/formacionpermanente\\\/wp-content\\\/imagenes\\\/uploads\\\/pauloramalho-0914-4786-scaled.jpg&quot;},{&quot;id&quot;:5227,&quot;url&quot;:&quot;https:\\\/\\\/www.upo.es\\\/formacionpermanente\\\/wp-content\\\/imagenes\\\/uploads\\\/pauloramalho-0914-4903-scaled.jpg&quot;},{&quot;id&quot;:5228,&quot;url&quot;:&quot;https:\\\/\\\/www.upo.es\\\/formacionpermanente\\\/wp-content\\\/imagenes\\\/uploads\\\/pauloramalho-0514-7793.jpg&quot;}],&quot;background_slideshow_loop&quot;:&quot;yes&quot;,&quot;background_slideshow_slide_duration&quot;:5000,&quot;background_slideshow_slide_transition&quot;:&quot;fade&quot;,&quot;background_slideshow_transition_duration&quot;:500}\">\n\t\t\t<div class=\"elementor-widget-wrap\">\n\t\t\t\t\t\t\t<\/div>\n\t\t<\/div>\n\t\t\t\t<div class=\"elementor-column elementor-col-50 elementor-top-column elementor-element elementor-element-34919254\" data-id=\"34919254\" data-element_type=\"column\" data-e-type=\"column\">\n\t\t\t<div class=\"elementor-widget-wrap elementor-element-populated\">\n\t\t\t\t\t\t<div data-dce-title-color=\"#00335B\" class=\"elementor-element elementor-element-262428c1 elementor-widget elementor-widget-accordion\" data-id=\"262428c1\" data-element_type=\"widget\" data-e-type=\"widget\" data-widget_type=\"accordion.default\">\n\t\t\t\t<div class=\"elementor-widget-container\">\n\t\t\t\t\t\t\t<div class=\"elementor-accordion\">\n\t\t\t\t\t\t\t<div class=\"elementor-accordion-item\">\n\t\t\t\t\t<div id=\"elementor-tab-title-6391\" class=\"elementor-tab-title\" data-tab=\"1\" role=\"button\" aria-controls=\"elementor-tab-content-6391\" aria-expanded=\"false\">\n\t\t\t\t\t\t\t\t\t\t\t\t\t<span class=\"elementor-accordion-icon elementor-accordion-icon-right\" aria-hidden=\"true\">\n\t\t\t\t\t\t\t\t\t\t\t\t\t\t\t<span class=\"elementor-accordion-icon-closed\"><i class=\"fas fa-plus\"><\/i><\/span>\n\t\t\t\t\t\t\t\t<span class=\"elementor-accordion-icon-opened\"><i class=\"fas fa-minus\"><\/i><\/span>\n\t\t\t\t\t\t\t\t\t\t\t\t\t\t<\/span>\n\t\t\t\t\t\t\t\t\t\t\t\t<a class=\"elementor-accordion-title\" tabindex=\"0\">Plan de Estudios<\/a>\n\t\t\t\t\t<\/div>\n\t\t\t\t\t<div id=\"elementor-tab-content-6391\" class=\"elementor-tab-content elementor-clearfix\" data-tab=\"1\" role=\"region\" aria-labelledby=\"elementor-tab-title-6391\"><p>El Plan de Estudios del Diploma de Extensi\u00f3n Universitaria se estructura de la forma siguiente:<\/p>\n\n<table id=\"tablepress-109\" class=\"tablepress tablepress-id-109\">\n<thead>\n<tr class=\"row-1\">\n\t<th class=\"column-1\">Tipo de materia<\/th><th class=\"column-2\">Cr\u00e9ditos ECTS<\/th>\n<\/tr>\n<\/thead>\n<tbody class=\"row-striping row-hover\">\n<tr class=\"row-2\">\n\t<td class=\"column-1\">Obligatoria<\/td><td class=\"column-2\">25,5<\/td>\n<\/tr>\n<tr class=\"row-3\">\n\t<td class=\"column-1\">Pr\u00e1cticas<\/td><td class=\"column-2\">4,5<\/td>\n<\/tr>\n<\/tbody>\n<\/table>\n\n<p>El programa solo se activar\u00e1 si se alcanza el n\u00famero m\u00ednimo de matr\u00edculas establecido en cada caso.<\/p>\n<h4><b>Relaci\u00f3n de materias<\/b><\/h4>\n\n<table id=\"tablepress-108\" class=\"tablepress tablepress-id-108 tbody-has-connected-cells\">\n<thead>\n<tr class=\"row-1\">\n\t<th class=\"column-1\">M\u00f3dulo<\/th><th class=\"column-2\">Asignatura<\/th><th class=\"column-3\">Tipo<\/th><th class=\"column-4\">N\u00ba de cr\u00e9ditos<\/th>\n<\/tr>\n<\/thead>\n<tbody class=\"row-striping row-hover\">\n<tr class=\"row-2\">\n\t<td rowspan=\"4\" class=\"column-1\">Formaci\u00f3n en comunicaci\u00f3n, habilidades sociales, emocionales, entrenamiento cognitivos<\/td><td class=\"column-2\">Habilidades sociales y de la comunicaci\u00f3n<\/td><td class=\"column-3\">Obligatoria<\/td><td class=\"column-4\">2<\/td>\n<\/tr>\n<tr class=\"row-3\">\n\t<td class=\"column-2\">Gesti\u00f3n de las emociones y el conflicto<\/td><td class=\"column-3\">Obligatoria<\/td><td class=\"column-4\">1<\/td>\n<\/tr>\n<tr class=\"row-4\">\n\t<td class=\"column-2\">Seminario ingl\u00e9s b\u00e1sico funcional<\/td><td class=\"column-3\">Obligatoria<\/td><td class=\"column-4\">2<\/td>\n<\/tr>\n<tr class=\"row-5\">\n\t<td class=\"column-2\">Seminario TICs<\/td><td class=\"column-3\">Obligatoria<\/td><td class=\"column-4\">3<\/td>\n<\/tr>\n<tr class=\"row-6\">\n\t<td rowspan=\"3\" class=\"column-1\">Formaci\u00f3n espec\u00edfica\/vocacional<\/td><td class=\"column-2\">Itinerarios personales de inserci\u00f3n socio-laboral<\/td><td class=\"column-3\">Obligatoria<\/td><td class=\"column-4\">1<\/td>\n<\/tr>\n<tr class=\"row-7\">\n\t<td class=\"column-2\">Habilidades b\u00e1sicas para la autogesti\u00f3n previa al empleo<\/td><td class=\"column-3\">Obligatoria<\/td><td class=\"column-4\">1<\/td>\n<\/tr>\n<tr class=\"row-8\">\n\t<td class=\"column-2\">Seminarios Empleabilidad I <\/td><td class=\"column-3\">Obligatoria<\/td><td class=\"column-4\">1<\/td>\n<\/tr>\n<tr class=\"row-9\">\n\t<td rowspan=\"3\" class=\"column-1\">Formaci\u00f3n en habilidades laborales<\/td><td class=\"column-2\">Auxiliar de reposici\u00f3n y servicios comerciales<\/td><td class=\"column-3\">Obligatoria<\/td><td class=\"column-4\">2<\/td>\n<\/tr>\n<tr class=\"row-10\">\n\t<td class=\"column-2\">Auxiliar de protocolo y eventos<\/td><td class=\"column-3\">Obligatoria<\/td><td class=\"column-4\">2<\/td>\n<\/tr>\n<tr class=\"row-11\">\n\t<td class=\"column-2\">Seminarios Empleabilidad II<\/td><td class=\"column-3\">Obligatoria<\/td><td class=\"column-4\">1<\/td>\n<\/tr>\n<tr class=\"row-12\">\n\t<td class=\"column-1\">Apoyos para la autonom\u00eda<\/td><td class=\"column-2\">Apoyos para la autonom\u00eda y vida independiente<\/td><td class=\"column-3\">Obligatoria<\/td><td class=\"column-4\">3,5<\/td>\n<\/tr>\n<tr class=\"row-13\">\n\t<td colspan=\"3\" class=\"column-1\">Pr\u00e1cticas en empresas<\/td><td class=\"column-4\">4,5<\/td>\n<\/tr>\n<tr class=\"row-14\">\n\t<td colspan=\"2\" class=\"column-1\">Acci\u00f3n tutorial<\/td><td class=\"column-3\">Obligatoria<\/td><td class=\"column-4\">4<\/td>\n<\/tr>\n<tr class=\"row-15\">\n\t<td class=\"column-1\">Inmersi\u00f3n comunitaria<\/td><td class=\"column-2\">Semana de inmersi\u00f3n comunitaria para la vida aut\u00f3noma<\/td><td class=\"column-3\">Obligatoria<\/td><td class=\"column-4\">2<\/td>\n<\/tr>\n<\/tbody>\n<\/table>\n<\/div>\n\t\t\t\t<\/div>\n\t\t\t\t\t\t\t<div class=\"elementor-accordion-item\">\n\t\t\t\t\t<div id=\"elementor-tab-title-6392\" class=\"elementor-tab-title\" data-tab=\"2\" role=\"button\" aria-controls=\"elementor-tab-content-6392\" aria-expanded=\"false\">\n\t\t\t\t\t\t\t\t\t\t\t\t\t<span class=\"elementor-accordion-icon elementor-accordion-icon-right\" aria-hidden=\"true\">\n\t\t\t\t\t\t\t\t\t\t\t\t\t\t\t<span class=\"elementor-accordion-icon-closed\"><i class=\"fas fa-plus\"><\/i><\/span>\n\t\t\t\t\t\t\t\t<span class=\"elementor-accordion-icon-opened\"><i class=\"fas fa-minus\"><\/i><\/span>\n\t\t\t\t\t\t\t\t\t\t\t\t\t\t<\/span>\n\t\t\t\t\t\t\t\t\t\t\t\t<a class=\"elementor-accordion-title\" tabindex=\"0\">Metodolog\u00eda y evaluaci\u00f3n<\/a>\n\t\t\t\t\t<\/div>\n\t\t\t\t\t<div id=\"elementor-tab-content-6392\" class=\"elementor-tab-content elementor-clearfix\" data-tab=\"2\" role=\"region\" aria-labelledby=\"elementor-tab-title-6392\"><div class=\"elementoSeccion element elemento_metodologia\"><div class=\"texto\"><div class=\"elementoSeccion element elemento_metodologia\"><div class=\"texto\"><h4><strong>Caracter\u00edsticas generales<\/strong><\/h4><p>La actividad docente ser\u00e1 desempe\u00f1ada por profesorado de la UPO (\u00e1reas de conocimiento Trabajo Social y Servicios Sociales, Psicolog\u00eda, \u00e1reas vinculadas a educaci\u00f3n, sociolog\u00eda y otras a determinar) as\u00ed como profesionales especializados en inserci\u00f3n laboral de personas con discapacidad intelectual de las entidades colaboradoras (PAZ y BIEN y Down Sevilla).<\/p><p>El t\u00edtulo contar\u00e1 adem\u00e1s con personal de apoyo para acci\u00f3n tutorial, gesti\u00f3n documental, intervenci\u00f3n individualizada de modificaci\u00f3n de conductas, entrevistas con las familias, acompa\u00f1amiento\u00a0y dinamizaci\u00f3n en actividades deportivas, de ocio, culturales as\u00ed como para el desarrollo de seminarios de autonom\u00eda personal y el acompa\u00f1amiento en las pr\u00e1cticas (empleo con apoyo)<\/p><p>Para facilitar la realizaci\u00f3n del t\u00edtulo a estudiantes de origen diferente a la capital de Sevilla se le ofertar\u00e1 la Residencia Universitaria Flora Trist\u00e1n.<\/p><h4><strong>Metodolog\u00eda espec\u00edfica<\/strong><\/h4><ul><li><strong>Dise\u00f1o Universal del Aprendizaje:<\/strong> La docencia ser\u00e1 inclusiva, con un planteamiento did\u00e1ctico capaz de responder a las necesidades formativas de todo el alumnado con dise\u00f1o de actividades y materiales accesibles, con el uso de dispositivos tipo tablet por cada estudiante que permita la accesibilidad al aula virtual. Se contar\u00e1 con el apoyo de la Dra. Ana Medina y su equipo para la adaptaci\u00f3n y validaci\u00f3n del nuevo material did\u00e1ctico a lectura f\u00e1cil.<\/li><li><strong>Acciones tutoriales (enfoque centrado en la persona):<\/strong> El alumnado contar\u00e1 con un\/a tutor\/a acad\u00e9mico\/a de referencia con la funci\u00f3n de acompa\u00f1ar y orientar al alumnado. As\u00ed mismo se contar\u00e1 con acceso al Aula Virtual de la Universidad para todas las asignaturas, que permitir\u00e1 la tutorizaci\u00f3n on-line.<\/li><li><strong>Aprendizaje cooperativo:<\/strong>\u00a0Asistencia a asignaturas de grado con estudiantes de distintas facultades, as\u00ed como el contacto del compa\u00f1ero\/a de referencia tecnol\u00f3gica para las cuestiones que puedan surgir en relaci\u00f3n al aula virtual y otras derivadas de las ense\u00f1anzas. En la Residencia Universitaria Flora-Trist\u00e1n tambi\u00e9n se cuenta con dos referentes que son estudiantes residentes. Por \u00faltimo, desde la cuarta edici\u00f3n, se cuenta con alumnado de Trabajo Social en el desarrollo de sus pr\u00e1cticas de campo.<\/li><li><strong>Seminarios de formaci\u00f3n:<\/strong> Conferencias de personas invitadas especialistas en temas de inter\u00e9s.<\/li><li><strong>Agrupaciones flexibles:<\/strong> Ense\u00f1anzas pr\u00e1cticas. La docencia se adaptar\u00e1 a las caracter\u00edsticas de las personas participantes, de esta forma se impartir\u00e1n contenidos generales al grupo general y otros contenidos se desarrollar\u00e1n en grupos m\u00e1s peque\u00f1os en funci\u00f3n que requieran de una din\u00e1mica pr\u00e1ctica y flexible a las necesidades del alumnado.<\/li><li><strong>Empleo con apoyo para las pr\u00e1cticas en empresas y organizaciones.<\/strong><\/li><\/ul><div class=\"elementoSeccion element elemento_evaluacion\"><div class=\"texto\"><h4><strong>Evaluaci\u00f3n<\/strong><\/h4><p>La evaluaci\u00f3n se calcular\u00e1 en funci\u00f3n a los siguientes porcentajes:<\/p><ul><li>Asistencia: 25%<\/li><li><div>Pruebas Te\u00f3ricas: 30%<\/div><\/li><li><div>Pr\u00e1cticas de Empresa: 30%<\/div><\/li><li><div>Asignaturas inclusivas de Grado: 15%<\/div><\/li><\/ul><\/div><\/div><\/div><\/div><\/div><\/div><\/div>\n\t\t\t\t<\/div>\n\t\t\t\t\t\t\t<div class=\"elementor-accordion-item\">\n\t\t\t\t\t<div id=\"elementor-tab-title-6393\" class=\"elementor-tab-title\" data-tab=\"3\" role=\"button\" aria-controls=\"elementor-tab-content-6393\" aria-expanded=\"false\">\n\t\t\t\t\t\t\t\t\t\t\t\t\t<span class=\"elementor-accordion-icon elementor-accordion-icon-right\" aria-hidden=\"true\">\n\t\t\t\t\t\t\t\t\t\t\t\t\t\t\t<span class=\"elementor-accordion-icon-closed\"><i class=\"fas fa-plus\"><\/i><\/span>\n\t\t\t\t\t\t\t\t<span class=\"elementor-accordion-icon-opened\"><i class=\"fas fa-minus\"><\/i><\/span>\n\t\t\t\t\t\t\t\t\t\t\t\t\t\t<\/span>\n\t\t\t\t\t\t\t\t\t\t\t\t<a class=\"elementor-accordion-title\" tabindex=\"0\">Requisitos y perfil de acceso<\/a>\n\t\t\t\t\t<\/div>\n\t\t\t\t\t<div id=\"elementor-tab-content-6393\" class=\"elementor-tab-content elementor-clearfix\" data-tab=\"3\" role=\"region\" aria-labelledby=\"elementor-tab-title-6393\"><div class=\"elementoSeccion element elemento_requisitosAcceso\"><div class=\"texto\"><div class=\"elementoSeccion element  elemento_requisitosAcceso\"><div class=\"texto\"><h4><strong>Titulaci\u00f3n requerida<\/strong><\/h4><p>Mujeres y hombres j\u00f3venes con discapacidad intelectual, que cumplan los siguientes requisitos:<\/p><ul><li><div>Tener una discapacidad intelectual con un grado igual o superior al 33% reconocida oficialmente por el Organismo competente de su Comunidad Aut\u00f3noma.<\/div><\/li><li><div>Edad comprendida entre los 18 y los 30 a\u00f1os.<\/div><\/li><li><div>Estar inscritos\/as en el Sistema Nacional de Garant\u00eda Juvenil de manera previa al inicio del curso.<\/div><\/li><li><div>No ser\u00e1 requisito imprescindible tener una titulaci\u00f3n acad\u00e9mica previa.<\/div><\/li><\/ul><div>\u00a0<\/div><div><p>Para estar inscrito\/a en el Sistema Nacional de Garant\u00eda Juvenil se requiere el cumplimiento de los siguientes requisitos:<\/p><ul><li>Tener nacionalidad espa\u00f1ola o ser ciudadanos de la Uni\u00f3n o de los Estados parte del Acuerdo Econ\u00f3mico Europeo o Suiza que se encuentren en Espa\u00f1a en ejercicio de la libre circulaci\u00f3n y residencia. Tambi\u00e9n podr\u00e1n inscribirse los extranjeros titulares de una autorizaci\u00f3n para residir en territorio espa\u00f1ol que habilite para trabajar.<\/li><li>Estar empadronado en cualquier localidad del territorio nacional espa\u00f1ol.<\/li><li>En el caso de personas con un grado de discapacidad igual o superior al 33 por ciento, tener m\u00e1s de 16 a\u00f1os y menos de 30 a\u00f1os en el momento de solicitar la inscripci\u00f3n en el Sistema Nacional de Garant\u00eda Juvenil. Adem\u00e1s, los mayores de 25 a\u00f1os y menores de 30 cuando, en el momento de solicitar la inscripci\u00f3n en el fichero del Sistema Nacional de Garant\u00eda Juvenil, la tasa de desempleo de este colectivo sea igual o superior al 20 por ciento, seg\u00fan la Encuesta de Poblaci\u00f3n Activa correspondiente al \u00faltimo trimestre del a\u00f1o.<\/li><li>No haber trabajado en el d\u00eda natural anterior a la fecha de presentaci\u00f3n de la solicitud.<\/li><li>No haber recibido acciones educativas en el d\u00eda natural anterior a la fecha de presentaci\u00f3n de la solicitud.<\/li><li>No haber recibido acciones formativas en el d\u00eda natural anterior a la fecha de presentaci\u00f3n de la solicitud.<\/li><li>Presentar una declaraci\u00f3n escrita de tener inter\u00e9s en participar en el Sistema Nacional de Garant\u00eda Juvenil, adquiriendo un compromiso de participaci\u00f3n activa en las actuaciones que se desarrollen en el marco de la Garant\u00eda Juvenil. En el caso de los demandantes de empleo bastar\u00e1 con su inscripci\u00f3n en los servicios p\u00fablicos de empleo. En su defecto, la modificaci\u00f3n de la Ley 18\/2014 de aprobaci\u00f3n de medidas urgentes para el crecimiento, la competitividad y la eficacia, publicada en el Bolet\u00edn Oficial del Estado con fecha 24 de diciembre de 2016, establece en el art\u00edculo 98.5 que \u00abla inscripci\u00f3n o renovaci\u00f3n como demandante de empleo en un servicio p\u00fablico de empleo implica la inscripci\u00f3n en el Sistema Nacional de Garant\u00eda Juvenil, si se cumplen los requisitos recogidos en el art\u00edculo 97. La fecha de inscripci\u00f3n en el sistema corresponder\u00e1 con la fecha de inscripci\u00f3n o de renovaci\u00f3n como demandante de empleo\u201d.<\/li><li>Adjuntar en pdf a la solicitud el certificado de Discapacidad.<\/li><li>Adjuntar en pdf a la solicitud el documento que acredite estar dado de alta en el Sistema Nacional de Garant\u00eda Juvenil.<\/li><\/ul><p>Para la captaci\u00f3n del alumnado, se realizar\u00e1n acciones de publicitaci\u00f3n del curso, indicando los requisitos anteriormente mencionados, as\u00ed como los medios para inscribirse.<\/p><p>La captaci\u00f3n y selecci\u00f3n del alumnado se realizar\u00e1 con la colaboraci\u00f3n de las entidades de apoyo a personas con discapacidad intelectual del entorno de Plena Inclusi\u00f3n Andaluc\u00eda, PAZ Y BIEN <a title=\"PAZ Y BIEN\" href=\"http:\/\/www.pazbien.org\/la-entidad\/\" target=\"_blank\" rel=\"noopener\">http:\/\/www.pazbien.org\/la-entidad\/<\/a> y DOWN SEVILLA\u00a0<a href=\"https:\/\/www.downsevilla.org\/\" target=\"_blank\" rel=\"noopener\">https:\/\/www.downsevilla.org\/<\/a><\/p><\/div><p>Este a\u00f1o se contar\u00e1 tambi\u00e9n con la difusi\u00f3n del programa en una web de lectura f\u00e1cil <a href=\"https:\/\/www.upo.es\/fevida-lectura-facil\/\">https:\/\/www.upo.es\/fevida-lectura-facil\/<\/a><\/p><p>Se conformar\u00e1 una comisi\u00f3n de selecci\u00f3n presidida por la Direcci\u00f3n acad\u00e9mica y representantes de las entidades colaboradora para valorar la idoneidad de las personas candidatas y decidir la selecci\u00f3n de las personas participantes en el programa.\u00a0<\/p><p>El proceso de selecci\u00f3n se realiza a trav\u00e9s de una entrevista individualizada al alumnado y a una persona de su familia, as\u00ed se les indicar\u00e1 en el momento de la citaci\u00f3n. Se comienza con una prueba de an\u00e1lisis de competencias en el caso en que la persona no tenga titulaci\u00f3n en Educaci\u00f3n Secundaria Obligatoria, elaborado con la colaboraci\u00f3n de las entidades colaboradoras. En este an\u00e1lisis de competencias se evaluar\u00e1n competencias instrumentales y ling\u00fc\u00edsticas. En el caso de contar con el t\u00edtulo de ESO, la calificaci\u00f3n en este apartado ser\u00e1 de 10 puntos, la m\u00e1xima nota.<\/p><p>Tras esta prueba, en el caso de ser necesaria, se comenzar\u00e1 la entrevista. El modelo de la entrevista al estudiante ha sido validada por las entidades colaboradoras y la Direcci\u00f3n del programa. Si bien, la entrevista se presenta al alumnado como una conversaci\u00f3n por parte de una de las personas presentes, las otras dos personas punt\u00faan en el cuestionario, lo que permitir\u00e1 confrontar opiniones una vez terminada la entrevista, buscando as\u00ed ser lo m\u00e1s objetivas posibles.<\/p><p>Entre los criterios a valorar se encuentran:<\/p><ul><li>Igualdad de oportunidades entre hombres y mujeres (paridad).<\/li><li>Las personas participantes deber\u00e1n poder desplazarse con autonom\u00eda a la Universidad.<\/li><li>No tener problemas de salud mental grave.<\/li><li>Con habilidades acad\u00e9micas b\u00e1sicas de competencias m\u00ednimas en lecto-escritura y c\u00e1lculo.<\/li><li>Manifestar un deseo de formarse y una conducta social adecuada a un entorno universitario (contrato de compromiso).<\/li><li>Se tendr\u00e1 en cuenta favorablemente no contar con incapacitaci\u00f3n jur\u00eddica alguna.<\/li><li>No haber sido beneficiario\/a del programa Unidiversidad anteriormente<\/li><\/ul><p>Las entrevistas de selecci\u00f3n tiene una duraci\u00f3n estimada de 45 minutos, se realiza inicialmente al alumnado y posteriormente a las familias para poder valorar las distintas \u00e1reas de manera adecuada.<\/p><\/div><\/div><\/div><\/div><\/div>\n\t\t\t\t<\/div>\n\t\t\t\t\t\t\t<div class=\"elementor-accordion-item\">\n\t\t\t\t\t<div id=\"elementor-tab-title-6394\" class=\"elementor-tab-title\" data-tab=\"4\" role=\"button\" aria-controls=\"elementor-tab-content-6394\" aria-expanded=\"false\">\n\t\t\t\t\t\t\t\t\t\t\t\t\t<span class=\"elementor-accordion-icon elementor-accordion-icon-right\" aria-hidden=\"true\">\n\t\t\t\t\t\t\t\t\t\t\t\t\t\t\t<span class=\"elementor-accordion-icon-closed\"><i class=\"fas fa-plus\"><\/i><\/span>\n\t\t\t\t\t\t\t\t<span class=\"elementor-accordion-icon-opened\"><i class=\"fas fa-minus\"><\/i><\/span>\n\t\t\t\t\t\t\t\t\t\t\t\t\t\t<\/span>\n\t\t\t\t\t\t\t\t\t\t\t\t<a class=\"elementor-accordion-title\" tabindex=\"0\">Pr\u00e1cticas externas<\/a>\n\t\t\t\t\t<\/div>\n\t\t\t\t\t<div id=\"elementor-tab-content-6394\" class=\"elementor-tab-content elementor-clearfix\" data-tab=\"4\" role=\"region\" aria-labelledby=\"elementor-tab-title-6394\"><p>Para las pr\u00e1cticas se utilizar\u00e1 la \u00abMetodolog\u00eda del Empleo con Apoyo\u00bb (ECA) como estrategia de incorporaci\u00f3n de las personas con discapacidad al empleo ordinario. En este caso se desarrolla un evento anual de Encuentro de Empresas inclusivas, donde se forma al tejido empresarial sobre dicha metodolog\u00eda. Mientras se desarrollan las pr\u00e1cticas el personal docente de dicha asignatura ofrecer\u00e1 apoyo individualizado con estrategias que permitan al estudiante con discapacidad desarrollar satisfactoriamente y de forma aut\u00f3noma una actividad laboral (Salvador, 2011). Ser\u00e1n centros de pr\u00e1cticas, unidades de la Universidad Pablo de Olavide, empresas mercantiles de Sevilla y organizaciones sociales.&nbsp; Entre abril, mayo y junio cada estudiante tendr\u00e1 que realizar 100 horas de pr\u00e1cticas (4.5 cr\u00e9ditos ECTS)&nbsp; Por su parte se desarrollar\u00e1n seminarios de acompa\u00f1amiento y formativos con empresariado de la zona que sirvan para informaci\u00f3n, sensibilizaci\u00f3n y fidelizaci\u00f3n de pertenencia a la red. Si la pandemia lo permite ,se celebrar\u00e1n eventos anuales.<\/p>\n<h4><b>Sistema de Evaluaci\u00f3n<\/b><\/h4>\n<p>Se cuenta con una r\u00fabrica de evaluaci\u00f3n que ser\u00e1 cumplimentada por los responsables de las entidades colaboradoras que junto a la calificaci\u00f3n del informe de pr\u00e1cticas del tutor acad\u00e9mico valorar\u00e1 el aprovechamiento de las mismas (apto\/ no apto).&nbsp; &nbsp;&nbsp;<\/p>\n<h4><b>Cr\u00e9ditos asignados a las pr\u00e1cticas:<\/b> 4,5 ECTS<\/h4><\/div>\n\t\t\t\t<\/div>\n\t\t\t\t\t\t\t<div class=\"elementor-accordion-item\">\n\t\t\t\t\t<div id=\"elementor-tab-title-6395\" class=\"elementor-tab-title\" data-tab=\"5\" role=\"button\" aria-controls=\"elementor-tab-content-6395\" aria-expanded=\"false\">\n\t\t\t\t\t\t\t\t\t\t\t\t\t<span class=\"elementor-accordion-icon elementor-accordion-icon-right\" aria-hidden=\"true\">\n\t\t\t\t\t\t\t\t\t\t\t\t\t\t\t<span class=\"elementor-accordion-icon-closed\"><i class=\"fas fa-plus\"><\/i><\/span>\n\t\t\t\t\t\t\t\t<span class=\"elementor-accordion-icon-opened\"><i class=\"fas fa-minus\"><\/i><\/span>\n\t\t\t\t\t\t\t\t\t\t\t\t\t\t<\/span>\n\t\t\t\t\t\t\t\t\t\t\t\t<a class=\"elementor-accordion-title\" tabindex=\"0\">Profesorado<\/a>\n\t\t\t\t\t<\/div>\n\t\t\t\t\t<div id=\"elementor-tab-content-6395\" class=\"elementor-tab-content elementor-clearfix\" data-tab=\"5\" role=\"region\" aria-labelledby=\"elementor-tab-title-6395\"><h4>Relaci\u00f3n de docentes<\/h4><div class=\"elementoSeccion element elemento_relacionDocentes\"><div class=\"texto\"><div><ul><li><strong>D\u00f1a. Nuria Fern\u00e1ndez Quesada<br \/><\/strong>Profesora Contratada Doctora, Universidad Pablo de Olavide.<\/li><li><strong>D\u00f1a. Mar\u00eda Rosa Herrera Guti\u00e9rrez<\/strong><br \/>Profesora Contratada Doctora, Universidad Pablo de Olavide.<\/li><li><strong>D\u00f1a. Mar\u00eda Teresa Terr\u00f3n Caro<\/strong><br \/>Profesora Titular, Universidad Pablo de Olavide.<\/li><li><strong>D. Antonio I\u00e1\u00f1ez Dom\u00ednguez<\/strong><br \/>Profesor Titular, Universidad Pablo de Olavide.<\/li><li><strong>D\u00f1a. Rosa Mar\u00eda Rodr\u00edguez Izquierdo<br \/><\/strong>Profesora Titular, Universidad Pablo de Olavide.<\/li><li><strong>D\u00f1a. Antonia Corona Aguilar<\/strong><br \/>Profesora Colaboradora, Universidad Pablo de Olavide.<\/li><li><strong>D\u00f1a. Mar\u00eda Luisa Delgado Niebla<br \/><\/strong>Profesora Colaboradora, Universidad Pablo de Olavide.<\/li><li><strong>D. Manuel Alfredo Cort\u00e9s Mira<\/strong><br \/>Director Servicio de Prevenci\u00f3n UPO. Doctor. Licenciado en Medicina y Cirug\u00eda. Profesor Colaborador Honorario UPO.<\/li><li><strong>D\u00f1a. Inmaculada S\u00e1nchez M\u00e1rquez<\/strong><br \/>Profesora Asociada, Universidad Pablo de Olavide.<\/li><li><strong>D. Norberto D\u00edaz D\u00edaz<\/strong><br \/>Profesor Contratado Doctor, Universidad Pablo de Olavide.<\/li><li><strong>D\u00f1a. Rosa M\u00aa D\u00edaz Jim\u00e9nez<br \/><\/strong>Profesora Titular, Universidad Pablo de Olavide.<\/li><li><strong>D. Juan Ram\u00f3n Jim\u00e9nez<br \/><\/strong>T\u00e9cnico de orientaci\u00f3n laboral y empleo de Fundaci\u00f3n Once-Andaluc\u00eda.<\/li><li><strong>D\u00f1a. Mar\u00eda de las Mercedes Serrato Calero<br \/><\/strong>Doctoranda, Universidad Pablo de Olavide.<\/li><li><strong>D\u00f1a. Mar\u00eda Dolores Yerga M\u00edguez<br \/><\/strong>Doctoranda, Universidad Pablo de Olavide.<\/li><li><strong>D\u00f1a. Beatriz Alejandra Garc\u00eda Reyes<br \/><\/strong>Jefa de Programas del \u00e1rea de Coordinaci\u00f3n de la Secretar\u00eda General de la Presidencia (Consejer\u00eda de la Presidencia, Administraci\u00f3n Local y Memoria Democr\u00e1tica).<\/li><li><strong>D. Julio Prenda S\u00e1nchez<br \/><\/strong>Presidente Anima Vitae.<\/li><\/ul><p><br \/><strong>Docentes Asedown Sevilla:<\/strong><\/p><ul><li>D\u00f1a. Ana Ben\u00edtez Ja\u00e9n.<\/li><li>D. Jos\u00e9 Manuel Hermida Fern\u00e1ndez.<\/li><li>D. Rafael Peral Ortega.<\/li><li>D\u00f1a. Ana Segura Rodr\u00edguez.<\/li><\/ul><p><strong>Docentes PAZ y BIEN:<\/strong><\/p><ul><li>D. Luis Carlos P\u00e9rez Valla.<\/li><li>D\u00f1a. M\u00aa Auxiliadora Contreras Puerto.<\/li><\/ul><\/div><\/div><\/div><\/div>\n\t\t\t\t<\/div>\n\t\t\t\t\t\t\t<div class=\"elementor-accordion-item\">\n\t\t\t\t\t<div id=\"elementor-tab-title-6396\" class=\"elementor-tab-title\" data-tab=\"6\" role=\"button\" aria-controls=\"elementor-tab-content-6396\" aria-expanded=\"false\">\n\t\t\t\t\t\t\t\t\t\t\t\t\t<span class=\"elementor-accordion-icon elementor-accordion-icon-right\" aria-hidden=\"true\">\n\t\t\t\t\t\t\t\t\t\t\t\t\t\t\t<span class=\"elementor-accordion-icon-closed\"><i class=\"fas fa-plus\"><\/i><\/span>\n\t\t\t\t\t\t\t\t<span class=\"elementor-accordion-icon-opened\"><i class=\"fas fa-minus\"><\/i><\/span>\n\t\t\t\t\t\t\t\t\t\t\t\t\t\t<\/span>\n\t\t\t\t\t\t\t\t\t\t\t\t<a class=\"elementor-accordion-title\" tabindex=\"0\">Precios y ayudas<\/a>\n\t\t\t\t\t<\/div>\n\t\t\t\t\t<div id=\"elementor-tab-content-6396\" class=\"elementor-tab-content elementor-clearfix\" data-tab=\"6\" role=\"region\" aria-labelledby=\"elementor-tab-title-6396\"><p>Este curso est\u00e1 financiado por la Fundaci\u00f3n ONCE y el Fondo Social Europeo, con un coste de 0,00 \u20ac para el alumnado.<\/p><ul><li><p>Este importe no incluye las\u00a0<strong>tasas de expedici\u00f3n del t\u00edtulo<\/strong>, puede acceder a la informaci\u00f3n en el siguiente\u00a0<a href=\"https:\/\/upo.es\/postgrado\/es\/Oficina-Virtual\/Como-puedo-solicitar-el-titulo-o-diploma-de-un-Titulo-Propio\/\" target=\"_blank\" rel=\"noopener\">enlace<\/a>.<\/p><\/li><li><p>Este importe no incluye las\u00a0<strong>tasas de expedici\u00f3n del carnet de estudiante<\/strong>, puede acceder a la informaci\u00f3n desde el siguiente\u00a0<a href=\"https:\/\/upo.es\/postgrado\/es\/formacion-permanente\/titulos-propios\/Carnet-de-estudiante-para-Titulos-Propios\/\" target=\"_blank\" rel=\"noopener\">enlace<\/a>.<\/p><\/li><\/ul><\/div>\n\t\t\t\t<\/div>\n\t\t\t\t\t\t\t<div class=\"elementor-accordion-item\">\n\t\t\t\t\t<div id=\"elementor-tab-title-6397\" class=\"elementor-tab-title\" data-tab=\"7\" role=\"button\" aria-controls=\"elementor-tab-content-6397\" aria-expanded=\"false\">\n\t\t\t\t\t\t\t\t\t\t\t\t\t<span class=\"elementor-accordion-icon elementor-accordion-icon-right\" aria-hidden=\"true\">\n\t\t\t\t\t\t\t\t\t\t\t\t\t\t\t<span class=\"elementor-accordion-icon-closed\"><i class=\"fas fa-plus\"><\/i><\/span>\n\t\t\t\t\t\t\t\t<span class=\"elementor-accordion-icon-opened\"><i class=\"fas fa-minus\"><\/i><\/span>\n\t\t\t\t\t\t\t\t\t\t\t\t\t\t<\/span>\n\t\t\t\t\t\t\t\t\t\t\t\t<a class=\"elementor-accordion-title\" tabindex=\"0\">Horario<\/a>\n\t\t\t\t\t<\/div>\n\t\t\t\t\t<div id=\"elementor-tab-content-6397\" class=\"elementor-tab-content elementor-clearfix\" data-tab=\"7\" role=\"region\" aria-labelledby=\"elementor-tab-title-6397\"><ul><li>Este t\u00edtulo se desarrollar\u00e1 del\u00a0<strong>3 de noviembre de 2022 al 23 de junio de 2023.<\/strong>\u00a0Puedes visualizar el calendario a trav\u00e9s de este\u00a0<a href=\"https:\/\/www.upo.es\/formacionpermanente\/wp-content\/imagenes\/uploads\/2022\/10\/DEU2022-06_Calendario.pdf\" target=\"_blank\" rel=\"noopener\"><strong>ENLACE<\/strong><\/a>\u00a0(calendario sujeto a posibles cambios).<\/li><li>El curso se impartir\u00e1 de lunes a viernes de 9:00 a 19:00 horas.<\/li><li>Las aulas ser\u00e1n asignadas una vez se conozca el n\u00famero de alumnos\/as que se hayan matriculado en el programa y se les informar\u00e1 por correo electr\u00f3nico antes del inicio del curso.\u00a0<\/li><\/ul><p>\u00a0<\/p><\/div>\n\t\t\t\t<\/div>\n\t\t\t\t\t\t\t\t\t\t<script type=\"application\/ld+json\">{\"@context\":\"https:\\\/\\\/schema.org\",\"@type\":\"FAQPage\",\"mainEntity\":[{\"@type\":\"Question\",\"name\":\"Plan de Estudios\",\"acceptedAnswer\":{\"@type\":\"Answer\",\"text\":\"<p>El Plan de Estudios del Diploma de Extensi\\u00f3n Universitaria se estructura de la forma siguiente:<\\\/p>\\n\\n<table id=\\\"tablepress-109-no-2\\\" class=\\\"tablepress tablepress-id-109\\\">\\n<thead>\\n<tr class=\\\"row-1\\\">\\n\\t<th class=\\\"column-1\\\">Tipo de materia<\\\/th><th class=\\\"column-2\\\">Cr\\u00e9ditos ECTS<\\\/th>\\n<\\\/tr>\\n<\\\/thead>\\n<tbody class=\\\"row-striping row-hover\\\">\\n<tr class=\\\"row-2\\\">\\n\\t<td class=\\\"column-1\\\">Obligatoria<\\\/td><td class=\\\"column-2\\\">25,5<\\\/td>\\n<\\\/tr>\\n<tr class=\\\"row-3\\\">\\n\\t<td class=\\\"column-1\\\">Pr\\u00e1cticas<\\\/td><td class=\\\"column-2\\\">4,5<\\\/td>\\n<\\\/tr>\\n<\\\/tbody>\\n<\\\/table>\\n\\n<p>El programa solo se activar\\u00e1 si se alcanza el n\\u00famero m\\u00ednimo de matr\\u00edculas establecido en cada caso.<\\\/p>\\n<h4><b>Relaci\\u00f3n de materias<\\\/b><\\\/h4>\\n\\n<table id=\\\"tablepress-108-no-2\\\" class=\\\"tablepress tablepress-id-108 tbody-has-connected-cells\\\">\\n<thead>\\n<tr class=\\\"row-1\\\">\\n\\t<th class=\\\"column-1\\\">M\\u00f3dulo<\\\/th><th class=\\\"column-2\\\">Asignatura<\\\/th><th class=\\\"column-3\\\">Tipo<\\\/th><th class=\\\"column-4\\\">N\\u00ba de cr\\u00e9ditos<\\\/th>\\n<\\\/tr>\\n<\\\/thead>\\n<tbody class=\\\"row-striping row-hover\\\">\\n<tr class=\\\"row-2\\\">\\n\\t<td rowspan=\\\"4\\\" class=\\\"column-1\\\">Formaci\\u00f3n en comunicaci\\u00f3n, habilidades sociales, emocionales, entrenamiento cognitivos<\\\/td><td class=\\\"column-2\\\">Habilidades sociales y de la comunicaci\\u00f3n<\\\/td><td class=\\\"column-3\\\">Obligatoria<\\\/td><td class=\\\"column-4\\\">2<\\\/td>\\n<\\\/tr>\\n<tr class=\\\"row-3\\\">\\n\\t<td class=\\\"column-2\\\">Gesti\\u00f3n de las emociones y el conflicto<\\\/td><td class=\\\"column-3\\\">Obligatoria<\\\/td><td class=\\\"column-4\\\">1<\\\/td>\\n<\\\/tr>\\n<tr class=\\\"row-4\\\">\\n\\t<td class=\\\"column-2\\\">Seminario ingl\\u00e9s b\\u00e1sico funcional<\\\/td><td class=\\\"column-3\\\">Obligatoria<\\\/td><td class=\\\"column-4\\\">2<\\\/td>\\n<\\\/tr>\\n<tr class=\\\"row-5\\\">\\n\\t<td class=\\\"column-2\\\">Seminario TICs<\\\/td><td class=\\\"column-3\\\">Obligatoria<\\\/td><td class=\\\"column-4\\\">3<\\\/td>\\n<\\\/tr>\\n<tr class=\\\"row-6\\\">\\n\\t<td rowspan=\\\"3\\\" class=\\\"column-1\\\">Formaci\\u00f3n espec\\u00edfica\\\/vocacional<\\\/td><td class=\\\"column-2\\\">Itinerarios personales de inserci\\u00f3n socio-laboral<\\\/td><td class=\\\"column-3\\\">Obligatoria<\\\/td><td class=\\\"column-4\\\">1<\\\/td>\\n<\\\/tr>\\n<tr class=\\\"row-7\\\">\\n\\t<td class=\\\"column-2\\\">Habilidades b\\u00e1sicas para la autogesti\\u00f3n previa al empleo<\\\/td><td class=\\\"column-3\\\">Obligatoria<\\\/td><td class=\\\"column-4\\\">1<\\\/td>\\n<\\\/tr>\\n<tr class=\\\"row-8\\\">\\n\\t<td class=\\\"column-2\\\">Seminarios Empleabilidad I <\\\/td><td class=\\\"column-3\\\">Obligatoria<\\\/td><td class=\\\"column-4\\\">1<\\\/td>\\n<\\\/tr>\\n<tr class=\\\"row-9\\\">\\n\\t<td rowspan=\\\"3\\\" class=\\\"column-1\\\">Formaci\\u00f3n en habilidades laborales<\\\/td><td class=\\\"column-2\\\">Auxiliar de reposici\\u00f3n y servicios comerciales<\\\/td><td class=\\\"column-3\\\">Obligatoria<\\\/td><td class=\\\"column-4\\\">2<\\\/td>\\n<\\\/tr>\\n<tr class=\\\"row-10\\\">\\n\\t<td class=\\\"column-2\\\">Auxiliar de protocolo y eventos<\\\/td><td class=\\\"column-3\\\">Obligatoria<\\\/td><td class=\\\"column-4\\\">2<\\\/td>\\n<\\\/tr>\\n<tr class=\\\"row-11\\\">\\n\\t<td class=\\\"column-2\\\">Seminarios Empleabilidad II<\\\/td><td class=\\\"column-3\\\">Obligatoria<\\\/td><td class=\\\"column-4\\\">1<\\\/td>\\n<\\\/tr>\\n<tr class=\\\"row-12\\\">\\n\\t<td class=\\\"column-1\\\">Apoyos para la autonom\\u00eda<\\\/td><td class=\\\"column-2\\\">Apoyos para la autonom\\u00eda y vida independiente<\\\/td><td class=\\\"column-3\\\">Obligatoria<\\\/td><td class=\\\"column-4\\\">3,5<\\\/td>\\n<\\\/tr>\\n<tr class=\\\"row-13\\\">\\n\\t<td colspan=\\\"3\\\" class=\\\"column-1\\\">Pr\\u00e1cticas en empresas<\\\/td><td class=\\\"column-4\\\">4,5<\\\/td>\\n<\\\/tr>\\n<tr class=\\\"row-14\\\">\\n\\t<td colspan=\\\"2\\\" class=\\\"column-1\\\">Acci\\u00f3n tutorial<\\\/td><td class=\\\"column-3\\\">Obligatoria<\\\/td><td class=\\\"column-4\\\">4<\\\/td>\\n<\\\/tr>\\n<tr class=\\\"row-15\\\">\\n\\t<td class=\\\"column-1\\\">Inmersi\\u00f3n comunitaria<\\\/td><td class=\\\"column-2\\\">Semana de inmersi\\u00f3n comunitaria para la vida aut\\u00f3noma<\\\/td><td class=\\\"column-3\\\">Obligatoria<\\\/td><td class=\\\"column-4\\\">2<\\\/td>\\n<\\\/tr>\\n<\\\/tbody>\\n<\\\/table>\\n\"}},{\"@type\":\"Question\",\"name\":\"Metodolog\\u00eda y evaluaci\\u00f3n\",\"acceptedAnswer\":{\"@type\":\"Answer\",\"text\":\"<div class=\\\"elementoSeccion element elemento_metodologia\\\"><div class=\\\"texto\\\"><div class=\\\"elementoSeccion element elemento_metodologia\\\"><div class=\\\"texto\\\"><h4><strong>Caracter\\u00edsticas generales<\\\/strong><\\\/h4><p>La actividad docente ser\\u00e1 desempe\\u00f1ada por profesorado de la UPO (\\u00e1reas de conocimiento Trabajo Social y Servicios Sociales, Psicolog\\u00eda, \\u00e1reas vinculadas a educaci\\u00f3n, sociolog\\u00eda y otras a determinar) as\\u00ed como profesionales especializados en inserci\\u00f3n laboral de personas con discapacidad intelectual de las entidades colaboradoras (PAZ y BIEN y Down Sevilla).<\\\/p><p>El t\\u00edtulo contar\\u00e1 adem\\u00e1s con personal de apoyo para acci\\u00f3n tutorial, gesti\\u00f3n documental, intervenci\\u00f3n individualizada de modificaci\\u00f3n de conductas, entrevistas con las familias, acompa\\u00f1amiento\\u00a0y dinamizaci\\u00f3n en actividades deportivas, de ocio, culturales as\\u00ed como para el desarrollo de seminarios de autonom\\u00eda personal y el acompa\\u00f1amiento en las pr\\u00e1cticas (empleo con apoyo)<\\\/p><p>Para facilitar la realizaci\\u00f3n del t\\u00edtulo a estudiantes de origen diferente a la capital de Sevilla se le ofertar\\u00e1 la Residencia Universitaria Flora Trist\\u00e1n.<\\\/p><h4><strong>Metodolog\\u00eda espec\\u00edfica<\\\/strong><\\\/h4><ul><li><strong>Dise\\u00f1o Universal del Aprendizaje:<\\\/strong> La docencia ser\\u00e1 inclusiva, con un planteamiento did\\u00e1ctico capaz de responder a las necesidades formativas de todo el alumnado con dise\\u00f1o de actividades y materiales accesibles, con el uso de dispositivos tipo tablet por cada estudiante que permita la accesibilidad al aula virtual. Se contar\\u00e1 con el apoyo de la Dra. Ana Medina y su equipo para la adaptaci\\u00f3n y validaci\\u00f3n del nuevo material did\\u00e1ctico a lectura f\\u00e1cil.<\\\/li><li><strong>Acciones tutoriales (enfoque centrado en la persona):<\\\/strong> El alumnado contar\\u00e1 con un\\\/a tutor\\\/a acad\\u00e9mico\\\/a de referencia con la funci\\u00f3n de acompa\\u00f1ar y orientar al alumnado. As\\u00ed mismo se contar\\u00e1 con acceso al Aula Virtual de la Universidad para todas las asignaturas, que permitir\\u00e1 la tutorizaci\\u00f3n on-line.<\\\/li><li><strong>Aprendizaje cooperativo:<\\\/strong>\\u00a0Asistencia a asignaturas de grado con estudiantes de distintas facultades, as\\u00ed como el contacto del compa\\u00f1ero\\\/a de referencia tecnol\\u00f3gica para las cuestiones que puedan surgir en relaci\\u00f3n al aula virtual y otras derivadas de las ense\\u00f1anzas. En la Residencia Universitaria Flora-Trist\\u00e1n tambi\\u00e9n se cuenta con dos referentes que son estudiantes residentes. Por \\u00faltimo, desde la cuarta edici\\u00f3n, se cuenta con alumnado de Trabajo Social en el desarrollo de sus pr\\u00e1cticas de campo.<\\\/li><li><strong>Seminarios de formaci\\u00f3n:<\\\/strong> Conferencias de personas invitadas especialistas en temas de inter\\u00e9s.<\\\/li><li><strong>Agrupaciones flexibles:<\\\/strong> Ense\\u00f1anzas pr\\u00e1cticas. La docencia se adaptar\\u00e1 a las caracter\\u00edsticas de las personas participantes, de esta forma se impartir\\u00e1n contenidos generales al grupo general y otros contenidos se desarrollar\\u00e1n en grupos m\\u00e1s peque\\u00f1os en funci\\u00f3n que requieran de una din\\u00e1mica pr\\u00e1ctica y flexible a las necesidades del alumnado.<\\\/li><li><strong>Empleo con apoyo para las pr\\u00e1cticas en empresas y organizaciones.<\\\/strong><\\\/li><\\\/ul><div class=\\\"elementoSeccion element elemento_evaluacion\\\"><div class=\\\"texto\\\"><h4><strong>Evaluaci\\u00f3n<\\\/strong><\\\/h4><p>La evaluaci\\u00f3n se calcular\\u00e1 en funci\\u00f3n a los siguientes porcentajes:<\\\/p><ul><li>Asistencia: 25%<\\\/li><li><div>Pruebas Te\\u00f3ricas: 30%<\\\/div><\\\/li><li><div>Pr\\u00e1cticas de Empresa: 30%<\\\/div><\\\/li><li><div>Asignaturas inclusivas de Grado: 15%<\\\/div><\\\/li><\\\/ul><\\\/div><\\\/div><\\\/div><\\\/div><\\\/div><\\\/div>\"}},{\"@type\":\"Question\",\"name\":\"Requisitos y perfil de acceso\",\"acceptedAnswer\":{\"@type\":\"Answer\",\"text\":\"<div class=\\\"elementoSeccion element elemento_requisitosAcceso\\\"><div class=\\\"texto\\\"><div class=\\\"elementoSeccion element  elemento_requisitosAcceso\\\"><div class=\\\"texto\\\"><h4><strong>Titulaci\\u00f3n requerida<\\\/strong><\\\/h4><p>Mujeres y hombres j\\u00f3venes con discapacidad intelectual, que cumplan los siguientes requisitos:<\\\/p><ul><li><div>Tener una discapacidad intelectual con un grado igual o superior al 33% reconocida oficialmente por el Organismo competente de su Comunidad Aut\\u00f3noma.<\\\/div><\\\/li><li><div>Edad comprendida entre los 18 y los 30 a\\u00f1os.<\\\/div><\\\/li><li><div>Estar inscritos\\\/as en el Sistema Nacional de Garant\\u00eda Juvenil de manera previa al inicio del curso.<\\\/div><\\\/li><li><div>No ser\\u00e1 requisito imprescindible tener una titulaci\\u00f3n acad\\u00e9mica previa.<\\\/div><\\\/li><\\\/ul><div>\\u00a0<\\\/div><div><p>Para estar inscrito\\\/a en el Sistema Nacional de Garant\\u00eda Juvenil se requiere el cumplimiento de los siguientes requisitos:<\\\/p><ul><li>Tener nacionalidad espa\\u00f1ola o ser ciudadanos de la Uni\\u00f3n o de los Estados parte del Acuerdo Econ\\u00f3mico Europeo o Suiza que se encuentren en Espa\\u00f1a en ejercicio de la libre circulaci\\u00f3n y residencia. Tambi\\u00e9n podr\\u00e1n inscribirse los extranjeros titulares de una autorizaci\\u00f3n para residir en territorio espa\\u00f1ol que habilite para trabajar.<\\\/li><li>Estar empadronado en cualquier localidad del territorio nacional espa\\u00f1ol.<\\\/li><li>En el caso de personas con un grado de discapacidad igual o superior al 33 por ciento, tener m\\u00e1s de 16 a\\u00f1os y menos de 30 a\\u00f1os en el momento de solicitar la inscripci\\u00f3n en el Sistema Nacional de Garant\\u00eda Juvenil. Adem\\u00e1s, los mayores de 25 a\\u00f1os y menores de 30 cuando, en el momento de solicitar la inscripci\\u00f3n en el fichero del Sistema Nacional de Garant\\u00eda Juvenil, la tasa de desempleo de este colectivo sea igual o superior al 20 por ciento, seg\\u00fan la Encuesta de Poblaci\\u00f3n Activa correspondiente al \\u00faltimo trimestre del a\\u00f1o.<\\\/li><li>No haber trabajado en el d\\u00eda natural anterior a la fecha de presentaci\\u00f3n de la solicitud.<\\\/li><li>No haber recibido acciones educativas en el d\\u00eda natural anterior a la fecha de presentaci\\u00f3n de la solicitud.<\\\/li><li>No haber recibido acciones formativas en el d\\u00eda natural anterior a la fecha de presentaci\\u00f3n de la solicitud.<\\\/li><li>Presentar una declaraci\\u00f3n escrita de tener inter\\u00e9s en participar en el Sistema Nacional de Garant\\u00eda Juvenil, adquiriendo un compromiso de participaci\\u00f3n activa en las actuaciones que se desarrollen en el marco de la Garant\\u00eda Juvenil. En el caso de los demandantes de empleo bastar\\u00e1 con su inscripci\\u00f3n en los servicios p\\u00fablicos de empleo. En su defecto, la modificaci\\u00f3n de la Ley 18\\\/2014 de aprobaci\\u00f3n de medidas urgentes para el crecimiento, la competitividad y la eficacia, publicada en el Bolet\\u00edn Oficial del Estado con fecha 24 de diciembre de 2016, establece en el art\\u00edculo 98.5 que \\u00abla inscripci\\u00f3n o renovaci\\u00f3n como demandante de empleo en un servicio p\\u00fablico de empleo implica la inscripci\\u00f3n en el Sistema Nacional de Garant\\u00eda Juvenil, si se cumplen los requisitos recogidos en el art\\u00edculo 97. La fecha de inscripci\\u00f3n en el sistema corresponder\\u00e1 con la fecha de inscripci\\u00f3n o de renovaci\\u00f3n como demandante de empleo\\u201d.<\\\/li><li>Adjuntar en pdf a la solicitud el certificado de Discapacidad.<\\\/li><li>Adjuntar en pdf a la solicitud el documento que acredite estar dado de alta en el Sistema Nacional de Garant\\u00eda Juvenil.<\\\/li><\\\/ul><p>Para la captaci\\u00f3n del alumnado, se realizar\\u00e1n acciones de publicitaci\\u00f3n del curso, indicando los requisitos anteriormente mencionados, as\\u00ed como los medios para inscribirse.<\\\/p><p>La captaci\\u00f3n y selecci\\u00f3n del alumnado se realizar\\u00e1 con la colaboraci\\u00f3n de las entidades de apoyo a personas con discapacidad intelectual del entorno de Plena Inclusi\\u00f3n Andaluc\\u00eda, PAZ Y BIEN <a title=\\\"PAZ Y BIEN\\\" href=\\\"http:\\\/\\\/www.pazbien.org\\\/la-entidad\\\/\\\" target=\\\"_blank\\\" rel=\\\"noopener\\\">http:\\\/\\\/www.pazbien.org\\\/la-entidad\\\/<\\\/a> y DOWN SEVILLA\\u00a0<a href=\\\"https:\\\/\\\/www.downsevilla.org\\\/\\\" target=\\\"_blank\\\" rel=\\\"noopener\\\">https:\\\/\\\/www.downsevilla.org\\\/<\\\/a><\\\/p><\\\/div><p>Este a\\u00f1o se contar\\u00e1 tambi\\u00e9n con la difusi\\u00f3n del programa en una web de lectura f\\u00e1cil <a href=\\\"https:\\\/\\\/www.upo.es\\\/fevida-lectura-facil\\\/\\\">https:\\\/\\\/www.upo.es\\\/fevida-lectura-facil\\\/<\\\/a><\\\/p><p>Se conformar\\u00e1 una comisi\\u00f3n de selecci\\u00f3n presidida por la Direcci\\u00f3n acad\\u00e9mica y representantes de las entidades colaboradora para valorar la idoneidad de las personas candidatas y decidir la selecci\\u00f3n de las personas participantes en el programa.\\u00a0<\\\/p><p>El proceso de selecci\\u00f3n se realiza a trav\\u00e9s de una entrevista individualizada al alumnado y a una persona de su familia, as\\u00ed se les indicar\\u00e1 en el momento de la citaci\\u00f3n. Se comienza con una prueba de an\\u00e1lisis de competencias en el caso en que la persona no tenga titulaci\\u00f3n en Educaci\\u00f3n Secundaria Obligatoria, elaborado con la colaboraci\\u00f3n de las entidades colaboradoras. En este an\\u00e1lisis de competencias se evaluar\\u00e1n competencias instrumentales y ling\\u00fc\\u00edsticas. En el caso de contar con el t\\u00edtulo de ESO, la calificaci\\u00f3n en este apartado ser\\u00e1 de 10 puntos, la m\\u00e1xima nota.<\\\/p><p>Tras esta prueba, en el caso de ser necesaria, se comenzar\\u00e1 la entrevista. El modelo de la entrevista al estudiante ha sido validada por las entidades colaboradoras y la Direcci\\u00f3n del programa. Si bien, la entrevista se presenta al alumnado como una conversaci\\u00f3n por parte de una de las personas presentes, las otras dos personas punt\\u00faan en el cuestionario, lo que permitir\\u00e1 confrontar opiniones una vez terminada la entrevista, buscando as\\u00ed ser lo m\\u00e1s objetivas posibles.<\\\/p><p>Entre los criterios a valorar se encuentran:<\\\/p><ul><li>Igualdad de oportunidades entre hombres y mujeres (paridad).<\\\/li><li>Las personas participantes deber\\u00e1n poder desplazarse con autonom\\u00eda a la Universidad.<\\\/li><li>No tener problemas de salud mental grave.<\\\/li><li>Con habilidades acad\\u00e9micas b\\u00e1sicas de competencias m\\u00ednimas en lecto-escritura y c\\u00e1lculo.<\\\/li><li>Manifestar un deseo de formarse y una conducta social adecuada a un entorno universitario (contrato de compromiso).<\\\/li><li>Se tendr\\u00e1 en cuenta favorablemente no contar con incapacitaci\\u00f3n jur\\u00eddica alguna.<\\\/li><li>No haber sido beneficiario\\\/a del programa Unidiversidad anteriormente<\\\/li><\\\/ul><p>Las entrevistas de selecci\\u00f3n tiene una duraci\\u00f3n estimada de 45 minutos, se realiza inicialmente al alumnado y posteriormente a las familias para poder valorar las distintas \\u00e1reas de manera adecuada.<\\\/p><\\\/div><\\\/div><\\\/div><\\\/div>\"}},{\"@type\":\"Question\",\"name\":\"Pr\\u00e1cticas externas\",\"acceptedAnswer\":{\"@type\":\"Answer\",\"text\":\"<p>Para las pr\\u00e1cticas se utilizar\\u00e1 la \\u00abMetodolog\\u00eda del Empleo con Apoyo\\u00bb (ECA) como estrategia de incorporaci\\u00f3n de las personas con discapacidad al empleo ordinario. En este caso se desarrolla un evento anual de Encuentro de Empresas inclusivas, donde se forma al tejido empresarial sobre dicha metodolog\\u00eda. Mientras se desarrollan las pr\\u00e1cticas el personal docente de dicha asignatura ofrecer\\u00e1 apoyo individualizado con estrategias que permitan al estudiante con discapacidad desarrollar satisfactoriamente y de forma aut\\u00f3noma una actividad laboral (Salvador, 2011). Ser\\u00e1n centros de pr\\u00e1cticas, unidades de la Universidad Pablo de Olavide, empresas mercantiles de Sevilla y organizaciones sociales.&nbsp; Entre abril, mayo y junio cada estudiante tendr\\u00e1 que realizar 100 horas de pr\\u00e1cticas (4.5 cr\\u00e9ditos ECTS)&nbsp; Por su parte se desarrollar\\u00e1n seminarios de acompa\\u00f1amiento y formativos con empresariado de la zona que sirvan para informaci\\u00f3n, sensibilizaci\\u00f3n y fidelizaci\\u00f3n de pertenencia a la red. Si la pandemia lo permite ,se celebrar\\u00e1n eventos anuales.<\\\/p>\\n<h4><b>Sistema de Evaluaci\\u00f3n<\\\/b><\\\/h4>\\n<p>Se cuenta con una r\\u00fabrica de evaluaci\\u00f3n que ser\\u00e1 cumplimentada por los responsables de las entidades colaboradoras que junto a la calificaci\\u00f3n del informe de pr\\u00e1cticas del tutor acad\\u00e9mico valorar\\u00e1 el aprovechamiento de las mismas (apto\\\/ no apto).&nbsp; &nbsp;&nbsp;<\\\/p>\\n<h4><b>Cr\\u00e9ditos asignados a las pr\\u00e1cticas:<\\\/b> 4,5 ECTS<\\\/h4>\"}},{\"@type\":\"Question\",\"name\":\"Profesorado\",\"acceptedAnswer\":{\"@type\":\"Answer\",\"text\":\"<h4>Relaci\\u00f3n de docentes<\\\/h4><div class=\\\"elementoSeccion element elemento_relacionDocentes\\\"><div class=\\\"texto\\\"><div><ul><li><strong>D\\u00f1a. Nuria Fern\\u00e1ndez Quesada<br \\\/><\\\/strong>Profesora Contratada Doctora, Universidad Pablo de Olavide.<\\\/li><li><strong>D\\u00f1a. Mar\\u00eda Rosa Herrera Guti\\u00e9rrez<\\\/strong><br \\\/>Profesora Contratada Doctora, Universidad Pablo de Olavide.<\\\/li><li><strong>D\\u00f1a. Mar\\u00eda Teresa Terr\\u00f3n Caro<\\\/strong><br \\\/>Profesora Titular, Universidad Pablo de Olavide.<\\\/li><li><strong>D. Antonio I\\u00e1\\u00f1ez Dom\\u00ednguez<\\\/strong><br \\\/>Profesor Titular, Universidad Pablo de Olavide.<\\\/li><li><strong>D\\u00f1a. Rosa Mar\\u00eda Rodr\\u00edguez Izquierdo<br \\\/><\\\/strong>Profesora Titular, Universidad Pablo de Olavide.<\\\/li><li><strong>D\\u00f1a. Antonia Corona Aguilar<\\\/strong><br \\\/>Profesora Colaboradora, Universidad Pablo de Olavide.<\\\/li><li><strong>D\\u00f1a. Mar\\u00eda Luisa Delgado Niebla<br \\\/><\\\/strong>Profesora Colaboradora, Universidad Pablo de Olavide.<\\\/li><li><strong>D. Manuel Alfredo Cort\\u00e9s Mira<\\\/strong><br \\\/>Director Servicio de Prevenci\\u00f3n UPO. Doctor. Licenciado en Medicina y Cirug\\u00eda. Profesor Colaborador Honorario UPO.<\\\/li><li><strong>D\\u00f1a. Inmaculada S\\u00e1nchez M\\u00e1rquez<\\\/strong><br \\\/>Profesora Asociada, Universidad Pablo de Olavide.<\\\/li><li><strong>D. Norberto D\\u00edaz D\\u00edaz<\\\/strong><br \\\/>Profesor Contratado Doctor, Universidad Pablo de Olavide.<\\\/li><li><strong>D\\u00f1a. Rosa M\\u00aa D\\u00edaz Jim\\u00e9nez<br \\\/><\\\/strong>Profesora Titular, Universidad Pablo de Olavide.<\\\/li><li><strong>D. Juan Ram\\u00f3n Jim\\u00e9nez<br \\\/><\\\/strong>T\\u00e9cnico de orientaci\\u00f3n laboral y empleo de Fundaci\\u00f3n Once-Andaluc\\u00eda.<\\\/li><li><strong>D\\u00f1a. Mar\\u00eda de las Mercedes Serrato Calero<br \\\/><\\\/strong>Doctoranda, Universidad Pablo de Olavide.<\\\/li><li><strong>D\\u00f1a. Mar\\u00eda Dolores Yerga M\\u00edguez<br \\\/><\\\/strong>Doctoranda, Universidad Pablo de Olavide.<\\\/li><li><strong>D\\u00f1a. Beatriz Alejandra Garc\\u00eda Reyes<br \\\/><\\\/strong>Jefa de Programas del \\u00e1rea de Coordinaci\\u00f3n de la Secretar\\u00eda General de la Presidencia (Consejer\\u00eda de la Presidencia, Administraci\\u00f3n Local y Memoria Democr\\u00e1tica).<\\\/li><li><strong>D. Julio Prenda S\\u00e1nchez<br \\\/><\\\/strong>Presidente Anima Vitae.<\\\/li><\\\/ul><p><br \\\/><strong>Docentes Asedown Sevilla:<\\\/strong><\\\/p><ul><li>D\\u00f1a. Ana Ben\\u00edtez Ja\\u00e9n.<\\\/li><li>D. Jos\\u00e9 Manuel Hermida Fern\\u00e1ndez.<\\\/li><li>D. Rafael Peral Ortega.<\\\/li><li>D\\u00f1a. Ana Segura Rodr\\u00edguez.<\\\/li><\\\/ul><p><strong>Docentes PAZ y BIEN:<\\\/strong><\\\/p><ul><li>D. Luis Carlos P\\u00e9rez Valla.<\\\/li><li>D\\u00f1a. M\\u00aa Auxiliadora Contreras Puerto.<\\\/li><\\\/ul><\\\/div><\\\/div><\\\/div>\"}},{\"@type\":\"Question\",\"name\":\"Precios y ayudas\",\"acceptedAnswer\":{\"@type\":\"Answer\",\"text\":\"<p>Este curso est\\u00e1 financiado por la Fundaci\\u00f3n ONCE y el Fondo Social Europeo, con un coste de 0,00 \\u20ac para el alumnado.<\\\/p><ul><li><p>Este importe no incluye las\\u00a0<strong>tasas de expedici\\u00f3n del t\\u00edtulo<\\\/strong>, puede acceder a la informaci\\u00f3n en el siguiente\\u00a0<a href=\\\"https:\\\/\\\/upo.es\\\/postgrado\\\/es\\\/Oficina-Virtual\\\/Como-puedo-solicitar-el-titulo-o-diploma-de-un-Titulo-Propio\\\/\\\" target=\\\"_blank\\\" rel=\\\"noopener\\\">enlace<\\\/a>.<\\\/p><\\\/li><li><p>Este importe no incluye las\\u00a0<strong>tasas de expedici\\u00f3n del carnet de estudiante<\\\/strong>, puede acceder a la informaci\\u00f3n desde el siguiente\\u00a0<a href=\\\"https:\\\/\\\/upo.es\\\/postgrado\\\/es\\\/formacion-permanente\\\/titulos-propios\\\/Carnet-de-estudiante-para-Titulos-Propios\\\/\\\" target=\\\"_blank\\\" rel=\\\"noopener\\\">enlace<\\\/a>.<\\\/p><\\\/li><\\\/ul>\"}},{\"@type\":\"Question\",\"name\":\"Horario\",\"acceptedAnswer\":{\"@type\":\"Answer\",\"text\":\"<ul><li>Este t\\u00edtulo se desarrollar\\u00e1 del\\u00a0<strong>3 de noviembre de 2022 al 23 de junio de 2023.<\\\/strong>\\u00a0Puedes visualizar el calendario a trav\\u00e9s de este\\u00a0<a href=\\\"https:\\\/\\\/www.upo.es\\\/formacionpermanente\\\/wp-content\\\/imagenes\\\/uploads\\\/2022\\\/10\\\/DEU2022-06_Calendario.pdf\\\" target=\\\"_blank\\\" rel=\\\"noopener\\\"><strong>ENLACE<\\\/strong><\\\/a>\\u00a0(calendario sujeto a posibles cambios).<\\\/li><li>El curso se impartir\\u00e1 de lunes a viernes de 9:00 a 19:00 horas.<\\\/li><li>Las aulas ser\\u00e1n asignadas una vez se conozca el n\\u00famero de alumnos\\\/as que se hayan matriculado en el programa y se les informar\\u00e1 por correo electr\\u00f3nico antes del inicio del curso.\\u00a0<\\\/li><\\\/ul><p>\\u00a0<\\\/p>\"}}]}<\/script>\n\t\t\t\t\t<\/div>\n\t\t\t\t\t\t<\/div>\n\t\t\t\t<\/div>\n\t\t\t\t<div class=\"elementor-element elementor-element-2bf3a962 elementor-widget elementor-widget-html\" data-id=\"2bf3a962\" data-element_type=\"widget\" data-e-type=\"widget\" data-widget_type=\"html.default\">\n\t\t\t\t<div class=\"elementor-widget-container\">\n\t\t\t\t\t<script>  jQuery(document).ready(function($) {  var delay = 100; setTimeout(function() {  $('.elementor-tab-title').removeClass('elementor-active');  $('.elementor-tab-content').css('display', 'none'); }, delay);  });  <\/script>\t\t\t\t<\/div>\n\t\t\t\t<\/div>\n\t\t\t\t<div class=\"elementor-element elementor-element-0711bc6 elementor-widget elementor-widget-heading\" data-id=\"0711bc6\" data-element_type=\"widget\" data-e-type=\"widget\" data-widget_type=\"heading.default\">\n\t\t\t\t<div class=\"elementor-widget-container\">\n\t\t\t\t\t<h4 class=\"elementor-heading-title elementor-size-default\">Entidades colaboradoras<\/h4>\t\t\t\t<\/div>\n\t\t\t\t<\/div>\n\t\t\t\t<section class=\"elementor-section elementor-inner-section elementor-element elementor-element-9b6ae7c elementor-section-boxed elementor-section-height-default elementor-section-height-default\" data-id=\"9b6ae7c\" data-element_type=\"section\" data-e-type=\"section\">\n\t\t\t\t\t\t<div class=\"elementor-container elementor-column-gap-default\">\n\t\t\t\t\t<div class=\"elementor-column elementor-col-33 elementor-inner-column elementor-element elementor-element-8d13e67\" data-id=\"8d13e67\" data-element_type=\"column\" data-e-type=\"column\">\n\t\t\t<div class=\"elementor-widget-wrap elementor-element-populated\">\n\t\t\t\t\t\t<div class=\"elementor-element elementor-element-b1a3295 elementor-widget elementor-widget-image\" data-id=\"b1a3295\" data-element_type=\"widget\" data-e-type=\"widget\" data-widget_type=\"image.default\">\n\t\t\t\t<div class=\"elementor-widget-container\">\n\t\t\t\t\t\t\t\t\t\t\t\t\t\t\t\t<a href=\"https:\/\/www.ibm.com\/es-es\" target=\"_blank\">\n\t\t\t\t\t\t\t<img loading=\"lazy\" decoding=\"async\" width=\"400\" height=\"113\" src=\"https:\/\/www.upo.es\/formacionpermanente\/wp-content\/imagenes\/uploads\/2022\/09\/logo.svg\" class=\"attachment-large size-large wp-image-15096\" alt=\"Logo Fundaci\u00f3n ONCE\" \/>\t\t\t\t\t\t\t\t<\/a>\n\t\t\t\t\t\t\t\t\t\t\t\t\t\t\t<\/div>\n\t\t\t\t<\/div>\n\t\t\t\t\t<\/div>\n\t\t<\/div>\n\t\t\t\t<div class=\"elementor-column elementor-col-33 elementor-inner-column elementor-element elementor-element-e16139f\" data-id=\"e16139f\" data-element_type=\"column\" data-e-type=\"column\">\n\t\t\t<div class=\"elementor-widget-wrap elementor-element-populated\">\n\t\t\t\t\t\t<div class=\"elementor-element elementor-element-37b2c52 elementor-widget elementor-widget-image\" data-id=\"37b2c52\" data-element_type=\"widget\" data-e-type=\"widget\" data-widget_type=\"image.default\">\n\t\t\t\t<div class=\"elementor-widget-container\">\n\t\t\t\t\t\t\t\t\t\t\t\t\t\t\t\t<a href=\"https:\/\/www.ibm.com\/es-es\" target=\"_blank\">\n\t\t\t\t\t\t\t<img loading=\"lazy\" decoding=\"async\" width=\"1024\" height=\"442\" src=\"https:\/\/www.upo.es\/formacionpermanente\/wp-content\/imagenes\/uploads\/2022\/09\/asociacion_paz_y_bien_logotipo-1024x442.jpg\" class=\"attachment-large size-large wp-image-15097\" alt=\"Logo Asociaci\u00f3n Paz y Bien\" srcset=\"https:\/\/www.upo.es\/formacionpermanente\/wp-content\/imagenes\/uploads\/2022\/09\/asociacion_paz_y_bien_logotipo-1024x442.jpg 1024w, https:\/\/www.upo.es\/formacionpermanente\/wp-content\/imagenes\/uploads\/2022\/09\/asociacion_paz_y_bien_logotipo-300x130.jpg 300w, https:\/\/www.upo.es\/formacionpermanente\/wp-content\/imagenes\/uploads\/2022\/09\/asociacion_paz_y_bien_logotipo-768x332.jpg 768w, https:\/\/www.upo.es\/formacionpermanente\/wp-content\/imagenes\/uploads\/2022\/09\/asociacion_paz_y_bien_logotipo.jpg 1149w\" sizes=\"(max-width: 1024px) 100vw, 1024px\" \/>\t\t\t\t\t\t\t\t<\/a>\n\t\t\t\t\t\t\t\t\t\t\t\t\t\t\t<\/div>\n\t\t\t\t<\/div>\n\t\t\t\t\t<\/div>\n\t\t<\/div>\n\t\t\t\t<div class=\"elementor-column elementor-col-33 elementor-inner-column elementor-element elementor-element-0213588\" data-id=\"0213588\" data-element_type=\"column\" data-e-type=\"column\">\n\t\t\t<div class=\"elementor-widget-wrap elementor-element-populated\">\n\t\t\t\t\t\t<div class=\"elementor-element elementor-element-c3186a0 elementor-widget elementor-widget-image\" data-id=\"c3186a0\" data-element_type=\"widget\" data-e-type=\"widget\" data-widget_type=\"image.default\">\n\t\t\t\t<div class=\"elementor-widget-container\">\n\t\t\t\t\t\t\t\t\t\t\t\t\t\t\t\t<a href=\"https:\/\/www.ibm.com\/es-es\" target=\"_blank\">\n\t\t\t\t\t\t\t<img loading=\"lazy\" decoding=\"async\" width=\"1024\" height=\"362\" src=\"https:\/\/www.upo.es\/formacionpermanente\/wp-content\/imagenes\/uploads\/2022\/08\/Logo-Down-Sevilla-1024x362.jpg\" class=\"attachment-large size-large wp-image-12025\" alt=\"Logo DOWN Sevilla\" srcset=\"https:\/\/www.upo.es\/formacionpermanente\/wp-content\/imagenes\/uploads\/2022\/08\/Logo-Down-Sevilla-1024x362.jpg 1024w, https:\/\/www.upo.es\/formacionpermanente\/wp-content\/imagenes\/uploads\/2022\/08\/Logo-Down-Sevilla-300x106.jpg 300w, https:\/\/www.upo.es\/formacionpermanente\/wp-content\/imagenes\/uploads\/2022\/08\/Logo-Down-Sevilla-768x271.jpg 768w, https:\/\/www.upo.es\/formacionpermanente\/wp-content\/imagenes\/uploads\/2022\/08\/Logo-Down-Sevilla-1536x543.jpg 1536w, https:\/\/www.upo.es\/formacionpermanente\/wp-content\/imagenes\/uploads\/2022\/08\/Logo-Down-Sevilla-2048x723.jpg 2048w\" sizes=\"(max-width: 1024px) 100vw, 1024px\" \/>\t\t\t\t\t\t\t\t<\/a>\n\t\t\t\t\t\t\t\t\t\t\t\t\t\t\t<\/div>\n\t\t\t\t<\/div>\n\t\t\t\t\t<\/div>\n\t\t<\/div>\n\t\t\t\t\t<\/div>\n\t\t<\/section>\n\t\t\t\t\t<\/div>\n\t\t<\/div>\n\t\t\t\t\t<\/div>\n\t\t<\/section>\n\t\t\t\t<section class=\"elementor-section elementor-top-section elementor-element elementor-element-76dea7b1 elementor-section-full_width elementor-section-height-default elementor-section-height-default\" data-id=\"76dea7b1\" data-element_type=\"section\" data-e-type=\"section\" data-settings=\"{&quot;background_background&quot;:&quot;classic&quot;}\">\n\t\t\t\t\t\t<div class=\"elementor-container elementor-column-gap-extended\">\n\t\t\t\t\t<div class=\"elementor-column elementor-col-100 elementor-top-column elementor-element elementor-element-2e879f02\" data-id=\"2e879f02\" data-element_type=\"column\" data-e-type=\"column\">\n\t\t\t<div class=\"elementor-widget-wrap elementor-element-populated\">\n\t\t\t\t\t\t<div class=\"elementor-element elementor-element-1c3032cf elementor-widget elementor-widget-heading\" data-id=\"1c3032cf\" data-element_type=\"widget\" data-e-type=\"widget\" data-widget_type=\"heading.default\">\n\t\t\t\t<div class=\"elementor-widget-container\">\n\t\t\t\t\t<h2 class=\"elementor-heading-title elementor-size-default\">\u00bfQuieres solicitar m\u00e1s informaci\u00f3n?<\/h2>\t\t\t\t<\/div>\n\t\t\t\t<\/div>\n\t\t\t\t<section class=\"elementor-section elementor-inner-section elementor-element elementor-element-5f76ef4b elementor-section-boxed elementor-section-height-default elementor-section-height-default\" data-id=\"5f76ef4b\" data-element_type=\"section\" data-e-type=\"section\">\n\t\t\t\t\t\t<div class=\"elementor-container elementor-column-gap-custom\">\n\t\t\t\t\t<div class=\"elementor-column elementor-col-50 elementor-inner-column elementor-element elementor-element-b254318\" data-id=\"b254318\" data-element_type=\"column\" data-e-type=\"column\">\n\t\t\t<div class=\"elementor-widget-wrap elementor-element-populated\">\n\t\t\t\t\t\t<div class=\"elementor-element elementor-element-37622851 elementor-widget elementor-widget-heading\" data-id=\"37622851\" data-element_type=\"widget\" data-e-type=\"widget\" data-widget_type=\"heading.default\">\n\t\t\t\t<div class=\"elementor-widget-container\">\n\t\t\t\t\t<h5 class=\"elementor-heading-title elementor-size-default\">\u00bfTienes alguna duda sobre este t\u00edtulo?<\/h5>\t\t\t\t<\/div>\n\t\t\t\t<\/div>\n\t\t\t\t<div class=\"elementor-element elementor-element-b3a4d61 elementor-button-align-stretch elementor-widget elementor-widget-global elementor-global-7518 elementor-widget-form\" data-id=\"b3a4d61\" data-element_type=\"widget\" data-e-type=\"widget\" data-settings=\"{&quot;step_next_label&quot;:&quot;Siguiente&quot;,&quot;step_previous_label&quot;:&quot;Anterior&quot;,&quot;step_type&quot;:&quot;number_text&quot;,&quot;step_icon_shape&quot;:&quot;circle&quot;,&quot;label_icon_size&quot;:{&quot;unit&quot;:&quot;px&quot;,&quot;size&quot;:&quot;&quot;,&quot;sizes&quot;:[]},&quot;field_icon_size&quot;:{&quot;unit&quot;:&quot;px&quot;,&quot;size&quot;:&quot;&quot;,&quot;sizes&quot;:[]}}\" data-widget_type=\"form.default\">\n\t\t\t\t<div class=\"elementor-widget-container\">\n\t\t\t\t\t<div class=\"dce-conditions-js-error-notice elementor-message elementor-message-danger\" style=\"display: none;\">A problem was detected in the following Form. Submitting it could result in errors. Please contact the site administrator.<\/div>\t\t\t<script>\n\t\t\tsetTimeout(function() {\n\t\t\t\tlet el = document.querySelector(\".dce-conditions-js-error-notice\");\n\t\t\t\tif (el)\n\t\t\t\t\tel.style.display = \"block\";\n\t\t\t}, 6000);\n\t\t\t<\/script>\t\t<form class=\"elementor-form\" method=\"post\" id=\"solicitud_mas_informacion\">\n\t\t\t<input type=\"hidden\" name=\"post_id\" value=\"10203\"\/>\n\t\t\t<input type=\"hidden\" name=\"form_id\" value=\"b3a4d61\"\/>\n\t\t\t<input type=\"hidden\" name=\"referer_title\" value=\"Formaci\u00f3n Permanente UPO\" \/>\n\n\t\t\t\n\t\t\t<div data-field-conditions=\"[{&quot;id&quot;:&quot;field_8ffcdc5&quot;,&quot;condition&quot;:&quot;(field_c781344 == \\&quot;Espa\\u00f1a\\&quot;)&quot;,&quot;mode&quot;:&quot;show&quot;,&quot;disableOnly&quot;:false}]\" data-field-ids=\"[&quot;name&quot;,&quot;field_812b79b&quot;,&quot;email&quot;,&quot;field_8d613a8&quot;,&quot;field_c781344&quot;,&quot;field_8ffcdc5&quot;,&quot;field_ad68f5c&quot;,&quot;field_a426ffc&quot;]\" class=\"elementor-form-fields-wrapper elementor-labels-\">\n\t\t\t\t\t\t\t\t<div class=\"elementor-field-type-text elementor-field-group elementor-column elementor-field-group-name elementor-col-50 elementor-field-required\">\n\t\t\t\t\t\t\t\t\t\t\t\t<label for=\"form-field-name\" class=\"elementor-field-label elementor-screen-only\">\n\t\t\t\t\t\t\t\tNombre\t\t\t\t\t\t\t<\/label>\n\t\t\t\t\t\t\t\t\t\t\t\t\t\t<input size=\"1\" type=\"text\" name=\"form_fields[name]\" id=\"form-field-name\" class=\"elementor-field elementor-size-sm  elementor-field-textual\" placeholder=\"Nombre\" required=\"required\">\n\t\t\t\t\t\t\t\t\t\t\t<\/div>\n\t\t\t\t\t\t\t\t<div class=\"elementor-field-type-text elementor-field-group elementor-column elementor-field-group-field_812b79b elementor-col-50 elementor-field-required\">\n\t\t\t\t\t\t\t\t\t\t\t\t<label for=\"form-field-field_812b79b\" class=\"elementor-field-label elementor-screen-only\">\n\t\t\t\t\t\t\t\tApellidos\t\t\t\t\t\t\t<\/label>\n\t\t\t\t\t\t\t\t\t\t\t\t\t\t<input size=\"1\" type=\"text\" name=\"form_fields[field_812b79b]\" id=\"form-field-field_812b79b\" class=\"elementor-field elementor-size-sm  elementor-field-textual\" placeholder=\"Apellidos\" required=\"required\">\n\t\t\t\t\t\t\t\t\t\t\t<\/div>\n\t\t\t\t\t\t\t\t<div class=\"elementor-field-type-email elementor-field-group elementor-column elementor-field-group-email elementor-col-66 elementor-field-required\">\n\t\t\t\t\t\t\t\t\t\t\t\t<label for=\"form-field-email\" class=\"elementor-field-label elementor-screen-only\">\n\t\t\t\t\t\t\t\tCorreo electr\u00f3nico\t\t\t\t\t\t\t<\/label>\n\t\t\t\t\t\t\t\t\t\t\t\t\t\t<input size=\"1\" type=\"email\" name=\"form_fields[email]\" id=\"form-field-email\" class=\"elementor-field elementor-size-sm  elementor-field-textual\" placeholder=\"Correo electr\u00f3nico\" required=\"required\">\n\t\t\t\t\t\t\t\t\t\t\t<\/div>\n\t\t\t\t\t\t\t\t<div class=\"elementor-field-type-tel elementor-field-group elementor-column elementor-field-group-field_8d613a8 elementor-col-33 elementor-field-required\">\n\t\t\t\t\t\t\t\t\t\t\t\t<label for=\"form-field-field_8d613a8\" class=\"elementor-field-label elementor-screen-only\">\n\t\t\t\t\t\t\t\tTel\u00e9fono\t\t\t\t\t\t\t<\/label>\n\t\t\t\t\t\t\t\t<input size=\"1\" type=\"tel\" name=\"form_fields[field_8d613a8]\" id=\"form-field-field_8d613a8\" class=\"elementor-field elementor-size-sm  elementor-field-textual\" placeholder=\"Tel\u00e9fono\" required=\"required\" pattern=\"[0-9()#&amp;+*-=.]+\" title=\"Solo se aceptan n\u00fameros y caracteres de tel\u00e9fono (#,-,*,etc).\">\n\n\t\t\t\t\t\t<\/div>\n\t\t\t\t\t\t\t\t<div class=\"elementor-field-type-select elementor-field-group elementor-column elementor-field-group-field_c781344 elementor-col-50 elementor-field-required\">\n\t\t\t\t\t\t\t\t\t\t\t\t<label for=\"form-field-field_c781344\" class=\"elementor-field-label elementor-screen-only\">\n\t\t\t\t\t\t\t\tPais\t\t\t\t\t\t\t<\/label>\n\t\t\t\t\t\t\t\t<div class=\"elementor-field elementor-select-wrapper remove-before \">\n\t\t\t<div class=\"select-caret-down-wrapper\">\n\t\t\t\t<i aria-hidden=\"true\" class=\"eicon-caret-down\"><\/i>\t\t\t<\/div>\n\t\t\t<select name=\"form_fields[field_c781344]\" id=\"form-field-field_c781344\" class=\"elementor-field-textual elementor-size-sm\" required=\"required\">\n\t\t\t\t\t\t\t\t\t<option value=\"\">Pa\u00eds <\/option>\n\t\t\t\t\t\t\t\t\t<option value=\"Espa\u00f1a\">Espa\u00f1a<\/option>\n\t\t\t\t\t\t\t\t\t<option value=\"Afganist\u00e1n\">Afganist\u00e1n<\/option>\n\t\t\t\t\t\t\t\t\t<option value=\"Albania\">Albania<\/option>\n\t\t\t\t\t\t\t\t\t<option value=\"Alemania\">Alemania<\/option>\n\t\t\t\t\t\t\t\t\t<option value=\"Andorra\">Andorra<\/option>\n\t\t\t\t\t\t\t\t\t<option value=\"Angola\">Angola<\/option>\n\t\t\t\t\t\t\t\t\t<option value=\"Antigua y Barbuda\">Antigua y Barbuda<\/option>\n\t\t\t\t\t\t\t\t\t<option value=\"Arabia Saudita\">Arabia Saudita<\/option>\n\t\t\t\t\t\t\t\t\t<option value=\"Argelia\">Argelia<\/option>\n\t\t\t\t\t\t\t\t\t<option value=\"Argentina\">Argentina<\/option>\n\t\t\t\t\t\t\t\t\t<option value=\"Armenia\">Armenia<\/option>\n\t\t\t\t\t\t\t\t\t<option value=\"Australia\">Australia<\/option>\n\t\t\t\t\t\t\t\t\t<option value=\"Austria\">Austria<\/option>\n\t\t\t\t\t\t\t\t\t<option value=\"Azerbaiy\u00e1n\">Azerbaiy\u00e1n<\/option>\n\t\t\t\t\t\t\t\t\t<option value=\"Bahamas\">Bahamas<\/option>\n\t\t\t\t\t\t\t\t\t<option value=\"Banglad\u00e9s\">Banglad\u00e9s<\/option>\n\t\t\t\t\t\t\t\t\t<option value=\"Barbados\">Barbados<\/option>\n\t\t\t\t\t\t\t\t\t<option value=\"Bar\u00e9in\">Bar\u00e9in<\/option>\n\t\t\t\t\t\t\t\t\t<option value=\"B\u00e9lgica\">B\u00e9lgica<\/option>\n\t\t\t\t\t\t\t\t\t<option value=\"Belice\">Belice<\/option>\n\t\t\t\t\t\t\t\t\t<option value=\"Ben\u00edn\">Ben\u00edn<\/option>\n\t\t\t\t\t\t\t\t\t<option value=\"Bielorrusia\">Bielorrusia<\/option>\n\t\t\t\t\t\t\t\t\t<option value=\"Birmania\">Birmania<\/option>\n\t\t\t\t\t\t\t\t\t<option value=\"Bolivia\">Bolivia<\/option>\n\t\t\t\t\t\t\t\t\t<option value=\"Bosnia y Herzegovina\">Bosnia y Herzegovina<\/option>\n\t\t\t\t\t\t\t\t\t<option value=\"Botsuana\">Botsuana<\/option>\n\t\t\t\t\t\t\t\t\t<option value=\"Brasil\">Brasil<\/option>\n\t\t\t\t\t\t\t\t\t<option value=\"Brun\u00e9i\">Brun\u00e9i<\/option>\n\t\t\t\t\t\t\t\t\t<option value=\"Bulgaria\">Bulgaria<\/option>\n\t\t\t\t\t\t\t\t\t<option value=\"Burkina Faso\">Burkina Faso<\/option>\n\t\t\t\t\t\t\t\t\t<option value=\"Burundi\">Burundi<\/option>\n\t\t\t\t\t\t\t\t\t<option value=\"But\u00e1n\">But\u00e1n<\/option>\n\t\t\t\t\t\t\t\t\t<option value=\"Cabo Verde\">Cabo Verde<\/option>\n\t\t\t\t\t\t\t\t\t<option value=\"Camboya\">Camboya<\/option>\n\t\t\t\t\t\t\t\t\t<option value=\"Camer\u00fan\">Camer\u00fan<\/option>\n\t\t\t\t\t\t\t\t\t<option value=\"Canad\u00e1\">Canad\u00e1<\/option>\n\t\t\t\t\t\t\t\t\t<option value=\"Catar\">Catar<\/option>\n\t\t\t\t\t\t\t\t\t<option value=\"Chad\">Chad<\/option>\n\t\t\t\t\t\t\t\t\t<option value=\"Chile\">Chile<\/option>\n\t\t\t\t\t\t\t\t\t<option value=\"China\">China<\/option>\n\t\t\t\t\t\t\t\t\t<option value=\"Chipre\">Chipre<\/option>\n\t\t\t\t\t\t\t\t\t<option value=\"Ciudad del Vaticano\">Ciudad del Vaticano<\/option>\n\t\t\t\t\t\t\t\t\t<option value=\"Colombia\">Colombia<\/option>\n\t\t\t\t\t\t\t\t\t<option value=\"Comoras\">Comoras<\/option>\n\t\t\t\t\t\t\t\t\t<option value=\"Corea del Norte\">Corea del Norte<\/option>\n\t\t\t\t\t\t\t\t\t<option value=\"Corea del Sur\">Corea del Sur<\/option>\n\t\t\t\t\t\t\t\t\t<option value=\"Costa de Marfil\">Costa de Marfil<\/option>\n\t\t\t\t\t\t\t\t\t<option value=\"Costa Rica\">Costa Rica<\/option>\n\t\t\t\t\t\t\t\t\t<option value=\"Croacia\">Croacia<\/option>\n\t\t\t\t\t\t\t\t\t<option value=\"Cuba\">Cuba<\/option>\n\t\t\t\t\t\t\t\t\t<option value=\"Dinamarca\">Dinamarca<\/option>\n\t\t\t\t\t\t\t\t\t<option value=\"Dominica\">Dominica<\/option>\n\t\t\t\t\t\t\t\t\t<option value=\"Ecuador\">Ecuador<\/option>\n\t\t\t\t\t\t\t\t\t<option value=\"Egipto\">Egipto<\/option>\n\t\t\t\t\t\t\t\t\t<option value=\"El Salvador\">El Salvador<\/option>\n\t\t\t\t\t\t\t\t\t<option value=\"Emiratos \u00c1rabes Unidos\">Emiratos \u00c1rabes Unidos<\/option>\n\t\t\t\t\t\t\t\t\t<option value=\"Eritrea\">Eritrea<\/option>\n\t\t\t\t\t\t\t\t\t<option value=\"Eslovaquia\">Eslovaquia<\/option>\n\t\t\t\t\t\t\t\t\t<option value=\"Eslovenia\">Eslovenia<\/option>\n\t\t\t\t\t\t\t\t\t<option value=\"Estados Unidos\">Estados Unidos<\/option>\n\t\t\t\t\t\t\t\t\t<option value=\"Estonia\">Estonia<\/option>\n\t\t\t\t\t\t\t\t\t<option value=\"Etiop\u00eda\">Etiop\u00eda<\/option>\n\t\t\t\t\t\t\t\t\t<option value=\"Filipinas\">Filipinas<\/option>\n\t\t\t\t\t\t\t\t\t<option value=\"Finlandia\">Finlandia<\/option>\n\t\t\t\t\t\t\t\t\t<option value=\"Fiyi\">Fiyi<\/option>\n\t\t\t\t\t\t\t\t\t<option value=\"Francia\">Francia<\/option>\n\t\t\t\t\t\t\t\t\t<option value=\"Gab\u00f3n\">Gab\u00f3n<\/option>\n\t\t\t\t\t\t\t\t\t<option value=\"Gambia\">Gambia<\/option>\n\t\t\t\t\t\t\t\t\t<option value=\"Georgia\">Georgia<\/option>\n\t\t\t\t\t\t\t\t\t<option value=\"Ghana\">Ghana<\/option>\n\t\t\t\t\t\t\t\t\t<option value=\"Granada\">Granada<\/option>\n\t\t\t\t\t\t\t\t\t<option value=\"Grecia\">Grecia<\/option>\n\t\t\t\t\t\t\t\t\t<option value=\"Guatemala\">Guatemala<\/option>\n\t\t\t\t\t\t\t\t\t<option value=\"Guyana\">Guyana<\/option>\n\t\t\t\t\t\t\t\t\t<option value=\"Guinea\">Guinea<\/option>\n\t\t\t\t\t\t\t\t\t<option value=\"Guinea ecuatorial\">Guinea ecuatorial<\/option>\n\t\t\t\t\t\t\t\t\t<option value=\"Guinea-Bis\u00e1u\">Guinea-Bis\u00e1u<\/option>\n\t\t\t\t\t\t\t\t\t<option value=\"Hait\u00ed\">Hait\u00ed<\/option>\n\t\t\t\t\t\t\t\t\t<option value=\"Honduras\">Honduras<\/option>\n\t\t\t\t\t\t\t\t\t<option value=\"Hungr\u00eda\">Hungr\u00eda<\/option>\n\t\t\t\t\t\t\t\t\t<option value=\"India\">India<\/option>\n\t\t\t\t\t\t\t\t\t<option value=\"Indonesia\">Indonesia<\/option>\n\t\t\t\t\t\t\t\t\t<option value=\"Irak\">Irak<\/option>\n\t\t\t\t\t\t\t\t\t<option value=\"Ir\u00e1n\">Ir\u00e1n<\/option>\n\t\t\t\t\t\t\t\t\t<option value=\"Irlanda\">Irlanda<\/option>\n\t\t\t\t\t\t\t\t\t<option value=\"Islandia\">Islandia<\/option>\n\t\t\t\t\t\t\t\t\t<option value=\"Islas Marshall\">Islas Marshall<\/option>\n\t\t\t\t\t\t\t\t\t<option value=\"Islas Salom\u00f3n\">Islas Salom\u00f3n<\/option>\n\t\t\t\t\t\t\t\t\t<option value=\"Israel\">Israel<\/option>\n\t\t\t\t\t\t\t\t\t<option value=\"Italia\">Italia<\/option>\n\t\t\t\t\t\t\t\t\t<option value=\"Jamaica\">Jamaica<\/option>\n\t\t\t\t\t\t\t\t\t<option value=\"Jap\u00f3n\">Jap\u00f3n<\/option>\n\t\t\t\t\t\t\t\t\t<option value=\"Jordania\">Jordania<\/option>\n\t\t\t\t\t\t\t\t\t<option value=\"Kazajist\u00e1n\">Kazajist\u00e1n<\/option>\n\t\t\t\t\t\t\t\t\t<option value=\"Kenia\">Kenia<\/option>\n\t\t\t\t\t\t\t\t\t<option value=\"Kirguist\u00e1n\">Kirguist\u00e1n<\/option>\n\t\t\t\t\t\t\t\t\t<option value=\"Kiribati\">Kiribati<\/option>\n\t\t\t\t\t\t\t\t\t<option value=\"Kuwait\">Kuwait<\/option>\n\t\t\t\t\t\t\t\t\t<option value=\"Laos\">Laos<\/option>\n\t\t\t\t\t\t\t\t\t<option value=\"Lesoto\">Lesoto<\/option>\n\t\t\t\t\t\t\t\t\t<option value=\"Letonia\">Letonia<\/option>\n\t\t\t\t\t\t\t\t\t<option value=\"L\u00edbano\">L\u00edbano<\/option>\n\t\t\t\t\t\t\t\t\t<option value=\"Liberia\">Liberia<\/option>\n\t\t\t\t\t\t\t\t\t<option value=\"Libia\">Libia<\/option>\n\t\t\t\t\t\t\t\t\t<option value=\"Liechtenstein\">Liechtenstein<\/option>\n\t\t\t\t\t\t\t\t\t<option value=\"Lituania\">Lituania<\/option>\n\t\t\t\t\t\t\t\t\t<option value=\"Luxemburgo\">Luxemburgo<\/option>\n\t\t\t\t\t\t\t\t\t<option value=\"Macedonia del Norte\">Macedonia del Norte<\/option>\n\t\t\t\t\t\t\t\t\t<option value=\"Madagascar\">Madagascar<\/option>\n\t\t\t\t\t\t\t\t\t<option value=\"Malasia\">Malasia<\/option>\n\t\t\t\t\t\t\t\t\t<option value=\"Malaui\">Malaui<\/option>\n\t\t\t\t\t\t\t\t\t<option value=\"Maldivas\">Maldivas<\/option>\n\t\t\t\t\t\t\t\t\t<option value=\"Mal\u00ed\">Mal\u00ed<\/option>\n\t\t\t\t\t\t\t\t\t<option value=\"Malta\">Malta<\/option>\n\t\t\t\t\t\t\t\t\t<option value=\"Marruecos\">Marruecos<\/option>\n\t\t\t\t\t\t\t\t\t<option value=\"Mauricio\">Mauricio<\/option>\n\t\t\t\t\t\t\t\t\t<option value=\"Mauritania\">Mauritania<\/option>\n\t\t\t\t\t\t\t\t\t<option value=\"M\u00e9xico\">M\u00e9xico<\/option>\n\t\t\t\t\t\t\t\t\t<option value=\"Micronesia\">Micronesia<\/option>\n\t\t\t\t\t\t\t\t\t<option value=\"Moldavia\">Moldavia<\/option>\n\t\t\t\t\t\t\t\t\t<option value=\"M\u00f3naco\">M\u00f3naco<\/option>\n\t\t\t\t\t\t\t\t\t<option value=\"Mongolia\">Mongolia<\/option>\n\t\t\t\t\t\t\t\t\t<option value=\"Montenegro\">Montenegro<\/option>\n\t\t\t\t\t\t\t\t\t<option value=\"Mozambique\">Mozambique<\/option>\n\t\t\t\t\t\t\t\t\t<option value=\"Namibia\">Namibia<\/option>\n\t\t\t\t\t\t\t\t\t<option value=\"Nauru\">Nauru<\/option>\n\t\t\t\t\t\t\t\t\t<option value=\"Nepal\">Nepal<\/option>\n\t\t\t\t\t\t\t\t\t<option value=\"Nicaragua\">Nicaragua<\/option>\n\t\t\t\t\t\t\t\t\t<option value=\"N\u00edger\">N\u00edger<\/option>\n\t\t\t\t\t\t\t\t\t<option value=\"Nigeria\">Nigeria<\/option>\n\t\t\t\t\t\t\t\t\t<option value=\"Noruega\">Noruega<\/option>\n\t\t\t\t\t\t\t\t\t<option value=\"Nueva Zelanda\">Nueva Zelanda<\/option>\n\t\t\t\t\t\t\t\t\t<option value=\"Om\u00e1n\">Om\u00e1n<\/option>\n\t\t\t\t\t\t\t\t\t<option value=\"Pa\u00edses Bajos\">Pa\u00edses Bajos<\/option>\n\t\t\t\t\t\t\t\t\t<option value=\"Pakist\u00e1n\">Pakist\u00e1n<\/option>\n\t\t\t\t\t\t\t\t\t<option value=\"Palaos\">Palaos<\/option>\n\t\t\t\t\t\t\t\t\t<option value=\"Panam\u00e1\">Panam\u00e1<\/option>\n\t\t\t\t\t\t\t\t\t<option value=\"Pap\u00faa Nueva Guinea\">Pap\u00faa Nueva Guinea<\/option>\n\t\t\t\t\t\t\t\t\t<option value=\"Paraguay\">Paraguay<\/option>\n\t\t\t\t\t\t\t\t\t<option value=\"Per\u00fa\">Per\u00fa<\/option>\n\t\t\t\t\t\t\t\t\t<option value=\"Polonia\">Polonia<\/option>\n\t\t\t\t\t\t\t\t\t<option value=\"Portugal\">Portugal<\/option>\n\t\t\t\t\t\t\t\t\t<option value=\"Reino Unido\">Reino Unido<\/option>\n\t\t\t\t\t\t\t\t\t<option value=\"Rep\u00fablica Centroafricana\">Rep\u00fablica Centroafricana<\/option>\n\t\t\t\t\t\t\t\t\t<option value=\"Rep\u00fablica Checa\">Rep\u00fablica Checa<\/option>\n\t\t\t\t\t\t\t\t\t<option value=\"Rep\u00fablica del Congo\">Rep\u00fablica del Congo<\/option>\n\t\t\t\t\t\t\t\t\t<option value=\"Rep\u00fablica Democr\u00e1tica del Congo\">Rep\u00fablica Democr\u00e1tica del Congo<\/option>\n\t\t\t\t\t\t\t\t\t<option value=\"Rep\u00fablica Dominicana\">Rep\u00fablica Dominicana<\/option>\n\t\t\t\t\t\t\t\t\t<option value=\"Ruanda\">Ruanda<\/option>\n\t\t\t\t\t\t\t\t\t<option value=\"Ruman\u00eda\">Ruman\u00eda<\/option>\n\t\t\t\t\t\t\t\t\t<option value=\"Rusia\">Rusia<\/option>\n\t\t\t\t\t\t\t\t\t<option value=\"Samoa\">Samoa<\/option>\n\t\t\t\t\t\t\t\t\t<option value=\"San Crist\u00f3bal y Nieves\">San Crist\u00f3bal y Nieves<\/option>\n\t\t\t\t\t\t\t\t\t<option value=\"San Marino\">San Marino<\/option>\n\t\t\t\t\t\t\t\t\t<option value=\"San Vicente y las Granadinas\">San Vicente y las Granadinas<\/option>\n\t\t\t\t\t\t\t\t\t<option value=\"Santa Luc\u00eda\">Santa Luc\u00eda<\/option>\n\t\t\t\t\t\t\t\t\t<option value=\"Santo Tom\u00e9 y Pr\u00edncipe\">Santo Tom\u00e9 y Pr\u00edncipe<\/option>\n\t\t\t\t\t\t\t\t\t<option value=\"Senegal\">Senegal<\/option>\n\t\t\t\t\t\t\t\t\t<option value=\"Serbia\">Serbia<\/option>\n\t\t\t\t\t\t\t\t\t<option value=\"Seychelles\">Seychelles<\/option>\n\t\t\t\t\t\t\t\t\t<option value=\"Sierra Leona\">Sierra Leona<\/option>\n\t\t\t\t\t\t\t\t\t<option value=\"Singapur\">Singapur<\/option>\n\t\t\t\t\t\t\t\t\t<option value=\"Siria\">Siria<\/option>\n\t\t\t\t\t\t\t\t\t<option value=\"Somalia\">Somalia<\/option>\n\t\t\t\t\t\t\t\t\t<option value=\"Sri Lanka\">Sri Lanka<\/option>\n\t\t\t\t\t\t\t\t\t<option value=\"Suazilandia\">Suazilandia<\/option>\n\t\t\t\t\t\t\t\t\t<option value=\"Sud\u00e1frica\">Sud\u00e1frica<\/option>\n\t\t\t\t\t\t\t\t\t<option value=\"Sud\u00e1n\">Sud\u00e1n<\/option>\n\t\t\t\t\t\t\t\t\t<option value=\"Sud\u00e1n del Sur\">Sud\u00e1n del Sur<\/option>\n\t\t\t\t\t\t\t\t\t<option value=\"Suecia\">Suecia<\/option>\n\t\t\t\t\t\t\t\t\t<option value=\"Suiza\">Suiza<\/option>\n\t\t\t\t\t\t\t\t\t<option value=\"Surinam\">Surinam<\/option>\n\t\t\t\t\t\t\t\t\t<option value=\"Tailandia\">Tailandia<\/option>\n\t\t\t\t\t\t\t\t\t<option value=\"Tanzania\">Tanzania<\/option>\n\t\t\t\t\t\t\t\t\t<option value=\"Tayikist\u00e1n\">Tayikist\u00e1n<\/option>\n\t\t\t\t\t\t\t\t\t<option value=\"Timor Oriental\">Timor Oriental<\/option>\n\t\t\t\t\t\t\t\t\t<option value=\"Togo\">Togo<\/option>\n\t\t\t\t\t\t\t\t\t<option value=\"Tonga\">Tonga<\/option>\n\t\t\t\t\t\t\t\t\t<option value=\"Trinidad y Tobago\">Trinidad y Tobago<\/option>\n\t\t\t\t\t\t\t\t\t<option value=\"T\u00fanez\">T\u00fanez<\/option>\n\t\t\t\t\t\t\t\t\t<option value=\"Turkmenist\u00e1n\">Turkmenist\u00e1n<\/option>\n\t\t\t\t\t\t\t\t\t<option value=\"Turqu\u00eda\">Turqu\u00eda<\/option>\n\t\t\t\t\t\t\t\t\t<option value=\"Tuvalu\">Tuvalu<\/option>\n\t\t\t\t\t\t\t\t\t<option value=\"Ucrania\">Ucrania<\/option>\n\t\t\t\t\t\t\t\t\t<option value=\"Uganda\">Uganda<\/option>\n\t\t\t\t\t\t\t\t\t<option value=\"Uruguay\">Uruguay<\/option>\n\t\t\t\t\t\t\t\t\t<option value=\"Uzbekist\u00e1n\">Uzbekist\u00e1n<\/option>\n\t\t\t\t\t\t\t\t\t<option value=\"Vanuatu\">Vanuatu<\/option>\n\t\t\t\t\t\t\t\t\t<option value=\"Venezuela\">Venezuela<\/option>\n\t\t\t\t\t\t\t\t\t<option value=\"Vietnam\">Vietnam<\/option>\n\t\t\t\t\t\t\t\t\t<option value=\"Yemen\">Yemen<\/option>\n\t\t\t\t\t\t\t\t\t<option value=\"Yibuti\">Yibuti<\/option>\n\t\t\t\t\t\t\t\t\t<option value=\"Zambia\">Zambia<\/option>\n\t\t\t\t\t\t\t\t\t<option value=\"Zimbabue\">Zimbabue<\/option>\n\t\t\t\t\t\t\t<\/select>\n\t\t<\/div>\n\t\t\t\t\t\t<\/div>\n\t\t\t\t\t\t\t\t<div class=\"elementor-field-type-select elementor-field-group elementor-column elementor-field-group-field_8ffcdc5 elementor-col-50 elementor-field-required\">\n\t\t\t\t\t\t\t\t\t\t\t\t<label for=\"form-field-field_8ffcdc5\" class=\"elementor-field-label elementor-screen-only\">\n\t\t\t\t\t\t\t\tProvincia\t\t\t\t\t\t\t<\/label>\n\t\t\t\t\t\t\t\t<div class=\"elementor-field elementor-select-wrapper remove-before \">\n\t\t\t<div class=\"select-caret-down-wrapper\">\n\t\t\t\t<i aria-hidden=\"true\" class=\"eicon-caret-down\"><\/i>\t\t\t<\/div>\n\t\t\t<select name=\"form_fields[field_8ffcdc5]\" id=\"form-field-field_8ffcdc5\" class=\"elementor-field-textual elementor-size-sm\" required=\"required\">\n\t\t\t\t\t\t\t\t\t<option value=\"\">Provincia<\/option>\n\t\t\t\t\t\t\t\t\t<option value=\"Alava\/Araba\">Alava\/Araba<\/option>\n\t\t\t\t\t\t\t\t\t<option value=\"Albacete\">Albacete<\/option>\n\t\t\t\t\t\t\t\t\t<option value=\"Alicante\">Alicante<\/option>\n\t\t\t\t\t\t\t\t\t<option value=\"Almer\u00eda\">Almer\u00eda<\/option>\n\t\t\t\t\t\t\t\t\t<option value=\"Avila\">Avila<\/option>\n\t\t\t\t\t\t\t\t\t<option value=\"Badajoz\">Badajoz<\/option>\n\t\t\t\t\t\t\t\t\t<option value=\"Islas Baleares\">Islas Baleares<\/option>\n\t\t\t\t\t\t\t\t\t<option value=\"Barcelona\">Barcelona<\/option>\n\t\t\t\t\t\t\t\t\t<option value=\"Burgos\">Burgos<\/option>\n\t\t\t\t\t\t\t\t\t<option value=\"C\u00e1ceres\">C\u00e1ceres<\/option>\n\t\t\t\t\t\t\t\t\t<option value=\"C\u00e1diz\">C\u00e1diz<\/option>\n\t\t\t\t\t\t\t\t\t<option value=\"Castell\u00f3n\">Castell\u00f3n<\/option>\n\t\t\t\t\t\t\t\t\t<option value=\"Ciudad Real\">Ciudad Real<\/option>\n\t\t\t\t\t\t\t\t\t<option value=\"C\u00f3rdoba\">C\u00f3rdoba<\/option>\n\t\t\t\t\t\t\t\t\t<option value=\"A Coru\u00f1a\/La Coru\u00f1a\">A Coru\u00f1a\/La Coru\u00f1a<\/option>\n\t\t\t\t\t\t\t\t\t<option value=\"Cuenca\">Cuenca<\/option>\n\t\t\t\t\t\t\t\t\t<option value=\"Gerona\/Girona\">Gerona\/Girona<\/option>\n\t\t\t\t\t\t\t\t\t<option value=\"Granada\">Granada<\/option>\n\t\t\t\t\t\t\t\t\t<option value=\"Guadalajara\">Guadalajara<\/option>\n\t\t\t\t\t\t\t\t\t<option value=\"Gipuzkoa\/Guipuzcoa\">Gipuzkoa\/Guipuzcoa<\/option>\n\t\t\t\t\t\t\t\t\t<option value=\"Huelva\">Huelva<\/option>\n\t\t\t\t\t\t\t\t\t<option value=\"Huesca\">Huesca<\/option>\n\t\t\t\t\t\t\t\t\t<option value=\"Jaen\">Jaen<\/option>\n\t\t\t\t\t\t\t\t\t<option value=\"Le\u00f3n\">Le\u00f3n<\/option>\n\t\t\t\t\t\t\t\t\t<option value=\"L\u00e9rida\/Lleida\">L\u00e9rida\/Lleida<\/option>\n\t\t\t\t\t\t\t\t\t<option value=\"La Rioja\">La Rioja<\/option>\n\t\t\t\t\t\t\t\t\t<option value=\"Lugo\">Lugo<\/option>\n\t\t\t\t\t\t\t\t\t<option value=\"Madrid\">Madrid<\/option>\n\t\t\t\t\t\t\t\t\t<option value=\"M\u00e1laga\">M\u00e1laga<\/option>\n\t\t\t\t\t\t\t\t\t<option value=\"Murcia\">Murcia<\/option>\n\t\t\t\t\t\t\t\t\t<option value=\"Navarra\">Navarra<\/option>\n\t\t\t\t\t\t\t\t\t<option value=\"Orense\/Ourense\">Orense\/Ourense<\/option>\n\t\t\t\t\t\t\t\t\t<option value=\"Asturias\">Asturias<\/option>\n\t\t\t\t\t\t\t\t\t<option value=\"Palencia\">Palencia<\/option>\n\t\t\t\t\t\t\t\t\t<option value=\"Las Palmas\">Las Palmas<\/option>\n\t\t\t\t\t\t\t\t\t<option value=\"Pontevedra\">Pontevedra<\/option>\n\t\t\t\t\t\t\t\t\t<option value=\"Salamanca\">Salamanca<\/option>\n\t\t\t\t\t\t\t\t\t<option value=\"S.C.Tenerife\">S.C.Tenerife<\/option>\n\t\t\t\t\t\t\t\t\t<option value=\"Cantabria\">Cantabria<\/option>\n\t\t\t\t\t\t\t\t\t<option value=\"Segovia\">Segovia<\/option>\n\t\t\t\t\t\t\t\t\t<option value=\"Sevilla\">Sevilla<\/option>\n\t\t\t\t\t\t\t\t\t<option value=\"Soria\">Soria<\/option>\n\t\t\t\t\t\t\t\t\t<option value=\"Tarragona\">Tarragona<\/option>\n\t\t\t\t\t\t\t\t\t<option value=\"Teruel\">Teruel<\/option>\n\t\t\t\t\t\t\t\t\t<option value=\"Toledo\">Toledo<\/option>\n\t\t\t\t\t\t\t\t\t<option value=\"Valencia\">Valencia<\/option>\n\t\t\t\t\t\t\t\t\t<option value=\"Valladolid\">Valladolid<\/option>\n\t\t\t\t\t\t\t\t\t<option value=\"Bizkaia\/Vizcaya\">Bizkaia\/Vizcaya<\/option>\n\t\t\t\t\t\t\t\t\t<option value=\"Zamora\">Zamora<\/option>\n\t\t\t\t\t\t\t\t\t<option value=\"Zaragoza\">Zaragoza<\/option>\n\t\t\t\t\t\t\t\t\t<option value=\"Ceuta\">Ceuta<\/option>\n\t\t\t\t\t\t\t\t\t<option value=\"Melilla\">Melilla<\/option>\n\t\t\t\t\t\t\t<\/select>\n\t\t<\/div>\n\t\t\t\t\t\t<\/div>\n\t\t\t\t\t\t\t\t<div class=\"elementor-field-type-textarea elementor-field-group elementor-column elementor-field-group-field_ad68f5c elementor-col-100 elementor-field-required\">\n\t\t\t\t\t\t\t\t\t\t\t\t<label for=\"form-field-field_ad68f5c\" class=\"elementor-field-label elementor-screen-only\">\n\t\t\t\t\t\t\t\tMensaje\t\t\t\t\t\t\t<\/label>\n\t\t\t\t\t\t<textarea class=\"elementor-field-textual elementor-field  elementor-size-sm\" name=\"form_fields[field_ad68f5c]\" id=\"form-field-field_ad68f5c\" rows=\"4\" placeholder=\"Mensaje\" required=\"required\"><\/textarea>\t\t\t\t<\/div>\n\t\t\t\t\t\t\t\t<div class=\"elementor-field-type-acceptance elementor-field-group elementor-column elementor-field-group-field_a426ffc elementor-col-100 elementor-field-required\">\n\t\t\t\t\t\t\t\t\t\t\t\t<label for=\"form-field-field_a426ffc\" class=\"elementor-field-label elementor-screen-only\">\n\t\t\t\t\t\t\t\tPolitica privacidad\t\t\t\t\t\t\t<\/label>\n\t\t\t\t\t\t\t\t<div class=\"elementor-field-subgroup\">\n\t\t\t<span class=\"elementor-field-option\">\n\t\t\t\t<input type=\"checkbox\" name=\"form_fields[field_a426ffc]\" id=\"form-field-field_a426ffc\" class=\"elementor-field elementor-size-sm  elementor-acceptance-field\" required=\"required\">\n\t\t\t\t<label for=\"form-field-field_a426ffc\">De acuerdo con lo establecido por la normativa vigente solicitamos su consentimiento expreso para enviarle informaci\u00f3n sobre nuestras actividades y programas que consideremos puedan ser de su inter\u00e9s, por correo electr\u00f3nico. Para m\u00e1s informaci\u00f3n consulte \n<a href=\"https:\/\/www.upo.es\/fundaciones\/politica-de-privacidad\/\">nuestra pol\u00edtica de privacidad<\/a>.<\/label>\t\t\t<\/span>\n\t\t<\/div>\n\t\t\t\t\t\t<\/div>\n\t\t\t\t\t\t\t\t<div class=\"elementor-field-group elementor-column elementor-field-type-submit elementor-col-100 e-form__buttons\">\n\t\t\t\t\t<button class=\"elementor-button elementor-size-sm\" type=\"submit\">\n\t\t\t\t\t\t<span class=\"elementor-button-content-wrapper\">\n\t\t\t\t\t\t\t\t\t\t\t\t\t\t\t\t\t\t\t\t\t\t<span class=\"elementor-button-text\">Enviar<\/span>\n\t\t\t\t\t\t\t\t\t\t\t\t\t<\/span>\n\t\t\t\t\t<\/button>\n\t\t\t\t<\/div>\n\t\t\t<\/div>\n\t\t<\/form>\n\t\t\t\t\t\t<\/div>\n\t\t\t\t<\/div>\n\t\t\t\t\t<\/div>\n\t\t<\/div>\n\t\t\t\t<div class=\"elementor-column elementor-col-50 elementor-inner-column elementor-element elementor-element-1122ea27\" data-id=\"1122ea27\" data-element_type=\"column\" data-e-type=\"column\">\n\t\t\t<div class=\"elementor-widget-wrap elementor-element-populated\">\n\t\t\t\t\t\t<div class=\"elementor-element elementor-element-525a9d12 elementor-widget elementor-widget-heading\" data-id=\"525a9d12\" data-element_type=\"widget\" data-e-type=\"widget\" data-widget_type=\"heading.default\">\n\t\t\t\t<div class=\"elementor-widget-container\">\n\t\t\t\t\t<h5 class=\"elementor-heading-title elementor-size-default\">\u00bfPrefieres que te contactemos?<\/h5>\t\t\t\t<\/div>\n\t\t\t\t<\/div>\n\t\t\t\t<div class=\"elementor-element elementor-element-361a4b89 elementor-widget elementor-widget-heading\" data-id=\"361a4b89\" data-element_type=\"widget\" data-e-type=\"widget\" data-widget_type=\"heading.default\">\n\t\t\t\t<div class=\"elementor-widget-container\">\n\t\t\t\t\t<h5 class=\"elementor-heading-title elementor-size-default\">Contacta con nosotros<\/h5>\t\t\t\t<\/div>\n\t\t\t\t<\/div>\n\t\t\t\t<div class=\"elementor-element elementor-element-3cf9d7a8 elementor-widget elementor-widget-text-editor\" data-id=\"3cf9d7a8\" data-element_type=\"widget\" data-e-type=\"widget\" data-widget_type=\"text-editor.default\">\n\t\t\t\t<div class=\"elementor-widget-container\">\n\t\t\t\t\t\t\t\t\t<div style=\"text-align: left;\"><span style=\"color: #ffffff;\"><strong>Para Informaci\u00f3n Acad\u00e9mica:<br \/><\/strong><\/span><\/div><div style=\"text-align: left;\"><span style=\"color: #ffffff;\">D\u00f1a. Rosa Mar\u00eda D\u00edaz Jim\u00e9nez<\/span><\/div><div style=\"text-align: left;\"><span style=\"color: #ffffff;\"><a style=\"color: #ffffff;\" title=\"rdiajim@upo.es\" href=\"mailto:rdiajim@upo.es\" target=\"_blank\" rel=\"noopener\">rdiajim@upo.es<\/a><\/span><\/div><div style=\"text-align: left;\">\u00a0<\/div><div style=\"text-align: left;\"><span style=\"color: #ffffff;\"><strong>Para Informaci\u00f3n Administrativa:<\/strong><\/span><\/div><div style=\"text-align: left;\"><span style=\"color: #ffffff;\">\u00c1rea de Formaci\u00f3n Permanente<\/span><br \/><span style=\"color: #ffffff;\">Tel: +34 954 348963\u00a0\/ +34 954 349066<\/span><br \/><span style=\"color: #ffffff;\">Fax: +34 954 977352<\/span><br \/><span style=\"color: #ffffff;\"><a style=\"color: #ffffff;\" title=\"formacionpermanente@upo.es\" href=\"mailto:formacionpermanente@upo.es\" target=\"_blank\" rel=\"noopener\">formacionpermanente@upo.es<\/a>\u00a0<\/span><\/div>\t\t\t\t\t\t\t\t<\/div>\n\t\t\t\t<\/div>\n\t\t\t\t\t<\/div>\n\t\t<\/div>\n\t\t\t\t\t<\/div>\n\t\t<\/section>\n\t\t\t\t<section class=\"elementor-section elementor-inner-section elementor-element elementor-element-eb88000 elementor-section-boxed elementor-section-height-default elementor-section-height-default\" data-id=\"eb88000\" data-element_type=\"section\" data-e-type=\"section\">\n\t\t\t\t\t\t<div class=\"elementor-container elementor-column-gap-default\">\n\t\t\t\t\t<div class=\"elementor-column elementor-col-50 elementor-inner-column elementor-element elementor-element-3b9cd38a\" data-id=\"3b9cd38a\" data-element_type=\"column\" data-e-type=\"column\">\n\t\t\t<div class=\"elementor-widget-wrap elementor-element-populated\">\n\t\t\t\t\t\t<div class=\"elementor-element elementor-element-652e7808 elementor-view-default elementor-widget elementor-widget-icon\" data-id=\"652e7808\" data-element_type=\"widget\" data-e-type=\"widget\" data-widget_type=\"icon.default\">\n\t\t\t\t<div class=\"elementor-widget-container\">\n\t\t\t\t\t\t\t<div class=\"elementor-icon-wrapper\">\n\t\t\t<div class=\"elementor-icon\">\n\t\t\t<i aria-hidden=\"true\" class=\"far fa-question-circle\"><\/i>\t\t\t<\/div>\n\t\t<\/div>\n\t\t\t\t\t\t<\/div>\n\t\t\t\t<\/div>\n\t\t\t\t<div class=\"elementor-element elementor-element-17018934 elementor-widget elementor-widget-heading\" data-id=\"17018934\" data-element_type=\"widget\" data-e-type=\"widget\" data-widget_type=\"heading.default\">\n\t\t\t\t<div class=\"elementor-widget-container\">\n\t\t\t\t\t<h4 class=\"elementor-heading-title elementor-size-default\">Preguntas frecuentes<\/h4>\t\t\t\t<\/div>\n\t\t\t\t<\/div>\n\t\t\t\t<div data-dce-background-color=\"#FAB54C\" class=\"elementor-element elementor-element-65c1be4c elementor-align-center elementor-widget elementor-widget-button\" data-id=\"65c1be4c\" data-element_type=\"widget\" data-e-type=\"widget\" data-widget_type=\"button.default\">\n\t\t\t\t<div class=\"elementor-widget-container\">\n\t\t\t\t\t\t\t\t\t<div class=\"elementor-button-wrapper\">\n\t\t\t\t\t<a class=\"elementor-button elementor-button-link elementor-size-sm\" href=\"#\">\n\t\t\t\t\t\t<span class=\"elementor-button-content-wrapper\">\n\t\t\t\t\t\t\t\t\t<span class=\"elementor-button-text\">Accede las FAQs<\/span>\n\t\t\t\t\t<\/span>\n\t\t\t\t\t<\/a>\n\t\t\t\t<\/div>\n\t\t\t\t\t\t\t\t<\/div>\n\t\t\t\t<\/div>\n\t\t\t\t\t<\/div>\n\t\t<\/div>\n\t\t\t\t<div class=\"elementor-column elementor-col-50 elementor-inner-column elementor-element elementor-element-bfc74ec\" data-id=\"bfc74ec\" data-element_type=\"column\" data-e-type=\"column\">\n\t\t\t<div class=\"elementor-widget-wrap elementor-element-populated\">\n\t\t\t\t\t\t<div class=\"elementor-element elementor-element-42ecc2d elementor-view-default elementor-widget elementor-widget-icon\" data-id=\"42ecc2d\" data-element_type=\"widget\" data-e-type=\"widget\" data-widget_type=\"icon.default\">\n\t\t\t\t<div class=\"elementor-widget-container\">\n\t\t\t\t\t\t\t<div class=\"elementor-icon-wrapper\">\n\t\t\t<div class=\"elementor-icon\">\n\t\t\t<i aria-hidden=\"true\" class=\"far fa-bookmark\"><\/i>\t\t\t<\/div>\n\t\t<\/div>\n\t\t\t\t\t\t<\/div>\n\t\t\t\t<\/div>\n\t\t\t\t<div data-dce-title-color=\"#FFFFFF\" class=\"elementor-element elementor-element-3a9da1c6 elementor-widget elementor-widget-heading\" data-id=\"3a9da1c6\" data-element_type=\"widget\" data-e-type=\"widget\" data-widget_type=\"heading.default\">\n\t\t\t\t<div class=\"elementor-widget-container\">\n\t\t\t\t\t<h4 class=\"elementor-heading-title elementor-size-default\">Normativa<\/h4>\t\t\t\t<\/div>\n\t\t\t\t<\/div>\n\t\t\t\t<div data-dce-background-color=\"#FAB54C\" class=\"elementor-element elementor-element-3348a80 elementor-align-center elementor-widget elementor-widget-button\" data-id=\"3348a80\" data-element_type=\"widget\" data-e-type=\"widget\" data-widget_type=\"button.default\">\n\t\t\t\t<div class=\"elementor-widget-container\">\n\t\t\t\t\t\t\t\t\t<div class=\"elementor-button-wrapper\">\n\t\t\t\t\t<a class=\"elementor-button elementor-button-link elementor-size-sm\" href=\"#\">\n\t\t\t\t\t\t<span class=\"elementor-button-content-wrapper\">\n\t\t\t\t\t\t\t\t\t<span class=\"elementor-button-text\">Accede a la resoluci\u00f3n<\/span>\n\t\t\t\t\t<\/span>\n\t\t\t\t\t<\/a>\n\t\t\t\t<\/div>\n\t\t\t\t\t\t\t\t<\/div>\n\t\t\t\t<\/div>\n\t\t\t\t\t<\/div>\n\t\t<\/div>\n\t\t\t\t\t<\/div>\n\t\t<\/section>\n\t\t\t\t\t<\/div>\n\t\t<\/div>\n\t\t\t\t\t<\/div>\n\t\t<\/section>\n\t\t\t\t<\/div>\n\t\t","protected":false},"featured_media":10233,"template":"","meta":{"_acf_changed":false,"site-sidebar-layout":"no-sidebar","site-content-layout":"page-builder","ast-site-content-layout":"default","site-content-style":"default","site-sidebar-style":"default","ast-global-header-display":"","ast-banner-title-visibility":"","ast-main-header-display":"","ast-hfb-above-header-display":"","ast-hfb-below-header-display":"","ast-hfb-mobile-header-display":"","site-post-title":"disabled","ast-breadcrumbs-content":"","ast-featured-img":"disabled","footer-sml-layout":"","ast-disable-related-posts":"","theme-transparent-header-meta":"default","adv-header-id-meta":"","stick-header-meta":"default","header-above-stick-meta":"","header-main-stick-meta":"","header-below-stick-meta":"","astra-migrate-meta-layouts":"default","ast-page-background-enabled":"default","ast-page-background-meta":{"desktop":{"background-color":"var(--ast-global-color-4)","background-image":"","background-repeat":"repeat","background-position":"center center","background-size":"auto","background-attachment":"scroll","background-type":"","background-media":"","overlay-type":"","overlay-color":"","overlay-opacity":"","overlay-gradient":""},"tablet":{"background-color":"","background-image":"","background-repeat":"repeat","background-position":"center center","background-size":"auto","background-attachment":"scroll","background-type":"","background-media":"","overlay-type":"","overlay-color":"","overlay-opacity":"","overlay-gradient":""},"mobile":{"background-color":"","background-image":"","background-repeat":"repeat","background-position":"center center","background-size":"auto","background-attachment":"scroll","background-type":"","background-media":"","overlay-type":"","overlay-color":"","overlay-opacity":"","overlay-gradient":""}},"ast-content-background-meta":{"desktop":{"background-color":"var(--ast-global-color-5)","background-image":"","background-repeat":"repeat","background-position":"center center","background-size":"auto","background-attachment":"scroll","background-type":"","background-media":"","overlay-type":"","overlay-color":"","overlay-opacity":"","overlay-gradient":""},"tablet":{"background-color":"var(--ast-global-color-5)","background-image":"","background-repeat":"repeat","background-position":"center center","background-size":"auto","background-attachment":"scroll","background-type":"","background-media":"","overlay-type":"","overlay-color":"","overlay-opacity":"","overlay-gradient":""},"mobile":{"background-color":"var(--ast-global-color-5)","background-image":"","background-repeat":"repeat","background-position":"center center","background-size":"auto","background-attachment":"scroll","background-type":"","background-media":"","overlay-type":"","overlay-color":"","overlay-opacity":"","overlay-gradient":""}}},"titulos_propios":[],"class_list":["post-10203","deu","type-deu","status-publish","has-post-thumbnail","hentry"],"acf":[],"yoast_head":"<!-- This site is optimized with the Yoast SEO plugin v27.5 - https:\/\/yoast.com\/product\/yoast-seo-wordpress\/ -->\n<title>Formaci\u00f3n para el Empleo y la Vida Aut\u00f3noma de Personas con Discapacidad Intelectual (FEVIDA) - Formaci\u00f3n Permanente UPO<\/title>\n<meta name=\"robots\" content=\"index, follow, max-snippet:-1, max-image-preview:large, max-video-preview:-1\" \/>\n<link rel=\"canonical\" href=\"https:\/\/www.upo.es\/formacionpermanente\/deu\/formacion-para-el-empleo-y-la-vida-autonoma-de-personas-con-discapacidad-intelectual-fevida\/\" \/>\n<meta property=\"og:locale\" content=\"es_ES\" \/>\n<meta property=\"og:type\" content=\"article\" \/>\n<meta property=\"og:title\" content=\"Formaci\u00f3n para el Empleo y la Vida Aut\u00f3noma de Personas con Discapacidad Intelectual (FEVIDA) - Formaci\u00f3n Permanente UPO\" \/>\n<meta property=\"og:description\" content=\"Diploma de Extensi\u00f3n Universitaria Matr\u00edcula cerrada \u00bfPor qu\u00e9 elegir este t\u00edtulo? Este curso est\u00e1 enfocado a la preparaci\u00f3n laboral de las personas con discapacidad intelectual, habiendo estructurado el programa en materias funcionales, human\u00edsticas y profesionales, complementadas con actividades extracurriculares en el Campus, actividades compartidas con alumnado de grado y posgrado de carreras oficiales y otras [&hellip;]\" \/>\n<meta property=\"og:url\" content=\"https:\/\/www.upo.es\/formacionpermanente\/deu\/formacion-para-el-empleo-y-la-vida-autonoma-de-personas-con-discapacidad-intelectual-fevida\/\" \/>\n<meta property=\"og:site_name\" content=\"Formaci\u00f3n Permanente UPO\" \/>\n<meta property=\"article:modified_time\" content=\"2022-12-16T10:14:26+00:00\" \/>\n<meta property=\"og:image\" content=\"https:\/\/www.upo.es\/formacionpermanente\/wp-content\/imagenes\/uploads\/2022\/09\/Fevida-destacada-scaled.jpg\" \/>\n\t<meta property=\"og:image:width\" content=\"2560\" \/>\n\t<meta property=\"og:image:height\" content=\"1920\" \/>\n\t<meta property=\"og:image:type\" content=\"image\/jpeg\" \/>\n<meta name=\"twitter:card\" content=\"summary_large_image\" \/>\n<meta name=\"twitter:label1\" content=\"Tiempo de lectura\" \/>\n\t<meta name=\"twitter:data1\" content=\"12 minutos\" \/>\n<script type=\"application\/ld+json\" class=\"yoast-schema-graph\">{\"@context\":\"https:\\\/\\\/schema.org\",\"@graph\":[{\"@type\":\"WebPage\",\"@id\":\"https:\\\/\\\/www.upo.es\\\/formacionpermanente\\\/deu\\\/formacion-para-el-empleo-y-la-vida-autonoma-de-personas-con-discapacidad-intelectual-fevida\\\/\",\"url\":\"https:\\\/\\\/www.upo.es\\\/formacionpermanente\\\/deu\\\/formacion-para-el-empleo-y-la-vida-autonoma-de-personas-con-discapacidad-intelectual-fevida\\\/\",\"name\":\"Formaci\u00f3n para el Empleo y la Vida Aut\u00f3noma de Personas con Discapacidad Intelectual (FEVIDA) - Formaci\u00f3n Permanente UPO\",\"isPartOf\":{\"@id\":\"https:\\\/\\\/www.upo.es\\\/formacionpermanente\\\/#website\"},\"primaryImageOfPage\":{\"@id\":\"https:\\\/\\\/www.upo.es\\\/formacionpermanente\\\/deu\\\/formacion-para-el-empleo-y-la-vida-autonoma-de-personas-con-discapacidad-intelectual-fevida\\\/#primaryimage\"},\"image\":{\"@id\":\"https:\\\/\\\/www.upo.es\\\/formacionpermanente\\\/deu\\\/formacion-para-el-empleo-y-la-vida-autonoma-de-personas-con-discapacidad-intelectual-fevida\\\/#primaryimage\"},\"thumbnailUrl\":\"https:\\\/\\\/www.upo.es\\\/formacionpermanente\\\/wp-content\\\/imagenes\\\/uploads\\\/2022\\\/09\\\/Fevida-destacada-scaled.jpg\",\"datePublished\":\"2022-09-28T13:05:43+00:00\",\"dateModified\":\"2022-12-16T10:14:26+00:00\",\"breadcrumb\":{\"@id\":\"https:\\\/\\\/www.upo.es\\\/formacionpermanente\\\/deu\\\/formacion-para-el-empleo-y-la-vida-autonoma-de-personas-con-discapacidad-intelectual-fevida\\\/#breadcrumb\"},\"inLanguage\":\"es\",\"potentialAction\":[{\"@type\":\"ReadAction\",\"target\":[\"https:\\\/\\\/www.upo.es\\\/formacionpermanente\\\/deu\\\/formacion-para-el-empleo-y-la-vida-autonoma-de-personas-con-discapacidad-intelectual-fevida\\\/\"]}]},{\"@type\":\"ImageObject\",\"inLanguage\":\"es\",\"@id\":\"https:\\\/\\\/www.upo.es\\\/formacionpermanente\\\/deu\\\/formacion-para-el-empleo-y-la-vida-autonoma-de-personas-con-discapacidad-intelectual-fevida\\\/#primaryimage\",\"url\":\"https:\\\/\\\/www.upo.es\\\/formacionpermanente\\\/wp-content\\\/imagenes\\\/uploads\\\/2022\\\/09\\\/Fevida-destacada-scaled.jpg\",\"contentUrl\":\"https:\\\/\\\/www.upo.es\\\/formacionpermanente\\\/wp-content\\\/imagenes\\\/uploads\\\/2022\\\/09\\\/Fevida-destacada-scaled.jpg\",\"width\":2560,\"height\":1920,\"caption\":\"Portada DEU Formaci\u00f3n para el Empleo y la Vida Aut\u00f3noma de Personas con Discapacidad Intelectual (FEVIDA)\"},{\"@type\":\"BreadcrumbList\",\"@id\":\"https:\\\/\\\/www.upo.es\\\/formacionpermanente\\\/deu\\\/formacion-para-el-empleo-y-la-vida-autonoma-de-personas-con-discapacidad-intelectual-fevida\\\/#breadcrumb\",\"itemListElement\":[{\"@type\":\"ListItem\",\"position\":1,\"name\":\"Portada\",\"item\":\"https:\\\/\\\/www.upo.es\\\/formacionpermanente\\\/\"},{\"@type\":\"ListItem\",\"position\":2,\"name\":\"Formaci\u00f3n para el Empleo y la Vida Aut\u00f3noma de Personas con Discapacidad Intelectual (FEVIDA)\"}]},{\"@type\":\"WebSite\",\"@id\":\"https:\\\/\\\/www.upo.es\\\/formacionpermanente\\\/#website\",\"url\":\"https:\\\/\\\/www.upo.es\\\/formacionpermanente\\\/\",\"name\":\"Formaci\u00f3n Permanente UPO\",\"description\":\"T\u00edtulos Propios, Microcredenciales, Cursos de Verano\",\"publisher\":{\"@id\":\"https:\\\/\\\/www.upo.es\\\/formacionpermanente\\\/#organization\"},\"potentialAction\":[{\"@type\":\"SearchAction\",\"target\":{\"@type\":\"EntryPoint\",\"urlTemplate\":\"https:\\\/\\\/www.upo.es\\\/formacionpermanente\\\/?s={search_term_string}\"},\"query-input\":{\"@type\":\"PropertyValueSpecification\",\"valueRequired\":true,\"valueName\":\"search_term_string\"}}],\"inLanguage\":\"es\"},{\"@type\":\"Organization\",\"@id\":\"https:\\\/\\\/www.upo.es\\\/formacionpermanente\\\/#organization\",\"name\":\"Formaci\u00f3n Permanente Universidad Pablo de Olavide\",\"alternateName\":\"Formaci\u00f3n Permanente UPO\",\"url\":\"https:\\\/\\\/www.upo.es\\\/formacionpermanente\\\/\",\"logo\":{\"@type\":\"ImageObject\",\"inLanguage\":\"es\",\"@id\":\"https:\\\/\\\/www.upo.es\\\/formacionpermanente\\\/#\\\/schema\\\/logo\\\/image\\\/\",\"url\":\"https:\\\/\\\/www.upo.es\\\/formacionpermanente\\\/wp-content\\\/imagenes\\\/uploads\\\/2023\\\/02\\\/Logo-UPO-azul-amarillo-horizontal.png\",\"contentUrl\":\"https:\\\/\\\/www.upo.es\\\/formacionpermanente\\\/wp-content\\\/imagenes\\\/uploads\\\/2023\\\/02\\\/Logo-UPO-azul-amarillo-horizontal.png\",\"width\":1000,\"height\":407,\"caption\":\"Formaci\u00f3n Permanente Universidad Pablo de Olavide\"},\"image\":{\"@id\":\"https:\\\/\\\/www.upo.es\\\/formacionpermanente\\\/#\\\/schema\\\/logo\\\/image\\\/\"}}]}<\/script>\n<!-- \/ Yoast SEO plugin. -->","yoast_head_json":{"title":"Formaci\u00f3n para el Empleo y la Vida Aut\u00f3noma de Personas con Discapacidad Intelectual (FEVIDA) - Formaci\u00f3n Permanente UPO","robots":{"index":"index","follow":"follow","max-snippet":"max-snippet:-1","max-image-preview":"max-image-preview:large","max-video-preview":"max-video-preview:-1"},"canonical":"https:\/\/www.upo.es\/formacionpermanente\/deu\/formacion-para-el-empleo-y-la-vida-autonoma-de-personas-con-discapacidad-intelectual-fevida\/","og_locale":"es_ES","og_type":"article","og_title":"Formaci\u00f3n para el Empleo y la Vida Aut\u00f3noma de Personas con Discapacidad Intelectual (FEVIDA) - Formaci\u00f3n Permanente UPO","og_description":"Diploma de Extensi\u00f3n Universitaria Matr\u00edcula cerrada \u00bfPor qu\u00e9 elegir este t\u00edtulo? Este curso est\u00e1 enfocado a la preparaci\u00f3n laboral de las personas con discapacidad intelectual, habiendo estructurado el programa en materias funcionales, human\u00edsticas y profesionales, complementadas con actividades extracurriculares en el Campus, actividades compartidas con alumnado de grado y posgrado de carreras oficiales y otras [&hellip;]","og_url":"https:\/\/www.upo.es\/formacionpermanente\/deu\/formacion-para-el-empleo-y-la-vida-autonoma-de-personas-con-discapacidad-intelectual-fevida\/","og_site_name":"Formaci\u00f3n Permanente UPO","article_modified_time":"2022-12-16T10:14:26+00:00","og_image":[{"width":2560,"height":1920,"url":"https:\/\/www.upo.es\/formacionpermanente\/wp-content\/imagenes\/uploads\/2022\/09\/Fevida-destacada-scaled.jpg","type":"image\/jpeg"}],"twitter_card":"summary_large_image","twitter_misc":{"Tiempo de lectura":"12 minutos"},"schema":{"@context":"https:\/\/schema.org","@graph":[{"@type":"WebPage","@id":"https:\/\/www.upo.es\/formacionpermanente\/deu\/formacion-para-el-empleo-y-la-vida-autonoma-de-personas-con-discapacidad-intelectual-fevida\/","url":"https:\/\/www.upo.es\/formacionpermanente\/deu\/formacion-para-el-empleo-y-la-vida-autonoma-de-personas-con-discapacidad-intelectual-fevida\/","name":"Formaci\u00f3n para el Empleo y la Vida Aut\u00f3noma de Personas con Discapacidad Intelectual (FEVIDA) - Formaci\u00f3n Permanente UPO","isPartOf":{"@id":"https:\/\/www.upo.es\/formacionpermanente\/#website"},"primaryImageOfPage":{"@id":"https:\/\/www.upo.es\/formacionpermanente\/deu\/formacion-para-el-empleo-y-la-vida-autonoma-de-personas-con-discapacidad-intelectual-fevida\/#primaryimage"},"image":{"@id":"https:\/\/www.upo.es\/formacionpermanente\/deu\/formacion-para-el-empleo-y-la-vida-autonoma-de-personas-con-discapacidad-intelectual-fevida\/#primaryimage"},"thumbnailUrl":"https:\/\/www.upo.es\/formacionpermanente\/wp-content\/imagenes\/uploads\/2022\/09\/Fevida-destacada-scaled.jpg","datePublished":"2022-09-28T13:05:43+00:00","dateModified":"2022-12-16T10:14:26+00:00","breadcrumb":{"@id":"https:\/\/www.upo.es\/formacionpermanente\/deu\/formacion-para-el-empleo-y-la-vida-autonoma-de-personas-con-discapacidad-intelectual-fevida\/#breadcrumb"},"inLanguage":"es","potentialAction":[{"@type":"ReadAction","target":["https:\/\/www.upo.es\/formacionpermanente\/deu\/formacion-para-el-empleo-y-la-vida-autonoma-de-personas-con-discapacidad-intelectual-fevida\/"]}]},{"@type":"ImageObject","inLanguage":"es","@id":"https:\/\/www.upo.es\/formacionpermanente\/deu\/formacion-para-el-empleo-y-la-vida-autonoma-de-personas-con-discapacidad-intelectual-fevida\/#primaryimage","url":"https:\/\/www.upo.es\/formacionpermanente\/wp-content\/imagenes\/uploads\/2022\/09\/Fevida-destacada-scaled.jpg","contentUrl":"https:\/\/www.upo.es\/formacionpermanente\/wp-content\/imagenes\/uploads\/2022\/09\/Fevida-destacada-scaled.jpg","width":2560,"height":1920,"caption":"Portada DEU Formaci\u00f3n para el Empleo y la Vida Aut\u00f3noma de Personas con Discapacidad Intelectual (FEVIDA)"},{"@type":"BreadcrumbList","@id":"https:\/\/www.upo.es\/formacionpermanente\/deu\/formacion-para-el-empleo-y-la-vida-autonoma-de-personas-con-discapacidad-intelectual-fevida\/#breadcrumb","itemListElement":[{"@type":"ListItem","position":1,"name":"Portada","item":"https:\/\/www.upo.es\/formacionpermanente\/"},{"@type":"ListItem","position":2,"name":"Formaci\u00f3n para el Empleo y la Vida Aut\u00f3noma de Personas con Discapacidad Intelectual (FEVIDA)"}]},{"@type":"WebSite","@id":"https:\/\/www.upo.es\/formacionpermanente\/#website","url":"https:\/\/www.upo.es\/formacionpermanente\/","name":"Formaci\u00f3n Permanente UPO","description":"T\u00edtulos Propios, Microcredenciales, Cursos de Verano","publisher":{"@id":"https:\/\/www.upo.es\/formacionpermanente\/#organization"},"potentialAction":[{"@type":"SearchAction","target":{"@type":"EntryPoint","urlTemplate":"https:\/\/www.upo.es\/formacionpermanente\/?s={search_term_string}"},"query-input":{"@type":"PropertyValueSpecification","valueRequired":true,"valueName":"search_term_string"}}],"inLanguage":"es"},{"@type":"Organization","@id":"https:\/\/www.upo.es\/formacionpermanente\/#organization","name":"Formaci\u00f3n Permanente Universidad Pablo de Olavide","alternateName":"Formaci\u00f3n Permanente UPO","url":"https:\/\/www.upo.es\/formacionpermanente\/","logo":{"@type":"ImageObject","inLanguage":"es","@id":"https:\/\/www.upo.es\/formacionpermanente\/#\/schema\/logo\/image\/","url":"https:\/\/www.upo.es\/formacionpermanente\/wp-content\/imagenes\/uploads\/2023\/02\/Logo-UPO-azul-amarillo-horizontal.png","contentUrl":"https:\/\/www.upo.es\/formacionpermanente\/wp-content\/imagenes\/uploads\/2023\/02\/Logo-UPO-azul-amarillo-horizontal.png","width":1000,"height":407,"caption":"Formaci\u00f3n Permanente Universidad Pablo de Olavide"},"image":{"@id":"https:\/\/www.upo.es\/formacionpermanente\/#\/schema\/logo\/image\/"}}]}},"_links":{"self":[{"href":"https:\/\/www.upo.es\/formacionpermanente\/wp-json\/wp\/v2\/deu\/10203","targetHints":{"allow":["GET"]}}],"collection":[{"href":"https:\/\/www.upo.es\/formacionpermanente\/wp-json\/wp\/v2\/deu"}],"about":[{"href":"https:\/\/www.upo.es\/formacionpermanente\/wp-json\/wp\/v2\/types\/deu"}],"version-history":[{"count":1,"href":"https:\/\/www.upo.es\/formacionpermanente\/wp-json\/wp\/v2\/deu\/10203\/revisions"}],"predecessor-version":[{"id":24613,"href":"https:\/\/www.upo.es\/formacionpermanente\/wp-json\/wp\/v2\/deu\/10203\/revisions\/24613"}],"wp:featuredmedia":[{"embeddable":true,"href":"https:\/\/www.upo.es\/formacionpermanente\/wp-json\/wp\/v2\/media\/10233"}],"wp:attachment":[{"href":"https:\/\/www.upo.es\/formacionpermanente\/wp-json\/wp\/v2\/media?parent=10203"}],"wp:term":[{"taxonomy":"titulos_propios","embeddable":true,"href":"https:\/\/www.upo.es\/formacionpermanente\/wp-json\/wp\/v2\/titulos_propios?post=10203"}],"curies":[{"name":"wp","href":"https:\/\/api.w.org\/{rel}","templated":true}]}}