{"id":20895,"date":"2023-04-11T12:56:15","date_gmt":"2023-04-11T10:56:15","guid":{"rendered":"https:\/\/www.upo.es\/formacionpermanente\/?post_type=diploma-exp&#038;p=20895"},"modified":"2024-06-13T11:30:39","modified_gmt":"2024-06-13T09:30:39","slug":"dex2023-04","status":"publish","type":"diploma-exp","link":"https:\/\/www.upo.es\/formacionpermanente\/diploma-experto\/dex2023-04\/","title":{"rendered":"El Perito Judicial: Social, Educativo y Psicol\u00f3gico"},"content":{"rendered":"\t\t<div data-elementor-type=\"wp-post\" data-elementor-id=\"20895\" class=\"elementor elementor-20895\" data-elementor-post-type=\"diploma-exp\">\n\t\t\t\t\t\t<section data-dce-background-image-url=\"https:\/\/www.upo.es\/formacionpermanente\/wp-content\/imagenes\/uploads\/2022\/09\/Perito-Judicial-min.jpg\" class=\"elementor-section elementor-top-section elementor-element elementor-element-42ad7815 elementor-section-full_width elementor-section-height-min-height elementor-section-height-default elementor-section-items-middle\" data-id=\"42ad7815\" data-element_type=\"section\" data-e-type=\"section\" data-settings=\"{&quot;background_background&quot;:&quot;classic&quot;}\">\n\t\t\t\t\t\t<div class=\"elementor-container elementor-column-gap-no\">\n\t\t\t\t\t<div class=\"elementor-column elementor-col-100 elementor-top-column elementor-element elementor-element-520f2117\" data-id=\"520f2117\" data-element_type=\"column\" data-e-type=\"column\">\n\t\t\t<div class=\"elementor-widget-wrap elementor-element-populated\">\n\t\t\t\t\t\t<section class=\"elementor-section elementor-inner-section elementor-element elementor-element-720566bc elementor-section-height-min-height elementor-section-boxed elementor-section-height-default\" data-id=\"720566bc\" data-element_type=\"section\" data-e-type=\"section\" data-settings=\"{&quot;background_background&quot;:&quot;classic&quot;}\">\n\t\t\t\t\t\t<div class=\"elementor-container elementor-column-gap-default\">\n\t\t\t\t\t<div data-dce-background-color=\"#00335B\" class=\"elementor-column elementor-col-50 elementor-inner-column elementor-element elementor-element-4672cd44\" data-id=\"4672cd44\" data-element_type=\"column\" data-e-type=\"column\" data-settings=\"{&quot;background_background&quot;:&quot;gradient&quot;}\">\n\t\t\t<div class=\"elementor-widget-wrap elementor-element-populated\">\n\t\t\t\t\t\t<div data-dce-title-color=\"#FAB54C\" class=\"elementor-element elementor-element-1a77c3c7 elementor-widget elementor-widget-heading\" data-id=\"1a77c3c7\" data-element_type=\"widget\" data-e-type=\"widget\" data-widget_type=\"heading.default\">\n\t\t\t\t<div class=\"elementor-widget-container\">\n\t\t\t\t\t<h2 class=\"elementor-heading-title elementor-size-default\">Diploma de Experto \/ Certificado Universitario<\/h2>\t\t\t\t<\/div>\n\t\t\t\t<\/div>\n\t\t\t\t<div data-dce-title-color=\"#FFFFFF\" class=\"elementor-element elementor-element-ea4416a elementor-widget elementor-widget-heading\" data-id=\"ea4416a\" data-element_type=\"widget\" data-e-type=\"widget\" data-widget_type=\"heading.default\">\n\t\t\t\t<div class=\"elementor-widget-container\">\n\t\t\t\t\t<h1 class=\"elementor-heading-title elementor-size-default\">El Perito Judicial: Social, Educativo y Psicol\u00f3gico<\/h1>\t\t\t\t<\/div>\n\t\t\t\t<\/div>\n\t\t\t\t<div data-dce-title-color=\"#FFFFFF\" class=\"elementor-element elementor-element-ba93335 elementor-widget elementor-widget-heading\" data-id=\"ba93335\" data-element_type=\"widget\" data-e-type=\"widget\" data-widget_type=\"heading.default\">\n\t\t\t\t<div class=\"elementor-widget-container\">\n\t\t\t\t\t<h2 class=\"elementor-heading-title elementor-size-default\">IX Ed.<\/h2>\t\t\t\t<\/div>\n\t\t\t\t<\/div>\n\t\t\t\t\t<\/div>\n\t\t<\/div>\n\t\t\t\t<div class=\"elementor-column elementor-col-50 elementor-inner-column elementor-element elementor-element-2a2c4cd2\" data-id=\"2a2c4cd2\" data-element_type=\"column\" data-e-type=\"column\">\n\t\t\t<div class=\"elementor-widget-wrap\">\n\t\t\t\t\t\t\t<\/div>\n\t\t<\/div>\n\t\t\t\t\t<\/div>\n\t\t<\/section>\n\t\t\t\t\t<\/div>\n\t\t<\/div>\n\t\t\t\t\t<\/div>\n\t\t<\/section>\n\t\t\t\t<section data-dce-background-color=\"#00335B\" class=\"elementor-section elementor-top-section elementor-element elementor-element-51798be9 elementor-section-height-min-height elementor-section-content-middle elementor-section-boxed elementor-section-height-default elementor-section-items-middle\" data-id=\"51798be9\" data-element_type=\"section\" data-e-type=\"section\" data-settings=\"{&quot;background_background&quot;:&quot;classic&quot;,&quot;motion_fx_motion_fx_scrolling&quot;:&quot;yes&quot;,&quot;motion_fx_devices&quot;:[&quot;desktop&quot;,&quot;tablet&quot;,&quot;mobile&quot;]}\">\n\t\t\t\t\t\t<div class=\"elementor-container elementor-column-gap-default\">\n\t\t\t\t\t<div class=\"elementor-column elementor-col-20 elementor-top-column elementor-element elementor-element-79a37a73\" data-id=\"79a37a73\" data-element_type=\"column\" data-e-type=\"column\" data-settings=\"{&quot;background_background&quot;:&quot;classic&quot;}\">\n\t\t\t<div class=\"elementor-widget-wrap elementor-element-populated\">\n\t\t\t\t\t\t<div class=\"elementor-element elementor-element-51b78e7c elementor-view-default elementor-widget elementor-widget-icon\" data-id=\"51b78e7c\" data-element_type=\"widget\" data-e-type=\"widget\" data-widget_type=\"icon.default\">\n\t\t\t\t<div class=\"elementor-widget-container\">\n\t\t\t\t\t\t\t<div class=\"elementor-icon-wrapper\">\n\t\t\t<div class=\"elementor-icon elementor-animation-shrink\">\n\t\t\t<svg xmlns=\"http:\/\/www.w3.org\/2000\/svg\" xmlns:xlink=\"http:\/\/www.w3.org\/1999\/xlink\" id=\"Capa_1\" x=\"0px\" y=\"0px\" viewBox=\"0 0 167.2 191.6\" style=\"enable-background:new 0 0 167.2 191.6;\" xml:space=\"preserve\"><g>\t<path d=\"M131.5,152.8c5.8,3.7,11.1,7.1,16.4,10.4c7.3,4.7,10,13.4,6.6,21.4c-2.4,5.5-7,7.1-12.6,7c-25.3-0.1-50.7-0.1-76-0.2  c-13.2,0-26.3-0.1-39.5-0.2c-8.2-0.1-12.6-2.8-14.2-8.5c-2.3-8.3,0-14.8,6.7-19.2c5.4-3.5,10.9-6.9,16.9-10.8  C11.7,134.6-0.7,110.9,0,81.2c0.6-22.6,9.1-42.4,25.7-57.8c34-31.7,85.7-31.1,117.2,1.2C160.8,42.9,169,65.2,166.8,91  C164.7,116.8,152.3,136.9,131.5,152.8z M83.9,143.9c33.3-0.1,59.8-26.7,59.6-59.8c-0.2-32.9-27.7-60.3-60.3-60.1  c-32.9,0.2-59.9,27.7-59.6,60.7C23.8,117.2,51,144,83.9,143.9z\"><\/path>\t<path d=\"M131.5,83.6c0.1,26.2-21.2,47.8-47.4,48c-26.7,0.3-48.1-20.9-48.2-47.6c-0.2-26.7,21-48,47.7-48.1  C109.5,35.8,131.3,57.6,131.5,83.6z M82.8,53.7c-15.4-0.1-29.1,13.5-29.2,29.1c0,3.9,1.5,6.6,5.5,7c4,0.4,6-1.9,6.7-5.8  c2.2-12.2,5.9-16,17.9-18c3.9-0.7,6.2-2.6,6-6.6C89.3,55.3,86.6,53.6,82.8,53.7z\"><\/path><\/g><\/svg>\t\t\t<\/div>\n\t\t<\/div>\n\t\t\t\t\t\t<\/div>\n\t\t\t\t<\/div>\n\t\t\t\t<div data-dce-title-color=\"#FFFFFF\" class=\"elementor-element elementor-element-625793e3 elementor-widget elementor-widget-heading\" data-id=\"625793e3\" data-element_type=\"widget\" data-e-type=\"widget\" data-widget_type=\"heading.default\">\n\t\t\t\t<div class=\"elementor-widget-container\">\n\t\t\t\t\t<h2 class=\"elementor-heading-title elementor-size-default\">Modalidad Online<\/h2>\t\t\t\t<\/div>\n\t\t\t\t<\/div>\n\t\t\t\t\t<\/div>\n\t\t<\/div>\n\t\t\t\t<div class=\"elementor-column elementor-col-20 elementor-top-column elementor-element elementor-element-3ca98d79\" data-id=\"3ca98d79\" data-element_type=\"column\" data-e-type=\"column\" data-settings=\"{&quot;background_background&quot;:&quot;classic&quot;}\">\n\t\t\t<div class=\"elementor-widget-wrap elementor-element-populated\">\n\t\t\t\t\t\t<div class=\"elementor-element elementor-element-555d5cd7 elementor-view-default elementor-widget elementor-widget-icon\" data-id=\"555d5cd7\" data-element_type=\"widget\" data-e-type=\"widget\" data-widget_type=\"icon.default\">\n\t\t\t\t<div class=\"elementor-widget-container\">\n\t\t\t\t\t\t\t<div class=\"elementor-icon-wrapper\">\n\t\t\t<div class=\"elementor-icon elementor-animation-shrink\">\n\t\t\t<i aria-hidden=\"true\" class=\"far fa-calendar-alt\"><\/i>\t\t\t<\/div>\n\t\t<\/div>\n\t\t\t\t\t\t<\/div>\n\t\t\t\t<\/div>\n\t\t\t\t<div data-dce-title-color=\"#FFFFFF\" class=\"elementor-element elementor-element-368a71ff elementor-widget elementor-widget-heading\" data-id=\"368a71ff\" data-element_type=\"widget\" data-e-type=\"widget\" data-widget_type=\"heading.default\">\n\t\t\t\t<div class=\"elementor-widget-container\">\n\t\t\t\t\t<h2 class=\"elementor-heading-title elementor-size-default\">Inicio del t\u00edtulo<\/h2>\t\t\t\t<\/div>\n\t\t\t\t<\/div>\n\t\t\t\t<div data-dce-title-color=\"#FFFFFF\" class=\"elementor-element elementor-element-6854863b elementor-widget elementor-widget-heading\" data-id=\"6854863b\" data-element_type=\"widget\" data-e-type=\"widget\" data-widget_type=\"heading.default\">\n\t\t\t\t<div class=\"elementor-widget-container\">\n\t\t\t\t\t<h2 class=\"elementor-heading-title elementor-size-default\">el 26\/10\/2023<\/h2>\t\t\t\t<\/div>\n\t\t\t\t<\/div>\n\t\t\t\t\t<\/div>\n\t\t<\/div>\n\t\t\t\t<div class=\"elementor-column elementor-col-20 elementor-top-column elementor-element elementor-element-46b7f875\" data-id=\"46b7f875\" data-element_type=\"column\" data-e-type=\"column\" data-settings=\"{&quot;background_background&quot;:&quot;classic&quot;}\">\n\t\t\t<div class=\"elementor-widget-wrap elementor-element-populated\">\n\t\t\t\t\t\t<div class=\"elementor-element elementor-element-5ebe64c8 elementor-view-default elementor-widget elementor-widget-icon\" data-id=\"5ebe64c8\" data-element_type=\"widget\" data-e-type=\"widget\" data-widget_type=\"icon.default\">\n\t\t\t\t<div class=\"elementor-widget-container\">\n\t\t\t\t\t\t\t<div class=\"elementor-icon-wrapper\">\n\t\t\t<div class=\"elementor-icon elementor-animation-shrink\">\n\t\t\t<i aria-hidden=\"true\" class=\"fas fa-university\"><\/i>\t\t\t<\/div>\n\t\t<\/div>\n\t\t\t\t\t\t<\/div>\n\t\t\t\t<\/div>\n\t\t\t\t<div data-dce-title-color=\"#FFFFFF\" class=\"elementor-element elementor-element-65d80aaf elementor-widget elementor-widget-heading\" data-id=\"65d80aaf\" data-element_type=\"widget\" data-e-type=\"widget\" data-widget_type=\"heading.default\">\n\t\t\t\t<div class=\"elementor-widget-container\">\n\t\t\t\t\t<h2 class=\"elementor-heading-title elementor-size-default\">20 cr\u00e9ditos (ECTS)<\/h2>\t\t\t\t<\/div>\n\t\t\t\t<\/div>\n\t\t\t\t\t<\/div>\n\t\t<\/div>\n\t\t\t\t<div class=\"elementor-column elementor-col-20 elementor-top-column elementor-element elementor-element-551508d5\" data-id=\"551508d5\" data-element_type=\"column\" data-e-type=\"column\" data-settings=\"{&quot;background_background&quot;:&quot;classic&quot;}\">\n\t\t\t<div class=\"elementor-widget-wrap elementor-element-populated\">\n\t\t\t\t\t\t<div class=\"elementor-element elementor-element-1011577f elementor-view-default elementor-widget elementor-widget-icon\" data-id=\"1011577f\" data-element_type=\"widget\" data-e-type=\"widget\" data-widget_type=\"icon.default\">\n\t\t\t\t<div class=\"elementor-widget-container\">\n\t\t\t\t\t\t\t<div class=\"elementor-icon-wrapper\">\n\t\t\t<div class=\"elementor-icon elementor-animation-shrink\">\n\t\t\t<i aria-hidden=\"true\" class=\"fas fa-euro-sign\"><\/i>\t\t\t<\/div>\n\t\t<\/div>\n\t\t\t\t\t\t<\/div>\n\t\t\t\t<\/div>\n\t\t\t\t<div data-dce-title-color=\"#FFFFFF\" class=\"elementor-element elementor-element-5ce89fdf elementor-widget elementor-widget-heading\" data-id=\"5ce89fdf\" data-element_type=\"widget\" data-e-type=\"widget\" data-widget_type=\"heading.default\">\n\t\t\t\t<div class=\"elementor-widget-container\">\n\t\t\t\t\t<h2 class=\"elementor-heading-title elementor-size-default\">550,00 \u20ac<\/h2>\t\t\t\t<\/div>\n\t\t\t\t<\/div>\n\t\t\t\t\t<\/div>\n\t\t<\/div>\n\t\t\t\t<div class=\"elementor-column elementor-col-20 elementor-top-column elementor-element elementor-element-a3a13b\" data-id=\"a3a13b\" data-element_type=\"column\" data-e-type=\"column\" data-settings=\"{&quot;background_background&quot;:&quot;classic&quot;}\">\n\t\t\t<div class=\"elementor-widget-wrap elementor-element-populated\">\n\t\t\t\t\t\t<div data-dce-background-color=\"#4CBFFA\" class=\"elementor-element elementor-element-bb14a4f elementor-align-center elementor-widget elementor-widget-global elementor-global-19008 elementor-widget-button\" data-id=\"bb14a4f\" data-element_type=\"widget\" data-e-type=\"widget\" data-widget_type=\"button.default\">\n\t\t\t\t<div class=\"elementor-widget-container\">\n\t\t\t\t\t\t\t\t\t<div class=\"elementor-button-wrapper\">\n\t\t\t\t\t<a class=\"elementor-button elementor-button-link elementor-size-sm\" href=\"#elementor-action%3Aaction%3Dpopup%3Aopen%26settings%3DeyJpZCI6IjE5MTA1IiwidG9nZ2xlIjpmYWxzZX0%3D\">\n\t\t\t\t\t\t<span class=\"elementor-button-content-wrapper\">\n\t\t\t\t\t\t\t\t\t<span class=\"elementor-button-text\">Recibir aviso nueva convocatoria<\/span>\n\t\t\t\t\t<\/span>\n\t\t\t\t\t<\/a>\n\t\t\t\t<\/div>\n\t\t\t\t\t\t\t\t<\/div>\n\t\t\t\t<\/div>\n\t\t\t\t\t<\/div>\n\t\t<\/div>\n\t\t\t\t\t<\/div>\n\t\t<\/section>\n\t\t\t\t<section class=\"elementor-section elementor-top-section elementor-element elementor-element-2ecba3f3 elementor-section-full_width elementor-section-height-default elementor-section-height-default\" data-id=\"2ecba3f3\" data-element_type=\"section\" data-e-type=\"section\">\n\t\t\t\t\t\t<div class=\"elementor-container elementor-column-gap-default\">\n\t\t\t\t\t<div class=\"elementor-column elementor-col-50 elementor-top-column elementor-element elementor-element-196bf87d\" data-id=\"196bf87d\" data-element_type=\"column\" data-e-type=\"column\" data-settings=\"{&quot;background_background&quot;:&quot;slideshow&quot;,&quot;background_slideshow_gallery&quot;:[{&quot;id&quot;:5225,&quot;url&quot;:&quot;https:\\\/\\\/www.upo.es\\\/formacionpermanente\\\/wp-content\\\/imagenes\\\/uploads\\\/pauloramalho-0514-9704-scaled.jpg&quot;},{&quot;id&quot;:5226,&quot;url&quot;:&quot;https:\\\/\\\/www.upo.es\\\/formacionpermanente\\\/wp-content\\\/imagenes\\\/uploads\\\/pauloramalho-0914-4786-scaled.jpg&quot;},{&quot;id&quot;:5227,&quot;url&quot;:&quot;https:\\\/\\\/www.upo.es\\\/formacionpermanente\\\/wp-content\\\/imagenes\\\/uploads\\\/pauloramalho-0914-4903-scaled.jpg&quot;},{&quot;id&quot;:5228,&quot;url&quot;:&quot;https:\\\/\\\/www.upo.es\\\/formacionpermanente\\\/wp-content\\\/imagenes\\\/uploads\\\/pauloramalho-0514-7793.jpg&quot;}],&quot;background_slideshow_loop&quot;:&quot;yes&quot;,&quot;background_slideshow_slide_duration&quot;:5000,&quot;background_slideshow_slide_transition&quot;:&quot;fade&quot;,&quot;background_slideshow_transition_duration&quot;:500}\">\n\t\t\t<div class=\"elementor-widget-wrap\">\n\t\t\t\t\t\t\t<\/div>\n\t\t<\/div>\n\t\t\t\t<div class=\"elementor-column elementor-col-50 elementor-top-column elementor-element elementor-element-365ed9d8\" data-id=\"365ed9d8\" data-element_type=\"column\" data-e-type=\"column\">\n\t\t\t<div class=\"elementor-widget-wrap elementor-element-populated\">\n\t\t\t\t\t\t<div class=\"elementor-element elementor-element-4128e8f5 elementor-widget elementor-widget-heading\" data-id=\"4128e8f5\" data-element_type=\"widget\" data-e-type=\"widget\" data-widget_type=\"heading.default\">\n\t\t\t\t<div class=\"elementor-widget-container\">\n\t\t\t\t\t<h2 class=\"elementor-heading-title elementor-size-default\">\u00bfPor qu\u00e9 elegir este Diploma de Experto?<\/h2>\t\t\t\t<\/div>\n\t\t\t\t<\/div>\n\t\t\t\t<div class=\"elementor-element elementor-element-9024038 elementor-widget elementor-widget-text-editor\" data-id=\"9024038\" data-element_type=\"widget\" data-e-type=\"widget\" data-widget_type=\"text-editor.default\">\n\t\t\t\t<div class=\"elementor-widget-container\">\n\t\t\t\t\t\t\t\t\t<p>Este t\u00edtulo tiene como objetivo que el alumnado adquiera el conocimiento te\u00f3rico y pr\u00e1ctico necesario para el buen desempe\u00f1o en la pr\u00e1ctica profesional y que aprenda a responder\u00a0a las periciales que se les solicitan. El curso es impartido de modo online por un conjunto de profesores que desarrollan a diario en su \u00e1mbito profesional las materias que se exponen, adem\u00e1s de ser profesionales de gran prestigio y con experiencia profesional demostrada tanto en la empresa p\u00fablica como en la privada.<\/p>\t\t\t\t\t\t\t\t<\/div>\n\t\t\t\t<\/div>\n\t\t\t\t<div class=\"elementor-element elementor-element-2a1258ee elementor-hidden-desktop elementor-hidden-tablet elementor-hidden-mobile elementor-widget elementor-widget-heading\" data-id=\"2a1258ee\" data-element_type=\"widget\" data-e-type=\"widget\" data-widget_type=\"heading.default\">\n\t\t\t\t<div class=\"elementor-widget-container\">\n\t\t\t\t\t<h4 class=\"elementor-heading-title elementor-size-default\">Entidades colaboradoras<\/h4>\t\t\t\t<\/div>\n\t\t\t\t<\/div>\n\t\t\t\t<section class=\"elementor-section elementor-inner-section elementor-element elementor-element-7f9b6984 elementor-section-boxed elementor-section-height-default elementor-section-height-default\" data-id=\"7f9b6984\" data-element_type=\"section\" data-e-type=\"section\">\n\t\t\t\t\t\t<div class=\"elementor-container elementor-column-gap-default\">\n\t\t\t\t\t<div class=\"elementor-column elementor-col-100 elementor-inner-column elementor-element elementor-element-38ee9b79\" data-id=\"38ee9b79\" data-element_type=\"column\" data-e-type=\"column\">\n\t\t\t<div class=\"elementor-widget-wrap elementor-element-populated\">\n\t\t\t\t\t\t<div class=\"elementor-element elementor-element-6bda38d5 elementor-hidden-desktop elementor-hidden-tablet elementor-hidden-mobile elementor-widget elementor-widget-image\" data-id=\"6bda38d5\" data-element_type=\"widget\" data-e-type=\"widget\" data-widget_type=\"image.default\">\n\t\t\t\t<div class=\"elementor-widget-container\">\n\t\t\t\t\t\t\t\t\t\t\t\t\t\t\t<img decoding=\"async\" width=\"300\" height=\"54\" src=\"https:\/\/www.upo.es\/formacionpermanente\/wp-content\/imagenes\/uploads\/2022\/07\/logo-google-cloud-1-300x54.png\" class=\"attachment-medium size-medium wp-image-15488\" alt=\"logo google cloud\" srcset=\"https:\/\/www.upo.es\/formacionpermanente\/wp-content\/imagenes\/uploads\/2022\/07\/logo-google-cloud-1-300x54.png 300w, https:\/\/www.upo.es\/formacionpermanente\/wp-content\/imagenes\/uploads\/2022\/07\/logo-google-cloud-1.png 527w\" sizes=\"(max-width: 300px) 100vw, 300px\" \/>\t\t\t\t\t\t\t\t\t\t\t\t\t\t\t<\/div>\n\t\t\t\t<\/div>\n\t\t\t\t\t<\/div>\n\t\t<\/div>\n\t\t\t\t\t<\/div>\n\t\t<\/section>\n\t\t\t\t\t<\/div>\n\t\t<\/div>\n\t\t\t\t\t<\/div>\n\t\t<\/section>\n\t\t\t\t<section class=\"elementor-section elementor-top-section elementor-element elementor-element-7ca75d4 elementor-section-height-min-height elementor-section-boxed elementor-section-height-default elementor-section-items-middle\" data-id=\"7ca75d4\" data-element_type=\"section\" data-e-type=\"section\" data-settings=\"{&quot;background_background&quot;:&quot;classic&quot;}\">\n\t\t\t\t\t\t<div class=\"elementor-container elementor-column-gap-default\">\n\t\t\t\t\t<div class=\"elementor-column elementor-col-100 elementor-top-column elementor-element elementor-element-e2d64a3\" data-id=\"e2d64a3\" data-element_type=\"column\" data-e-type=\"column\">\n\t\t\t<div class=\"elementor-widget-wrap elementor-element-populated\">\n\t\t\t\t\t\t<div class=\"elementor-element elementor-element-659cadf elementor-widget elementor-widget-heading\" data-id=\"659cadf\" data-element_type=\"widget\" data-e-type=\"widget\" data-widget_type=\"heading.default\">\n\t\t\t\t<div class=\"elementor-widget-container\">\n\t\t\t\t\t<h2 class=\"elementor-heading-title elementor-size-default\">Direcci\u00f3n del t\u00edtulo<\/h2>\t\t\t\t<\/div>\n\t\t\t\t<\/div>\n\t\t\t\t<section class=\"elementor-section elementor-inner-section elementor-element elementor-element-ef0710d elementor-section-boxed elementor-section-height-default elementor-section-height-default\" data-id=\"ef0710d\" data-element_type=\"section\" data-e-type=\"section\">\n\t\t\t\t\t\t<div class=\"elementor-container elementor-column-gap-wider\">\n\t\t\t\t\t<div class=\"elementor-column elementor-col-50 elementor-inner-column elementor-element elementor-element-13fccf3\" data-id=\"13fccf3\" data-element_type=\"column\" data-e-type=\"column\">\n\t\t\t<div class=\"elementor-widget-wrap elementor-element-populated\">\n\t\t\t\t\t\t<div class=\"elementor-element elementor-element-4fca5d6 elementor-widget elementor-widget-image\" data-id=\"4fca5d6\" data-element_type=\"widget\" data-e-type=\"widget\" data-widget_type=\"image.default\">\n\t\t\t\t<div class=\"elementor-widget-container\">\n\t\t\t\t\t\t\t\t\t\t\t\t\t\t\t<img decoding=\"async\" width=\"150\" height=\"150\" src=\"https:\/\/www.upo.es\/formacionpermanente\/wp-content\/imagenes\/uploads\/2022\/09\/Concha-Nieto-Morales-150x150.png\" class=\"attachment-thumbnail size-thumbnail wp-image-9828\" alt=\"Concha Nieto Morales\" \/>\t\t\t\t\t\t\t\t\t\t\t\t\t\t\t<\/div>\n\t\t\t\t<\/div>\n\t\t\t\t<div data-dce-title-color=\"#FFFFFF\" class=\"elementor-element elementor-element-eb20eb6 elementor-widget elementor-widget-heading\" data-id=\"eb20eb6\" data-element_type=\"widget\" data-e-type=\"widget\" data-widget_type=\"heading.default\">\n\t\t\t\t<div class=\"elementor-widget-container\">\n\t\t\t\t\t<h6 class=\"elementor-heading-title elementor-size-default\">Direcci\u00f3n acad\u00e9mica<\/h6>\t\t\t\t<\/div>\n\t\t\t\t<\/div>\n\t\t\t\t<div class=\"elementor-element elementor-element-28c1031 elementor-widget elementor-widget-text-editor\" data-id=\"28c1031\" data-element_type=\"widget\" data-e-type=\"widget\" data-widget_type=\"text-editor.default\">\n\t\t\t\t<div class=\"elementor-widget-container\">\n\t\t\t\t\t\t\t\t\t<p style=\"text-align: center;\"><strong>D\u00f1a. Concepci\u00f3n Nieto Morales<\/strong><\/p>\t\t\t\t\t\t\t\t<\/div>\n\t\t\t\t<\/div>\n\t\t\t\t<div data-dce-text-color=\"#FFFFFF\" class=\"elementor-element elementor-element-93187aa elementor-widget elementor-widget-text-editor\" data-id=\"93187aa\" data-element_type=\"widget\" data-e-type=\"widget\" data-widget_type=\"text-editor.default\">\n\t\t\t\t<div class=\"elementor-widget-container\">\n\t\t\t\t\t\t\t\t\t<div>Profesora Asociada del Departamento de Trabajo Social y Servicios Sociales de la<strong> Universidad Pablo de Olavide<\/strong><\/div>\t\t\t\t\t\t\t\t<\/div>\n\t\t\t\t<\/div>\n\t\t\t\t\t<\/div>\n\t\t<\/div>\n\t\t\t\t<div class=\"elementor-column elementor-col-50 elementor-inner-column elementor-element elementor-element-2e50a32\" data-id=\"2e50a32\" data-element_type=\"column\" data-e-type=\"column\">\n\t\t\t<div class=\"elementor-widget-wrap elementor-element-populated\">\n\t\t\t\t\t\t<div class=\"elementor-element elementor-element-8047ee7 elementor-widget elementor-widget-image\" data-id=\"8047ee7\" data-element_type=\"widget\" data-e-type=\"widget\" data-widget_type=\"image.default\">\n\t\t\t\t<div class=\"elementor-widget-container\">\n\t\t\t\t\t\t\t\t\t\t\t\t\t\t\t<img decoding=\"async\" width=\"150\" height=\"150\" src=\"https:\/\/www.upo.es\/formacionpermanente\/wp-content\/imagenes\/uploads\/2022\/09\/pablo-jose-abascal-monedero-355417-150x150.jpg\" class=\"attachment-thumbnail size-thumbnail wp-image-8781\" alt=\"Pablo J. Abascal Monedero\" srcset=\"https:\/\/www.upo.es\/formacionpermanente\/wp-content\/imagenes\/uploads\/2022\/09\/pablo-jose-abascal-monedero-355417-150x150.jpg 150w, https:\/\/www.upo.es\/formacionpermanente\/wp-content\/imagenes\/uploads\/2022\/09\/pablo-jose-abascal-monedero-355417.jpg 198w\" sizes=\"(max-width: 150px) 100vw, 150px\" \/>\t\t\t\t\t\t\t\t\t\t\t\t\t\t\t<\/div>\n\t\t\t\t<\/div>\n\t\t\t\t<div data-dce-title-color=\"#FFFFFF\" class=\"elementor-element elementor-element-2438571 elementor-widget elementor-widget-heading\" data-id=\"2438571\" data-element_type=\"widget\" data-e-type=\"widget\" data-widget_type=\"heading.default\">\n\t\t\t\t<div class=\"elementor-widget-container\">\n\t\t\t\t\t<h6 class=\"elementor-heading-title elementor-size-default\">Responsable de Calidad<\/h6>\t\t\t\t<\/div>\n\t\t\t\t<\/div>\n\t\t\t\t<div class=\"elementor-element elementor-element-76ead3a elementor-widget elementor-widget-text-editor\" data-id=\"76ead3a\" data-element_type=\"widget\" data-e-type=\"widget\" data-widget_type=\"text-editor.default\">\n\t\t\t\t<div class=\"elementor-widget-container\">\n\t\t\t\t\t\t\t\t\t<p style=\"text-align: center;\"><strong>D. Pablo J. Abascal Monedero<\/strong><\/p>\t\t\t\t\t\t\t\t<\/div>\n\t\t\t\t<\/div>\n\t\t\t\t<div data-dce-text-color=\"#FFFFFF\" class=\"elementor-element elementor-element-f0f4f34 elementor-widget elementor-widget-text-editor\" data-id=\"f0f4f34\" data-element_type=\"widget\" data-e-type=\"widget\" data-widget_type=\"text-editor.default\">\n\t\t\t\t<div class=\"elementor-widget-container\">\n\t\t\t\t\t\t\t\t\t<div>Profesora Asociado del Departamento de Derecho Privado de la <strong>Universidad Pablo de Olavide<\/strong><\/div>\t\t\t\t\t\t\t\t<\/div>\n\t\t\t\t<\/div>\n\t\t\t\t\t<\/div>\n\t\t<\/div>\n\t\t\t\t\t<\/div>\n\t\t<\/section>\n\t\t\t\t\t<\/div>\n\t\t<\/div>\n\t\t\t\t\t<\/div>\n\t\t<\/section>\n\t\t\t\t<section data-dce-background-color=\"#FFFFFF\" class=\"elementor-section elementor-top-section elementor-element elementor-element-13c71feb elementor-section-boxed elementor-section-height-default elementor-section-height-default\" data-id=\"13c71feb\" data-element_type=\"section\" data-e-type=\"section\" data-settings=\"{&quot;background_background&quot;:&quot;classic&quot;}\">\n\t\t\t\t\t\t<div class=\"elementor-container elementor-column-gap-wider\">\n\t\t\t\t\t<div class=\"elementor-column elementor-col-100 elementor-top-column elementor-element elementor-element-1f2e0a70\" data-id=\"1f2e0a70\" data-element_type=\"column\" data-e-type=\"column\">\n\t\t\t<div class=\"elementor-widget-wrap elementor-element-populated\">\n\t\t\t\t\t\t<div data-dce-title-color=\"#00335B\" class=\"elementor-element elementor-element-5b73483a elementor-widget elementor-widget-accordion\" data-id=\"5b73483a\" data-element_type=\"widget\" data-e-type=\"widget\" data-widget_type=\"accordion.default\">\n\t\t\t\t<div class=\"elementor-widget-container\">\n\t\t\t\t\t\t\t<div class=\"elementor-accordion\">\n\t\t\t\t\t\t\t<div class=\"elementor-accordion-item\">\n\t\t\t\t\t<div id=\"elementor-tab-title-1531\" class=\"elementor-tab-title\" data-tab=\"1\" role=\"button\" aria-controls=\"elementor-tab-content-1531\" aria-expanded=\"false\">\n\t\t\t\t\t\t\t\t\t\t\t\t\t<span class=\"elementor-accordion-icon elementor-accordion-icon-right\" aria-hidden=\"true\">\n\t\t\t\t\t\t\t\t\t\t\t\t\t\t\t<span class=\"elementor-accordion-icon-closed\"><i class=\"fas fa-plus\"><\/i><\/span>\n\t\t\t\t\t\t\t\t<span class=\"elementor-accordion-icon-opened\"><i class=\"fas fa-minus\"><\/i><\/span>\n\t\t\t\t\t\t\t\t\t\t\t\t\t\t<\/span>\n\t\t\t\t\t\t\t\t\t\t\t\t<a class=\"elementor-accordion-title\" tabindex=\"0\">Plan de Estudios<\/a>\n\t\t\t\t\t<\/div>\n\t\t\t\t\t<div id=\"elementor-tab-content-1531\" class=\"elementor-tab-content elementor-clearfix\" data-tab=\"1\" role=\"region\" aria-labelledby=\"elementor-tab-title-1531\"><p>El Plan de Estudios se estructura de la forma siguiente:\u00a0<\/p>\n<table id=\"tablepress-201\" class=\"tablepress tablepress-id-201\">\n<thead>\n<tr class=\"row-1\">\n\t<th class=\"column-1\">TIPO DE MATERIA<\/th><th class=\"column-2\">CR\u00c9DITOS ECTS<\/th>\n<\/tr>\n<\/thead>\n<tbody class=\"row-striping row-hover\">\n<tr class=\"row-2\">\n\t<td class=\"column-1\">Obligatoria<\/td><td class=\"column-2\">20<\/td>\n<\/tr>\n<\/tbody>\n<\/table>\n<!-- #tablepress-201 from cache --><p>El programa solo se activar\u00e1 si se alcanza el n\u00famero m\u00ednimo de matr\u00edculas establecido en cada caso.<\/p><h4><b>Relaci\u00f3n de materias<\/b><\/h4>\n<table id=\"tablepress-216\" class=\"tablepress tablepress-id-216\">\n<thead>\n<tr class=\"row-1\">\n\t<th class=\"column-1\">M\u00d3DULO<\/th><th class=\"column-2\">TIPO<\/th><th class=\"column-3\">N\u00ba CR\u00c9DITOS<\/th>\n<\/tr>\n<\/thead>\n<tbody class=\"row-striping row-hover\">\n<tr class=\"row-2\">\n\t<td class=\"column-1\">INTRODUCCI\u00d3N AL CURSO, AULA VIRTUAL Y LA VICTIMOLOG\u00cdA<\/td><td class=\"column-2\">Obligatoria<\/td><td class=\"column-3\">1<\/td>\n<\/tr>\n<tr class=\"row-3\">\n\t<td class=\"column-1\">LA PROPOSICI\u00d3N Y PR\u00c1CTICA DE LA PRUEBA PERICIAL<\/td><td class=\"column-2\">Obligatoria<\/td><td class=\"column-3\">1,5<\/td>\n<\/tr>\n<tr class=\"row-4\">\n\t<td class=\"column-1\">LA PERSPECTIVA JUR\u00cdDICA DE LA PRUEBA PERICIAL DE MENORES<\/td><td class=\"column-2\">Obligatoria<\/td><td class=\"column-3\">1,5<\/td>\n<\/tr>\n<tr class=\"row-5\">\n\t<td class=\"column-1\">LA PRUEBA PERICIAL EN EL PROCEDIMIENTO CIVIL DEL DERECHO DE FAMILIA Y DE PROTECCI\u00d3N DE MENORES<\/td><td class=\"column-2\">Obligatoria<\/td><td class=\"column-3\">1,5<\/td>\n<\/tr>\n<tr class=\"row-6\">\n\t<td class=\"column-1\">LA PRUEBA PERICIAL EN LOS PROCEDIMIENTOS PENALES EN LOS DELITOS RELACIONADOS CON LA VIOLENCIA DE G\u00c9NERO<\/td><td class=\"column-2\">Obligatoria<\/td><td class=\"column-3\">1,5<\/td>\n<\/tr>\n<tr class=\"row-7\">\n\t<td class=\"column-1\">EL PERITAJE PSICOL\u00d3GICO<\/td><td class=\"column-2\">Obligatoria<\/td><td class=\"column-3\">1,5<\/td>\n<\/tr>\n<tr class=\"row-8\">\n\t<td class=\"column-1\">LOS EQUIPOS T\u00c9CNICOS ADSCRITOS A LAS FISCAL\u00cdAS Y JUZGADOS DE MENORES. CONTENIDO DEL INFORME PSICO-SOCIO-EDUCATIVO SOBRE EL MENOR SUJETO A PROCEDIMIENTO JUDICIAL<\/td><td class=\"column-2\">Obligatoria<\/td><td class=\"column-3\">1,5<\/td>\n<\/tr>\n<tr class=\"row-9\">\n\t<td class=\"column-1\">LOS INFORMES DE LOS T\u00c9CNICOS DE EJECUCI\u00d3N DE MEDIDAS EN LA JURISDICCI\u00d3N DE MENORES<\/td><td class=\"column-2\">Obligatoria<\/td><td class=\"column-3\">1,5<\/td>\n<\/tr>\n<tr class=\"row-10\">\n\t<td class=\"column-1\">LAS UNIDADES DE VALORACI\u00d3N EN LOS JUZGADOS DE VIOLENCIA DE G\u00c9NERO (UVIVGs)<\/td><td class=\"column-2\">Obligatoria<\/td><td class=\"column-3\">1,5<\/td>\n<\/tr>\n<tr class=\"row-11\">\n\t<td class=\"column-1\">EL ALCANCE DEL INFORME PSICOSOCIAL EN LOS PROCEDIMIENTOS DE SEPARACI\u00d3N, DIVORCIO Y RUPTURA DE PAREJAS DE HECHO<\/td><td class=\"column-2\">Obligatoria<\/td><td class=\"column-3\">1,5<\/td>\n<\/tr>\n<tr class=\"row-12\">\n\t<td class=\"column-1\">EL PERITO DE PARTE: LA DEFENSA INTERESADA. FAMILIA Y VIOLENCIA DE G\u00c9NERO<\/td><td class=\"column-2\">Obligatoria<\/td><td class=\"column-3\">1,25<\/td>\n<\/tr>\n<tr class=\"row-13\">\n\t<td class=\"column-1\">EL PERITO DE PARTE: LA DEFENSA INTERESADA. MENORES<\/td><td class=\"column-2\">Obligatoria<\/td><td class=\"column-3\">1,25<\/td>\n<\/tr>\n<tr class=\"row-14\">\n\t<td class=\"column-1\">VALORACI\u00d3N DE LOS INFORMES POR LOS JUECES\/MAGISTRADOS<\/td><td class=\"column-2\">Obligatoria<\/td><td class=\"column-3\">1,5<\/td>\n<\/tr>\n<tr class=\"row-15\">\n\t<td class=\"column-1\">EL PERITO DE PARTE. RESPONSABILIDAD PENAL DEL TESTIMONIO PERICIAL<\/td><td class=\"column-2\">Obligatoria<\/td><td class=\"column-3\">1,5<\/td>\n<\/tr>\n<\/tbody>\n<\/table>\n<!-- #tablepress-216 from cache --><\/div>\n\t\t\t\t<\/div>\n\t\t\t\t\t\t\t<div class=\"elementor-accordion-item\">\n\t\t\t\t\t<div id=\"elementor-tab-title-1532\" class=\"elementor-tab-title\" data-tab=\"2\" role=\"button\" aria-controls=\"elementor-tab-content-1532\" aria-expanded=\"false\">\n\t\t\t\t\t\t\t\t\t\t\t\t\t<span class=\"elementor-accordion-icon elementor-accordion-icon-right\" aria-hidden=\"true\">\n\t\t\t\t\t\t\t\t\t\t\t\t\t\t\t<span class=\"elementor-accordion-icon-closed\"><i class=\"fas fa-plus\"><\/i><\/span>\n\t\t\t\t\t\t\t\t<span class=\"elementor-accordion-icon-opened\"><i class=\"fas fa-minus\"><\/i><\/span>\n\t\t\t\t\t\t\t\t\t\t\t\t\t\t<\/span>\n\t\t\t\t\t\t\t\t\t\t\t\t<a class=\"elementor-accordion-title\" tabindex=\"0\">Profesorado<\/a>\n\t\t\t\t\t<\/div>\n\t\t\t\t\t<div id=\"elementor-tab-content-1532\" class=\"elementor-tab-content elementor-clearfix\" data-tab=\"2\" role=\"region\" aria-labelledby=\"elementor-tab-title-1532\"><h5><b>Relaci\u00f3n de docentes<\/b><\/h5><h4>\u00a0<\/h4><div><div><div><strong>D\u00f1a. Concepci\u00f3n Nieto Morales<\/strong><br \/>Profesora de la Universidad Pablo de Olavide.<\/div><div>\u00a0<\/div><div><strong>D\u00f1a. Susana Hernando Ramos<\/strong><br \/>Fiscal de Familia y Protecci\u00f3n de\u00a0menores de la Fiscal\u00eda de Sevilla.<\/div><div>\u00a0<\/div><div><strong>D\u00f1a. F\u00e1tima Dom\u00ednguez Castellano<\/strong><br \/>Delegada Fiscal de Protecci\u00f3n de menores de la Fiscal\u00eda de Sevilla.<\/div><div>\u00a0<\/div><div><strong>D\u00f1a. Teresa Vidal Delgado<\/strong><br \/>Fiscal de la Fiscal\u00eda de Sevilla. Coordinadora de Ejecuci\u00f3n de medidas en la Jurisdicci\u00f3n de menores. Sevilla.<\/div><div>\u00a0<\/div><div><div><strong>D\u00f1a. M\u00aa Luisa Zamora Segovia<\/strong><\/div><div>Magistrada del Juzgado de Familia.<\/div><br \/><strong>D\u00f1a. Cristina Jim\u00e9nez Cort\u00e9s<\/strong><br \/>Psic\u00f3loga en los Juzgados del Decanato de Sevilla.<\/div><div>\u00a0<\/div><div><strong>D\u00f1a. Guadalupe Gil de Montes<\/strong><br \/>Psic\u00f3loga en los Juzgados de Violencia sobre la Mujer.<\/div><div>\u00a0<\/div><div><strong>D\u00f1a. Josefa Calder\u00f3n Mu\u00f1oz<\/strong><br \/>Trabajadora social juzgados de familia.<\/div><div>\u00a0<\/div><div><strong>D\u00f1a. Amalia Calder\u00f3n Lozano<\/strong><br \/>Abogada coordinadora del turno de oficio de Violencia de G\u00e9nero.<\/div><div>\u00a0<\/div><div><strong>D. Pablo Abascal Monedero<\/strong><br \/>Coordinador del turno oficio de protecci\u00f3n social.<br \/><strong><br \/>D. Jos\u00e9 Mar\u00eda Ca\u00f1al Fern\u00e1ndez Pe\u00f1aranda<\/strong><br \/>Fiscal de la Fiscal\u00eda de Sevilla.<\/div><\/div><\/div><\/div>\n\t\t\t\t<\/div>\n\t\t\t\t\t\t\t<div class=\"elementor-accordion-item\">\n\t\t\t\t\t<div id=\"elementor-tab-title-1533\" class=\"elementor-tab-title\" data-tab=\"3\" role=\"button\" aria-controls=\"elementor-tab-content-1533\" aria-expanded=\"false\">\n\t\t\t\t\t\t\t\t\t\t\t\t\t<span class=\"elementor-accordion-icon elementor-accordion-icon-right\" aria-hidden=\"true\">\n\t\t\t\t\t\t\t\t\t\t\t\t\t\t\t<span class=\"elementor-accordion-icon-closed\"><i class=\"fas fa-plus\"><\/i><\/span>\n\t\t\t\t\t\t\t\t<span class=\"elementor-accordion-icon-opened\"><i class=\"fas fa-minus\"><\/i><\/span>\n\t\t\t\t\t\t\t\t\t\t\t\t\t\t<\/span>\n\t\t\t\t\t\t\t\t\t\t\t\t<a class=\"elementor-accordion-title\" tabindex=\"0\">Metodolog\u00eda y evaluaci\u00f3n<\/a>\n\t\t\t\t\t<\/div>\n\t\t\t\t\t<div id=\"elementor-tab-content-1533\" class=\"elementor-tab-content elementor-clearfix\" data-tab=\"3\" role=\"region\" aria-labelledby=\"elementor-tab-title-1533\"><p>El curso se desarrollara de forma online en la plataforma virtual de la UPO.<\/p><p>La metodolog\u00eda a utilizar ser\u00e1 una metodolog\u00eda Activa \/ participativa \/ trabajos individuales y trabajos grupales. Tutor\u00edas, participaci\u00f3n Sincr\u00f3nicas \/ Asincr\u00f3nicas con el docente.<\/p><p>El alumnado tendr\u00e1 acceso a una serie de herramientas como son foros, chat, correo electr\u00f3nico, etc. mediante las cuales se desplegar\u00e1n actividades desde los foros relacionados con tem\u00e1ticas acorde con la formaci\u00f3n que desarrollar\u00e1n actividades de aplicaci\u00f3n, reflexi\u00f3n y complementarias y autoevaluaciones.<\/p><p>Se indicar\u00e1 al alumnado el plazo de d\u00edas que dispone para trabajar cada tema del curso. Durante dicho plazo, cada docente responsable del tema, propondr\u00e1 actividades, responder\u00e1 dudas, debatir\u00e1 con el alumnado a trav\u00e9s de foros, chats, e-mails, etc y finalmente, acabado el plazo, el estudiante realizar\u00e1 una prueba tipo test deM autoevaluaci\u00f3n.<\/p><p>La metodolog\u00eda ser\u00e1 flexible y atender\u00e1 las necesidades del alumnado supervisado por el equipo docente y la coordinaci\u00f3n, seg\u00fan petici\u00f3n. Los contenidos se encuentran enmarcados en un calendario y distribuidos al largo del curso con duraci\u00f3n dependiendo de densidad del contenido del m\u00f3dulo.<\/p><p>En el primer m\u00f3dulo el alumnado dispondr\u00e1 de una gu\u00eda did\u00e1ctica, que detallar\u00e1 las caracter\u00edsticas para realizar correcta y activamente el curso.<\/p><p>El profesorado atender\u00e1, responder\u00e1 y supervisar\u00e1 todas las cuestiones que el alumnado necesite durante el desarrollo del curso con un seguimiento y feedback que motive al alumnado en el aprendizaje.\u00a0<\/p><\/div>\n\t\t\t\t<\/div>\n\t\t\t\t\t\t\t<div class=\"elementor-accordion-item\">\n\t\t\t\t\t<div id=\"elementor-tab-title-1534\" class=\"elementor-tab-title\" data-tab=\"4\" role=\"button\" aria-controls=\"elementor-tab-content-1534\" aria-expanded=\"false\">\n\t\t\t\t\t\t\t\t\t\t\t\t\t<span class=\"elementor-accordion-icon elementor-accordion-icon-right\" aria-hidden=\"true\">\n\t\t\t\t\t\t\t\t\t\t\t\t\t\t\t<span class=\"elementor-accordion-icon-closed\"><i class=\"fas fa-plus\"><\/i><\/span>\n\t\t\t\t\t\t\t\t<span class=\"elementor-accordion-icon-opened\"><i class=\"fas fa-minus\"><\/i><\/span>\n\t\t\t\t\t\t\t\t\t\t\t\t\t\t<\/span>\n\t\t\t\t\t\t\t\t\t\t\t\t<a class=\"elementor-accordion-title\" tabindex=\"0\">Requisitos y perfil de acceso<\/a>\n\t\t\t\t\t<\/div>\n\t\t\t\t\t<div id=\"elementor-tab-content-1534\" class=\"elementor-tab-content elementor-clearfix\" data-tab=\"4\" role=\"region\" aria-labelledby=\"elementor-tab-title-1534\"><h5><strong>Titulaci\u00f3n requerida:<\/strong><\/h5><h4>\u00a0<\/h4><p>Se plantean dos v\u00edas de acceso: para titulados universitarios y no universitarios obteniendo cada uno de ellos la titulaci\u00f3n correspondiente:<\/p><p style=\"padding-left: 40px;\"><strong>Titulados Universitarios:<\/strong><\/p><p style=\"padding-left: 40px;\">Podr\u00e1n acceder a los estudios de Diploma de Experto:<\/p><ul><li style=\"list-style-type: none;\"><ul><li>Quienes est\u00e9n en posesi\u00f3n de un t\u00edtulo universitario de Grado espa\u00f1ol o equivalente.<\/li><li>Quienes est\u00e9n en posesi\u00f3n de un t\u00edtulo expedido por una instituci\u00f3n de educaci\u00f3n superior del Espacio Europeo de Educaci\u00f3n Superior, que otorgue acceso a ense\u00f1anzas oficiales de Postgrado.<\/li><li>Quienes est\u00e9n en posesi\u00f3n de un t\u00edtulo conforme a sistemas educativos ajenos al Espacio Europeo de Educaci\u00f3n Superior, que acredite un nivel de formaci\u00f3n equivalente a los correspondientes T\u00edtulos universitarios oficiales espa\u00f1oles de Grado, y que facultan en el pa\u00eds expedidor del t\u00edtulo para el acceso a ense\u00f1anzas de Postgrado.<\/li><li>Quienes acrediten haber superado al menos 180 cr\u00e9ditos ECTS correspondientes a ense\u00f1anzas oficiales de Grado. En este caso, para que el estudiante obtenga su t\u00edtulo, debe haber terminado sus estudios de Grado antes de la finalizaci\u00f3n del Diploma de Experto.\u00a0<\/li><li>Excepcionalmente, quienes acrediten experiencia profesional demostrada en un \u00e1mbito relacionado con el contenido del t\u00edtulo. Esta admisi\u00f3n estar\u00e1 condicionada a la autorizaci\u00f3n por la Comisi\u00f3n de Postgrado de la Universidad Pablo de Olavide.<\/li><\/ul><\/li><\/ul><p style=\"padding-left: 40px;\"><strong>No universitarios: <\/strong><\/p><p style=\"padding-left: 40px;\">Podr\u00e1n acceder a los estudios de Certificado Universitario:<\/p><ul><li style=\"list-style-type: none;\"><ul><li>Quienes acrediten, al menos, el nivel de acceso a los ciclos formativos de grado medio o superior. Para conocer los requisitos establecidos por la Junta de Andaluc\u00eda para acceder a los Ciclos de Formaci\u00f3n Profesional pinche en <a href=\"https:\/\/www.juntadeandalucia.es\/temas\/estudiar\/fp\/requisitos.html\" target=\"_blank\" rel=\"noopener\">este enlace<\/a>.<\/li><li>Excepcionalmente, quienes acrediten experiencia profesional demostrada en un \u00e1mbito relacionado con el contenido del t\u00edtulo. Esta admisi\u00f3n estar\u00e1 condicionada a la autorizaci\u00f3n por la Comisi\u00f3n de Postgrado de la Universidad Pablo de Olavide.<\/li><\/ul><\/li><\/ul><h5><strong>\u00bfA qui\u00e9n va dirigido?<\/strong><\/h5><h4>\u00a0<\/h4><p>Estudiantes de Grado y Postgrado de Trabajo Social, Educaci\u00f3n Social, Psicolog\u00eda, Pedagog\u00eda, Derecho, as\u00ed como profesionales y personas interesadas en general.<\/p><\/div>\n\t\t\t\t<\/div>\n\t\t\t\t\t\t\t<div class=\"elementor-accordion-item\">\n\t\t\t\t\t<div id=\"elementor-tab-title-1535\" class=\"elementor-tab-title\" data-tab=\"5\" role=\"button\" aria-controls=\"elementor-tab-content-1535\" aria-expanded=\"false\">\n\t\t\t\t\t\t\t\t\t\t\t\t\t<span class=\"elementor-accordion-icon elementor-accordion-icon-right\" aria-hidden=\"true\">\n\t\t\t\t\t\t\t\t\t\t\t\t\t\t\t<span class=\"elementor-accordion-icon-closed\"><i class=\"fas fa-plus\"><\/i><\/span>\n\t\t\t\t\t\t\t\t<span class=\"elementor-accordion-icon-opened\"><i class=\"fas fa-minus\"><\/i><\/span>\n\t\t\t\t\t\t\t\t\t\t\t\t\t\t<\/span>\n\t\t\t\t\t\t\t\t\t\t\t\t<a class=\"elementor-accordion-title\" tabindex=\"0\">Horario<\/a>\n\t\t\t\t\t<\/div>\n\t\t\t\t\t<div id=\"elementor-tab-content-1535\" class=\"elementor-tab-content elementor-clearfix\" data-tab=\"5\" role=\"region\" aria-labelledby=\"elementor-tab-title-1535\"><p>Este Diploma de Experto se desarrollar\u00e1 <strong>del 26 de octubre al 22 de diciembre de 2023<\/strong>. Puede visualizar el calendario a trav\u00e9s de este <a href=\"https:\/\/www.upo.es\/formacionpermanente\/wp-content\/imagenes\/uploads\/2023\/04\/DEX2023-04_Calendario-Perito-Judicial.pdf\" target=\"_blank\" rel=\"noopener\"><strong>enlace<\/strong><\/a> (calendario sujeto a posibles cambios).<\/p><\/div>\n\t\t\t\t<\/div>\n\t\t\t\t\t\t\t<div class=\"elementor-accordion-item\">\n\t\t\t\t\t<div id=\"elementor-tab-title-1536\" class=\"elementor-tab-title\" data-tab=\"6\" role=\"button\" aria-controls=\"elementor-tab-content-1536\" aria-expanded=\"false\">\n\t\t\t\t\t\t\t\t\t\t\t\t\t<span class=\"elementor-accordion-icon elementor-accordion-icon-right\" aria-hidden=\"true\">\n\t\t\t\t\t\t\t\t\t\t\t\t\t\t\t<span class=\"elementor-accordion-icon-closed\"><i class=\"fas fa-plus\"><\/i><\/span>\n\t\t\t\t\t\t\t\t<span class=\"elementor-accordion-icon-opened\"><i class=\"fas fa-minus\"><\/i><\/span>\n\t\t\t\t\t\t\t\t\t\t\t\t\t\t<\/span>\n\t\t\t\t\t\t\t\t\t\t\t\t<a class=\"elementor-accordion-title\" tabindex=\"0\">Precios y ayudas<\/a>\n\t\t\t\t\t<\/div>\n\t\t\t\t\t<div id=\"elementor-tab-content-1536\" class=\"elementor-tab-content elementor-clearfix\" data-tab=\"6\" role=\"region\" aria-labelledby=\"elementor-tab-title-1536\"><h5><strong>Tasas<\/strong><\/h5><p>550,00 \u20ac<\/p><ul><li>Este importe no incluye las\u00a0<strong>tasas de expedici\u00f3n del t\u00edtulo<\/strong>, puede acceder a la informaci\u00f3n en el <a href=\"https:\/\/www.upo.es\/formacionpermanente\/titulos-propios\/como-solicitar-el-titulo-o-diploma-de-un-titulo-propio\/\" target=\"_blank\" rel=\"noopener\">siguiente enlace.<\/a><\/li><li>Este importe no incluye las\u00a0<strong>tasas de expedici\u00f3n del carnet de estudiante<\/strong>, puede acceder a la informaci\u00f3n desde el <a href=\"https:\/\/www.upo.es\/formacionpermanente\/titulos-propios\/carnet-de-estudiante-para-titulos-propios\/\" target=\"_blank\" rel=\"noopener\">siguiente enlace<\/a>.<\/li><\/ul><h5>\u00a0Pagos<\/h5><h5>\u00a0<\/h5><ul><li>Reserva de plaza: <strong>82,50\u00a0\u20ac<\/strong><\/li><li>Matr\u00edcula (una vez comunicada la admisi\u00f3n y antes del inicio del programa):<strong> 467,50 \u20ac<\/strong><\/li><\/ul><p>El pago fraccionado no exime del abono completo de las tasas una vez iniciado el programa. Para consultar los motivos de devoluci\u00f3n de la Reserva de Plaza puede hacerlo desde <a href=\"https:\/\/www.upo.es\/formacionpermanente\/wp-content\/imagenes\/uploads\/2022\/10\/Instruccion_TP_ReservaPlaza_vf.pdf\">aqu\u00ed.<\/a><\/p><h5><strong>Reconocimiento de cr\u00e9ditos<\/strong><\/h5><h4>\u00a0<\/h4><p>El alumnado de la Universidad Pablo de Olavide una vez cursado y superado este T\u00edtulo Propio podr\u00e1 solicitar el reconocimiento de<strong> 4 cr\u00e9ditos ECTS<\/strong> en su expediente acad\u00e9mico de Grado.<\/p><p>*Esta solicitud de reconocimiento no eximir\u00e1 del abono de las tasas correspondientes para el mismo, las cuales no se encuentran incluidas en el precio del curso. Seg\u00fan establece el Real Decreto por el que se determinan los precios p\u00fablicos para el curso en vigor, de las Universidades P\u00fablicas de Andaluc\u00eda por la prestaci\u00f3n de servicios acad\u00e9micos y administrativos:<\/p><p><em>\u201cEl alumnado que solicite el reconocimiento de cr\u00e9ditos conforme a lo previsto en los art\u00edculos 6 y 12.8 del Real Decreto 1393\/2007, de 29 de octubre, abonar\u00e1 el 30% de los precios p\u00fablicos correspondientes.\u201d<\/em><\/p><h5><strong>Ayudas al estudio<\/strong><\/h5><p><strong><br \/><\/strong>Todos los programas de T\u00edtulos Propios ofrecen la posibilidad de solicitar una ayuda al estudio. Puede consultar la informaci\u00f3n completa y la fecha de la convocatoria <a href=\"https:\/\/www.upo.es\/formacionpermanente\/titulos-propios\/ayudas-al-estudio-para-titulos-propios\/\">aqu\u00ed<\/a>.<\/p><\/div>\n\t\t\t\t<\/div>\n\t\t\t\t\t\t\t\t\t\t<script type=\"application\/ld+json\">{\"@context\":\"https:\\\/\\\/schema.org\",\"@type\":\"FAQPage\",\"mainEntity\":[{\"@type\":\"Question\",\"name\":\"Plan de Estudios\",\"acceptedAnswer\":{\"@type\":\"Answer\",\"text\":\"<p>El Plan de Estudios se estructura de la forma siguiente:\\u00a0<\\\/p>\\n<table id=\\\"tablepress-201-no-2\\\" class=\\\"tablepress tablepress-id-201\\\">\\n<thead>\\n<tr class=\\\"row-1\\\">\\n\\t<th class=\\\"column-1\\\">TIPO DE MATERIA<\\\/th><th class=\\\"column-2\\\">CR\\u00c9DITOS ECTS<\\\/th>\\n<\\\/tr>\\n<\\\/thead>\\n<tbody class=\\\"row-striping row-hover\\\">\\n<tr class=\\\"row-2\\\">\\n\\t<td class=\\\"column-1\\\">Obligatoria<\\\/td><td class=\\\"column-2\\\">20<\\\/td>\\n<\\\/tr>\\n<\\\/tbody>\\n<\\\/table>\\n<!-- #tablepress-201-no-2 from cache --><p>El programa solo se activar\\u00e1 si se alcanza el n\\u00famero m\\u00ednimo de matr\\u00edculas establecido en cada caso.<\\\/p><h4><b>Relaci\\u00f3n de materias<\\\/b><\\\/h4>\\n<table id=\\\"tablepress-216-no-2\\\" class=\\\"tablepress tablepress-id-216\\\">\\n<thead>\\n<tr class=\\\"row-1\\\">\\n\\t<th class=\\\"column-1\\\">M\\u00d3DULO<\\\/th><th class=\\\"column-2\\\">TIPO<\\\/th><th class=\\\"column-3\\\">N\\u00ba CR\\u00c9DITOS<\\\/th>\\n<\\\/tr>\\n<\\\/thead>\\n<tbody class=\\\"row-striping row-hover\\\">\\n<tr class=\\\"row-2\\\">\\n\\t<td class=\\\"column-1\\\">INTRODUCCI\\u00d3N AL CURSO, AULA VIRTUAL Y LA VICTIMOLOG\\u00cdA<\\\/td><td class=\\\"column-2\\\">Obligatoria<\\\/td><td class=\\\"column-3\\\">1<\\\/td>\\n<\\\/tr>\\n<tr class=\\\"row-3\\\">\\n\\t<td class=\\\"column-1\\\">LA PROPOSICI\\u00d3N Y PR\\u00c1CTICA DE LA PRUEBA PERICIAL<\\\/td><td class=\\\"column-2\\\">Obligatoria<\\\/td><td class=\\\"column-3\\\">1,5<\\\/td>\\n<\\\/tr>\\n<tr class=\\\"row-4\\\">\\n\\t<td class=\\\"column-1\\\">LA PERSPECTIVA JUR\\u00cdDICA DE LA PRUEBA PERICIAL DE MENORES<\\\/td><td class=\\\"column-2\\\">Obligatoria<\\\/td><td class=\\\"column-3\\\">1,5<\\\/td>\\n<\\\/tr>\\n<tr class=\\\"row-5\\\">\\n\\t<td class=\\\"column-1\\\">LA PRUEBA PERICIAL EN EL PROCEDIMIENTO CIVIL DEL DERECHO DE FAMILIA Y DE PROTECCI\\u00d3N DE MENORES<\\\/td><td class=\\\"column-2\\\">Obligatoria<\\\/td><td class=\\\"column-3\\\">1,5<\\\/td>\\n<\\\/tr>\\n<tr class=\\\"row-6\\\">\\n\\t<td class=\\\"column-1\\\">LA PRUEBA PERICIAL EN LOS PROCEDIMIENTOS PENALES EN LOS DELITOS RELACIONADOS CON LA VIOLENCIA DE G\\u00c9NERO<\\\/td><td class=\\\"column-2\\\">Obligatoria<\\\/td><td class=\\\"column-3\\\">1,5<\\\/td>\\n<\\\/tr>\\n<tr class=\\\"row-7\\\">\\n\\t<td class=\\\"column-1\\\">EL PERITAJE PSICOL\\u00d3GICO<\\\/td><td class=\\\"column-2\\\">Obligatoria<\\\/td><td class=\\\"column-3\\\">1,5<\\\/td>\\n<\\\/tr>\\n<tr class=\\\"row-8\\\">\\n\\t<td class=\\\"column-1\\\">LOS EQUIPOS T\\u00c9CNICOS ADSCRITOS A LAS FISCAL\\u00cdAS Y JUZGADOS DE MENORES. CONTENIDO DEL INFORME PSICO-SOCIO-EDUCATIVO SOBRE EL MENOR SUJETO A PROCEDIMIENTO JUDICIAL<\\\/td><td class=\\\"column-2\\\">Obligatoria<\\\/td><td class=\\\"column-3\\\">1,5<\\\/td>\\n<\\\/tr>\\n<tr class=\\\"row-9\\\">\\n\\t<td class=\\\"column-1\\\">LOS INFORMES DE LOS T\\u00c9CNICOS DE EJECUCI\\u00d3N DE MEDIDAS EN LA JURISDICCI\\u00d3N DE MENORES<\\\/td><td class=\\\"column-2\\\">Obligatoria<\\\/td><td class=\\\"column-3\\\">1,5<\\\/td>\\n<\\\/tr>\\n<tr class=\\\"row-10\\\">\\n\\t<td class=\\\"column-1\\\">LAS UNIDADES DE VALORACI\\u00d3N EN LOS JUZGADOS DE VIOLENCIA DE G\\u00c9NERO (UVIVGs)<\\\/td><td class=\\\"column-2\\\">Obligatoria<\\\/td><td class=\\\"column-3\\\">1,5<\\\/td>\\n<\\\/tr>\\n<tr class=\\\"row-11\\\">\\n\\t<td class=\\\"column-1\\\">EL ALCANCE DEL INFORME PSICOSOCIAL EN LOS PROCEDIMIENTOS DE SEPARACI\\u00d3N, DIVORCIO Y RUPTURA DE PAREJAS DE HECHO<\\\/td><td class=\\\"column-2\\\">Obligatoria<\\\/td><td class=\\\"column-3\\\">1,5<\\\/td>\\n<\\\/tr>\\n<tr class=\\\"row-12\\\">\\n\\t<td class=\\\"column-1\\\">EL PERITO DE PARTE: LA DEFENSA INTERESADA. FAMILIA Y VIOLENCIA DE G\\u00c9NERO<\\\/td><td class=\\\"column-2\\\">Obligatoria<\\\/td><td class=\\\"column-3\\\">1,25<\\\/td>\\n<\\\/tr>\\n<tr class=\\\"row-13\\\">\\n\\t<td class=\\\"column-1\\\">EL PERITO DE PARTE: LA DEFENSA INTERESADA. MENORES<\\\/td><td class=\\\"column-2\\\">Obligatoria<\\\/td><td class=\\\"column-3\\\">1,25<\\\/td>\\n<\\\/tr>\\n<tr class=\\\"row-14\\\">\\n\\t<td class=\\\"column-1\\\">VALORACI\\u00d3N DE LOS INFORMES POR LOS JUECES\\\/MAGISTRADOS<\\\/td><td class=\\\"column-2\\\">Obligatoria<\\\/td><td class=\\\"column-3\\\">1,5<\\\/td>\\n<\\\/tr>\\n<tr class=\\\"row-15\\\">\\n\\t<td class=\\\"column-1\\\">EL PERITO DE PARTE. RESPONSABILIDAD PENAL DEL TESTIMONIO PERICIAL<\\\/td><td class=\\\"column-2\\\">Obligatoria<\\\/td><td class=\\\"column-3\\\">1,5<\\\/td>\\n<\\\/tr>\\n<\\\/tbody>\\n<\\\/table>\\n<!-- #tablepress-216-no-2 from cache -->\"}},{\"@type\":\"Question\",\"name\":\"Profesorado\",\"acceptedAnswer\":{\"@type\":\"Answer\",\"text\":\"<h5><b>Relaci\\u00f3n de docentes<\\\/b><\\\/h5><h4>\\u00a0<\\\/h4><div><div><div><strong>D\\u00f1a. Concepci\\u00f3n Nieto Morales<\\\/strong><br \\\/>Profesora de la Universidad Pablo de Olavide.<\\\/div><div>\\u00a0<\\\/div><div><strong>D\\u00f1a. Susana Hernando Ramos<\\\/strong><br \\\/>Fiscal de Familia y Protecci\\u00f3n de\\u00a0menores de la Fiscal\\u00eda de Sevilla.<\\\/div><div>\\u00a0<\\\/div><div><strong>D\\u00f1a. F\\u00e1tima Dom\\u00ednguez Castellano<\\\/strong><br \\\/>Delegada Fiscal de Protecci\\u00f3n de menores de la Fiscal\\u00eda de Sevilla.<\\\/div><div>\\u00a0<\\\/div><div><strong>D\\u00f1a. Teresa Vidal Delgado<\\\/strong><br \\\/>Fiscal de la Fiscal\\u00eda de Sevilla. Coordinadora de Ejecuci\\u00f3n de medidas en la Jurisdicci\\u00f3n de menores. Sevilla.<\\\/div><div>\\u00a0<\\\/div><div><div><strong>D\\u00f1a. M\\u00aa Luisa Zamora Segovia<\\\/strong><\\\/div><div>Magistrada del Juzgado de Familia.<\\\/div><br \\\/><strong>D\\u00f1a. Cristina Jim\\u00e9nez Cort\\u00e9s<\\\/strong><br \\\/>Psic\\u00f3loga en los Juzgados del Decanato de Sevilla.<\\\/div><div>\\u00a0<\\\/div><div><strong>D\\u00f1a. Guadalupe Gil de Montes<\\\/strong><br \\\/>Psic\\u00f3loga en los Juzgados de Violencia sobre la Mujer.<\\\/div><div>\\u00a0<\\\/div><div><strong>D\\u00f1a. Josefa Calder\\u00f3n Mu\\u00f1oz<\\\/strong><br \\\/>Trabajadora social juzgados de familia.<\\\/div><div>\\u00a0<\\\/div><div><strong>D\\u00f1a. Amalia Calder\\u00f3n Lozano<\\\/strong><br \\\/>Abogada coordinadora del turno de oficio de Violencia de G\\u00e9nero.<\\\/div><div>\\u00a0<\\\/div><div><strong>D. Pablo Abascal Monedero<\\\/strong><br \\\/>Coordinador del turno oficio de protecci\\u00f3n social.<br \\\/><strong><br \\\/>D. Jos\\u00e9 Mar\\u00eda Ca\\u00f1al Fern\\u00e1ndez Pe\\u00f1aranda<\\\/strong><br \\\/>Fiscal de la Fiscal\\u00eda de Sevilla.<\\\/div><\\\/div><\\\/div>\"}},{\"@type\":\"Question\",\"name\":\"Metodolog\\u00eda y evaluaci\\u00f3n\",\"acceptedAnswer\":{\"@type\":\"Answer\",\"text\":\"<p>El curso se desarrollara de forma online en la plataforma virtual de la UPO.<\\\/p><p>La metodolog\\u00eda a utilizar ser\\u00e1 una metodolog\\u00eda Activa \\\/ participativa \\\/ trabajos individuales y trabajos grupales. Tutor\\u00edas, participaci\\u00f3n Sincr\\u00f3nicas \\\/ Asincr\\u00f3nicas con el docente.<\\\/p><p>El alumnado tendr\\u00e1 acceso a una serie de herramientas como son foros, chat, correo electr\\u00f3nico, etc. mediante las cuales se desplegar\\u00e1n actividades desde los foros relacionados con tem\\u00e1ticas acorde con la formaci\\u00f3n que desarrollar\\u00e1n actividades de aplicaci\\u00f3n, reflexi\\u00f3n y complementarias y autoevaluaciones.<\\\/p><p>Se indicar\\u00e1 al alumnado el plazo de d\\u00edas que dispone para trabajar cada tema del curso. Durante dicho plazo, cada docente responsable del tema, propondr\\u00e1 actividades, responder\\u00e1 dudas, debatir\\u00e1 con el alumnado a trav\\u00e9s de foros, chats, e-mails, etc y finalmente, acabado el plazo, el estudiante realizar\\u00e1 una prueba tipo test deM autoevaluaci\\u00f3n.<\\\/p><p>La metodolog\\u00eda ser\\u00e1 flexible y atender\\u00e1 las necesidades del alumnado supervisado por el equipo docente y la coordinaci\\u00f3n, seg\\u00fan petici\\u00f3n. Los contenidos se encuentran enmarcados en un calendario y distribuidos al largo del curso con duraci\\u00f3n dependiendo de densidad del contenido del m\\u00f3dulo.<\\\/p><p>En el primer m\\u00f3dulo el alumnado dispondr\\u00e1 de una gu\\u00eda did\\u00e1ctica, que detallar\\u00e1 las caracter\\u00edsticas para realizar correcta y activamente el curso.<\\\/p><p>El profesorado atender\\u00e1, responder\\u00e1 y supervisar\\u00e1 todas las cuestiones que el alumnado necesite durante el desarrollo del curso con un seguimiento y feedback que motive al alumnado en el aprendizaje.\\u00a0<\\\/p>\"}},{\"@type\":\"Question\",\"name\":\"Requisitos y perfil de acceso\",\"acceptedAnswer\":{\"@type\":\"Answer\",\"text\":\"<h5><strong>Titulaci\\u00f3n requerida:<\\\/strong><\\\/h5><h4>\\u00a0<\\\/h4><p>Se plantean dos v\\u00edas de acceso: para titulados universitarios y no universitarios obteniendo cada uno de ellos la titulaci\\u00f3n correspondiente:<\\\/p><p style=\\\"padding-left: 40px;\\\"><strong>Titulados Universitarios:<\\\/strong><\\\/p><p style=\\\"padding-left: 40px;\\\">Podr\\u00e1n acceder a los estudios de Diploma de Experto:<\\\/p><ul><li style=\\\"list-style-type: none;\\\"><ul><li>Quienes est\\u00e9n en posesi\\u00f3n de un t\\u00edtulo universitario de Grado espa\\u00f1ol o equivalente.<\\\/li><li>Quienes est\\u00e9n en posesi\\u00f3n de un t\\u00edtulo expedido por una instituci\\u00f3n de educaci\\u00f3n superior del Espacio Europeo de Educaci\\u00f3n Superior, que otorgue acceso a ense\\u00f1anzas oficiales de Postgrado.<\\\/li><li>Quienes est\\u00e9n en posesi\\u00f3n de un t\\u00edtulo conforme a sistemas educativos ajenos al Espacio Europeo de Educaci\\u00f3n Superior, que acredite un nivel de formaci\\u00f3n equivalente a los correspondientes T\\u00edtulos universitarios oficiales espa\\u00f1oles de Grado, y que facultan en el pa\\u00eds expedidor del t\\u00edtulo para el acceso a ense\\u00f1anzas de Postgrado.<\\\/li><li>Quienes acrediten haber superado al menos 180 cr\\u00e9ditos ECTS correspondientes a ense\\u00f1anzas oficiales de Grado. En este caso, para que el estudiante obtenga su t\\u00edtulo, debe haber terminado sus estudios de Grado antes de la finalizaci\\u00f3n del Diploma de Experto.\\u00a0<\\\/li><li>Excepcionalmente, quienes acrediten experiencia profesional demostrada en un \\u00e1mbito relacionado con el contenido del t\\u00edtulo. Esta admisi\\u00f3n estar\\u00e1 condicionada a la autorizaci\\u00f3n por la Comisi\\u00f3n de Postgrado de la Universidad Pablo de Olavide.<\\\/li><\\\/ul><\\\/li><\\\/ul><p style=\\\"padding-left: 40px;\\\"><strong>No universitarios: <\\\/strong><\\\/p><p style=\\\"padding-left: 40px;\\\">Podr\\u00e1n acceder a los estudios de Certificado Universitario:<\\\/p><ul><li style=\\\"list-style-type: none;\\\"><ul><li>Quienes acrediten, al menos, el nivel de acceso a los ciclos formativos de grado medio o superior. Para conocer los requisitos establecidos por la Junta de Andaluc\\u00eda para acceder a los Ciclos de Formaci\\u00f3n Profesional pinche en <a href=\\\"https:\\\/\\\/www.juntadeandalucia.es\\\/temas\\\/estudiar\\\/fp\\\/requisitos.html\\\" target=\\\"_blank\\\" rel=\\\"noopener\\\">este enlace<\\\/a>.<\\\/li><li>Excepcionalmente, quienes acrediten experiencia profesional demostrada en un \\u00e1mbito relacionado con el contenido del t\\u00edtulo. Esta admisi\\u00f3n estar\\u00e1 condicionada a la autorizaci\\u00f3n por la Comisi\\u00f3n de Postgrado de la Universidad Pablo de Olavide.<\\\/li><\\\/ul><\\\/li><\\\/ul><h5><strong>\\u00bfA qui\\u00e9n va dirigido?<\\\/strong><\\\/h5><h4>\\u00a0<\\\/h4><p>Estudiantes de Grado y Postgrado de Trabajo Social, Educaci\\u00f3n Social, Psicolog\\u00eda, Pedagog\\u00eda, Derecho, as\\u00ed como profesionales y personas interesadas en general.<\\\/p>\"}},{\"@type\":\"Question\",\"name\":\"Horario\",\"acceptedAnswer\":{\"@type\":\"Answer\",\"text\":\"<p>Este Diploma de Experto se desarrollar\\u00e1 <strong>del 26 de octubre al 22 de diciembre de 2023<\\\/strong>. Puede visualizar el calendario a trav\\u00e9s de este <a href=\\\"https:\\\/\\\/www.upo.es\\\/formacionpermanente\\\/wp-content\\\/imagenes\\\/uploads\\\/2023\\\/04\\\/DEX2023-04_Calendario-Perito-Judicial.pdf\\\" target=\\\"_blank\\\" rel=\\\"noopener\\\"><strong>enlace<\\\/strong><\\\/a> (calendario sujeto a posibles cambios).<\\\/p>\"}},{\"@type\":\"Question\",\"name\":\"Precios y ayudas\",\"acceptedAnswer\":{\"@type\":\"Answer\",\"text\":\"<h5><strong>Tasas<\\\/strong><\\\/h5><p>550,00 \\u20ac<\\\/p><ul><li>Este importe no incluye las\\u00a0<strong>tasas de expedici\\u00f3n del t\\u00edtulo<\\\/strong>, puede acceder a la informaci\\u00f3n en el <a href=\\\"https:\\\/\\\/www.upo.es\\\/formacionpermanente\\\/titulos-propios\\\/como-solicitar-el-titulo-o-diploma-de-un-titulo-propio\\\/\\\" target=\\\"_blank\\\" rel=\\\"noopener\\\">siguiente enlace.<\\\/a><\\\/li><li>Este importe no incluye las\\u00a0<strong>tasas de expedici\\u00f3n del carnet de estudiante<\\\/strong>, puede acceder a la informaci\\u00f3n desde el <a href=\\\"https:\\\/\\\/www.upo.es\\\/formacionpermanente\\\/titulos-propios\\\/carnet-de-estudiante-para-titulos-propios\\\/\\\" target=\\\"_blank\\\" rel=\\\"noopener\\\">siguiente enlace<\\\/a>.<\\\/li><\\\/ul><h5>\\u00a0Pagos<\\\/h5><h5>\\u00a0<\\\/h5><ul><li>Reserva de plaza: <strong>82,50\\u00a0\\u20ac<\\\/strong><\\\/li><li>Matr\\u00edcula (una vez comunicada la admisi\\u00f3n y antes del inicio del programa):<strong> 467,50 \\u20ac<\\\/strong><\\\/li><\\\/ul><p>El pago fraccionado no exime del abono completo de las tasas una vez iniciado el programa. Para consultar los motivos de devoluci\\u00f3n de la Reserva de Plaza puede hacerlo desde <a href=\\\"https:\\\/\\\/www.upo.es\\\/formacionpermanente\\\/wp-content\\\/imagenes\\\/uploads\\\/2022\\\/10\\\/Instruccion_TP_ReservaPlaza_vf.pdf\\\">aqu\\u00ed.<\\\/a><\\\/p><h5><strong>Reconocimiento de cr\\u00e9ditos<\\\/strong><\\\/h5><h4>\\u00a0<\\\/h4><p>El alumnado de la Universidad Pablo de Olavide una vez cursado y superado este T\\u00edtulo Propio podr\\u00e1 solicitar el reconocimiento de<strong> 4 cr\\u00e9ditos ECTS<\\\/strong> en su expediente acad\\u00e9mico de Grado.<\\\/p><p>*Esta solicitud de reconocimiento no eximir\\u00e1 del abono de las tasas correspondientes para el mismo, las cuales no se encuentran incluidas en el precio del curso. Seg\\u00fan establece el Real Decreto por el que se determinan los precios p\\u00fablicos para el curso en vigor, de las Universidades P\\u00fablicas de Andaluc\\u00eda por la prestaci\\u00f3n de servicios acad\\u00e9micos y administrativos:<\\\/p><p><em>\\u201cEl alumnado que solicite el reconocimiento de cr\\u00e9ditos conforme a lo previsto en los art\\u00edculos 6 y 12.8 del Real Decreto 1393\\\/2007, de 29 de octubre, abonar\\u00e1 el 30% de los precios p\\u00fablicos correspondientes.\\u201d<\\\/em><\\\/p><h5><strong>Ayudas al estudio<\\\/strong><\\\/h5><p><strong><br \\\/><\\\/strong>Todos los programas de T\\u00edtulos Propios ofrecen la posibilidad de solicitar una ayuda al estudio. Puede consultar la informaci\\u00f3n completa y la fecha de la convocatoria <a href=\\\"https:\\\/\\\/www.upo.es\\\/formacionpermanente\\\/titulos-propios\\\/ayudas-al-estudio-para-titulos-propios\\\/\\\">aqu\\u00ed<\\\/a>.<\\\/p>\"}}]}<\/script>\n\t\t\t\t\t<\/div>\n\t\t\t\t\t\t<\/div>\n\t\t\t\t<\/div>\n\t\t\t\t<div class=\"elementor-element elementor-element-34d7b4d4 elementor-widget elementor-widget-html\" data-id=\"34d7b4d4\" data-element_type=\"widget\" data-e-type=\"widget\" data-widget_type=\"html.default\">\n\t\t\t\t<div class=\"elementor-widget-container\">\n\t\t\t\t\t<script>  jQuery(document).ready(function($) {  var delay = 100; setTimeout(function() {  $('.elementor-tab-title').removeClass('elementor-active');  $('.elementor-tab-content').css('display', 'none'); }, delay);  });  <\/script>\t\t\t\t<\/div>\n\t\t\t\t<\/div>\n\t\t\t\t\t<\/div>\n\t\t<\/div>\n\t\t\t\t\t<\/div>\n\t\t<\/section>\n\t\t\t\t<section class=\"elementor-section elementor-top-section elementor-element elementor-element-a79d483 elementor-section-height-min-height elementor-section-content-middle elementor-section-boxed elementor-section-height-default elementor-section-items-middle\" data-id=\"a79d483\" data-element_type=\"section\" data-e-type=\"section\" data-settings=\"{&quot;background_background&quot;:&quot;classic&quot;}\">\n\t\t\t\t\t\t<div class=\"elementor-container elementor-column-gap-wide\">\n\t\t\t\t\t<div class=\"elementor-column elementor-col-33 elementor-top-column elementor-element elementor-element-155420cb\" data-id=\"155420cb\" data-element_type=\"column\" data-e-type=\"column\">\n\t\t\t<div class=\"elementor-widget-wrap elementor-element-populated\">\n\t\t\t\t\t\t<div data-dce-title-color=\"#00335B\" class=\"elementor-element elementor-element-69747df6 elementor-cta--skin-cover elementor-cta--valign-middle elementor-bg-transform elementor-bg-transform-zoom-out elementor-widget elementor-widget-call-to-action\" data-id=\"69747df6\" data-element_type=\"widget\" data-e-type=\"widget\" data-widget_type=\"call-to-action.default\">\n\t\t\t\t<div class=\"elementor-widget-container\">\n\t\t\t\t\t\t\t<a class=\"elementor-cta\" href=\"#elementor-action%3Aaction%3Dpopup%3Aopen%26settings%3DeyJpZCI6IjE5MTE0IiwidG9nZ2xlIjpmYWxzZX0%3D\">\n\t\t\t\t\t<div class=\"elementor-cta__bg-wrapper\">\n\t\t\t\t<div class=\"elementor-cta__bg elementor-bg\" style=\"background-image: url(https:\/\/www.upo.es\/formacionpermanente\/wp-content\/imagenes\/uploads\/2022\/10\/microcredenciales-3.jpg);\" role=\"img\" aria-label=\"microcredenciales-3\"><\/div>\n\t\t\t\t<div class=\"elementor-cta__bg-overlay\"><\/div>\n\t\t\t<\/div>\n\t\t\t\t\t\t\t<div class=\"elementor-cta__content\">\n\t\t\t\t\n\t\t\t\t\t\t\t\t\t<h2 class=\"elementor-cta__title elementor-cta__content-item elementor-content-item\">\n\t\t\t\t\t\tProcedimiento de calidad\t\t\t\t\t<\/h2>\n\t\t\t\t\n\t\t\t\t\t\t\t\t\t<div class=\"elementor-cta__description elementor-cta__content-item elementor-content-item\">\n\t\t\t\t\t\tCon la certificaci\u00f3n de <strong>AENOR<\/strong> en <strong>ISO 9001<\/strong> en la gesti\u00f3n administrativa de Formaci\u00f3n Permente\t\t\t\t\t<\/div>\n\t\t\t\t\n\t\t\t\t\t\t\t\t\t<div class=\"elementor-cta__button-wrapper elementor-cta__content-item elementor-content-item \">\n\t\t\t\t\t<span class=\"elementor-cta__button elementor-button elementor-size-xs\">\n\t\t\t\t\t\tM\u00e1s informaci\u00f3n\t\t\t\t\t<\/span>\n\t\t\t\t\t<\/div>\n\t\t\t\t\t\t\t<\/div>\n\t\t\t\t\t\t<\/a>\n\t\t\t\t\t\t<\/div>\n\t\t\t\t<\/div>\n\t\t\t\t\t<\/div>\n\t\t<\/div>\n\t\t\t\t<div class=\"elementor-column elementor-col-33 elementor-top-column elementor-element elementor-element-69673e26\" data-id=\"69673e26\" data-element_type=\"column\" data-e-type=\"column\">\n\t\t\t<div class=\"elementor-widget-wrap elementor-element-populated\">\n\t\t\t\t\t\t<div data-dce-title-color=\"#00335B\" class=\"elementor-element elementor-element-7fe2783d elementor-cta--skin-cover elementor-cta--valign-middle elementor-bg-transform elementor-bg-transform-zoom-out elementor-widget elementor-widget-call-to-action\" data-id=\"7fe2783d\" data-element_type=\"widget\" data-e-type=\"widget\" data-widget_type=\"call-to-action.default\">\n\t\t\t\t<div class=\"elementor-widget-container\">\n\t\t\t\t\t\t\t<a class=\"elementor-cta\" href=\"#elementor-action%3Aaction%3Dpopup%3Aopen%26settings%3DeyJpZCI6IjE5MTA1IiwidG9nZ2xlIjpmYWxzZX0%3D\">\n\t\t\t\t\t<div class=\"elementor-cta__bg-wrapper\">\n\t\t\t\t<div class=\"elementor-cta__bg elementor-bg\" style=\"background-image: url(https:\/\/www.upo.es\/formacionpermanente\/wp-content\/imagenes\/uploads\/2022\/10\/microcredenciales-1.jpg);\" role=\"img\" aria-label=\"microcredenciales-1\"><\/div>\n\t\t\t\t<div class=\"elementor-cta__bg-overlay\"><\/div>\n\t\t\t<\/div>\n\t\t\t\t\t\t\t<div class=\"elementor-cta__content\">\n\t\t\t\t\n\t\t\t\t\t\t\t\t\t<h2 class=\"elementor-cta__title elementor-cta__content-item elementor-content-item\">\n\t\t\t\t\t\t\u00bfNecesitas m\u00e1s informaci\u00f3n?\t\t\t\t\t<\/h2>\n\t\t\t\t\n\t\t\t\t\t\t\t\t\t<div class=\"elementor-cta__description elementor-cta__content-item elementor-content-item\">\n\t\t\t\t\t\t\u00bfTienes alguna duda sobre este t\u00edtulo propio? \u00bfQuieres que te avisemos de la pr\u00f3xima edici\u00f3n?\t\t\t\t\t<\/div>\n\t\t\t\t\n\t\t\t\t\t\t\t\t\t<div class=\"elementor-cta__button-wrapper elementor-cta__content-item elementor-content-item \">\n\t\t\t\t\t<span class=\"elementor-cta__button elementor-button elementor-size-xs\">\n\t\t\t\t\t\tContacta con nosotros\t\t\t\t\t<\/span>\n\t\t\t\t\t<\/div>\n\t\t\t\t\t\t\t<\/div>\n\t\t\t\t\t\t<\/a>\n\t\t\t\t\t\t<\/div>\n\t\t\t\t<\/div>\n\t\t\t\t\t<\/div>\n\t\t<\/div>\n\t\t\t\t<div class=\"elementor-column elementor-col-33 elementor-top-column elementor-element elementor-element-2684092d\" data-id=\"2684092d\" data-element_type=\"column\" data-e-type=\"column\">\n\t\t\t<div class=\"elementor-widget-wrap elementor-element-populated\">\n\t\t\t\t\t\t<div class=\"elementor-element elementor-element-4805205 elementor-widget elementor-widget-heading\" data-id=\"4805205\" data-element_type=\"widget\" data-e-type=\"widget\" data-widget_type=\"heading.default\">\n\t\t\t\t<div class=\"elementor-widget-container\">\n\t\t\t\t\t<h5 class=\"elementor-heading-title elementor-size-default\">Contacta con nosotros<\/h5>\t\t\t\t<\/div>\n\t\t\t\t<\/div>\n\t\t\t\t<div class=\"elementor-element elementor-element-3a51c4e6 elementor-widget elementor-widget-text-editor\" data-id=\"3a51c4e6\" data-element_type=\"widget\" data-e-type=\"widget\" data-widget_type=\"text-editor.default\">\n\t\t\t\t<div class=\"elementor-widget-container\">\n\t\t\t\t\t\t\t\t\t<div style=\"text-align: left;\"><strong>Para Informaci\u00f3n Acad\u00e9mica:<br \/><\/strong><\/div>\t\t\t\t\t\t\t\t<\/div>\n\t\t\t\t<\/div>\n\t\t\t\t<div class=\"elementor-element elementor-element-76479ab elementor-widget elementor-widget-heading\" data-id=\"76479ab\" data-element_type=\"widget\" data-e-type=\"widget\" data-widget_type=\"heading.default\">\n\t\t\t\t<div class=\"elementor-widget-container\">\n\t\t\t\t\t<div class=\"elementor-heading-title elementor-size-default\">D\u00f1a. Concepci\u00f3n Nieto Morales<\/div>\t\t\t\t<\/div>\n\t\t\t\t<\/div>\n\t\t\t\t<div class=\"elementor-element elementor-element-200042b1 elementor-widget elementor-widget-heading\" data-id=\"200042b1\" data-element_type=\"widget\" data-e-type=\"widget\" data-widget_type=\"heading.default\">\n\t\t\t\t<div class=\"elementor-widget-container\">\n\t\t\t\t\t<div class=\"elementor-heading-title elementor-size-default\">concepcionm@upo.es<\/div>\t\t\t\t<\/div>\n\t\t\t\t<\/div>\n\t\t\t\t<div class=\"elementor-element elementor-element-20f7bc75 elementor-widget elementor-widget-text-editor\" data-id=\"20f7bc75\" data-element_type=\"widget\" data-e-type=\"widget\" data-widget_type=\"text-editor.default\">\n\t\t\t\t<div class=\"elementor-widget-container\">\n\t\t\t\t\t\t\t\t\t<div style=\"text-align: left;\"><strong>Para Informaci\u00f3n Administrativa:<\/strong><\/div><div style=\"text-align: left;\">\u00c1rea de Formaci\u00f3n Permanente<br \/>Tel: +34 954 348963\u00a0\/ +34 954 349066<br \/><a title=\"formacionpermanente@upo.es\" href=\"mailto:formacionpermanente@upo.es\" target=\"_blank\" rel=\"noopener\">formacionpermanente@upo.es<\/a>\u00a0<\/div>\t\t\t\t\t\t\t\t<\/div>\n\t\t\t\t<\/div>\n\t\t\t\t\t<\/div>\n\t\t<\/div>\n\t\t\t\t\t<\/div>\n\t\t<\/section>\n\t\t\t\t<\/div>\n\t\t","protected":false},"featured_media":8111,"template":"elementor_header_footer","meta":{"_acf_changed":false,"site-sidebar-layout":"no-sidebar","site-content-layout":"page-builder","ast-site-content-layout":"full-width-container","site-content-style":"unboxed","site-sidebar-style":"unboxed","ast-global-header-display":"","ast-banner-title-visibility":"","ast-main-header-display":"","ast-hfb-above-header-display":"","ast-hfb-below-header-display":"","ast-hfb-mobile-header-display":"","site-post-title":"disabled","ast-breadcrumbs-content":"","ast-featured-img":"disabled","footer-sml-layout":"","ast-disable-related-posts":"","theme-transparent-header-meta":"default","adv-header-id-meta":"","stick-header-meta":"default","header-above-stick-meta":"","header-main-stick-meta":"","header-below-stick-meta":"","astra-migrate-meta-layouts":"set","ast-page-background-enabled":"default","ast-page-background-meta":{"desktop":{"background-color":"var(--ast-global-color-4)","background-image":"","background-repeat":"repeat","background-position":"center center","background-size":"auto","background-attachment":"scroll","background-type":"","background-media":"","overlay-type":"","overlay-color":"","overlay-opacity":"","overlay-gradient":""},"tablet":{"background-color":"","background-image":"","background-repeat":"repeat","background-position":"center center","background-size":"auto","background-attachment":"scroll","background-type":"","background-media":"","overlay-type":"","overlay-color":"","overlay-opacity":"","overlay-gradient":""},"mobile":{"background-color":"","background-image":"","background-repeat":"repeat","background-position":"center center","background-size":"auto","background-attachment":"scroll","background-type":"","background-media":"","overlay-type":"","overlay-color":"","overlay-opacity":"","overlay-gradient":""}},"ast-content-background-meta":{"desktop":{"background-color":"var(--ast-global-color-5)","background-image":"","background-repeat":"repeat","background-position":"center center","background-size":"auto","background-attachment":"scroll","background-type":"","background-media":"","overlay-type":"","overlay-color":"","overlay-opacity":"","overlay-gradient":""},"tablet":{"background-color":"var(--ast-global-color-5)","background-image":"","background-repeat":"repeat","background-position":"center center","background-size":"auto","background-attachment":"scroll","background-type":"","background-media":"","overlay-type":"","overlay-color":"","overlay-opacity":"","overlay-gradient":""},"mobile":{"background-color":"var(--ast-global-color-5)","background-image":"","background-repeat":"repeat","background-position":"center center","background-size":"auto","background-attachment":"scroll","background-type":"","background-media":"","overlay-type":"","overlay-color":"","overlay-opacity":"","overlay-gradient":""}}},"categories":[63,52,436],"tags":[103],"titulos_propios":[],"class_list":["post-20895","diploma-exp","type-diploma-exp","status-publish","has-post-thumbnail","hentry","category-2023-2024","category-matricula-cerrada","category-pop-up","tag-dex2023-04"],"acf":[],"yoast_head":"<!-- This site is optimized with the Yoast SEO plugin v27.4 - https:\/\/yoast.com\/product\/yoast-seo-wordpress\/ -->\n<title>Curso Perito Judicial: Social, Educativo y Psicol\u00f3gico - UPO<\/title>\n<meta name=\"description\" content=\"Oferta acad\u00e9mica 2023\/2024. Formaci\u00f3n dise\u00f1ada en colaboraci\u00f3n con profesionales y expertos de diferentes organizaciones y empresas\" \/>\n<meta name=\"robots\" content=\"index, follow, max-snippet:-1, max-image-preview:large, max-video-preview:-1\" \/>\n<link rel=\"canonical\" href=\"https:\/\/www.upo.es\/formacionpermanente\/diploma-experto\/dex2023-04\/\" \/>\n<meta property=\"og:locale\" content=\"es_ES\" \/>\n<meta property=\"og:type\" content=\"article\" \/>\n<meta property=\"og:title\" content=\"Curso Perito Judicial: Social, Educativo y Psicol\u00f3gico - UPO\" \/>\n<meta property=\"og:description\" content=\"Oferta acad\u00e9mica 2023\/2024. Formaci\u00f3n dise\u00f1ada en colaboraci\u00f3n con profesionales y expertos de diferentes organizaciones y empresas\" \/>\n<meta property=\"og:url\" content=\"https:\/\/www.upo.es\/formacionpermanente\/diploma-experto\/dex2023-04\/\" \/>\n<meta property=\"og:site_name\" content=\"Formaci\u00f3n Permanente UPO\" \/>\n<meta property=\"article:modified_time\" content=\"2024-06-13T09:30:39+00:00\" \/>\n<meta property=\"og:image\" content=\"https:\/\/www.upo.es\/formacionpermanente\/wp-content\/imagenes\/uploads\/2022\/09\/Perito-Judicial-min.jpg\" \/>\n\t<meta property=\"og:image:width\" content=\"1600\" \/>\n\t<meta property=\"og:image:height\" content=\"1067\" \/>\n\t<meta property=\"og:image:type\" content=\"image\/jpeg\" \/>\n<meta name=\"twitter:card\" content=\"summary_large_image\" \/>\n<meta name=\"twitter:label1\" content=\"Tiempo de lectura\" \/>\n\t<meta name=\"twitter:data1\" content=\"7 minutos\" \/>\n<script type=\"application\/ld+json\" class=\"yoast-schema-graph\">{\"@context\":\"https:\\\/\\\/schema.org\",\"@graph\":[{\"@type\":\"WebPage\",\"@id\":\"https:\\\/\\\/www.upo.es\\\/formacionpermanente\\\/diploma-experto\\\/dex2023-04\\\/\",\"url\":\"https:\\\/\\\/www.upo.es\\\/formacionpermanente\\\/diploma-experto\\\/dex2023-04\\\/\",\"name\":\"Curso Perito Judicial: Social, Educativo y Psicol\u00f3gico - UPO\",\"isPartOf\":{\"@id\":\"https:\\\/\\\/www.upo.es\\\/formacionpermanente\\\/#website\"},\"primaryImageOfPage\":{\"@id\":\"https:\\\/\\\/www.upo.es\\\/formacionpermanente\\\/diploma-experto\\\/dex2023-04\\\/#primaryimage\"},\"image\":{\"@id\":\"https:\\\/\\\/www.upo.es\\\/formacionpermanente\\\/diploma-experto\\\/dex2023-04\\\/#primaryimage\"},\"thumbnailUrl\":\"https:\\\/\\\/www.upo.es\\\/formacionpermanente\\\/wp-content\\\/imagenes\\\/uploads\\\/2022\\\/09\\\/Perito-Judicial-min.jpg\",\"datePublished\":\"2023-04-11T10:56:15+00:00\",\"dateModified\":\"2024-06-13T09:30:39+00:00\",\"description\":\"Oferta acad\u00e9mica 2023\\\/2024. Formaci\u00f3n dise\u00f1ada en colaboraci\u00f3n con profesionales y expertos de diferentes organizaciones y empresas\",\"breadcrumb\":{\"@id\":\"https:\\\/\\\/www.upo.es\\\/formacionpermanente\\\/diploma-experto\\\/dex2023-04\\\/#breadcrumb\"},\"inLanguage\":\"es\",\"potentialAction\":[{\"@type\":\"ReadAction\",\"target\":[\"https:\\\/\\\/www.upo.es\\\/formacionpermanente\\\/diploma-experto\\\/dex2023-04\\\/\"]}]},{\"@type\":\"ImageObject\",\"inLanguage\":\"es\",\"@id\":\"https:\\\/\\\/www.upo.es\\\/formacionpermanente\\\/diploma-experto\\\/dex2023-04\\\/#primaryimage\",\"url\":\"https:\\\/\\\/www.upo.es\\\/formacionpermanente\\\/wp-content\\\/imagenes\\\/uploads\\\/2022\\\/09\\\/Perito-Judicial-min.jpg\",\"contentUrl\":\"https:\\\/\\\/www.upo.es\\\/formacionpermanente\\\/wp-content\\\/imagenes\\\/uploads\\\/2022\\\/09\\\/Perito-Judicial-min.jpg\",\"width\":1600,\"height\":1067,\"caption\":\"perito judicial\"},{\"@type\":\"BreadcrumbList\",\"@id\":\"https:\\\/\\\/www.upo.es\\\/formacionpermanente\\\/diploma-experto\\\/dex2023-04\\\/#breadcrumb\",\"itemListElement\":[{\"@type\":\"ListItem\",\"position\":1,\"name\":\"Portada\",\"item\":\"https:\\\/\\\/www.upo.es\\\/formacionpermanente\\\/\"},{\"@type\":\"ListItem\",\"position\":2,\"name\":\"El Perito Judicial: Social, Educativo y Psicol\u00f3gico\"}]},{\"@type\":\"WebSite\",\"@id\":\"https:\\\/\\\/www.upo.es\\\/formacionpermanente\\\/#website\",\"url\":\"https:\\\/\\\/www.upo.es\\\/formacionpermanente\\\/\",\"name\":\"Formaci\u00f3n Permanente UPO\",\"description\":\"T\u00edtulos Propios, Microcredenciales, Cursos de Verano\",\"publisher\":{\"@id\":\"https:\\\/\\\/www.upo.es\\\/formacionpermanente\\\/#organization\"},\"potentialAction\":[{\"@type\":\"SearchAction\",\"target\":{\"@type\":\"EntryPoint\",\"urlTemplate\":\"https:\\\/\\\/www.upo.es\\\/formacionpermanente\\\/?s={search_term_string}\"},\"query-input\":{\"@type\":\"PropertyValueSpecification\",\"valueRequired\":true,\"valueName\":\"search_term_string\"}}],\"inLanguage\":\"es\"},{\"@type\":\"Organization\",\"@id\":\"https:\\\/\\\/www.upo.es\\\/formacionpermanente\\\/#organization\",\"name\":\"Formaci\u00f3n Permanente Universidad Pablo de Olavide\",\"alternateName\":\"Formaci\u00f3n Permanente UPO\",\"url\":\"https:\\\/\\\/www.upo.es\\\/formacionpermanente\\\/\",\"logo\":{\"@type\":\"ImageObject\",\"inLanguage\":\"es\",\"@id\":\"https:\\\/\\\/www.upo.es\\\/formacionpermanente\\\/#\\\/schema\\\/logo\\\/image\\\/\",\"url\":\"https:\\\/\\\/www.upo.es\\\/formacionpermanente\\\/wp-content\\\/imagenes\\\/uploads\\\/2023\\\/02\\\/Logo-UPO-azul-amarillo-horizontal.png\",\"contentUrl\":\"https:\\\/\\\/www.upo.es\\\/formacionpermanente\\\/wp-content\\\/imagenes\\\/uploads\\\/2023\\\/02\\\/Logo-UPO-azul-amarillo-horizontal.png\",\"width\":1000,\"height\":407,\"caption\":\"Formaci\u00f3n Permanente Universidad Pablo de Olavide\"},\"image\":{\"@id\":\"https:\\\/\\\/www.upo.es\\\/formacionpermanente\\\/#\\\/schema\\\/logo\\\/image\\\/\"}}]}<\/script>\n<!-- \/ Yoast SEO plugin. -->","yoast_head_json":{"title":"Curso Perito Judicial: Social, Educativo y Psicol\u00f3gico - UPO","description":"Oferta acad\u00e9mica 2023\/2024. Formaci\u00f3n dise\u00f1ada en colaboraci\u00f3n con profesionales y expertos de diferentes organizaciones y empresas","robots":{"index":"index","follow":"follow","max-snippet":"max-snippet:-1","max-image-preview":"max-image-preview:large","max-video-preview":"max-video-preview:-1"},"canonical":"https:\/\/www.upo.es\/formacionpermanente\/diploma-experto\/dex2023-04\/","og_locale":"es_ES","og_type":"article","og_title":"Curso Perito Judicial: Social, Educativo y Psicol\u00f3gico - UPO","og_description":"Oferta acad\u00e9mica 2023\/2024. Formaci\u00f3n dise\u00f1ada en colaboraci\u00f3n con profesionales y expertos de diferentes organizaciones y empresas","og_url":"https:\/\/www.upo.es\/formacionpermanente\/diploma-experto\/dex2023-04\/","og_site_name":"Formaci\u00f3n Permanente UPO","article_modified_time":"2024-06-13T09:30:39+00:00","og_image":[{"width":1600,"height":1067,"url":"https:\/\/www.upo.es\/formacionpermanente\/wp-content\/imagenes\/uploads\/2022\/09\/Perito-Judicial-min.jpg","type":"image\/jpeg"}],"twitter_card":"summary_large_image","twitter_misc":{"Tiempo de lectura":"7 minutos"},"schema":{"@context":"https:\/\/schema.org","@graph":[{"@type":"WebPage","@id":"https:\/\/www.upo.es\/formacionpermanente\/diploma-experto\/dex2023-04\/","url":"https:\/\/www.upo.es\/formacionpermanente\/diploma-experto\/dex2023-04\/","name":"Curso Perito Judicial: Social, Educativo y Psicol\u00f3gico - UPO","isPartOf":{"@id":"https:\/\/www.upo.es\/formacionpermanente\/#website"},"primaryImageOfPage":{"@id":"https:\/\/www.upo.es\/formacionpermanente\/diploma-experto\/dex2023-04\/#primaryimage"},"image":{"@id":"https:\/\/www.upo.es\/formacionpermanente\/diploma-experto\/dex2023-04\/#primaryimage"},"thumbnailUrl":"https:\/\/www.upo.es\/formacionpermanente\/wp-content\/imagenes\/uploads\/2022\/09\/Perito-Judicial-min.jpg","datePublished":"2023-04-11T10:56:15+00:00","dateModified":"2024-06-13T09:30:39+00:00","description":"Oferta acad\u00e9mica 2023\/2024. Formaci\u00f3n dise\u00f1ada en colaboraci\u00f3n con profesionales y expertos de diferentes organizaciones y empresas","breadcrumb":{"@id":"https:\/\/www.upo.es\/formacionpermanente\/diploma-experto\/dex2023-04\/#breadcrumb"},"inLanguage":"es","potentialAction":[{"@type":"ReadAction","target":["https:\/\/www.upo.es\/formacionpermanente\/diploma-experto\/dex2023-04\/"]}]},{"@type":"ImageObject","inLanguage":"es","@id":"https:\/\/www.upo.es\/formacionpermanente\/diploma-experto\/dex2023-04\/#primaryimage","url":"https:\/\/www.upo.es\/formacionpermanente\/wp-content\/imagenes\/uploads\/2022\/09\/Perito-Judicial-min.jpg","contentUrl":"https:\/\/www.upo.es\/formacionpermanente\/wp-content\/imagenes\/uploads\/2022\/09\/Perito-Judicial-min.jpg","width":1600,"height":1067,"caption":"perito judicial"},{"@type":"BreadcrumbList","@id":"https:\/\/www.upo.es\/formacionpermanente\/diploma-experto\/dex2023-04\/#breadcrumb","itemListElement":[{"@type":"ListItem","position":1,"name":"Portada","item":"https:\/\/www.upo.es\/formacionpermanente\/"},{"@type":"ListItem","position":2,"name":"El Perito Judicial: Social, Educativo y Psicol\u00f3gico"}]},{"@type":"WebSite","@id":"https:\/\/www.upo.es\/formacionpermanente\/#website","url":"https:\/\/www.upo.es\/formacionpermanente\/","name":"Formaci\u00f3n Permanente UPO","description":"T\u00edtulos Propios, Microcredenciales, Cursos de Verano","publisher":{"@id":"https:\/\/www.upo.es\/formacionpermanente\/#organization"},"potentialAction":[{"@type":"SearchAction","target":{"@type":"EntryPoint","urlTemplate":"https:\/\/www.upo.es\/formacionpermanente\/?s={search_term_string}"},"query-input":{"@type":"PropertyValueSpecification","valueRequired":true,"valueName":"search_term_string"}}],"inLanguage":"es"},{"@type":"Organization","@id":"https:\/\/www.upo.es\/formacionpermanente\/#organization","name":"Formaci\u00f3n Permanente Universidad Pablo de Olavide","alternateName":"Formaci\u00f3n Permanente UPO","url":"https:\/\/www.upo.es\/formacionpermanente\/","logo":{"@type":"ImageObject","inLanguage":"es","@id":"https:\/\/www.upo.es\/formacionpermanente\/#\/schema\/logo\/image\/","url":"https:\/\/www.upo.es\/formacionpermanente\/wp-content\/imagenes\/uploads\/2023\/02\/Logo-UPO-azul-amarillo-horizontal.png","contentUrl":"https:\/\/www.upo.es\/formacionpermanente\/wp-content\/imagenes\/uploads\/2023\/02\/Logo-UPO-azul-amarillo-horizontal.png","width":1000,"height":407,"caption":"Formaci\u00f3n Permanente Universidad Pablo de Olavide"},"image":{"@id":"https:\/\/www.upo.es\/formacionpermanente\/#\/schema\/logo\/image\/"}}]}},"_links":{"self":[{"href":"https:\/\/www.upo.es\/formacionpermanente\/wp-json\/wp\/v2\/diploma-exp\/20895","targetHints":{"allow":["GET"]}}],"collection":[{"href":"https:\/\/www.upo.es\/formacionpermanente\/wp-json\/wp\/v2\/diploma-exp"}],"about":[{"href":"https:\/\/www.upo.es\/formacionpermanente\/wp-json\/wp\/v2\/types\/diploma-exp"}],"version-history":[{"count":5,"href":"https:\/\/www.upo.es\/formacionpermanente\/wp-json\/wp\/v2\/diploma-exp\/20895\/revisions"}],"predecessor-version":[{"id":36690,"href":"https:\/\/www.upo.es\/formacionpermanente\/wp-json\/wp\/v2\/diploma-exp\/20895\/revisions\/36690"}],"wp:featuredmedia":[{"embeddable":true,"href":"https:\/\/www.upo.es\/formacionpermanente\/wp-json\/wp\/v2\/media\/8111"}],"wp:attachment":[{"href":"https:\/\/www.upo.es\/formacionpermanente\/wp-json\/wp\/v2\/media?parent=20895"}],"wp:term":[{"taxonomy":"category","embeddable":true,"href":"https:\/\/www.upo.es\/formacionpermanente\/wp-json\/wp\/v2\/categories?post=20895"},{"taxonomy":"post_tag","embeddable":true,"href":"https:\/\/www.upo.es\/formacionpermanente\/wp-json\/wp\/v2\/tags?post=20895"},{"taxonomy":"titulos_propios","embeddable":true,"href":"https:\/\/www.upo.es\/formacionpermanente\/wp-json\/wp\/v2\/titulos_propios?post=20895"}],"curies":[{"name":"wp","href":"https:\/\/api.w.org\/{rel}","templated":true}]}}