{"id":42191,"date":"2025-02-13T13:12:19","date_gmt":"2025-02-13T12:12:19","guid":{"rendered":"https:\/\/www.upo.es\/formacionpermanente\/?post_type=diploma-exp&#038;p=42191"},"modified":"2026-04-30T08:13:14","modified_gmt":"2026-04-30T06:13:14","slug":"dex2025-04","status":"publish","type":"diploma-exp","link":"https:\/\/www.upo.es\/formacionpermanente\/diploma-experto\/dex2025-04\/","title":{"rendered":"Agenda Urbana"},"content":{"rendered":"\t\t<div data-elementor-type=\"wp-post\" data-elementor-id=\"42191\" class=\"elementor elementor-42191\" data-elementor-post-type=\"diploma-exp\">\n\t\t\t\t\t\t<section data-dce-background-image-url=\"https:\/\/www.upo.es\/formacionpermanente\/wp-content\/imagenes\/uploads\/2025\/02\/FOTO-18-reducida.jpg\" class=\"elementor-section elementor-top-section elementor-element elementor-element-a79fc9d elementor-section-height-min-height elementor-section-boxed elementor-section-height-default elementor-section-items-middle\" data-id=\"a79fc9d\" data-element_type=\"section\" data-e-type=\"section\" data-settings=\"{&quot;background_background&quot;:&quot;classic&quot;}\">\n\t\t\t\t\t\t\t<div class=\"elementor-background-overlay\"><\/div>\n\t\t\t\t\t\t\t<div class=\"elementor-container elementor-column-gap-default\">\n\t\t\t\t\t<div class=\"elementor-column elementor-col-100 elementor-top-column elementor-element elementor-element-db06b01\" data-id=\"db06b01\" data-element_type=\"column\" data-e-type=\"column\">\n\t\t\t<div class=\"elementor-widget-wrap elementor-element-populated\">\n\t\t\t\t\t\t<section class=\"elementor-section elementor-inner-section elementor-element elementor-element-4adca46 elementor-section-boxed elementor-section-height-default elementor-section-height-default\" data-id=\"4adca46\" data-element_type=\"section\" data-e-type=\"section\">\n\t\t\t\t\t\t<div class=\"elementor-container elementor-column-gap-default\">\n\t\t\t\t\t<div class=\"elementor-column elementor-col-100 elementor-inner-column elementor-element elementor-element-bdd3e85\" data-id=\"bdd3e85\" data-element_type=\"column\" data-e-type=\"column\">\n\t\t\t<div class=\"elementor-widget-wrap elementor-element-populated\">\n\t\t\t\t\t\t<div class=\"elementor-element elementor-element-b6553a8 elementor-widget elementor-widget-elementskit-heading\" data-id=\"b6553a8\" data-element_type=\"widget\" data-e-type=\"widget\" data-widget_type=\"elementskit-heading.default\">\n\t\t\t\t<div class=\"elementor-widget-container\">\n\t\t\t\t\t<div class=\"ekit-wid-con\" ><div class=\"ekit-heading elementskit-section-title-wraper text_left   ekit_heading_tablet-   ekit_heading_mobile-\"><h3 class=\"elementskit-section-subtitle  \">\n\t\t\t\t\t\tDiploma de Experto \/ Certificado Universitario\n\t\t\t\t\t<\/h3>\t\t\t\t<div class='ekit-heading__description'>\n\t\t\t\t\t<p>III Ed.<\/p>\n\t\t\t\t<\/div>\n\t\t\t<\/div><\/div>\t\t\t\t<\/div>\n\t\t\t\t<\/div>\n\t\t\t\t<div data-dce-background-color=\"#64D197\" class=\"elementor-element elementor-element-339970d elementor-align-left elementor-hidden-mobile elementor-widget elementor-widget-button\" data-id=\"339970d\" data-element_type=\"widget\" data-e-type=\"widget\" data-widget_type=\"button.default\">\n\t\t\t\t<div class=\"elementor-widget-container\">\n\t\t\t\t\t\t\t\t\t<div class=\"elementor-button-wrapper\">\n\t\t\t\t\t<a class=\"elementor-button elementor-button-link elementor-size-lg\" href=\"#\">\n\t\t\t\t\t\t<span class=\"elementor-button-content-wrapper\">\n\t\t\t\t\t\t\t\t\t<span class=\"elementor-button-text\">Cerrada reserva de plaza<\/span>\n\t\t\t\t\t<\/span>\n\t\t\t\t\t<\/a>\n\t\t\t\t<\/div>\n\t\t\t\t\t\t\t\t<\/div>\n\t\t\t\t<\/div>\n\t\t\t\t\t<\/div>\n\t\t<\/div>\n\t\t\t\t\t<\/div>\n\t\t<\/section>\n\t\t\t\t\t<\/div>\n\t\t<\/div>\n\t\t\t\t\t<\/div>\n\t\t<\/section>\n\t\t\t\t<section class=\"elementor-section elementor-top-section elementor-element elementor-element-47ebf3e7 elementor-section-full_width elementor-reverse-mobile elementor-reverse-tablet elementor-section-height-default elementor-section-height-default\" data-id=\"47ebf3e7\" data-element_type=\"section\" data-e-type=\"section\">\n\t\t\t\t\t\t<div class=\"elementor-container elementor-column-gap-no\">\n\t\t\t\t\t<div class=\"elementor-column elementor-col-50 elementor-top-column elementor-element elementor-element-416bc0da\" data-id=\"416bc0da\" data-element_type=\"column\" data-e-type=\"column\">\n\t\t\t<div class=\"elementor-widget-wrap elementor-element-populated\">\n\t\t\t\t\t\t<section class=\"elementor-section elementor-inner-section elementor-element elementor-element-712e6ff2 elementor-section-full_width elementor-section-height-default elementor-section-height-default\" data-id=\"712e6ff2\" data-element_type=\"section\" data-e-type=\"section\">\n\t\t\t\t\t\t<div class=\"elementor-container elementor-column-gap-default\">\n\t\t\t\t\t<div class=\"elementor-column elementor-col-100 elementor-inner-column elementor-element elementor-element-4197660c\" data-id=\"4197660c\" data-element_type=\"column\" data-e-type=\"column\">\n\t\t\t<div class=\"elementor-widget-wrap elementor-element-populated\">\n\t\t\t\t\t\t<div class=\"elementor-element elementor-element-4a96554f elementor-widget elementor-widget-heading\" data-id=\"4a96554f\" data-element_type=\"widget\" data-e-type=\"widget\" data-widget_type=\"heading.default\">\n\t\t\t\t<div class=\"elementor-widget-container\">\n\t\t\t\t\t<h2 class=\"elementor-heading-title elementor-size-default\">\u00bfPor qu\u00e9 elegir este T\u00edtulo Propio de la Universidad Pablo de Olavide?<\/h2>\t\t\t\t<\/div>\n\t\t\t\t<\/div>\n\t\t\t\t<div class=\"elementor-element elementor-element-5319536 elementor-widget elementor-widget-text-editor\" data-id=\"5319536\" data-element_type=\"widget\" data-e-type=\"widget\" data-widget_type=\"text-editor.default\">\n\t\t\t\t<div class=\"elementor-widget-container\">\n\t\t\t\t\t\t\t\t\t<p>En la actualidad, asistimos a un cambio de paradigma en las pol\u00edticas de desarrollo urbano y territorial, como resultado del denominado Modelo de Desarrollo Urbano Sostenible e Integrado (MDUSI), que exige la aplicaci\u00f3n de instrumentos de pol\u00edtica p\u00fablica basados en el enfoque estrat\u00e9gico.<\/p>\n<p>En este contexto, la Agenda Urbana como instrumento de pol\u00edtica p\u00fablica ha cobrado una especial importancia para ser aplicado al desarrollo urbano y territorial. Desde esta perspectiva, es importante resaltar que se ha producido una alineaci\u00f3n de Agendas multinivel que le otorgan un marco estrat\u00e9gico integrado a la escala local. La Nueva Agenda Urbana de ONU-H\u00e1bitat que impulsa la aplicaci\u00f3n de los Objetivos de Desarrollo Sostenible (ODS), la Agenda Urbana para la Uni\u00f3n Europea y la Agenda Urbana Espa\u00f1ola, aprobada en el 2019, aportan los conceptos centrales y la metodolog\u00eda para el desarrollo de Agendas Urbanas a nivel local. Tambi\u00e9n ha habido gobiernos regionales que han decidido impulsar Agendas Urbanas a escala sub-nacional, como es el caso de la Junta de Andaluc\u00eda.<\/p>\n<p>El movimiento de las Agendas Urbanas est\u00e1 permeando en todos los niveles de gobierno, y en estos momentos se est\u00e1n produciendo importantes avances para su aplicaci\u00f3n en los municipios. Por ello, el Diploma de Experto en Agenda Urbana persigue desarrollar una formaci\u00f3n especializada para dise\u00f1ar e implementar Agendas Urbanas a diferente escala territorial, pero especialmente importante lo es para su aplicaci\u00f3n en el nivel local, proporcionando a los gobiernos municipales, y a todos los agentes que trabajan en el \u00e1mbito del desarrollo local, un enfoque metodol\u00f3gico y herramientas t\u00e9cnicas para su aplicaci\u00f3n. Para ello, el T\u00edtulo contar\u00e1 con la participaci\u00f3n de un profesorado especializado en dichas materias y de un reconocido prestigio y experiencia en materia de Agendas Urbanas que toman como referencia su aplicaci\u00f3n al mundo local.<\/p>\n<p><\/p>\n\t\t\t\t\t\t\t\t<\/div>\n\t\t\t\t<\/div>\n\t\t\t\t\t<\/div>\n\t\t<\/div>\n\t\t\t\t\t<\/div>\n\t\t<\/section>\n\t\t\t\t<section class=\"elementor-section elementor-inner-section elementor-element elementor-element-ddc16e4 elementor-section-boxed elementor-section-height-default elementor-section-height-default\" data-id=\"ddc16e4\" data-element_type=\"section\" data-e-type=\"section\">\n\t\t\t\t\t\t<div class=\"elementor-container elementor-column-gap-default\">\n\t\t\t\t\t<div class=\"elementor-column elementor-col-33 elementor-inner-column elementor-element elementor-element-7b9cfe7\" data-id=\"7b9cfe7\" data-element_type=\"column\" data-e-type=\"column\">\n\t\t\t<div class=\"elementor-widget-wrap\">\n\t\t\t\t\t\t\t<\/div>\n\t\t<\/div>\n\t\t\t\t<div class=\"elementor-column elementor-col-33 elementor-inner-column elementor-element elementor-element-df164c4 elementor-hidden-mobile\" data-id=\"df164c4\" data-element_type=\"column\" data-e-type=\"column\">\n\t\t\t<div class=\"elementor-widget-wrap elementor-element-populated\">\n\t\t\t\t\t\t<div data-dce-text-color=\"#FFFFFF\" class=\"elementor-element elementor-element-7951fca elementor-widget__width-initial elementor-widget-mobile__width-inherit elementor-widget elementor-widget-text-editor\" data-id=\"7951fca\" data-element_type=\"widget\" data-e-type=\"widget\" data-widget_type=\"text-editor.default\">\n\t\t\t\t<div class=\"elementor-widget-container\">\n\t\t\t\t\t\t\t\t\t<iframe id=\"pumukitiframe\" src=\"https:\/\/upotv.upo.es\/iframe\/magic\/fclio6krwfswocgwosoc8gwgssgw8cs\" width=\"700\" height=\"355\" frameborder=\"0\" allowfullscreen=\"allowfullscreen\"><span data-mce-type=\"bookmark\" style=\"display: inline-block; width: 0px; overflow: hidden; line-height: 0;\" class=\"mce_SELRES_start\">\ufeff<\/span><span data-mce-type=\"bookmark\" style=\"display: inline-block; width: 0px; overflow: hidden; line-height: 0;\" class=\"mce_SELRES_start\">\ufeff<\/span><span data-mce-type=\"bookmark\" style=\"display: inline-block; width: 0px; overflow: hidden; line-height: 0;\" class=\"mce_SELRES_start\">\ufeff<\/span><span data-mce-type=\"bookmark\" style=\"display: inline-block; width: 0px; overflow: hidden; line-height: 0;\" class=\"mce_SELRES_start\">\ufeff<\/span><span data-mce-type=\"bookmark\" style=\"display: inline-block; width: 0px; overflow: hidden; line-height: 0;\" class=\"mce_SELRES_start\">\ufeff<\/span><\/iframe>\t\t\t\t\t\t\t\t<\/div>\n\t\t\t\t<\/div>\n\t\t\t\t\t<\/div>\n\t\t<\/div>\n\t\t\t\t<div class=\"elementor-column elementor-col-33 elementor-inner-column elementor-element elementor-element-01a232d\" data-id=\"01a232d\" data-element_type=\"column\" data-e-type=\"column\">\n\t\t\t<div class=\"elementor-widget-wrap\">\n\t\t\t\t\t\t\t<\/div>\n\t\t<\/div>\n\t\t\t\t\t<\/div>\n\t\t<\/section>\n\t\t\t\t<section class=\"elementor-section elementor-inner-section elementor-element elementor-element-cd65ced elementor-section-boxed elementor-section-height-default elementor-section-height-default\" data-id=\"cd65ced\" data-element_type=\"section\" data-e-type=\"section\">\n\t\t\t\t\t\t<div class=\"elementor-container elementor-column-gap-default\">\n\t\t\t\t\t<div class=\"elementor-column elementor-col-100 elementor-inner-column elementor-element elementor-element-959ed1d elementor-hidden-desktop elementor-hidden-tablet\" data-id=\"959ed1d\" data-element_type=\"column\" data-e-type=\"column\">\n\t\t\t<div class=\"elementor-widget-wrap elementor-element-populated\">\n\t\t\t\t\t\t<div data-dce-text-color=\"#FFFFFF\" class=\"elementor-element elementor-element-a590157 elementor-widget__width-initial elementor-widget-mobile__width-inherit elementor-widget elementor-widget-text-editor\" data-id=\"a590157\" data-element_type=\"widget\" data-e-type=\"widget\" data-widget_type=\"text-editor.default\">\n\t\t\t\t<div class=\"elementor-widget-container\">\n\t\t\t\t\t\t\t\t\t<iframe id=\"pumukitiframe\" src=\"https:\/\/upotv.upo.es\/iframe\/magic\/fclio6krwfswocgwosoc8gwgssgw8cs\" width=\"355\" height=\"195\" frameborder=\"0\" allowfullscreen=\"allowfullscreen\"><span data-mce-type=\"bookmark\" style=\"display: inline-block; width: 0px; overflow: hidden; line-height: 0;\" class=\"mce_SELRES_start\">\ufeff<\/span><span data-mce-type=\"bookmark\" style=\"display: inline-block; width: 0px; overflow: hidden; line-height: 0;\" class=\"mce_SELRES_start\">\ufeff<\/span><span data-mce-type=\"bookmark\" style=\"display: inline-block; width: 0px; overflow: hidden; line-height: 0;\" class=\"mce_SELRES_start\">\ufeff<\/span><span data-mce-type=\"bookmark\" style=\"display: inline-block; width: 0px; overflow: hidden; line-height: 0;\" class=\"mce_SELRES_start\">\ufeff<\/span><span data-mce-type=\"bookmark\" style=\"display: inline-block; width: 0px; overflow: hidden; line-height: 0;\" class=\"mce_SELRES_start\">\ufeff<\/span><span data-mce-type=\"bookmark\" style=\"display: inline-block; width: 0px; overflow: hidden; line-height: 0;\" class=\"mce_SELRES_start\">\ufeff<\/span><\/iframe>\t\t\t\t\t\t\t\t<\/div>\n\t\t\t\t<\/div>\n\t\t\t\t\t<\/div>\n\t\t<\/div>\n\t\t\t\t\t<\/div>\n\t\t<\/section>\n\t\t\t\t<section class=\"elementor-section elementor-inner-section elementor-element elementor-element-3733ad8c elementor-section-full_width elementor-hidden-desktop elementor-hidden-tablet elementor-hidden-mobile elementor-section-height-default elementor-section-height-default\" data-id=\"3733ad8c\" data-element_type=\"section\" data-e-type=\"section\">\n\t\t\t\t\t\t<div class=\"elementor-container elementor-column-gap-default\">\n\t\t\t\t\t<div class=\"elementor-column elementor-col-100 elementor-inner-column elementor-element elementor-element-7462edb2\" data-id=\"7462edb2\" data-element_type=\"column\" data-e-type=\"column\">\n\t\t\t<div class=\"elementor-widget-wrap elementor-element-populated\">\n\t\t\t\t\t\t<div class=\"elementor-element elementor-element-6e6881c8 elementor-widget elementor-widget-heading\" data-id=\"6e6881c8\" data-element_type=\"widget\" data-e-type=\"widget\" data-widget_type=\"heading.default\">\n\t\t\t\t<div class=\"elementor-widget-container\">\n\t\t\t\t\t<h3 class=\"elementor-heading-title elementor-size-default\">Entidades colaboradoras<\/h3>\t\t\t\t<\/div>\n\t\t\t\t<\/div>\n\t\t\t\t\t<\/div>\n\t\t<\/div>\n\t\t\t\t\t<\/div>\n\t\t<\/section>\n\t\t\t\t<section class=\"elementor-section elementor-inner-section elementor-element elementor-element-4ddcfb15 elementor-section-full_width elementor-hidden-desktop elementor-hidden-tablet elementor-hidden-mobile elementor-section-height-default elementor-section-height-default\" data-id=\"4ddcfb15\" data-element_type=\"section\" data-e-type=\"section\">\n\t\t\t\t\t\t<div class=\"elementor-container elementor-column-gap-default\">\n\t\t\t\t\t<div class=\"elementor-column elementor-col-100 elementor-inner-column elementor-element elementor-element-2a1571b\" data-id=\"2a1571b\" data-element_type=\"column\" data-e-type=\"column\">\n\t\t\t<div class=\"elementor-widget-wrap elementor-element-populated\">\n\t\t\t\t\t\t<div class=\"elementor-element elementor-element-75ed4f80 elementor-widget elementor-widget-image\" data-id=\"75ed4f80\" data-element_type=\"widget\" data-e-type=\"widget\" data-widget_type=\"image.default\">\n\t\t\t\t<div class=\"elementor-widget-container\">\n\t\t\t\t\t\t\t\t\t\t\t\t\t\t\t<img fetchpriority=\"high\" decoding=\"async\" width=\"355\" height=\"142\" src=\"https:\/\/www.upo.es\/formacionpermanente\/wp-content\/imagenes\/uploads\/2022\/07\/ibm.png\" class=\"attachment-full size-full wp-image-12336\" alt=\"Logo IBM\" srcset=\"https:\/\/www.upo.es\/formacionpermanente\/wp-content\/imagenes\/uploads\/2022\/07\/ibm.png 355w, https:\/\/www.upo.es\/formacionpermanente\/wp-content\/imagenes\/uploads\/2022\/07\/ibm-300x120.png 300w\" sizes=\"(max-width: 355px) 100vw, 355px\" \/>\t\t\t\t\t\t\t\t\t\t\t\t\t\t\t<\/div>\n\t\t\t\t<\/div>\n\t\t\t\t\t<\/div>\n\t\t<\/div>\n\t\t\t\t\t<\/div>\n\t\t<\/section>\n\t\t\t\t<section class=\"elementor-section elementor-inner-section elementor-element elementor-element-7fa92af elementor-section-full_width elementor-section-height-default elementor-section-height-default\" data-id=\"7fa92af\" data-element_type=\"section\" data-e-type=\"section\">\n\t\t\t\t\t\t<div class=\"elementor-container elementor-column-gap-default\">\n\t\t\t\t\t<div class=\"elementor-column elementor-col-100 elementor-inner-column elementor-element elementor-element-2a5d8727\" data-id=\"2a5d8727\" data-element_type=\"column\" data-e-type=\"column\">\n\t\t\t<div class=\"elementor-widget-wrap elementor-element-populated\">\n\t\t\t\t\t\t<div class=\"elementor-element elementor-element-2cd0db2b elementor-widget elementor-widget-heading\" data-id=\"2cd0db2b\" data-element_type=\"widget\" data-e-type=\"widget\" data-widget_type=\"heading.default\">\n\t\t\t\t<div class=\"elementor-widget-container\">\n\t\t\t\t\t<h3 class=\"elementor-heading-title elementor-size-default\">Salidas profesionales<\/h3>\t\t\t\t<\/div>\n\t\t\t\t<\/div>\n\t\t\t\t<div class=\"elementor-element elementor-element-7ff2928c elementor-widget elementor-widget-text-editor\" data-id=\"7ff2928c\" data-element_type=\"widget\" data-e-type=\"widget\" data-widget_type=\"text-editor.default\">\n\t\t\t\t<div class=\"elementor-widget-container\">\n\t\t\t\t\t\t\t\t\t<p>Mejora de la cualificaci\u00f3n t\u00e9cnica y profesional de responsables pol\u00edticos y t\u00e9cnicos de los gobiernos locales, y de otros niveles de gobierno para impulsar procesos de Agenda Urbana a escala local y a otras escalas territoriales<\/p>\n<p>Formaci\u00f3n especializada que permitir\u00e1 al estudiantado poder optar a una potencial demanda por parte de los gobiernos locales y otros niveles de personal especializado en esta materia, as\u00ed como a la demanda de empresas consultoras que est\u00e1n prestando o prestar\u00e1n su asistencia t\u00e9cnica en el marco del movimiento de las Agendas Urbanas a escala local.<\/p>\n\t\t\t\t\t\t\t\t<\/div>\n\t\t\t\t<\/div>\n\t\t\t\t\t<\/div>\n\t\t<\/div>\n\t\t\t\t\t<\/div>\n\t\t<\/section>\n\t\t\t\t<section class=\"elementor-section elementor-inner-section elementor-element elementor-element-517f868 elementor-section-full_width elementor-section-height-default elementor-section-height-default\" data-id=\"517f868\" data-element_type=\"section\" data-e-type=\"section\">\n\t\t\t\t\t\t<div class=\"elementor-container elementor-column-gap-default\">\n\t\t\t\t\t<div class=\"elementor-column elementor-col-100 elementor-inner-column elementor-element elementor-element-44d2544f\" data-id=\"44d2544f\" data-element_type=\"column\" data-e-type=\"column\">\n\t\t\t<div class=\"elementor-widget-wrap elementor-element-populated\">\n\t\t\t\t\t\t<div class=\"elementor-element elementor-element-1f681dea elementor-widget elementor-widget-heading\" data-id=\"1f681dea\" data-element_type=\"widget\" data-e-type=\"widget\" data-widget_type=\"heading.default\">\n\t\t\t\t<div class=\"elementor-widget-container\">\n\t\t\t\t\t<h3 class=\"elementor-heading-title elementor-size-default\">\u00bfA qui\u00e9n va dirigido?<\/h3>\t\t\t\t<\/div>\n\t\t\t\t<\/div>\n\t\t\t\t<div class=\"elementor-element elementor-element-77123ab8 elementor-widget elementor-widget-text-editor\" data-id=\"77123ab8\" data-element_type=\"widget\" data-e-type=\"widget\" data-widget_type=\"text-editor.default\">\n\t\t\t\t<div class=\"elementor-widget-container\">\n\t\t\t\t\t\t\t\t\t<p>Prioritariamente a cuatro perfiles potenciales que pueden tener inter\u00e9s en el mismo:<\/p>\n<ul>\n<li><strong>Personal T\u00e9cnico y Cargos Pol\u00edticos de la administraci\u00f3n p\u00fablica<\/strong> interesados e implicados en el desarrollo urbano y territorial y que re\u00fanan los requisitos de acceso.<\/li>\n<li><strong>Profesionales<\/strong>\u00a0que desarrollen su labor en empresas que prestan servicios de asistencia t\u00e9cnica y consultor\u00eda en materia de desarrollo territorial y que re\u00fanan los requisitos de acceso.<\/li>\n<li><strong>Titulados universitarios<\/strong>\u00a0que no est\u00e9n trabajando y que quieran especializarse en Agendas Urbanas.<\/li>\n<li><strong>Estudiantes<\/strong>\u00a0que est\u00e9n finalizando sus estudios o est\u00e9n desarrollando, o hayan desarrollado estudios de postgrado en tem\u00e1ticas relacionadas con el desarrollo urbano.<\/li>\n<\/ul>\n\t\t\t\t\t\t\t\t<\/div>\n\t\t\t\t<\/div>\n\t\t\t\t\t<\/div>\n\t\t<\/div>\n\t\t\t\t\t<\/div>\n\t\t<\/section>\n\t\t\t\t<section class=\"elementor-section elementor-inner-section elementor-element elementor-element-6e9dd653 elementor-section-full_width elementor-hidden-mobile elementor-section-height-default elementor-section-height-default\" data-id=\"6e9dd653\" data-element_type=\"section\" data-e-type=\"section\" data-settings=\"{&quot;background_background&quot;:&quot;classic&quot;}\">\n\t\t\t\t\t\t<div class=\"elementor-container elementor-column-gap-default\">\n\t\t\t\t\t<div class=\"elementor-column elementor-col-100 elementor-inner-column elementor-element elementor-element-40b0897\" data-id=\"40b0897\" data-element_type=\"column\" data-e-type=\"column\">\n\t\t\t<div class=\"elementor-widget-wrap elementor-element-populated\">\n\t\t\t\t\t\t<div class=\"elementor-element elementor-element-1920aed9 elementor-widget elementor-widget-heading\" data-id=\"1920aed9\" data-element_type=\"widget\" data-e-type=\"widget\" data-widget_type=\"heading.default\">\n\t\t\t\t<div class=\"elementor-widget-container\">\n\t\t\t\t\t<h2 class=\"elementor-heading-title elementor-size-default\">Direcci\u00f3n del t\u00edtulo<\/h2>\t\t\t\t<\/div>\n\t\t\t\t<\/div>\n\t\t\t\t\t<\/div>\n\t\t<\/div>\n\t\t\t\t\t<\/div>\n\t\t<\/section>\n\t\t\t\t<section class=\"elementor-section elementor-inner-section elementor-element elementor-element-229baa1 elementor-section-content-middle elementor-section-boxed elementor-section-height-default elementor-section-height-default\" data-id=\"229baa1\" data-element_type=\"section\" data-e-type=\"section\" data-settings=\"{&quot;background_background&quot;:&quot;classic&quot;}\">\n\t\t\t\t\t\t<div class=\"elementor-container elementor-column-gap-narrow\">\n\t\t\t\t\t<div class=\"elementor-column elementor-col-33 elementor-inner-column elementor-element elementor-element-50a6d01\" data-id=\"50a6d01\" data-element_type=\"column\" data-e-type=\"column\">\n\t\t\t<div class=\"elementor-widget-wrap elementor-element-populated\">\n\t\t\t\t\t\t<div class=\"elementor-element elementor-element-9bdf93d elementor-widget elementor-widget-elementskit-team\" data-id=\"9bdf93d\" data-element_type=\"widget\" data-e-type=\"widget\" data-widget_type=\"elementskit-team.default\">\n\t\t\t\t<div class=\"elementor-widget-container\">\n\t\t\t\t\t<div class=\"ekit-wid-con\">\t\t\t\t\t\t\t\t\n\t\t<div class=\"profile-card elementor-animation- text-center ekit-team-style-default\">\n\t\t\t\n\t\t\t\t<div class=\"profile-header ekit-team-img ekit-img-overlay ekit-team-img-block\" >\n\t\t\t\t\t<img decoding=\"async\" width=\"768\" height=\"752\" src=\"https:\/\/www.upo.es\/formacionpermanente\/wp-content\/imagenes\/uploads\/2022\/09\/rafael-merinero-768x752.jpg\" class=\"attachment-medium_large size-medium_large wp-image-9938\" alt=\"Rafael Merino\" srcset=\"https:\/\/www.upo.es\/formacionpermanente\/wp-content\/imagenes\/uploads\/2022\/09\/rafael-merinero-768x752.jpg 768w, https:\/\/www.upo.es\/formacionpermanente\/wp-content\/imagenes\/uploads\/2022\/09\/rafael-merinero-300x294.jpg 300w, https:\/\/www.upo.es\/formacionpermanente\/wp-content\/imagenes\/uploads\/2022\/09\/rafael-merinero.jpg 1024w\" sizes=\"(max-width: 768px) 100vw, 768px\" \/>\t\t\t\t<\/div><!-- .profile-header END -->\n\t\t\t\n\n\t\t\t\t<div class=\"profile-body\">\n\t\t\t\t\t\n\t\t\t\t\t<h2 class=\"profile-title\">\n\t\t\t\t\t\t\t\t\t\t\tD. Rafael Merinero Rodr\u00edguez\t\t\t\t\t\t\t\t\t\t<\/h2>\n\t\t\t\t\t<p class=\"profile-designation\">Direcci\u00f3n Acad\u00e9mica<\/p>\n\t\t\t\t\t\t\t\t\t\t<p class=\"profile-content\">Profesor Titular de Universidad del Departamento de Sociolog\u00eda<\/br>\n<strong>Universidad Pablo de Olavide<\/strong><\/p>\n\t\t\t\t\t\t\t\t\t<\/div><!-- .profile-body END -->\n\n\t\t\t\t\t\t\t\t<\/div>\n\t\t\t\t\t\t\t\n\t\t\t\n\t\t\t\t<\/div>\t\t\t\t<\/div>\n\t\t\t\t<\/div>\n\t\t\t\t\t<\/div>\n\t\t<\/div>\n\t\t\t\t<div class=\"elementor-column elementor-col-33 elementor-inner-column elementor-element elementor-element-d64ed83\" data-id=\"d64ed83\" data-element_type=\"column\" data-e-type=\"column\">\n\t\t\t<div class=\"elementor-widget-wrap elementor-element-populated\">\n\t\t\t\t\t\t<div class=\"elementor-element elementor-element-8de81d8 elementor-widget elementor-widget-elementskit-team\" data-id=\"8de81d8\" data-element_type=\"widget\" data-e-type=\"widget\" data-widget_type=\"elementskit-team.default\">\n\t\t\t\t<div class=\"elementor-widget-container\">\n\t\t\t\t\t<div class=\"ekit-wid-con\">\t\t\t\t\t\t\t\t\n\t\t<div class=\"profile-card elementor-animation- text-center ekit-team-style-default\">\n\t\t\t\n\t\t\t\t<div class=\"profile-header ekit-team-img ekit-img-overlay ekit-team-img-block\" >\n\t\t\t\t\t<img decoding=\"async\" width=\"640\" height=\"640\" src=\"https:\/\/www.upo.es\/formacionpermanente\/wp-content\/imagenes\/uploads\/2022\/09\/maria-angeles-huete.jpg\" class=\"attachment-medium_large size-medium_large wp-image-9940\" alt=\"M\u00aa \u00c1ngeles Huete Garc\u00eda\" srcset=\"https:\/\/www.upo.es\/formacionpermanente\/wp-content\/imagenes\/uploads\/2022\/09\/maria-angeles-huete.jpg 640w, https:\/\/www.upo.es\/formacionpermanente\/wp-content\/imagenes\/uploads\/2022\/09\/maria-angeles-huete-300x300.jpg 300w, https:\/\/www.upo.es\/formacionpermanente\/wp-content\/imagenes\/uploads\/2022\/09\/maria-angeles-huete-150x150.jpg 150w\" sizes=\"(max-width: 640px) 100vw, 640px\" \/>\t\t\t\t<\/div><!-- .profile-header END -->\n\t\t\t\n\n\t\t\t\t<div class=\"profile-body\">\n\t\t\t\t\t\n\t\t\t\t\t<h2 class=\"profile-title\">\n\t\t\t\t\t\t\t\t\t\t\tD\u00f1a. M\u00aa \u00c1ngeles Huete Garc\u00eda\t\t\t\t\t\t\t\t\t\t<\/h2>\n\t\t\t\t\t<p class=\"profile-designation\">Direcci\u00f3n Acad\u00e9mica<\/p>\n\t\t\t\t\t\t\t\t\t\t<p class=\"profile-content\">Profesora Titular de Universidad del Departamento de Sociolog\u00eda<\/br>\n<strong>Universidad Pablo de Olavide<\/strong><\/p>\n\t\t\t\t\t\t\t\t\t<\/div><!-- .profile-body END -->\n\n\t\t\t\t\t\t\t\t<\/div>\n\t\t\t\t\t\t\t\n\t\t\t\n\t\t\t\t<\/div>\t\t\t\t<\/div>\n\t\t\t\t<\/div>\n\t\t\t\t\t<\/div>\n\t\t<\/div>\n\t\t\t\t<div class=\"elementor-column elementor-col-33 elementor-inner-column elementor-element elementor-element-8e0177a\" data-id=\"8e0177a\" data-element_type=\"column\" data-e-type=\"column\">\n\t\t\t<div class=\"elementor-widget-wrap elementor-element-populated\">\n\t\t\t\t\t\t<div class=\"elementor-element elementor-element-acc6d55 elementor-widget elementor-widget-elementskit-team\" data-id=\"acc6d55\" data-element_type=\"widget\" data-e-type=\"widget\" data-widget_type=\"elementskit-team.default\">\n\t\t\t\t<div class=\"elementor-widget-container\">\n\t\t\t\t\t<div class=\"ekit-wid-con\">\t\t\t\t\t\t\t\t\n\t\t<div class=\"profile-card elementor-animation- text-center ekit-team-style-default\">\n\t\t\t\n\t\t\t\t<div class=\"profile-header ekit-team-img ekit-img-overlay ekit-team-img-block\" >\n\t\t\t\t\t<img loading=\"lazy\" decoding=\"async\" width=\"667\" height=\"375\" src=\"https:\/\/www.upo.es\/formacionpermanente\/wp-content\/imagenes\/uploads\/2022\/09\/luis-navarro-ardoy.jpg\" class=\"attachment-medium_large size-medium_large wp-image-10582\" alt=\"Luis Navarro Ardoy\" srcset=\"https:\/\/www.upo.es\/formacionpermanente\/wp-content\/imagenes\/uploads\/2022\/09\/luis-navarro-ardoy.jpg 667w, https:\/\/www.upo.es\/formacionpermanente\/wp-content\/imagenes\/uploads\/2022\/09\/luis-navarro-ardoy-300x169.jpg 300w\" sizes=\"(max-width: 667px) 100vw, 667px\" \/>\t\t\t\t<\/div><!-- .profile-header END -->\n\t\t\t\n\n\t\t\t\t<div class=\"profile-body\">\n\t\t\t\t\t\n\t\t\t\t\t<h2 class=\"profile-title\">\n\t\t\t\t\t\t\t\t\t\t\tD. Luis Navarro Ardoy\t\t\t\t\t\t\t\t\t\t<\/h2>\n\t\t\t\t\t<p class=\"profile-designation\">Responsable de Calidad<\/p>\n\t\t\t\t\t\t\t\t\t\t<p class=\"profile-content\">Profesor Titular de Universidad del Departamento de Sociolog\u00eda<\/br>\n<strong>Universidad Pablo de Olavide<\/strong><\/p>\n\t\t\t\t\t\t\t\t\t<\/div><!-- .profile-body END -->\n\n\t\t\t\t\t\t\t\t<\/div>\n\t\t\t\t\t\t\t\n\t\t\t\n\t\t\t\t<\/div>\t\t\t\t<\/div>\n\t\t\t\t<\/div>\n\t\t\t\t\t<\/div>\n\t\t<\/div>\n\t\t\t\t\t<\/div>\n\t\t<\/section>\n\t\t\t\t<section class=\"elementor-section elementor-inner-section elementor-element elementor-element-254d44bd elementor-section-full_width elementor-section-height-default elementor-section-height-default\" data-id=\"254d44bd\" data-element_type=\"section\" data-e-type=\"section\">\n\t\t\t\t\t\t<div class=\"elementor-container elementor-column-gap-default\">\n\t\t\t\t\t<div class=\"elementor-column elementor-col-100 elementor-inner-column elementor-element elementor-element-2ba15c3c\" data-id=\"2ba15c3c\" data-element_type=\"column\" data-e-type=\"column\">\n\t\t\t<div class=\"elementor-widget-wrap elementor-element-populated\">\n\t\t\t\t\t\t<div class=\"elementor-element elementor-element-324fed81 elementor-widget elementor-widget-heading\" data-id=\"324fed81\" data-element_type=\"widget\" data-e-type=\"widget\" data-widget_type=\"heading.default\">\n\t\t\t\t<div class=\"elementor-widget-container\">\n\t\t\t\t\t<h3 class=\"elementor-heading-title elementor-size-default\">Plan de estudios<\/h3>\t\t\t\t<\/div>\n\t\t\t\t<\/div>\n\t\t\t\t<div class=\"elementor-element elementor-element-24636292 elementor-widget elementor-widget-text-editor\" data-id=\"24636292\" data-element_type=\"widget\" data-e-type=\"widget\" data-widget_type=\"text-editor.default\">\n\t\t\t\t<div class=\"elementor-widget-container\">\n\t\t\t\t\t\t\t\t\t<p>El programa en Agenda Urbana solo se activar\u00e1 si se alcanza el n\u00famero m\u00ednimo de matr\u00edculas establecido en cada caso.<\/p>\n<h5><strong>Relaci\u00f3n de materias<\/strong><\/h5>\n<h4><\/h4>\n<h6>M\u00f3dulo I: Fundamentos de la Agenda Urbana como instrumento de pol\u00edtica p\u00fablica. 4 ECTS<\/h6>\n<p>Asignatura 1: El Nuevo paradigma de las pol\u00edticas urbanas: El modelo de Desarrollo Urbano Sostenible e Integrado.<br \/>\nAsignatura 2: El Marco Multinivel de una Agenda Urbana: La Agenda 2030 y los Objetivos de Desarrollo Sostenible.<br \/>\nAsignatura 3: El Marco Multinivel de una Agenda Urbana: la Nueva Agenda Urbana de ONU-H\u00e1bitat.<br \/>\nAsignatura 4: El Marco Multinivel de una Agenda Urbana: la Agenda Urbana para la Uni\u00f3n Europea.<br \/>\nAsignatura 5: El Marco Multinivel de una Agenda Urbana: la Agenda Urbana Espa\u00f1ola.<br \/>\nAsignatura 6: El Marco Multinivel de una Agenda Urbana: la Agenda Urbana de Andaluc\u00eda.<br \/>\nAsignatura 7: Dimensiones b\u00e1sicas de la Agenda Urbana como instrumento de enfoque estrat\u00e9gico.<br \/>\nAsignatura 8: Estrategias de Desarrollo Urbano Sostenible en el marco de la Uni\u00f3n Europea.<\/p>\n<h6>M\u00f3dulo II: Elementos fundamentales para el dise\u00f1o de una Agenda Urbana a escala local. 6 ECTS<\/h6>\n<p>Asignatura 1:\u00a0 El Diagn\u00f3stico en la Agenda Urbana: construyendo hechos territoriales.<br \/>\nAsignatura 2:\u00a0 Los hechos de ciudad como elemento central para una Agenda Urbana.<br \/>\nAsignatura 3:\u00a0 El Marco Estrat\u00e9gico de Referencia Urbano: sistematizando los retos de transformaci\u00f3n del territorio.<br \/>\nAsignatura 4:\u00a0 La metodolog\u00eda de las misiones estrat\u00e9gicas.<br \/>\nAsignatura 5:\u00a0 Las propuestas de actuaci\u00f3n de una Agenda Urbana: construyendo Proyectos Estrat\u00e9gicos.<br \/>\nAsignatura 6: Prioridades de Actuaci\u00f3n: metodolog\u00eda pr\u00e1ctica para definir proyectos en una Agenda Urbana.<\/p>\n<h6>M\u00f3dulo III: La implementaci\u00f3n de la Agenda Urbana: Una propuesta de herramientas. 5 ECTS<\/h6>\n<p>Asignatura 1: El Marco de Implementaci\u00f3n como herramienta de programaci\u00f3n para una Agenda Urbana.<br \/>\nAsignatura 2: El sistema de integraci\u00f3n de proyectos en la Agenda Urbana.<br \/>\nAsignatura 3: Componentes de Programaci\u00f3n de una Agenda Urbana<br \/>\nAsignatura 4: La Oficina T\u00e9cnica de la Agenda Urbana.<br \/>\nAsignatura 5: Los mecanismos causales para la articulaci\u00f3n de las redes de actores.<br \/>\nAsignatura 6: La gobernanza de una Agenda Urbana.<\/p>\n<h6>M\u00f3dulo IV: La generaci\u00f3n y gesti\u00f3n del conocimiento en una Agenda Urbana. 5 ECTS<\/h6>\n<p>Asignatura 1: Indicadores Urbanos: dise\u00f1o y aplicaci\u00f3n para la toma de decisiones p\u00fablicas.<br \/>\nAsignatura 2: El sistema de indicadores de una Agenda Urbana.<br \/>\nAsignatura 3: Los Observatorios Urbanos como instrumentos de generaci\u00f3n y transferencia de conocimiento en las pol\u00edticas de ciudad.<br \/>\nAsignatura 4: Buenas Pr\u00e1cticas en la aplicaci\u00f3n de Observatorios Urbanos.<br \/>\nAsignatura 5: El uso de herramientas para la cartograf\u00eda y georreferenciaci\u00f3n en las Agendas Urbanas.<br \/>\nAsignatura 6: Territorializando una Agenda Urbana: el papel de los barrios.<\/p>\n\t\t\t\t\t\t\t\t<\/div>\n\t\t\t\t<\/div>\n\t\t\t\t\t<\/div>\n\t\t<\/div>\n\t\t\t\t\t<\/div>\n\t\t<\/section>\n\t\t\t\t<section class=\"elementor-section elementor-inner-section elementor-element elementor-element-6beba4b9 elementor-section-full_width elementor-hidden-mobile elementor-section-height-default elementor-section-height-default\" data-id=\"6beba4b9\" data-element_type=\"section\" data-e-type=\"section\">\n\t\t\t\t\t\t<div class=\"elementor-container elementor-column-gap-default\">\n\t\t\t\t\t<div class=\"elementor-column elementor-col-100 elementor-inner-column elementor-element elementor-element-172902eb\" data-id=\"172902eb\" data-element_type=\"column\" data-e-type=\"column\">\n\t\t\t<div class=\"elementor-widget-wrap elementor-element-populated\">\n\t\t\t\t\t\t<div class=\"elementor-element elementor-element-11cfe8c8 elementor-widget elementor-widget-heading\" data-id=\"11cfe8c8\" data-element_type=\"widget\" data-e-type=\"widget\" data-widget_type=\"heading.default\">\n\t\t\t\t<div class=\"elementor-widget-container\">\n\t\t\t\t\t<h3 class=\"elementor-heading-title elementor-size-default\">Profesorado<\/h3>\t\t\t\t<\/div>\n\t\t\t\t<\/div>\n\t\t\t\t<div class=\"elementor-element elementor-element-5e5086f0 elementor-widget elementor-widget-text-editor\" data-id=\"5e5086f0\" data-element_type=\"widget\" data-e-type=\"widget\" data-widget_type=\"text-editor.default\">\n\t\t\t\t<div class=\"elementor-widget-container\">\n\t\t\t\t\t\t\t\t\t<p><strong>D. Rafael Merinero Rodr\u00edguez<\/strong><br \/>\nProfesor Titular de Universidad del Departamento de Sociolog\u00eda de la Universidad Pablo de Olavide.<\/p>\n<p><strong>D\u00f1a. Mar\u00eda \u00c1ngeles Huete Garc\u00eda<\/strong><br \/>\nProfesora Titular de Universidad del Departamento de Sociolog\u00eda de la Universidad Pablo de Olavide.<\/p>\n<p><strong>D\u00f1a. Rosa Arl\u00e9n Mar\u00eda<\/strong><br \/>\nDirectora ejecutiva. Centro Iberoamericano de Desarrollo Estrat\u00e9gico Urbano.<\/p>\n<p><strong>D\u00f1a. Sonia de Gregorio Urtado<\/strong><br \/>\nProfesora del Departamento de Urban\u00edstica y Ordenaci\u00f3n del Territorio de la Escuela T\u00e9cnica Superior de Arquitectura de la Universidad Polit\u00e9cnica de Madrid.<\/p>\n<p><strong>D\u00f1a. Moneyba Gonz\u00e1lez Medina<\/strong><br \/>\nProfesora e investigadora en el Departamento de Ciencia Pol\u00edtica y Relaciones Internacionales de la Universidad Aut\u00f3noma de Madrid.<\/p>\n<p><strong>D. Julio L\u00f3pez Garc\u00eda de la Vega<\/strong><br \/>\nT\u00e9cnico del Ayuntamiento de Dos Hermanas.<\/p>\n<p><strong>D\u00f1a. Mar\u00eda G\u00e1mez Ram\u00edrez<\/strong><br \/>\nT\u00e9cnica de la Consejer\u00eda de Fomento. Articulaci\u00f3n del Territorio y Vivienda de la Junta de Andaluc\u00eda.<\/p>\n<p><strong>D. Benito Doblado Jim\u00e9nez<\/strong><br \/>\nT\u00e9cnico Superior de Apoyo a la investigaci\u00f3n en el Grupo de Investigaci\u00f3n Pol\u00edtica, Territorio y Participaci\u00f3n de la Universidad Pablo de Olavide.<\/p>\n<p><strong>D\u00f1a. Blanca del Espino Hidalgo<\/strong><br \/>\nJefa del Centro de Documentaci\u00f3n y Estudios del Instituto Andaluz del Patrimonio Hist\u00f3rico.<\/p>\n<p><strong>D. Oriol Estela Barnet<\/strong><br \/>\nCoordinador General del Plan Estrat\u00e9gico Metropolitano de Barcelona.<\/p>\n<p><strong>D. Ignacio Vegas Sandoval<\/strong><br \/>\nT\u00e9cnico Superior de Apoyo a la investigaci\u00f3n en el Grupo de Investigaci\u00f3n Pol\u00edtica, Territorio y Participaci\u00f3n de la Universidad Pablo de Olavide<\/p>\n<p><strong>D\u00f1a. Sonia Hern\u00e1ndez Partal<\/strong><br \/>\nSubdirectora General Adjunta del Ministerio de Vivienda y Agenda Urbana del Gobierno de Espa\u00f1a.<\/p>\n<p><strong>D\u00f1a. Mar\u00eda del Mar Plaza Y\u00e9lamo<\/strong><br \/>\nGerente de la empresa Municipal Almer\u00eda 2030 del Ayuntamiento de Almer\u00eda.<\/p>\n<p><strong>D. Kepa Korta Murua<\/strong><br \/>\nDirector-Coordinador de la Oficina de Estrategia del Ayuntamiento de Donostia \/ San Sebasti\u00e1n.<\/p>\n<p><strong>D\u00f1a. Mar\u00eda del Carmen Garc\u00eda Pe\u00f1a<\/strong><br \/>\nDirectora Gerente de la Fundaci\u00f3n CIEDES.<\/p>\n<p><strong>D\u00f1a. Elena Ga\u00f1\u00e1n S\u00e1nchez<\/strong><br \/>\nT\u00e9cnico Superior de Apoyo a la investigaci\u00f3n en el Grupo de Investigaci\u00f3n Pol\u00edtica, Territorio y Participaci\u00f3n de la Universidad Pablo de Olavide.<\/p>\n<p><strong>D\u00f1a. Roc\u00edo Sainz Flores<\/strong><br \/>\nDirectora de Programas Europeos del Ayuntamiento de la Rinconada.<\/p>\n<p><strong>D\u00f1a. Mar Rodr\u00edguez Beltr\u00e1n<\/strong><br \/>\nColaboradora experta en planificaci\u00f3n estrat\u00e9gica urbana y territorial, g\u00e9nero y ciudad de Ebr\u00f3polis. Asociaci\u00f3n para el Desarrollo Estrat\u00e9gico de Zaragoza y su entorno.<\/p>\n<p><strong>D\u00f1a. Isabel Rabanaque Hern\u00e1ndez<\/strong><br \/>\nCoordinadora t\u00e9cnica de Ebr\u00f3polis. Asociaci\u00f3n para el Desarrollo Estrat\u00e9gico de Zaragoza y su entorno.<\/p>\n<p><strong>D. Oswaldo Ledesma Gonz\u00e1lez<\/strong><br \/>\nProfesor del Departamento de Geograf\u00eda de la Universidad de Valladolid.<\/p>\n<p><strong>D\u00f1a. \u00c9lida Graciano Serena<\/strong><br \/>\nCoordinadora de la Oficina de Proyectos del Ayuntamiento de Lucena.<\/p>\n<p><strong>D. Gonzalo Lacurcia Abraira<\/strong><br \/>\nConsultor experto en ONU-Habitat en Espa\u00f1a.<\/p>\n\t\t\t\t\t\t\t\t<\/div>\n\t\t\t\t<\/div>\n\t\t\t\t\t<\/div>\n\t\t<\/div>\n\t\t\t\t\t<\/div>\n\t\t<\/section>\n\t\t\t\t<section class=\"elementor-section elementor-inner-section elementor-element elementor-element-5be0161f elementor-section-full_width elementor-hidden-mobile elementor-section-height-default elementor-section-height-default\" data-id=\"5be0161f\" data-element_type=\"section\" data-e-type=\"section\">\n\t\t\t\t\t\t<div class=\"elementor-container elementor-column-gap-default\">\n\t\t\t\t\t<div class=\"elementor-column elementor-col-100 elementor-inner-column elementor-element elementor-element-2a2e0913\" data-id=\"2a2e0913\" data-element_type=\"column\" data-e-type=\"column\">\n\t\t\t<div class=\"elementor-widget-wrap elementor-element-populated\">\n\t\t\t\t\t\t<div class=\"elementor-element elementor-element-3cec8a8d elementor-widget elementor-widget-heading\" data-id=\"3cec8a8d\" data-element_type=\"widget\" data-e-type=\"widget\" data-widget_type=\"heading.default\">\n\t\t\t\t<div class=\"elementor-widget-container\">\n\t\t\t\t\t<h3 class=\"elementor-heading-title elementor-size-default\">Metodolog\u00eda y evaluaci\u00f3n<\/h3>\t\t\t\t<\/div>\n\t\t\t\t<\/div>\n\t\t\t\t<div class=\"elementor-element elementor-element-689ccb6b elementor-widget elementor-widget-text-editor\" data-id=\"689ccb6b\" data-element_type=\"widget\" data-e-type=\"widget\" data-widget_type=\"text-editor.default\">\n\t\t\t\t<div class=\"elementor-widget-container\">\n\t\t\t\t\t\t\t\t\t<p>La Metodolog\u00eda para realizar el Diploma de Experto en Agenda Urbana se desarrollar\u00e1 de forma online en formato asincr\u00f3nico, lo que permite que el alumnado pueda realizar todas las acciones formativas adaptadas a su propia disponibilidad de tiempo y dedicaci\u00f3n dentro del periodo lectivo del T\u00edtulo. Se trata de un\u00a0<strong>proceso de ense\u00f1anza flexible<\/strong>\u00a0adaptado a las posibilidades de dedicaci\u00f3n del alumnado.<\/p>\n<p><strong>Esta formaci\u00f3n se podr\u00e1<\/strong>\u00a0<strong>realizar a trav\u00e9s del Aula Virtual<\/strong>\u00a0de la Universidad Pablo de Olavide en la que existe un espacio propio del T\u00edtulo. Este espacio se organiza en base a los diferentes M\u00f3dulos y asignaturas que estructuran el Programa del T\u00edtulo.<\/p>\n<p>Para el desarrollo del T\u00edtulo, en cada una de las asignaturas el alumnado dispone de\u00a0<strong>cuatro herramientas docentes<\/strong>:<\/p>\n<p>1\u00ba.- Un\u00a0<strong>V\u00eddeo con la lecci\u00f3n<\/strong>\u00a0de la asignatura impartido por cada uno del profesorado responsable de la misma que se podr\u00e1 visualizar cada vez que lo considere necesario. En esta lecci\u00f3n el profesorado expondr\u00e1 todos los contenidos fundamentales de la asignatura.<\/p>\n<p>2\u00ba.- Un\u00a0<strong>conjunto de documentos<\/strong>\u00a0que el alumnado podr\u00e1 utilizar para profundizar y obtener informaci\u00f3n b\u00e1sica de los contenidos desarrollados por el profesorado en su lecci\u00f3n.<\/p>\n<p>3\u00ba.-\u00a0<strong>Recursos online<\/strong>\u00a0con una serie de enlaces a material accesible en la web que servir\u00e1n para complementar la informaci\u00f3n y contenidos del desarrollo de cada asignatura.<\/p>\n<p>El alumnado tendr\u00e1 tambi\u00e9n la opci\u00f3n de acceder a\u00a0<strong>tutor\u00edas personalizadas<\/strong>\u00a0por parte del profesorado responsable del T\u00edtulo para resolver las dudas y cuestiones que se le pueda plantear, as\u00ed como para profundizar en aquellas cuestiones que sean de su inter\u00e9s. Estas tutor\u00edas ser\u00e1n fijadas de forma concreta para cada alumnado que lo solicite y se desarrollar\u00e1n a trav\u00e9s del espacio que a tal efecto estar\u00e1 habilitado en el Aula Virtual.<\/p>\n<h5>Evaluaci\u00f3n<\/h5>\n<h4><\/h4>\n<p>El alumnado tendr\u00e1 que realizar una <strong>participaci\u00f3n en el Foro activo<\/strong>\u00a0de cada una de las asignaturas del temario a partir de una pregunta fundamental que guiar\u00e1 la tem\u00e1tica de dichos foros.<\/p>\n\t\t\t\t\t\t\t\t<\/div>\n\t\t\t\t<\/div>\n\t\t\t\t\t<\/div>\n\t\t<\/div>\n\t\t\t\t\t<\/div>\n\t\t<\/section>\n\t\t\t\t<section class=\"elementor-section elementor-inner-section elementor-element elementor-element-33e6115e elementor-section-full_width elementor-section-height-default elementor-section-height-default\" data-id=\"33e6115e\" data-element_type=\"section\" data-e-type=\"section\">\n\t\t\t\t\t\t<div class=\"elementor-container elementor-column-gap-default\">\n\t\t\t\t\t<div class=\"elementor-column elementor-col-100 elementor-inner-column elementor-element elementor-element-1f52122\" data-id=\"1f52122\" data-element_type=\"column\" data-e-type=\"column\">\n\t\t\t<div class=\"elementor-widget-wrap elementor-element-populated\">\n\t\t\t\t\t\t<div class=\"elementor-element elementor-element-1f4f0243 elementor-widget elementor-widget-heading\" data-id=\"1f4f0243\" data-element_type=\"widget\" data-e-type=\"widget\" data-widget_type=\"heading.default\">\n\t\t\t\t<div class=\"elementor-widget-container\">\n\t\t\t\t\t<h3 class=\"elementor-heading-title elementor-size-default\">Requisitos y perfil de acceso<\/h3>\t\t\t\t<\/div>\n\t\t\t\t<\/div>\n\t\t\t\t<div class=\"elementor-element elementor-element-76f7e781 elementor-widget elementor-widget-text-editor\" data-id=\"76f7e781\" data-element_type=\"widget\" data-e-type=\"widget\" data-widget_type=\"text-editor.default\">\n\t\t\t\t<div class=\"elementor-widget-container\">\n\t\t\t\t\t\t\t\t\t<p>Se plantean dos v\u00edas de acceso: para titulados universitarios y no universitarios obteniendo cada uno de ellos la titulaci\u00f3n correspondiente:<\/p>\n<h5><strong>Titulados Universitarios<\/strong><\/h5>\n<p>Podr\u00e1n acceder a los estudios de Diploma de Experto:<\/p>\n<ul>\n<li>Quienes est\u00e9n en posesi\u00f3n de un t\u00edtulo universitario de Grado espa\u00f1ol o equivalente.<\/li>\n<li>Quienes est\u00e9n en posesi\u00f3n de un t\u00edtulo expedido por una instituci\u00f3n de educaci\u00f3n superior del Espacio Europeo de Educaci\u00f3n Superior, que otorgue acceso a ense\u00f1anzas oficiales de Postgrado.<\/li>\n<li>Quienes est\u00e9n en posesi\u00f3n de un t\u00edtulo conforme a sistemas educativos ajenos al Espacio Europeo de Educaci\u00f3n Superior, que acredite un nivel de formaci\u00f3n equivalente a los correspondientes T\u00edtulos universitarios oficiales espa\u00f1oles de Grado, y que facultan en el pa\u00eds expedidor del t\u00edtulo para el acceso a ense\u00f1anzas de Postgrado. *<\/li>\n<li>Quienes acrediten haber superado al menos 180 cr\u00e9ditos ECTS correspondientes a ense\u00f1anzas oficiales de Grado. En este caso, para que el estudiante obtenga su t\u00edtulo, debe haber terminado sus estudios de Grado antes de la finalizaci\u00f3n del Diploma de Experto.<\/li>\n<li>Excepcionalmente, quienes acrediten experiencia profesional demostrada en un \u00e1mbito relacionado con el contenido del t\u00edtulo. Esta admisi\u00f3n estar\u00e1 condicionada a la autorizaci\u00f3n por la Comisi\u00f3n de Postgrado de la Universidad Pablo de Olavide.<\/li>\n<\/ul>\n<p><em>*No es necesario que estos t\u00edtulos se encuentren homologados en Espa\u00f1a.<\/em><\/p>\n<h5><strong>No universitarios<\/strong><\/h5>\n<p>Podr\u00e1n acceder a los estudios de Certificado Universitario:<\/p>\n<ul>\n<li>Quienes acrediten, al menos, el nivel de acceso a los ciclos formativos de grado medio o superior. Para conocer los requisitos establecidos por la Junta de Andaluc\u00eda para acceder a los Ciclos de Formaci\u00f3n Profesional pinche en <a href=\"https:\/\/www.juntadeandalucia.es\/temas\/estudiar\/fp\/requisitos.html\" target=\"_blank\" rel=\"noopener\">este enlace<\/a>.<\/li>\n<li>Excepcionalmente, quienes acrediten experiencia profesional demostrada en un \u00e1mbito relacionado con el contenido del t\u00edtulo. Esta admisi\u00f3n estar\u00e1 condicionada a la autorizaci\u00f3n por la Comisi\u00f3n de Postgrado de la Universidad Pablo de Olavide.<\/li>\n<\/ul>\n\t\t\t\t\t\t\t\t<\/div>\n\t\t\t\t<\/div>\n\t\t\t\t\t<\/div>\n\t\t<\/div>\n\t\t\t\t\t<\/div>\n\t\t<\/section>\n\t\t\t\t<section class=\"elementor-section elementor-inner-section elementor-element elementor-element-24edb538 elementor-section-full_width elementor-section-height-default elementor-section-height-default\" data-id=\"24edb538\" data-element_type=\"section\" data-e-type=\"section\">\n\t\t\t\t\t\t<div class=\"elementor-container elementor-column-gap-default\">\n\t\t\t\t\t<div class=\"elementor-column elementor-col-100 elementor-inner-column elementor-element elementor-element-372fc0ee\" data-id=\"372fc0ee\" data-element_type=\"column\" data-e-type=\"column\">\n\t\t\t<div class=\"elementor-widget-wrap elementor-element-populated\">\n\t\t\t\t\t\t<div class=\"elementor-element elementor-element-1ca43e3e elementor-widget elementor-widget-heading\" data-id=\"1ca43e3e\" data-element_type=\"widget\" data-e-type=\"widget\" data-widget_type=\"heading.default\">\n\t\t\t\t<div class=\"elementor-widget-container\">\n\t\t\t\t\t<h3 class=\"elementor-heading-title elementor-size-default\">Horario<\/h3>\t\t\t\t<\/div>\n\t\t\t\t<\/div>\n\t\t\t\t<div class=\"elementor-element elementor-element-1fecda5f elementor-widget elementor-widget-text-editor\" data-id=\"1fecda5f\" data-element_type=\"widget\" data-e-type=\"widget\" data-widget_type=\"text-editor.default\">\n\t\t\t\t<div class=\"elementor-widget-container\">\n\t\t\t\t\t\t\t\t\t<p>Este Diploma de Experto en Agenda Urbana se desarrollar\u00e1 <strong>del 6 de abril al 23 de junio 2026<\/strong>.<\/p>\n<p>El curso se desarrollar\u00e1 de forma\u00a0<strong>online en formato asincr\u00f3nico<\/strong>, lo que permite que el alumnado pueda realizar todas las acciones formativas adaptadas a su propia disponibilidad de tiempo y dedicaci\u00f3n dentro del periodo lectivo del T\u00edtulo.<\/p>\n<p>Se trata de un proceso de ense\u00f1anza flexible adaptado a las posibilidades de dedicaci\u00f3n del alumnado.<\/p>\n\t\t\t\t\t\t\t\t<\/div>\n\t\t\t\t<\/div>\n\t\t\t\t\t<\/div>\n\t\t<\/div>\n\t\t\t\t\t<\/div>\n\t\t<\/section>\n\t\t\t\t<section class=\"elementor-section elementor-inner-section elementor-element elementor-element-36fe8395 elementor-section-full_width elementor-section-height-default elementor-section-height-default\" data-id=\"36fe8395\" data-element_type=\"section\" data-e-type=\"section\">\n\t\t\t\t\t\t<div class=\"elementor-container elementor-column-gap-default\">\n\t\t\t\t\t<div class=\"elementor-column elementor-col-100 elementor-inner-column elementor-element elementor-element-318ac637\" data-id=\"318ac637\" data-element_type=\"column\" data-e-type=\"column\">\n\t\t\t<div class=\"elementor-widget-wrap elementor-element-populated\">\n\t\t\t\t\t\t<div class=\"elementor-element elementor-element-3fe319f3 elementor-widget elementor-widget-heading\" data-id=\"3fe319f3\" data-element_type=\"widget\" data-e-type=\"widget\" data-widget_type=\"heading.default\">\n\t\t\t\t<div class=\"elementor-widget-container\">\n\t\t\t\t\t<h3 class=\"elementor-heading-title elementor-size-default\">Precios y ayuda<\/h3>\t\t\t\t<\/div>\n\t\t\t\t<\/div>\n\t\t\t\t<div class=\"elementor-element elementor-element-63433d60 elementor-widget elementor-widget-text-editor\" data-id=\"63433d60\" data-element_type=\"widget\" data-e-type=\"widget\" data-widget_type=\"text-editor.default\">\n\t\t\t\t<div class=\"elementor-widget-container\">\n\t\t\t\t\t\t\t\t\t<h5><strong>Tasas<\/strong><\/h5>\n<p>160,00 \u20ac<\/p>\n<ul>\n<li>Este importe no incluye las\u00a0<strong>tasas de expedici\u00f3n del t\u00edtulo<\/strong>, puede acceder a la informaci\u00f3n en el\u00a0<a href=\"https:\/\/www.upo.es\/formacionpermanente\/titulos-propios\/como-solicitar-el-titulo-o-diploma-de-un-titulo-propio\/\" target=\"_blank\" rel=\"noopener\">siguiente enlace.<\/a><\/li>\n<li>Este importe no incluye las\u00a0<strong>tasas de expedici\u00f3n del carnet de estudiante<\/strong>, puede acceder a la informaci\u00f3n desde el\u00a0<a href=\"https:\/\/www.upo.es\/formacionpermanente\/titulos-propios\/carnet-de-estudiante-para-titulos-propios\/\" target=\"_blank\" rel=\"noopener\">siguiente enlace<\/a>.<\/li>\n<\/ul>\n<h5>\u00a0Pagos<\/h5>\n<h5><\/h5>\n<ul>\n<li>Reserva de plaza:\u00a0<strong>24,00\u00a0\u20ac<\/strong><\/li>\n<li>Matr\u00edcula (una vez comunicada la admisi\u00f3n y antes del inicio del programa):<strong>\u00a0136,00 \u20ac<\/strong><\/li>\n<\/ul>\n<p>El pago fraccionado no exime del abono completo de las tasas una vez iniciado el programa. Para consultar los motivos de devoluci\u00f3n de la Reserva de Plaza puede hacerlo desde\u00a0<a href=\"https:\/\/www.upo.es\/formacionpermanente\/wp-content\/imagenes\/uploads\/2025\/01\/BUPO-13-2024_Instruccion-Reserva-de-Plaza.pdf\" target=\"_blank\" rel=\"noopener\">aqu\u00ed.<\/a><\/p>\n<h5><strong>Reconocimiento de cr\u00e9ditos<\/strong><\/h5>\n<h4><\/h4>\n<p>El alumnado de la Universidad Pablo de Olavide una vez cursado y superado este T\u00edtulo Propio podr\u00e1 solicitar el reconocimiento de<strong>\u00a04 cr\u00e9ditos ECTS<\/strong>\u00a0en su expediente acad\u00e9mico de Grado.<\/p>\n<p>*Esta solicitud de reconocimiento no eximir\u00e1 del abono de las tasas correspondientes para el mismo, las cuales no se encuentran incluidas en el precio del curso. Seg\u00fan establece el Real Decreto por el que se determinan los precios p\u00fablicos para el curso en vigor, de las Universidades P\u00fablicas de Andaluc\u00eda por la prestaci\u00f3n de servicios acad\u00e9micos y administrativos:<\/p>\n<p><em>\u201cEl alumnado que solicite el reconocimiento de cr\u00e9ditos conforme a lo previsto en los art\u00edculos 6 y 12.8 del Real Decreto 1393\/2007, de 29 de octubre, abonar\u00e1 el 30% de los precios p\u00fablicos correspondientes.\u201d<\/em><\/p>\n<h5><strong>Ayudas al estudio<\/strong><\/h5>\n<p>Todos los programas de T\u00edtulos Propios ofrecen la posibilidad de solicitar una ayuda al estudio. Puede consultar la informaci\u00f3n completa y la fecha de la convocatoria <a href=\"https:\/\/www.upo.es\/formacionpermanente\/titulos-propios\/ayudas-al-estudio-para-titulos-propios\/\">aqu\u00ed<\/a>.<\/p>\n\t\t\t\t\t\t\t\t<\/div>\n\t\t\t\t<\/div>\n\t\t\t\t\t<\/div>\n\t\t<\/div>\n\t\t\t\t\t<\/div>\n\t\t<\/section>\n\t\t\t\t<section class=\"elementor-section elementor-inner-section elementor-element elementor-element-90b37f7 elementor-section-full_width elementor-section-height-default elementor-section-height-default\" data-id=\"90b37f7\" data-element_type=\"section\" data-e-type=\"section\">\n\t\t\t\t\t\t<div class=\"elementor-container elementor-column-gap-default\">\n\t\t\t\t\t<div class=\"elementor-column elementor-col-100 elementor-inner-column elementor-element elementor-element-acf1308\" data-id=\"acf1308\" data-element_type=\"column\" data-e-type=\"column\">\n\t\t\t<div class=\"elementor-widget-wrap elementor-element-populated\">\n\t\t\t\t\t\t<div class=\"elementor-element elementor-element-b9e3650 elementor-widget elementor-widget-heading\" data-id=\"b9e3650\" data-element_type=\"widget\" data-e-type=\"widget\" data-widget_type=\"heading.default\">\n\t\t\t\t<div class=\"elementor-widget-container\">\n\t\t\t\t\t<h3 class=\"elementor-heading-title elementor-size-default\">\u00bfTienes alguna duda? Contacta con nosotros<\/h3>\t\t\t\t<\/div>\n\t\t\t\t<\/div>\n\t\t\t\t\t<\/div>\n\t\t<\/div>\n\t\t\t\t\t<\/div>\n\t\t<\/section>\n\t\t\t\t<section class=\"elementor-section elementor-inner-section elementor-element elementor-element-763f8fc elementor-section-boxed elementor-section-height-default elementor-section-height-default\" data-id=\"763f8fc\" data-element_type=\"section\" data-e-type=\"section\">\n\t\t\t\t\t\t<div class=\"elementor-container elementor-column-gap-default\">\n\t\t\t\t\t<div class=\"elementor-column elementor-col-50 elementor-inner-column elementor-element elementor-element-a3e37e9\" data-id=\"a3e37e9\" data-element_type=\"column\" data-e-type=\"column\">\n\t\t\t<div class=\"elementor-widget-wrap elementor-element-populated\">\n\t\t\t\t\t\t<div class=\"elementor-element elementor-element-fdff565 elementor-widget elementor-widget-text-editor\" data-id=\"fdff565\" data-element_type=\"widget\" data-e-type=\"widget\" data-widget_type=\"text-editor.default\">\n\t\t\t\t<div class=\"elementor-widget-container\">\n\t\t\t\t\t\t\t\t\t<h5><strong>Para informaci\u00f3n acad\u00e9mica:<\/strong><\/h5>\t\t\t\t\t\t\t\t<\/div>\n\t\t\t\t<\/div>\n\t\t\t\t<div class=\"elementor-element elementor-element-aa64b5e elementor-widget elementor-widget-text-editor\" data-id=\"aa64b5e\" data-element_type=\"widget\" data-e-type=\"widget\" data-widget_type=\"text-editor.default\">\n\t\t\t\t<div class=\"elementor-widget-container\">\n\t\t\t\t\t\t\t\t\tRafael Merinero Rodr\u00edguez\t\t\t\t\t\t\t\t<\/div>\n\t\t\t\t<\/div>\n\t\t\t\t<div class=\"elementor-element elementor-element-303b36c elementor-widget elementor-widget-text-editor\" data-id=\"303b36c\" data-element_type=\"widget\" data-e-type=\"widget\" data-widget_type=\"text-editor.default\">\n\t\t\t\t<div class=\"elementor-widget-container\">\n\t\t\t\t\t\t\t\t\trmerrod@upo.es\t\t\t\t\t\t\t\t<\/div>\n\t\t\t\t<\/div>\n\t\t\t\t\t<\/div>\n\t\t<\/div>\n\t\t\t\t<div class=\"elementor-column elementor-col-50 elementor-inner-column elementor-element elementor-element-3d92a54\" data-id=\"3d92a54\" data-element_type=\"column\" data-e-type=\"column\">\n\t\t\t<div class=\"elementor-widget-wrap elementor-element-populated\">\n\t\t\t\t\t\t<div class=\"elementor-element elementor-element-77eb82f elementor-widget elementor-widget-text-editor\" data-id=\"77eb82f\" data-element_type=\"widget\" data-e-type=\"widget\" data-widget_type=\"text-editor.default\">\n\t\t\t\t<div class=\"elementor-widget-container\">\n\t\t\t\t\t\t\t\t\t<h5>Para informaci\u00f3n administrativa:<\/h5><p>\u00c1rea de T\u00edtulos Propios<br \/>Tel: +34 954348963 \/ +34 954349066<br \/>titulospropios@fundacion.upo.es<\/p>\t\t\t\t\t\t\t\t<\/div>\n\t\t\t\t<\/div>\n\t\t\t\t\t<\/div>\n\t\t<\/div>\n\t\t\t\t\t<\/div>\n\t\t<\/section>\n\t\t\t\t<section class=\"elementor-section elementor-inner-section elementor-element elementor-element-63d1c6af elementor-section-full_width elementor-section-height-default elementor-section-height-default\" data-id=\"63d1c6af\" data-element_type=\"section\" data-e-type=\"section\" data-settings=\"{&quot;background_background&quot;:&quot;classic&quot;}\">\n\t\t\t\t\t\t<div class=\"elementor-container elementor-column-gap-default\">\n\t\t\t\t\t<div class=\"elementor-column elementor-col-100 elementor-inner-column elementor-element elementor-element-409b3b72\" data-id=\"409b3b72\" data-element_type=\"column\" data-e-type=\"column\">\n\t\t\t<div class=\"elementor-widget-wrap elementor-element-populated\">\n\t\t\t\t\t\t<div class=\"elementor-element elementor-element-65445c9b elementor-widget elementor-widget-heading\" data-id=\"65445c9b\" data-element_type=\"widget\" data-e-type=\"widget\" data-widget_type=\"heading.default\">\n\t\t\t\t<div class=\"elementor-widget-container\">\n\t\t\t\t\t<h3 class=\"elementor-heading-title elementor-size-default\">Certificaci\u00f3n de Calidad - AENOR ISO 9001<\/h3>\t\t\t\t<\/div>\n\t\t\t\t<\/div>\n\t\t\t\t\t<\/div>\n\t\t<\/div>\n\t\t\t\t\t<\/div>\n\t\t<\/section>\n\t\t\t\t<section class=\"elementor-section elementor-inner-section elementor-element elementor-element-76157fa8 elementor-section-full_width elementor-section-height-default elementor-section-height-default\" data-id=\"76157fa8\" data-element_type=\"section\" data-e-type=\"section\" data-settings=\"{&quot;background_background&quot;:&quot;classic&quot;}\">\n\t\t\t\t\t\t<div class=\"elementor-container elementor-column-gap-wider\">\n\t\t\t\t\t<div class=\"elementor-column elementor-col-50 elementor-inner-column elementor-element elementor-element-46bb6d8e\" data-id=\"46bb6d8e\" data-element_type=\"column\" data-e-type=\"column\">\n\t\t\t<div class=\"elementor-widget-wrap elementor-element-populated\">\n\t\t\t\t\t\t<div class=\"elementor-element elementor-element-6dc623b8 elementor-widget elementor-widget-image\" data-id=\"6dc623b8\" data-element_type=\"widget\" data-e-type=\"widget\" data-widget_type=\"image.default\">\n\t\t\t\t<div class=\"elementor-widget-container\">\n\t\t\t\t\t\t\t\t\t\t\t\t\t\t\t<img loading=\"lazy\" decoding=\"async\" width=\"768\" height=\"697\" src=\"https:\/\/www.upo.es\/formacionpermanente\/wp-content\/imagenes\/uploads\/2023\/03\/Formacio\u0301n-y-Pra\u0301cticas-Acade\u0301micas-Calidad-1-768x697.jpg\" class=\"attachment-medium_large size-medium_large wp-image-19115\" alt=\"\" srcset=\"https:\/\/www.upo.es\/formacionpermanente\/wp-content\/imagenes\/uploads\/2023\/03\/Formacio\u0301n-y-Pra\u0301cticas-Acade\u0301micas-Calidad-1-768x697.jpg 768w, https:\/\/www.upo.es\/formacionpermanente\/wp-content\/imagenes\/uploads\/2023\/03\/Formacio\u0301n-y-Pra\u0301cticas-Acade\u0301micas-Calidad-1-300x272.jpg 300w, https:\/\/www.upo.es\/formacionpermanente\/wp-content\/imagenes\/uploads\/2023\/03\/Formacio\u0301n-y-Pra\u0301cticas-Acade\u0301micas-Calidad-1.jpg 977w\" sizes=\"(max-width: 768px) 100vw, 768px\" \/>\t\t\t\t\t\t\t\t\t\t\t\t\t\t\t<\/div>\n\t\t\t\t<\/div>\n\t\t\t\t<div class=\"elementor-element elementor-element-17c8e2a6 elementor-align-center elementor-widget elementor-widget-button\" data-id=\"17c8e2a6\" data-element_type=\"widget\" data-e-type=\"widget\" data-widget_type=\"button.default\">\n\t\t\t\t<div class=\"elementor-widget-container\">\n\t\t\t\t\t\t\t\t\t<div class=\"elementor-button-wrapper\">\n\t\t\t\t\t<a class=\"elementor-button elementor-button-link elementor-size-sm\" href=\"https:\/\/www.upo.es\/formacionpermanente\/?attachment_id=19116\" target=\"_blank\">\n\t\t\t\t\t\t<span class=\"elementor-button-content-wrapper\">\n\t\t\t\t\t\t\t\t\t<span class=\"elementor-button-text\">Ver Certificado<\/span>\n\t\t\t\t\t<\/span>\n\t\t\t\t\t<\/a>\n\t\t\t\t<\/div>\n\t\t\t\t\t\t\t\t<\/div>\n\t\t\t\t<\/div>\n\t\t\t\t\t<\/div>\n\t\t<\/div>\n\t\t\t\t<div class=\"elementor-column elementor-col-50 elementor-inner-column elementor-element elementor-element-33fd1b77\" data-id=\"33fd1b77\" data-element_type=\"column\" data-e-type=\"column\">\n\t\t\t<div class=\"elementor-widget-wrap elementor-element-populated\">\n\t\t\t\t\t\t<div class=\"elementor-element elementor-element-70e824d9 elementor-widget elementor-widget-text-editor\" data-id=\"70e824d9\" data-element_type=\"widget\" data-e-type=\"widget\" data-widget_type=\"text-editor.default\">\n\t\t\t\t<div class=\"elementor-widget-container\">\n\t\t\t\t\t\t\t\t\t<div class=\"elementor-element elementor-element-5b61699 elementor-widget elementor-widget-text-editor\" data-id=\"5b61699\" data-element_type=\"widget\" data-widget_type=\"text-editor.default\">\n<div class=\"elementor-widget-container\">\n<p>La <strong>Fundaci\u00f3n Universidad Pablo de Olavide<\/strong>, ha asumido su compromiso con la gesti\u00f3n de la calidad desde el a\u00f1o 2003, fecha en la que se obtuvo por primera vez la certificaci\u00f3n de su <strong>Sistema de Gesti\u00f3n de la Calidad<\/strong>. Desde ese momento, se ha apostado por un proceso de mejora continua que ha permitido la evoluci\u00f3n del sistema de gesti\u00f3n de la Fundaci\u00f3n en sus nuevos retos operativos, conforme siempre a los est\u00e1ndares de calidad de la normas ISO.<\/p>\n<p>El alcance del Certificado de Calidad de la Fundaci\u00f3n recoge las actividades de <strong>gesti\u00f3n de pr\u00e1cticas de alumnos en empresas&nbsp;<\/strong> as\u00ed como la <strong>gesti\u00f3n administrativa de actividades formativas de postgrado<\/strong>.<\/p>\n<\/div>\n<\/div>\t\t\t\t\t\t\t\t<\/div>\n\t\t\t\t<\/div>\n\t\t\t\t\t<\/div>\n\t\t<\/div>\n\t\t\t\t\t<\/div>\n\t\t<\/section>\n\t\t\t\t\t<\/div>\n\t\t<\/div>\n\t\t\t\t<div class=\"elementor-column elementor-col-50 elementor-top-column elementor-element elementor-element-9ef6016\" data-id=\"9ef6016\" data-element_type=\"column\" data-e-type=\"column\" data-settings=\"{&quot;background_background&quot;:&quot;classic&quot;}\">\n\t\t\t<div class=\"elementor-widget-wrap elementor-element-populated\">\n\t\t\t\t\t\t<section class=\"elementor-section elementor-inner-section elementor-element elementor-element-058b3f0 elementor-section-full_width elementor-hidden-tablet elementor-hidden-mobile elementor-section-height-default elementor-section-height-default\" data-id=\"058b3f0\" data-element_type=\"section\" data-e-type=\"section\" data-settings=\"{&quot;sticky&quot;:&quot;top&quot;,&quot;sticky_on&quot;:[&quot;desktop&quot;],&quot;sticky_parent&quot;:&quot;yes&quot;,&quot;sticky_offset&quot;:50,&quot;sticky_effects_offset&quot;:0,&quot;sticky_anchor_link_offset&quot;:0}\">\n\t\t\t\t\t\t<div class=\"elementor-container elementor-column-gap-no\">\n\t\t\t\t\t<div class=\"elementor-column elementor-col-100 elementor-inner-column elementor-element elementor-element-0e6e5b2\" data-id=\"0e6e5b2\" data-element_type=\"column\" data-e-type=\"column\">\n\t\t\t<div class=\"elementor-widget-wrap elementor-element-populated\">\n\t\t\t\t\t\t<div class=\"elementor-element elementor-element-4c04a88 elementor-align-left elementor-tablet-align-center elementor-hidden-desktop elementor-hidden-tablet elementor-hidden-mobile elementor-widget elementor-widget-button\" data-id=\"4c04a88\" data-element_type=\"widget\" data-e-type=\"widget\" data-widget_type=\"button.default\">\n\t\t\t\t<div class=\"elementor-widget-container\">\n\t\t\t\t\t\t\t\t\t<div class=\"elementor-button-wrapper\">\n\t\t\t\t\t<a class=\"elementor-button elementor-button-link elementor-size-md\" href=\"https:\/\/www.upo.es\/automat-fund\/web\/index.php?r=curso%2Fview&#038;id=659\">\n\t\t\t\t\t\t<span class=\"elementor-button-content-wrapper\">\n\t\t\t\t\t\t\t\t\t<span class=\"elementor-button-text\">Realizar reserva de plaza<\/span>\n\t\t\t\t\t<\/span>\n\t\t\t\t\t<\/a>\n\t\t\t\t<\/div>\n\t\t\t\t\t\t\t\t<\/div>\n\t\t\t\t<\/div>\n\t\t\t\t<div class=\"elementor-element elementor-element-2cea46d elementor-widget elementor-widget-heading\" data-id=\"2cea46d\" data-element_type=\"widget\" data-e-type=\"widget\" data-widget_type=\"heading.default\">\n\t\t\t\t<div class=\"elementor-widget-container\">\n\t\t\t\t\t<h4 class=\"elementor-heading-title elementor-size-default\">Modalidad<\/h4>\t\t\t\t<\/div>\n\t\t\t\t<\/div>\n\t\t\t\t<div class=\"elementor-element elementor-element-4f11405 elementor-widget elementor-widget-heading\" data-id=\"4f11405\" data-element_type=\"widget\" data-e-type=\"widget\" data-widget_type=\"heading.default\">\n\t\t\t\t<div class=\"elementor-widget-container\">\n\t\t\t\t\t<h5 class=\"elementor-heading-title elementor-size-default\">Online<\/h5>\t\t\t\t<\/div>\n\t\t\t\t<\/div>\n\t\t\t\t<div class=\"elementor-element elementor-element-53980e6 elementor-widget elementor-widget-heading\" data-id=\"53980e6\" data-element_type=\"widget\" data-e-type=\"widget\" data-widget_type=\"heading.default\">\n\t\t\t\t<div class=\"elementor-widget-container\">\n\t\t\t\t\t<h4 class=\"elementor-heading-title elementor-size-default\">Inicio del curso<\/h4>\t\t\t\t<\/div>\n\t\t\t\t<\/div>\n\t\t\t\t<div class=\"elementor-element elementor-element-9c523d0 elementor-widget elementor-widget-heading\" data-id=\"9c523d0\" data-element_type=\"widget\" data-e-type=\"widget\" data-widget_type=\"heading.default\">\n\t\t\t\t<div class=\"elementor-widget-container\">\n\t\t\t\t\t<h5 class=\"elementor-heading-title elementor-size-default\">06\/04\/2026<\/h5>\t\t\t\t<\/div>\n\t\t\t\t<\/div>\n\t\t\t\t<div class=\"elementor-element elementor-element-16ebffb elementor-widget elementor-widget-heading\" data-id=\"16ebffb\" data-element_type=\"widget\" data-e-type=\"widget\" data-widget_type=\"heading.default\">\n\t\t\t\t<div class=\"elementor-widget-container\">\n\t\t\t\t\t<h4 class=\"elementor-heading-title elementor-size-default\">Calendario acad\u00e9mico<\/h4>\t\t\t\t<\/div>\n\t\t\t\t<\/div>\n\t\t\t\t<div class=\"elementor-element elementor-element-eaad54c elementor-align-left elementor-widget elementor-widget-button\" data-id=\"eaad54c\" data-element_type=\"widget\" data-e-type=\"widget\" data-widget_type=\"button.default\">\n\t\t\t\t<div class=\"elementor-widget-container\">\n\t\t\t\t\t\t\t\t\t<div class=\"elementor-button-wrapper\">\n\t\t\t\t\t<a class=\"elementor-button elementor-button-link elementor-size-md\" href=\"https:\/\/www.upo.es\/formacionpermanente\/wp-content\/imagenes\/uploads\/2025\/02\/DEX2025-04_Calendario.pdf\">\n\t\t\t\t\t\t<span class=\"elementor-button-content-wrapper\">\n\t\t\t\t\t\t\t\t\t<span class=\"elementor-button-text\">Haz clic aqu\u00ed para consultar<\/span>\n\t\t\t\t\t<\/span>\n\t\t\t\t\t<\/a>\n\t\t\t\t<\/div>\n\t\t\t\t\t\t\t\t<\/div>\n\t\t\t\t<\/div>\n\t\t\t\t<div class=\"elementor-element elementor-element-6d27dd2 elementor-widget elementor-widget-heading\" data-id=\"6d27dd2\" data-element_type=\"widget\" data-e-type=\"widget\" data-widget_type=\"heading.default\">\n\t\t\t\t<div class=\"elementor-widget-container\">\n\t\t\t\t\t<h4 class=\"elementor-heading-title elementor-size-default\">Cr\u00e9ditos<\/h4>\t\t\t\t<\/div>\n\t\t\t\t<\/div>\n\t\t\t\t<div class=\"elementor-element elementor-element-62c8a5c elementor-widget elementor-widget-heading\" data-id=\"62c8a5c\" data-element_type=\"widget\" data-e-type=\"widget\" data-widget_type=\"heading.default\">\n\t\t\t\t<div class=\"elementor-widget-container\">\n\t\t\t\t\t<h5 class=\"elementor-heading-title elementor-size-default\">20 ECTS<\/h5>\t\t\t\t<\/div>\n\t\t\t\t<\/div>\n\t\t\t\t<div class=\"elementor-element elementor-element-e61b4dd elementor-widget elementor-widget-heading\" data-id=\"e61b4dd\" data-element_type=\"widget\" data-e-type=\"widget\" data-widget_type=\"heading.default\">\n\t\t\t\t<div class=\"elementor-widget-container\">\n\t\t\t\t\t<h4 class=\"elementor-heading-title elementor-size-default\">Precio del curso<\/h4>\t\t\t\t<\/div>\n\t\t\t\t<\/div>\n\t\t\t\t<div class=\"elementor-element elementor-element-cbeb4c9 elementor-widget elementor-widget-heading\" data-id=\"cbeb4c9\" data-element_type=\"widget\" data-e-type=\"widget\" data-widget_type=\"heading.default\">\n\t\t\t\t<div class=\"elementor-widget-container\">\n\t\t\t\t\t<h5 class=\"elementor-heading-title elementor-size-default\">160,00 \u20ac<\/h5>\t\t\t\t<\/div>\n\t\t\t\t<\/div>\n\t\t\t\t<div data-dce-title-color=\"#00335B\" class=\"elementor-element elementor-element-cb428bc elementor-cta--skin-cover elementor-cta--valign-middle elementor-bg-transform elementor-bg-transform-zoom-out elementor-widget elementor-widget-call-to-action\" data-id=\"cb428bc\" data-element_type=\"widget\" data-e-type=\"widget\" data-widget_type=\"call-to-action.default\">\n\t\t\t\t<div class=\"elementor-widget-container\">\n\t\t\t\t\t\t\t<a class=\"elementor-cta\" href=\"#elementor-action%3Aaction%3Dpopup%3Aopen%26settings%3DeyJpZCI6IjE5MTA1IiwidG9nZ2xlIjpmYWxzZX0%3D\">\n\t\t\t\t\t<div class=\"elementor-cta__bg-wrapper\">\n\t\t\t\t<div class=\"elementor-cta__bg elementor-bg\" style=\"background-image: url(https:\/\/www.upo.es\/formacionpermanente\/wp-content\/imagenes\/uploads\/2022\/10\/microcredenciales-1.jpg);\" role=\"img\" aria-label=\"microcredenciales-1\"><\/div>\n\t\t\t\t<div class=\"elementor-cta__bg-overlay\"><\/div>\n\t\t\t<\/div>\n\t\t\t\t\t\t\t<div class=\"elementor-cta__content\">\n\t\t\t\t\n\t\t\t\t\t\t\t\t\t<h2 class=\"elementor-cta__title elementor-cta__content-item elementor-content-item\">\n\t\t\t\t\t\t\u00bfNecesitas m\u00e1s informaci\u00f3n?\t\t\t\t\t<\/h2>\n\t\t\t\t\n\t\t\t\t\t\t\t\t\t<div class=\"elementor-cta__description elementor-cta__content-item elementor-content-item\">\n\t\t\t\t\t\t\u00bfTienes alguna duda sobre este t\u00edtulo propio? \u00bfQuieres que te avisemos de la pr\u00f3xima edici\u00f3n?\t\t\t\t\t<\/div>\n\t\t\t\t\n\t\t\t\t\t\t\t\t\t<div class=\"elementor-cta__button-wrapper elementor-cta__content-item elementor-content-item \">\n\t\t\t\t\t<span class=\"elementor-cta__button elementor-button elementor-size-md\">\n\t\t\t\t\t\tContacta con nosotros\t\t\t\t\t<\/span>\n\t\t\t\t\t<\/div>\n\t\t\t\t\t\t\t<\/div>\n\t\t\t\t\t\t<\/a>\n\t\t\t\t\t\t<\/div>\n\t\t\t\t<\/div>\n\t\t\t\t\t<\/div>\n\t\t<\/div>\n\t\t\t\t\t<\/div>\n\t\t<\/section>\n\t\t\t\t<section class=\"elementor-section elementor-inner-section elementor-element elementor-element-ccb4619 elementor-section-full_width elementor-section-content-middle elementor-hidden-desktop elementor-section-height-default elementor-section-height-default\" data-id=\"ccb4619\" data-element_type=\"section\" data-e-type=\"section\" data-settings=\"{&quot;sticky&quot;:&quot;top&quot;,&quot;sticky_on&quot;:[&quot;desktop&quot;],&quot;sticky_parent&quot;:&quot;yes&quot;,&quot;sticky_offset&quot;:0,&quot;sticky_effects_offset&quot;:0,&quot;sticky_anchor_link_offset&quot;:0}\">\n\t\t\t\t\t\t<div class=\"elementor-container elementor-column-gap-extended\">\n\t\t\t\t\t<div class=\"elementor-column elementor-col-25 elementor-inner-column elementor-element elementor-element-038a780\" data-id=\"038a780\" data-element_type=\"column\" data-e-type=\"column\">\n\t\t\t<div class=\"elementor-widget-wrap elementor-element-populated\">\n\t\t\t\t\t\t<div class=\"elementor-element elementor-element-37b1c5f elementor-widget elementor-widget-heading\" data-id=\"37b1c5f\" data-element_type=\"widget\" data-e-type=\"widget\" data-widget_type=\"heading.default\">\n\t\t\t\t<div class=\"elementor-widget-container\">\n\t\t\t\t\t<h4 class=\"elementor-heading-title elementor-size-default\">Modalidad<\/h4>\t\t\t\t<\/div>\n\t\t\t\t<\/div>\n\t\t\t\t<div class=\"elementor-element elementor-element-91038f4 elementor-widget elementor-widget-heading\" data-id=\"91038f4\" data-element_type=\"widget\" data-e-type=\"widget\" data-widget_type=\"heading.default\">\n\t\t\t\t<div class=\"elementor-widget-container\">\n\t\t\t\t\t<h5 class=\"elementor-heading-title elementor-size-default\">Online<\/h5>\t\t\t\t<\/div>\n\t\t\t\t<\/div>\n\t\t\t\t\t<\/div>\n\t\t<\/div>\n\t\t\t\t<div class=\"elementor-column elementor-col-25 elementor-inner-column elementor-element elementor-element-dbb4caf\" data-id=\"dbb4caf\" data-element_type=\"column\" data-e-type=\"column\">\n\t\t\t<div class=\"elementor-widget-wrap elementor-element-populated\">\n\t\t\t\t\t\t<div class=\"elementor-element elementor-element-e051355 elementor-widget elementor-widget-heading\" data-id=\"e051355\" data-element_type=\"widget\" data-e-type=\"widget\" data-widget_type=\"heading.default\">\n\t\t\t\t<div class=\"elementor-widget-container\">\n\t\t\t\t\t<h4 class=\"elementor-heading-title elementor-size-default\">Inicio del curso<\/h4>\t\t\t\t<\/div>\n\t\t\t\t<\/div>\n\t\t\t\t<div class=\"elementor-element elementor-element-a2c41b3 elementor-widget elementor-widget-heading\" data-id=\"a2c41b3\" data-element_type=\"widget\" data-e-type=\"widget\" data-widget_type=\"heading.default\">\n\t\t\t\t<div class=\"elementor-widget-container\">\n\t\t\t\t\t<h5 class=\"elementor-heading-title elementor-size-default\">06\/04\/2026<\/h5>\t\t\t\t<\/div>\n\t\t\t\t<\/div>\n\t\t\t\t<div class=\"elementor-element elementor-element-ab93a1d elementor-mobile-align-center elementor-widget elementor-widget-button\" data-id=\"ab93a1d\" data-element_type=\"widget\" data-e-type=\"widget\" data-widget_type=\"button.default\">\n\t\t\t\t<div class=\"elementor-widget-container\">\n\t\t\t\t\t\t\t\t\t<div class=\"elementor-button-wrapper\">\n\t\t\t\t\t<a class=\"elementor-button elementor-button-link elementor-size-sm\" href=\"https:\/\/www.upo.es\/formacionpermanente\/wp-content\/imagenes\/uploads\/2025\/02\/DEX2025-04_Calendario.pdf\">\n\t\t\t\t\t\t<span class=\"elementor-button-content-wrapper\">\n\t\t\t\t\t\t\t\t\t<span class=\"elementor-button-text\">Consultar calendario<\/span>\n\t\t\t\t\t<\/span>\n\t\t\t\t\t<\/a>\n\t\t\t\t<\/div>\n\t\t\t\t\t\t\t\t<\/div>\n\t\t\t\t<\/div>\n\t\t\t\t\t<\/div>\n\t\t<\/div>\n\t\t\t\t<div class=\"elementor-column elementor-col-25 elementor-inner-column elementor-element elementor-element-ca0a858\" data-id=\"ca0a858\" data-element_type=\"column\" data-e-type=\"column\">\n\t\t\t<div class=\"elementor-widget-wrap elementor-element-populated\">\n\t\t\t\t\t\t<div class=\"elementor-element elementor-element-a36b7b8 elementor-widget elementor-widget-heading\" data-id=\"a36b7b8\" data-element_type=\"widget\" data-e-type=\"widget\" data-widget_type=\"heading.default\">\n\t\t\t\t<div class=\"elementor-widget-container\">\n\t\t\t\t\t<h4 class=\"elementor-heading-title elementor-size-default\">Cr\u00e9ditos<\/h4>\t\t\t\t<\/div>\n\t\t\t\t<\/div>\n\t\t\t\t<div class=\"elementor-element elementor-element-94e257f elementor-widget elementor-widget-heading\" data-id=\"94e257f\" data-element_type=\"widget\" data-e-type=\"widget\" data-widget_type=\"heading.default\">\n\t\t\t\t<div class=\"elementor-widget-container\">\n\t\t\t\t\t<h5 class=\"elementor-heading-title elementor-size-default\">20 ECTS<\/h5>\t\t\t\t<\/div>\n\t\t\t\t<\/div>\n\t\t\t\t\t<\/div>\n\t\t<\/div>\n\t\t\t\t<div class=\"elementor-column elementor-col-25 elementor-inner-column elementor-element elementor-element-481068f\" data-id=\"481068f\" data-element_type=\"column\" data-e-type=\"column\">\n\t\t\t<div class=\"elementor-widget-wrap elementor-element-populated\">\n\t\t\t\t\t\t<div class=\"elementor-element elementor-element-07a2c5b elementor-widget elementor-widget-heading\" data-id=\"07a2c5b\" data-element_type=\"widget\" data-e-type=\"widget\" data-widget_type=\"heading.default\">\n\t\t\t\t<div class=\"elementor-widget-container\">\n\t\t\t\t\t<h4 class=\"elementor-heading-title elementor-size-default\">Precio del curso<\/h4>\t\t\t\t<\/div>\n\t\t\t\t<\/div>\n\t\t\t\t<div class=\"elementor-element elementor-element-a76f7dd elementor-widget elementor-widget-heading\" data-id=\"a76f7dd\" data-element_type=\"widget\" data-e-type=\"widget\" data-widget_type=\"heading.default\">\n\t\t\t\t<div class=\"elementor-widget-container\">\n\t\t\t\t\t<h5 class=\"elementor-heading-title elementor-size-default\">160,00<\/h5>\t\t\t\t<\/div>\n\t\t\t\t<\/div>\n\t\t\t\t\t<\/div>\n\t\t<\/div>\n\t\t\t\t\t<\/div>\n\t\t<\/section>\n\t\t\t\t\t<\/div>\n\t\t<\/div>\n\t\t\t\t\t<\/div>\n\t\t<\/section>\n\t\t\t\t<section class=\"elementor-section elementor-top-section elementor-element elementor-element-7b29030b elementor-section-full_width elementor-hidden-desktop elementor-section-height-default elementor-section-height-default\" data-id=\"7b29030b\" data-element_type=\"section\" data-e-type=\"section\">\n\t\t\t\t\t\t<div class=\"elementor-container elementor-column-gap-default\">\n\t\t\t\t\t<div class=\"elementor-column elementor-col-100 elementor-top-column elementor-element elementor-element-7019f307\" data-id=\"7019f307\" data-element_type=\"column\" data-e-type=\"column\">\n\t\t\t<div class=\"elementor-widget-wrap elementor-element-populated\">\n\t\t\t\t\t\t<div class=\"elementor-element elementor-element-1eb3ef37 elementor-align-center elementor-tablet-align-center elementor-widget elementor-widget-button\" data-id=\"1eb3ef37\" data-element_type=\"widget\" data-e-type=\"widget\" data-settings=\"{&quot;sticky&quot;:&quot;bottom&quot;,&quot;sticky_on&quot;:[&quot;tablet&quot;,&quot;mobile&quot;],&quot;sticky_offset_tablet&quot;:80,&quot;sticky_offset_mobile&quot;:50,&quot;sticky_offset&quot;:0,&quot;sticky_effects_offset&quot;:0,&quot;sticky_anchor_link_offset&quot;:0}\" data-widget_type=\"button.default\">\n\t\t\t\t<div class=\"elementor-widget-container\">\n\t\t\t\t\t\t\t\t\t<div class=\"elementor-button-wrapper\">\n\t\t\t\t\t<a class=\"elementor-button elementor-button-link elementor-size-lg\" href=\"https:\/\/www.upo.es\/automat-fund\/web\/index.php?r=curso%2Fview&#038;id=659\">\n\t\t\t\t\t\t<span class=\"elementor-button-content-wrapper\">\n\t\t\t\t\t\t\t\t\t<span class=\"elementor-button-text\">Realizar reserva de plaza<\/span>\n\t\t\t\t\t<\/span>\n\t\t\t\t\t<\/a>\n\t\t\t\t<\/div>\n\t\t\t\t\t\t\t\t<\/div>\n\t\t\t\t<\/div>\n\t\t\t\t\t<\/div>\n\t\t<\/div>\n\t\t\t\t\t<\/div>\n\t\t<\/section>\n\t\t\t\t<section class=\"elementor-section elementor-top-section elementor-element elementor-element-55559f62 elementor-section-full_width elementor-section-height-default elementor-section-height-default\" data-id=\"55559f62\" data-element_type=\"section\" data-e-type=\"section\">\n\t\t\t\t\t\t<div class=\"elementor-container elementor-column-gap-wide\">\n\t\t\t\t\t<div class=\"elementor-column elementor-col-100 elementor-top-column elementor-element elementor-element-53286a15\" data-id=\"53286a15\" data-element_type=\"column\" data-e-type=\"column\">\n\t\t\t<div class=\"elementor-widget-wrap elementor-element-populated\">\n\t\t\t\t\t\t<div class=\"elementor-element elementor-element-78fa99f2 elementor-hidden-desktop elementor-widget elementor-widget-text-editor\" data-id=\"78fa99f2\" data-element_type=\"widget\" data-e-type=\"widget\" data-widget_type=\"text-editor.default\">\n\t\t\t\t<div class=\"elementor-widget-container\">\n\t\t\t\t\t\t\t\t\t<p><em>Para consultar la informaci\u00f3n completa de este T\u00edtulo Propio, por favor visite esta web en un ordenador de escritorio.<\/em><\/p>\t\t\t\t\t\t\t\t<\/div>\n\t\t\t\t<\/div>\n\t\t\t\t\t<\/div>\n\t\t<\/div>\n\t\t\t\t\t<\/div>\n\t\t<\/section>\n\t\t\t\t<\/div>\n\t\t","protected":false},"featured_media":43069,"template":"","meta":{"_acf_changed":false,"site-sidebar-layout":"no-sidebar","site-content-layout":"page-builder","ast-site-content-layout":"full-width-container","site-content-style":"unboxed","site-sidebar-style":"unboxed","ast-global-header-display":"","ast-banner-title-visibility":"disabled","ast-main-header-display":"disabled","ast-hfb-above-header-display":"disabled","ast-hfb-below-header-display":"","ast-hfb-mobile-header-display":"disabled","site-post-title":"disabled","ast-breadcrumbs-content":"disabled","ast-featured-img":"disabled","footer-sml-layout":"disabled","ast-disable-related-posts":"","theme-transparent-header-meta":"default","adv-header-id-meta":"","stick-header-meta":"default","header-above-stick-meta":"","header-main-stick-meta":"","header-below-stick-meta":"","astra-migrate-meta-layouts":"set","ast-page-background-enabled":"default","ast-page-background-meta":{"desktop":{"background-color":"var(--ast-global-color-4)","background-image":"","background-repeat":"repeat","background-position":"center center","background-size":"auto","background-attachment":"scroll","background-type":"","background-media":"","overlay-type":"","overlay-color":"","overlay-opacity":"","overlay-gradient":""},"tablet":{"background-color":"","background-image":"","background-repeat":"repeat","background-position":"center center","background-size":"auto","background-attachment":"scroll","background-type":"","background-media":"","overlay-type":"","overlay-color":"","overlay-opacity":"","overlay-gradient":""},"mobile":{"background-color":"","background-image":"","background-repeat":"repeat","background-position":"center center","background-size":"auto","background-attachment":"scroll","background-type":"","background-media":"","overlay-type":"","overlay-color":"","overlay-opacity":"","overlay-gradient":""}},"ast-content-background-meta":{"desktop":{"background-color":"var(--ast-global-color-5)","background-image":"","background-repeat":"repeat","background-position":"center center","background-size":"auto","background-attachment":"scroll","background-type":"","background-media":"","overlay-type":"","overlay-color":"","overlay-opacity":"","overlay-gradient":""},"tablet":{"background-color":"var(--ast-global-color-5)","background-image":"","background-repeat":"repeat","background-position":"center center","background-size":"auto","background-attachment":"scroll","background-type":"","background-media":"","overlay-type":"","overlay-color":"","overlay-opacity":"","overlay-gradient":""},"mobile":{"background-color":"var(--ast-global-color-5)","background-image":"","background-repeat":"repeat","background-position":"center center","background-size":"auto","background-attachment":"scroll","background-type":"","background-media":"","overlay-type":"","overlay-color":"","overlay-opacity":"","overlay-gradient":""}}},"categories":[631,52],"tags":[674],"titulos_propios":[],"class_list":["post-42191","diploma-exp","type-diploma-exp","status-publish","has-post-thumbnail","hentry","category-2025-2026","category-matricula-cerrada","tag-dex2025-04"],"acf":[],"yoast_head":"<!-- This site is optimized with the Yoast SEO plugin v27.5 - https:\/\/yoast.com\/product\/yoast-seo-wordpress\/ -->\n<title>Diploma de Experto en Agenda Urbana<\/title>\n<meta name=\"description\" content=\"El Diploma de Experto en Agenda Urbana tiene como finalidad fundamental desarrollar una formaci\u00f3n sistem\u00e1tica y en profundidad sobre...\" \/>\n<meta name=\"robots\" content=\"index, follow, max-snippet:-1, max-image-preview:large, max-video-preview:-1\" \/>\n<link rel=\"canonical\" href=\"https:\/\/www.upo.es\/formacionpermanente\/diploma-experto\/dex2025-04\/\" \/>\n<meta property=\"og:locale\" content=\"es_ES\" \/>\n<meta property=\"og:type\" content=\"article\" \/>\n<meta property=\"og:title\" content=\"Diploma de Experto en Agenda Urbana\" \/>\n<meta property=\"og:description\" content=\"El Diploma de Experto en Agenda Urbana tiene como finalidad fundamental desarrollar una formaci\u00f3n sistem\u00e1tica y en profundidad sobre...\" \/>\n<meta property=\"og:url\" content=\"https:\/\/www.upo.es\/formacionpermanente\/diploma-experto\/dex2025-04\/\" \/>\n<meta property=\"og:site_name\" content=\"Formaci\u00f3n Permanente UPO\" \/>\n<meta property=\"article:modified_time\" content=\"2026-04-30T06:13:14+00:00\" \/>\n<meta property=\"og:image\" content=\"https:\/\/www.upo.es\/formacionpermanente\/wp-content\/imagenes\/uploads\/2025\/02\/FOTO-18-reducida.jpg\" \/>\n\t<meta property=\"og:image:width\" content=\"1920\" \/>\n\t<meta property=\"og:image:height\" content=\"1673\" \/>\n\t<meta property=\"og:image:type\" content=\"image\/jpeg\" \/>\n<meta name=\"twitter:card\" content=\"summary_large_image\" \/>\n<meta name=\"twitter:label1\" content=\"Tiempo de lectura\" \/>\n\t<meta name=\"twitter:data1\" content=\"3 minutos\" \/>\n<script type=\"application\/ld+json\" class=\"yoast-schema-graph\">{\"@context\":\"https:\\\/\\\/schema.org\",\"@graph\":[{\"@type\":\"WebPage\",\"@id\":\"https:\\\/\\\/www.upo.es\\\/formacionpermanente\\\/diploma-experto\\\/dex2025-04\\\/\",\"url\":\"https:\\\/\\\/www.upo.es\\\/formacionpermanente\\\/diploma-experto\\\/dex2025-04\\\/\",\"name\":\"Diploma de Experto en Agenda Urbana\",\"isPartOf\":{\"@id\":\"https:\\\/\\\/www.upo.es\\\/formacionpermanente\\\/#website\"},\"primaryImageOfPage\":{\"@id\":\"https:\\\/\\\/www.upo.es\\\/formacionpermanente\\\/diploma-experto\\\/dex2025-04\\\/#primaryimage\"},\"image\":{\"@id\":\"https:\\\/\\\/www.upo.es\\\/formacionpermanente\\\/diploma-experto\\\/dex2025-04\\\/#primaryimage\"},\"thumbnailUrl\":\"https:\\\/\\\/www.upo.es\\\/formacionpermanente\\\/wp-content\\\/imagenes\\\/uploads\\\/2025\\\/02\\\/FOTO-18-reducida.jpg\",\"datePublished\":\"2025-02-13T12:12:19+00:00\",\"dateModified\":\"2026-04-30T06:13:14+00:00\",\"description\":\"El Diploma de Experto en Agenda Urbana tiene como finalidad fundamental desarrollar una formaci\u00f3n sistem\u00e1tica y en profundidad sobre...\",\"breadcrumb\":{\"@id\":\"https:\\\/\\\/www.upo.es\\\/formacionpermanente\\\/diploma-experto\\\/dex2025-04\\\/#breadcrumb\"},\"inLanguage\":\"es\",\"potentialAction\":[{\"@type\":\"ReadAction\",\"target\":[\"https:\\\/\\\/www.upo.es\\\/formacionpermanente\\\/diploma-experto\\\/dex2025-04\\\/\"]}]},{\"@type\":\"ImageObject\",\"inLanguage\":\"es\",\"@id\":\"https:\\\/\\\/www.upo.es\\\/formacionpermanente\\\/diploma-experto\\\/dex2025-04\\\/#primaryimage\",\"url\":\"https:\\\/\\\/www.upo.es\\\/formacionpermanente\\\/wp-content\\\/imagenes\\\/uploads\\\/2025\\\/02\\\/FOTO-18-reducida.jpg\",\"contentUrl\":\"https:\\\/\\\/www.upo.es\\\/formacionpermanente\\\/wp-content\\\/imagenes\\\/uploads\\\/2025\\\/02\\\/FOTO-18-reducida.jpg\",\"width\":1920,\"height\":1673,\"caption\":\"Diploma de Experto. Agenda Urbana\"},{\"@type\":\"BreadcrumbList\",\"@id\":\"https:\\\/\\\/www.upo.es\\\/formacionpermanente\\\/diploma-experto\\\/dex2025-04\\\/#breadcrumb\",\"itemListElement\":[{\"@type\":\"ListItem\",\"position\":1,\"name\":\"Portada\",\"item\":\"https:\\\/\\\/www.upo.es\\\/formacionpermanente\\\/\"},{\"@type\":\"ListItem\",\"position\":2,\"name\":\"Agenda Urbana\"}]},{\"@type\":\"WebSite\",\"@id\":\"https:\\\/\\\/www.upo.es\\\/formacionpermanente\\\/#website\",\"url\":\"https:\\\/\\\/www.upo.es\\\/formacionpermanente\\\/\",\"name\":\"Formaci\u00f3n Permanente UPO\",\"description\":\"T\u00edtulos Propios, Microcredenciales, Cursos de Verano\",\"publisher\":{\"@id\":\"https:\\\/\\\/www.upo.es\\\/formacionpermanente\\\/#organization\"},\"potentialAction\":[{\"@type\":\"SearchAction\",\"target\":{\"@type\":\"EntryPoint\",\"urlTemplate\":\"https:\\\/\\\/www.upo.es\\\/formacionpermanente\\\/?s={search_term_string}\"},\"query-input\":{\"@type\":\"PropertyValueSpecification\",\"valueRequired\":true,\"valueName\":\"search_term_string\"}}],\"inLanguage\":\"es\"},{\"@type\":\"Organization\",\"@id\":\"https:\\\/\\\/www.upo.es\\\/formacionpermanente\\\/#organization\",\"name\":\"Formaci\u00f3n Permanente Universidad Pablo de Olavide\",\"alternateName\":\"Formaci\u00f3n Permanente UPO\",\"url\":\"https:\\\/\\\/www.upo.es\\\/formacionpermanente\\\/\",\"logo\":{\"@type\":\"ImageObject\",\"inLanguage\":\"es\",\"@id\":\"https:\\\/\\\/www.upo.es\\\/formacionpermanente\\\/#\\\/schema\\\/logo\\\/image\\\/\",\"url\":\"https:\\\/\\\/www.upo.es\\\/formacionpermanente\\\/wp-content\\\/imagenes\\\/uploads\\\/2023\\\/02\\\/Logo-UPO-azul-amarillo-horizontal.png\",\"contentUrl\":\"https:\\\/\\\/www.upo.es\\\/formacionpermanente\\\/wp-content\\\/imagenes\\\/uploads\\\/2023\\\/02\\\/Logo-UPO-azul-amarillo-horizontal.png\",\"width\":1000,\"height\":407,\"caption\":\"Formaci\u00f3n Permanente Universidad Pablo de Olavide\"},\"image\":{\"@id\":\"https:\\\/\\\/www.upo.es\\\/formacionpermanente\\\/#\\\/schema\\\/logo\\\/image\\\/\"}}]}<\/script>\n<!-- \/ Yoast SEO plugin. -->","yoast_head_json":{"title":"Diploma de Experto en Agenda Urbana","description":"El Diploma de Experto en Agenda Urbana tiene como finalidad fundamental desarrollar una formaci\u00f3n sistem\u00e1tica y en profundidad sobre...","robots":{"index":"index","follow":"follow","max-snippet":"max-snippet:-1","max-image-preview":"max-image-preview:large","max-video-preview":"max-video-preview:-1"},"canonical":"https:\/\/www.upo.es\/formacionpermanente\/diploma-experto\/dex2025-04\/","og_locale":"es_ES","og_type":"article","og_title":"Diploma de Experto en Agenda Urbana","og_description":"El Diploma de Experto en Agenda Urbana tiene como finalidad fundamental desarrollar una formaci\u00f3n sistem\u00e1tica y en profundidad sobre...","og_url":"https:\/\/www.upo.es\/formacionpermanente\/diploma-experto\/dex2025-04\/","og_site_name":"Formaci\u00f3n Permanente UPO","article_modified_time":"2026-04-30T06:13:14+00:00","og_image":[{"width":1920,"height":1673,"url":"https:\/\/www.upo.es\/formacionpermanente\/wp-content\/imagenes\/uploads\/2025\/02\/FOTO-18-reducida.jpg","type":"image\/jpeg"}],"twitter_card":"summary_large_image","twitter_misc":{"Tiempo de lectura":"3 minutos"},"schema":{"@context":"https:\/\/schema.org","@graph":[{"@type":"WebPage","@id":"https:\/\/www.upo.es\/formacionpermanente\/diploma-experto\/dex2025-04\/","url":"https:\/\/www.upo.es\/formacionpermanente\/diploma-experto\/dex2025-04\/","name":"Diploma de Experto en Agenda Urbana","isPartOf":{"@id":"https:\/\/www.upo.es\/formacionpermanente\/#website"},"primaryImageOfPage":{"@id":"https:\/\/www.upo.es\/formacionpermanente\/diploma-experto\/dex2025-04\/#primaryimage"},"image":{"@id":"https:\/\/www.upo.es\/formacionpermanente\/diploma-experto\/dex2025-04\/#primaryimage"},"thumbnailUrl":"https:\/\/www.upo.es\/formacionpermanente\/wp-content\/imagenes\/uploads\/2025\/02\/FOTO-18-reducida.jpg","datePublished":"2025-02-13T12:12:19+00:00","dateModified":"2026-04-30T06:13:14+00:00","description":"El Diploma de Experto en Agenda Urbana tiene como finalidad fundamental desarrollar una formaci\u00f3n sistem\u00e1tica y en profundidad sobre...","breadcrumb":{"@id":"https:\/\/www.upo.es\/formacionpermanente\/diploma-experto\/dex2025-04\/#breadcrumb"},"inLanguage":"es","potentialAction":[{"@type":"ReadAction","target":["https:\/\/www.upo.es\/formacionpermanente\/diploma-experto\/dex2025-04\/"]}]},{"@type":"ImageObject","inLanguage":"es","@id":"https:\/\/www.upo.es\/formacionpermanente\/diploma-experto\/dex2025-04\/#primaryimage","url":"https:\/\/www.upo.es\/formacionpermanente\/wp-content\/imagenes\/uploads\/2025\/02\/FOTO-18-reducida.jpg","contentUrl":"https:\/\/www.upo.es\/formacionpermanente\/wp-content\/imagenes\/uploads\/2025\/02\/FOTO-18-reducida.jpg","width":1920,"height":1673,"caption":"Diploma de Experto. Agenda Urbana"},{"@type":"BreadcrumbList","@id":"https:\/\/www.upo.es\/formacionpermanente\/diploma-experto\/dex2025-04\/#breadcrumb","itemListElement":[{"@type":"ListItem","position":1,"name":"Portada","item":"https:\/\/www.upo.es\/formacionpermanente\/"},{"@type":"ListItem","position":2,"name":"Agenda Urbana"}]},{"@type":"WebSite","@id":"https:\/\/www.upo.es\/formacionpermanente\/#website","url":"https:\/\/www.upo.es\/formacionpermanente\/","name":"Formaci\u00f3n Permanente UPO","description":"T\u00edtulos Propios, Microcredenciales, Cursos de Verano","publisher":{"@id":"https:\/\/www.upo.es\/formacionpermanente\/#organization"},"potentialAction":[{"@type":"SearchAction","target":{"@type":"EntryPoint","urlTemplate":"https:\/\/www.upo.es\/formacionpermanente\/?s={search_term_string}"},"query-input":{"@type":"PropertyValueSpecification","valueRequired":true,"valueName":"search_term_string"}}],"inLanguage":"es"},{"@type":"Organization","@id":"https:\/\/www.upo.es\/formacionpermanente\/#organization","name":"Formaci\u00f3n Permanente Universidad Pablo de Olavide","alternateName":"Formaci\u00f3n Permanente UPO","url":"https:\/\/www.upo.es\/formacionpermanente\/","logo":{"@type":"ImageObject","inLanguage":"es","@id":"https:\/\/www.upo.es\/formacionpermanente\/#\/schema\/logo\/image\/","url":"https:\/\/www.upo.es\/formacionpermanente\/wp-content\/imagenes\/uploads\/2023\/02\/Logo-UPO-azul-amarillo-horizontal.png","contentUrl":"https:\/\/www.upo.es\/formacionpermanente\/wp-content\/imagenes\/uploads\/2023\/02\/Logo-UPO-azul-amarillo-horizontal.png","width":1000,"height":407,"caption":"Formaci\u00f3n Permanente Universidad Pablo de Olavide"},"image":{"@id":"https:\/\/www.upo.es\/formacionpermanente\/#\/schema\/logo\/image\/"}}]}},"_links":{"self":[{"href":"https:\/\/www.upo.es\/formacionpermanente\/wp-json\/wp\/v2\/diploma-exp\/42191","targetHints":{"allow":["GET"]}}],"collection":[{"href":"https:\/\/www.upo.es\/formacionpermanente\/wp-json\/wp\/v2\/diploma-exp"}],"about":[{"href":"https:\/\/www.upo.es\/formacionpermanente\/wp-json\/wp\/v2\/types\/diploma-exp"}],"version-history":[{"count":68,"href":"https:\/\/www.upo.es\/formacionpermanente\/wp-json\/wp\/v2\/diploma-exp\/42191\/revisions"}],"predecessor-version":[{"id":55369,"href":"https:\/\/www.upo.es\/formacionpermanente\/wp-json\/wp\/v2\/diploma-exp\/42191\/revisions\/55369"}],"wp:featuredmedia":[{"embeddable":true,"href":"https:\/\/www.upo.es\/formacionpermanente\/wp-json\/wp\/v2\/media\/43069"}],"wp:attachment":[{"href":"https:\/\/www.upo.es\/formacionpermanente\/wp-json\/wp\/v2\/media?parent=42191"}],"wp:term":[{"taxonomy":"category","embeddable":true,"href":"https:\/\/www.upo.es\/formacionpermanente\/wp-json\/wp\/v2\/categories?post=42191"},{"taxonomy":"post_tag","embeddable":true,"href":"https:\/\/www.upo.es\/formacionpermanente\/wp-json\/wp\/v2\/tags?post=42191"},{"taxonomy":"titulos_propios","embeddable":true,"href":"https:\/\/www.upo.es\/formacionpermanente\/wp-json\/wp\/v2\/titulos_propios?post=42191"}],"curies":[{"name":"wp","href":"https:\/\/api.w.org\/{rel}","templated":true}]}}