{"id":42390,"date":"2025-02-13T13:24:16","date_gmt":"2025-02-13T12:24:16","guid":{"rendered":"https:\/\/www.upo.es\/formacionpermanente\/?post_type=diploma-exp&#038;p=42390"},"modified":"2026-04-13T09:41:50","modified_gmt":"2026-04-13T07:41:50","slug":"intervencion-con-menores-proteccion-y-conflicto-con-la-ley","status":"publish","type":"diploma-exp","link":"https:\/\/www.upo.es\/formacionpermanente\/diploma-experto\/intervencion-con-menores-proteccion-y-conflicto-con-la-ley\/","title":{"rendered":"Intervenci\u00f3n con menores: Protecci\u00f3n y conflicto con la Ley"},"content":{"rendered":"\t\t<div data-elementor-type=\"wp-post\" data-elementor-id=\"42390\" class=\"elementor elementor-42390\" data-elementor-post-type=\"diploma-exp\">\n\t\t\t\t\t\t<section data-dce-background-image-url=\"https:\/\/www.upo.es\/formacionpermanente\/wp-content\/imagenes\/uploads\/2024\/05\/Intervencion-con-menores.jpg\" class=\"elementor-section elementor-top-section elementor-element elementor-element-f288d71 elementor-section-height-min-height elementor-section-boxed elementor-section-height-default elementor-section-items-middle\" data-id=\"f288d71\" data-element_type=\"section\" data-e-type=\"section\" data-settings=\"{&quot;background_background&quot;:&quot;classic&quot;}\">\n\t\t\t\t\t\t\t<div class=\"elementor-background-overlay\"><\/div>\n\t\t\t\t\t\t\t<div class=\"elementor-container elementor-column-gap-default\">\n\t\t\t\t\t<div class=\"elementor-column elementor-col-100 elementor-top-column elementor-element elementor-element-1f9c96b\" data-id=\"1f9c96b\" data-element_type=\"column\" data-e-type=\"column\">\n\t\t\t<div class=\"elementor-widget-wrap elementor-element-populated\">\n\t\t\t\t\t\t<section class=\"elementor-section elementor-inner-section elementor-element elementor-element-7bb5492 elementor-section-boxed elementor-section-height-default elementor-section-height-default\" data-id=\"7bb5492\" data-element_type=\"section\" data-e-type=\"section\">\n\t\t\t\t\t\t<div class=\"elementor-container elementor-column-gap-default\">\n\t\t\t\t\t<div class=\"elementor-column elementor-col-100 elementor-inner-column elementor-element elementor-element-212d748\" data-id=\"212d748\" data-element_type=\"column\" data-e-type=\"column\">\n\t\t\t<div class=\"elementor-widget-wrap elementor-element-populated\">\n\t\t\t\t\t\t<div class=\"elementor-element elementor-element-8e9961a elementor-widget elementor-widget-elementskit-heading\" data-id=\"8e9961a\" data-element_type=\"widget\" data-e-type=\"widget\" data-widget_type=\"elementskit-heading.default\">\n\t\t\t\t<div class=\"elementor-widget-container\">\n\t\t\t\t\t<div class=\"ekit-wid-con\" ><div class=\"ekit-heading elementskit-section-title-wraper text_left   ekit_heading_tablet-   ekit_heading_mobile-\"><h3 class=\"elementskit-section-subtitle  \">\n\t\t\t\t\t\tDiploma de Experto \/ Certificado Universitario\n\t\t\t\t\t<\/h3>\t\t\t\t<div class='ekit-heading__description'>\n\t\t\t\t\t<p>I Ed.<\/p>\n\t\t\t\t<\/div>\n\t\t\t<\/div><\/div>\t\t\t\t<\/div>\n\t\t\t\t<\/div>\n\t\t\t\t<div data-dce-background-color=\"#64D197\" class=\"elementor-element elementor-element-047fcde elementor-align-left elementor-hidden-mobile elementor-widget elementor-widget-button\" data-id=\"047fcde\" data-element_type=\"widget\" data-e-type=\"widget\" data-widget_type=\"button.default\">\n\t\t\t\t<div class=\"elementor-widget-container\">\n\t\t\t\t\t\t\t\t\t<div class=\"elementor-button-wrapper\">\n\t\t\t\t\t<a class=\"elementor-button elementor-button-link elementor-size-lg\" href=\"#\">\n\t\t\t\t\t\t<span class=\"elementor-button-content-wrapper\">\n\t\t\t\t\t\t\t\t\t<span class=\"elementor-button-text\">Cerrada reserva de plaza<\/span>\n\t\t\t\t\t<\/span>\n\t\t\t\t\t<\/a>\n\t\t\t\t<\/div>\n\t\t\t\t\t\t\t\t<\/div>\n\t\t\t\t<\/div>\n\t\t\t\t\t<\/div>\n\t\t<\/div>\n\t\t\t\t\t<\/div>\n\t\t<\/section>\n\t\t\t\t\t<\/div>\n\t\t<\/div>\n\t\t\t\t\t<\/div>\n\t\t<\/section>\n\t\t\t\t<section class=\"elementor-section elementor-top-section elementor-element elementor-element-47ebf3e7 elementor-section-full_width elementor-reverse-mobile elementor-reverse-tablet elementor-section-height-default elementor-section-height-default\" data-id=\"47ebf3e7\" data-element_type=\"section\" data-e-type=\"section\">\n\t\t\t\t\t\t<div class=\"elementor-container elementor-column-gap-no\">\n\t\t\t\t\t<div class=\"elementor-column elementor-col-50 elementor-top-column elementor-element elementor-element-416bc0da\" data-id=\"416bc0da\" data-element_type=\"column\" data-e-type=\"column\">\n\t\t\t<div class=\"elementor-widget-wrap elementor-element-populated\">\n\t\t\t\t\t\t<section class=\"elementor-section elementor-inner-section elementor-element elementor-element-712e6ff2 elementor-section-full_width elementor-section-height-default elementor-section-height-default\" data-id=\"712e6ff2\" data-element_type=\"section\" data-e-type=\"section\">\n\t\t\t\t\t\t<div class=\"elementor-container elementor-column-gap-default\">\n\t\t\t\t\t<div class=\"elementor-column elementor-col-100 elementor-inner-column elementor-element elementor-element-4197660c\" data-id=\"4197660c\" data-element_type=\"column\" data-e-type=\"column\">\n\t\t\t<div class=\"elementor-widget-wrap elementor-element-populated\">\n\t\t\t\t\t\t<div class=\"elementor-element elementor-element-4a96554f elementor-widget elementor-widget-heading\" data-id=\"4a96554f\" data-element_type=\"widget\" data-e-type=\"widget\" data-widget_type=\"heading.default\">\n\t\t\t\t<div class=\"elementor-widget-container\">\n\t\t\t\t\t<h2 class=\"elementor-heading-title elementor-size-default\">\u00bfPor qu\u00e9 elegir este T\u00edtulo Propio de la Universidad Pablo de Olavide?<\/h2>\t\t\t\t<\/div>\n\t\t\t\t<\/div>\n\t\t\t\t<div class=\"elementor-element elementor-element-5319536 elementor-widget elementor-widget-text-editor\" data-id=\"5319536\" data-element_type=\"widget\" data-e-type=\"widget\" data-widget_type=\"text-editor.default\">\n\t\t\t\t<div class=\"elementor-widget-container\">\n\t\t\t\t\t\t\t\t\t<p>Adem\u00e1s de adaptar la formaci\u00f3n a los nuevos tiempos y retos, los t\u00edtulos propios universitarios forman a alumnos y profesionales de forma integral por profesorado que imparten la docencia que practican profesionalmente en su d\u00eda a d\u00eda del \u00e1mbito laboral, con amplios conocimientos que promueven el desarrollo de especializaci\u00f3n del alumnado.<\/p>\n\t\t\t\t\t\t\t\t<\/div>\n\t\t\t\t<\/div>\n\t\t\t\t\t<\/div>\n\t\t<\/div>\n\t\t\t\t\t<\/div>\n\t\t<\/section>\n\t\t\t\t<section class=\"elementor-section elementor-inner-section elementor-element elementor-element-7fa92af elementor-section-full_width elementor-section-height-default elementor-section-height-default\" data-id=\"7fa92af\" data-element_type=\"section\" data-e-type=\"section\">\n\t\t\t\t\t\t<div class=\"elementor-container elementor-column-gap-default\">\n\t\t\t\t\t<div class=\"elementor-column elementor-col-100 elementor-inner-column elementor-element elementor-element-2a5d8727\" data-id=\"2a5d8727\" data-element_type=\"column\" data-e-type=\"column\">\n\t\t\t<div class=\"elementor-widget-wrap elementor-element-populated\">\n\t\t\t\t\t\t<div class=\"elementor-element elementor-element-2cd0db2b elementor-widget elementor-widget-heading\" data-id=\"2cd0db2b\" data-element_type=\"widget\" data-e-type=\"widget\" data-widget_type=\"heading.default\">\n\t\t\t\t<div class=\"elementor-widget-container\">\n\t\t\t\t\t<h3 class=\"elementor-heading-title elementor-size-default\">Salidas profesionales<\/h3>\t\t\t\t<\/div>\n\t\t\t\t<\/div>\n\t\t\t\t<div class=\"elementor-element elementor-element-7ff2928c elementor-widget elementor-widget-text-editor\" data-id=\"7ff2928c\" data-element_type=\"widget\" data-e-type=\"widget\" data-widget_type=\"text-editor.default\">\n\t\t\t\t<div class=\"elementor-widget-container\">\n\t\t\t\t\t\t\t\t\t<p>En los \u00faltimos tiempos se requiere una gran especializaci\u00f3n profesional, siendo la universidad la encargada de formar acad\u00e9micamente proporcionando los conocimientos necesarios para el desempe\u00f1o y especializaci\u00f3n profesional en el \u00e1mbito de la especialidad de menores.<\/p>\n\t\t\t\t\t\t\t\t<\/div>\n\t\t\t\t<\/div>\n\t\t\t\t\t<\/div>\n\t\t<\/div>\n\t\t\t\t\t<\/div>\n\t\t<\/section>\n\t\t\t\t<section class=\"elementor-section elementor-inner-section elementor-element elementor-element-517f868 elementor-section-full_width elementor-section-height-default elementor-section-height-default\" data-id=\"517f868\" data-element_type=\"section\" data-e-type=\"section\">\n\t\t\t\t\t\t<div class=\"elementor-container elementor-column-gap-default\">\n\t\t\t\t\t<div class=\"elementor-column elementor-col-100 elementor-inner-column elementor-element elementor-element-44d2544f\" data-id=\"44d2544f\" data-element_type=\"column\" data-e-type=\"column\">\n\t\t\t<div class=\"elementor-widget-wrap elementor-element-populated\">\n\t\t\t\t\t\t<div class=\"elementor-element elementor-element-1f681dea elementor-widget elementor-widget-heading\" data-id=\"1f681dea\" data-element_type=\"widget\" data-e-type=\"widget\" data-widget_type=\"heading.default\">\n\t\t\t\t<div class=\"elementor-widget-container\">\n\t\t\t\t\t<h3 class=\"elementor-heading-title elementor-size-default\">\u00bfA qui\u00e9n va dirigido?<\/h3>\t\t\t\t<\/div>\n\t\t\t\t<\/div>\n\t\t\t\t<div class=\"elementor-element elementor-element-77123ab8 elementor-widget elementor-widget-text-editor\" data-id=\"77123ab8\" data-element_type=\"widget\" data-e-type=\"widget\" data-widget_type=\"text-editor.default\">\n\t\t\t\t<div class=\"elementor-widget-container\">\n\t\t\t\t\t\t\t\t\t<p>Estudiantes de Grado y Postgrado de Trabajo Social, Educaci\u00f3n Social, Psicolog\u00eda, Pedagog\u00eda, Derecho, as\u00ed como profesionales y personas interesadas en general.<\/p>\n\t\t\t\t\t\t\t\t<\/div>\n\t\t\t\t<\/div>\n\t\t\t\t\t<\/div>\n\t\t<\/div>\n\t\t\t\t\t<\/div>\n\t\t<\/section>\n\t\t\t\t<section class=\"elementor-section elementor-inner-section elementor-element elementor-element-6e9dd653 elementor-section-full_width elementor-hidden-mobile elementor-section-height-default elementor-section-height-default\" data-id=\"6e9dd653\" data-element_type=\"section\" data-e-type=\"section\" data-settings=\"{&quot;background_background&quot;:&quot;classic&quot;}\">\n\t\t\t\t\t\t<div class=\"elementor-container elementor-column-gap-default\">\n\t\t\t\t\t<div class=\"elementor-column elementor-col-100 elementor-inner-column elementor-element elementor-element-40b0897\" data-id=\"40b0897\" data-element_type=\"column\" data-e-type=\"column\">\n\t\t\t<div class=\"elementor-widget-wrap elementor-element-populated\">\n\t\t\t\t\t\t<div class=\"elementor-element elementor-element-1920aed9 elementor-widget elementor-widget-heading\" data-id=\"1920aed9\" data-element_type=\"widget\" data-e-type=\"widget\" data-widget_type=\"heading.default\">\n\t\t\t\t<div class=\"elementor-widget-container\">\n\t\t\t\t\t<h2 class=\"elementor-heading-title elementor-size-default\">Direcci\u00f3n del t\u00edtulo<\/h2>\t\t\t\t<\/div>\n\t\t\t\t<\/div>\n\t\t\t\t\t<\/div>\n\t\t<\/div>\n\t\t\t\t\t<\/div>\n\t\t<\/section>\n\t\t\t\t<section class=\"elementor-section elementor-inner-section elementor-element elementor-element-aa5c7ed elementor-section-content-middle elementor-section-boxed elementor-section-height-default elementor-section-height-default\" data-id=\"aa5c7ed\" data-element_type=\"section\" data-e-type=\"section\" data-settings=\"{&quot;background_background&quot;:&quot;classic&quot;}\">\n\t\t\t\t\t\t<div class=\"elementor-container elementor-column-gap-narrow\">\n\t\t\t\t\t<div class=\"elementor-column elementor-col-50 elementor-inner-column elementor-element elementor-element-f90de21\" data-id=\"f90de21\" data-element_type=\"column\" data-e-type=\"column\">\n\t\t\t<div class=\"elementor-widget-wrap elementor-element-populated\">\n\t\t\t\t\t\t<div class=\"elementor-element elementor-element-d5967f0 elementor-widget elementor-widget-elementskit-team\" data-id=\"d5967f0\" data-element_type=\"widget\" data-e-type=\"widget\" data-widget_type=\"elementskit-team.default\">\n\t\t\t\t<div class=\"elementor-widget-container\">\n\t\t\t\t\t<div class=\"ekit-wid-con\">\t\t\t\t\t\t\t\t\n\t\t<div class=\"profile-card elementor-animation- text-center ekit-team-style-default\">\n\t\t\t\n\t\t\t\t<div class=\"profile-header ekit-team-img ekit-img-overlay ekit-team-img-block\" >\n\t\t\t\t\t<img decoding=\"async\" width=\"181\" height=\"192\" src=\"https:\/\/www.upo.es\/formacionpermanente\/wp-content\/imagenes\/uploads\/2022\/09\/Concha-Nieto-Morales.png\" class=\"attachment-medium_large size-medium_large wp-image-9828\" alt=\"Concha Nieto Morales\" \/>\t\t\t\t<\/div><!-- .profile-header END -->\n\t\t\t\n\n\t\t\t\t<div class=\"profile-body\">\n\t\t\t\t\t\n\t\t\t\t\t<h2 class=\"profile-title\">\n\t\t\t\t\t\t\t\t\t\t\tD\u00f1a. Concepci\u00f3n Nieto Morales\t\t\t\t\t\t\t\t\t\t<\/h2>\n\t\t\t\t\t<p class=\"profile-designation\">Direcci\u00f3n Acad\u00e9mica<\/p>\n\t\t\t\t\t\t\t\t\t\t<p class=\"profile-content\">Profesora asociada del Departamento de Trabajo Social y Servicios Sociales<\/br>\n<strong>Universidad Pablo de Olavide<\/strong><\/p>\n\t\t\t\t\t\t\t\t\t<\/div><!-- .profile-body END -->\n\n\t\t\t\t\t\t\t\t<\/div>\n\t\t\t\t\t\t\t\n\t\t\t\n\t\t\t\t<\/div>\t\t\t\t<\/div>\n\t\t\t\t<\/div>\n\t\t\t\t\t<\/div>\n\t\t<\/div>\n\t\t\t\t<div class=\"elementor-column elementor-col-50 elementor-inner-column elementor-element elementor-element-477c98d\" data-id=\"477c98d\" data-element_type=\"column\" data-e-type=\"column\">\n\t\t\t<div class=\"elementor-widget-wrap elementor-element-populated\">\n\t\t\t\t\t\t<div class=\"elementor-element elementor-element-6a4acbf elementor-widget elementor-widget-elementskit-team\" data-id=\"6a4acbf\" data-element_type=\"widget\" data-e-type=\"widget\" data-widget_type=\"elementskit-team.default\">\n\t\t\t\t<div class=\"elementor-widget-container\">\n\t\t\t\t\t<div class=\"ekit-wid-con\">\t\t\t\t\t\t\t\t\n\t\t<div class=\"profile-card elementor-animation- text-center ekit-team-style-default\">\n\t\t\t\n\t\t\t\t<div class=\"profile-header ekit-team-img ekit-img-overlay ekit-team-img-block\" >\n\t\t\t\t\t<img fetchpriority=\"high\" decoding=\"async\" width=\"405\" height=\"441\" src=\"https:\/\/www.upo.es\/formacionpermanente\/wp-content\/imagenes\/uploads\/2024\/05\/Ma-Josefa-Vazquez-Fernandez.jpg\" class=\"attachment-medium_large size-medium_large wp-image-35413\" alt=\"M\u00aa Josefa V\u00e1zquez Fern\u00e1ndez\" srcset=\"https:\/\/www.upo.es\/formacionpermanente\/wp-content\/imagenes\/uploads\/2024\/05\/Ma-Josefa-Vazquez-Fernandez.jpg 405w, https:\/\/www.upo.es\/formacionpermanente\/wp-content\/imagenes\/uploads\/2024\/05\/Ma-Josefa-Vazquez-Fernandez-276x300.jpg 276w\" sizes=\"(max-width: 405px) 100vw, 405px\" \/>\t\t\t\t<\/div><!-- .profile-header END -->\n\t\t\t\n\n\t\t\t\t<div class=\"profile-body\">\n\t\t\t\t\t\n\t\t\t\t\t<h2 class=\"profile-title\">\n\t\t\t\t\t\t\t\t\t\t\tD\u00f1a. Mar\u00eda Josefa V\u00e1zquez Fern\u00e1ndez\t\t\t\t\t\t\t\t\t\t<\/h2>\n\t\t\t\t\t<p class=\"profile-designation\">Responsable de Calidad<\/p>\n\t\t\t\t\t\t\t\t\t\t<p class=\"profile-content\">Profesora Titular de Universidad del Departamento de Trabajo Social y Servicios Sociales<\/br>\n<strong>Universidad Pablo de Olavide<\/strong><\/p>\n\t\t\t\t\t\t\t\t\t<\/div><!-- .profile-body END -->\n\n\t\t\t\t\t\t\t\t<\/div>\n\t\t\t\t\t\t\t\n\t\t\t\n\t\t\t\t<\/div>\t\t\t\t<\/div>\n\t\t\t\t<\/div>\n\t\t\t\t\t<\/div>\n\t\t<\/div>\n\t\t\t\t\t<\/div>\n\t\t<\/section>\n\t\t\t\t<section class=\"elementor-section elementor-inner-section elementor-element elementor-element-254d44bd elementor-section-full_width elementor-section-height-default elementor-section-height-default\" data-id=\"254d44bd\" data-element_type=\"section\" data-e-type=\"section\">\n\t\t\t\t\t\t<div class=\"elementor-container elementor-column-gap-default\">\n\t\t\t\t\t<div class=\"elementor-column elementor-col-100 elementor-inner-column elementor-element elementor-element-2ba15c3c\" data-id=\"2ba15c3c\" data-element_type=\"column\" data-e-type=\"column\">\n\t\t\t<div class=\"elementor-widget-wrap elementor-element-populated\">\n\t\t\t\t\t\t<div class=\"elementor-element elementor-element-324fed81 elementor-widget elementor-widget-heading\" data-id=\"324fed81\" data-element_type=\"widget\" data-e-type=\"widget\" data-widget_type=\"heading.default\">\n\t\t\t\t<div class=\"elementor-widget-container\">\n\t\t\t\t\t<h3 class=\"elementor-heading-title elementor-size-default\">Plan de estudios<\/h3>\t\t\t\t<\/div>\n\t\t\t\t<\/div>\n\t\t\t\t<div class=\"elementor-element elementor-element-24636292 elementor-widget elementor-widget-text-editor\" data-id=\"24636292\" data-element_type=\"widget\" data-e-type=\"widget\" data-widget_type=\"text-editor.default\">\n\t\t\t\t<div class=\"elementor-widget-container\">\n\t\t\t\t\t\t\t\t\t<p>El programa en Intervenci\u00f3n con menores: Protecci\u00f3n y conflicto con la Ley solo se activar\u00e1 si se alcanza el n\u00famero m\u00ednimo de matr\u00edculas establecido en cada caso.<\/p>\n<h5><strong>Relaci\u00f3n de materias<\/strong><\/h5>\n<h6>M\u00f3dulo I: Menores: Protecci\u00f3n. 8 ECTS<\/h6>\n<p>Asignatura 1: Introducci\u00f3n curso y Aula virtual.<br \/>\nAsignatura 2:\u00a0 Una mirada retrospectiva. Protecci\u00f3n.<br \/>\nAsignatura 3:\u00a0 Marco Jur\u00eddico.<br \/>\nAsignatura 4: La atenci\u00f3n al menor en su medio.<\/p>\n<h6>M\u00f3dulo II: Menores Justicia Juvenil. 12 ECTS<\/h6>\n<p>Asignatura 1: Intervenci\u00f3n desde Justicia .<br \/>\nAsignatura 2: Los equipos Psicosociales de menores.<br \/>\nAsignatura 3: Ejecuci\u00f3n Medidas.<br \/>\nAsignatura 4: Casos pr\u00e1cticos.<\/p>\n\t\t\t\t\t\t\t\t<\/div>\n\t\t\t\t<\/div>\n\t\t\t\t\t<\/div>\n\t\t<\/div>\n\t\t\t\t\t<\/div>\n\t\t<\/section>\n\t\t\t\t<section class=\"elementor-section elementor-inner-section elementor-element elementor-element-6beba4b9 elementor-section-full_width elementor-hidden-mobile elementor-section-height-default elementor-section-height-default\" data-id=\"6beba4b9\" data-element_type=\"section\" data-e-type=\"section\">\n\t\t\t\t\t\t<div class=\"elementor-container elementor-column-gap-default\">\n\t\t\t\t\t<div class=\"elementor-column elementor-col-100 elementor-inner-column elementor-element elementor-element-172902eb\" data-id=\"172902eb\" data-element_type=\"column\" data-e-type=\"column\">\n\t\t\t<div class=\"elementor-widget-wrap elementor-element-populated\">\n\t\t\t\t\t\t<div class=\"elementor-element elementor-element-11cfe8c8 elementor-widget elementor-widget-heading\" data-id=\"11cfe8c8\" data-element_type=\"widget\" data-e-type=\"widget\" data-widget_type=\"heading.default\">\n\t\t\t\t<div class=\"elementor-widget-container\">\n\t\t\t\t\t<h3 class=\"elementor-heading-title elementor-size-default\">Profesorado<\/h3>\t\t\t\t<\/div>\n\t\t\t\t<\/div>\n\t\t\t\t<div class=\"elementor-element elementor-element-5e5086f0 elementor-widget elementor-widget-text-editor\" data-id=\"5e5086f0\" data-element_type=\"widget\" data-e-type=\"widget\" data-widget_type=\"text-editor.default\">\n\t\t\t\t<div class=\"elementor-widget-container\">\n\t\t\t\t\t\t\t\t\t<p><strong>D\u00f1a. Concepci\u00f3n Nieto Morales<\/strong><br \/>\nProfesora Asociada del Departamento de Trabajo Social y Servicios Sociales de la Universidad Pablo de Olavide.<\/p>\n<p><strong>D\u00f1a. Susana Hernando Ramos<\/strong><br \/>\nCoordinadora Fiscal de la Fiscal\u00eda de Sevilla.<\/p>\n<p><strong>D. Felipe Escanciano S\u00e1nchez<\/strong><br \/>\nJurista. Exjefe de servicio de la Consejer\u00eda de Justicia e Interior de la Junta Andaluc\u00eda.<\/p>\n\t\t\t\t\t\t\t\t<\/div>\n\t\t\t\t<\/div>\n\t\t\t\t\t<\/div>\n\t\t<\/div>\n\t\t\t\t\t<\/div>\n\t\t<\/section>\n\t\t\t\t<section class=\"elementor-section elementor-inner-section elementor-element elementor-element-5be0161f elementor-section-full_width elementor-hidden-mobile elementor-section-height-default elementor-section-height-default\" data-id=\"5be0161f\" data-element_type=\"section\" data-e-type=\"section\">\n\t\t\t\t\t\t<div class=\"elementor-container elementor-column-gap-default\">\n\t\t\t\t\t<div class=\"elementor-column elementor-col-100 elementor-inner-column elementor-element elementor-element-2a2e0913\" data-id=\"2a2e0913\" data-element_type=\"column\" data-e-type=\"column\">\n\t\t\t<div class=\"elementor-widget-wrap elementor-element-populated\">\n\t\t\t\t\t\t<div class=\"elementor-element elementor-element-3cec8a8d elementor-widget elementor-widget-heading\" data-id=\"3cec8a8d\" data-element_type=\"widget\" data-e-type=\"widget\" data-widget_type=\"heading.default\">\n\t\t\t\t<div class=\"elementor-widget-container\">\n\t\t\t\t\t<h3 class=\"elementor-heading-title elementor-size-default\">Metodolog\u00eda y evaluaci\u00f3n<\/h3>\t\t\t\t<\/div>\n\t\t\t\t<\/div>\n\t\t\t\t<div class=\"elementor-element elementor-element-689ccb6b elementor-widget elementor-widget-text-editor\" data-id=\"689ccb6b\" data-element_type=\"widget\" data-e-type=\"widget\" data-widget_type=\"text-editor.default\">\n\t\t\t\t<div class=\"elementor-widget-container\">\n\t\t\t\t\t\t\t\t\t<p>El curso se desarrollara de forma virtual en la plataforma virtual de la UPO.<\/p>\n<p>La metodolog\u00eda a utilizar ser\u00e1 una metodolog\u00eda Activa \/ participativa \/ trabajos individuales y trabajos grupales. Tutor\u00edas, participaci\u00f3n Sincr\u00f3nicas \/ A sincr\u00f3nicas con el docente.<\/p>\n<p>El alumnado tendr\u00e1 acceso a una serie de herramientas como son foros, chats, correo electr\u00f3nico, etc. mediante las cuales se desplegar\u00e1n actividades desde los foros relacionados con tem\u00e1ticas acordes con la formaci\u00f3n, que desarrollar\u00e1n actividades de aplicaci\u00f3n, reflexi\u00f3n complementarias y autoevaluaciones.<\/p>\n<p>Se indicar\u00e1 al alumnado el plazo de d\u00edas de que dispone para trabajar cada tema del curso. Durante dicho plazo, cada docente responsable del tema, propondr\u00e1 actividades, responder\u00e1 dudas, debatir\u00e1 con el alumnado a trav\u00e9s de foros, chats, e-mails, etc. y finalmente, acabado el plazo, el estudiante realizar\u00e1 una prueba tipo test de auto evaluaci\u00f3n.<\/p>\n<p>La metodolog\u00eda ser\u00e1 flexible y atender\u00e1 las necesidades del alumnado supervisado por el equipo docente y la coordinaci\u00f3n, seg\u00fan petici\u00f3n. Los contenidos se encuentran enmarcados en un calendario y distribuidos a lo largo del curso con duraci\u00f3n dependiendo de densidad del contenido del m\u00f3dulo.<\/p>\n<p>En el primer m\u00f3dulo el alumnado dispondr\u00e1 de una gu\u00eda did\u00e1ctica, que detallar\u00e1 las caracter\u00edsticas para realizar correcta y activamente el curso.<\/p>\n<p>El profesorado atender\u00e1, responder\u00e1 y supervisar\u00e1 todas las cuestiones que el alumnado necesite durante el desarrollo del curso con un seguimiento y feedback que motive al alumnado en el aprendizaje, planificaci\u00f3n y descripci\u00f3n de las actividades formativas<\/p>\n<p>Evaluaciones de adquisici\u00f3n de conceptos te\u00f3ricos: mediante prueba tipo test.<\/p>\n<ul>\n<li>Para evaluar valores, interrelaci\u00f3n de conceptos y sensibilizaci\u00f3n sobre la tem\u00e1tica: Participaci\u00f3n en foros de intervenci\u00f3n obligatoria, as\u00ed como preguntas realizadas por el profesorado del m\u00f3dulo.<\/li>\n<li>Adquisici\u00f3n de competencias y su aplicaci\u00f3n: mediante la resoluci\u00f3n de casos pr\u00e1cticos.<\/li>\n<\/ul>\n<h5>Evaluaci\u00f3n<\/h5>\n<p>La evaluaci\u00f3n se calcular\u00e1 en funci\u00f3n a los siguientes porcentajes:<\/p>\n<ul>\n<li>Asistencia: 80%.<\/li>\n<li>Pruebas te\u00f3ricas: 20%.<\/li>\n<\/ul>\n\t\t\t\t\t\t\t\t<\/div>\n\t\t\t\t<\/div>\n\t\t\t\t\t<\/div>\n\t\t<\/div>\n\t\t\t\t\t<\/div>\n\t\t<\/section>\n\t\t\t\t<section class=\"elementor-section elementor-inner-section elementor-element elementor-element-33e6115e elementor-section-full_width elementor-section-height-default elementor-section-height-default\" data-id=\"33e6115e\" data-element_type=\"section\" data-e-type=\"section\">\n\t\t\t\t\t\t<div class=\"elementor-container elementor-column-gap-default\">\n\t\t\t\t\t<div class=\"elementor-column elementor-col-100 elementor-inner-column elementor-element elementor-element-1f52122\" data-id=\"1f52122\" data-element_type=\"column\" data-e-type=\"column\">\n\t\t\t<div class=\"elementor-widget-wrap elementor-element-populated\">\n\t\t\t\t\t\t<div class=\"elementor-element elementor-element-1f4f0243 elementor-widget elementor-widget-heading\" data-id=\"1f4f0243\" data-element_type=\"widget\" data-e-type=\"widget\" data-widget_type=\"heading.default\">\n\t\t\t\t<div class=\"elementor-widget-container\">\n\t\t\t\t\t<h3 class=\"elementor-heading-title elementor-size-default\">Requisitos y perfil de acceso<\/h3>\t\t\t\t<\/div>\n\t\t\t\t<\/div>\n\t\t\t\t<div class=\"elementor-element elementor-element-76f7e781 elementor-widget elementor-widget-text-editor\" data-id=\"76f7e781\" data-element_type=\"widget\" data-e-type=\"widget\" data-widget_type=\"text-editor.default\">\n\t\t\t\t<div class=\"elementor-widget-container\">\n\t\t\t\t\t\t\t\t\t<p>Se plantean dos v\u00edas de acceso: para titulados universitarios y no universitarios obteniendo cada uno de ellos la titulaci\u00f3n correspondiente:<\/p>\n<h5><strong>Titulados Universitarios<\/strong><\/h5>\n<p>Podr\u00e1n acceder a los estudios de Diploma de Experto:<\/p>\n<ul>\n<li>Quienes est\u00e9n en posesi\u00f3n de un t\u00edtulo universitario de Grado espa\u00f1ol o equivalente.<\/li>\n<li>Quienes est\u00e9n en posesi\u00f3n de un t\u00edtulo expedido por una instituci\u00f3n de educaci\u00f3n superior del Espacio Europeo de Educaci\u00f3n Superior, que otorgue acceso a ense\u00f1anzas oficiales de Postgrado.<\/li>\n<li>Quienes est\u00e9n en posesi\u00f3n de un t\u00edtulo conforme a sistemas educativos ajenos al Espacio Europeo de Educaci\u00f3n Superior, que acredite un nivel de formaci\u00f3n equivalente a los correspondientes T\u00edtulos universitarios oficiales espa\u00f1oles de Grado, y que facultan en el pa\u00eds expedidor del t\u00edtulo para el acceso a ense\u00f1anzas de Postgrado. *<\/li>\n<li>Quienes acrediten haber superado al menos 180 cr\u00e9ditos ECTS correspondientes a ense\u00f1anzas oficiales de Grado. En este caso, para que el estudiante obtenga su t\u00edtulo, debe haber terminado sus estudios de Grado antes de la finalizaci\u00f3n del Diploma de Experto.<\/li>\n<li>Excepcionalmente, quienes acrediten experiencia profesional demostrada en un \u00e1mbito relacionado con el contenido del t\u00edtulo. Esta admisi\u00f3n estar\u00e1 condicionada a la autorizaci\u00f3n por la Comisi\u00f3n de Postgrado de la Universidad Pablo de Olavide.<\/li>\n<\/ul>\n<p><em>*No es necesario que estos t\u00edtulos se encuentren homologados en Espa\u00f1a.<\/em><\/p>\n<h5><strong>No universitarios<\/strong><\/h5>\n<p>Podr\u00e1n acceder a los estudios de Certificado Universitario:<\/p>\n<ul>\n<li style=\"list-style-type: none\">\n<ul>\n<li>Quienes acrediten, al menos, el nivel de acceso a los ciclos formativos de grado medio o superior. Para conocer los requisitos establecidos por la Junta de Andaluc\u00eda para acceder a los Ciclos de Formaci\u00f3n Profesional pinche en\u00a0<a href=\"https:\/\/www.juntadeandalucia.es\/temas\/estudiar\/fp\/requisitos.html\" target=\"_blank\" rel=\"noopener\">este enlace<\/a>.<\/li>\n<li>Excepcionalmente, quienes acrediten experiencia profesional demostrada en un \u00e1mbito relacionado con el contenido del t\u00edtulo. Esta admisi\u00f3n estar\u00e1 condicionada a la autorizaci\u00f3n por la Comisi\u00f3n de Postgrado de la Universidad Pablo de Olavide.<\/li>\n<\/ul>\n<\/li>\n<\/ul>\n\t\t\t\t\t\t\t\t<\/div>\n\t\t\t\t<\/div>\n\t\t\t\t\t<\/div>\n\t\t<\/div>\n\t\t\t\t\t<\/div>\n\t\t<\/section>\n\t\t\t\t<section class=\"elementor-section elementor-inner-section elementor-element elementor-element-24edb538 elementor-section-full_width elementor-section-height-default elementor-section-height-default\" data-id=\"24edb538\" data-element_type=\"section\" data-e-type=\"section\">\n\t\t\t\t\t\t<div class=\"elementor-container elementor-column-gap-default\">\n\t\t\t\t\t<div class=\"elementor-column elementor-col-100 elementor-inner-column elementor-element elementor-element-372fc0ee\" data-id=\"372fc0ee\" data-element_type=\"column\" data-e-type=\"column\">\n\t\t\t<div class=\"elementor-widget-wrap elementor-element-populated\">\n\t\t\t\t\t\t<div class=\"elementor-element elementor-element-1ca43e3e elementor-widget elementor-widget-heading\" data-id=\"1ca43e3e\" data-element_type=\"widget\" data-e-type=\"widget\" data-widget_type=\"heading.default\">\n\t\t\t\t<div class=\"elementor-widget-container\">\n\t\t\t\t\t<h3 class=\"elementor-heading-title elementor-size-default\">Horario<\/h3>\t\t\t\t<\/div>\n\t\t\t\t<\/div>\n\t\t\t\t<div class=\"elementor-element elementor-element-1fecda5f elementor-widget elementor-widget-text-editor\" data-id=\"1fecda5f\" data-element_type=\"widget\" data-e-type=\"widget\" data-widget_type=\"text-editor.default\">\n\t\t\t\t<div class=\"elementor-widget-container\">\n\t\t\t\t\t\t\t\t\t<p>Este Diploma de Experto se desarrollar\u00e1 <strong>del 8 de abril al 30 de junio de 2026<\/strong>.<\/p>\n<p>El curso es completamente online, pero no hay clases s\u00edncronas entre profesorado y alumnado. Habr\u00e1 un cronograma donde se detallen los temas que se imparten, las fechas de entrega de las actividades y las fechas de los ex\u00e1menes de autoevaluaci\u00f3n tipo test.<\/p>\n\t\t\t\t\t\t\t\t<\/div>\n\t\t\t\t<\/div>\n\t\t\t\t\t<\/div>\n\t\t<\/div>\n\t\t\t\t\t<\/div>\n\t\t<\/section>\n\t\t\t\t<section class=\"elementor-section elementor-inner-section elementor-element elementor-element-36fe8395 elementor-section-full_width elementor-section-height-default elementor-section-height-default\" data-id=\"36fe8395\" data-element_type=\"section\" data-e-type=\"section\">\n\t\t\t\t\t\t<div class=\"elementor-container elementor-column-gap-default\">\n\t\t\t\t\t<div class=\"elementor-column elementor-col-100 elementor-inner-column elementor-element elementor-element-318ac637\" data-id=\"318ac637\" data-element_type=\"column\" data-e-type=\"column\">\n\t\t\t<div class=\"elementor-widget-wrap elementor-element-populated\">\n\t\t\t\t\t\t<div class=\"elementor-element elementor-element-3fe319f3 elementor-widget elementor-widget-heading\" data-id=\"3fe319f3\" data-element_type=\"widget\" data-e-type=\"widget\" data-widget_type=\"heading.default\">\n\t\t\t\t<div class=\"elementor-widget-container\">\n\t\t\t\t\t<h3 class=\"elementor-heading-title elementor-size-default\">Precios y ayuda<\/h3>\t\t\t\t<\/div>\n\t\t\t\t<\/div>\n\t\t\t\t<div class=\"elementor-element elementor-element-63433d60 elementor-widget elementor-widget-text-editor\" data-id=\"63433d60\" data-element_type=\"widget\" data-e-type=\"widget\" data-widget_type=\"text-editor.default\">\n\t\t\t\t<div class=\"elementor-widget-container\">\n\t\t\t\t\t\t\t\t\t<h5><strong>Tasas<\/strong><\/h5>\n<p>550,00 \u20ac<\/p>\n<ul>\n<li>Este importe no incluye las\u00a0<strong>tasas de expedici\u00f3n del t\u00edtulo<\/strong>, puede acceder a la informaci\u00f3n en el\u00a0<a href=\"https:\/\/www.upo.es\/formacionpermanente\/titulos-propios\/como-solicitar-el-titulo-o-diploma-de-un-titulo-propio\/\" target=\"_blank\" rel=\"noopener\">siguiente enlace.<\/a><\/li>\n<li>Este importe no incluye las\u00a0<strong>tasas de expedici\u00f3n del carnet de estudiante<\/strong>, puede acceder a la informaci\u00f3n desde el\u00a0<a href=\"https:\/\/www.upo.es\/formacionpermanente\/titulos-propios\/carnet-de-estudiante-para-titulos-propios\/\" target=\"_blank\" rel=\"noopener\">siguiente enlace<\/a>.<\/li>\n<\/ul>\n<h5>\u00a0Pagos<\/h5>\n<h5><\/h5>\n<ul>\n<li>Reserva de plaza:\u00a0<strong>82,50 \u20ac<\/strong><\/li>\n<li>Matr\u00edcula (una vez comunicada la admisi\u00f3n y antes del inicio del programa):<strong>\u00a0467,50 \u20ac<\/strong><\/li>\n<\/ul>\n<p>El pago fraccionado no exime del abono completo de las tasas una vez iniciado el programa. Para consultar los motivos de devoluci\u00f3n de la Reserva de Plaza puede hacerlo desde\u00a0<a href=\"https:\/\/www.upo.es\/formacionpermanente\/wp-content\/imagenes\/uploads\/2025\/01\/BUPO-13-2024_Instruccion-Reserva-de-Plaza.pdf\" target=\"_blank\" rel=\"noopener\">aqu\u00ed.<\/a><\/p>\n<h5><strong>Reconocimiento de cr\u00e9ditos<\/strong><\/h5>\n<h4><\/h4>\n<p>El alumnado de la Universidad Pablo de Olavide una vez cursado y superado este T\u00edtulo Propio podr\u00e1 solicitar el reconocimiento de<strong>\u00a04 cr\u00e9ditos ECTS<\/strong>\u00a0en su expediente acad\u00e9mico de Grado.<\/p>\n<p>*Esta solicitud de reconocimiento no eximir\u00e1 del abono de las tasas correspondientes para el mismo, las cuales no se encuentran incluidas en el precio del curso. Seg\u00fan establece el Real Decreto por el que se determinan los precios p\u00fablicos para el curso en vigor, de las Universidades P\u00fablicas de Andaluc\u00eda por la prestaci\u00f3n de servicios acad\u00e9micos y administrativos:<\/p>\n<p><em>\u201cEl alumnado que solicite el reconocimiento de cr\u00e9ditos conforme a lo previsto en los art\u00edculos 6 y 12.8 del Real Decreto 1393\/2007, de 29 de octubre, abonar\u00e1 el 30% de los precios p\u00fablicos correspondientes.\u201d<\/em><\/p>\n<h5><strong>Ayudas al estudio<\/strong><\/h5>\n<p>Todos los programas de T\u00edtulos Propios ofrecen la posibilidad de solicitar una ayuda al estudio. Puede consultar la informaci\u00f3n completa y la fecha de la convocatoria\u00a0<a href=\"https:\/\/www.upo.es\/formacionpermanente\/titulos-propios\/ayudas-al-estudio-para-titulos-propios\/\">aqu\u00ed<\/a>.<\/p>\n\t\t\t\t\t\t\t\t<\/div>\n\t\t\t\t<\/div>\n\t\t\t\t\t<\/div>\n\t\t<\/div>\n\t\t\t\t\t<\/div>\n\t\t<\/section>\n\t\t\t\t<section class=\"elementor-section elementor-inner-section elementor-element elementor-element-725c0bb elementor-section-full_width elementor-section-height-default elementor-section-height-default\" data-id=\"725c0bb\" data-element_type=\"section\" data-e-type=\"section\">\n\t\t\t\t\t\t<div class=\"elementor-container elementor-column-gap-default\">\n\t\t\t\t\t<div class=\"elementor-column elementor-col-100 elementor-inner-column elementor-element elementor-element-b8f0525\" data-id=\"b8f0525\" data-element_type=\"column\" data-e-type=\"column\">\n\t\t\t<div class=\"elementor-widget-wrap elementor-element-populated\">\n\t\t\t\t\t\t<div class=\"elementor-element elementor-element-a84bc0c elementor-widget elementor-widget-heading\" data-id=\"a84bc0c\" data-element_type=\"widget\" data-e-type=\"widget\" data-widget_type=\"heading.default\">\n\t\t\t\t<div class=\"elementor-widget-container\">\n\t\t\t\t\t<h3 class=\"elementor-heading-title elementor-size-default\">\u00bfTienes alguna duda? Contacta con nosotros<\/h3>\t\t\t\t<\/div>\n\t\t\t\t<\/div>\n\t\t\t\t\t<\/div>\n\t\t<\/div>\n\t\t\t\t\t<\/div>\n\t\t<\/section>\n\t\t\t\t<section class=\"elementor-section elementor-inner-section elementor-element elementor-element-ef3ba98 elementor-section-boxed elementor-section-height-default elementor-section-height-default\" data-id=\"ef3ba98\" data-element_type=\"section\" data-e-type=\"section\">\n\t\t\t\t\t\t<div class=\"elementor-container elementor-column-gap-default\">\n\t\t\t\t\t<div class=\"elementor-column elementor-col-50 elementor-inner-column elementor-element elementor-element-d0e967e\" data-id=\"d0e967e\" data-element_type=\"column\" data-e-type=\"column\">\n\t\t\t<div class=\"elementor-widget-wrap elementor-element-populated\">\n\t\t\t\t\t\t<div class=\"elementor-element elementor-element-87a7a17 elementor-widget elementor-widget-text-editor\" data-id=\"87a7a17\" data-element_type=\"widget\" data-e-type=\"widget\" data-widget_type=\"text-editor.default\">\n\t\t\t\t<div class=\"elementor-widget-container\">\n\t\t\t\t\t\t\t\t\t<h5><strong>Para informaci\u00f3n acad\u00e9mica:<\/strong><\/h5>\t\t\t\t\t\t\t\t<\/div>\n\t\t\t\t<\/div>\n\t\t\t\t<div class=\"elementor-element elementor-element-4798d82 elementor-widget elementor-widget-text-editor\" data-id=\"4798d82\" data-element_type=\"widget\" data-e-type=\"widget\" data-widget_type=\"text-editor.default\">\n\t\t\t\t<div class=\"elementor-widget-container\">\n\t\t\t\t\t\t\t\t\tConcepci\u00f3n Nieto Morales\t\t\t\t\t\t\t\t<\/div>\n\t\t\t\t<\/div>\n\t\t\t\t<div class=\"elementor-element elementor-element-f3a0d06 elementor-widget elementor-widget-text-editor\" data-id=\"f3a0d06\" data-element_type=\"widget\" data-e-type=\"widget\" data-widget_type=\"text-editor.default\">\n\t\t\t\t<div class=\"elementor-widget-container\">\n\t\t\t\t\t\t\t\t\tconcepcionm@upo.es\t\t\t\t\t\t\t\t<\/div>\n\t\t\t\t<\/div>\n\t\t\t\t\t<\/div>\n\t\t<\/div>\n\t\t\t\t<div class=\"elementor-column elementor-col-50 elementor-inner-column elementor-element elementor-element-4f486df\" data-id=\"4f486df\" data-element_type=\"column\" data-e-type=\"column\">\n\t\t\t<div class=\"elementor-widget-wrap elementor-element-populated\">\n\t\t\t\t\t\t<div class=\"elementor-element elementor-element-0369e57 elementor-widget elementor-widget-text-editor\" data-id=\"0369e57\" data-element_type=\"widget\" data-e-type=\"widget\" data-widget_type=\"text-editor.default\">\n\t\t\t\t<div class=\"elementor-widget-container\">\n\t\t\t\t\t\t\t\t\t<h5>Para informaci\u00f3n administrativa:<\/h5><p>\u00c1rea de T\u00edtulos Propios<br \/>Tel: +34 954348963 \/ +34 954349066<br \/>titulospropios@fundacion.upo.es<\/p>\t\t\t\t\t\t\t\t<\/div>\n\t\t\t\t<\/div>\n\t\t\t\t\t<\/div>\n\t\t<\/div>\n\t\t\t\t\t<\/div>\n\t\t<\/section>\n\t\t\t\t<section class=\"elementor-section elementor-inner-section elementor-element elementor-element-db768ad elementor-section-full_width elementor-section-height-default elementor-section-height-default\" data-id=\"db768ad\" data-element_type=\"section\" data-e-type=\"section\" data-settings=\"{&quot;background_background&quot;:&quot;classic&quot;}\">\n\t\t\t\t\t\t<div class=\"elementor-container elementor-column-gap-wider\">\n\t\t\t\t\t<div class=\"elementor-column elementor-col-50 elementor-inner-column elementor-element elementor-element-b21cea2\" data-id=\"b21cea2\" data-element_type=\"column\" data-e-type=\"column\">\n\t\t\t<div class=\"elementor-widget-wrap elementor-element-populated\">\n\t\t\t\t\t\t<div class=\"elementor-element elementor-element-872bb4c elementor-widget elementor-widget-image\" data-id=\"872bb4c\" data-element_type=\"widget\" data-e-type=\"widget\" data-widget_type=\"image.default\">\n\t\t\t\t<div class=\"elementor-widget-container\">\n\t\t\t\t\t\t\t\t\t\t\t\t\t\t\t<img decoding=\"async\" width=\"768\" height=\"353\" src=\"https:\/\/www.upo.es\/formacionpermanente\/wp-content\/imagenes\/uploads\/2024\/02\/Calidad-Web-768x353.png\" class=\"attachment-medium_large size-medium_large wp-image-38133\" alt=\"\" srcset=\"https:\/\/www.upo.es\/formacionpermanente\/wp-content\/imagenes\/uploads\/2024\/02\/Calidad-Web-768x353.png 768w, https:\/\/www.upo.es\/formacionpermanente\/wp-content\/imagenes\/uploads\/2024\/02\/Calidad-Web-300x138.png 300w, https:\/\/www.upo.es\/formacionpermanente\/wp-content\/imagenes\/uploads\/2024\/02\/Calidad-Web.png 800w\" sizes=\"(max-width: 768px) 100vw, 768px\" \/>\t\t\t\t\t\t\t\t\t\t\t\t\t\t\t<\/div>\n\t\t\t\t<\/div>\n\t\t\t\t<div class=\"elementor-element elementor-element-b3b6b24 elementor-align-center elementor-widget elementor-widget-button\" data-id=\"b3b6b24\" data-element_type=\"widget\" data-e-type=\"widget\" data-widget_type=\"button.default\">\n\t\t\t\t<div class=\"elementor-widget-container\">\n\t\t\t\t\t\t\t\t\t<div class=\"elementor-button-wrapper\">\n\t\t\t\t\t<a class=\"elementor-button elementor-button-link elementor-size-sm\" href=\"https:\/\/www.upo.es\/formacionpermanente\/wp-content\/imagenes\/uploads\/2024\/09\/calidad-fupo-20242025.pdf\" target=\"_blank\">\n\t\t\t\t\t\t<span class=\"elementor-button-content-wrapper\">\n\t\t\t\t\t\t\t\t\t<span class=\"elementor-button-text\">Ver Certificado<\/span>\n\t\t\t\t\t<\/span>\n\t\t\t\t\t<\/a>\n\t\t\t\t<\/div>\n\t\t\t\t\t\t\t\t<\/div>\n\t\t\t\t<\/div>\n\t\t\t\t\t<\/div>\n\t\t<\/div>\n\t\t\t\t<div class=\"elementor-column elementor-col-50 elementor-inner-column elementor-element elementor-element-a41feb5\" data-id=\"a41feb5\" data-element_type=\"column\" data-e-type=\"column\">\n\t\t\t<div class=\"elementor-widget-wrap elementor-element-populated\">\n\t\t\t\t\t\t<div class=\"elementor-element elementor-element-12f2510 elementor-widget elementor-widget-heading\" data-id=\"12f2510\" data-element_type=\"widget\" data-e-type=\"widget\" data-widget_type=\"heading.default\">\n\t\t\t\t<div class=\"elementor-widget-container\">\n\t\t\t\t\t<h3 class=\"elementor-heading-title elementor-size-default\">Certificaci\u00f3n de Calidad - AENOR ISO 9001<\/h3>\t\t\t\t<\/div>\n\t\t\t\t<\/div>\n\t\t\t\t<div class=\"elementor-element elementor-element-0b50fed elementor-widget elementor-widget-text-editor\" data-id=\"0b50fed\" data-element_type=\"widget\" data-e-type=\"widget\" data-widget_type=\"text-editor.default\">\n\t\t\t\t<div class=\"elementor-widget-container\">\n\t\t\t\t\t\t\t\t\t<div data-id=\"5b61699\" data-element_type=\"widget\" data-widget_type=\"text-editor.default\"><div><p>La <strong>Fundaci\u00f3n Universidad Pablo de Olavide<\/strong>, ha asumido su compromiso con la gesti\u00f3n de la calidad desde el a\u00f1o 2003, fecha en la que se obtuvo por primera vez la certificaci\u00f3n de su <strong>Sistema de Gesti\u00f3n de la Calidad<\/strong>. Desde ese momento, se ha apostado por un proceso de mejora continua que ha permitido la evoluci\u00f3n del sistema de gesti\u00f3n de la Fundaci\u00f3n en sus nuevos retos operativos, conforme siempre a los est\u00e1ndares de calidad de la normas ISO.<\/p><p>El alcance del Certificado de Calidad de la Fundaci\u00f3n recoge las actividades de <strong>Gesti\u00f3n de Pr\u00e1cticas Acad\u00e9micas Externas<\/strong> (Curriculares y Extracurriculares) y <strong>Gesti\u00f3n de Formaci\u00f3n Permanente<\/strong> (T\u00edtulos Propios y Microcredenciales).<\/p><\/div><\/div>\t\t\t\t\t\t\t\t<\/div>\n\t\t\t\t<\/div>\n\t\t\t\t\t<\/div>\n\t\t<\/div>\n\t\t\t\t\t<\/div>\n\t\t<\/section>\n\t\t\t\t\t<\/div>\n\t\t<\/div>\n\t\t\t\t<div class=\"elementor-column elementor-col-50 elementor-top-column elementor-element elementor-element-f989806\" data-id=\"f989806\" data-element_type=\"column\" data-e-type=\"column\" data-settings=\"{&quot;background_background&quot;:&quot;classic&quot;}\">\n\t\t\t<div class=\"elementor-widget-wrap elementor-element-populated\">\n\t\t\t\t\t\t<section class=\"elementor-section elementor-inner-section elementor-element elementor-element-9553066 elementor-section-full_width elementor-hidden-tablet elementor-hidden-mobile elementor-section-height-default elementor-section-height-default\" data-id=\"9553066\" data-element_type=\"section\" data-e-type=\"section\" data-settings=\"{&quot;sticky&quot;:&quot;top&quot;,&quot;sticky_on&quot;:[&quot;desktop&quot;],&quot;sticky_parent&quot;:&quot;yes&quot;,&quot;sticky_offset&quot;:50,&quot;sticky_effects_offset&quot;:0,&quot;sticky_anchor_link_offset&quot;:0}\">\n\t\t\t\t\t\t<div class=\"elementor-container elementor-column-gap-no\">\n\t\t\t\t\t<div class=\"elementor-column elementor-col-100 elementor-inner-column elementor-element elementor-element-1470c6f\" data-id=\"1470c6f\" data-element_type=\"column\" data-e-type=\"column\">\n\t\t\t<div class=\"elementor-widget-wrap elementor-element-populated\">\n\t\t\t\t\t\t<div class=\"elementor-element elementor-element-a148524 elementor-align-left elementor-tablet-align-center elementor-hidden-desktop elementor-hidden-tablet elementor-hidden-mobile elementor-widget elementor-widget-button\" data-id=\"a148524\" data-element_type=\"widget\" data-e-type=\"widget\" data-widget_type=\"button.default\">\n\t\t\t\t<div class=\"elementor-widget-container\">\n\t\t\t\t\t\t\t\t\t<div class=\"elementor-button-wrapper\">\n\t\t\t\t\t<a class=\"elementor-button elementor-button-link elementor-size-md\" href=\"https:\/\/www.upo.es\/automat-fund\/web\/index.php?CursoSearch%5BNOMBRE%5D=PROTECCION+Y+CONFLICTO&#038;CursoSearch%5BCOD_MODALIDAD%5D=&#038;CursoSearch%5BenPlazo%5D=&#038;r=curso%2Flista&#038;tipo%5B0%5D=DEXP&#038;tipo%5B1%5D=CU&#038;page=3\">\n\t\t\t\t\t\t<span class=\"elementor-button-content-wrapper\">\n\t\t\t\t\t\t\t\t\t<span class=\"elementor-button-text\">Realizar reserva de plaza<\/span>\n\t\t\t\t\t<\/span>\n\t\t\t\t\t<\/a>\n\t\t\t\t<\/div>\n\t\t\t\t\t\t\t\t<\/div>\n\t\t\t\t<\/div>\n\t\t\t\t<div class=\"elementor-element elementor-element-5d8c61d elementor-widget elementor-widget-heading\" data-id=\"5d8c61d\" data-element_type=\"widget\" data-e-type=\"widget\" data-widget_type=\"heading.default\">\n\t\t\t\t<div class=\"elementor-widget-container\">\n\t\t\t\t\t<h4 class=\"elementor-heading-title elementor-size-default\">Modalidad<\/h4>\t\t\t\t<\/div>\n\t\t\t\t<\/div>\n\t\t\t\t<div class=\"elementor-element elementor-element-4780857 elementor-widget elementor-widget-heading\" data-id=\"4780857\" data-element_type=\"widget\" data-e-type=\"widget\" data-widget_type=\"heading.default\">\n\t\t\t\t<div class=\"elementor-widget-container\">\n\t\t\t\t\t<h5 class=\"elementor-heading-title elementor-size-default\">Online<\/h5>\t\t\t\t<\/div>\n\t\t\t\t<\/div>\n\t\t\t\t<div class=\"elementor-element elementor-element-388e724 elementor-widget elementor-widget-heading\" data-id=\"388e724\" data-element_type=\"widget\" data-e-type=\"widget\" data-widget_type=\"heading.default\">\n\t\t\t\t<div class=\"elementor-widget-container\">\n\t\t\t\t\t<h4 class=\"elementor-heading-title elementor-size-default\">Inicio del curso<\/h4>\t\t\t\t<\/div>\n\t\t\t\t<\/div>\n\t\t\t\t<div class=\"elementor-element elementor-element-ecd63b2 elementor-widget elementor-widget-heading\" data-id=\"ecd63b2\" data-element_type=\"widget\" data-e-type=\"widget\" data-widget_type=\"heading.default\">\n\t\t\t\t<div class=\"elementor-widget-container\">\n\t\t\t\t\t<h5 class=\"elementor-heading-title elementor-size-default\">08\/04\/2026<\/h5>\t\t\t\t<\/div>\n\t\t\t\t<\/div>\n\t\t\t\t<div class=\"elementor-element elementor-element-5af2111 elementor-widget elementor-widget-heading\" data-id=\"5af2111\" data-element_type=\"widget\" data-e-type=\"widget\" data-widget_type=\"heading.default\">\n\t\t\t\t<div class=\"elementor-widget-container\">\n\t\t\t\t\t<h4 class=\"elementor-heading-title elementor-size-default\">Calendario acad\u00e9mico<\/h4>\t\t\t\t<\/div>\n\t\t\t\t<\/div>\n\t\t\t\t<div class=\"elementor-element elementor-element-0e2dfd7 elementor-align-left elementor-widget elementor-widget-button\" data-id=\"0e2dfd7\" data-element_type=\"widget\" data-e-type=\"widget\" data-widget_type=\"button.default\">\n\t\t\t\t<div class=\"elementor-widget-container\">\n\t\t\t\t\t\t\t\t\t<div class=\"elementor-button-wrapper\">\n\t\t\t\t\t<a class=\"elementor-button elementor-button-link elementor-size-md\" href=\"https:\/\/www.upo.es\/formacionpermanente\/wp-content\/imagenes\/uploads\/2025\/02\/DEX2025-10_Calendario-1.pdf\">\n\t\t\t\t\t\t<span class=\"elementor-button-content-wrapper\">\n\t\t\t\t\t\t\t\t\t<span class=\"elementor-button-text\">Haz clic aqu\u00ed para consultar<\/span>\n\t\t\t\t\t<\/span>\n\t\t\t\t\t<\/a>\n\t\t\t\t<\/div>\n\t\t\t\t\t\t\t\t<\/div>\n\t\t\t\t<\/div>\n\t\t\t\t<div class=\"elementor-element elementor-element-b5f207c elementor-widget elementor-widget-heading\" data-id=\"b5f207c\" data-element_type=\"widget\" data-e-type=\"widget\" data-widget_type=\"heading.default\">\n\t\t\t\t<div class=\"elementor-widget-container\">\n\t\t\t\t\t<h4 class=\"elementor-heading-title elementor-size-default\">Cr\u00e9ditos<\/h4>\t\t\t\t<\/div>\n\t\t\t\t<\/div>\n\t\t\t\t<div class=\"elementor-element elementor-element-a5feb63 elementor-widget elementor-widget-heading\" data-id=\"a5feb63\" data-element_type=\"widget\" data-e-type=\"widget\" data-widget_type=\"heading.default\">\n\t\t\t\t<div class=\"elementor-widget-container\">\n\t\t\t\t\t<h5 class=\"elementor-heading-title elementor-size-default\">20 ECTS<\/h5>\t\t\t\t<\/div>\n\t\t\t\t<\/div>\n\t\t\t\t<div class=\"elementor-element elementor-element-fbe1cbd elementor-widget elementor-widget-heading\" data-id=\"fbe1cbd\" data-element_type=\"widget\" data-e-type=\"widget\" data-widget_type=\"heading.default\">\n\t\t\t\t<div class=\"elementor-widget-container\">\n\t\t\t\t\t<h4 class=\"elementor-heading-title elementor-size-default\">Precio del curso<\/h4>\t\t\t\t<\/div>\n\t\t\t\t<\/div>\n\t\t\t\t<div class=\"elementor-element elementor-element-721ffe5 elementor-widget elementor-widget-heading\" data-id=\"721ffe5\" data-element_type=\"widget\" data-e-type=\"widget\" data-widget_type=\"heading.default\">\n\t\t\t\t<div class=\"elementor-widget-container\">\n\t\t\t\t\t<h5 class=\"elementor-heading-title elementor-size-default\">550,00 \u20ac<\/h5>\t\t\t\t<\/div>\n\t\t\t\t<\/div>\n\t\t\t\t<div data-dce-title-color=\"#00335B\" class=\"elementor-element elementor-element-14c6cb3 elementor-cta--skin-cover elementor-cta--valign-middle elementor-bg-transform elementor-bg-transform-zoom-out elementor-widget elementor-widget-call-to-action\" data-id=\"14c6cb3\" data-element_type=\"widget\" data-e-type=\"widget\" data-widget_type=\"call-to-action.default\">\n\t\t\t\t<div class=\"elementor-widget-container\">\n\t\t\t\t\t\t\t<a class=\"elementor-cta\" href=\"#elementor-action%3Aaction%3Dpopup%3Aopen%26settings%3DeyJpZCI6IjE5MTA1IiwidG9nZ2xlIjpmYWxzZX0%3D\">\n\t\t\t\t\t<div class=\"elementor-cta__bg-wrapper\">\n\t\t\t\t<div class=\"elementor-cta__bg elementor-bg\" style=\"background-image: url(https:\/\/www.upo.es\/formacionpermanente\/wp-content\/imagenes\/uploads\/2022\/10\/microcredenciales-1.jpg);\" role=\"img\" aria-label=\"microcredenciales-1\"><\/div>\n\t\t\t\t<div class=\"elementor-cta__bg-overlay\"><\/div>\n\t\t\t<\/div>\n\t\t\t\t\t\t\t<div class=\"elementor-cta__content\">\n\t\t\t\t\n\t\t\t\t\t\t\t\t\t<h2 class=\"elementor-cta__title elementor-cta__content-item elementor-content-item\">\n\t\t\t\t\t\t\u00bfNecesitas m\u00e1s informaci\u00f3n?\t\t\t\t\t<\/h2>\n\t\t\t\t\n\t\t\t\t\t\t\t\t\t<div class=\"elementor-cta__description elementor-cta__content-item elementor-content-item\">\n\t\t\t\t\t\t\u00bfTienes alguna duda sobre este t\u00edtulo propio? \u00bfQuieres que te avisemos de la pr\u00f3xima edici\u00f3n?\t\t\t\t\t<\/div>\n\t\t\t\t\n\t\t\t\t\t\t\t\t\t<div class=\"elementor-cta__button-wrapper elementor-cta__content-item elementor-content-item \">\n\t\t\t\t\t<span class=\"elementor-cta__button elementor-button elementor-size-md\">\n\t\t\t\t\t\tContacta con nosotros\t\t\t\t\t<\/span>\n\t\t\t\t\t<\/div>\n\t\t\t\t\t\t\t<\/div>\n\t\t\t\t\t\t<\/a>\n\t\t\t\t\t\t<\/div>\n\t\t\t\t<\/div>\n\t\t\t\t\t<\/div>\n\t\t<\/div>\n\t\t\t\t\t<\/div>\n\t\t<\/section>\n\t\t\t\t<section class=\"elementor-section elementor-inner-section elementor-element elementor-element-c2a28b4 elementor-section-full_width elementor-section-content-middle elementor-hidden-desktop elementor-section-height-default elementor-section-height-default\" data-id=\"c2a28b4\" data-element_type=\"section\" data-e-type=\"section\" data-settings=\"{&quot;sticky&quot;:&quot;top&quot;,&quot;sticky_on&quot;:[&quot;desktop&quot;],&quot;sticky_parent&quot;:&quot;yes&quot;,&quot;sticky_offset&quot;:0,&quot;sticky_effects_offset&quot;:0,&quot;sticky_anchor_link_offset&quot;:0}\">\n\t\t\t\t\t\t<div class=\"elementor-container elementor-column-gap-extended\">\n\t\t\t\t\t<div class=\"elementor-column elementor-col-25 elementor-inner-column elementor-element elementor-element-5708510\" data-id=\"5708510\" data-element_type=\"column\" data-e-type=\"column\">\n\t\t\t<div class=\"elementor-widget-wrap elementor-element-populated\">\n\t\t\t\t\t\t<div class=\"elementor-element elementor-element-0c890f3 elementor-widget elementor-widget-heading\" data-id=\"0c890f3\" data-element_type=\"widget\" data-e-type=\"widget\" data-widget_type=\"heading.default\">\n\t\t\t\t<div class=\"elementor-widget-container\">\n\t\t\t\t\t<h4 class=\"elementor-heading-title elementor-size-default\">Modalidad<\/h4>\t\t\t\t<\/div>\n\t\t\t\t<\/div>\n\t\t\t\t<div class=\"elementor-element elementor-element-d4a98b1 elementor-widget elementor-widget-heading\" data-id=\"d4a98b1\" data-element_type=\"widget\" data-e-type=\"widget\" data-widget_type=\"heading.default\">\n\t\t\t\t<div class=\"elementor-widget-container\">\n\t\t\t\t\t<h5 class=\"elementor-heading-title elementor-size-default\">Online<\/h5>\t\t\t\t<\/div>\n\t\t\t\t<\/div>\n\t\t\t\t\t<\/div>\n\t\t<\/div>\n\t\t\t\t<div class=\"elementor-column elementor-col-25 elementor-inner-column elementor-element elementor-element-eeaf3c6\" data-id=\"eeaf3c6\" data-element_type=\"column\" data-e-type=\"column\">\n\t\t\t<div class=\"elementor-widget-wrap elementor-element-populated\">\n\t\t\t\t\t\t<div class=\"elementor-element elementor-element-eb9833a elementor-widget elementor-widget-heading\" data-id=\"eb9833a\" data-element_type=\"widget\" data-e-type=\"widget\" data-widget_type=\"heading.default\">\n\t\t\t\t<div class=\"elementor-widget-container\">\n\t\t\t\t\t<h4 class=\"elementor-heading-title elementor-size-default\">Inicio del curso<\/h4>\t\t\t\t<\/div>\n\t\t\t\t<\/div>\n\t\t\t\t<div class=\"elementor-element elementor-element-a68c9d4 elementor-widget elementor-widget-heading\" data-id=\"a68c9d4\" data-element_type=\"widget\" data-e-type=\"widget\" data-widget_type=\"heading.default\">\n\t\t\t\t<div class=\"elementor-widget-container\">\n\t\t\t\t\t<h5 class=\"elementor-heading-title elementor-size-default\">08\/04\/2026<\/h5>\t\t\t\t<\/div>\n\t\t\t\t<\/div>\n\t\t\t\t<div class=\"elementor-element elementor-element-af4bc3c elementor-mobile-align-center elementor-widget elementor-widget-button\" data-id=\"af4bc3c\" data-element_type=\"widget\" data-e-type=\"widget\" data-widget_type=\"button.default\">\n\t\t\t\t<div class=\"elementor-widget-container\">\n\t\t\t\t\t\t\t\t\t<div class=\"elementor-button-wrapper\">\n\t\t\t\t\t<a class=\"elementor-button elementor-button-link elementor-size-sm\" href=\"https:\/\/www.upo.es\/formacionpermanente\/wp-content\/imagenes\/uploads\/2025\/02\/DEX2025-10_Calendario-1.pdf\">\n\t\t\t\t\t\t<span class=\"elementor-button-content-wrapper\">\n\t\t\t\t\t\t\t\t\t<span class=\"elementor-button-text\">Consultar calendario<\/span>\n\t\t\t\t\t<\/span>\n\t\t\t\t\t<\/a>\n\t\t\t\t<\/div>\n\t\t\t\t\t\t\t\t<\/div>\n\t\t\t\t<\/div>\n\t\t\t\t\t<\/div>\n\t\t<\/div>\n\t\t\t\t<div class=\"elementor-column elementor-col-25 elementor-inner-column elementor-element elementor-element-b308ab7\" data-id=\"b308ab7\" data-element_type=\"column\" data-e-type=\"column\">\n\t\t\t<div class=\"elementor-widget-wrap elementor-element-populated\">\n\t\t\t\t\t\t<div class=\"elementor-element elementor-element-21afa67 elementor-widget elementor-widget-heading\" data-id=\"21afa67\" data-element_type=\"widget\" data-e-type=\"widget\" data-widget_type=\"heading.default\">\n\t\t\t\t<div class=\"elementor-widget-container\">\n\t\t\t\t\t<h4 class=\"elementor-heading-title elementor-size-default\">Cr\u00e9ditos<\/h4>\t\t\t\t<\/div>\n\t\t\t\t<\/div>\n\t\t\t\t<div class=\"elementor-element elementor-element-92f9140 elementor-widget elementor-widget-heading\" data-id=\"92f9140\" data-element_type=\"widget\" data-e-type=\"widget\" data-widget_type=\"heading.default\">\n\t\t\t\t<div class=\"elementor-widget-container\">\n\t\t\t\t\t<h5 class=\"elementor-heading-title elementor-size-default\">20 ECTS<\/h5>\t\t\t\t<\/div>\n\t\t\t\t<\/div>\n\t\t\t\t\t<\/div>\n\t\t<\/div>\n\t\t\t\t<div class=\"elementor-column elementor-col-25 elementor-inner-column elementor-element elementor-element-d584e4c\" data-id=\"d584e4c\" data-element_type=\"column\" data-e-type=\"column\">\n\t\t\t<div class=\"elementor-widget-wrap elementor-element-populated\">\n\t\t\t\t\t\t<div class=\"elementor-element elementor-element-ccf7c11 elementor-widget elementor-widget-heading\" data-id=\"ccf7c11\" data-element_type=\"widget\" data-e-type=\"widget\" data-widget_type=\"heading.default\">\n\t\t\t\t<div class=\"elementor-widget-container\">\n\t\t\t\t\t<h4 class=\"elementor-heading-title elementor-size-default\">Precio del curso<\/h4>\t\t\t\t<\/div>\n\t\t\t\t<\/div>\n\t\t\t\t<div class=\"elementor-element elementor-element-1765d81 elementor-widget elementor-widget-heading\" data-id=\"1765d81\" data-element_type=\"widget\" data-e-type=\"widget\" data-widget_type=\"heading.default\">\n\t\t\t\t<div class=\"elementor-widget-container\">\n\t\t\t\t\t<h5 class=\"elementor-heading-title elementor-size-default\">550,00<\/h5>\t\t\t\t<\/div>\n\t\t\t\t<\/div>\n\t\t\t\t\t<\/div>\n\t\t<\/div>\n\t\t\t\t\t<\/div>\n\t\t<\/section>\n\t\t\t\t\t<\/div>\n\t\t<\/div>\n\t\t\t\t\t<\/div>\n\t\t<\/section>\n\t\t\t\t<section class=\"elementor-section elementor-top-section elementor-element elementor-element-7b29030b elementor-section-full_width elementor-hidden-desktop elementor-section-height-default elementor-section-height-default\" data-id=\"7b29030b\" data-element_type=\"section\" data-e-type=\"section\">\n\t\t\t\t\t\t<div class=\"elementor-container elementor-column-gap-default\">\n\t\t\t\t\t<div class=\"elementor-column elementor-col-100 elementor-top-column elementor-element elementor-element-7019f307\" data-id=\"7019f307\" data-element_type=\"column\" data-e-type=\"column\">\n\t\t\t<div class=\"elementor-widget-wrap elementor-element-populated\">\n\t\t\t\t\t\t<div class=\"elementor-element elementor-element-1eb3ef37 elementor-align-center elementor-tablet-align-center elementor-widget elementor-widget-button\" data-id=\"1eb3ef37\" data-element_type=\"widget\" data-e-type=\"widget\" data-settings=\"{&quot;sticky&quot;:&quot;bottom&quot;,&quot;sticky_on&quot;:[&quot;tablet&quot;,&quot;mobile&quot;],&quot;sticky_offset_tablet&quot;:80,&quot;sticky_offset_mobile&quot;:50,&quot;sticky_offset&quot;:0,&quot;sticky_effects_offset&quot;:0,&quot;sticky_anchor_link_offset&quot;:0}\" data-widget_type=\"button.default\">\n\t\t\t\t<div class=\"elementor-widget-container\">\n\t\t\t\t\t\t\t\t\t<div class=\"elementor-button-wrapper\">\n\t\t\t\t\t<a class=\"elementor-button elementor-button-link elementor-size-lg\" href=\"https:\/\/www.upo.es\/automat-fund\/web\/index.php?CursoSearch%5BNOMBRE%5D=PROTECCION+Y+CONFLICTO&#038;CursoSearch%5BCOD_MODALIDAD%5D=&#038;CursoSearch%5BenPlazo%5D=&#038;r=curso%2Flista&#038;tipo%5B0%5D=DEXP&#038;tipo%5B1%5D=CU&#038;page=3\">\n\t\t\t\t\t\t<span class=\"elementor-button-content-wrapper\">\n\t\t\t\t\t\t\t\t\t<span class=\"elementor-button-text\">Realizar reserva de plaza<\/span>\n\t\t\t\t\t<\/span>\n\t\t\t\t\t<\/a>\n\t\t\t\t<\/div>\n\t\t\t\t\t\t\t\t<\/div>\n\t\t\t\t<\/div>\n\t\t\t\t\t<\/div>\n\t\t<\/div>\n\t\t\t\t\t<\/div>\n\t\t<\/section>\n\t\t\t\t<section class=\"elementor-section elementor-top-section elementor-element elementor-element-55559f62 elementor-section-full_width elementor-section-height-default elementor-section-height-default\" data-id=\"55559f62\" data-element_type=\"section\" data-e-type=\"section\">\n\t\t\t\t\t\t<div class=\"elementor-container elementor-column-gap-wide\">\n\t\t\t\t\t<div class=\"elementor-column elementor-col-100 elementor-top-column elementor-element elementor-element-53286a15\" data-id=\"53286a15\" data-element_type=\"column\" data-e-type=\"column\">\n\t\t\t<div class=\"elementor-widget-wrap elementor-element-populated\">\n\t\t\t\t\t\t<div class=\"elementor-element elementor-element-78fa99f2 elementor-hidden-desktop elementor-widget elementor-widget-text-editor\" data-id=\"78fa99f2\" data-element_type=\"widget\" data-e-type=\"widget\" data-widget_type=\"text-editor.default\">\n\t\t\t\t<div class=\"elementor-widget-container\">\n\t\t\t\t\t\t\t\t\t<p><em>Para consultar la informaci\u00f3n completa de este T\u00edtulo Propio, por favor visite esta web en un ordenador de escritorio.<\/em><\/p>\t\t\t\t\t\t\t\t<\/div>\n\t\t\t\t<\/div>\n\t\t\t\t\t<\/div>\n\t\t<\/div>\n\t\t\t\t\t<\/div>\n\t\t<\/section>\n\t\t\t\t<\/div>\n\t\t","protected":false},"featured_media":35615,"template":"","meta":{"_acf_changed":false,"site-sidebar-layout":"no-sidebar","site-content-layout":"page-builder","ast-site-content-layout":"full-width-container","site-content-style":"unboxed","site-sidebar-style":"unboxed","ast-global-header-display":"","ast-banner-title-visibility":"disabled","ast-main-header-display":"disabled","ast-hfb-above-header-display":"disabled","ast-hfb-below-header-display":"","ast-hfb-mobile-header-display":"disabled","site-post-title":"disabled","ast-breadcrumbs-content":"disabled","ast-featured-img":"disabled","footer-sml-layout":"disabled","ast-disable-related-posts":"","theme-transparent-header-meta":"default","adv-header-id-meta":"","stick-header-meta":"default","header-above-stick-meta":"","header-main-stick-meta":"","header-below-stick-meta":"","astra-migrate-meta-layouts":"set","ast-page-background-enabled":"default","ast-page-background-meta":{"desktop":{"background-color":"var(--ast-global-color-4)","background-image":"","background-repeat":"repeat","background-position":"center center","background-size":"auto","background-attachment":"scroll","background-type":"","background-media":"","overlay-type":"","overlay-color":"","overlay-opacity":"","overlay-gradient":""},"tablet":{"background-color":"","background-image":"","background-repeat":"repeat","background-position":"center center","background-size":"auto","background-attachment":"scroll","background-type":"","background-media":"","overlay-type":"","overlay-color":"","overlay-opacity":"","overlay-gradient":""},"mobile":{"background-color":"","background-image":"","background-repeat":"repeat","background-position":"center center","background-size":"auto","background-attachment":"scroll","background-type":"","background-media":"","overlay-type":"","overlay-color":"","overlay-opacity":"","overlay-gradient":""}},"ast-content-background-meta":{"desktop":{"background-color":"var(--ast-global-color-5)","background-image":"","background-repeat":"repeat","background-position":"center center","background-size":"auto","background-attachment":"scroll","background-type":"","background-media":"","overlay-type":"","overlay-color":"","overlay-opacity":"","overlay-gradient":""},"tablet":{"background-color":"var(--ast-global-color-5)","background-image":"","background-repeat":"repeat","background-position":"center center","background-size":"auto","background-attachment":"scroll","background-type":"","background-media":"","overlay-type":"","overlay-color":"","overlay-opacity":"","overlay-gradient":""},"mobile":{"background-color":"var(--ast-global-color-5)","background-image":"","background-repeat":"repeat","background-position":"center center","background-size":"auto","background-attachment":"scroll","background-type":"","background-media":"","overlay-type":"","overlay-color":"","overlay-opacity":"","overlay-gradient":""}}},"categories":[631,52],"tags":[677],"titulos_propios":[],"class_list":["post-42390","diploma-exp","type-diploma-exp","status-publish","has-post-thumbnail","hentry","category-2025-2026","category-matricula-cerrada","tag-dex2025-10"],"acf":[],"yoast_head":"<!-- This site is optimized with the Yoast SEO plugin v27.5 - https:\/\/yoast.com\/product\/yoast-seo-wordpress\/ -->\n<title>Diploma de Experto en Intervenci\u00f3n con menores: Protecci\u00f3n y conflicto con la Ley<\/title>\n<meta name=\"description\" content=\"Oferta acad\u00e9mica 2023\/2024. Formaci\u00f3n dise\u00f1ada en colaboraci\u00f3n con profesionales y expertos de diferentes organizaciones y empresas\" \/>\n<meta name=\"robots\" content=\"index, follow, max-snippet:-1, max-image-preview:large, max-video-preview:-1\" \/>\n<link rel=\"canonical\" href=\"https:\/\/www.upo.es\/formacionpermanente\/diploma-experto\/intervencion-con-menores-proteccion-y-conflicto-con-la-ley\/\" \/>\n<meta property=\"og:locale\" content=\"es_ES\" \/>\n<meta property=\"og:type\" content=\"article\" \/>\n<meta property=\"og:title\" content=\"Diploma de Experto en Intervenci\u00f3n con menores: Protecci\u00f3n y conflicto con la Ley\" \/>\n<meta property=\"og:description\" content=\"Oferta acad\u00e9mica 2023\/2024. Formaci\u00f3n dise\u00f1ada en colaboraci\u00f3n con profesionales y expertos de diferentes organizaciones y empresas\" \/>\n<meta property=\"og:url\" content=\"https:\/\/www.upo.es\/formacionpermanente\/diploma-experto\/intervencion-con-menores-proteccion-y-conflicto-con-la-ley\/\" \/>\n<meta property=\"og:site_name\" content=\"Formaci\u00f3n Permanente UPO\" \/>\n<meta property=\"article:modified_time\" content=\"2026-04-13T07:41:50+00:00\" \/>\n<meta property=\"og:image\" content=\"https:\/\/www.upo.es\/formacionpermanente\/wp-content\/imagenes\/uploads\/2024\/05\/Intervencion-con-menores.jpg\" \/>\n\t<meta property=\"og:image:width\" content=\"1920\" \/>\n\t<meta property=\"og:image:height\" content=\"1280\" \/>\n\t<meta property=\"og:image:type\" content=\"image\/jpeg\" \/>\n<meta name=\"twitter:card\" content=\"summary_large_image\" \/>\n<meta name=\"twitter:label1\" content=\"Tiempo de lectura\" \/>\n\t<meta name=\"twitter:data1\" content=\"8 minutos\" \/>\n<script type=\"application\/ld+json\" class=\"yoast-schema-graph\">{\"@context\":\"https:\\\/\\\/schema.org\",\"@graph\":[{\"@type\":\"WebPage\",\"@id\":\"https:\\\/\\\/www.upo.es\\\/formacionpermanente\\\/diploma-experto\\\/intervencion-con-menores-proteccion-y-conflicto-con-la-ley\\\/\",\"url\":\"https:\\\/\\\/www.upo.es\\\/formacionpermanente\\\/diploma-experto\\\/intervencion-con-menores-proteccion-y-conflicto-con-la-ley\\\/\",\"name\":\"Diploma de Experto en Intervenci\u00f3n con menores: Protecci\u00f3n y conflicto con la Ley\",\"isPartOf\":{\"@id\":\"https:\\\/\\\/www.upo.es\\\/formacionpermanente\\\/#website\"},\"primaryImageOfPage\":{\"@id\":\"https:\\\/\\\/www.upo.es\\\/formacionpermanente\\\/diploma-experto\\\/intervencion-con-menores-proteccion-y-conflicto-con-la-ley\\\/#primaryimage\"},\"image\":{\"@id\":\"https:\\\/\\\/www.upo.es\\\/formacionpermanente\\\/diploma-experto\\\/intervencion-con-menores-proteccion-y-conflicto-con-la-ley\\\/#primaryimage\"},\"thumbnailUrl\":\"https:\\\/\\\/www.upo.es\\\/formacionpermanente\\\/wp-content\\\/imagenes\\\/uploads\\\/2024\\\/05\\\/Intervencion-con-menores.jpg\",\"datePublished\":\"2025-02-13T12:24:16+00:00\",\"dateModified\":\"2026-04-13T07:41:50+00:00\",\"description\":\"Oferta acad\u00e9mica 2023\\\/2024. Formaci\u00f3n dise\u00f1ada en colaboraci\u00f3n con profesionales y expertos de diferentes organizaciones y empresas\",\"breadcrumb\":{\"@id\":\"https:\\\/\\\/www.upo.es\\\/formacionpermanente\\\/diploma-experto\\\/intervencion-con-menores-proteccion-y-conflicto-con-la-ley\\\/#breadcrumb\"},\"inLanguage\":\"es\",\"potentialAction\":[{\"@type\":\"ReadAction\",\"target\":[\"https:\\\/\\\/www.upo.es\\\/formacionpermanente\\\/diploma-experto\\\/intervencion-con-menores-proteccion-y-conflicto-con-la-ley\\\/\"]}]},{\"@type\":\"ImageObject\",\"inLanguage\":\"es\",\"@id\":\"https:\\\/\\\/www.upo.es\\\/formacionpermanente\\\/diploma-experto\\\/intervencion-con-menores-proteccion-y-conflicto-con-la-ley\\\/#primaryimage\",\"url\":\"https:\\\/\\\/www.upo.es\\\/formacionpermanente\\\/wp-content\\\/imagenes\\\/uploads\\\/2024\\\/05\\\/Intervencion-con-menores.jpg\",\"contentUrl\":\"https:\\\/\\\/www.upo.es\\\/formacionpermanente\\\/wp-content\\\/imagenes\\\/uploads\\\/2024\\\/05\\\/Intervencion-con-menores.jpg\",\"width\":1920,\"height\":1280},{\"@type\":\"BreadcrumbList\",\"@id\":\"https:\\\/\\\/www.upo.es\\\/formacionpermanente\\\/diploma-experto\\\/intervencion-con-menores-proteccion-y-conflicto-con-la-ley\\\/#breadcrumb\",\"itemListElement\":[{\"@type\":\"ListItem\",\"position\":1,\"name\":\"Portada\",\"item\":\"https:\\\/\\\/www.upo.es\\\/formacionpermanente\\\/\"},{\"@type\":\"ListItem\",\"position\":2,\"name\":\"Intervenci\u00f3n con menores: Protecci\u00f3n y conflicto con la Ley\"}]},{\"@type\":\"WebSite\",\"@id\":\"https:\\\/\\\/www.upo.es\\\/formacionpermanente\\\/#website\",\"url\":\"https:\\\/\\\/www.upo.es\\\/formacionpermanente\\\/\",\"name\":\"Formaci\u00f3n Permanente UPO\",\"description\":\"T\u00edtulos Propios, Microcredenciales, Cursos de Verano\",\"publisher\":{\"@id\":\"https:\\\/\\\/www.upo.es\\\/formacionpermanente\\\/#organization\"},\"potentialAction\":[{\"@type\":\"SearchAction\",\"target\":{\"@type\":\"EntryPoint\",\"urlTemplate\":\"https:\\\/\\\/www.upo.es\\\/formacionpermanente\\\/?s={search_term_string}\"},\"query-input\":{\"@type\":\"PropertyValueSpecification\",\"valueRequired\":true,\"valueName\":\"search_term_string\"}}],\"inLanguage\":\"es\"},{\"@type\":\"Organization\",\"@id\":\"https:\\\/\\\/www.upo.es\\\/formacionpermanente\\\/#organization\",\"name\":\"Formaci\u00f3n Permanente Universidad Pablo de Olavide\",\"alternateName\":\"Formaci\u00f3n Permanente UPO\",\"url\":\"https:\\\/\\\/www.upo.es\\\/formacionpermanente\\\/\",\"logo\":{\"@type\":\"ImageObject\",\"inLanguage\":\"es\",\"@id\":\"https:\\\/\\\/www.upo.es\\\/formacionpermanente\\\/#\\\/schema\\\/logo\\\/image\\\/\",\"url\":\"https:\\\/\\\/www.upo.es\\\/formacionpermanente\\\/wp-content\\\/imagenes\\\/uploads\\\/2023\\\/02\\\/Logo-UPO-azul-amarillo-horizontal.png\",\"contentUrl\":\"https:\\\/\\\/www.upo.es\\\/formacionpermanente\\\/wp-content\\\/imagenes\\\/uploads\\\/2023\\\/02\\\/Logo-UPO-azul-amarillo-horizontal.png\",\"width\":1000,\"height\":407,\"caption\":\"Formaci\u00f3n Permanente Universidad Pablo de Olavide\"},\"image\":{\"@id\":\"https:\\\/\\\/www.upo.es\\\/formacionpermanente\\\/#\\\/schema\\\/logo\\\/image\\\/\"}}]}<\/script>\n<!-- \/ Yoast SEO plugin. -->","yoast_head_json":{"title":"Diploma de Experto en Intervenci\u00f3n con menores: Protecci\u00f3n y conflicto con la Ley","description":"Oferta acad\u00e9mica 2023\/2024. Formaci\u00f3n dise\u00f1ada en colaboraci\u00f3n con profesionales y expertos de diferentes organizaciones y empresas","robots":{"index":"index","follow":"follow","max-snippet":"max-snippet:-1","max-image-preview":"max-image-preview:large","max-video-preview":"max-video-preview:-1"},"canonical":"https:\/\/www.upo.es\/formacionpermanente\/diploma-experto\/intervencion-con-menores-proteccion-y-conflicto-con-la-ley\/","og_locale":"es_ES","og_type":"article","og_title":"Diploma de Experto en Intervenci\u00f3n con menores: Protecci\u00f3n y conflicto con la Ley","og_description":"Oferta acad\u00e9mica 2023\/2024. Formaci\u00f3n dise\u00f1ada en colaboraci\u00f3n con profesionales y expertos de diferentes organizaciones y empresas","og_url":"https:\/\/www.upo.es\/formacionpermanente\/diploma-experto\/intervencion-con-menores-proteccion-y-conflicto-con-la-ley\/","og_site_name":"Formaci\u00f3n Permanente UPO","article_modified_time":"2026-04-13T07:41:50+00:00","og_image":[{"width":1920,"height":1280,"url":"https:\/\/www.upo.es\/formacionpermanente\/wp-content\/imagenes\/uploads\/2024\/05\/Intervencion-con-menores.jpg","type":"image\/jpeg"}],"twitter_card":"summary_large_image","twitter_misc":{"Tiempo de lectura":"8 minutos"},"schema":{"@context":"https:\/\/schema.org","@graph":[{"@type":"WebPage","@id":"https:\/\/www.upo.es\/formacionpermanente\/diploma-experto\/intervencion-con-menores-proteccion-y-conflicto-con-la-ley\/","url":"https:\/\/www.upo.es\/formacionpermanente\/diploma-experto\/intervencion-con-menores-proteccion-y-conflicto-con-la-ley\/","name":"Diploma de Experto en Intervenci\u00f3n con menores: Protecci\u00f3n y conflicto con la Ley","isPartOf":{"@id":"https:\/\/www.upo.es\/formacionpermanente\/#website"},"primaryImageOfPage":{"@id":"https:\/\/www.upo.es\/formacionpermanente\/diploma-experto\/intervencion-con-menores-proteccion-y-conflicto-con-la-ley\/#primaryimage"},"image":{"@id":"https:\/\/www.upo.es\/formacionpermanente\/diploma-experto\/intervencion-con-menores-proteccion-y-conflicto-con-la-ley\/#primaryimage"},"thumbnailUrl":"https:\/\/www.upo.es\/formacionpermanente\/wp-content\/imagenes\/uploads\/2024\/05\/Intervencion-con-menores.jpg","datePublished":"2025-02-13T12:24:16+00:00","dateModified":"2026-04-13T07:41:50+00:00","description":"Oferta acad\u00e9mica 2023\/2024. Formaci\u00f3n dise\u00f1ada en colaboraci\u00f3n con profesionales y expertos de diferentes organizaciones y empresas","breadcrumb":{"@id":"https:\/\/www.upo.es\/formacionpermanente\/diploma-experto\/intervencion-con-menores-proteccion-y-conflicto-con-la-ley\/#breadcrumb"},"inLanguage":"es","potentialAction":[{"@type":"ReadAction","target":["https:\/\/www.upo.es\/formacionpermanente\/diploma-experto\/intervencion-con-menores-proteccion-y-conflicto-con-la-ley\/"]}]},{"@type":"ImageObject","inLanguage":"es","@id":"https:\/\/www.upo.es\/formacionpermanente\/diploma-experto\/intervencion-con-menores-proteccion-y-conflicto-con-la-ley\/#primaryimage","url":"https:\/\/www.upo.es\/formacionpermanente\/wp-content\/imagenes\/uploads\/2024\/05\/Intervencion-con-menores.jpg","contentUrl":"https:\/\/www.upo.es\/formacionpermanente\/wp-content\/imagenes\/uploads\/2024\/05\/Intervencion-con-menores.jpg","width":1920,"height":1280},{"@type":"BreadcrumbList","@id":"https:\/\/www.upo.es\/formacionpermanente\/diploma-experto\/intervencion-con-menores-proteccion-y-conflicto-con-la-ley\/#breadcrumb","itemListElement":[{"@type":"ListItem","position":1,"name":"Portada","item":"https:\/\/www.upo.es\/formacionpermanente\/"},{"@type":"ListItem","position":2,"name":"Intervenci\u00f3n con menores: Protecci\u00f3n y conflicto con la Ley"}]},{"@type":"WebSite","@id":"https:\/\/www.upo.es\/formacionpermanente\/#website","url":"https:\/\/www.upo.es\/formacionpermanente\/","name":"Formaci\u00f3n Permanente UPO","description":"T\u00edtulos Propios, Microcredenciales, Cursos de Verano","publisher":{"@id":"https:\/\/www.upo.es\/formacionpermanente\/#organization"},"potentialAction":[{"@type":"SearchAction","target":{"@type":"EntryPoint","urlTemplate":"https:\/\/www.upo.es\/formacionpermanente\/?s={search_term_string}"},"query-input":{"@type":"PropertyValueSpecification","valueRequired":true,"valueName":"search_term_string"}}],"inLanguage":"es"},{"@type":"Organization","@id":"https:\/\/www.upo.es\/formacionpermanente\/#organization","name":"Formaci\u00f3n Permanente Universidad Pablo de Olavide","alternateName":"Formaci\u00f3n Permanente UPO","url":"https:\/\/www.upo.es\/formacionpermanente\/","logo":{"@type":"ImageObject","inLanguage":"es","@id":"https:\/\/www.upo.es\/formacionpermanente\/#\/schema\/logo\/image\/","url":"https:\/\/www.upo.es\/formacionpermanente\/wp-content\/imagenes\/uploads\/2023\/02\/Logo-UPO-azul-amarillo-horizontal.png","contentUrl":"https:\/\/www.upo.es\/formacionpermanente\/wp-content\/imagenes\/uploads\/2023\/02\/Logo-UPO-azul-amarillo-horizontal.png","width":1000,"height":407,"caption":"Formaci\u00f3n Permanente Universidad Pablo de Olavide"},"image":{"@id":"https:\/\/www.upo.es\/formacionpermanente\/#\/schema\/logo\/image\/"}}]}},"_links":{"self":[{"href":"https:\/\/www.upo.es\/formacionpermanente\/wp-json\/wp\/v2\/diploma-exp\/42390","targetHints":{"allow":["GET"]}}],"collection":[{"href":"https:\/\/www.upo.es\/formacionpermanente\/wp-json\/wp\/v2\/diploma-exp"}],"about":[{"href":"https:\/\/www.upo.es\/formacionpermanente\/wp-json\/wp\/v2\/types\/diploma-exp"}],"version-history":[{"count":26,"href":"https:\/\/www.upo.es\/formacionpermanente\/wp-json\/wp\/v2\/diploma-exp\/42390\/revisions"}],"predecessor-version":[{"id":54571,"href":"https:\/\/www.upo.es\/formacionpermanente\/wp-json\/wp\/v2\/diploma-exp\/42390\/revisions\/54571"}],"wp:featuredmedia":[{"embeddable":true,"href":"https:\/\/www.upo.es\/formacionpermanente\/wp-json\/wp\/v2\/media\/35615"}],"wp:attachment":[{"href":"https:\/\/www.upo.es\/formacionpermanente\/wp-json\/wp\/v2\/media?parent=42390"}],"wp:term":[{"taxonomy":"category","embeddable":true,"href":"https:\/\/www.upo.es\/formacionpermanente\/wp-json\/wp\/v2\/categories?post=42390"},{"taxonomy":"post_tag","embeddable":true,"href":"https:\/\/www.upo.es\/formacionpermanente\/wp-json\/wp\/v2\/tags?post=42390"},{"taxonomy":"titulos_propios","embeddable":true,"href":"https:\/\/www.upo.es\/formacionpermanente\/wp-json\/wp\/v2\/titulos_propios?post=42390"}],"curies":[{"name":"wp","href":"https:\/\/api.w.org\/{rel}","templated":true}]}}