{"id":54740,"date":"2026-04-15T13:12:54","date_gmt":"2026-04-15T11:12:54","guid":{"rendered":"https:\/\/www.upo.es\/formacionpermanente\/?post_type=diploma-exp&#038;p=54740"},"modified":"2026-04-30T08:17:07","modified_gmt":"2026-04-30T06:17:07","slug":"victimologia-proteccion-y-tutela-de-las-victimas","status":"publish","type":"diploma-exp","link":"https:\/\/www.upo.es\/formacionpermanente\/diploma-experto\/victimologia-proteccion-y-tutela-de-las-victimas\/","title":{"rendered":"Victimolog\u00eda. Protecci\u00f3n y Tutela de las V\u00edctimas"},"content":{"rendered":"\t\t<div data-elementor-type=\"wp-post\" data-elementor-id=\"54740\" class=\"elementor elementor-54740\" data-elementor-post-type=\"diploma-exp\">\n\t\t\t\t\t\t<section data-dce-background-image-url=\"https:\/\/www.upo.es\/formacionpermanente\/wp-content\/imagenes\/uploads\/2022\/09\/AdobeStock_185425860.jpg\" class=\"elementor-section elementor-top-section elementor-element elementor-element-35f7699 elementor-section-height-min-height elementor-section-boxed elementor-section-height-default elementor-section-items-middle\" data-id=\"35f7699\" data-element_type=\"section\" data-e-type=\"section\" data-settings=\"{&quot;background_background&quot;:&quot;classic&quot;}\">\n\t\t\t\t\t\t\t<div class=\"elementor-background-overlay\"><\/div>\n\t\t\t\t\t\t\t<div class=\"elementor-container elementor-column-gap-default\">\n\t\t\t\t\t<div class=\"elementor-column elementor-col-100 elementor-top-column elementor-element elementor-element-8f5db6f\" data-id=\"8f5db6f\" data-element_type=\"column\" data-e-type=\"column\">\n\t\t\t<div class=\"elementor-widget-wrap elementor-element-populated\">\n\t\t\t\t\t\t<section class=\"elementor-section elementor-inner-section elementor-element elementor-element-322d2b1 elementor-section-boxed elementor-section-height-default elementor-section-height-default\" data-id=\"322d2b1\" data-element_type=\"section\" data-e-type=\"section\">\n\t\t\t\t\t\t<div class=\"elementor-container elementor-column-gap-default\">\n\t\t\t\t\t<div class=\"elementor-column elementor-col-100 elementor-inner-column elementor-element elementor-element-cf7578e\" data-id=\"cf7578e\" data-element_type=\"column\" data-e-type=\"column\">\n\t\t\t<div class=\"elementor-widget-wrap elementor-element-populated\">\n\t\t\t\t\t\t<div class=\"elementor-element elementor-element-c202ca7 elementor-widget elementor-widget-elementskit-heading\" data-id=\"c202ca7\" data-element_type=\"widget\" data-e-type=\"widget\" data-widget_type=\"elementskit-heading.default\">\n\t\t\t\t<div class=\"elementor-widget-container\">\n\t\t\t\t\t<div class=\"ekit-wid-con\" ><div class=\"ekit-heading elementskit-section-title-wraper text_left   ekit_heading_tablet-   ekit_heading_mobile-\"><h3 class=\"elementskit-section-subtitle  \">\n\t\t\t\t\t\tDiploma de Experto \/ Certificado Universitario\n\t\t\t\t\t<\/h3>\t\t\t\t<div class='ekit-heading__description'>\n\t\t\t\t\t<p>X Ed.<\/p>\n\t\t\t\t<\/div>\n\t\t\t<\/div><\/div>\t\t\t\t<\/div>\n\t\t\t\t<\/div>\n\t\t\t\t<div data-dce-background-color=\"#FAB54C\" class=\"elementor-element elementor-element-986b800 elementor-align-left elementor-mobile-align-center elementor-hidden-mobile elementor-widget elementor-widget-button\" data-id=\"986b800\" data-element_type=\"widget\" data-e-type=\"widget\" data-widget_type=\"button.default\">\n\t\t\t\t<div class=\"elementor-widget-container\">\n\t\t\t\t\t\t\t\t\t<div class=\"elementor-button-wrapper\">\n\t\t\t\t\t<a class=\"elementor-button elementor-button-link elementor-size-lg\" href=\"https:\/\/www.upo.es\/automat-fund\/web\/index.php?r=curso%2Fview&#038;id=991\" target=\"_blank\">\n\t\t\t\t\t\t<span class=\"elementor-button-content-wrapper\">\n\t\t\t\t\t\t\t\t\t<span class=\"elementor-button-text\">Realizar reserva de plaza<\/span>\n\t\t\t\t\t<\/span>\n\t\t\t\t\t<\/a>\n\t\t\t\t<\/div>\n\t\t\t\t\t\t\t\t<\/div>\n\t\t\t\t<\/div>\n\t\t\t\t\t<\/div>\n\t\t<\/div>\n\t\t\t\t\t<\/div>\n\t\t<\/section>\n\t\t\t\t\t<\/div>\n\t\t<\/div>\n\t\t\t\t\t<\/div>\n\t\t<\/section>\n\t\t\t\t<section class=\"elementor-section elementor-top-section elementor-element elementor-element-47ebf3e7 elementor-section-full_width elementor-reverse-mobile elementor-reverse-tablet elementor-section-height-default elementor-section-height-default\" data-id=\"47ebf3e7\" data-element_type=\"section\" data-e-type=\"section\">\n\t\t\t\t\t\t<div class=\"elementor-container elementor-column-gap-no\">\n\t\t\t\t\t<div class=\"elementor-column elementor-col-50 elementor-top-column elementor-element elementor-element-416bc0da\" data-id=\"416bc0da\" data-element_type=\"column\" data-e-type=\"column\">\n\t\t\t<div class=\"elementor-widget-wrap elementor-element-populated\">\n\t\t\t\t\t\t<section class=\"elementor-section elementor-inner-section elementor-element elementor-element-712e6ff2 elementor-section-full_width elementor-section-height-default elementor-section-height-default\" data-id=\"712e6ff2\" data-element_type=\"section\" data-e-type=\"section\">\n\t\t\t\t\t\t<div class=\"elementor-container elementor-column-gap-default\">\n\t\t\t\t\t<div class=\"elementor-column elementor-col-100 elementor-inner-column elementor-element elementor-element-4197660c\" data-id=\"4197660c\" data-element_type=\"column\" data-e-type=\"column\">\n\t\t\t<div class=\"elementor-widget-wrap elementor-element-populated\">\n\t\t\t\t\t\t<div class=\"elementor-element elementor-element-4a96554f elementor-widget elementor-widget-heading\" data-id=\"4a96554f\" data-element_type=\"widget\" data-e-type=\"widget\" data-widget_type=\"heading.default\">\n\t\t\t\t<div class=\"elementor-widget-container\">\n\t\t\t\t\t<h2 class=\"elementor-heading-title elementor-size-default\">\u00bfPor qu\u00e9 elegir este T\u00edtulo Propio de la Universidad Pablo de Olavide?<\/h2>\t\t\t\t<\/div>\n\t\t\t\t<\/div>\n\t\t\t\t<div class=\"elementor-element elementor-element-5319536 elementor-widget elementor-widget-text-editor\" data-id=\"5319536\" data-element_type=\"widget\" data-e-type=\"widget\" data-widget_type=\"text-editor.default\">\n\t\t\t\t<div class=\"elementor-widget-container\">\n\t\t\t\t\t\t\t\t\t<p>Este t\u00edtulo tiene como objetivo analizar y trabajar con las v\u00edctimas las circunstancias que le afectan en su condici\u00f3n de v\u00edctimas para desarrollar una vida normalizada, promoviendo el desarrollo de una pr\u00e1ctica profesional en el \u00e1mbito de v\u00edctimas de delitos.<\/p>\n<p>Con esta formaci\u00f3n se pretende proporcionar al alumnado informaci\u00f3n adem\u00e1s del conocimiento te\u00f3rico y pr\u00e1ctico necesarios para el buen desempe\u00f1o profesional de v\u00edctimas de delitos, aplicando los conocimientos adquiridos a supuestos pr\u00e1cticos basados en experiencias reales.<\/p>\n\t\t\t\t\t\t\t\t<\/div>\n\t\t\t\t<\/div>\n\t\t\t\t\t<\/div>\n\t\t<\/div>\n\t\t\t\t\t<\/div>\n\t\t<\/section>\n\t\t\t\t<section class=\"elementor-section elementor-inner-section elementor-element elementor-element-3733ad8c elementor-section-full_width elementor-hidden-desktop elementor-hidden-tablet elementor-hidden-mobile elementor-section-height-default elementor-section-height-default\" data-id=\"3733ad8c\" data-element_type=\"section\" data-e-type=\"section\">\n\t\t\t\t\t\t<div class=\"elementor-container elementor-column-gap-default\">\n\t\t\t\t\t<div class=\"elementor-column elementor-col-100 elementor-inner-column elementor-element elementor-element-7462edb2\" data-id=\"7462edb2\" data-element_type=\"column\" data-e-type=\"column\">\n\t\t\t<div class=\"elementor-widget-wrap elementor-element-populated\">\n\t\t\t\t\t\t<div class=\"elementor-element elementor-element-6e6881c8 elementor-widget elementor-widget-heading\" data-id=\"6e6881c8\" data-element_type=\"widget\" data-e-type=\"widget\" data-widget_type=\"heading.default\">\n\t\t\t\t<div class=\"elementor-widget-container\">\n\t\t\t\t\t<h3 class=\"elementor-heading-title elementor-size-default\">Entidades colaboradoras<\/h3>\t\t\t\t<\/div>\n\t\t\t\t<\/div>\n\t\t\t\t\t<\/div>\n\t\t<\/div>\n\t\t\t\t\t<\/div>\n\t\t<\/section>\n\t\t\t\t<section class=\"elementor-section elementor-inner-section elementor-element elementor-element-4ddcfb15 elementor-section-full_width elementor-hidden-desktop elementor-hidden-tablet elementor-hidden-mobile elementor-section-height-default elementor-section-height-default\" data-id=\"4ddcfb15\" data-element_type=\"section\" data-e-type=\"section\">\n\t\t\t\t\t\t<div class=\"elementor-container elementor-column-gap-default\">\n\t\t\t\t\t<div class=\"elementor-column elementor-col-100 elementor-inner-column elementor-element elementor-element-2a1571b\" data-id=\"2a1571b\" data-element_type=\"column\" data-e-type=\"column\">\n\t\t\t<div class=\"elementor-widget-wrap elementor-element-populated\">\n\t\t\t\t\t\t<div class=\"elementor-element elementor-element-75ed4f80 elementor-widget elementor-widget-image\" data-id=\"75ed4f80\" data-element_type=\"widget\" data-e-type=\"widget\" data-widget_type=\"image.default\">\n\t\t\t\t<div class=\"elementor-widget-container\">\n\t\t\t\t\t\t\t\t\t\t\t\t\t\t\t<img fetchpriority=\"high\" decoding=\"async\" width=\"355\" height=\"142\" src=\"https:\/\/www.upo.es\/formacionpermanente\/wp-content\/imagenes\/uploads\/2022\/07\/ibm.png\" class=\"attachment-full size-full wp-image-12336\" alt=\"Logo IBM\" srcset=\"https:\/\/www.upo.es\/formacionpermanente\/wp-content\/imagenes\/uploads\/2022\/07\/ibm.png 355w, https:\/\/www.upo.es\/formacionpermanente\/wp-content\/imagenes\/uploads\/2022\/07\/ibm-300x120.png 300w\" sizes=\"(max-width: 355px) 100vw, 355px\" \/>\t\t\t\t\t\t\t\t\t\t\t\t\t\t\t<\/div>\n\t\t\t\t<\/div>\n\t\t\t\t\t<\/div>\n\t\t<\/div>\n\t\t\t\t\t<\/div>\n\t\t<\/section>\n\t\t\t\t<section class=\"elementor-section elementor-inner-section elementor-element elementor-element-7fa92af elementor-section-full_width elementor-hidden-desktop elementor-hidden-tablet elementor-hidden-mobile elementor-section-height-default elementor-section-height-default\" data-id=\"7fa92af\" data-element_type=\"section\" data-e-type=\"section\">\n\t\t\t\t\t\t<div class=\"elementor-container elementor-column-gap-default\">\n\t\t\t\t\t<div class=\"elementor-column elementor-col-100 elementor-inner-column elementor-element elementor-element-2a5d8727\" data-id=\"2a5d8727\" data-element_type=\"column\" data-e-type=\"column\">\n\t\t\t<div class=\"elementor-widget-wrap elementor-element-populated\">\n\t\t\t\t\t\t<div class=\"elementor-element elementor-element-2cd0db2b elementor-widget elementor-widget-heading\" data-id=\"2cd0db2b\" data-element_type=\"widget\" data-e-type=\"widget\" data-widget_type=\"heading.default\">\n\t\t\t\t<div class=\"elementor-widget-container\">\n\t\t\t\t\t<h3 class=\"elementor-heading-title elementor-size-default\">Salidas profesionales<\/h3>\t\t\t\t<\/div>\n\t\t\t\t<\/div>\n\t\t\t\t<div class=\"elementor-element elementor-element-7ff2928c elementor-widget elementor-widget-text-editor\" data-id=\"7ff2928c\" data-element_type=\"widget\" data-e-type=\"widget\" data-widget_type=\"text-editor.default\">\n\t\t\t\t<div class=\"elementor-widget-container\">\n\t\t\t\t\t\t\t\t\t<p>Sed sed porttitor nisl. Cras et purus convallis, efficitur tellus at, congue urna. Pellentesque laoreet dictum mauris at aliquam. Nulla rutrum lorem id elit mattis vestibulum eu nec ex. Praesent at lacus ultricies, dictum diam sit amet, rhoncus lorem. Vivamus at lacus tempus, iaculis massa mattis, tempor tellus. Donec at urna vestibulum, luctus metus sit amet, commodo tortor. In pretium, tortor et varius accumsan, massa arcu accumsan purus, sit amet suscipit enim ligula a sapien. Vivamus venenatis, felis eu lobortis ornare, quam mauris suscipit tellus, id ornare magna sapien in risus. Etiam sodales ligula id rutrum faucibus. Suspendisse sit amet justo eget ligula eleifend rhoncus vulputate ut enim. Aliquam fermentum a nunc ac dignissim. Fusce in tortor in diam facilisis volutpat nec ut sem. Mauris sodales massa in mauris mollis, a auctor ante mollis.<\/p>\n\t\t\t\t\t\t\t\t<\/div>\n\t\t\t\t<\/div>\n\t\t\t\t\t<\/div>\n\t\t<\/div>\n\t\t\t\t\t<\/div>\n\t\t<\/section>\n\t\t\t\t<section class=\"elementor-section elementor-inner-section elementor-element elementor-element-517f868 elementor-section-full_width elementor-section-height-default elementor-section-height-default\" data-id=\"517f868\" data-element_type=\"section\" data-e-type=\"section\">\n\t\t\t\t\t\t<div class=\"elementor-container elementor-column-gap-default\">\n\t\t\t\t\t<div class=\"elementor-column elementor-col-100 elementor-inner-column elementor-element elementor-element-44d2544f\" data-id=\"44d2544f\" data-element_type=\"column\" data-e-type=\"column\">\n\t\t\t<div class=\"elementor-widget-wrap elementor-element-populated\">\n\t\t\t\t\t\t<div class=\"elementor-element elementor-element-1f681dea elementor-widget elementor-widget-heading\" data-id=\"1f681dea\" data-element_type=\"widget\" data-e-type=\"widget\" data-widget_type=\"heading.default\">\n\t\t\t\t<div class=\"elementor-widget-container\">\n\t\t\t\t\t<h3 class=\"elementor-heading-title elementor-size-default\">\u00bfA qui\u00e9n va dirigido?<\/h3>\t\t\t\t<\/div>\n\t\t\t\t<\/div>\n\t\t\t\t<div class=\"elementor-element elementor-element-77123ab8 elementor-widget elementor-widget-text-editor\" data-id=\"77123ab8\" data-element_type=\"widget\" data-e-type=\"widget\" data-widget_type=\"text-editor.default\">\n\t\t\t\t<div class=\"elementor-widget-container\">\n\t\t\t\t\t\t\t\t\t<p>Estudiantes de Grado y Postgrado de Trabajo Social, Educaci\u00f3n Social, Psicolog\u00eda, Pedagog\u00eda, Derecho, Maestros, enfermer\u00eda, y otras profesiones sanitarias, Fuerzas y cuerpos de seguridad, etc. as\u00ed como profesionales y personas interesadas en general.<\/p>\n\t\t\t\t\t\t\t\t<\/div>\n\t\t\t\t<\/div>\n\t\t\t\t\t<\/div>\n\t\t<\/div>\n\t\t\t\t\t<\/div>\n\t\t<\/section>\n\t\t\t\t<section class=\"elementor-section elementor-inner-section elementor-element elementor-element-6e9dd653 elementor-section-full_width elementor-hidden-mobile elementor-section-height-default elementor-section-height-default\" data-id=\"6e9dd653\" data-element_type=\"section\" data-e-type=\"section\" data-settings=\"{&quot;background_background&quot;:&quot;classic&quot;}\">\n\t\t\t\t\t\t<div class=\"elementor-container elementor-column-gap-default\">\n\t\t\t\t\t<div class=\"elementor-column elementor-col-100 elementor-inner-column elementor-element elementor-element-40b0897\" data-id=\"40b0897\" data-element_type=\"column\" data-e-type=\"column\">\n\t\t\t<div class=\"elementor-widget-wrap elementor-element-populated\">\n\t\t\t\t\t\t<div class=\"elementor-element elementor-element-1920aed9 elementor-widget elementor-widget-heading\" data-id=\"1920aed9\" data-element_type=\"widget\" data-e-type=\"widget\" data-widget_type=\"heading.default\">\n\t\t\t\t<div class=\"elementor-widget-container\">\n\t\t\t\t\t<h2 class=\"elementor-heading-title elementor-size-default\">Direcci\u00f3n del t\u00edtulo<\/h2>\t\t\t\t<\/div>\n\t\t\t\t<\/div>\n\t\t\t\t\t<\/div>\n\t\t<\/div>\n\t\t\t\t\t<\/div>\n\t\t<\/section>\n\t\t\t\t<section class=\"elementor-section elementor-inner-section elementor-element elementor-element-c04bfeb elementor-section-content-middle elementor-section-boxed elementor-section-height-default elementor-section-height-default\" data-id=\"c04bfeb\" data-element_type=\"section\" data-e-type=\"section\" data-settings=\"{&quot;background_background&quot;:&quot;classic&quot;}\">\n\t\t\t\t\t\t<div class=\"elementor-container elementor-column-gap-narrow\">\n\t\t\t\t\t<div class=\"elementor-column elementor-col-50 elementor-inner-column elementor-element elementor-element-45790b4\" data-id=\"45790b4\" data-element_type=\"column\" data-e-type=\"column\">\n\t\t\t<div class=\"elementor-widget-wrap elementor-element-populated\">\n\t\t\t\t\t\t<div class=\"elementor-element elementor-element-cd22229 elementor-widget elementor-widget-elementskit-team\" data-id=\"cd22229\" data-element_type=\"widget\" data-e-type=\"widget\" data-widget_type=\"elementskit-team.default\">\n\t\t\t\t<div class=\"elementor-widget-container\">\n\t\t\t\t\t<div class=\"ekit-wid-con\">\t\t\t\t\t\t\t\t\n\t\t<div class=\"profile-card elementor-animation- text-center ekit-team-style-default\">\n\t\t\t\n\t\t\t\t<div class=\"profile-header ekit-team-img ekit-img-overlay ekit-team-img-block\" >\n\t\t\t\t\t<img decoding=\"async\" width=\"181\" height=\"192\" src=\"https:\/\/www.upo.es\/formacionpermanente\/wp-content\/imagenes\/uploads\/2022\/09\/Concha-Nieto-Morales.png\" class=\"attachment-medium_large size-medium_large wp-image-9828\" alt=\"Concha Nieto Morales\" \/>\t\t\t\t<\/div><!-- .profile-header END -->\n\t\t\t\n\n\t\t\t\t<div class=\"profile-body\">\n\t\t\t\t\t\n\t\t\t\t\t<h2 class=\"profile-title\">\n\t\t\t\t\t\t\t\t\t\t\tD\u00f1a. Concepci\u00f3n Nieto Morales\t\t\t\t\t\t\t\t\t\t<\/h2>\n\t\t\t\t\t<p class=\"profile-designation\">Direcci\u00f3n Acad\u00e9mica<\/p>\n\t\t\t\t\t\t\t\t\t\t<p class=\"profile-content\">Profesora asociada del Departamento de Trabajo Social y Servicios Sociales<\/br>\n<strong>Universidad Pablo de Olavide<\/strong><\/p>\n\t\t\t\t\t\t\t\t\t<\/div><!-- .profile-body END -->\n\n\t\t\t\t\t\t\t\t<\/div>\n\t\t\t\t\t\t\t\n\t\t\t\n\t\t\t\t<\/div>\t\t\t\t<\/div>\n\t\t\t\t<\/div>\n\t\t\t\t\t<\/div>\n\t\t<\/div>\n\t\t\t\t<div class=\"elementor-column elementor-col-50 elementor-inner-column elementor-element elementor-element-83eb6e1\" data-id=\"83eb6e1\" data-element_type=\"column\" data-e-type=\"column\">\n\t\t\t<div class=\"elementor-widget-wrap elementor-element-populated\">\n\t\t\t\t\t\t<div class=\"elementor-element elementor-element-34d460f elementor-widget elementor-widget-elementskit-team\" data-id=\"34d460f\" data-element_type=\"widget\" data-e-type=\"widget\" data-widget_type=\"elementskit-team.default\">\n\t\t\t\t<div class=\"elementor-widget-container\">\n\t\t\t\t\t<div class=\"ekit-wid-con\">\t\t\t\t\t\t\t\t\n\t\t<div class=\"profile-card elementor-animation- text-center ekit-team-style-default\">\n\t\t\t\n\t\t\t\t<div class=\"profile-header ekit-team-img ekit-img-overlay ekit-team-img-block\" >\n\t\t\t\t\t<img decoding=\"async\" width=\"198\" height=\"198\" src=\"https:\/\/www.upo.es\/formacionpermanente\/wp-content\/imagenes\/uploads\/2022\/09\/pablo-jose-abascal-monedero-355417.jpg\" class=\"attachment-medium_large size-medium_large wp-image-8781\" alt=\"Pablo J. Abascal Monedero\" srcset=\"https:\/\/www.upo.es\/formacionpermanente\/wp-content\/imagenes\/uploads\/2022\/09\/pablo-jose-abascal-monedero-355417.jpg 198w, https:\/\/www.upo.es\/formacionpermanente\/wp-content\/imagenes\/uploads\/2022\/09\/pablo-jose-abascal-monedero-355417-150x150.jpg 150w\" sizes=\"(max-width: 198px) 100vw, 198px\" \/>\t\t\t\t<\/div><!-- .profile-header END -->\n\t\t\t\n\n\t\t\t\t<div class=\"profile-body\">\n\t\t\t\t\t\n\t\t\t\t\t<h2 class=\"profile-title\">\n\t\t\t\t\t\t\t\t\t\t\tD. Pablo Abascal Monedero\t\t\t\t\t\t\t\t\t\t<\/h2>\n\t\t\t\t\t<p class=\"profile-designation\">Responsable de Calidad<\/p>\n\t\t\t\t\t\t\t\t\t\t<p class=\"profile-content\">Profesor asociado al Departamento de Derecho Privado<\/br>\n<strong>Universidad Pablo de Olavide<\/strong><\/p>\n\t\t\t\t\t\t\t\t\t<\/div><!-- .profile-body END -->\n\n\t\t\t\t\t\t\t\t<\/div>\n\t\t\t\t\t\t\t\n\t\t\t\n\t\t\t\t<\/div>\t\t\t\t<\/div>\n\t\t\t\t<\/div>\n\t\t\t\t\t<\/div>\n\t\t<\/div>\n\t\t\t\t\t<\/div>\n\t\t<\/section>\n\t\t\t\t<section class=\"elementor-section elementor-inner-section elementor-element elementor-element-254d44bd elementor-section-full_width elementor-section-height-default elementor-section-height-default\" data-id=\"254d44bd\" data-element_type=\"section\" data-e-type=\"section\">\n\t\t\t\t\t\t<div class=\"elementor-container elementor-column-gap-default\">\n\t\t\t\t\t<div class=\"elementor-column elementor-col-100 elementor-inner-column elementor-element elementor-element-2ba15c3c\" data-id=\"2ba15c3c\" data-element_type=\"column\" data-e-type=\"column\">\n\t\t\t<div class=\"elementor-widget-wrap elementor-element-populated\">\n\t\t\t\t\t\t<div class=\"elementor-element elementor-element-324fed81 elementor-widget elementor-widget-heading\" data-id=\"324fed81\" data-element_type=\"widget\" data-e-type=\"widget\" data-widget_type=\"heading.default\">\n\t\t\t\t<div class=\"elementor-widget-container\">\n\t\t\t\t\t<h3 class=\"elementor-heading-title elementor-size-default\">Plan de estudios<\/h3>\t\t\t\t<\/div>\n\t\t\t\t<\/div>\n\t\t\t\t<div class=\"elementor-element elementor-element-24636292 elementor-widget elementor-widget-text-editor\" data-id=\"24636292\" data-element_type=\"widget\" data-e-type=\"widget\" data-widget_type=\"text-editor.default\">\n\t\t\t\t<div class=\"elementor-widget-container\">\n\t\t\t\t\t\t\t\t\t<p>El programa solo se activar\u00e1 si se alcanza el n\u00famero m\u00ednimo de matr\u00edculas establecido en cada caso.<\/p>\n<h5><strong>Relaci\u00f3n de materias<\/strong><\/h5>\n<p><strong>Asignatura 1:<\/strong> Introducci\u00f3n al curso, aula virtual y la victimolog\u00eda. 2 ECTS<br \/>\n<strong>Asignatura 2:<\/strong> Marco legislativo del tratamiento de las v\u00edctimas de los delitos en el ordenamiento jur\u00eddico. 3,5 ECTS<br \/>\n<strong>Asignatura 3:<\/strong> Sociolog\u00eda de las v\u00edctimas. V\u00edctimas y aspectos criminol\u00f3gicos de la v\u00edctima. 4 ECTS<br \/>\n<strong>Asignatura 4:<\/strong> Valoraci\u00f3n del da\u00f1o, secuelas psicosociales. 2,5 ECTS<br \/>\n<strong>Asignatura 5:<\/strong> Asistencia de las v\u00edctimas en juzgados y tribunales por el servicio de asistencia a las v\u00edctimas. Recursos de atenci\u00f3n a las v\u00edctimas. Intervenci\u00f3n y caracter\u00edsticas de las v\u00edctimas. 2 ECTS<br \/>\n<strong>Asignatura 6:<\/strong> Trabajo Final. 6 ECTS<\/p>\n\t\t\t\t\t\t\t\t<\/div>\n\t\t\t\t<\/div>\n\t\t\t\t\t<\/div>\n\t\t<\/div>\n\t\t\t\t\t<\/div>\n\t\t<\/section>\n\t\t\t\t<section class=\"elementor-section elementor-inner-section elementor-element elementor-element-6beba4b9 elementor-section-full_width elementor-hidden-mobile elementor-section-height-default elementor-section-height-default\" data-id=\"6beba4b9\" data-element_type=\"section\" data-e-type=\"section\">\n\t\t\t\t\t\t<div class=\"elementor-container elementor-column-gap-default\">\n\t\t\t\t\t<div class=\"elementor-column elementor-col-100 elementor-inner-column elementor-element elementor-element-172902eb\" data-id=\"172902eb\" data-element_type=\"column\" data-e-type=\"column\">\n\t\t\t<div class=\"elementor-widget-wrap elementor-element-populated\">\n\t\t\t\t\t\t<div class=\"elementor-element elementor-element-11cfe8c8 elementor-widget elementor-widget-heading\" data-id=\"11cfe8c8\" data-element_type=\"widget\" data-e-type=\"widget\" data-widget_type=\"heading.default\">\n\t\t\t\t<div class=\"elementor-widget-container\">\n\t\t\t\t\t<h3 class=\"elementor-heading-title elementor-size-default\">Profesorado<\/h3>\t\t\t\t<\/div>\n\t\t\t\t<\/div>\n\t\t\t\t<div class=\"elementor-element elementor-element-5e5086f0 elementor-widget elementor-widget-text-editor\" data-id=\"5e5086f0\" data-element_type=\"widget\" data-e-type=\"widget\" data-widget_type=\"text-editor.default\">\n\t\t\t\t<div class=\"elementor-widget-container\">\n\t\t\t\t\t\t\t\t\t<p><strong>D\u00f1a. Concepci\u00f3n Nieto Morales<\/strong><br \/>\nProfesora Asociada Universidad Pablo de Olavide.<\/p>\n<p><strong>D\u00f1a. Teresa Fern\u00e1ndez Gonz\u00e1lez<\/strong><br \/>\nCoordinadora enlace Violencia de G\u00e9nero y Victimas. Consejo General del Poder Judicial.<\/p>\n<p><strong>D. Juan Antonio Hurtado Casau<\/strong><br \/>\nTrabajador Social. Crimin\u00f3logo. Experto Victimolog\u00eda. Asociaci\u00f3n SAVA.<\/p>\n\t\t\t\t\t\t\t\t<\/div>\n\t\t\t\t<\/div>\n\t\t\t\t\t<\/div>\n\t\t<\/div>\n\t\t\t\t\t<\/div>\n\t\t<\/section>\n\t\t\t\t<section class=\"elementor-section elementor-inner-section elementor-element elementor-element-5be0161f elementor-section-full_width elementor-hidden-mobile elementor-section-height-default elementor-section-height-default\" data-id=\"5be0161f\" data-element_type=\"section\" data-e-type=\"section\">\n\t\t\t\t\t\t<div class=\"elementor-container elementor-column-gap-default\">\n\t\t\t\t\t<div class=\"elementor-column elementor-col-100 elementor-inner-column elementor-element elementor-element-2a2e0913\" data-id=\"2a2e0913\" data-element_type=\"column\" data-e-type=\"column\">\n\t\t\t<div class=\"elementor-widget-wrap elementor-element-populated\">\n\t\t\t\t\t\t<div class=\"elementor-element elementor-element-3cec8a8d elementor-widget elementor-widget-heading\" data-id=\"3cec8a8d\" data-element_type=\"widget\" data-e-type=\"widget\" data-widget_type=\"heading.default\">\n\t\t\t\t<div class=\"elementor-widget-container\">\n\t\t\t\t\t<h3 class=\"elementor-heading-title elementor-size-default\">Metodolog\u00eda y evaluaci\u00f3n<\/h3>\t\t\t\t<\/div>\n\t\t\t\t<\/div>\n\t\t\t\t<div class=\"elementor-element elementor-element-689ccb6b elementor-widget elementor-widget-text-editor\" data-id=\"689ccb6b\" data-element_type=\"widget\" data-e-type=\"widget\" data-widget_type=\"text-editor.default\">\n\t\t\t\t<div class=\"elementor-widget-container\">\n\t\t\t\t\t\t\t\t\t<p>El curso se desarrollar\u00e1 de forma online en la plataforma virtual de la UPO.<\/p>\n<p>El alumnado tendr\u00e1 acceso a herramientas de comunicaci\u00f3n y feedback con el profesorado y otros participantes a trav\u00e9s de foros, chat, correo electr\u00f3nico, etc. Contar\u00e1 con los materiales del curso a trav\u00e9s de la plataforma, tanto contenidos y temas obligatorios y complementarios. Mediante las las herramientas disponibles, se desplegar\u00e1n actividades desde los foros relacionados con tem\u00e1ticas acorde con la formaci\u00f3n que desarrollar\u00e1n actividades de aplicaci\u00f3n, reflexi\u00f3n y complementarias y autoevaluaciones.<\/p>\n<p>La metodolog\u00eda a utilizar ser\u00e1:<\/p>\n<ul>\n<li>Activa y participativa.<\/li>\n<li>Trabajos individuales y trabajos grupales.<\/li>\n<li>Tutor\u00edas.<\/li>\n<li>Participaci\u00f3n sincr\u00f3nicas \/ asincr\u00f3nicas con el docente.<\/li>\n<\/ul>\n<p>Se indicar\u00e1 al alumnado el plazo de d\u00edas que dispone para trabajar cada tema del curso. Durante dicho plazo, cada docente responsable del tema, propondr\u00e1 actividades, responder\u00e1 dudas, debatir\u00e1 con el alumnado a trav\u00e9s de foros, chats, e-mails, etc y finalmente, acabado el plazo, el estudiante realizar\u00e1 una prueba tipo test de autoevaluaci\u00f3n.<\/p>\n<p>La metodolog\u00eda ser\u00e1 flexible y atender\u00e1 las necesidades del alumnado supervisado por el equipo docente y la coordinaci\u00f3n, seg\u00fan petici\u00f3n. Los contenidos se encuentran enmarcados en un calendario y distribuidos al largo del curso con duraci\u00f3n dependiendo de densidad del contenido del m\u00f3dulo.<\/p>\n<p>En el primer m\u00f3dulo el alumnado dispondr\u00e1 de una gu\u00eda did\u00e1ctica, que detallar\u00e1 las caracter\u00edsticas para realizar correcta y activamente el curso.<\/p>\n<p>El profesorado atender\u00e1, responder\u00e1 y supervisar\u00e1 todas las cuestiones que el alumnado necesite durante el desarrollo del curso con un seguimiento y feedback que motive al alumnado en el aprendizaje.<\/p>\n\t\t\t\t\t\t\t\t<\/div>\n\t\t\t\t<\/div>\n\t\t\t\t\t<\/div>\n\t\t<\/div>\n\t\t\t\t\t<\/div>\n\t\t<\/section>\n\t\t\t\t<section class=\"elementor-section elementor-inner-section elementor-element elementor-element-33e6115e elementor-section-full_width elementor-section-height-default elementor-section-height-default\" data-id=\"33e6115e\" data-element_type=\"section\" data-e-type=\"section\">\n\t\t\t\t\t\t<div class=\"elementor-container elementor-column-gap-default\">\n\t\t\t\t\t<div class=\"elementor-column elementor-col-100 elementor-inner-column elementor-element elementor-element-1f52122\" data-id=\"1f52122\" data-element_type=\"column\" data-e-type=\"column\">\n\t\t\t<div class=\"elementor-widget-wrap elementor-element-populated\">\n\t\t\t\t\t\t<div class=\"elementor-element elementor-element-1f4f0243 elementor-widget elementor-widget-heading\" data-id=\"1f4f0243\" data-element_type=\"widget\" data-e-type=\"widget\" data-widget_type=\"heading.default\">\n\t\t\t\t<div class=\"elementor-widget-container\">\n\t\t\t\t\t<h3 class=\"elementor-heading-title elementor-size-default\">Requisitos y perfil de acceso<\/h3>\t\t\t\t<\/div>\n\t\t\t\t<\/div>\n\t\t\t\t<div class=\"elementor-element elementor-element-76f7e781 elementor-widget elementor-widget-text-editor\" data-id=\"76f7e781\" data-element_type=\"widget\" data-e-type=\"widget\" data-widget_type=\"text-editor.default\">\n\t\t\t\t<div class=\"elementor-widget-container\">\n\t\t\t\t\t\t\t\t\t<p>Se plantean dos v\u00edas de acceso: para titulados universitarios y no universitarios obteniendo cada uno de ellos la titulaci\u00f3n correspondiente:<\/p>\n<h5><strong>Titulados Universitarios<\/strong><\/h5>\n<p>Podr\u00e1n acceder a los estudios de Diploma de Experto:<\/p>\n<ul>\n<li>Quienes est\u00e9n en posesi\u00f3n de un t\u00edtulo universitario de Grado espa\u00f1ol o equivalente.<\/li>\n<li>Quienes est\u00e9n en posesi\u00f3n de un t\u00edtulo expedido por una instituci\u00f3n de educaci\u00f3n superior del Espacio Europeo de Educaci\u00f3n Superior, que otorgue acceso a ense\u00f1anzas oficiales de Postgrado.<\/li>\n<li>Quienes est\u00e9n en posesi\u00f3n de un t\u00edtulo conforme a sistemas educativos ajenos al Espacio Europeo de Educaci\u00f3n Superior, que acredite un nivel de formaci\u00f3n equivalente a los correspondientes T\u00edtulos universitarios oficiales espa\u00f1oles de Grado, y que facultan en el pa\u00eds expedidor del t\u00edtulo para el acceso a ense\u00f1anzas de Postgrado. *<\/li>\n<li>Quienes acrediten haber superado al menos 180 cr\u00e9ditos ECTS correspondientes a ense\u00f1anzas oficiales de Grado. En este caso, para que el estudiante obtenga su t\u00edtulo, debe haber terminado sus estudios de Grado antes de la finalizaci\u00f3n del Diploma de Experto.<\/li>\n<li>Excepcionalmente, quienes acrediten experiencia profesional demostrada en un \u00e1mbito relacionado con el contenido del t\u00edtulo. Esta admisi\u00f3n estar\u00e1 condicionada a la autorizaci\u00f3n por la Comisi\u00f3n de Postgrado de la Universidad Pablo de Olavide.<\/li>\n<\/ul>\n<p><em>*No es necesario que estos t\u00edtulos se encuentren homologados en Espa\u00f1a.<\/em><\/p>\n<h5><strong>No universitarios<\/strong><\/h5>\n<p>No se exige formaci\u00f3n previa para el acceso a los estudios de Certificado Universitario.<\/p>\n\t\t\t\t\t\t\t\t<\/div>\n\t\t\t\t<\/div>\n\t\t\t\t\t<\/div>\n\t\t<\/div>\n\t\t\t\t\t<\/div>\n\t\t<\/section>\n\t\t\t\t<section class=\"elementor-section elementor-inner-section elementor-element elementor-element-24edb538 elementor-section-full_width elementor-section-height-default elementor-section-height-default\" data-id=\"24edb538\" data-element_type=\"section\" data-e-type=\"section\">\n\t\t\t\t\t\t<div class=\"elementor-container elementor-column-gap-default\">\n\t\t\t\t\t<div class=\"elementor-column elementor-col-100 elementor-inner-column elementor-element elementor-element-372fc0ee\" data-id=\"372fc0ee\" data-element_type=\"column\" data-e-type=\"column\">\n\t\t\t<div class=\"elementor-widget-wrap elementor-element-populated\">\n\t\t\t\t\t\t<div class=\"elementor-element elementor-element-1ca43e3e elementor-widget elementor-widget-heading\" data-id=\"1ca43e3e\" data-element_type=\"widget\" data-e-type=\"widget\" data-widget_type=\"heading.default\">\n\t\t\t\t<div class=\"elementor-widget-container\">\n\t\t\t\t\t<h3 class=\"elementor-heading-title elementor-size-default\">Horario<\/h3>\t\t\t\t<\/div>\n\t\t\t\t<\/div>\n\t\t\t\t<div class=\"elementor-element elementor-element-1fecda5f elementor-widget elementor-widget-text-editor\" data-id=\"1fecda5f\" data-element_type=\"widget\" data-e-type=\"widget\" data-widget_type=\"text-editor.default\">\n\t\t\t\t<div class=\"elementor-widget-container\">\n\t\t\t\t\t\t\t\t\t<p>Este Diploma de Experto se desarrollar\u00e1 <strong>del 19 de octubre al 23 de diciembre de 2026<\/strong>.<\/p>\n<p>El curso es completamente online, pero no hay clases s\u00edncronas entre profesorado y alumnado. Habr\u00e1 un cronograma donde se detallen los temas que se imparten, las fechas de entrega de las actividades y las fechas de los ex\u00e1menes de autoevaluaci\u00f3n tipo test.<\/p>\n\t\t\t\t\t\t\t\t<\/div>\n\t\t\t\t<\/div>\n\t\t\t\t\t<\/div>\n\t\t<\/div>\n\t\t\t\t\t<\/div>\n\t\t<\/section>\n\t\t\t\t<section class=\"elementor-section elementor-inner-section elementor-element elementor-element-36fe8395 elementor-section-full_width elementor-section-height-default elementor-section-height-default\" data-id=\"36fe8395\" data-element_type=\"section\" data-e-type=\"section\">\n\t\t\t\t\t\t<div class=\"elementor-container elementor-column-gap-default\">\n\t\t\t\t\t<div class=\"elementor-column elementor-col-100 elementor-inner-column elementor-element elementor-element-318ac637\" data-id=\"318ac637\" data-element_type=\"column\" data-e-type=\"column\">\n\t\t\t<div class=\"elementor-widget-wrap elementor-element-populated\">\n\t\t\t\t\t\t<div class=\"elementor-element elementor-element-3fe319f3 elementor-widget elementor-widget-heading\" data-id=\"3fe319f3\" data-element_type=\"widget\" data-e-type=\"widget\" data-widget_type=\"heading.default\">\n\t\t\t\t<div class=\"elementor-widget-container\">\n\t\t\t\t\t<h3 class=\"elementor-heading-title elementor-size-default\">Precios y ayuda<\/h3>\t\t\t\t<\/div>\n\t\t\t\t<\/div>\n\t\t\t\t<div class=\"elementor-element elementor-element-63433d60 elementor-widget elementor-widget-text-editor\" data-id=\"63433d60\" data-element_type=\"widget\" data-e-type=\"widget\" data-widget_type=\"text-editor.default\">\n\t\t\t\t<div class=\"elementor-widget-container\">\n\t\t\t\t\t\t\t\t\t<h5><strong>Tasas<\/strong><\/h5>\n<p>600,00 \u20ac<\/p>\n<ul>\n<li>Este importe no incluye las\u00a0<strong>tasas de expedici\u00f3n del t\u00edtulo<\/strong>, puede acceder a la informaci\u00f3n en el\u00a0<a href=\"https:\/\/www.upo.es\/formacionpermanente\/titulos-propios\/como-solicitar-el-titulo-o-diploma-de-un-titulo-propio\/\" target=\"_blank\" rel=\"noopener\">siguiente enlace.<\/a><\/li>\n<li>Este importe no incluye las\u00a0<strong>tasas de expedici\u00f3n del carnet de estudiante<\/strong>, puede acceder a la informaci\u00f3n desde el\u00a0<a href=\"https:\/\/www.upo.es\/formacionpermanente\/titulos-propios\/carnet-de-estudiante-para-titulos-propios\/\" target=\"_blank\" rel=\"noopener\">siguiente enlace<\/a>.<\/li>\n<\/ul>\n<h5>\u00a0Pagos<\/h5>\n<h5><\/h5>\n<ul>\n<li>Reserva de plaza: <strong>90,00 \u20ac<\/strong><\/li>\n<li>Matr\u00edcula (una vez comunicada la admisi\u00f3n y antes del inicio del programa):<strong> 510,00 \u20ac<\/strong><\/li>\n<\/ul>\n<p>El pago fraccionado no exime del abono completo de las tasas una vez iniciado el programa. Para consultar los motivos de devoluci\u00f3n de la Reserva de Plaza puede hacerlo desde\u00a0<a href=\"https:\/\/www.upo.es\/formacionpermanente\/wp-content\/imagenes\/uploads\/2025\/01\/BUPO-13-2024_Instruccion-Reserva-de-Plaza.pdf\" target=\"_blank\" rel=\"noopener\">aqu\u00ed.<\/a><\/p>\n<h5><strong>Reconocimiento de cr\u00e9ditos<\/strong><\/h5>\n<h4><\/h4>\n<p>El alumnado de la Universidad Pablo de Olavide una vez cursado y superado este T\u00edtulo Propio podr\u00e1 solicitar el reconocimiento de<strong> 4 cr\u00e9ditos ECTS<\/strong>\u00a0en su expediente acad\u00e9mico de Grado.<\/p>\n<p>*Esta solicitud de reconocimiento no eximir\u00e1 del abono de las tasas correspondientes para el mismo, las cuales no se encuentran incluidas en el precio del curso. Seg\u00fan establece el Real Decreto por el que se determinan los precios p\u00fablicos para el curso en vigor, de las Universidades P\u00fablicas de Andaluc\u00eda por la prestaci\u00f3n de servicios acad\u00e9micos y administrativos:<\/p>\n<p><em>\u201cEl alumnado que solicite el reconocimiento de cr\u00e9ditos conforme a lo previsto en los art\u00edculos 6 y 12.8 del Real Decreto 1393\/2007, de 29 de octubre, abonar\u00e1 el 30% de los precios p\u00fablicos correspondientes.\u201d<\/em><\/p>\n<h5><strong>Ayudas al estudio<\/strong><\/h5>\n<p>Todos los programas de T\u00edtulos Propios ofrecen la posibilidad de solicitar una ayuda al estudio. Puede consultar la informaci\u00f3n completa y la fecha de la convocatoria <a href=\"https:\/\/www.upo.es\/formacionpermanente\/titulos-propios\/ayudas-al-estudio-para-titulos-propios\/\">aqu\u00ed<\/a>.<\/p>\n\t\t\t\t\t\t\t\t<\/div>\n\t\t\t\t<\/div>\n\t\t\t\t\t<\/div>\n\t\t<\/div>\n\t\t\t\t\t<\/div>\n\t\t<\/section>\n\t\t\t\t<section class=\"elementor-section elementor-inner-section elementor-element elementor-element-db03846 elementor-section-full_width elementor-section-height-default elementor-section-height-default\" data-id=\"db03846\" data-element_type=\"section\" data-e-type=\"section\">\n\t\t\t\t\t\t<div class=\"elementor-container elementor-column-gap-default\">\n\t\t\t\t\t<div class=\"elementor-column elementor-col-100 elementor-inner-column elementor-element elementor-element-3076fd4\" data-id=\"3076fd4\" data-element_type=\"column\" data-e-type=\"column\">\n\t\t\t<div class=\"elementor-widget-wrap elementor-element-populated\">\n\t\t\t\t\t\t<div class=\"elementor-element elementor-element-802e3ed elementor-widget elementor-widget-heading\" data-id=\"802e3ed\" data-element_type=\"widget\" data-e-type=\"widget\" data-widget_type=\"heading.default\">\n\t\t\t\t<div class=\"elementor-widget-container\">\n\t\t\t\t\t<h3 class=\"elementor-heading-title elementor-size-default\">\u00bfTienes alguna duda? Contacta con nosotros<\/h3>\t\t\t\t<\/div>\n\t\t\t\t<\/div>\n\t\t\t\t\t<\/div>\n\t\t<\/div>\n\t\t\t\t\t<\/div>\n\t\t<\/section>\n\t\t\t\t<section class=\"elementor-section elementor-inner-section elementor-element elementor-element-4043760 elementor-section-boxed elementor-section-height-default elementor-section-height-default\" data-id=\"4043760\" data-element_type=\"section\" data-e-type=\"section\">\n\t\t\t\t\t\t<div class=\"elementor-container elementor-column-gap-default\">\n\t\t\t\t\t<div class=\"elementor-column elementor-col-50 elementor-inner-column elementor-element elementor-element-d410335\" data-id=\"d410335\" data-element_type=\"column\" data-e-type=\"column\">\n\t\t\t<div class=\"elementor-widget-wrap elementor-element-populated\">\n\t\t\t\t\t\t<div class=\"elementor-element elementor-element-5a48f99 elementor-widget elementor-widget-text-editor\" data-id=\"5a48f99\" data-element_type=\"widget\" data-e-type=\"widget\" data-widget_type=\"text-editor.default\">\n\t\t\t\t<div class=\"elementor-widget-container\">\n\t\t\t\t\t\t\t\t\t<h5><strong>Para informaci\u00f3n acad\u00e9mica:<\/strong><\/h5>\t\t\t\t\t\t\t\t<\/div>\n\t\t\t\t<\/div>\n\t\t\t\t<div class=\"elementor-element elementor-element-fff11ee elementor-widget elementor-widget-text-editor\" data-id=\"fff11ee\" data-element_type=\"widget\" data-e-type=\"widget\" data-widget_type=\"text-editor.default\">\n\t\t\t\t<div class=\"elementor-widget-container\">\n\t\t\t\t\t\t\t\t\tConcepci\u00f3n Nieto Morales\t\t\t\t\t\t\t\t<\/div>\n\t\t\t\t<\/div>\n\t\t\t\t<div class=\"elementor-element elementor-element-e93dd49 elementor-widget elementor-widget-text-editor\" data-id=\"e93dd49\" data-element_type=\"widget\" data-e-type=\"widget\" data-widget_type=\"text-editor.default\">\n\t\t\t\t<div class=\"elementor-widget-container\">\n\t\t\t\t\t\t\t\t\tconcepcionm@upo.es\t\t\t\t\t\t\t\t<\/div>\n\t\t\t\t<\/div>\n\t\t\t\t\t<\/div>\n\t\t<\/div>\n\t\t\t\t<div class=\"elementor-column elementor-col-50 elementor-inner-column elementor-element elementor-element-0924c03\" data-id=\"0924c03\" data-element_type=\"column\" data-e-type=\"column\">\n\t\t\t<div class=\"elementor-widget-wrap elementor-element-populated\">\n\t\t\t\t\t\t<div class=\"elementor-element elementor-element-bdf676b elementor-widget elementor-widget-text-editor\" data-id=\"bdf676b\" data-element_type=\"widget\" data-e-type=\"widget\" data-widget_type=\"text-editor.default\">\n\t\t\t\t<div class=\"elementor-widget-container\">\n\t\t\t\t\t\t\t\t\t<h5>Para informaci\u00f3n administrativa:<\/h5><p>\u00c1rea de T\u00edtulos Propios<br \/>Tel: +34 954348963 \/ \u00a0+34 954349066<br \/>titulospropios@fundacion.upo.es<\/p>\t\t\t\t\t\t\t\t<\/div>\n\t\t\t\t<\/div>\n\t\t\t\t\t<\/div>\n\t\t<\/div>\n\t\t\t\t\t<\/div>\n\t\t<\/section>\n\t\t\t\t<section class=\"elementor-section elementor-inner-section elementor-element elementor-element-63d1c6af elementor-section-full_width elementor-section-height-default elementor-section-height-default\" data-id=\"63d1c6af\" data-element_type=\"section\" data-e-type=\"section\" data-settings=\"{&quot;background_background&quot;:&quot;classic&quot;}\">\n\t\t\t\t\t\t<div class=\"elementor-container elementor-column-gap-default\">\n\t\t\t\t\t<div class=\"elementor-column elementor-col-100 elementor-inner-column elementor-element elementor-element-409b3b72\" data-id=\"409b3b72\" data-element_type=\"column\" data-e-type=\"column\">\n\t\t\t<div class=\"elementor-widget-wrap elementor-element-populated\">\n\t\t\t\t\t\t<div class=\"elementor-element elementor-element-65445c9b elementor-widget elementor-widget-heading\" data-id=\"65445c9b\" data-element_type=\"widget\" data-e-type=\"widget\" data-widget_type=\"heading.default\">\n\t\t\t\t<div class=\"elementor-widget-container\">\n\t\t\t\t\t<h3 class=\"elementor-heading-title elementor-size-default\">Certificaci\u00f3n de Calidad - AENOR ISO 9001<\/h3>\t\t\t\t<\/div>\n\t\t\t\t<\/div>\n\t\t\t\t\t<\/div>\n\t\t<\/div>\n\t\t\t\t\t<\/div>\n\t\t<\/section>\n\t\t\t\t<section class=\"elementor-section elementor-inner-section elementor-element elementor-element-76157fa8 elementor-section-full_width elementor-section-height-default elementor-section-height-default\" data-id=\"76157fa8\" data-element_type=\"section\" data-e-type=\"section\" data-settings=\"{&quot;background_background&quot;:&quot;classic&quot;}\">\n\t\t\t\t\t\t<div class=\"elementor-container elementor-column-gap-wider\">\n\t\t\t\t\t<div class=\"elementor-column elementor-col-50 elementor-inner-column elementor-element elementor-element-46bb6d8e\" data-id=\"46bb6d8e\" data-element_type=\"column\" data-e-type=\"column\">\n\t\t\t<div class=\"elementor-widget-wrap elementor-element-populated\">\n\t\t\t\t\t\t<div class=\"elementor-element elementor-element-6dc623b8 elementor-widget elementor-widget-image\" data-id=\"6dc623b8\" data-element_type=\"widget\" data-e-type=\"widget\" data-widget_type=\"image.default\">\n\t\t\t\t<div class=\"elementor-widget-container\">\n\t\t\t\t\t\t\t\t\t\t\t\t\t\t\t<img loading=\"lazy\" decoding=\"async\" width=\"768\" height=\"697\" src=\"https:\/\/www.upo.es\/formacionpermanente\/wp-content\/imagenes\/uploads\/2023\/03\/Formacio\u0301n-y-Pra\u0301cticas-Acade\u0301micas-Calidad-1-768x697.jpg\" class=\"attachment-medium_large size-medium_large wp-image-19115\" alt=\"\" srcset=\"https:\/\/www.upo.es\/formacionpermanente\/wp-content\/imagenes\/uploads\/2023\/03\/Formacio\u0301n-y-Pra\u0301cticas-Acade\u0301micas-Calidad-1-768x697.jpg 768w, https:\/\/www.upo.es\/formacionpermanente\/wp-content\/imagenes\/uploads\/2023\/03\/Formacio\u0301n-y-Pra\u0301cticas-Acade\u0301micas-Calidad-1-300x272.jpg 300w, https:\/\/www.upo.es\/formacionpermanente\/wp-content\/imagenes\/uploads\/2023\/03\/Formacio\u0301n-y-Pra\u0301cticas-Acade\u0301micas-Calidad-1.jpg 977w\" sizes=\"(max-width: 768px) 100vw, 768px\" \/>\t\t\t\t\t\t\t\t\t\t\t\t\t\t\t<\/div>\n\t\t\t\t<\/div>\n\t\t\t\t<div class=\"elementor-element elementor-element-17c8e2a6 elementor-align-center elementor-widget elementor-widget-button\" data-id=\"17c8e2a6\" data-element_type=\"widget\" data-e-type=\"widget\" data-widget_type=\"button.default\">\n\t\t\t\t<div class=\"elementor-widget-container\">\n\t\t\t\t\t\t\t\t\t<div class=\"elementor-button-wrapper\">\n\t\t\t\t\t<a class=\"elementor-button elementor-button-link elementor-size-sm\" href=\"https:\/\/www.upo.es\/formacionpermanente\/?attachment_id=19116\" target=\"_blank\">\n\t\t\t\t\t\t<span class=\"elementor-button-content-wrapper\">\n\t\t\t\t\t\t\t\t\t<span class=\"elementor-button-text\">Ver Certificado<\/span>\n\t\t\t\t\t<\/span>\n\t\t\t\t\t<\/a>\n\t\t\t\t<\/div>\n\t\t\t\t\t\t\t\t<\/div>\n\t\t\t\t<\/div>\n\t\t\t\t\t<\/div>\n\t\t<\/div>\n\t\t\t\t<div class=\"elementor-column elementor-col-50 elementor-inner-column elementor-element elementor-element-33fd1b77\" data-id=\"33fd1b77\" data-element_type=\"column\" data-e-type=\"column\">\n\t\t\t<div class=\"elementor-widget-wrap elementor-element-populated\">\n\t\t\t\t\t\t<div class=\"elementor-element elementor-element-70e824d9 elementor-widget elementor-widget-text-editor\" data-id=\"70e824d9\" data-element_type=\"widget\" data-e-type=\"widget\" data-widget_type=\"text-editor.default\">\n\t\t\t\t<div class=\"elementor-widget-container\">\n\t\t\t\t\t\t\t\t\t<div class=\"elementor-element elementor-element-5b61699 elementor-widget elementor-widget-text-editor\" data-id=\"5b61699\" data-element_type=\"widget\" data-widget_type=\"text-editor.default\">\n<div class=\"elementor-widget-container\">\n<p>La <strong>Fundaci\u00f3n Universidad Pablo de Olavide<\/strong>, ha asumido su compromiso con la gesti\u00f3n de la calidad desde el a\u00f1o 2003, fecha en la que se obtuvo por primera vez la certificaci\u00f3n de su <strong>Sistema de Gesti\u00f3n de la Calidad<\/strong>. Desde ese momento, se ha apostado por un proceso de mejora continua que ha permitido la evoluci\u00f3n del sistema de gesti\u00f3n de la Fundaci\u00f3n en sus nuevos retos operativos, conforme siempre a los est\u00e1ndares de calidad de la normas ISO.<\/p>\n<p>El alcance del Certificado de Calidad de la Fundaci\u00f3n recoge las actividades de <strong>gesti\u00f3n de pr\u00e1cticas de alumnos en empresas&nbsp;<\/strong> as\u00ed como la <strong>gesti\u00f3n administrativa de actividades formativas de postgrado<\/strong>.<\/p>\n<\/div>\n<\/div>\t\t\t\t\t\t\t\t<\/div>\n\t\t\t\t<\/div>\n\t\t\t\t\t<\/div>\n\t\t<\/div>\n\t\t\t\t\t<\/div>\n\t\t<\/section>\n\t\t\t\t\t<\/div>\n\t\t<\/div>\n\t\t\t\t<div class=\"elementor-column elementor-col-50 elementor-top-column elementor-element elementor-element-fa7f065\" data-id=\"fa7f065\" data-element_type=\"column\" data-e-type=\"column\" data-settings=\"{&quot;background_background&quot;:&quot;classic&quot;}\">\n\t\t\t<div class=\"elementor-widget-wrap elementor-element-populated\">\n\t\t\t\t\t\t<section class=\"elementor-section elementor-inner-section elementor-element elementor-element-2a18465 elementor-section-full_width elementor-hidden-tablet elementor-hidden-mobile elementor-section-height-default elementor-section-height-default\" data-id=\"2a18465\" data-element_type=\"section\" data-e-type=\"section\" data-settings=\"{&quot;sticky&quot;:&quot;top&quot;,&quot;sticky_on&quot;:[&quot;desktop&quot;],&quot;sticky_parent&quot;:&quot;yes&quot;,&quot;sticky_offset&quot;:50,&quot;sticky_effects_offset&quot;:0,&quot;sticky_anchor_link_offset&quot;:0}\">\n\t\t\t\t\t\t<div class=\"elementor-container elementor-column-gap-no\">\n\t\t\t\t\t<div class=\"elementor-column elementor-col-100 elementor-inner-column elementor-element elementor-element-6c83b57\" data-id=\"6c83b57\" data-element_type=\"column\" data-e-type=\"column\">\n\t\t\t<div class=\"elementor-widget-wrap elementor-element-populated\">\n\t\t\t\t\t\t<div class=\"elementor-element elementor-element-396a60f elementor-align-left elementor-tablet-align-center elementor-widget elementor-widget-button\" data-id=\"396a60f\" data-element_type=\"widget\" data-e-type=\"widget\" data-widget_type=\"button.default\">\n\t\t\t\t<div class=\"elementor-widget-container\">\n\t\t\t\t\t\t\t\t\t<div class=\"elementor-button-wrapper\">\n\t\t\t\t\t<a class=\"elementor-button elementor-button-link elementor-size-md\" href=\"https:\/\/www.upo.es\/automat-fund\/web\/index.php?r=curso%2Fview&#038;id=991\">\n\t\t\t\t\t\t<span class=\"elementor-button-content-wrapper\">\n\t\t\t\t\t\t\t\t\t<span class=\"elementor-button-text\">Realizar reserva de plaza<\/span>\n\t\t\t\t\t<\/span>\n\t\t\t\t\t<\/a>\n\t\t\t\t<\/div>\n\t\t\t\t\t\t\t\t<\/div>\n\t\t\t\t<\/div>\n\t\t\t\t<div class=\"elementor-element elementor-element-9347c18 elementor-widget elementor-widget-heading\" data-id=\"9347c18\" data-element_type=\"widget\" data-e-type=\"widget\" data-widget_type=\"heading.default\">\n\t\t\t\t<div class=\"elementor-widget-container\">\n\t\t\t\t\t<h4 class=\"elementor-heading-title elementor-size-default\">Modalidad<\/h4>\t\t\t\t<\/div>\n\t\t\t\t<\/div>\n\t\t\t\t<div class=\"elementor-element elementor-element-bc7b122 elementor-widget elementor-widget-heading\" data-id=\"bc7b122\" data-element_type=\"widget\" data-e-type=\"widget\" data-widget_type=\"heading.default\">\n\t\t\t\t<div class=\"elementor-widget-container\">\n\t\t\t\t\t<h5 class=\"elementor-heading-title elementor-size-default\">Online<\/h5>\t\t\t\t<\/div>\n\t\t\t\t<\/div>\n\t\t\t\t<div class=\"elementor-element elementor-element-5aea3ae elementor-widget elementor-widget-heading\" data-id=\"5aea3ae\" data-element_type=\"widget\" data-e-type=\"widget\" data-widget_type=\"heading.default\">\n\t\t\t\t<div class=\"elementor-widget-container\">\n\t\t\t\t\t<h4 class=\"elementor-heading-title elementor-size-default\">Inicio del curso<\/h4>\t\t\t\t<\/div>\n\t\t\t\t<\/div>\n\t\t\t\t<div class=\"elementor-element elementor-element-edc2a21 elementor-widget elementor-widget-heading\" data-id=\"edc2a21\" data-element_type=\"widget\" data-e-type=\"widget\" data-widget_type=\"heading.default\">\n\t\t\t\t<div class=\"elementor-widget-container\">\n\t\t\t\t\t<h5 class=\"elementor-heading-title elementor-size-default\">19\/10\/2026<\/h5>\t\t\t\t<\/div>\n\t\t\t\t<\/div>\n\t\t\t\t<div class=\"elementor-element elementor-element-c666c4e elementor-widget elementor-widget-heading\" data-id=\"c666c4e\" data-element_type=\"widget\" data-e-type=\"widget\" data-widget_type=\"heading.default\">\n\t\t\t\t<div class=\"elementor-widget-container\">\n\t\t\t\t\t<h4 class=\"elementor-heading-title elementor-size-default\">Calendario acad\u00e9mico<\/h4>\t\t\t\t<\/div>\n\t\t\t\t<\/div>\n\t\t\t\t<div class=\"elementor-element elementor-element-02a3505 elementor-align-left elementor-widget elementor-widget-button\" data-id=\"02a3505\" data-element_type=\"widget\" data-e-type=\"widget\" data-widget_type=\"button.default\">\n\t\t\t\t<div class=\"elementor-widget-container\">\n\t\t\t\t\t\t\t\t\t<div class=\"elementor-button-wrapper\">\n\t\t\t\t\t<a class=\"elementor-button elementor-button-link elementor-size-md\" href=\"https:\/\/www.upo.es\/formacionpermanente\/wp-content\/imagenes\/uploads\/2026\/04\/DEX2026-03_Calendario.pdf\">\n\t\t\t\t\t\t<span class=\"elementor-button-content-wrapper\">\n\t\t\t\t\t\t\t\t\t<span class=\"elementor-button-text\">Haz clic aqu\u00ed para consultar<\/span>\n\t\t\t\t\t<\/span>\n\t\t\t\t\t<\/a>\n\t\t\t\t<\/div>\n\t\t\t\t\t\t\t\t<\/div>\n\t\t\t\t<\/div>\n\t\t\t\t<div class=\"elementor-element elementor-element-8a320c9 elementor-widget elementor-widget-heading\" data-id=\"8a320c9\" data-element_type=\"widget\" data-e-type=\"widget\" data-widget_type=\"heading.default\">\n\t\t\t\t<div class=\"elementor-widget-container\">\n\t\t\t\t\t<h4 class=\"elementor-heading-title elementor-size-default\">Cr\u00e9ditos<\/h4>\t\t\t\t<\/div>\n\t\t\t\t<\/div>\n\t\t\t\t<div class=\"elementor-element elementor-element-2acee94 elementor-widget elementor-widget-heading\" data-id=\"2acee94\" data-element_type=\"widget\" data-e-type=\"widget\" data-widget_type=\"heading.default\">\n\t\t\t\t<div class=\"elementor-widget-container\">\n\t\t\t\t\t<h5 class=\"elementor-heading-title elementor-size-default\">20 ECTS<\/h5>\t\t\t\t<\/div>\n\t\t\t\t<\/div>\n\t\t\t\t<div class=\"elementor-element elementor-element-827cc84 elementor-widget elementor-widget-heading\" data-id=\"827cc84\" data-element_type=\"widget\" data-e-type=\"widget\" data-widget_type=\"heading.default\">\n\t\t\t\t<div class=\"elementor-widget-container\">\n\t\t\t\t\t<h4 class=\"elementor-heading-title elementor-size-default\">Precio del curso<\/h4>\t\t\t\t<\/div>\n\t\t\t\t<\/div>\n\t\t\t\t<div class=\"elementor-element elementor-element-974e7e7 elementor-widget elementor-widget-heading\" data-id=\"974e7e7\" data-element_type=\"widget\" data-e-type=\"widget\" data-widget_type=\"heading.default\">\n\t\t\t\t<div class=\"elementor-widget-container\">\n\t\t\t\t\t<h5 class=\"elementor-heading-title elementor-size-default\">600,00 \u20ac<\/h5>\t\t\t\t<\/div>\n\t\t\t\t<\/div>\n\t\t\t\t<div data-dce-title-color=\"#00335B\" class=\"elementor-element elementor-element-08fc243 elementor-cta--skin-cover elementor-cta--valign-middle elementor-bg-transform elementor-bg-transform-zoom-out elementor-widget elementor-widget-call-to-action\" data-id=\"08fc243\" data-element_type=\"widget\" data-e-type=\"widget\" data-widget_type=\"call-to-action.default\">\n\t\t\t\t<div class=\"elementor-widget-container\">\n\t\t\t\t\t\t\t<a class=\"elementor-cta\" href=\"#elementor-action%3Aaction%3Dpopup%3Aopen%26settings%3DeyJpZCI6IjE5MTA1IiwidG9nZ2xlIjpmYWxzZX0%3D\">\n\t\t\t\t\t<div class=\"elementor-cta__bg-wrapper\">\n\t\t\t\t<div class=\"elementor-cta__bg elementor-bg\" style=\"background-image: url(https:\/\/www.upo.es\/formacionpermanente\/wp-content\/imagenes\/uploads\/2022\/10\/microcredenciales-1.jpg);\" role=\"img\" aria-label=\"microcredenciales-1\"><\/div>\n\t\t\t\t<div class=\"elementor-cta__bg-overlay\"><\/div>\n\t\t\t<\/div>\n\t\t\t\t\t\t\t<div class=\"elementor-cta__content\">\n\t\t\t\t\n\t\t\t\t\t\t\t\t\t<h2 class=\"elementor-cta__title elementor-cta__content-item elementor-content-item\">\n\t\t\t\t\t\t\u00bfNecesitas m\u00e1s informaci\u00f3n?\t\t\t\t\t<\/h2>\n\t\t\t\t\n\t\t\t\t\t\t\t\t\t<div class=\"elementor-cta__description elementor-cta__content-item elementor-content-item\">\n\t\t\t\t\t\t\u00bfTienes alguna duda sobre este t\u00edtulo propio? \u00bfQuieres que te avisemos de la pr\u00f3xima edici\u00f3n?\t\t\t\t\t<\/div>\n\t\t\t\t\n\t\t\t\t\t\t\t\t\t<div class=\"elementor-cta__button-wrapper elementor-cta__content-item elementor-content-item \">\n\t\t\t\t\t<span class=\"elementor-cta__button elementor-button elementor-size-md\">\n\t\t\t\t\t\tContacta con nosotros\t\t\t\t\t<\/span>\n\t\t\t\t\t<\/div>\n\t\t\t\t\t\t\t<\/div>\n\t\t\t\t\t\t<\/a>\n\t\t\t\t\t\t<\/div>\n\t\t\t\t<\/div>\n\t\t\t\t\t<\/div>\n\t\t<\/div>\n\t\t\t\t\t<\/div>\n\t\t<\/section>\n\t\t\t\t<section class=\"elementor-section elementor-inner-section elementor-element elementor-element-24bae57 elementor-section-full_width elementor-section-content-middle elementor-hidden-desktop elementor-section-height-default elementor-section-height-default\" data-id=\"24bae57\" data-element_type=\"section\" data-e-type=\"section\" data-settings=\"{&quot;sticky&quot;:&quot;top&quot;,&quot;sticky_on&quot;:[&quot;desktop&quot;],&quot;sticky_parent&quot;:&quot;yes&quot;,&quot;sticky_offset&quot;:0,&quot;sticky_effects_offset&quot;:0,&quot;sticky_anchor_link_offset&quot;:0}\">\n\t\t\t\t\t\t<div class=\"elementor-container elementor-column-gap-extended\">\n\t\t\t\t\t<div class=\"elementor-column elementor-col-25 elementor-inner-column elementor-element elementor-element-1bacfa6\" data-id=\"1bacfa6\" data-element_type=\"column\" data-e-type=\"column\">\n\t\t\t<div class=\"elementor-widget-wrap elementor-element-populated\">\n\t\t\t\t\t\t<div class=\"elementor-element elementor-element-a68ba73 elementor-widget elementor-widget-heading\" data-id=\"a68ba73\" data-element_type=\"widget\" data-e-type=\"widget\" data-widget_type=\"heading.default\">\n\t\t\t\t<div class=\"elementor-widget-container\">\n\t\t\t\t\t<h4 class=\"elementor-heading-title elementor-size-default\">Modalidad<\/h4>\t\t\t\t<\/div>\n\t\t\t\t<\/div>\n\t\t\t\t<div class=\"elementor-element elementor-element-b377441 elementor-widget elementor-widget-heading\" data-id=\"b377441\" data-element_type=\"widget\" data-e-type=\"widget\" data-widget_type=\"heading.default\">\n\t\t\t\t<div class=\"elementor-widget-container\">\n\t\t\t\t\t<h5 class=\"elementor-heading-title elementor-size-default\">Online<\/h5>\t\t\t\t<\/div>\n\t\t\t\t<\/div>\n\t\t\t\t\t<\/div>\n\t\t<\/div>\n\t\t\t\t<div class=\"elementor-column elementor-col-25 elementor-inner-column elementor-element elementor-element-224ede6\" data-id=\"224ede6\" data-element_type=\"column\" data-e-type=\"column\">\n\t\t\t<div class=\"elementor-widget-wrap elementor-element-populated\">\n\t\t\t\t\t\t<div class=\"elementor-element elementor-element-c7c900a elementor-widget elementor-widget-heading\" data-id=\"c7c900a\" data-element_type=\"widget\" data-e-type=\"widget\" data-widget_type=\"heading.default\">\n\t\t\t\t<div class=\"elementor-widget-container\">\n\t\t\t\t\t<h4 class=\"elementor-heading-title elementor-size-default\">Inicio del curso<\/h4>\t\t\t\t<\/div>\n\t\t\t\t<\/div>\n\t\t\t\t<div class=\"elementor-element elementor-element-0f3fa5d elementor-widget elementor-widget-heading\" data-id=\"0f3fa5d\" data-element_type=\"widget\" data-e-type=\"widget\" data-widget_type=\"heading.default\">\n\t\t\t\t<div class=\"elementor-widget-container\">\n\t\t\t\t\t<h5 class=\"elementor-heading-title elementor-size-default\">19\/10\/2026<\/h5>\t\t\t\t<\/div>\n\t\t\t\t<\/div>\n\t\t\t\t<div class=\"elementor-element elementor-element-c5a26e1 elementor-mobile-align-center elementor-widget elementor-widget-button\" data-id=\"c5a26e1\" data-element_type=\"widget\" data-e-type=\"widget\" data-widget_type=\"button.default\">\n\t\t\t\t<div class=\"elementor-widget-container\">\n\t\t\t\t\t\t\t\t\t<div class=\"elementor-button-wrapper\">\n\t\t\t\t\t<a class=\"elementor-button elementor-button-link elementor-size-sm\" href=\"https:\/\/www.upo.es\/formacionpermanente\/wp-content\/imagenes\/uploads\/2026\/04\/DEX2026-03_Calendario.pdf\">\n\t\t\t\t\t\t<span class=\"elementor-button-content-wrapper\">\n\t\t\t\t\t\t\t\t\t<span class=\"elementor-button-text\">Consultar calendario<\/span>\n\t\t\t\t\t<\/span>\n\t\t\t\t\t<\/a>\n\t\t\t\t<\/div>\n\t\t\t\t\t\t\t\t<\/div>\n\t\t\t\t<\/div>\n\t\t\t\t\t<\/div>\n\t\t<\/div>\n\t\t\t\t<div class=\"elementor-column elementor-col-25 elementor-inner-column elementor-element elementor-element-0076a99\" data-id=\"0076a99\" data-element_type=\"column\" data-e-type=\"column\">\n\t\t\t<div class=\"elementor-widget-wrap elementor-element-populated\">\n\t\t\t\t\t\t<div class=\"elementor-element elementor-element-578b412 elementor-widget elementor-widget-heading\" data-id=\"578b412\" data-element_type=\"widget\" data-e-type=\"widget\" data-widget_type=\"heading.default\">\n\t\t\t\t<div class=\"elementor-widget-container\">\n\t\t\t\t\t<h4 class=\"elementor-heading-title elementor-size-default\">Cr\u00e9ditos<\/h4>\t\t\t\t<\/div>\n\t\t\t\t<\/div>\n\t\t\t\t<div class=\"elementor-element elementor-element-17cb9e8 elementor-widget elementor-widget-heading\" data-id=\"17cb9e8\" data-element_type=\"widget\" data-e-type=\"widget\" data-widget_type=\"heading.default\">\n\t\t\t\t<div class=\"elementor-widget-container\">\n\t\t\t\t\t<h5 class=\"elementor-heading-title elementor-size-default\">20 ECTS<\/h5>\t\t\t\t<\/div>\n\t\t\t\t<\/div>\n\t\t\t\t\t<\/div>\n\t\t<\/div>\n\t\t\t\t<div class=\"elementor-column elementor-col-25 elementor-inner-column elementor-element elementor-element-8ee7559\" data-id=\"8ee7559\" data-element_type=\"column\" data-e-type=\"column\">\n\t\t\t<div class=\"elementor-widget-wrap elementor-element-populated\">\n\t\t\t\t\t\t<div class=\"elementor-element elementor-element-eca2f0e elementor-widget elementor-widget-heading\" data-id=\"eca2f0e\" data-element_type=\"widget\" data-e-type=\"widget\" data-widget_type=\"heading.default\">\n\t\t\t\t<div class=\"elementor-widget-container\">\n\t\t\t\t\t<h4 class=\"elementor-heading-title elementor-size-default\">Precio del curso<\/h4>\t\t\t\t<\/div>\n\t\t\t\t<\/div>\n\t\t\t\t<div class=\"elementor-element elementor-element-02e0ccc elementor-widget elementor-widget-heading\" data-id=\"02e0ccc\" data-element_type=\"widget\" data-e-type=\"widget\" data-widget_type=\"heading.default\">\n\t\t\t\t<div class=\"elementor-widget-container\">\n\t\t\t\t\t<h5 class=\"elementor-heading-title elementor-size-default\">600,00<\/h5>\t\t\t\t<\/div>\n\t\t\t\t<\/div>\n\t\t\t\t\t<\/div>\n\t\t<\/div>\n\t\t\t\t\t<\/div>\n\t\t<\/section>\n\t\t\t\t\t<\/div>\n\t\t<\/div>\n\t\t\t\t\t<\/div>\n\t\t<\/section>\n\t\t\t\t<section class=\"elementor-section elementor-top-section elementor-element elementor-element-7b29030b elementor-section-full_width elementor-hidden-desktop elementor-section-height-default elementor-section-height-default\" data-id=\"7b29030b\" data-element_type=\"section\" data-e-type=\"section\">\n\t\t\t\t\t\t<div class=\"elementor-container elementor-column-gap-default\">\n\t\t\t\t\t<div class=\"elementor-column elementor-col-100 elementor-top-column elementor-element elementor-element-7019f307\" data-id=\"7019f307\" data-element_type=\"column\" data-e-type=\"column\">\n\t\t\t<div class=\"elementor-widget-wrap elementor-element-populated\">\n\t\t\t\t\t\t<div class=\"elementor-element elementor-element-1eb3ef37 elementor-align-center elementor-tablet-align-center elementor-widget elementor-widget-button\" data-id=\"1eb3ef37\" data-element_type=\"widget\" data-e-type=\"widget\" data-settings=\"{&quot;sticky&quot;:&quot;bottom&quot;,&quot;sticky_on&quot;:[&quot;tablet&quot;,&quot;mobile&quot;],&quot;sticky_offset_tablet&quot;:80,&quot;sticky_offset_mobile&quot;:50,&quot;sticky_offset&quot;:0,&quot;sticky_effects_offset&quot;:0,&quot;sticky_anchor_link_offset&quot;:0}\" data-widget_type=\"button.default\">\n\t\t\t\t<div class=\"elementor-widget-container\">\n\t\t\t\t\t\t\t\t\t<div class=\"elementor-button-wrapper\">\n\t\t\t\t\t<a class=\"elementor-button elementor-button-link elementor-size-lg\" href=\"https:\/\/www.upo.es\/automat-fund\/web\/index.php?r=curso%2Fview&#038;id=991\">\n\t\t\t\t\t\t<span class=\"elementor-button-content-wrapper\">\n\t\t\t\t\t\t\t\t\t<span class=\"elementor-button-text\">Realizar reserva de plaza<\/span>\n\t\t\t\t\t<\/span>\n\t\t\t\t\t<\/a>\n\t\t\t\t<\/div>\n\t\t\t\t\t\t\t\t<\/div>\n\t\t\t\t<\/div>\n\t\t\t\t\t<\/div>\n\t\t<\/div>\n\t\t\t\t\t<\/div>\n\t\t<\/section>\n\t\t\t\t<section class=\"elementor-section elementor-top-section elementor-element elementor-element-55559f62 elementor-section-full_width elementor-section-height-default elementor-section-height-default\" data-id=\"55559f62\" data-element_type=\"section\" data-e-type=\"section\">\n\t\t\t\t\t\t<div class=\"elementor-container elementor-column-gap-wide\">\n\t\t\t\t\t<div class=\"elementor-column elementor-col-100 elementor-top-column elementor-element elementor-element-53286a15\" data-id=\"53286a15\" data-element_type=\"column\" data-e-type=\"column\">\n\t\t\t<div class=\"elementor-widget-wrap elementor-element-populated\">\n\t\t\t\t\t\t<div class=\"elementor-element elementor-element-78fa99f2 elementor-hidden-desktop elementor-widget elementor-widget-text-editor\" data-id=\"78fa99f2\" data-element_type=\"widget\" data-e-type=\"widget\" data-widget_type=\"text-editor.default\">\n\t\t\t\t<div class=\"elementor-widget-container\">\n\t\t\t\t\t\t\t\t\t<p><em>Para consultar la informaci\u00f3n completa de este T\u00edtulo Propio, por favor visite esta web en un ordenador de escritorio.<\/em><\/p>\t\t\t\t\t\t\t\t<\/div>\n\t\t\t\t<\/div>\n\t\t\t\t\t<\/div>\n\t\t<\/div>\n\t\t\t\t\t<\/div>\n\t\t<\/section>\n\t\t\t\t<\/div>\n\t\t","protected":false},"featured_media":10623,"template":"","meta":{"_acf_changed":false,"site-sidebar-layout":"no-sidebar","site-content-layout":"page-builder","ast-site-content-layout":"full-width-container","site-content-style":"unboxed","site-sidebar-style":"unboxed","ast-global-header-display":"","ast-banner-title-visibility":"disabled","ast-main-header-display":"disabled","ast-hfb-above-header-display":"disabled","ast-hfb-below-header-display":"","ast-hfb-mobile-header-display":"disabled","site-post-title":"disabled","ast-breadcrumbs-content":"disabled","ast-featured-img":"disabled","footer-sml-layout":"disabled","ast-disable-related-posts":"","theme-transparent-header-meta":"default","adv-header-id-meta":"","stick-header-meta":"default","header-above-stick-meta":"","header-main-stick-meta":"","header-below-stick-meta":"","astra-migrate-meta-layouts":"set","ast-page-background-enabled":"default","ast-page-background-meta":{"desktop":{"background-color":"var(--ast-global-color-4)","background-image":"","background-repeat":"repeat","background-position":"center center","background-size":"auto","background-attachment":"scroll","background-type":"","background-media":"","overlay-type":"","overlay-color":"","overlay-opacity":"","overlay-gradient":""},"tablet":{"background-color":"","background-image":"","background-repeat":"repeat","background-position":"center center","background-size":"auto","background-attachment":"scroll","background-type":"","background-media":"","overlay-type":"","overlay-color":"","overlay-opacity":"","overlay-gradient":""},"mobile":{"background-color":"","background-image":"","background-repeat":"repeat","background-position":"center center","background-size":"auto","background-attachment":"scroll","background-type":"","background-media":"","overlay-type":"","overlay-color":"","overlay-opacity":"","overlay-gradient":""}},"ast-content-background-meta":{"desktop":{"background-color":"var(--ast-global-color-5)","background-image":"","background-repeat":"repeat","background-position":"center center","background-size":"auto","background-attachment":"scroll","background-type":"","background-media":"","overlay-type":"","overlay-color":"","overlay-opacity":"","overlay-gradient":""},"tablet":{"background-color":"var(--ast-global-color-5)","background-image":"","background-repeat":"repeat","background-position":"center center","background-size":"auto","background-attachment":"scroll","background-type":"","background-media":"","overlay-type":"","overlay-color":"","overlay-opacity":"","overlay-gradient":""},"mobile":{"background-color":"var(--ast-global-color-5)","background-image":"","background-repeat":"repeat","background-position":"center center","background-size":"auto","background-attachment":"scroll","background-type":"","background-media":"","overlay-type":"","overlay-color":"","overlay-opacity":"","overlay-gradient":""}}},"categories":[785,50],"tags":[861],"titulos_propios":[],"class_list":["post-54740","diploma-exp","type-diploma-exp","status-publish","has-post-thumbnail","hentry","category-2026-2027","category-matricula-abierta","tag-dex2026-03"],"acf":[],"yoast_head":"<!-- This site is optimized with the Yoast SEO plugin v27.5 - https:\/\/yoast.com\/product\/yoast-seo-wordpress\/ -->\n<title>Diploma de Experto en Victimolog\u00eda. Protecci\u00f3n y Tutela de las V\u00edctimas<\/title>\n<meta name=\"description\" content=\"El Diploma de Experto en Victimolog\u00eda. Protecci\u00f3n y Tutela de las V\u00edctimas tiene como objetivo analizar y trabajar con las v\u00edctimas...\" \/>\n<meta name=\"robots\" content=\"index, follow, max-snippet:-1, max-image-preview:large, max-video-preview:-1\" \/>\n<link rel=\"canonical\" href=\"https:\/\/www.upo.es\/formacionpermanente\/diploma-experto\/victimologia-proteccion-y-tutela-de-las-victimas\/\" \/>\n<meta property=\"og:locale\" content=\"es_ES\" \/>\n<meta property=\"og:type\" content=\"article\" \/>\n<meta property=\"og:title\" content=\"Diploma de Experto en Victimolog\u00eda. Protecci\u00f3n y Tutela de las V\u00edctimas\" \/>\n<meta property=\"og:description\" content=\"El Diploma de Experto en Victimolog\u00eda. Protecci\u00f3n y Tutela de las V\u00edctimas tiene como objetivo analizar y trabajar con las v\u00edctimas...\" \/>\n<meta property=\"og:url\" content=\"https:\/\/www.upo.es\/formacionpermanente\/diploma-experto\/victimologia-proteccion-y-tutela-de-las-victimas\/\" \/>\n<meta property=\"og:site_name\" content=\"Formaci\u00f3n Permanente UPO\" \/>\n<meta property=\"article:modified_time\" content=\"2026-04-30T06:17:07+00:00\" \/>\n<meta property=\"og:image\" content=\"https:\/\/www.upo.es\/formacionpermanente\/wp-content\/imagenes\/uploads\/2022\/09\/AdobeStock_185425860.jpg\" \/>\n\t<meta property=\"og:image:width\" content=\"1920\" \/>\n\t<meta property=\"og:image:height\" content=\"1280\" \/>\n\t<meta property=\"og:image:type\" content=\"image\/jpeg\" \/>\n<meta name=\"twitter:card\" content=\"summary_large_image\" \/>\n<meta name=\"twitter:label1\" content=\"Tiempo de lectura\" \/>\n\t<meta name=\"twitter:data1\" content=\"3 minutos\" \/>\n<script type=\"application\/ld+json\" class=\"yoast-schema-graph\">{\"@context\":\"https:\\\/\\\/schema.org\",\"@graph\":[{\"@type\":\"WebPage\",\"@id\":\"https:\\\/\\\/www.upo.es\\\/formacionpermanente\\\/diploma-experto\\\/victimologia-proteccion-y-tutela-de-las-victimas\\\/\",\"url\":\"https:\\\/\\\/www.upo.es\\\/formacionpermanente\\\/diploma-experto\\\/victimologia-proteccion-y-tutela-de-las-victimas\\\/\",\"name\":\"Diploma de Experto en Victimolog\u00eda. Protecci\u00f3n y Tutela de las V\u00edctimas\",\"isPartOf\":{\"@id\":\"https:\\\/\\\/www.upo.es\\\/formacionpermanente\\\/#website\"},\"primaryImageOfPage\":{\"@id\":\"https:\\\/\\\/www.upo.es\\\/formacionpermanente\\\/diploma-experto\\\/victimologia-proteccion-y-tutela-de-las-victimas\\\/#primaryimage\"},\"image\":{\"@id\":\"https:\\\/\\\/www.upo.es\\\/formacionpermanente\\\/diploma-experto\\\/victimologia-proteccion-y-tutela-de-las-victimas\\\/#primaryimage\"},\"thumbnailUrl\":\"https:\\\/\\\/www.upo.es\\\/formacionpermanente\\\/wp-content\\\/imagenes\\\/uploads\\\/2022\\\/09\\\/AdobeStock_185425860.jpg\",\"datePublished\":\"2026-04-15T11:12:54+00:00\",\"dateModified\":\"2026-04-30T06:17:07+00:00\",\"description\":\"El Diploma de Experto en Victimolog\u00eda. Protecci\u00f3n y Tutela de las V\u00edctimas tiene como objetivo analizar y trabajar con las v\u00edctimas...\",\"breadcrumb\":{\"@id\":\"https:\\\/\\\/www.upo.es\\\/formacionpermanente\\\/diploma-experto\\\/victimologia-proteccion-y-tutela-de-las-victimas\\\/#breadcrumb\"},\"inLanguage\":\"es\",\"potentialAction\":[{\"@type\":\"ReadAction\",\"target\":[\"https:\\\/\\\/www.upo.es\\\/formacionpermanente\\\/diploma-experto\\\/victimologia-proteccion-y-tutela-de-las-victimas\\\/\"]}]},{\"@type\":\"ImageObject\",\"inLanguage\":\"es\",\"@id\":\"https:\\\/\\\/www.upo.es\\\/formacionpermanente\\\/diploma-experto\\\/victimologia-proteccion-y-tutela-de-las-victimas\\\/#primaryimage\",\"url\":\"https:\\\/\\\/www.upo.es\\\/formacionpermanente\\\/wp-content\\\/imagenes\\\/uploads\\\/2022\\\/09\\\/AdobeStock_185425860.jpg\",\"contentUrl\":\"https:\\\/\\\/www.upo.es\\\/formacionpermanente\\\/wp-content\\\/imagenes\\\/uploads\\\/2022\\\/09\\\/AdobeStock_185425860.jpg\",\"width\":1920,\"height\":1280,\"caption\":\"Portada TEU Victimolog\u00eda. Protecci\u00f3n y Tutela de las V\u00edctimas\"},{\"@type\":\"BreadcrumbList\",\"@id\":\"https:\\\/\\\/www.upo.es\\\/formacionpermanente\\\/diploma-experto\\\/victimologia-proteccion-y-tutela-de-las-victimas\\\/#breadcrumb\",\"itemListElement\":[{\"@type\":\"ListItem\",\"position\":1,\"name\":\"Portada\",\"item\":\"https:\\\/\\\/www.upo.es\\\/formacionpermanente\\\/\"},{\"@type\":\"ListItem\",\"position\":2,\"name\":\"Victimolog\u00eda. Protecci\u00f3n y Tutela de las V\u00edctimas\"}]},{\"@type\":\"WebSite\",\"@id\":\"https:\\\/\\\/www.upo.es\\\/formacionpermanente\\\/#website\",\"url\":\"https:\\\/\\\/www.upo.es\\\/formacionpermanente\\\/\",\"name\":\"Formaci\u00f3n Permanente UPO\",\"description\":\"T\u00edtulos Propios, Microcredenciales, Cursos de Verano\",\"publisher\":{\"@id\":\"https:\\\/\\\/www.upo.es\\\/formacionpermanente\\\/#organization\"},\"potentialAction\":[{\"@type\":\"SearchAction\",\"target\":{\"@type\":\"EntryPoint\",\"urlTemplate\":\"https:\\\/\\\/www.upo.es\\\/formacionpermanente\\\/?s={search_term_string}\"},\"query-input\":{\"@type\":\"PropertyValueSpecification\",\"valueRequired\":true,\"valueName\":\"search_term_string\"}}],\"inLanguage\":\"es\"},{\"@type\":\"Organization\",\"@id\":\"https:\\\/\\\/www.upo.es\\\/formacionpermanente\\\/#organization\",\"name\":\"Formaci\u00f3n Permanente Universidad Pablo de Olavide\",\"alternateName\":\"Formaci\u00f3n Permanente UPO\",\"url\":\"https:\\\/\\\/www.upo.es\\\/formacionpermanente\\\/\",\"logo\":{\"@type\":\"ImageObject\",\"inLanguage\":\"es\",\"@id\":\"https:\\\/\\\/www.upo.es\\\/formacionpermanente\\\/#\\\/schema\\\/logo\\\/image\\\/\",\"url\":\"https:\\\/\\\/www.upo.es\\\/formacionpermanente\\\/wp-content\\\/imagenes\\\/uploads\\\/2023\\\/02\\\/Logo-UPO-azul-amarillo-horizontal.png\",\"contentUrl\":\"https:\\\/\\\/www.upo.es\\\/formacionpermanente\\\/wp-content\\\/imagenes\\\/uploads\\\/2023\\\/02\\\/Logo-UPO-azul-amarillo-horizontal.png\",\"width\":1000,\"height\":407,\"caption\":\"Formaci\u00f3n Permanente Universidad Pablo de Olavide\"},\"image\":{\"@id\":\"https:\\\/\\\/www.upo.es\\\/formacionpermanente\\\/#\\\/schema\\\/logo\\\/image\\\/\"}}]}<\/script>\n<!-- \/ Yoast SEO plugin. -->","yoast_head_json":{"title":"Diploma de Experto en Victimolog\u00eda. Protecci\u00f3n y Tutela de las V\u00edctimas","description":"El Diploma de Experto en Victimolog\u00eda. Protecci\u00f3n y Tutela de las V\u00edctimas tiene como objetivo analizar y trabajar con las v\u00edctimas...","robots":{"index":"index","follow":"follow","max-snippet":"max-snippet:-1","max-image-preview":"max-image-preview:large","max-video-preview":"max-video-preview:-1"},"canonical":"https:\/\/www.upo.es\/formacionpermanente\/diploma-experto\/victimologia-proteccion-y-tutela-de-las-victimas\/","og_locale":"es_ES","og_type":"article","og_title":"Diploma de Experto en Victimolog\u00eda. Protecci\u00f3n y Tutela de las V\u00edctimas","og_description":"El Diploma de Experto en Victimolog\u00eda. Protecci\u00f3n y Tutela de las V\u00edctimas tiene como objetivo analizar y trabajar con las v\u00edctimas...","og_url":"https:\/\/www.upo.es\/formacionpermanente\/diploma-experto\/victimologia-proteccion-y-tutela-de-las-victimas\/","og_site_name":"Formaci\u00f3n Permanente UPO","article_modified_time":"2026-04-30T06:17:07+00:00","og_image":[{"width":1920,"height":1280,"url":"https:\/\/www.upo.es\/formacionpermanente\/wp-content\/imagenes\/uploads\/2022\/09\/AdobeStock_185425860.jpg","type":"image\/jpeg"}],"twitter_card":"summary_large_image","twitter_misc":{"Tiempo de lectura":"3 minutos"},"schema":{"@context":"https:\/\/schema.org","@graph":[{"@type":"WebPage","@id":"https:\/\/www.upo.es\/formacionpermanente\/diploma-experto\/victimologia-proteccion-y-tutela-de-las-victimas\/","url":"https:\/\/www.upo.es\/formacionpermanente\/diploma-experto\/victimologia-proteccion-y-tutela-de-las-victimas\/","name":"Diploma de Experto en Victimolog\u00eda. Protecci\u00f3n y Tutela de las V\u00edctimas","isPartOf":{"@id":"https:\/\/www.upo.es\/formacionpermanente\/#website"},"primaryImageOfPage":{"@id":"https:\/\/www.upo.es\/formacionpermanente\/diploma-experto\/victimologia-proteccion-y-tutela-de-las-victimas\/#primaryimage"},"image":{"@id":"https:\/\/www.upo.es\/formacionpermanente\/diploma-experto\/victimologia-proteccion-y-tutela-de-las-victimas\/#primaryimage"},"thumbnailUrl":"https:\/\/www.upo.es\/formacionpermanente\/wp-content\/imagenes\/uploads\/2022\/09\/AdobeStock_185425860.jpg","datePublished":"2026-04-15T11:12:54+00:00","dateModified":"2026-04-30T06:17:07+00:00","description":"El Diploma de Experto en Victimolog\u00eda. Protecci\u00f3n y Tutela de las V\u00edctimas tiene como objetivo analizar y trabajar con las v\u00edctimas...","breadcrumb":{"@id":"https:\/\/www.upo.es\/formacionpermanente\/diploma-experto\/victimologia-proteccion-y-tutela-de-las-victimas\/#breadcrumb"},"inLanguage":"es","potentialAction":[{"@type":"ReadAction","target":["https:\/\/www.upo.es\/formacionpermanente\/diploma-experto\/victimologia-proteccion-y-tutela-de-las-victimas\/"]}]},{"@type":"ImageObject","inLanguage":"es","@id":"https:\/\/www.upo.es\/formacionpermanente\/diploma-experto\/victimologia-proteccion-y-tutela-de-las-victimas\/#primaryimage","url":"https:\/\/www.upo.es\/formacionpermanente\/wp-content\/imagenes\/uploads\/2022\/09\/AdobeStock_185425860.jpg","contentUrl":"https:\/\/www.upo.es\/formacionpermanente\/wp-content\/imagenes\/uploads\/2022\/09\/AdobeStock_185425860.jpg","width":1920,"height":1280,"caption":"Portada TEU Victimolog\u00eda. Protecci\u00f3n y Tutela de las V\u00edctimas"},{"@type":"BreadcrumbList","@id":"https:\/\/www.upo.es\/formacionpermanente\/diploma-experto\/victimologia-proteccion-y-tutela-de-las-victimas\/#breadcrumb","itemListElement":[{"@type":"ListItem","position":1,"name":"Portada","item":"https:\/\/www.upo.es\/formacionpermanente\/"},{"@type":"ListItem","position":2,"name":"Victimolog\u00eda. Protecci\u00f3n y Tutela de las V\u00edctimas"}]},{"@type":"WebSite","@id":"https:\/\/www.upo.es\/formacionpermanente\/#website","url":"https:\/\/www.upo.es\/formacionpermanente\/","name":"Formaci\u00f3n Permanente UPO","description":"T\u00edtulos Propios, Microcredenciales, Cursos de Verano","publisher":{"@id":"https:\/\/www.upo.es\/formacionpermanente\/#organization"},"potentialAction":[{"@type":"SearchAction","target":{"@type":"EntryPoint","urlTemplate":"https:\/\/www.upo.es\/formacionpermanente\/?s={search_term_string}"},"query-input":{"@type":"PropertyValueSpecification","valueRequired":true,"valueName":"search_term_string"}}],"inLanguage":"es"},{"@type":"Organization","@id":"https:\/\/www.upo.es\/formacionpermanente\/#organization","name":"Formaci\u00f3n Permanente Universidad Pablo de Olavide","alternateName":"Formaci\u00f3n Permanente UPO","url":"https:\/\/www.upo.es\/formacionpermanente\/","logo":{"@type":"ImageObject","inLanguage":"es","@id":"https:\/\/www.upo.es\/formacionpermanente\/#\/schema\/logo\/image\/","url":"https:\/\/www.upo.es\/formacionpermanente\/wp-content\/imagenes\/uploads\/2023\/02\/Logo-UPO-azul-amarillo-horizontal.png","contentUrl":"https:\/\/www.upo.es\/formacionpermanente\/wp-content\/imagenes\/uploads\/2023\/02\/Logo-UPO-azul-amarillo-horizontal.png","width":1000,"height":407,"caption":"Formaci\u00f3n Permanente Universidad Pablo de Olavide"},"image":{"@id":"https:\/\/www.upo.es\/formacionpermanente\/#\/schema\/logo\/image\/"}}]}},"_links":{"self":[{"href":"https:\/\/www.upo.es\/formacionpermanente\/wp-json\/wp\/v2\/diploma-exp\/54740","targetHints":{"allow":["GET"]}}],"collection":[{"href":"https:\/\/www.upo.es\/formacionpermanente\/wp-json\/wp\/v2\/diploma-exp"}],"about":[{"href":"https:\/\/www.upo.es\/formacionpermanente\/wp-json\/wp\/v2\/types\/diploma-exp"}],"version-history":[{"count":6,"href":"https:\/\/www.upo.es\/formacionpermanente\/wp-json\/wp\/v2\/diploma-exp\/54740\/revisions"}],"predecessor-version":[{"id":55372,"href":"https:\/\/www.upo.es\/formacionpermanente\/wp-json\/wp\/v2\/diploma-exp\/54740\/revisions\/55372"}],"wp:featuredmedia":[{"embeddable":true,"href":"https:\/\/www.upo.es\/formacionpermanente\/wp-json\/wp\/v2\/media\/10623"}],"wp:attachment":[{"href":"https:\/\/www.upo.es\/formacionpermanente\/wp-json\/wp\/v2\/media?parent=54740"}],"wp:term":[{"taxonomy":"category","embeddable":true,"href":"https:\/\/www.upo.es\/formacionpermanente\/wp-json\/wp\/v2\/categories?post=54740"},{"taxonomy":"post_tag","embeddable":true,"href":"https:\/\/www.upo.es\/formacionpermanente\/wp-json\/wp\/v2\/tags?post=54740"},{"taxonomy":"titulos_propios","embeddable":true,"href":"https:\/\/www.upo.es\/formacionpermanente\/wp-json\/wp\/v2\/titulos_propios?post=54740"}],"curies":[{"name":"wp","href":"https:\/\/api.w.org\/{rel}","templated":true}]}}