{"id":30422,"date":"2024-02-15T11:22:52","date_gmt":"2024-02-15T10:22:52","guid":{"rendered":"https:\/\/www.upo.es\/formacionpermanente\/?post_type=master-fp&#038;p=30422"},"modified":"2025-04-24T10:44:41","modified_gmt":"2025-04-24T08:44:41","slug":"musicoterapia","status":"publish","type":"master-fp","link":"https:\/\/www.upo.es\/formacionpermanente\/master-formacion-permanente\/musicoterapia\/","title":{"rendered":"Musicoterapia"},"content":{"rendered":"\t\t<div data-elementor-type=\"wp-post\" data-elementor-id=\"30422\" class=\"elementor elementor-30422\" data-elementor-post-type=\"master-fp\">\n\t\t\t\t\t\t<section data-dce-background-image-url=\"https:\/\/www.upo.es\/formacionpermanente\/wp-content\/imagenes\/uploads\/Fondo.jpg\" class=\"elementor-section elementor-top-section elementor-element elementor-element-48e8b6d7 elementor-section-height-min-height elementor-section-full_width elementor-section-height-default elementor-section-items-middle\" data-id=\"48e8b6d7\" data-element_type=\"section\" data-e-type=\"section\" data-settings=\"{&quot;background_background&quot;:&quot;classic&quot;}\">\n\t\t\t\t\t\t\t<div class=\"elementor-background-overlay\"><\/div>\n\t\t\t\t\t\t\t<div class=\"elementor-container elementor-column-gap-no\">\n\t\t\t\t\t<div class=\"elementor-column elementor-col-100 elementor-top-column elementor-element elementor-element-59b65a80\" data-id=\"59b65a80\" data-element_type=\"column\" data-e-type=\"column\">\n\t\t\t<div class=\"elementor-widget-wrap elementor-element-populated\">\n\t\t\t\t\t\t<section class=\"elementor-section elementor-inner-section elementor-element elementor-element-37139f36 elementor-section-full_width elementor-section-height-min-height elementor-section-height-default\" data-id=\"37139f36\" data-element_type=\"section\" data-e-type=\"section\">\n\t\t\t\t\t\t<div class=\"elementor-container elementor-column-gap-no\">\n\t\t\t\t\t<div class=\"elementor-column elementor-col-100 elementor-inner-column elementor-element elementor-element-39977465\" data-id=\"39977465\" data-element_type=\"column\" data-e-type=\"column\">\n\t\t\t<div class=\"elementor-widget-wrap elementor-element-populated\">\n\t\t\t\t\t\t<div class=\"elementor-element elementor-element-100d43e8 elementor-widget elementor-widget-heading\" data-id=\"100d43e8\" data-element_type=\"widget\" data-e-type=\"widget\" data-widget_type=\"heading.default\">\n\t\t\t\t<div class=\"elementor-widget-container\">\n\t\t\t\t\t<h2 class=\"elementor-heading-title elementor-size-default\">M\u00e1ster de Formaci\u00f3n Permanente<\/h2>\t\t\t\t<\/div>\n\t\t\t\t<\/div>\n\t\t\t\t<div class=\"elementor-element elementor-element-572b7d7b elementor-widget elementor-widget-heading\" data-id=\"572b7d7b\" data-element_type=\"widget\" data-e-type=\"widget\" data-widget_type=\"heading.default\">\n\t\t\t\t<div class=\"elementor-widget-container\">\n\t\t\t\t\t<p class=\"elementor-heading-title elementor-size-default\">II Ed.<\/p>\t\t\t\t<\/div>\n\t\t\t\t<\/div>\n\t\t\t\t<div class=\"elementor-element elementor-element-bc4543e elementor-align-left elementor-hidden-mobile elementor-widget elementor-widget-button\" data-id=\"bc4543e\" data-element_type=\"widget\" data-e-type=\"widget\" data-widget_type=\"button.default\">\n\t\t\t\t<div class=\"elementor-widget-container\">\n\t\t\t\t\t\t\t\t\t<div class=\"elementor-button-wrapper\">\n\t\t\t\t\t<a class=\"elementor-button elementor-button-link elementor-size-lg\" href=\"#\">\n\t\t\t\t\t\t<span class=\"elementor-button-content-wrapper\">\n\t\t\t\t\t\t\t\t\t<span class=\"elementor-button-text\">Cerrada reserva de plaza<\/span>\n\t\t\t\t\t<\/span>\n\t\t\t\t\t<\/a>\n\t\t\t\t<\/div>\n\t\t\t\t\t\t\t\t<\/div>\n\t\t\t\t<\/div>\n\t\t\t\t\t<\/div>\n\t\t<\/div>\n\t\t\t\t\t<\/div>\n\t\t<\/section>\n\t\t\t\t\t<\/div>\n\t\t<\/div>\n\t\t\t\t\t<\/div>\n\t\t<\/section>\n\t\t\t\t<section class=\"elementor-section elementor-top-section elementor-element elementor-element-4e33f734 elementor-section-full_width elementor-reverse-mobile elementor-reverse-tablet elementor-section-height-default elementor-section-height-default\" data-id=\"4e33f734\" data-element_type=\"section\" data-e-type=\"section\">\n\t\t\t\t\t\t<div class=\"elementor-container elementor-column-gap-no\">\n\t\t\t\t\t<div class=\"elementor-column elementor-col-50 elementor-top-column elementor-element elementor-element-4dacce31\" data-id=\"4dacce31\" data-element_type=\"column\" data-e-type=\"column\">\n\t\t\t<div class=\"elementor-widget-wrap elementor-element-populated\">\n\t\t\t\t\t\t<section class=\"elementor-section elementor-inner-section elementor-element elementor-element-62ca686c elementor-section-full_width elementor-section-height-default elementor-section-height-default\" data-id=\"62ca686c\" data-element_type=\"section\" data-e-type=\"section\">\n\t\t\t\t\t\t<div class=\"elementor-container elementor-column-gap-default\">\n\t\t\t\t\t<div class=\"elementor-column elementor-col-100 elementor-inner-column elementor-element elementor-element-68bb95b1\" data-id=\"68bb95b1\" data-element_type=\"column\" data-e-type=\"column\">\n\t\t\t<div class=\"elementor-widget-wrap elementor-element-populated\">\n\t\t\t\t\t\t<div class=\"elementor-element elementor-element-4102d1fe elementor-widget elementor-widget-heading\" data-id=\"4102d1fe\" data-element_type=\"widget\" data-e-type=\"widget\" data-widget_type=\"heading.default\">\n\t\t\t\t<div class=\"elementor-widget-container\">\n\t\t\t\t\t<h2 class=\"elementor-heading-title elementor-size-default\">\u00bfPor qu\u00e9 elegir este T\u00edtulo Propio de la Universidad Pablo de Olavide?<\/h2>\t\t\t\t<\/div>\n\t\t\t\t<\/div>\n\t\t\t\t<div class=\"elementor-element elementor-element-2bde0c09 elementor-widget elementor-widget-text-editor\" data-id=\"2bde0c09\" data-element_type=\"widget\" data-e-type=\"widget\" data-widget_type=\"text-editor.default\">\n\t\t\t\t<div class=\"elementor-widget-container\">\n\t\t\t\t\t\t\t\t\t<p>El programa de este M\u00e1ster est\u00e1 dise\u00f1ado siguiendo el modelo de la Confederaci\u00f3n Europea de Musicoterapia, que habilita a los futuros\/as musicoterapeutas a un reconocimiento de la formaci\u00f3n a nivel europeo. El curso tiene un enfoque en las habilidades musicales y un contacto directo con el modelo de Aprendizaje Basado en Problemas (ABP) en sus diferentes seminarios.<\/p>\n<p>El programa cuenta con un profesorado altamente cualificado con amplia pr\u00e1ctica en musicoterapia y tambi\u00e9n en el \u00e1mbito de investigaci\u00f3n que ayudar\u00e1 al alumnado a adquirir las competencias necesarias para desempe\u00f1ar su futura profesi\u00f3n. No existe oferta acad\u00e9mica con estas caracter\u00edsticas en nuestro \u00e1mbito geogr\u00e1fico.<\/p>\n<p>La musicoterapia es una profesi\u00f3n que est\u00e1 en crecimiento y tiene un amplio campo de inclusi\u00f3n laboral.<\/p>\n\t\t\t\t\t\t\t\t<\/div>\n\t\t\t\t<\/div>\n\t\t\t\t<div class=\"elementor-element elementor-element-c8fc461 elementor-widget elementor-widget-html\" data-id=\"c8fc461\" data-element_type=\"widget\" data-e-type=\"widget\" data-widget_type=\"html.default\">\n\t\t\t\t<div class=\"elementor-widget-container\">\n\t\t\t\t\t<iframe height=\"500\" src=\"https:\/\/www.youtube.com\/embed\/XyA4TP63XBY?si=nU3WwXPJLkF-J6WR\" title=\"YouTube video player\" frameborder=\"0\" allow=\"accelerometer; autoplay; clipboard-write; encrypted-media; gyroscope; picture-in-picture; web-share\" referrerpolicy=\"strict-origin-when-cross-origin\" allowfullscreen><\/iframe>\t\t\t\t<\/div>\n\t\t\t\t<\/div>\n\t\t\t\t\t<\/div>\n\t\t<\/div>\n\t\t\t\t\t<\/div>\n\t\t<\/section>\n\t\t\t\t<section class=\"elementor-section elementor-inner-section elementor-element elementor-element-3f076a05 elementor-section-full_width elementor-section-height-default elementor-section-height-default\" data-id=\"3f076a05\" data-element_type=\"section\" data-e-type=\"section\">\n\t\t\t\t\t\t<div class=\"elementor-container elementor-column-gap-default\">\n\t\t\t\t\t<div class=\"elementor-column elementor-col-100 elementor-inner-column elementor-element elementor-element-26b9f644\" data-id=\"26b9f644\" data-element_type=\"column\" data-e-type=\"column\">\n\t\t\t<div class=\"elementor-widget-wrap elementor-element-populated\">\n\t\t\t\t\t\t<div class=\"elementor-element elementor-element-7556b840 elementor-widget elementor-widget-heading\" data-id=\"7556b840\" data-element_type=\"widget\" data-e-type=\"widget\" data-widget_type=\"heading.default\">\n\t\t\t\t<div class=\"elementor-widget-container\">\n\t\t\t\t\t<h3 class=\"elementor-heading-title elementor-size-default\">Entidades colaboradoras<\/h3>\t\t\t\t<\/div>\n\t\t\t\t<\/div>\n\t\t\t\t\t<\/div>\n\t\t<\/div>\n\t\t\t\t\t<\/div>\n\t\t<\/section>\n\t\t\t\t<section class=\"elementor-section elementor-inner-section elementor-element elementor-element-4c98ae1f elementor-section-full_width elementor-section-height-default elementor-section-height-default\" data-id=\"4c98ae1f\" data-element_type=\"section\" data-e-type=\"section\">\n\t\t\t\t\t\t<div class=\"elementor-container elementor-column-gap-default\">\n\t\t\t\t\t<div class=\"elementor-column elementor-col-100 elementor-inner-column elementor-element elementor-element-341bfee5\" data-id=\"341bfee5\" data-element_type=\"column\" data-e-type=\"column\">\n\t\t\t<div class=\"elementor-widget-wrap elementor-element-populated\">\n\t\t\t\t\t\t<div class=\"elementor-element elementor-element-6a9574c7 elementor-widget elementor-widget-image\" data-id=\"6a9574c7\" data-element_type=\"widget\" data-e-type=\"widget\" data-widget_type=\"image.default\">\n\t\t\t\t<div class=\"elementor-widget-container\">\n\t\t\t\t\t\t\t\t\t\t\t\t\t\t\t\t<a href=\"https:\/\/www.musiadapta.com\/\" target=\"_blank\">\n\t\t\t\t\t\t\t<img fetchpriority=\"high\" decoding=\"async\" width=\"640\" height=\"426\" src=\"https:\/\/www.upo.es\/formacionpermanente\/wp-content\/imagenes\/uploads\/2022\/07\/LOGO-MUSIADAPTA-fondo-transparente.png\" class=\"attachment-full size-full wp-image-12331\" alt=\"LOGO MUSIADAPTA fondo transparente\" srcset=\"https:\/\/www.upo.es\/formacionpermanente\/wp-content\/imagenes\/uploads\/2022\/07\/LOGO-MUSIADAPTA-fondo-transparente.png 640w, https:\/\/www.upo.es\/formacionpermanente\/wp-content\/imagenes\/uploads\/2022\/07\/LOGO-MUSIADAPTA-fondo-transparente-300x200.png 300w\" sizes=\"(max-width: 640px) 100vw, 640px\" \/>\t\t\t\t\t\t\t\t<\/a>\n\t\t\t\t\t\t\t\t\t\t\t\t\t\t\t<\/div>\n\t\t\t\t<\/div>\n\t\t\t\t\t<\/div>\n\t\t<\/div>\n\t\t\t\t\t<\/div>\n\t\t<\/section>\n\t\t\t\t<section class=\"elementor-section elementor-inner-section elementor-element elementor-element-3e5e9268 elementor-section-full_width elementor-section-height-default elementor-section-height-default\" data-id=\"3e5e9268\" data-element_type=\"section\" data-e-type=\"section\">\n\t\t\t\t\t\t<div class=\"elementor-container elementor-column-gap-default\">\n\t\t\t\t\t<div class=\"elementor-column elementor-col-100 elementor-inner-column elementor-element elementor-element-328c387e\" data-id=\"328c387e\" data-element_type=\"column\" data-e-type=\"column\">\n\t\t\t<div class=\"elementor-widget-wrap elementor-element-populated\">\n\t\t\t\t\t\t<div class=\"elementor-element elementor-element-1629c5da elementor-widget elementor-widget-heading\" data-id=\"1629c5da\" data-element_type=\"widget\" data-e-type=\"widget\" data-widget_type=\"heading.default\">\n\t\t\t\t<div class=\"elementor-widget-container\">\n\t\t\t\t\t<h3 class=\"elementor-heading-title elementor-size-default\">Salidas profesionales<\/h3>\t\t\t\t<\/div>\n\t\t\t\t<\/div>\n\t\t\t\t<div class=\"elementor-element elementor-element-2d565daa elementor-widget elementor-widget-text-editor\" data-id=\"2d565daa\" data-element_type=\"widget\" data-e-type=\"widget\" data-widget_type=\"text-editor.default\">\n\t\t\t\t<div class=\"elementor-widget-container\">\n\t\t\t\t\t\t\t\t\t<p>Entre algunas salidas profesionales del M\u00e1ster en Musicoterapia se encuentran las siguientes:<\/p>\n<ul>\n<li>Servicios sanitarios y centros de salud (unidades de demencia, unidades de oncolog\u00eda, unidades de cuidados paliativos, unidades de pediatr\u00eda y unidades de neonatolog\u00eda).<\/li>\n<li>Servicios sociosanitarios (residencias y centros de d\u00eda).<\/li>\n<li>Centros residenciales (unidades de discapacitados, unidades de salud mental y unidades de demencia).<\/li>\n<li>Centros de educaci\u00f3n especial.<\/li>\n<li>Talleres ocupacionales.<\/li>\n<li>Entidades p\u00fablicas y privadas de servicios sociales y educativos.<\/li>\n<li>Asociaciones relacionadas con la salud (Fibromialgia, Esclerosis M\u00faltiple, Parkinson, Alzheimer&#8230;)<\/li>\n<li>Asociaciones de atenci\u00f3n a pacientes dependientes y apoyo a sus familias.<\/li>\n<li>Centros de rehabilitaci\u00f3n y unidades de memoria.<\/li>\n<li>Centros penitenciarios y de integraci\u00f3n social.<\/li>\n<li>Instituciones de psicoterapia cl\u00ednica.<\/li>\n<li>Entidades del tercer sector, ONGs.<\/li>\n<li>Trabajo comunitario en el marco de las Agendas de Desarrollo Urbano o Planes Integrales de desarrollo local.<\/li>\n<\/ul>\n\t\t\t\t\t\t\t\t<\/div>\n\t\t\t\t<\/div>\n\t\t\t\t\t<\/div>\n\t\t<\/div>\n\t\t\t\t\t<\/div>\n\t\t<\/section>\n\t\t\t\t<section class=\"elementor-section elementor-inner-section elementor-element elementor-element-24b2d15f elementor-section-full_width elementor-section-height-default elementor-section-height-default\" data-id=\"24b2d15f\" data-element_type=\"section\" data-e-type=\"section\">\n\t\t\t\t\t\t<div class=\"elementor-container elementor-column-gap-default\">\n\t\t\t\t\t<div class=\"elementor-column elementor-col-100 elementor-inner-column elementor-element elementor-element-308163b6\" data-id=\"308163b6\" data-element_type=\"column\" data-e-type=\"column\">\n\t\t\t<div class=\"elementor-widget-wrap elementor-element-populated\">\n\t\t\t\t\t\t<div class=\"elementor-element elementor-element-4ca1e55f elementor-widget elementor-widget-heading\" data-id=\"4ca1e55f\" data-element_type=\"widget\" data-e-type=\"widget\" data-widget_type=\"heading.default\">\n\t\t\t\t<div class=\"elementor-widget-container\">\n\t\t\t\t\t<h3 class=\"elementor-heading-title elementor-size-default\">\u00bfA qui\u00e9n va dirigido?<\/h3>\t\t\t\t<\/div>\n\t\t\t\t<\/div>\n\t\t\t\t<div class=\"elementor-element elementor-element-5de58339 elementor-widget elementor-widget-text-editor\" data-id=\"5de58339\" data-element_type=\"widget\" data-e-type=\"widget\" data-widget_type=\"text-editor.default\">\n\t\t\t\t<div class=\"elementor-widget-container\">\n\t\t\t\t\t\t\t\t\t<p>El programa busca estudiantes que est\u00e9n interesados\/as \u200b\u200ben utilizar la m\u00fasica como forma sistem\u00e1tica de intervenci\u00f3n tanto en formato individual como grupal para trabajar en hospitales, cl\u00ednicas, guarder\u00edas, escuelas, instituciones para personas mayores, centros de rehabilitaci\u00f3n, empresas, centros comunitarios, congregaciones religiosas, unidades del ej\u00e9rcito, instituciones psiqui\u00e1tricas o en la atenci\u00f3n domiciliaria tanto el \u00e1mbito p\u00fablico como en el \u00e1mbito privado.<\/p>\n<p>Los estudiantes deben estar preparados para actuar en los niveles de prevenci\u00f3n, tratamiento y rehabilitaci\u00f3n con ni\u00f1os y ni\u00f1as, adolescentes y adultos\/as dentro del desarrollo t\u00edpico, con condiciones\/trastornos espec\u00edficos y tambi\u00e9n con necesidades relacionadas con las \u00e1reas social, emocional, cognitiva, sensorial, comunicativa y espiritual.<\/p>\n<p>Adem\u00e1s de la licenciatura\/grado, se recomienda que los\/as alumnos\/as tengan alg\u00fan conocimiento b\u00e1sico musical: tocar alg\u00fan instrumento musical\u00a0 o cantar, por ejemplo. Ser\u00e1 realizada una entrevista de ingreso con cada candidato y candidata y en esa entrevista el\/la alumno\/a deber\u00e1 explicar por qu\u00e9 quiere hacer musicoterapia y tambi\u00e9n debe interpretar una canci\u00f3n. Esta entrevista ser\u00e1 hecha de manera virtual.<\/p>\n\t\t\t\t\t\t\t\t<\/div>\n\t\t\t\t<\/div>\n\t\t\t\t\t<\/div>\n\t\t<\/div>\n\t\t\t\t\t<\/div>\n\t\t<\/section>\n\t\t\t\t<section class=\"elementor-section elementor-inner-section elementor-element elementor-element-7e47f189 elementor-section-full_width elementor-hidden-mobile elementor-section-height-default elementor-section-height-default\" data-id=\"7e47f189\" data-element_type=\"section\" data-e-type=\"section\" data-settings=\"{&quot;background_background&quot;:&quot;classic&quot;}\">\n\t\t\t\t\t\t<div class=\"elementor-container elementor-column-gap-default\">\n\t\t\t\t\t<div class=\"elementor-column elementor-col-100 elementor-inner-column elementor-element elementor-element-35f2b705\" data-id=\"35f2b705\" data-element_type=\"column\" data-e-type=\"column\">\n\t\t\t<div class=\"elementor-widget-wrap elementor-element-populated\">\n\t\t\t\t\t\t<div class=\"elementor-element elementor-element-6e282c0 elementor-widget elementor-widget-heading\" data-id=\"6e282c0\" data-element_type=\"widget\" data-e-type=\"widget\" data-widget_type=\"heading.default\">\n\t\t\t\t<div class=\"elementor-widget-container\">\n\t\t\t\t\t<h2 class=\"elementor-heading-title elementor-size-default\">Direcci\u00f3n del t\u00edtulo<\/h2>\t\t\t\t<\/div>\n\t\t\t\t<\/div>\n\t\t\t\t<section class=\"elementor-section elementor-inner-section elementor-element elementor-element-5a0c274 elementor-section-boxed elementor-section-height-default elementor-section-height-default\" data-id=\"5a0c274\" data-element_type=\"section\" data-e-type=\"section\">\n\t\t\t\t\t\t<div class=\"elementor-container elementor-column-gap-wider\">\n\t\t\t\t\t<div class=\"elementor-column elementor-col-25 elementor-inner-column elementor-element elementor-element-b322036\" data-id=\"b322036\" data-element_type=\"column\" data-e-type=\"column\">\n\t\t\t<div class=\"elementor-widget-wrap elementor-element-populated\">\n\t\t\t\t\t\t<div class=\"elementor-element elementor-element-d0ebfe7 elementor-widget elementor-widget-image\" data-id=\"d0ebfe7\" data-element_type=\"widget\" data-e-type=\"widget\" data-widget_type=\"image.default\">\n\t\t\t\t<div class=\"elementor-widget-container\">\n\t\t\t\t\t\t\t\t\t\t\t\t\t\t\t<img decoding=\"async\" width=\"150\" height=\"150\" src=\"https:\/\/www.upo.es\/formacionpermanente\/wp-content\/imagenes\/uploads\/B-Macias-Gomez-Estern-w-150x150.png\" class=\"attachment-thumbnail size-thumbnail wp-image-6087\" alt=\"Beatriz Mac\u00edas G\u00f3mez-Estern\" srcset=\"https:\/\/www.upo.es\/formacionpermanente\/wp-content\/imagenes\/uploads\/B-Macias-Gomez-Estern-w-150x150.png 150w, https:\/\/www.upo.es\/formacionpermanente\/wp-content\/imagenes\/uploads\/B-Macias-Gomez-Estern-w.png 220w\" sizes=\"(max-width: 150px) 100vw, 150px\" \/>\t\t\t\t\t\t\t\t\t\t\t\t\t\t\t<\/div>\n\t\t\t\t<\/div>\n\t\t\t\t<div data-dce-title-color=\"#FFFFFF\" class=\"elementor-element elementor-element-02009ec elementor-widget elementor-widget-heading\" data-id=\"02009ec\" data-element_type=\"widget\" data-e-type=\"widget\" data-widget_type=\"heading.default\">\n\t\t\t\t<div class=\"elementor-widget-container\">\n\t\t\t\t\t<h6 class=\"elementor-heading-title elementor-size-default\">Direcci\u00f3n Acad\u00e9mica<\/h6>\t\t\t\t<\/div>\n\t\t\t\t<\/div>\n\t\t\t\t<div class=\"elementor-element elementor-element-0999d7b elementor-widget elementor-widget-text-editor\" data-id=\"0999d7b\" data-element_type=\"widget\" data-e-type=\"widget\" data-widget_type=\"text-editor.default\">\n\t\t\t\t<div class=\"elementor-widget-container\">\n\t\t\t\t\t\t\t\t\t<p style=\"text-align: center;\"><strong>D\u00f1a. Beatriz Mac\u00edas G\u00f3mez-Estern<\/strong><\/p>\t\t\t\t\t\t\t\t<\/div>\n\t\t\t\t<\/div>\n\t\t\t\t<div data-dce-text-color=\"#FFFFFF\" class=\"elementor-element elementor-element-6018d4d elementor-widget elementor-widget-text-editor\" data-id=\"6018d4d\" data-element_type=\"widget\" data-e-type=\"widget\" data-widget_type=\"text-editor.default\">\n\t\t\t\t<div class=\"elementor-widget-container\">\n\t\t\t\t\t\t\t\t\t<p>Profesora Titular. Doctora en Psicolog\u00eda. Departamento de Antropolog\u00eda Social, Psicolog\u00eda Social y Salud P\u00fablica,<br \/><strong>Universidad Pablo de Olavide<\/strong><\/p>\t\t\t\t\t\t\t\t<\/div>\n\t\t\t\t<\/div>\n\t\t\t\t\t<\/div>\n\t\t<\/div>\n\t\t\t\t<div class=\"elementor-column elementor-col-25 elementor-inner-column elementor-element elementor-element-d886456\" data-id=\"d886456\" data-element_type=\"column\" data-e-type=\"column\">\n\t\t\t<div class=\"elementor-widget-wrap elementor-element-populated\">\n\t\t\t\t\t\t<div class=\"elementor-element elementor-element-da2fdcc elementor-widget elementor-widget-image\" data-id=\"da2fdcc\" data-element_type=\"widget\" data-e-type=\"widget\" data-widget_type=\"image.default\">\n\t\t\t\t<div class=\"elementor-widget-container\">\n\t\t\t\t\t\t\t\t\t\t\t\t\t\t\t<img decoding=\"async\" width=\"150\" height=\"150\" src=\"https:\/\/www.upo.es\/formacionpermanente\/wp-content\/imagenes\/uploads\/gabriela-rodriguez-clivio-150x150.png\" class=\"attachment-thumbnail size-thumbnail wp-image-6094\" alt=\"\" \/>\t\t\t\t\t\t\t\t\t\t\t\t\t\t\t<\/div>\n\t\t\t\t<\/div>\n\t\t\t\t<div data-dce-title-color=\"#FFFFFF\" class=\"elementor-element elementor-element-e02ef1c elementor-widget elementor-widget-heading\" data-id=\"e02ef1c\" data-element_type=\"widget\" data-e-type=\"widget\" data-widget_type=\"heading.default\">\n\t\t\t\t<div class=\"elementor-widget-container\">\n\t\t\t\t\t<h6 class=\"elementor-heading-title elementor-size-default\">Direcci\u00f3n Ejecutiva<\/h6>\t\t\t\t<\/div>\n\t\t\t\t<\/div>\n\t\t\t\t<div class=\"elementor-element elementor-element-2142d83 elementor-widget elementor-widget-text-editor\" data-id=\"2142d83\" data-element_type=\"widget\" data-e-type=\"widget\" data-widget_type=\"text-editor.default\">\n\t\t\t\t<div class=\"elementor-widget-container\">\n\t\t\t\t\t\t\t\t\t<p style=\"text-align: center;\"><strong>\u00a0D\u00f1a. Gabriela L. Rodr\u00edguez Clivio<\/strong><\/p>\t\t\t\t\t\t\t\t<\/div>\n\t\t\t\t<\/div>\n\t\t\t\t<div data-dce-text-color=\"#FFFFFF\" class=\"elementor-element elementor-element-dc76403 elementor-widget elementor-widget-text-editor\" data-id=\"dc76403\" data-element_type=\"widget\" data-e-type=\"widget\" data-widget_type=\"text-editor.default\">\n\t\t\t\t<div class=\"elementor-widget-container\">\n\t\t\t\t\t\t\t\t\t<p>Coordinadora y Musicoterapeuta,<br \/><strong>Musiadapta<\/strong><\/p>\t\t\t\t\t\t\t\t<\/div>\n\t\t\t\t<\/div>\n\t\t\t\t\t<\/div>\n\t\t<\/div>\n\t\t\t\t<div class=\"elementor-column elementor-col-25 elementor-inner-column elementor-element elementor-element-2901a7a\" data-id=\"2901a7a\" data-element_type=\"column\" data-e-type=\"column\">\n\t\t\t<div class=\"elementor-widget-wrap elementor-element-populated\">\n\t\t\t\t\t\t<div class=\"elementor-element elementor-element-5b2b695 elementor-widget elementor-widget-image\" data-id=\"5b2b695\" data-element_type=\"widget\" data-e-type=\"widget\" data-widget_type=\"image.default\">\n\t\t\t\t<div class=\"elementor-widget-container\">\n\t\t\t\t\t\t\t\t\t\t\t\t\t\t\t<img loading=\"lazy\" decoding=\"async\" width=\"150\" height=\"150\" src=\"https:\/\/www.upo.es\/formacionpermanente\/wp-content\/imagenes\/uploads\/david_alarcon2-150x150.jpg\" class=\"attachment-thumbnail size-thumbnail wp-image-6092\" alt=\"\" srcset=\"https:\/\/www.upo.es\/formacionpermanente\/wp-content\/imagenes\/uploads\/david_alarcon2-150x150.jpg 150w, https:\/\/www.upo.es\/formacionpermanente\/wp-content\/imagenes\/uploads\/david_alarcon2.jpg 210w\" sizes=\"(max-width: 150px) 100vw, 150px\" \/>\t\t\t\t\t\t\t\t\t\t\t\t\t\t\t<\/div>\n\t\t\t\t<\/div>\n\t\t\t\t<div data-dce-title-color=\"#FFFFFF\" class=\"elementor-element elementor-element-4b76127 elementor-widget elementor-widget-heading\" data-id=\"4b76127\" data-element_type=\"widget\" data-e-type=\"widget\" data-widget_type=\"heading.default\">\n\t\t\t\t<div class=\"elementor-widget-container\">\n\t\t\t\t\t<h6 class=\"elementor-heading-title elementor-size-default\">Responsable de Calidad<\/h6>\t\t\t\t<\/div>\n\t\t\t\t<\/div>\n\t\t\t\t<div class=\"elementor-element elementor-element-0f98243 elementor-widget elementor-widget-text-editor\" data-id=\"0f98243\" data-element_type=\"widget\" data-e-type=\"widget\" data-widget_type=\"text-editor.default\">\n\t\t\t\t<div class=\"elementor-widget-container\">\n\t\t\t\t\t\t\t\t\t<p style=\"text-align: center;\"><strong>D. David Alarc\u00f3n Rubio<\/strong><\/p>\t\t\t\t\t\t\t\t<\/div>\n\t\t\t\t<\/div>\n\t\t\t\t<div data-dce-text-color=\"#FFFFFF\" class=\"elementor-element elementor-element-740dac6 elementor-widget elementor-widget-text-editor\" data-id=\"740dac6\" data-element_type=\"widget\" data-e-type=\"widget\" data-widget_type=\"text-editor.default\">\n\t\t\t\t<div class=\"elementor-widget-container\">\n\t\t\t\t\t\t\t\t\t<p>Profesor Titular. Departamento de Antropolog\u00eda Social, Psicolog\u00eda Social y Salud P\u00fablica, <strong>Universidad Pablo de Olavide<\/strong><\/p><p><strong>\u00a0<\/strong><\/p>\t\t\t\t\t\t\t\t<\/div>\n\t\t\t\t<\/div>\n\t\t\t\t\t<\/div>\n\t\t<\/div>\n\t\t\t\t<div class=\"elementor-column elementor-col-25 elementor-inner-column elementor-element elementor-element-f1368d1\" data-id=\"f1368d1\" data-element_type=\"column\" data-e-type=\"column\">\n\t\t\t<div class=\"elementor-widget-wrap elementor-element-populated\">\n\t\t\t\t\t\t<div class=\"elementor-element elementor-element-731d87e elementor-widget elementor-widget-image\" data-id=\"731d87e\" data-element_type=\"widget\" data-e-type=\"widget\" data-widget_type=\"image.default\">\n\t\t\t\t<div class=\"elementor-widget-container\">\n\t\t\t\t\t\t\t\t\t\t\t\t\t\t\t<img loading=\"lazy\" decoding=\"async\" width=\"150\" height=\"150\" src=\"https:\/\/www.upo.es\/formacionpermanente\/wp-content\/imagenes\/uploads\/micaela-abi-rod-gil-150x150.png\" class=\"attachment-thumbnail size-thumbnail wp-image-6096\" alt=\"\" \/>\t\t\t\t\t\t\t\t\t\t\t\t\t\t\t<\/div>\n\t\t\t\t<\/div>\n\t\t\t\t<div data-dce-title-color=\"#FFFFFF\" class=\"elementor-element elementor-element-5b0e5bb elementor-widget elementor-widget-heading\" data-id=\"5b0e5bb\" data-element_type=\"widget\" data-e-type=\"widget\" data-widget_type=\"heading.default\">\n\t\t\t\t<div class=\"elementor-widget-container\">\n\t\t\t\t\t<h6 class=\"elementor-heading-title elementor-size-default\">Coordinaci\u00f3n<\/h6>\t\t\t\t<\/div>\n\t\t\t\t<\/div>\n\t\t\t\t<div class=\"elementor-element elementor-element-aa25670 elementor-widget elementor-widget-text-editor\" data-id=\"aa25670\" data-element_type=\"widget\" data-e-type=\"widget\" data-widget_type=\"text-editor.default\">\n\t\t\t\t<div class=\"elementor-widget-container\">\n\t\t\t\t\t\t\t\t\t<p style=\"text-align: center;\"><strong>D\u00f1a. Micaela Abi Rodr\u00edguez Gil<\/strong><\/p>\t\t\t\t\t\t\t\t<\/div>\n\t\t\t\t<\/div>\n\t\t\t\t<div data-dce-text-color=\"#FFFFFF\" class=\"elementor-element elementor-element-27d8d5a elementor-widget elementor-widget-text-editor\" data-id=\"27d8d5a\" data-element_type=\"widget\" data-e-type=\"widget\" data-widget_type=\"text-editor.default\">\n\t\t\t\t<div class=\"elementor-widget-container\">\n\t\t\t\t\t\t\t\t\t<p>Musicoterapeuta,<br \/><strong>Musiadapta<\/strong><\/p>\t\t\t\t\t\t\t\t<\/div>\n\t\t\t\t<\/div>\n\t\t\t\t\t<\/div>\n\t\t<\/div>\n\t\t\t\t\t<\/div>\n\t\t<\/section>\n\t\t\t\t\t<\/div>\n\t\t<\/div>\n\t\t\t\t\t<\/div>\n\t\t<\/section>\n\t\t\t\t<section class=\"elementor-section elementor-inner-section elementor-element elementor-element-563b22f elementor-section-full_width elementor-section-height-default elementor-section-height-default\" data-id=\"563b22f\" data-element_type=\"section\" data-e-type=\"section\">\n\t\t\t\t\t\t<div class=\"elementor-container elementor-column-gap-default\">\n\t\t\t\t\t<div class=\"elementor-column elementor-col-100 elementor-inner-column elementor-element elementor-element-124dc0f\" data-id=\"124dc0f\" data-element_type=\"column\" data-e-type=\"column\">\n\t\t\t<div class=\"elementor-widget-wrap elementor-element-populated\">\n\t\t\t\t\t\t<div class=\"elementor-element elementor-element-264b2d4 elementor-widget elementor-widget-heading\" data-id=\"264b2d4\" data-element_type=\"widget\" data-e-type=\"widget\" data-widget_type=\"heading.default\">\n\t\t\t\t<div class=\"elementor-widget-container\">\n\t\t\t\t\t<h3 class=\"elementor-heading-title elementor-size-default\">Plan de estudios<\/h3>\t\t\t\t<\/div>\n\t\t\t\t<\/div>\n\t\t\t\t<div class=\"elementor-element elementor-element-8c6cda7 elementor-widget elementor-widget-text-editor\" data-id=\"8c6cda7\" data-element_type=\"widget\" data-e-type=\"widget\" data-widget_type=\"text-editor.default\">\n\t\t\t\t<div class=\"elementor-widget-container\">\n\t\t\t\t\t\t\t\t\t<p>El programa solo se activar\u00e1 si se alcanza el n\u00famero m\u00ednimo de matr\u00edculas establecido en cada caso.<\/p>\n<h5><strong>Relaci\u00f3n de materias<\/strong><\/h5>\n<p>&nbsp;<\/p>\n<h6><span style=\"color: #333333\">M\u00f3dulo I: Fundamentos en Musicoterapia. 12 ECTS.<\/span><\/h6>\n<p>Asignatura 1: Introducci\u00f3n a la Musicoterapia. 2 ECTS.<br \/>\nAsignatura 2: Fundamentos del proceso musicoterap\u00e9utico. 2 ECTS.<br \/>\nAsignatura 3: M\u00e9todos, teor\u00edas y t\u00e9cnicas en musicoterapia. 2 ECTS.<br \/>\nAsignatura 4: Modelos, abordajes y orientaciones en musicoterapia. 2 ECTS.<br \/>\nAsignatura 5: Evaluaci\u00f3n en musicoterapia I. 2 ECTS.<br \/>\nAsignatura 6: Evaluaci\u00f3n en musicoterapia II. 2 ECTS.<\/p>\n<h6><span style=\"color: #333333\">M\u00f3dulo II: Psicolog\u00eda, Neurolog\u00eda y Psicopatolog\u00eda. 15 ECTS.<\/span><\/h6>\n<p>Asignatura 7: Psicolog\u00eda del desarrollo. 2 ECTS.<br \/>\nAsignatura 8: Neurolog\u00eda en musicoterapia. 4\u00a0ECTS.<br \/>\nAsignatura 9: Introducci\u00f3n a la Psicolog\u00eda: Mente, cerebro y sociedad. 2 ECTS.<br \/>\nAsignatura 10: Psicolog\u00eda de la m\u00fasica. 2 ECTS.<br \/>\nAsignatura 11: M\u00fasica y neurociencias. 2 ECTS.<br \/>\nAsignatura 12: Psicopatolog\u00eda en Musicoterapia. 3 ECTS.<\/p>\n<h6><span style=\"color: #333333\">M\u00f3dulo III: Formaci\u00f3n Instrumental. 6 ECTS.<\/span><\/h6>\n<p>Asignatura 13: Escucha musical en musicoterapia. 2 ECTS.<br \/>\nAsignatura 14: Acompa\u00f1amiento en musicoterapia I. 2 ECTS.<br \/>\nAsignatura 15: Acompa\u00f1amiento en musicoterapia II. 2 ECTS.<\/p>\n<h6><span style=\"color: #333333\">M\u00f3dulo IV: Recursos Vocales. 4 ECTS.<\/span><\/h6>\n<p>Asignatura 16: Recursos vocales en musicoterapia. 2 ECTS.<br \/>\nAsignatura 17: Recursos en musicoterapia. 2 ECTS.<\/p>\n<h6><span style=\"color: #333333\">M\u00f3dulo V: Musicoterapia e Improvisaci\u00f3n. 4 ECTS.<\/span><\/h6>\n<p>Asignatura 18: Improvisaci\u00f3n en musicoterapia I. 2 ECTS.<br \/>\nAsignatura 19: Improvisaci\u00f3n en musicoterapia II. 2 ECTS.<\/p>\n<h6><span style=\"color: #333333\">M\u00f3dulo VI: Musicoterapia e Investigaci\u00f3n. 2 ECTS.<\/span><\/h6>\n<p>Asignatura 20: Investigaci\u00f3n en musicoterapia. 2 ECTS.<\/p>\n<h6><span style=\"color: #333333\">M\u00f3dulo VII: Musicoterapia y modelos interdisciplinarios. 2 ECTS.<\/span><\/h6>\n<p>Asignatura 21: Pr\u00e1cticas interdisciplinares en musicoterapia. 2 ECTS.<\/p>\n<h6><span style=\"color: #333333\">M\u00f3dulo VIII: Musicoterapia Aplicada. 13 ECTS.<\/span><\/h6>\n<p>Asignatura 22: Musicoterapia aplicada al \u00e1mbito social. 4\u00a0ECTS.<br \/>\nAsignatura 23: Musicoterapia en educaci\u00f3n. 2 ECTS.<br \/>\nAsignatura 24: Musicoterapia en la salud mental. 2 ECTS.<br \/>\nAsignatura 25: Musicoterapia aplicada al \u00e1mbito hospitalario. 3\u00a0ECTS.<br \/>\nAsignatura 26: Musicoterapia aplicada a la tercera edad y materno infantil. 2 ECTS.<\/p>\n<h6><span style=\"color: #333333\">M\u00f3dulo IX: Psicoterapia y Self-Experience. 6 ECTS.<\/span><\/h6>\n<p>Asignatura 27: Musicoterapia y self-experience I. 3\u00a0ECTS.<br \/>\nAsignatura 28: Musicoterapia y self-experience II. 3 ECTS.<\/p>\n<h6><span style=\"color: #333333\">M\u00f3dulo X: Practicum. 20 ECTS.<\/span><\/h6>\n<p>Asignatura 29: Pr\u00e1cticas. 10 ECTS.<br \/>\nAsignatura 30: Supervisi\u00f3n de la pr\u00e1ctica cl\u00ednica I. 2\u00a0ECTS.<br \/>\nAsignatura 31: Supervisi\u00f3n de la pr\u00e1ctica cl\u00ednica II. 2 ECTS.<br \/>\nAsignatura 32: Supervisi\u00f3n de la pr\u00e1ctica cl\u00ednica II. 6 ECTS.<\/p>\n<h6><span style=\"color: #333333\">M\u00f3dulo XI: Trabajo Final de M\u00e1ster. 6 ECTS.<\/span><\/h6>\n<p>Asignatura 33: Presentaci\u00f3n del Trabajo Final de M\u00e1ster. 6 ECTS.<\/p>\n\t\t\t\t\t\t\t\t<\/div>\n\t\t\t\t<\/div>\n\t\t\t\t\t<\/div>\n\t\t<\/div>\n\t\t\t\t\t<\/div>\n\t\t<\/section>\n\t\t\t\t<section class=\"elementor-section elementor-inner-section elementor-element elementor-element-dd820f9 elementor-section-full_width elementor-hidden-mobile elementor-section-height-default elementor-section-height-default\" data-id=\"dd820f9\" data-element_type=\"section\" data-e-type=\"section\">\n\t\t\t\t\t\t<div class=\"elementor-container elementor-column-gap-default\">\n\t\t\t\t\t<div class=\"elementor-column elementor-col-100 elementor-inner-column elementor-element elementor-element-a7cabd0\" data-id=\"a7cabd0\" data-element_type=\"column\" data-e-type=\"column\">\n\t\t\t<div class=\"elementor-widget-wrap elementor-element-populated\">\n\t\t\t\t\t\t<div class=\"elementor-element elementor-element-10fd50b elementor-widget elementor-widget-heading\" data-id=\"10fd50b\" data-element_type=\"widget\" data-e-type=\"widget\" data-widget_type=\"heading.default\">\n\t\t\t\t<div class=\"elementor-widget-container\">\n\t\t\t\t\t<h3 class=\"elementor-heading-title elementor-size-default\">Profesorado<\/h3>\t\t\t\t<\/div>\n\t\t\t\t<\/div>\n\t\t\t\t<div class=\"elementor-element elementor-element-e8af4ee elementor-widget elementor-widget-text-editor\" data-id=\"e8af4ee\" data-element_type=\"widget\" data-e-type=\"widget\" data-widget_type=\"text-editor.default\">\n\t\t\t\t<div class=\"elementor-widget-container\">\n\t\t\t\t\t\t\t\t\t<div>\n<p><strong>D\u00f1a. Gabriela Rodr\u00edguez Clivio<\/strong><br \/>\nMusiadapta.<\/p>\n<p><strong>D\u00f1a. Micaela Abi Rodr\u00edguez Gil<\/strong><br \/>\nMusiadapta.<\/p>\n<p><strong>D\u00f1a. Karina Daniela Ferrari Tatche<\/strong><br \/>\nUniversidad de Buenos Aires UBA.<\/p>\n<p><strong>D. Gabriel Federico<\/strong><br \/>\nCentro Camino Musicoterapia.<\/p>\n<p><strong>D\u00f1a. Carla Navarro<\/strong><br \/>\nFundaci\u00f3n Porque viven, \u00abLatidos Musicoterapia\u00bb.<\/p>\n<p><strong>D. Diego Salamanca Herrero<\/strong><br \/>\nMusa, M\u00fasica y Salud.<\/p>\n<p><strong>D. Adri\u00e1n Alejandro Galatti<\/strong><br \/>\nUniversidad de Barcelona, IL3.<\/p>\n<p><strong>D\u00f1a. Guacimara Molina<\/strong><br \/>\nInstituto M\u00fasica, Arte y Proceso, Vitoria.<\/p>\n<p><strong>D\u00f1a. <b class=\"\">Vanessa Vannay Allasia<\/b><\/strong><br \/>\nDoctora, Investigadora y Licenciada en Musicoterapia. Mentora de musicoterapeutas y Supervisora.<\/p>\n<p><strong>D\u00f1a. Elvira Mart\u00edn Mart\u00edn<\/strong><br \/>\nInstituto M\u00fasica, Arte y Proceso, Vitoria.<\/p>\n<p><strong>D\u00f1a. Antonia Corona Aguilar<\/strong><br \/>\nProfesora Contratada Doctora en la Universidad Pablo de Olavide.<\/p>\n<p><strong>D. Jos\u00e9 Cordero Palomo<\/strong><br \/>\nProfesor Asociado en la Universidad Pablo de Olavide.<\/p>\n<p><strong>D\u00f1a. Virginia Mart\u00ednez Lozano<\/strong><br \/>\nProfesora Titular en la Universidad Pablo de Olavide.<\/p>\n<p><strong>D. Jos\u00e9 Antonio S\u00e1nchez Medina<\/strong><br \/>\nCatedr\u00e1tico de Psicolog\u00eda B\u00e1sica en \u00a0la Universidad Pablo de Olavide.<\/p>\n<p><strong>D\u00f1a. Flavia Constanza Mancini<\/strong><br \/>\nUniversidad de Buenos Aires UBA.<\/p>\n<p><strong>D. Rafael C\u00e1ceres-Feria<\/strong><br \/>\nProfesor Titular en la Universidad Pablo de Olavide.<\/p>\n<p><strong>D\u00f1a. Beatriz Mac\u00edas G\u00f3mez-Estern<\/strong><br \/>\nProfesora Titular Universidad Pablo de Olavide.<\/p>\n<p><strong>D. Pau Gimeno<\/strong><br \/>\nProfesor en Universitat de Barcelona.<\/p>\n<p><b>D\u00f1a.\u00a0M\u00f3nica Mu\u00f1oz Marchena<\/b><br \/>\nHospital Sant Joan de Deu.<\/p>\n<p><strong>D\u00f1a. Gabriela Gaglione<\/strong><br \/>\nMusicoterapia Balear.<\/p>\n<p><strong>D\u00f1a. Amelia Gil Caballero<\/strong><br \/>\nMusiadapta.<\/p>\n<p><strong>D. Ralf Martin Niedenthal\u00a0<\/strong><br \/>\nONG Todos Hacemos m\u00fasica.<\/p>\n<p><strong>D. Alex March<\/strong><br \/>\nProfesor de m\u00fasica por el conservatorio de Valencia.<\/p>\n<p><strong>D. Juan Daniel Ram\u00edrez Garrido<\/strong><br \/>\nCatedr\u00e1tico de Universidad. Departamento de Antropolog\u00eda Social, Psicolog\u00eda B\u00e1sica y Salud P\u00fablica. Universidad Pablo de Olavide.<\/p>\n<p><strong>D. Javier Saavedra Mac\u00edas<\/strong><br \/>\nProfesor Titular de Universidad. Departamento de Psicolog\u00eda Experimental. Universidad de Sevilla.<\/p>\n<p><strong>D. Samuel Arias S\u00e1nchez<\/strong><br \/>\nProfesor Titular de Universidad. Departamento de Psicolog\u00eda Experimental. Universidad de Sevilla.<\/p>\n<p><strong>D. Borja D\u00edaz Vera<\/strong><br \/>\nProfesor Sustituto Interino. Departamento de Educaci\u00f3n y Psicolog\u00eda Social. Universidad Pablo de Olavide.<br \/>\nLicenciado en Psicolog\u00eda y en Antropolog\u00eda. M\u00fasico autodidacta con experiencia de m\u00e1s 25 a\u00f1os en distintas asociaciones musicales, bandas y en docencia.<\/p>\n<p><strong>D\u00f1a. Isabel Avil\u00e9s Carvajal<\/strong><br \/>\nPsic\u00f3loga colegiada y Doctora Internacional por la Universidad de Sevilla.<br \/>\nM\u00e1ster en Psicolog\u00eda Infanto-Juvenil, Psicoterapia Relacional, Psicolog\u00eda General Sanitaria y<br \/>\nAtenci\u00f3n Temprana. Profesora Sustituta Interina. Universidad de Sevilla.<\/p>\n<\/div>\n\t\t\t\t\t\t\t\t<\/div>\n\t\t\t\t<\/div>\n\t\t\t\t\t<\/div>\n\t\t<\/div>\n\t\t\t\t\t<\/div>\n\t\t<\/section>\n\t\t\t\t<section class=\"elementor-section elementor-inner-section elementor-element elementor-element-25f6d60 elementor-section-full_width elementor-hidden-mobile elementor-section-height-default elementor-section-height-default\" data-id=\"25f6d60\" data-element_type=\"section\" data-e-type=\"section\">\n\t\t\t\t\t\t<div class=\"elementor-container elementor-column-gap-default\">\n\t\t\t\t\t<div class=\"elementor-column elementor-col-100 elementor-inner-column elementor-element elementor-element-1af4df3\" data-id=\"1af4df3\" data-element_type=\"column\" data-e-type=\"column\">\n\t\t\t<div class=\"elementor-widget-wrap elementor-element-populated\">\n\t\t\t\t\t\t<div class=\"elementor-element elementor-element-f373b15 elementor-widget elementor-widget-heading\" data-id=\"f373b15\" data-element_type=\"widget\" data-e-type=\"widget\" data-widget_type=\"heading.default\">\n\t\t\t\t<div class=\"elementor-widget-container\">\n\t\t\t\t\t<h3 class=\"elementor-heading-title elementor-size-default\">Pr\u00e1cticas externas<\/h3>\t\t\t\t<\/div>\n\t\t\t\t<\/div>\n\t\t\t\t<div class=\"elementor-element elementor-element-3507bf7 elementor-widget elementor-widget-text-editor\" data-id=\"3507bf7\" data-element_type=\"widget\" data-e-type=\"widget\" data-widget_type=\"text-editor.default\">\n\t\t\t\t<div class=\"elementor-widget-container\">\n\t\t\t\t\t\t\t\t\t<p>Muchas pr\u00e1cticas realizadas a lo largo del curso se realizar\u00e1n directamente en el centro Musiadapta de Musicoterapia, que es uno de los principales centros de referencia en musicoterapia en Espa\u00f1a. En este espacio, los alumnos y alumnas tendr\u00e1n pr\u00e1cticas dentro de un \u00e1mbito espec\u00edfico en musicoterapia para poder crear din\u00e1micas entre ellos\/as y tambi\u00e9n tener experiencias pr\u00e1cticas de observaci\u00f3n de otros\/as musicoterapeutas presentes, as\u00ed como la posibilidad de atender a pacientes que son referidos a la cl\u00ednica, ya en una fase m\u00e1s avanzada del curso.<\/p>\n<p>Musiadapta cuenta con convenios con diferentes Fundaciones, Asociaciones y centros terap\u00e9uticos en Sevilla donde el alumnado podr\u00e1 realizar sus pr\u00e1cticas.<\/p>\n<h5><strong>Sistema de Evaluaci\u00f3n<\/strong><\/h5>\n<h4><\/h4>\n<p>Las pr\u00e1cticas ser\u00e1n evaluadas por medio de un documento escrito y tambi\u00e9n por una presentaci\u00f3n para un comit\u00e9 evaluador.<\/p>\n<p><strong>Cr\u00e9ditos asignados a las pr\u00e1cticas:\u00a010 ECTS<\/strong><\/p>\n\t\t\t\t\t\t\t\t<\/div>\n\t\t\t\t<\/div>\n\t\t\t\t\t<\/div>\n\t\t<\/div>\n\t\t\t\t\t<\/div>\n\t\t<\/section>\n\t\t\t\t<section class=\"elementor-section elementor-inner-section elementor-element elementor-element-46e42b5 elementor-section-full_width elementor-hidden-mobile elementor-section-height-default elementor-section-height-default\" data-id=\"46e42b5\" data-element_type=\"section\" data-e-type=\"section\">\n\t\t\t\t\t\t<div class=\"elementor-container elementor-column-gap-default\">\n\t\t\t\t\t<div class=\"elementor-column elementor-col-100 elementor-inner-column elementor-element elementor-element-949ef62\" data-id=\"949ef62\" data-element_type=\"column\" data-e-type=\"column\">\n\t\t\t<div class=\"elementor-widget-wrap elementor-element-populated\">\n\t\t\t\t\t\t<div class=\"elementor-element elementor-element-7ec1724 elementor-widget elementor-widget-heading\" data-id=\"7ec1724\" data-element_type=\"widget\" data-e-type=\"widget\" data-widget_type=\"heading.default\">\n\t\t\t\t<div class=\"elementor-widget-container\">\n\t\t\t\t\t<h3 class=\"elementor-heading-title elementor-size-default\">Proyecto final<\/h3>\t\t\t\t<\/div>\n\t\t\t\t<\/div>\n\t\t\t\t<div class=\"elementor-element elementor-element-dbd6dc6 elementor-widget elementor-widget-text-editor\" data-id=\"dbd6dc6\" data-element_type=\"widget\" data-e-type=\"widget\" data-widget_type=\"text-editor.default\">\n\t\t\t\t<div class=\"elementor-widget-container\">\n\t\t\t\t\t\t\t\t\t<p>El alumno o la alumna podr\u00e1 discutir diferentes temas para su trabajo final. Estos temas deben incluirse en una de las siguientes categor\u00edas: caso cl\u00ednico, estudio de revisi\u00f3n o estudio te\u00f3rico.<\/p>\n<p><strong>Caso cl\u00ednico:<\/strong>\u00a0el\/la estudiante podr\u00e1 escribir sobre un caso realizado por \u00e9l durante sus pr\u00e1cticas. Este trabajo debe describir el fundamento te\u00f3rico del caso, el proceso de desarrollo de dicho caso desde la primera hasta la \u00faltima sesi\u00f3n, as\u00ed como una discusi\u00f3n del caso para relatar c\u00f3mo \u00e9ste impact\u00f3 en la pr\u00e1ctica del\/la musicoterapeuta y c\u00f3mo las diferentes teor\u00edas podr\u00edan explicar el desarrollo y resultados de este caso.<\/p>\n<p><strong>Estudio de revisi\u00f3n:<\/strong>\u00a0el\/la estudiante podr\u00e1 escribir una revisi\u00f3n integradora (enfocada en diferentes tipos de estudio), una revisi\u00f3n de alcance (realizar una encuesta sobre un tema) o una revisi\u00f3n sistem\u00e1tica (verificando de manera estandarizada los efectos de la musicoterapia en un poblaci\u00f3n dada). En esta revisi\u00f3n, el\/la estudiante investiga cuidadosamente la literatura y sintetiza la informaci\u00f3n principal sobre un tema de inter\u00e9s.<\/p>\n<p><strong>Estudio te\u00f3rico:<\/strong>\u00a0el alumno o la alumna podr\u00e1 escribir sobre una o m\u00e1s teor\u00edas de la musicoterapia y realizar una reflexi\u00f3n profunda sobre su importancia dentro de la pr\u00e1ctica, investigaci\u00f3n o docencia en musicoterapia. El estudio te\u00f3rico puede centrarse en aspectos m\u00e1s pr\u00e1cticos o filos\u00f3ficos de cada teor\u00eda.<\/p>\n<p>El trabajo final ser\u00e1 presentado por el\/la alumno\/a en el formato del modelo ABP donde el\/la alumno\/a presentar\u00e1 su trabajo en 15 minutos y tras su presentaci\u00f3n dos profesores o profesoras del curso discutir\u00e1n el trabajo durante 20 minutos. Los\/las profesores\/as discutir\u00e1n el desempe\u00f1o del trabajo del\/la estudiante tanto en la parte escrita como en su presentaci\u00f3n y designar\u00e1n una calificaci\u00f3n para este trabajo.<\/p>\n<h5><strong>Sistema de Evaluaci\u00f3n<\/strong><\/h5>\n<h4><\/h4>\n<p>El trabajo final ser\u00e1 evaluado por un comit\u00e9 que evaluar\u00e1 el trabajo escrito y la presentaci\u00f3n p\u00fablica del trabajo.<\/p>\n<p><strong>Cr\u00e9ditos asignados al trabajo final:\u00a06 ECTS<\/strong><\/p>\n\t\t\t\t\t\t\t\t<\/div>\n\t\t\t\t<\/div>\n\t\t\t\t\t<\/div>\n\t\t<\/div>\n\t\t\t\t\t<\/div>\n\t\t<\/section>\n\t\t\t\t<section class=\"elementor-section elementor-inner-section elementor-element elementor-element-08bb7d0 elementor-section-full_width elementor-hidden-mobile elementor-section-height-default elementor-section-height-default\" data-id=\"08bb7d0\" data-element_type=\"section\" data-e-type=\"section\">\n\t\t\t\t\t\t<div class=\"elementor-container elementor-column-gap-default\">\n\t\t\t\t\t<div class=\"elementor-column elementor-col-100 elementor-inner-column elementor-element elementor-element-49adb54\" data-id=\"49adb54\" data-element_type=\"column\" data-e-type=\"column\">\n\t\t\t<div class=\"elementor-widget-wrap elementor-element-populated\">\n\t\t\t\t\t\t<div class=\"elementor-element elementor-element-c04951d elementor-widget elementor-widget-heading\" data-id=\"c04951d\" data-element_type=\"widget\" data-e-type=\"widget\" data-widget_type=\"heading.default\">\n\t\t\t\t<div class=\"elementor-widget-container\">\n\t\t\t\t\t<h3 class=\"elementor-heading-title elementor-size-default\">Metodolog\u00eda y evaluaci\u00f3n<\/h3>\t\t\t\t<\/div>\n\t\t\t\t<\/div>\n\t\t\t\t<div class=\"elementor-element elementor-element-5675f78 elementor-widget elementor-widget-text-editor\" data-id=\"5675f78\" data-element_type=\"widget\" data-e-type=\"widget\" data-widget_type=\"text-editor.default\">\n\t\t\t\t<div class=\"elementor-widget-container\">\n\t\t\t\t\t\t\t\t\t<p>El m\u00e1ster tiene como perspectiva central de ense\u00f1anza y aprendizaje el modelo \u201cAprendizaje Basado en Problemas (ABP)\u201d(Problem Based Learning, PBL).<\/p>\n<p>El modelo de Aprendizaje Basado en Problemas tiene el principio de tratar diferentes temas como un problema o un caso que debe ser discutido e investigado para encontrar posibles soluciones y formas de abordarlo.<\/p>\n<p>En las asignaturas te\u00f3ricas, el modelo ABP es fundamental, ya que permite al alumno o alumna reflexionar y aprender de forma activa sobre diferentes teor\u00edas y conceptos. El\/la docente act\u00faa en los cursos te\u00f3ricos como facilitador donde durante sus explicaciones y ejemplos pr\u00e1cticos, los\/as alumnos\/as tienen tiempo para poder conversar en grupos reducidos y compartir sus dudas, propuestas e ideales sobre el tema trabajado en clase en el grupo grande.<\/p>\n<p>En las clases pr\u00e1cticas (relacionadas con seminarios espec\u00edficos sobre contenidos musicales y musicoterapia), los\/as estudiantes tienen diferentes momentos en los que trabajan solos y solas o en peque\u00f1os grupos para poder practicar lo que est\u00e1n aprendiendo en cada clase. En este contexto, el o la docente realiza una pr\u00e1ctica de seguimiento donde hace un seguimiento de las dificultades y dudas de los y las estudiantes de una forma m\u00e1s individualizada.<\/p>\n<p>El modelo PBL ofrece la posibilidad (que se utilizar\u00e1 en algunos seminarios del curso) de realizar parte de las clases dentro del aula virtual donde los\/as profesores\/as presentar\u00e1n material de la clase a trav\u00e9s de grabaciones de video y los\/as estudiantes estudiar\u00e1n estos videos. As\u00ed, en el momento de la clase presencial, el o la profesor\/a dirigir\u00e1 las clases a trabajar principalmente en las dificultades que le pudieran surgir a los\/as alumnos\/as.<\/p>\n<p>El modelo ABP es el eje principal que estructura este t\u00edtulo, pero no es el \u00fanico. Algunos seminarios no seguir\u00e1n el modelo, precisamente para facilitar el proceso de aprendizaje de estos, as\u00ed como la adquisici\u00f3n de algunas habilidades. De esta manera, cada docente puede tener la libertad de conducir los procesos de aprendizaje y adquirir las competencias de la manera que sea m\u00e1s efectiva dentro de su experiencia con los contenidos ense\u00f1ados. Otra de las metodolog\u00edas que emplearemos para impartir algunas aulas, por ejemplo ser\u00e1 el Aprendizaje Cooperativo, a partir de la cual agrupamos a los estudiantes para impartir el aprendizaje de una manera m\u00e1s positiva, poniendo hincapi\u00e9 en el trabajo en equipo.<\/p>\n<h5>Evaluaci\u00f3n<\/h5>\n<h4><\/h4>\n<p>La evaluaci\u00f3n se calcular\u00e1 en funci\u00f3n a los siguientes porcentajes:<\/p>\n<ul>\n<li>Asistencia: 15%<\/li>\n<li>Pruebas te\u00f3ricas: 20%<\/li>\n<li>Pr\u00e1cticas de Empresa: 20%<\/li>\n<li>Seminarios: 10%<\/li>\n<li>Trabajo Final: 20%<\/li>\n<li>Actividades Pr\u00e1cticas: 15%<\/li>\n<\/ul>\n<p>Las actividades formativas se estructuran en cuatro ejes:<\/p>\n<ul>\n<li><strong>Actividades de reflexi\u00f3n te\u00f3rica<\/strong>. Son aquellas que se realizan en los momentos te\u00f3ricos de las asignaturas, donde el\/la docente presenta el contenido y luego los alumnos y las alumnas reflexionan sobre los contenidos aprendidos (primero en grupos reducidos y luego en una discusi\u00f3n en grupo grande siempre mediada por el\/la docente quien ser\u00e1 un facilitador\/a de discusiones).<\/li>\n<li><strong>Actividades pr\u00e1cticas a trav\u00e9s de experiencias musicales<\/strong>.\u00a0Se refieren a las experiencias musicales realizadas durante las clases para que el\/la alumno\/a tenga una experiencia pr\u00e1ctica a trav\u00e9s de la m\u00fasica para aprender y experimentar diferentes formas de utilizar la m\u00fasica en musicoterapia.<\/li>\n<li><strong>Actividades de observaci\u00f3n<\/strong>.\u00a0Se refieren a las actividades de observaci\u00f3n realizadas en el contexto de la clase, as\u00ed como a las actividades de observaci\u00f3n de pr\u00e1cticas realizadas por otros\/as musicoterapeutas.<\/li>\n<li><strong>Actividades de supervisi\u00f3n<\/strong>.\u00a0Se refieren a un tipo espec\u00edfico de orientaci\u00f3n que se brinda individualmente o en grupo para evaluar y sugerir caminos dentro de las pr\u00e1cticas de musicoterapia realizadas.<\/li>\n<\/ul>\n\t\t\t\t\t\t\t\t<\/div>\n\t\t\t\t<\/div>\n\t\t\t\t\t<\/div>\n\t\t<\/div>\n\t\t\t\t\t<\/div>\n\t\t<\/section>\n\t\t\t\t<section class=\"elementor-section elementor-inner-section elementor-element elementor-element-f0bf854 elementor-section-full_width elementor-section-height-default elementor-section-height-default\" data-id=\"f0bf854\" data-element_type=\"section\" data-e-type=\"section\">\n\t\t\t\t\t\t<div class=\"elementor-container elementor-column-gap-default\">\n\t\t\t\t\t<div class=\"elementor-column elementor-col-100 elementor-inner-column elementor-element elementor-element-cbdf028\" data-id=\"cbdf028\" data-element_type=\"column\" data-e-type=\"column\">\n\t\t\t<div class=\"elementor-widget-wrap elementor-element-populated\">\n\t\t\t\t\t\t<div class=\"elementor-element elementor-element-3fb48d4 elementor-widget elementor-widget-heading\" data-id=\"3fb48d4\" data-element_type=\"widget\" data-e-type=\"widget\" data-widget_type=\"heading.default\">\n\t\t\t\t<div class=\"elementor-widget-container\">\n\t\t\t\t\t<h3 class=\"elementor-heading-title elementor-size-default\">Requisitos y perfil de acceso<\/h3>\t\t\t\t<\/div>\n\t\t\t\t<\/div>\n\t\t\t\t<div class=\"elementor-element elementor-element-abe8c0e elementor-widget elementor-widget-text-editor\" data-id=\"abe8c0e\" data-element_type=\"widget\" data-e-type=\"widget\" data-widget_type=\"text-editor.default\">\n\t\t\t\t<div class=\"elementor-widget-container\">\n\t\t\t\t\t\t\t\t\t<p>Podr\u00e1n acceder a los estudios de M\u00e1ster de Formaci\u00f3n Permanente:<\/p>\n<ul>\n<li>Quienes est\u00e9n en posesi\u00f3n de un t\u00edtulo universitario de Grado espa\u00f1ol o equivalente.<\/li>\n<li>Quienes est\u00e9n en posesi\u00f3n de un t\u00edtulo expedido por una instituci\u00f3n de educaci\u00f3n superior del Espacio Europeo de Educaci\u00f3n Superior, que otorgue acceso a ense\u00f1anzas oficiales de Postgrado.<\/li>\n<li>Quienes est\u00e9n en posesi\u00f3n de un t\u00edtulo conforme a sistemas educativos ajenos al Espacio Europeo de Educaci\u00f3n Superior, que acredite un nivel de formaci\u00f3n equivalente a los correspondientes T\u00edtulos universitarios oficiales espa\u00f1oles de Grado, y que facultan en el pa\u00eds expedidor del t\u00edtulo para el acceso a ense\u00f1anzas de Postgrado.<\/li>\n<li>Quienes acrediten haber superado al menos 180 cr\u00e9ditos ECTS correspondientes a ense\u00f1anzas oficiales de Grado. En este caso, para que el estudiante obtenga su t\u00edtulo, debe haber terminado sus estudios de Grado antes de la finalizaci\u00f3n del M\u00e1ster.<\/li>\n<li>Excepcionalmente, quienes acrediten experiencia profesional demostrada en un \u00e1mbito relacionado con el contenido del t\u00edtulo. Esta admisi\u00f3n estar\u00e1 condicionada a la autorizaci\u00f3n por la Comisi\u00f3n de Postgrado de la Universidad Pablo de Olavide.<\/li>\n<\/ul>\n<h5>Perfil de acceso<\/h5>\n<h4><\/h4>\n<p>Adicionalmente, se recomienda que el candidato o la candidata cumpla con los siguientes requisitos b\u00e1sicos para poder desarrollar de la mejor manera el plan de estudios del M\u00e1ster en Musicoterapia.<\/p>\n<p>Se valoran positivamente en el proceso de admisi\u00f3n:<\/p>\n<ul>\n<li>Estudios superiores finalizados en las \u00e1reas de: m\u00fasica, educaci\u00f3n, salud.<\/li>\n<li>Capacidades musicales pr\u00e1cticas y facilidad en la improvisaci\u00f3n.<\/li>\n<li>Experiencia previa ejerciendo en \u00e1reas relacionadas con la salud (medicina, enfermer\u00eda, geriatr\u00eda, psiquiatr\u00eda, psicolog\u00eda), con la educaci\u00f3n, la educaci\u00f3n especial, en proyectos sociales de rehabilitaci\u00f3n e integraci\u00f3n social tambi\u00e9n como trabajos voluntarios.<\/li>\n<li>Capacidad de trabajo en equipo.<\/li>\n<li>Actitud al trabajo como terapeuta en contacto con diferentes colectivos (ni\u00f1os y adultos con problemas psiqui\u00e1tricos, trastornos emocionales o del desarrollo, tercera edad, rehabilitaci\u00f3n neurol\u00f3gica, cuidados paliativos, etc).<\/li>\n<\/ul>\n\t\t\t\t\t\t\t\t<\/div>\n\t\t\t\t<\/div>\n\t\t\t\t\t<\/div>\n\t\t<\/div>\n\t\t\t\t\t<\/div>\n\t\t<\/section>\n\t\t\t\t<section class=\"elementor-section elementor-inner-section elementor-element elementor-element-01ca511 elementor-section-full_width elementor-section-height-default elementor-section-height-default\" data-id=\"01ca511\" data-element_type=\"section\" data-e-type=\"section\">\n\t\t\t\t\t\t<div class=\"elementor-container elementor-column-gap-default\">\n\t\t\t\t\t<div class=\"elementor-column elementor-col-100 elementor-inner-column elementor-element elementor-element-02d55c3\" data-id=\"02d55c3\" data-element_type=\"column\" data-e-type=\"column\">\n\t\t\t<div class=\"elementor-widget-wrap elementor-element-populated\">\n\t\t\t\t\t\t<div class=\"elementor-element elementor-element-6daa241 elementor-widget elementor-widget-heading\" data-id=\"6daa241\" data-element_type=\"widget\" data-e-type=\"widget\" data-widget_type=\"heading.default\">\n\t\t\t\t<div class=\"elementor-widget-container\">\n\t\t\t\t\t<h3 class=\"elementor-heading-title elementor-size-default\">Horario<\/h3>\t\t\t\t<\/div>\n\t\t\t\t<\/div>\n\t\t\t\t<div class=\"elementor-element elementor-element-932e5e6 elementor-widget elementor-widget-text-editor\" data-id=\"932e5e6\" data-element_type=\"widget\" data-e-type=\"widget\" data-widget_type=\"text-editor.default\">\n\t\t\t\t<div class=\"elementor-widget-container\">\n\t\t\t\t\t\t\t\t\t<p>Este M\u00e1ster se desarrollar\u00e1 del\u00a0 <strong>14 de marzo de 2025 al 15 de enero de 2027<\/strong>.<\/p>\n<p>Las clases presenciales se impartir\u00e1n los <strong>viernes de 16:00 a 21:00 horas y s\u00e1bados de 10:00 a 15:00 horas<\/strong>.\u00a0Las sesiones te\u00f3ricas se impartir\u00e1n de manera online y las relacionadas con competencias pr\u00e1cticas en las instalaciones de Musiadapta, situado en Avenida de la Tecnolog\u00eda\u00a026, Edificio Villamar 1, Planta 3, M\u00f3dulos 12-20, Sevilla.<\/p>\n\t\t\t\t\t\t\t\t<\/div>\n\t\t\t\t<\/div>\n\t\t\t\t\t<\/div>\n\t\t<\/div>\n\t\t\t\t\t<\/div>\n\t\t<\/section>\n\t\t\t\t<section class=\"elementor-section elementor-inner-section elementor-element elementor-element-b22dffd elementor-section-full_width elementor-section-height-default elementor-section-height-default\" data-id=\"b22dffd\" data-element_type=\"section\" data-e-type=\"section\">\n\t\t\t\t\t\t<div class=\"elementor-container elementor-column-gap-default\">\n\t\t\t\t\t<div class=\"elementor-column elementor-col-100 elementor-inner-column elementor-element elementor-element-6012d34\" data-id=\"6012d34\" data-element_type=\"column\" data-e-type=\"column\">\n\t\t\t<div class=\"elementor-widget-wrap elementor-element-populated\">\n\t\t\t\t\t\t<div class=\"elementor-element elementor-element-03a11f1 elementor-widget elementor-widget-heading\" data-id=\"03a11f1\" data-element_type=\"widget\" data-e-type=\"widget\" data-widget_type=\"heading.default\">\n\t\t\t\t<div class=\"elementor-widget-container\">\n\t\t\t\t\t<h3 class=\"elementor-heading-title elementor-size-default\">Precios y ayuda<\/h3>\t\t\t\t<\/div>\n\t\t\t\t<\/div>\n\t\t\t\t<div class=\"elementor-element elementor-element-f8b4ff4 elementor-widget elementor-widget-text-editor\" data-id=\"f8b4ff4\" data-element_type=\"widget\" data-e-type=\"widget\" data-widget_type=\"text-editor.default\">\n\t\t\t\t<div class=\"elementor-widget-container\">\n\t\t\t\t\t\t\t\t\t<h5><strong>Tasas<\/strong><\/h5>\n<p>4.770,00 \u20ac<\/p>\n<ul>\n<li>Este importe no incluye las\u00a0<strong>tasas de expedici\u00f3n del t\u00edtulo<\/strong>, puede acceder a la informaci\u00f3n en el <a href=\"https:\/\/www.upo.es\/formacionpermanente\/titulos-propios\/como-solicitar-el-titulo-o-diploma-de-un-titulo-propio\/\" target=\"_blank\" rel=\"noopener\">siguiente enlace.<\/a><\/li>\n<li>Este importe no incluye las\u00a0<strong>tasas de expedici\u00f3n del carnet de estudiante<\/strong>, puede acceder a la informaci\u00f3n desde el <a href=\"https:\/\/www.upo.es\/formacionpermanente\/titulos-propios\/carnet-de-estudiante-para-titulos-propios\/\" target=\"_blank\" rel=\"noopener\">siguiente enlace<\/a>.<\/li>\n<\/ul>\n<h5>\u00a0Pagos<\/h5>\n<h5><\/h5>\n<ul>\n<li>Reserva de plaza: <strong>500,00 \u20ac<\/strong><\/li>\n<li>Matr\u00edcula (una vez comunicada la admisi\u00f3n y antes del inicio del programa):<strong> 2.135,00 \u20ac<\/strong><\/li>\n<li>Primer plazo fraccionado (mayo de 2025): <strong>1.067,50 \u20ac<\/strong><\/li>\n<li>Segundo plazo fraccionado (julio de 2025): <strong>1.067,50 \u20ac<\/strong><\/li>\n<\/ul>\n<p>El pago fraccionado no exime del abono completo de las tasas una vez iniciado el programa. Para consultar los motivos de devoluci\u00f3n de la Reserva de Plaza puede hacerlo desde <a href=\"https:\/\/www.upo.es\/formacionpermanente\/wp-content\/imagenes\/uploads\/2025\/01\/BUPO-13-2024_Instruccion-Reserva-de-Plaza.pdf\" target=\"_blank\" rel=\"noopener\">aqu\u00ed.<\/a><\/p>\n<h5><strong>Ayudas al estudio<\/strong><\/h5>\n<p>Todos los programas de T\u00edtulos Propios ofrecen la posibilidad de solicitar una ayuda al estudio. Puede consultar la informaci\u00f3n completa y la fecha de la convocatoria <a href=\"https:\/\/www.upo.es\/formacionpermanente\/titulos-propios\/ayudas-al-estudio-para-titulos-propios\/\">aqu\u00ed<\/a>.<\/p>\n\t\t\t\t\t\t\t\t<\/div>\n\t\t\t\t<\/div>\n\t\t\t\t\t<\/div>\n\t\t<\/div>\n\t\t\t\t\t<\/div>\n\t\t<\/section>\n\t\t\t\t<section class=\"elementor-section elementor-inner-section elementor-element elementor-element-d71759a elementor-section-full_width elementor-section-height-default elementor-section-height-default\" data-id=\"d71759a\" data-element_type=\"section\" data-e-type=\"section\">\n\t\t\t\t\t\t<div class=\"elementor-container elementor-column-gap-default\">\n\t\t\t\t\t<div class=\"elementor-column elementor-col-100 elementor-inner-column elementor-element elementor-element-3aff2ef\" data-id=\"3aff2ef\" data-element_type=\"column\" data-e-type=\"column\">\n\t\t\t<div class=\"elementor-widget-wrap elementor-element-populated\">\n\t\t\t\t\t\t<div class=\"elementor-element elementor-element-4289b75 elementor-widget elementor-widget-heading\" data-id=\"4289b75\" data-element_type=\"widget\" data-e-type=\"widget\" data-widget_type=\"heading.default\">\n\t\t\t\t<div class=\"elementor-widget-container\">\n\t\t\t\t\t<h3 class=\"elementor-heading-title elementor-size-default\">\u00bfTienes alguna duda? Contacta con nosotros<\/h3>\t\t\t\t<\/div>\n\t\t\t\t<\/div>\n\t\t\t\t\t<\/div>\n\t\t<\/div>\n\t\t\t\t\t<\/div>\n\t\t<\/section>\n\t\t\t\t<section class=\"elementor-section elementor-inner-section elementor-element elementor-element-7fe6b51 elementor-section-boxed elementor-section-height-default elementor-section-height-default\" data-id=\"7fe6b51\" data-element_type=\"section\" data-e-type=\"section\">\n\t\t\t\t\t\t<div class=\"elementor-container elementor-column-gap-default\">\n\t\t\t\t\t<div class=\"elementor-column elementor-col-50 elementor-inner-column elementor-element elementor-element-0a0c134\" data-id=\"0a0c134\" data-element_type=\"column\" data-e-type=\"column\">\n\t\t\t<div class=\"elementor-widget-wrap elementor-element-populated\">\n\t\t\t\t\t\t<div class=\"elementor-element elementor-element-b7af678 elementor-widget elementor-widget-text-editor\" data-id=\"b7af678\" data-element_type=\"widget\" data-e-type=\"widget\" data-widget_type=\"text-editor.default\">\n\t\t\t\t<div class=\"elementor-widget-container\">\n\t\t\t\t\t\t\t\t\t<h5><strong>Para informaci\u00f3n acad\u00e9mica:<\/strong><\/h5>\t\t\t\t\t\t\t\t<\/div>\n\t\t\t\t<\/div>\n\t\t\t\t<div class=\"elementor-element elementor-element-755ea99 elementor-widget elementor-widget-text-editor\" data-id=\"755ea99\" data-element_type=\"widget\" data-e-type=\"widget\" data-widget_type=\"text-editor.default\">\n\t\t\t\t<div class=\"elementor-widget-container\">\n\t\t\t\t\t\t\t\t\tD\u00f1a. Gabriela Rodr\u00edguez Clivio\t\t\t\t\t\t\t\t<\/div>\n\t\t\t\t<\/div>\n\t\t\t\t<div class=\"elementor-element elementor-element-bcc6def elementor-widget elementor-widget-text-editor\" data-id=\"bcc6def\" data-element_type=\"widget\" data-e-type=\"widget\" data-widget_type=\"text-editor.default\">\n\t\t\t\t<div class=\"elementor-widget-container\">\n\t\t\t\t\t\t\t\t\tmastermusicoterapiaupo@gmail.com\t\t\t\t\t\t\t\t<\/div>\n\t\t\t\t<\/div>\n\t\t\t\t\t<\/div>\n\t\t<\/div>\n\t\t\t\t<div class=\"elementor-column elementor-col-50 elementor-inner-column elementor-element elementor-element-2602d9d\" data-id=\"2602d9d\" data-element_type=\"column\" data-e-type=\"column\">\n\t\t\t<div class=\"elementor-widget-wrap elementor-element-populated\">\n\t\t\t\t\t\t<div class=\"elementor-element elementor-element-d217f89 elementor-widget elementor-widget-text-editor\" data-id=\"d217f89\" data-element_type=\"widget\" data-e-type=\"widget\" data-widget_type=\"text-editor.default\">\n\t\t\t\t<div class=\"elementor-widget-container\">\n\t\t\t\t\t\t\t\t\t<h5>Para informaci\u00f3n administrativa:<\/h5><p>\u00c1rea de T\u00edtulos Propios<br \/>Tel: +34 954348963 \/ +34 954349206<br \/>formacionpermanente@upo.es\u00a0<\/p>\t\t\t\t\t\t\t\t<\/div>\n\t\t\t\t<\/div>\n\t\t\t\t\t<\/div>\n\t\t<\/div>\n\t\t\t\t\t<\/div>\n\t\t<\/section>\n\t\t\t\t<section class=\"elementor-section elementor-inner-section elementor-element elementor-element-24f853d elementor-section-full_width elementor-section-height-default elementor-section-height-default\" data-id=\"24f853d\" data-element_type=\"section\" data-e-type=\"section\" data-settings=\"{&quot;background_background&quot;:&quot;classic&quot;}\">\n\t\t\t\t\t\t<div class=\"elementor-container elementor-column-gap-wider\">\n\t\t\t\t\t<div class=\"elementor-column elementor-col-50 elementor-inner-column elementor-element elementor-element-52be481\" data-id=\"52be481\" data-element_type=\"column\" data-e-type=\"column\">\n\t\t\t<div class=\"elementor-widget-wrap elementor-element-populated\">\n\t\t\t\t\t\t<div class=\"elementor-element elementor-element-1e9f3d2 elementor-widget elementor-widget-image\" data-id=\"1e9f3d2\" data-element_type=\"widget\" data-e-type=\"widget\" data-widget_type=\"image.default\">\n\t\t\t\t<div class=\"elementor-widget-container\">\n\t\t\t\t\t\t\t\t\t\t\t\t\t\t\t<img loading=\"lazy\" decoding=\"async\" width=\"768\" height=\"353\" src=\"https:\/\/www.upo.es\/formacionpermanente\/wp-content\/imagenes\/uploads\/2024\/02\/Calidad-Web-768x353.png\" class=\"attachment-medium_large size-medium_large wp-image-38133\" alt=\"\" srcset=\"https:\/\/www.upo.es\/formacionpermanente\/wp-content\/imagenes\/uploads\/2024\/02\/Calidad-Web-768x353.png 768w, https:\/\/www.upo.es\/formacionpermanente\/wp-content\/imagenes\/uploads\/2024\/02\/Calidad-Web-300x138.png 300w, https:\/\/www.upo.es\/formacionpermanente\/wp-content\/imagenes\/uploads\/2024\/02\/Calidad-Web.png 800w\" sizes=\"(max-width: 768px) 100vw, 768px\" \/>\t\t\t\t\t\t\t\t\t\t\t\t\t\t\t<\/div>\n\t\t\t\t<\/div>\n\t\t\t\t<div class=\"elementor-element elementor-element-dbd4a62 elementor-align-center elementor-widget elementor-widget-button\" data-id=\"dbd4a62\" data-element_type=\"widget\" data-e-type=\"widget\" data-widget_type=\"button.default\">\n\t\t\t\t<div class=\"elementor-widget-container\">\n\t\t\t\t\t\t\t\t\t<div class=\"elementor-button-wrapper\">\n\t\t\t\t\t<a class=\"elementor-button elementor-button-link elementor-size-sm\" href=\"https:\/\/www.upo.es\/formacionpermanente\/wp-content\/imagenes\/uploads\/2024\/09\/calidad-fupo-20242025.pdf\" target=\"_blank\">\n\t\t\t\t\t\t<span class=\"elementor-button-content-wrapper\">\n\t\t\t\t\t\t\t\t\t<span class=\"elementor-button-text\">Ver Certificado<\/span>\n\t\t\t\t\t<\/span>\n\t\t\t\t\t<\/a>\n\t\t\t\t<\/div>\n\t\t\t\t\t\t\t\t<\/div>\n\t\t\t\t<\/div>\n\t\t\t\t\t<\/div>\n\t\t<\/div>\n\t\t\t\t<div class=\"elementor-column elementor-col-50 elementor-inner-column elementor-element elementor-element-d2fc664\" data-id=\"d2fc664\" data-element_type=\"column\" data-e-type=\"column\">\n\t\t\t<div class=\"elementor-widget-wrap elementor-element-populated\">\n\t\t\t\t\t\t<div class=\"elementor-element elementor-element-8c8d775 elementor-widget elementor-widget-heading\" data-id=\"8c8d775\" data-element_type=\"widget\" data-e-type=\"widget\" data-widget_type=\"heading.default\">\n\t\t\t\t<div class=\"elementor-widget-container\">\n\t\t\t\t\t<h3 class=\"elementor-heading-title elementor-size-default\">Certificaci\u00f3n de Calidad - AENOR ISO 9001<\/h3>\t\t\t\t<\/div>\n\t\t\t\t<\/div>\n\t\t\t\t<div class=\"elementor-element elementor-element-df423a0 elementor-widget elementor-widget-text-editor\" data-id=\"df423a0\" data-element_type=\"widget\" data-e-type=\"widget\" data-widget_type=\"text-editor.default\">\n\t\t\t\t<div class=\"elementor-widget-container\">\n\t\t\t\t\t\t\t\t\t<div data-id=\"5b61699\" data-element_type=\"widget\" data-widget_type=\"text-editor.default\"><div><p>La <strong>Fundaci\u00f3n Universidad Pablo de Olavide<\/strong>, ha asumido su compromiso con la gesti\u00f3n de la calidad desde el a\u00f1o 2003, fecha en la que se obtuvo por primera vez la certificaci\u00f3n de su <strong>Sistema de Gesti\u00f3n de la Calidad<\/strong>. Desde ese momento, se ha apostado por un proceso de mejora continua que ha permitido la evoluci\u00f3n del sistema de gesti\u00f3n de la Fundaci\u00f3n en sus nuevos retos operativos, conforme siempre a los est\u00e1ndares de calidad de la normas ISO.<\/p><p>El alcance del Certificado de Calidad de la Fundaci\u00f3n recoge las actividades de <strong>Gesti\u00f3n de Pr\u00e1cticas Acad\u00e9micas Externas<\/strong> (Curriculares y Extracurriculares) y <strong>Gesti\u00f3n de Formaci\u00f3n Permanente<\/strong> (T\u00edtulos Propios y Microcredenciales).<\/p><\/div><\/div>\t\t\t\t\t\t\t\t<\/div>\n\t\t\t\t<\/div>\n\t\t\t\t\t<\/div>\n\t\t<\/div>\n\t\t\t\t\t<\/div>\n\t\t<\/section>\n\t\t\t\t\t<\/div>\n\t\t<\/div>\n\t\t\t\t<div class=\"elementor-column elementor-col-50 elementor-top-column elementor-element elementor-element-bbfed40\" data-id=\"bbfed40\" data-element_type=\"column\" data-e-type=\"column\" data-settings=\"{&quot;background_background&quot;:&quot;classic&quot;}\">\n\t\t\t<div class=\"elementor-widget-wrap elementor-element-populated\">\n\t\t\t\t\t\t<section class=\"elementor-section elementor-inner-section elementor-element elementor-element-a341e9b elementor-section-full_width elementor-hidden-tablet elementor-hidden-mobile elementor-section-height-default elementor-section-height-default\" data-id=\"a341e9b\" data-element_type=\"section\" data-e-type=\"section\" data-settings=\"{&quot;sticky&quot;:&quot;top&quot;,&quot;sticky_on&quot;:[&quot;desktop&quot;],&quot;sticky_parent&quot;:&quot;yes&quot;,&quot;sticky_offset&quot;:50,&quot;sticky_effects_offset&quot;:0,&quot;sticky_anchor_link_offset&quot;:0}\">\n\t\t\t\t\t\t<div class=\"elementor-container elementor-column-gap-no\">\n\t\t\t\t\t<div class=\"elementor-column elementor-col-100 elementor-inner-column elementor-element elementor-element-f19dd5d\" data-id=\"f19dd5d\" data-element_type=\"column\" data-e-type=\"column\">\n\t\t\t<div class=\"elementor-widget-wrap elementor-element-populated\">\n\t\t\t\t\t\t<div class=\"elementor-element elementor-element-3a5d68d elementor-align-left elementor-tablet-align-center elementor-hidden-desktop elementor-hidden-tablet elementor-hidden-mobile elementor-widget elementor-widget-button\" data-id=\"3a5d68d\" data-element_type=\"widget\" data-e-type=\"widget\" data-widget_type=\"button.default\">\n\t\t\t\t<div class=\"elementor-widget-container\">\n\t\t\t\t\t\t\t\t\t<div class=\"elementor-button-wrapper\">\n\t\t\t\t\t<a class=\"elementor-button elementor-button-link elementor-size-md\" href=\"https:\/\/www.upo.es\/automat-fund\/web\/index.php?r=curso%2Fview&#038;id=378\">\n\t\t\t\t\t\t<span class=\"elementor-button-content-wrapper\">\n\t\t\t\t\t\t\t\t\t<span class=\"elementor-button-text\">Realizar reserva de plaza<\/span>\n\t\t\t\t\t<\/span>\n\t\t\t\t\t<\/a>\n\t\t\t\t<\/div>\n\t\t\t\t\t\t\t\t<\/div>\n\t\t\t\t<\/div>\n\t\t\t\t<div class=\"elementor-element elementor-element-782cd76 elementor-widget elementor-widget-heading\" data-id=\"782cd76\" data-element_type=\"widget\" data-e-type=\"widget\" data-widget_type=\"heading.default\">\n\t\t\t\t<div class=\"elementor-widget-container\">\n\t\t\t\t\t<h4 class=\"elementor-heading-title elementor-size-default\">Modalidad<\/h4>\t\t\t\t<\/div>\n\t\t\t\t<\/div>\n\t\t\t\t<div class=\"elementor-element elementor-element-4c90121 elementor-widget elementor-widget-heading\" data-id=\"4c90121\" data-element_type=\"widget\" data-e-type=\"widget\" data-widget_type=\"heading.default\">\n\t\t\t\t<div class=\"elementor-widget-container\">\n\t\t\t\t\t<h5 class=\"elementor-heading-title elementor-size-default\">H\u00edbrida<\/h5>\t\t\t\t<\/div>\n\t\t\t\t<\/div>\n\t\t\t\t<div class=\"elementor-element elementor-element-e70753a elementor-widget elementor-widget-heading\" data-id=\"e70753a\" data-element_type=\"widget\" data-e-type=\"widget\" data-widget_type=\"heading.default\">\n\t\t\t\t<div class=\"elementor-widget-container\">\n\t\t\t\t\t<h4 class=\"elementor-heading-title elementor-size-default\">Inicio del curso<\/h4>\t\t\t\t<\/div>\n\t\t\t\t<\/div>\n\t\t\t\t<div class=\"elementor-element elementor-element-a49cac1 elementor-widget elementor-widget-heading\" data-id=\"a49cac1\" data-element_type=\"widget\" data-e-type=\"widget\" data-widget_type=\"heading.default\">\n\t\t\t\t<div class=\"elementor-widget-container\">\n\t\t\t\t\t<h5 class=\"elementor-heading-title elementor-size-default\">14\/03\/2025<\/h5>\t\t\t\t<\/div>\n\t\t\t\t<\/div>\n\t\t\t\t<div class=\"elementor-element elementor-element-7ac4a87 elementor-widget elementor-widget-heading\" data-id=\"7ac4a87\" data-element_type=\"widget\" data-e-type=\"widget\" data-widget_type=\"heading.default\">\n\t\t\t\t<div class=\"elementor-widget-container\">\n\t\t\t\t\t<h4 class=\"elementor-heading-title elementor-size-default\">Calendario acad\u00e9mico<\/h4>\t\t\t\t<\/div>\n\t\t\t\t<\/div>\n\t\t\t\t<div class=\"elementor-element elementor-element-0f3927a elementor-align-left elementor-widget elementor-widget-button\" data-id=\"0f3927a\" data-element_type=\"widget\" data-e-type=\"widget\" data-widget_type=\"button.default\">\n\t\t\t\t<div class=\"elementor-widget-container\">\n\t\t\t\t\t\t\t\t\t<div class=\"elementor-button-wrapper\">\n\t\t\t\t\t<a class=\"elementor-button elementor-button-link elementor-size-md\" href=\"https:\/\/www.upo.es\/formacionpermanente\/wp-content\/imagenes\/uploads\/2024\/02\/M2024-16_Calendario.pdf\">\n\t\t\t\t\t\t<span class=\"elementor-button-content-wrapper\">\n\t\t\t\t\t\t\t\t\t<span class=\"elementor-button-text\">Haz clic aqu\u00ed para consultar<\/span>\n\t\t\t\t\t<\/span>\n\t\t\t\t\t<\/a>\n\t\t\t\t<\/div>\n\t\t\t\t\t\t\t\t<\/div>\n\t\t\t\t<\/div>\n\t\t\t\t<div class=\"elementor-element elementor-element-5d8c205 elementor-widget elementor-widget-heading\" data-id=\"5d8c205\" data-element_type=\"widget\" data-e-type=\"widget\" data-widget_type=\"heading.default\">\n\t\t\t\t<div class=\"elementor-widget-container\">\n\t\t\t\t\t<h4 class=\"elementor-heading-title elementor-size-default\">Cr\u00e9ditos<\/h4>\t\t\t\t<\/div>\n\t\t\t\t<\/div>\n\t\t\t\t<div class=\"elementor-element elementor-element-325f5cc elementor-widget elementor-widget-heading\" data-id=\"325f5cc\" data-element_type=\"widget\" data-e-type=\"widget\" data-widget_type=\"heading.default\">\n\t\t\t\t<div class=\"elementor-widget-container\">\n\t\t\t\t\t<h5 class=\"elementor-heading-title elementor-size-default\">90 ECTS<\/h5>\t\t\t\t<\/div>\n\t\t\t\t<\/div>\n\t\t\t\t<div class=\"elementor-element elementor-element-18bddae elementor-widget elementor-widget-heading\" data-id=\"18bddae\" data-element_type=\"widget\" data-e-type=\"widget\" data-widget_type=\"heading.default\">\n\t\t\t\t<div class=\"elementor-widget-container\">\n\t\t\t\t\t<h4 class=\"elementor-heading-title elementor-size-default\">Precio del curso<\/h4>\t\t\t\t<\/div>\n\t\t\t\t<\/div>\n\t\t\t\t<div class=\"elementor-element elementor-element-d7b79df elementor-widget elementor-widget-heading\" data-id=\"d7b79df\" data-element_type=\"widget\" data-e-type=\"widget\" data-widget_type=\"heading.default\">\n\t\t\t\t<div class=\"elementor-widget-container\">\n\t\t\t\t\t<h5 class=\"elementor-heading-title elementor-size-default\">4.770,00 \u20ac<\/h5>\t\t\t\t<\/div>\n\t\t\t\t<\/div>\n\t\t\t\t<div data-dce-title-color=\"#00335B\" class=\"elementor-element elementor-element-4fba650 elementor-cta--skin-cover elementor-cta--valign-middle elementor-bg-transform elementor-bg-transform-zoom-out elementor-widget elementor-widget-call-to-action\" data-id=\"4fba650\" data-element_type=\"widget\" data-e-type=\"widget\" data-widget_type=\"call-to-action.default\">\n\t\t\t\t<div class=\"elementor-widget-container\">\n\t\t\t\t\t\t\t<a class=\"elementor-cta\" href=\"#elementor-action%3Aaction%3Dpopup%3Aopen%26settings%3DeyJpZCI6IjE5MTA1IiwidG9nZ2xlIjpmYWxzZX0%3D\">\n\t\t\t\t\t<div class=\"elementor-cta__bg-wrapper\">\n\t\t\t\t<div class=\"elementor-cta__bg elementor-bg\" style=\"background-image: url(https:\/\/www.upo.es\/formacionpermanente\/wp-content\/imagenes\/uploads\/2022\/10\/microcredenciales-1.jpg);\" role=\"img\" aria-label=\"microcredenciales-1\"><\/div>\n\t\t\t\t<div class=\"elementor-cta__bg-overlay\"><\/div>\n\t\t\t<\/div>\n\t\t\t\t\t\t\t<div class=\"elementor-cta__content\">\n\t\t\t\t\n\t\t\t\t\t\t\t\t\t<h2 class=\"elementor-cta__title elementor-cta__content-item elementor-content-item\">\n\t\t\t\t\t\t\u00bfNecesitas m\u00e1s informaci\u00f3n?\t\t\t\t\t<\/h2>\n\t\t\t\t\n\t\t\t\t\t\t\t\t\t<div class=\"elementor-cta__description elementor-cta__content-item elementor-content-item\">\n\t\t\t\t\t\t\u00bfTienes alguna duda sobre este t\u00edtulo propio? \u00bfQuieres que te avisemos de la pr\u00f3xima edici\u00f3n?\t\t\t\t\t<\/div>\n\t\t\t\t\n\t\t\t\t\t\t\t\t\t<div class=\"elementor-cta__button-wrapper elementor-cta__content-item elementor-content-item \">\n\t\t\t\t\t<span class=\"elementor-cta__button elementor-button elementor-size-md\">\n\t\t\t\t\t\tContacta con nosotros\t\t\t\t\t<\/span>\n\t\t\t\t\t<\/div>\n\t\t\t\t\t\t\t<\/div>\n\t\t\t\t\t\t<\/a>\n\t\t\t\t\t\t<\/div>\n\t\t\t\t<\/div>\n\t\t\t\t\t<\/div>\n\t\t<\/div>\n\t\t\t\t\t<\/div>\n\t\t<\/section>\n\t\t\t\t<section class=\"elementor-section elementor-inner-section elementor-element elementor-element-e33c08f elementor-section-full_width elementor-section-content-middle elementor-hidden-desktop elementor-section-height-default elementor-section-height-default\" data-id=\"e33c08f\" data-element_type=\"section\" data-e-type=\"section\" data-settings=\"{&quot;sticky&quot;:&quot;top&quot;,&quot;sticky_on&quot;:[&quot;desktop&quot;],&quot;sticky_parent&quot;:&quot;yes&quot;,&quot;sticky_offset&quot;:0,&quot;sticky_effects_offset&quot;:0,&quot;sticky_anchor_link_offset&quot;:0}\">\n\t\t\t\t\t\t<div class=\"elementor-container elementor-column-gap-extended\">\n\t\t\t\t\t<div class=\"elementor-column elementor-col-25 elementor-inner-column elementor-element elementor-element-a115e01\" data-id=\"a115e01\" data-element_type=\"column\" data-e-type=\"column\">\n\t\t\t<div class=\"elementor-widget-wrap elementor-element-populated\">\n\t\t\t\t\t\t<div class=\"elementor-element elementor-element-5077262 elementor-widget elementor-widget-heading\" data-id=\"5077262\" data-element_type=\"widget\" data-e-type=\"widget\" data-widget_type=\"heading.default\">\n\t\t\t\t<div class=\"elementor-widget-container\">\n\t\t\t\t\t<h4 class=\"elementor-heading-title elementor-size-default\">Modalidad<\/h4>\t\t\t\t<\/div>\n\t\t\t\t<\/div>\n\t\t\t\t<div class=\"elementor-element elementor-element-b40f888 elementor-widget elementor-widget-heading\" data-id=\"b40f888\" data-element_type=\"widget\" data-e-type=\"widget\" data-widget_type=\"heading.default\">\n\t\t\t\t<div class=\"elementor-widget-container\">\n\t\t\t\t\t<h5 class=\"elementor-heading-title elementor-size-default\">H\u00edbrida<\/h5>\t\t\t\t<\/div>\n\t\t\t\t<\/div>\n\t\t\t\t\t<\/div>\n\t\t<\/div>\n\t\t\t\t<div class=\"elementor-column elementor-col-25 elementor-inner-column elementor-element elementor-element-20bc9b8\" data-id=\"20bc9b8\" data-element_type=\"column\" data-e-type=\"column\">\n\t\t\t<div class=\"elementor-widget-wrap elementor-element-populated\">\n\t\t\t\t\t\t<div class=\"elementor-element elementor-element-4c2eefb elementor-widget elementor-widget-heading\" data-id=\"4c2eefb\" data-element_type=\"widget\" data-e-type=\"widget\" data-widget_type=\"heading.default\">\n\t\t\t\t<div class=\"elementor-widget-container\">\n\t\t\t\t\t<h4 class=\"elementor-heading-title elementor-size-default\">Inicio del curso<\/h4>\t\t\t\t<\/div>\n\t\t\t\t<\/div>\n\t\t\t\t<div class=\"elementor-element elementor-element-1f5436e elementor-widget elementor-widget-heading\" data-id=\"1f5436e\" data-element_type=\"widget\" data-e-type=\"widget\" data-widget_type=\"heading.default\">\n\t\t\t\t<div class=\"elementor-widget-container\">\n\t\t\t\t\t<h5 class=\"elementor-heading-title elementor-size-default\">14\/03\/2025<\/h5>\t\t\t\t<\/div>\n\t\t\t\t<\/div>\n\t\t\t\t<div class=\"elementor-element elementor-element-fb2f4f5 elementor-mobile-align-center elementor-widget elementor-widget-button\" data-id=\"fb2f4f5\" data-element_type=\"widget\" data-e-type=\"widget\" data-widget_type=\"button.default\">\n\t\t\t\t<div class=\"elementor-widget-container\">\n\t\t\t\t\t\t\t\t\t<div class=\"elementor-button-wrapper\">\n\t\t\t\t\t<a class=\"elementor-button elementor-button-link elementor-size-sm\" href=\"https:\/\/www.upo.es\/formacionpermanente\/wp-content\/imagenes\/uploads\/2024\/02\/M2024-16_Calendario.pdf\">\n\t\t\t\t\t\t<span class=\"elementor-button-content-wrapper\">\n\t\t\t\t\t\t\t\t\t<span class=\"elementor-button-text\">Consultar calendario<\/span>\n\t\t\t\t\t<\/span>\n\t\t\t\t\t<\/a>\n\t\t\t\t<\/div>\n\t\t\t\t\t\t\t\t<\/div>\n\t\t\t\t<\/div>\n\t\t\t\t\t<\/div>\n\t\t<\/div>\n\t\t\t\t<div class=\"elementor-column elementor-col-25 elementor-inner-column elementor-element elementor-element-daa4847\" data-id=\"daa4847\" data-element_type=\"column\" data-e-type=\"column\">\n\t\t\t<div class=\"elementor-widget-wrap elementor-element-populated\">\n\t\t\t\t\t\t<div class=\"elementor-element elementor-element-79de0cb elementor-widget elementor-widget-heading\" data-id=\"79de0cb\" data-element_type=\"widget\" data-e-type=\"widget\" data-widget_type=\"heading.default\">\n\t\t\t\t<div class=\"elementor-widget-container\">\n\t\t\t\t\t<h4 class=\"elementor-heading-title elementor-size-default\">Cr\u00e9ditos<\/h4>\t\t\t\t<\/div>\n\t\t\t\t<\/div>\n\t\t\t\t<div class=\"elementor-element elementor-element-4d11dbd elementor-widget elementor-widget-heading\" data-id=\"4d11dbd\" data-element_type=\"widget\" data-e-type=\"widget\" data-widget_type=\"heading.default\">\n\t\t\t\t<div class=\"elementor-widget-container\">\n\t\t\t\t\t<h5 class=\"elementor-heading-title elementor-size-default\">90 ECTS<\/h5>\t\t\t\t<\/div>\n\t\t\t\t<\/div>\n\t\t\t\t\t<\/div>\n\t\t<\/div>\n\t\t\t\t<div class=\"elementor-column elementor-col-25 elementor-inner-column elementor-element elementor-element-f096658\" data-id=\"f096658\" data-element_type=\"column\" data-e-type=\"column\">\n\t\t\t<div class=\"elementor-widget-wrap elementor-element-populated\">\n\t\t\t\t\t\t<div class=\"elementor-element elementor-element-d79d6cd elementor-widget elementor-widget-heading\" data-id=\"d79d6cd\" data-element_type=\"widget\" data-e-type=\"widget\" data-widget_type=\"heading.default\">\n\t\t\t\t<div class=\"elementor-widget-container\">\n\t\t\t\t\t<h4 class=\"elementor-heading-title elementor-size-default\">Precio del curso<\/h4>\t\t\t\t<\/div>\n\t\t\t\t<\/div>\n\t\t\t\t<div class=\"elementor-element elementor-element-764628a elementor-widget elementor-widget-heading\" data-id=\"764628a\" data-element_type=\"widget\" data-e-type=\"widget\" data-widget_type=\"heading.default\">\n\t\t\t\t<div class=\"elementor-widget-container\">\n\t\t\t\t\t<h5 class=\"elementor-heading-title elementor-size-default\">4.770,00<\/h5>\t\t\t\t<\/div>\n\t\t\t\t<\/div>\n\t\t\t\t\t<\/div>\n\t\t<\/div>\n\t\t\t\t\t<\/div>\n\t\t<\/section>\n\t\t\t\t\t<\/div>\n\t\t<\/div>\n\t\t\t\t\t<\/div>\n\t\t<\/section>\n\t\t\t\t<section class=\"elementor-section elementor-top-section elementor-element elementor-element-567d2259 elementor-section-full_width elementor-hidden-desktop elementor-section-height-default elementor-section-height-default\" data-id=\"567d2259\" data-element_type=\"section\" data-e-type=\"section\">\n\t\t\t\t\t\t<div class=\"elementor-container elementor-column-gap-default\">\n\t\t\t\t\t<div class=\"elementor-column elementor-col-100 elementor-top-column elementor-element elementor-element-69ca51b1\" data-id=\"69ca51b1\" data-element_type=\"column\" data-e-type=\"column\">\n\t\t\t<div class=\"elementor-widget-wrap elementor-element-populated\">\n\t\t\t\t\t\t<div class=\"elementor-element elementor-element-54e60b6f elementor-align-center elementor-tablet-align-center elementor-widget elementor-widget-button\" data-id=\"54e60b6f\" data-element_type=\"widget\" data-e-type=\"widget\" data-settings=\"{&quot;sticky&quot;:&quot;bottom&quot;,&quot;sticky_on&quot;:[&quot;tablet&quot;,&quot;mobile&quot;],&quot;sticky_offset_tablet&quot;:80,&quot;sticky_offset_mobile&quot;:50,&quot;sticky_offset&quot;:0,&quot;sticky_effects_offset&quot;:0,&quot;sticky_anchor_link_offset&quot;:0}\" data-widget_type=\"button.default\">\n\t\t\t\t<div class=\"elementor-widget-container\">\n\t\t\t\t\t\t\t\t\t<div class=\"elementor-button-wrapper\">\n\t\t\t\t\t<a class=\"elementor-button elementor-button-link elementor-size-lg\" href=\"https:\/\/www.upo.es\/automat-fund\/web\/index.php?r=curso%2Fview&#038;id=378\">\n\t\t\t\t\t\t<span class=\"elementor-button-content-wrapper\">\n\t\t\t\t\t\t\t\t\t<span class=\"elementor-button-text\">Realizar reserva de plaza<\/span>\n\t\t\t\t\t<\/span>\n\t\t\t\t\t<\/a>\n\t\t\t\t<\/div>\n\t\t\t\t\t\t\t\t<\/div>\n\t\t\t\t<\/div>\n\t\t\t\t\t<\/div>\n\t\t<\/div>\n\t\t\t\t\t<\/div>\n\t\t<\/section>\n\t\t\t\t<section class=\"elementor-section elementor-top-section elementor-element elementor-element-71bd819 elementor-section-full_width elementor-section-height-default elementor-section-height-default\" data-id=\"71bd819\" data-element_type=\"section\" data-e-type=\"section\">\n\t\t\t\t\t\t<div class=\"elementor-container elementor-column-gap-wide\">\n\t\t\t\t\t<div class=\"elementor-column elementor-col-100 elementor-top-column elementor-element elementor-element-754afa7\" data-id=\"754afa7\" data-element_type=\"column\" data-e-type=\"column\">\n\t\t\t<div class=\"elementor-widget-wrap elementor-element-populated\">\n\t\t\t\t\t\t<div class=\"elementor-element elementor-element-592efcb elementor-hidden-desktop elementor-widget elementor-widget-text-editor\" data-id=\"592efcb\" data-element_type=\"widget\" data-e-type=\"widget\" data-widget_type=\"text-editor.default\">\n\t\t\t\t<div class=\"elementor-widget-container\">\n\t\t\t\t\t\t\t\t\t<p><em>Para consultar la informaci\u00f3n completa de este T\u00edtulo Propio, por favor visite esta web en un ordenador de escritorio.<\/em><\/p>\t\t\t\t\t\t\t\t<\/div>\n\t\t\t\t<\/div>\n\t\t\t\t\t<\/div>\n\t\t<\/div>\n\t\t\t\t\t<\/div>\n\t\t<\/section>\n\t\t\t\t<\/div>\n\t\t","protected":false},"featured_media":6068,"parent":0,"template":"","meta":{"_acf_changed":false,"site-sidebar-layout":"no-sidebar","site-content-layout":"page-builder","ast-site-content-layout":"full-width-container","site-content-style":"unboxed","site-sidebar-style":"unboxed","ast-global-header-display":"","ast-banner-title-visibility":"disabled","ast-main-header-display":"disabled","ast-hfb-above-header-display":"disabled","ast-hfb-below-header-display":"","ast-hfb-mobile-header-display":"disabled","site-post-title":"disabled","ast-breadcrumbs-content":"disabled","ast-featured-img":"disabled","footer-sml-layout":"disabled","ast-disable-related-posts":"","theme-transparent-header-meta":"default","adv-header-id-meta":"","stick-header-meta":"default","header-above-stick-meta":"","header-main-stick-meta":"","header-below-stick-meta":"","astra-migrate-meta-layouts":"set","ast-page-background-enabled":"default","ast-page-background-meta":{"desktop":{"background-color":"var(--ast-global-color-4)","background-image":"","background-repeat":"repeat","background-position":"center center","background-size":"auto","background-attachment":"scroll","background-type":"","background-media":"","overlay-type":"","overlay-color":"","overlay-opacity":"","overlay-gradient":""},"tablet":{"background-color":"","background-image":"","background-repeat":"repeat","background-position":"center center","background-size":"auto","background-attachment":"scroll","background-type":"","background-media":"","overlay-type":"","overlay-color":"","overlay-opacity":"","overlay-gradient":""},"mobile":{"background-color":"","background-image":"","background-repeat":"repeat","background-position":"center center","background-size":"auto","background-attachment":"scroll","background-type":"","background-media":"","overlay-type":"","overlay-color":"","overlay-opacity":"","overlay-gradient":""}},"ast-content-background-meta":{"desktop":{"background-color":"var(--ast-global-color-5)","background-image":"","background-repeat":"repeat","background-position":"center center","background-size":"auto","background-attachment":"scroll","background-type":"","background-media":"","overlay-type":"","overlay-color":"","overlay-opacity":"","overlay-gradient":""},"tablet":{"background-color":"var(--ast-global-color-5)","background-image":"","background-repeat":"repeat","background-position":"center center","background-size":"auto","background-attachment":"scroll","background-type":"","background-media":"","overlay-type":"","overlay-color":"","overlay-opacity":"","overlay-gradient":""},"mobile":{"background-color":"var(--ast-global-color-5)","background-image":"","background-repeat":"repeat","background-position":"center center","background-size":"auto","background-attachment":"scroll","background-type":"","background-media":"","overlay-type":"","overlay-color":"","overlay-opacity":"","overlay-gradient":""}}},"categories":[307,52,436],"tags":[323],"titulos_propios":[],"class_list":["post-30422","master-fp","type-master-fp","status-publish","has-post-thumbnail","hentry","category-2024-2025","category-matricula-cerrada","category-pop-up","tag-m2024-16"],"acf":[],"yoast_head":"<!-- This site is optimized with the Yoast SEO plugin v27.3 - https:\/\/yoast.com\/product\/yoast-seo-wordpress\/ -->\n<title>M\u00e1ster Musicoterapia<\/title>\n<meta name=\"description\" content=\"El programa de este M\u00e1ster en Musicoterapia est\u00e1 dise\u00f1ado siguiendo el modelo de la Confederaci\u00f3n Europea de Musicoterapia, que habilita a...\" \/>\n<meta name=\"robots\" content=\"index, follow, max-snippet:-1, max-image-preview:large, max-video-preview:-1\" \/>\n<link rel=\"canonical\" href=\"https:\/\/www.upo.es\/formacionpermanente\/master-formacion-permanente\/musicoterapia\/\" \/>\n<meta property=\"og:locale\" content=\"es_ES\" \/>\n<meta property=\"og:type\" content=\"article\" \/>\n<meta property=\"og:title\" content=\"M\u00e1ster Musicoterapia\" \/>\n<meta property=\"og:description\" content=\"El programa de este M\u00e1ster en Musicoterapia est\u00e1 dise\u00f1ado siguiendo el modelo de la Confederaci\u00f3n Europea de Musicoterapia, que habilita a...\" \/>\n<meta property=\"og:url\" content=\"https:\/\/www.upo.es\/formacionpermanente\/master-formacion-permanente\/musicoterapia\/\" \/>\n<meta property=\"og:site_name\" content=\"Formaci\u00f3n Permanente UPO\" \/>\n<meta property=\"article:modified_time\" content=\"2025-04-24T08:44:41+00:00\" \/>\n<meta property=\"og:image\" content=\"https:\/\/www.upo.es\/formacionpermanente\/wp-content\/imagenes\/uploads\/Fondo.jpg\" \/>\n\t<meta property=\"og:image:width\" content=\"2160\" \/>\n\t<meta property=\"og:image:height\" content=\"2160\" \/>\n\t<meta property=\"og:image:type\" content=\"image\/jpeg\" \/>\n<meta name=\"twitter:card\" content=\"summary_large_image\" \/>\n<meta name=\"twitter:label1\" content=\"Tiempo de lectura\" \/>\n\t<meta name=\"twitter:data1\" content=\"15 minutos\" \/>\n<script type=\"application\/ld+json\" class=\"yoast-schema-graph\">{\"@context\":\"https:\\\/\\\/schema.org\",\"@graph\":[{\"@type\":\"WebPage\",\"@id\":\"https:\\\/\\\/www.upo.es\\\/formacionpermanente\\\/master-formacion-permanente\\\/musicoterapia\\\/\",\"url\":\"https:\\\/\\\/www.upo.es\\\/formacionpermanente\\\/master-formacion-permanente\\\/musicoterapia\\\/\",\"name\":\"M\u00e1ster Musicoterapia\",\"isPartOf\":{\"@id\":\"https:\\\/\\\/www.upo.es\\\/formacionpermanente\\\/#website\"},\"primaryImageOfPage\":{\"@id\":\"https:\\\/\\\/www.upo.es\\\/formacionpermanente\\\/master-formacion-permanente\\\/musicoterapia\\\/#primaryimage\"},\"image\":{\"@id\":\"https:\\\/\\\/www.upo.es\\\/formacionpermanente\\\/master-formacion-permanente\\\/musicoterapia\\\/#primaryimage\"},\"thumbnailUrl\":\"https:\\\/\\\/www.upo.es\\\/formacionpermanente\\\/wp-content\\\/imagenes\\\/uploads\\\/Fondo.jpg\",\"datePublished\":\"2024-02-15T10:22:52+00:00\",\"dateModified\":\"2025-04-24T08:44:41+00:00\",\"description\":\"El programa de este M\u00e1ster en Musicoterapia est\u00e1 dise\u00f1ado siguiendo el modelo de la Confederaci\u00f3n Europea de Musicoterapia, que habilita a...\",\"breadcrumb\":{\"@id\":\"https:\\\/\\\/www.upo.es\\\/formacionpermanente\\\/master-formacion-permanente\\\/musicoterapia\\\/#breadcrumb\"},\"inLanguage\":\"es\",\"potentialAction\":[{\"@type\":\"ReadAction\",\"target\":[\"https:\\\/\\\/www.upo.es\\\/formacionpermanente\\\/master-formacion-permanente\\\/musicoterapia\\\/\"]}]},{\"@type\":\"ImageObject\",\"inLanguage\":\"es\",\"@id\":\"https:\\\/\\\/www.upo.es\\\/formacionpermanente\\\/master-formacion-permanente\\\/musicoterapia\\\/#primaryimage\",\"url\":\"https:\\\/\\\/www.upo.es\\\/formacionpermanente\\\/wp-content\\\/imagenes\\\/uploads\\\/Fondo.jpg\",\"contentUrl\":\"https:\\\/\\\/www.upo.es\\\/formacionpermanente\\\/wp-content\\\/imagenes\\\/uploads\\\/Fondo.jpg\",\"width\":2160,\"height\":2160,\"caption\":\"Musicoterapia\"},{\"@type\":\"BreadcrumbList\",\"@id\":\"https:\\\/\\\/www.upo.es\\\/formacionpermanente\\\/master-formacion-permanente\\\/musicoterapia\\\/#breadcrumb\",\"itemListElement\":[{\"@type\":\"ListItem\",\"position\":1,\"name\":\"Portada\",\"item\":\"https:\\\/\\\/www.upo.es\\\/formacionpermanente\\\/\"},{\"@type\":\"ListItem\",\"position\":2,\"name\":\"Musicoterapia\"}]},{\"@type\":\"WebSite\",\"@id\":\"https:\\\/\\\/www.upo.es\\\/formacionpermanente\\\/#website\",\"url\":\"https:\\\/\\\/www.upo.es\\\/formacionpermanente\\\/\",\"name\":\"Formaci\u00f3n Permanente UPO\",\"description\":\"T\u00edtulos Propios, Microcredenciales, Cursos de Verano\",\"publisher\":{\"@id\":\"https:\\\/\\\/www.upo.es\\\/formacionpermanente\\\/#organization\"},\"potentialAction\":[{\"@type\":\"SearchAction\",\"target\":{\"@type\":\"EntryPoint\",\"urlTemplate\":\"https:\\\/\\\/www.upo.es\\\/formacionpermanente\\\/?s={search_term_string}\"},\"query-input\":{\"@type\":\"PropertyValueSpecification\",\"valueRequired\":true,\"valueName\":\"search_term_string\"}}],\"inLanguage\":\"es\"},{\"@type\":\"Organization\",\"@id\":\"https:\\\/\\\/www.upo.es\\\/formacionpermanente\\\/#organization\",\"name\":\"Formaci\u00f3n Permanente Universidad Pablo de Olavide\",\"alternateName\":\"Formaci\u00f3n Permanente UPO\",\"url\":\"https:\\\/\\\/www.upo.es\\\/formacionpermanente\\\/\",\"logo\":{\"@type\":\"ImageObject\",\"inLanguage\":\"es\",\"@id\":\"https:\\\/\\\/www.upo.es\\\/formacionpermanente\\\/#\\\/schema\\\/logo\\\/image\\\/\",\"url\":\"https:\\\/\\\/www.upo.es\\\/formacionpermanente\\\/wp-content\\\/imagenes\\\/uploads\\\/2023\\\/02\\\/Logo-UPO-azul-amarillo-horizontal.png\",\"contentUrl\":\"https:\\\/\\\/www.upo.es\\\/formacionpermanente\\\/wp-content\\\/imagenes\\\/uploads\\\/2023\\\/02\\\/Logo-UPO-azul-amarillo-horizontal.png\",\"width\":1000,\"height\":407,\"caption\":\"Formaci\u00f3n Permanente Universidad Pablo de Olavide\"},\"image\":{\"@id\":\"https:\\\/\\\/www.upo.es\\\/formacionpermanente\\\/#\\\/schema\\\/logo\\\/image\\\/\"}}]}<\/script>\n<!-- \/ Yoast SEO plugin. -->","yoast_head_json":{"title":"M\u00e1ster Musicoterapia","description":"El programa de este M\u00e1ster en Musicoterapia est\u00e1 dise\u00f1ado siguiendo el modelo de la Confederaci\u00f3n Europea de Musicoterapia, que habilita a...","robots":{"index":"index","follow":"follow","max-snippet":"max-snippet:-1","max-image-preview":"max-image-preview:large","max-video-preview":"max-video-preview:-1"},"canonical":"https:\/\/www.upo.es\/formacionpermanente\/master-formacion-permanente\/musicoterapia\/","og_locale":"es_ES","og_type":"article","og_title":"M\u00e1ster Musicoterapia","og_description":"El programa de este M\u00e1ster en Musicoterapia est\u00e1 dise\u00f1ado siguiendo el modelo de la Confederaci\u00f3n Europea de Musicoterapia, que habilita a...","og_url":"https:\/\/www.upo.es\/formacionpermanente\/master-formacion-permanente\/musicoterapia\/","og_site_name":"Formaci\u00f3n Permanente UPO","article_modified_time":"2025-04-24T08:44:41+00:00","og_image":[{"width":2160,"height":2160,"url":"https:\/\/www.upo.es\/formacionpermanente\/wp-content\/imagenes\/uploads\/Fondo.jpg","type":"image\/jpeg"}],"twitter_card":"summary_large_image","twitter_misc":{"Tiempo de lectura":"15 minutos"},"schema":{"@context":"https:\/\/schema.org","@graph":[{"@type":"WebPage","@id":"https:\/\/www.upo.es\/formacionpermanente\/master-formacion-permanente\/musicoterapia\/","url":"https:\/\/www.upo.es\/formacionpermanente\/master-formacion-permanente\/musicoterapia\/","name":"M\u00e1ster Musicoterapia","isPartOf":{"@id":"https:\/\/www.upo.es\/formacionpermanente\/#website"},"primaryImageOfPage":{"@id":"https:\/\/www.upo.es\/formacionpermanente\/master-formacion-permanente\/musicoterapia\/#primaryimage"},"image":{"@id":"https:\/\/www.upo.es\/formacionpermanente\/master-formacion-permanente\/musicoterapia\/#primaryimage"},"thumbnailUrl":"https:\/\/www.upo.es\/formacionpermanente\/wp-content\/imagenes\/uploads\/Fondo.jpg","datePublished":"2024-02-15T10:22:52+00:00","dateModified":"2025-04-24T08:44:41+00:00","description":"El programa de este M\u00e1ster en Musicoterapia est\u00e1 dise\u00f1ado siguiendo el modelo de la Confederaci\u00f3n Europea de Musicoterapia, que habilita a...","breadcrumb":{"@id":"https:\/\/www.upo.es\/formacionpermanente\/master-formacion-permanente\/musicoterapia\/#breadcrumb"},"inLanguage":"es","potentialAction":[{"@type":"ReadAction","target":["https:\/\/www.upo.es\/formacionpermanente\/master-formacion-permanente\/musicoterapia\/"]}]},{"@type":"ImageObject","inLanguage":"es","@id":"https:\/\/www.upo.es\/formacionpermanente\/master-formacion-permanente\/musicoterapia\/#primaryimage","url":"https:\/\/www.upo.es\/formacionpermanente\/wp-content\/imagenes\/uploads\/Fondo.jpg","contentUrl":"https:\/\/www.upo.es\/formacionpermanente\/wp-content\/imagenes\/uploads\/Fondo.jpg","width":2160,"height":2160,"caption":"Musicoterapia"},{"@type":"BreadcrumbList","@id":"https:\/\/www.upo.es\/formacionpermanente\/master-formacion-permanente\/musicoterapia\/#breadcrumb","itemListElement":[{"@type":"ListItem","position":1,"name":"Portada","item":"https:\/\/www.upo.es\/formacionpermanente\/"},{"@type":"ListItem","position":2,"name":"Musicoterapia"}]},{"@type":"WebSite","@id":"https:\/\/www.upo.es\/formacionpermanente\/#website","url":"https:\/\/www.upo.es\/formacionpermanente\/","name":"Formaci\u00f3n Permanente UPO","description":"T\u00edtulos Propios, Microcredenciales, Cursos de Verano","publisher":{"@id":"https:\/\/www.upo.es\/formacionpermanente\/#organization"},"potentialAction":[{"@type":"SearchAction","target":{"@type":"EntryPoint","urlTemplate":"https:\/\/www.upo.es\/formacionpermanente\/?s={search_term_string}"},"query-input":{"@type":"PropertyValueSpecification","valueRequired":true,"valueName":"search_term_string"}}],"inLanguage":"es"},{"@type":"Organization","@id":"https:\/\/www.upo.es\/formacionpermanente\/#organization","name":"Formaci\u00f3n Permanente Universidad Pablo de Olavide","alternateName":"Formaci\u00f3n Permanente UPO","url":"https:\/\/www.upo.es\/formacionpermanente\/","logo":{"@type":"ImageObject","inLanguage":"es","@id":"https:\/\/www.upo.es\/formacionpermanente\/#\/schema\/logo\/image\/","url":"https:\/\/www.upo.es\/formacionpermanente\/wp-content\/imagenes\/uploads\/2023\/02\/Logo-UPO-azul-amarillo-horizontal.png","contentUrl":"https:\/\/www.upo.es\/formacionpermanente\/wp-content\/imagenes\/uploads\/2023\/02\/Logo-UPO-azul-amarillo-horizontal.png","width":1000,"height":407,"caption":"Formaci\u00f3n Permanente Universidad Pablo de Olavide"},"image":{"@id":"https:\/\/www.upo.es\/formacionpermanente\/#\/schema\/logo\/image\/"}}]}},"_links":{"self":[{"href":"https:\/\/www.upo.es\/formacionpermanente\/wp-json\/wp\/v2\/master-fp\/30422","targetHints":{"allow":["GET"]}}],"collection":[{"href":"https:\/\/www.upo.es\/formacionpermanente\/wp-json\/wp\/v2\/master-fp"}],"about":[{"href":"https:\/\/www.upo.es\/formacionpermanente\/wp-json\/wp\/v2\/types\/master-fp"}],"version-history":[{"count":27,"href":"https:\/\/www.upo.es\/formacionpermanente\/wp-json\/wp\/v2\/master-fp\/30422\/revisions"}],"predecessor-version":[{"id":43799,"href":"https:\/\/www.upo.es\/formacionpermanente\/wp-json\/wp\/v2\/master-fp\/30422\/revisions\/43799"}],"wp:featuredmedia":[{"embeddable":true,"href":"https:\/\/www.upo.es\/formacionpermanente\/wp-json\/wp\/v2\/media\/6068"}],"wp:attachment":[{"href":"https:\/\/www.upo.es\/formacionpermanente\/wp-json\/wp\/v2\/media?parent=30422"}],"wp:term":[{"taxonomy":"category","embeddable":true,"href":"https:\/\/www.upo.es\/formacionpermanente\/wp-json\/wp\/v2\/categories?post=30422"},{"taxonomy":"post_tag","embeddable":true,"href":"https:\/\/www.upo.es\/formacionpermanente\/wp-json\/wp\/v2\/tags?post=30422"},{"taxonomy":"titulos_propios","embeddable":true,"href":"https:\/\/www.upo.es\/formacionpermanente\/wp-json\/wp\/v2\/titulos_propios?post=30422"}],"curies":[{"name":"wp","href":"https:\/\/api.w.org\/{rel}","templated":true}]}}