{"id":41661,"date":"2025-02-13T12:54:30","date_gmt":"2025-02-13T11:54:30","guid":{"rendered":"https:\/\/www.upo.es\/formacionpermanente\/?post_type=master-fp&#038;p=41661"},"modified":"2026-02-16T11:26:52","modified_gmt":"2026-02-16T10:26:52","slug":"m2025-11","status":"publish","type":"master-fp","link":"https:\/\/www.upo.es\/formacionpermanente\/master-formacion-permanente\/m2025-11\/","title":{"rendered":"Planificaci\u00f3n, Econom\u00eda y Operaci\u00f3n del Transporte Urbano y Metropolitano"},"content":{"rendered":"\t\t<div data-elementor-type=\"wp-post\" data-elementor-id=\"41661\" class=\"elementor elementor-41661\" data-elementor-post-type=\"master-fp\">\n\t\t\t\t\t\t<section data-dce-background-image-url=\"https:\/\/www.upo.es\/formacionpermanente\/wp-content\/imagenes\/uploads\/pexels-photo-186537-scaled.jpeg\" class=\"elementor-section elementor-top-section elementor-element elementor-element-3b287a7 elementor-section-height-min-height elementor-section-boxed elementor-section-height-default elementor-section-items-middle\" data-id=\"3b287a7\" data-element_type=\"section\" data-e-type=\"section\" data-settings=\"{&quot;background_background&quot;:&quot;classic&quot;}\">\n\t\t\t\t\t\t\t<div class=\"elementor-background-overlay\"><\/div>\n\t\t\t\t\t\t\t<div class=\"elementor-container elementor-column-gap-default\">\n\t\t\t\t\t<div class=\"elementor-column elementor-col-100 elementor-top-column elementor-element elementor-element-bd1e599\" data-id=\"bd1e599\" data-element_type=\"column\" data-e-type=\"column\">\n\t\t\t<div class=\"elementor-widget-wrap elementor-element-populated\">\n\t\t\t\t\t\t<section class=\"elementor-section elementor-inner-section elementor-element elementor-element-3ddd5b7 elementor-section-boxed elementor-section-height-default elementor-section-height-default\" data-id=\"3ddd5b7\" data-element_type=\"section\" data-e-type=\"section\">\n\t\t\t\t\t\t<div class=\"elementor-container elementor-column-gap-default\">\n\t\t\t\t\t<div class=\"elementor-column elementor-col-100 elementor-inner-column elementor-element elementor-element-7a18f7f\" data-id=\"7a18f7f\" data-element_type=\"column\" data-e-type=\"column\">\n\t\t\t<div class=\"elementor-widget-wrap elementor-element-populated\">\n\t\t\t\t\t\t<div class=\"elementor-element elementor-element-2d7a40d elementor-widget elementor-widget-elementskit-heading\" data-id=\"2d7a40d\" data-element_type=\"widget\" data-e-type=\"widget\" data-widget_type=\"elementskit-heading.default\">\n\t\t\t\t<div class=\"elementor-widget-container\">\n\t\t\t\t\t<div class=\"ekit-wid-con\" ><div class=\"ekit-heading elementskit-section-title-wraper text_left   ekit_heading_tablet-   ekit_heading_mobile-\"><h3 class=\"elementskit-section-subtitle  \">\n\t\t\t\t\t\tM\u00e1ster de Formaci\u00f3n Permanente\n\t\t\t\t\t<\/h3>\t\t\t\t<div class='ekit-heading__description'>\n\t\t\t\t\t<p>XII Ed.<\/p>\n\t\t\t\t<\/div>\n\t\t\t<\/div><\/div>\t\t\t\t<\/div>\n\t\t\t\t<\/div>\n\t\t\t\t<div data-dce-background-color=\"#64D197\" class=\"elementor-element elementor-element-ee87c24 elementor-align-left elementor-hidden-mobile elementor-widget elementor-widget-button\" data-id=\"ee87c24\" data-element_type=\"widget\" data-e-type=\"widget\" data-widget_type=\"button.default\">\n\t\t\t\t<div class=\"elementor-widget-container\">\n\t\t\t\t\t\t\t\t\t<div class=\"elementor-button-wrapper\">\n\t\t\t\t\t<a class=\"elementor-button elementor-button-link elementor-size-lg\" href=\"#\">\n\t\t\t\t\t\t<span class=\"elementor-button-content-wrapper\">\n\t\t\t\t\t\t\t\t\t<span class=\"elementor-button-text\">Cerrada reserva de plaza<\/span>\n\t\t\t\t\t<\/span>\n\t\t\t\t\t<\/a>\n\t\t\t\t<\/div>\n\t\t\t\t\t\t\t\t<\/div>\n\t\t\t\t<\/div>\n\t\t\t\t\t<\/div>\n\t\t<\/div>\n\t\t\t\t\t<\/div>\n\t\t<\/section>\n\t\t\t\t\t<\/div>\n\t\t<\/div>\n\t\t\t\t\t<\/div>\n\t\t<\/section>\n\t\t\t\t<section class=\"elementor-section elementor-top-section elementor-element elementor-element-4e33f734 elementor-section-full_width elementor-reverse-mobile elementor-reverse-tablet elementor-section-height-default elementor-section-height-default\" data-id=\"4e33f734\" data-element_type=\"section\" data-e-type=\"section\">\n\t\t\t\t\t\t<div class=\"elementor-container elementor-column-gap-no\">\n\t\t\t\t\t<div class=\"elementor-column elementor-col-50 elementor-top-column elementor-element elementor-element-4dacce31\" data-id=\"4dacce31\" data-element_type=\"column\" data-e-type=\"column\">\n\t\t\t<div class=\"elementor-widget-wrap elementor-element-populated\">\n\t\t\t\t\t\t<section class=\"elementor-section elementor-inner-section elementor-element elementor-element-62ca686c elementor-section-full_width elementor-section-height-default elementor-section-height-default\" data-id=\"62ca686c\" data-element_type=\"section\" data-e-type=\"section\">\n\t\t\t\t\t\t<div class=\"elementor-container elementor-column-gap-default\">\n\t\t\t\t\t<div class=\"elementor-column elementor-col-100 elementor-inner-column elementor-element elementor-element-68bb95b1\" data-id=\"68bb95b1\" data-element_type=\"column\" data-e-type=\"column\">\n\t\t\t<div class=\"elementor-widget-wrap elementor-element-populated\">\n\t\t\t\t\t\t<div class=\"elementor-element elementor-element-4102d1fe elementor-widget elementor-widget-heading\" data-id=\"4102d1fe\" data-element_type=\"widget\" data-e-type=\"widget\" data-widget_type=\"heading.default\">\n\t\t\t\t<div class=\"elementor-widget-container\">\n\t\t\t\t\t<h2 class=\"elementor-heading-title elementor-size-default\">\u00bfPor qu\u00e9 elegir este T\u00edtulo Propio de la Universidad Pablo de Olavide?<\/h2>\t\t\t\t<\/div>\n\t\t\t\t<\/div>\n\t\t\t\t<div class=\"elementor-element elementor-element-2bde0c09 elementor-widget elementor-widget-text-editor\" data-id=\"2bde0c09\" data-element_type=\"widget\" data-e-type=\"widget\" data-widget_type=\"text-editor.default\">\n\t\t\t\t<div class=\"elementor-widget-container\">\n\t\t\t\t\t\t\t\t\t<p><b>El M\u00e1ster en Planificaci\u00f3n, Econom\u00eda y Operaci\u00f3n del Transporte Urbano y Metropolitano<\/b>\u00a0tiene un\u00a0<strong>enfoque conceptual<\/strong>\u00a0y a la vez muy\u00a0<strong>pr\u00e1ctico<\/strong>, mediante el an\u00e1lisis de experiencias de \u00e9xito y la resoluci\u00f3n de casos pr\u00e1cticos.\u00a0 Cuenta con profesores con\u00a0<strong>experiencia profesional real<\/strong>\u00a0en el sector del Transporte y la Movilidad, tanto desde el punto de vista de la Administraci\u00f3n P\u00fablica como de la consultor\u00eda y la operaci\u00f3n.<\/p>\n<p>Adem\u00e1s, tiene un temario muy completo y actualizado (zonas de bajas emisiones, big data y movilidad y accesibilidad universal e inclusiva). Incluye pr\u00e1cticas en empresas del sector, sesiones en directo con los docentes, jornadas de networking, grupo de LinkedIn, todo ello enfocado a crear sinergias y oportunidades con los casi 200 estudiantes y docentes de todas las ediciones.<\/p>\n\t\t\t\t\t\t\t\t<\/div>\n\t\t\t\t<\/div>\n\t\t\t\t\t<\/div>\n\t\t<\/div>\n\t\t\t\t\t<\/div>\n\t\t<\/section>\n\t\t\t\t<section class=\"elementor-section elementor-inner-section elementor-element elementor-element-3f076a05 elementor-section-full_width elementor-section-height-default elementor-section-height-default\" data-id=\"3f076a05\" data-element_type=\"section\" data-e-type=\"section\">\n\t\t\t\t\t\t<div class=\"elementor-container elementor-column-gap-default\">\n\t\t\t\t\t<div class=\"elementor-column elementor-col-100 elementor-inner-column elementor-element elementor-element-26b9f644\" data-id=\"26b9f644\" data-element_type=\"column\" data-e-type=\"column\">\n\t\t\t<div class=\"elementor-widget-wrap elementor-element-populated\">\n\t\t\t\t\t\t<div class=\"elementor-element elementor-element-7556b840 elementor-widget elementor-widget-heading\" data-id=\"7556b840\" data-element_type=\"widget\" data-e-type=\"widget\" data-widget_type=\"heading.default\">\n\t\t\t\t<div class=\"elementor-widget-container\">\n\t\t\t\t\t<h3 class=\"elementor-heading-title elementor-size-default\">Entidades colaboradoras<\/h3>\t\t\t\t<\/div>\n\t\t\t\t<\/div>\n\t\t\t\t\t<\/div>\n\t\t<\/div>\n\t\t\t\t\t<\/div>\n\t\t<\/section>\n\t\t\t\t<section class=\"elementor-section elementor-inner-section elementor-element elementor-element-8a4126e elementor-section-boxed elementor-section-height-default elementor-section-height-default\" data-id=\"8a4126e\" data-element_type=\"section\" data-e-type=\"section\">\n\t\t\t\t\t\t<div class=\"elementor-container elementor-column-gap-default\">\n\t\t\t\t\t<div class=\"elementor-column elementor-col-50 elementor-inner-column elementor-element elementor-element-cfd0cf8\" data-id=\"cfd0cf8\" data-element_type=\"column\" data-e-type=\"column\">\n\t\t\t<div class=\"elementor-widget-wrap elementor-element-populated\">\n\t\t\t\t\t\t<div class=\"elementor-element elementor-element-0aa4ee9 elementor-widget elementor-widget-image\" data-id=\"0aa4ee9\" data-element_type=\"widget\" data-e-type=\"widget\" data-widget_type=\"image.default\">\n\t\t\t\t<div class=\"elementor-widget-container\">\n\t\t\t\t\t\t\t\t\t\t\t\t\t\t\t\t<a href=\"https:\/\/consultoralomon.com\/\" target=\"_blank\">\n\t\t\t\t\t\t\t<img decoding=\"async\" width=\"250\" height=\"99\" src=\"https:\/\/www.upo.es\/formacionpermanente\/wp-content\/imagenes\/uploads\/2022\/10\/logo-alomon.png\" class=\"attachment-large size-large wp-image-12357\" alt=\"Logo ALOMON\" \/>\t\t\t\t\t\t\t\t<\/a>\n\t\t\t\t\t\t\t\t\t\t\t\t\t\t\t<\/div>\n\t\t\t\t<\/div>\n\t\t\t\t\t<\/div>\n\t\t<\/div>\n\t\t\t\t<div class=\"elementor-column elementor-col-50 elementor-inner-column elementor-element elementor-element-bdf71ef\" data-id=\"bdf71ef\" data-element_type=\"column\" data-e-type=\"column\">\n\t\t\t<div class=\"elementor-widget-wrap elementor-element-populated\">\n\t\t\t\t\t\t<div class=\"elementor-element elementor-element-bef28a1 elementor-widget elementor-widget-image\" data-id=\"bef28a1\" data-element_type=\"widget\" data-e-type=\"widget\" data-widget_type=\"image.default\">\n\t\t\t\t<div class=\"elementor-widget-container\">\n\t\t\t\t\t\t\t\t\t\t\t\t\t\t\t\t<a href=\"https:\/\/institutodemovilidad.com\/\" target=\"_blank\">\n\t\t\t\t\t\t\t<img decoding=\"async\" width=\"300\" height=\"76\" src=\"https:\/\/www.upo.es\/formacionpermanente\/wp-content\/imagenes\/uploads\/2022\/10\/ins-movilidad-logo.png\" class=\"attachment-large size-large wp-image-12358\" alt=\"Logo Instituto de Movilidad\" \/>\t\t\t\t\t\t\t\t<\/a>\n\t\t\t\t\t\t\t\t\t\t\t\t\t\t\t<\/div>\n\t\t\t\t<\/div>\n\t\t\t\t\t<\/div>\n\t\t<\/div>\n\t\t\t\t\t<\/div>\n\t\t<\/section>\n\t\t\t\t<section class=\"elementor-section elementor-inner-section elementor-element elementor-element-3e5e9268 elementor-section-full_width elementor-section-height-default elementor-section-height-default\" data-id=\"3e5e9268\" data-element_type=\"section\" data-e-type=\"section\">\n\t\t\t\t\t\t<div class=\"elementor-container elementor-column-gap-default\">\n\t\t\t\t\t<div class=\"elementor-column elementor-col-100 elementor-inner-column elementor-element elementor-element-328c387e\" data-id=\"328c387e\" data-element_type=\"column\" data-e-type=\"column\">\n\t\t\t<div class=\"elementor-widget-wrap elementor-element-populated\">\n\t\t\t\t\t\t<div class=\"elementor-element elementor-element-1629c5da elementor-widget elementor-widget-heading\" data-id=\"1629c5da\" data-element_type=\"widget\" data-e-type=\"widget\" data-widget_type=\"heading.default\">\n\t\t\t\t<div class=\"elementor-widget-container\">\n\t\t\t\t\t<h3 class=\"elementor-heading-title elementor-size-default\">Salidas profesionales<\/h3>\t\t\t\t<\/div>\n\t\t\t\t<\/div>\n\t\t\t\t<div class=\"elementor-element elementor-element-2d565daa elementor-widget elementor-widget-text-editor\" data-id=\"2d565daa\" data-element_type=\"widget\" data-e-type=\"widget\" data-widget_type=\"text-editor.default\">\n\t\t\t\t<div class=\"elementor-widget-container\">\n\t\t\t\t\t\t\t\t\t<p>Un elevado porcentaje del alumnado logra trabajo en el sector gracias a dos aspectos fundamentales: las\u00a0<strong>pr\u00e1cticas curriculares\u00a0<\/strong>(entidades especializadas en transporte y movilidad; y la\u00a0<strong>red de networking<\/strong>\u00a0generada, que permite entablar contactos con personas del sector.<\/p>\n<p>El M\u00e1ster capacita a los y las estudiantes para trabajar y dirigir proyectos de transporte y movilidad sostenible, entre otros: Redacci\u00f3n de Planes de Movilidad Urbana Sostenible, consultor\u00eda en movilidad urbana y transporte p\u00fablico, estudio de rutas de transporte p\u00fablico y asesorar en soluciones de movilidad urbana y tecnolog\u00eda, estudios de optimizaci\u00f3n, organizaci\u00f3n y presentaci\u00f3n de propuestas a licitaciones internacionales, etc.<\/p>\n\t\t\t\t\t\t\t\t<\/div>\n\t\t\t\t<\/div>\n\t\t\t\t\t<\/div>\n\t\t<\/div>\n\t\t\t\t\t<\/div>\n\t\t<\/section>\n\t\t\t\t<section class=\"elementor-section elementor-inner-section elementor-element elementor-element-24b2d15f elementor-section-full_width elementor-section-height-default elementor-section-height-default\" data-id=\"24b2d15f\" data-element_type=\"section\" data-e-type=\"section\">\n\t\t\t\t\t\t<div class=\"elementor-container elementor-column-gap-default\">\n\t\t\t\t\t<div class=\"elementor-column elementor-col-100 elementor-inner-column elementor-element elementor-element-308163b6\" data-id=\"308163b6\" data-element_type=\"column\" data-e-type=\"column\">\n\t\t\t<div class=\"elementor-widget-wrap elementor-element-populated\">\n\t\t\t\t\t\t<div class=\"elementor-element elementor-element-4ca1e55f elementor-widget elementor-widget-heading\" data-id=\"4ca1e55f\" data-element_type=\"widget\" data-e-type=\"widget\" data-widget_type=\"heading.default\">\n\t\t\t\t<div class=\"elementor-widget-container\">\n\t\t\t\t\t<h3 class=\"elementor-heading-title elementor-size-default\">\u00bfA qui\u00e9n va dirigido?<\/h3>\t\t\t\t<\/div>\n\t\t\t\t<\/div>\n\t\t\t\t<div class=\"elementor-element elementor-element-5de58339 elementor-widget elementor-widget-text-editor\" data-id=\"5de58339\" data-element_type=\"widget\" data-e-type=\"widget\" data-widget_type=\"text-editor.default\">\n\t\t\t\t<div class=\"elementor-widget-container\">\n\t\t\t\t\t\t\t\t\t<p>El t\u00edtulo va dirigido a\u00a0<strong>estudiantes interesados en obtener una formaci\u00f3n complementaria y de especializaci\u00f3n en el campo de la modelizaci\u00f3n y simulaci\u00f3n del transporte<\/strong>\u00a0en todos su aspectos (an\u00e1lisis, simulaci\u00f3n, optimazaci\u00f3n, explotaci\u00f3n), fundamentalmente en los \u00e1mbitos de:\u00a0<strong>ingenier\u00eda civil, industrial y matem\u00e1ticas, inform\u00e1tica, econom\u00eda, administraci\u00f3n de empresas, arquitectura o geograf\u00eda<\/strong>.<\/p>\n<p>Tambi\u00e9n va dirigido a\u00a0<strong>profesionales que en la actualidad est\u00e9n trabajando en el sector de los transportes y la movilidad<\/strong>\u00a0y que sin encontrarse en posesi\u00f3n de una titulaci\u00f3n universitaria poseen de amplia experiencia profesional que les faculte para el acceso al M\u00e1ster.<\/p>\n\t\t\t\t\t\t\t\t<\/div>\n\t\t\t\t<\/div>\n\t\t\t\t\t<\/div>\n\t\t<\/div>\n\t\t\t\t\t<\/div>\n\t\t<\/section>\n\t\t\t\t<section class=\"elementor-section elementor-inner-section elementor-element elementor-element-7e47f189 elementor-section-full_width elementor-hidden-mobile elementor-section-height-default elementor-section-height-default\" data-id=\"7e47f189\" data-element_type=\"section\" data-e-type=\"section\" data-settings=\"{&quot;background_background&quot;:&quot;classic&quot;}\">\n\t\t\t\t\t\t<div class=\"elementor-container elementor-column-gap-default\">\n\t\t\t\t\t<div class=\"elementor-column elementor-col-100 elementor-inner-column elementor-element elementor-element-35f2b705\" data-id=\"35f2b705\" data-element_type=\"column\" data-e-type=\"column\">\n\t\t\t<div class=\"elementor-widget-wrap elementor-element-populated\">\n\t\t\t\t\t\t<div class=\"elementor-element elementor-element-6e282c0 elementor-widget elementor-widget-heading\" data-id=\"6e282c0\" data-element_type=\"widget\" data-e-type=\"widget\" data-widget_type=\"heading.default\">\n\t\t\t\t<div class=\"elementor-widget-container\">\n\t\t\t\t\t<h2 class=\"elementor-heading-title elementor-size-default\">Direcci\u00f3n del t\u00edtulo<\/h2>\t\t\t\t<\/div>\n\t\t\t\t<\/div>\n\t\t\t\t<section class=\"elementor-section elementor-inner-section elementor-element elementor-element-5d4f416 elementor-section-content-middle elementor-section-boxed elementor-section-height-default elementor-section-height-default\" data-id=\"5d4f416\" data-element_type=\"section\" data-e-type=\"section\" data-settings=\"{&quot;background_background&quot;:&quot;classic&quot;}\">\n\t\t\t\t\t\t<div class=\"elementor-container elementor-column-gap-narrow\">\n\t\t\t\t\t<div class=\"elementor-column elementor-col-25 elementor-inner-column elementor-element elementor-element-05abb61\" data-id=\"05abb61\" data-element_type=\"column\" data-e-type=\"column\">\n\t\t\t<div class=\"elementor-widget-wrap elementor-element-populated\">\n\t\t\t\t\t\t<div class=\"elementor-element elementor-element-5a0abe0 elementor-widget elementor-widget-elementskit-team\" data-id=\"5a0abe0\" data-element_type=\"widget\" data-e-type=\"widget\" data-widget_type=\"elementskit-team.default\">\n\t\t\t\t<div class=\"elementor-widget-container\">\n\t\t\t\t\t<div class=\"ekit-wid-con\">\t\t\t\t\t\t\t\t\n\t\t<div class=\"profile-card elementor-animation- text-center ekit-team-style-default\">\n\t\t\t\n\t\t\t\t<div class=\"profile-header ekit-team-img ekit-img-overlay ekit-team-img-block\" >\n\t\t\t\t\t<img fetchpriority=\"high\" decoding=\"async\" width=\"768\" height=\"630\" src=\"https:\/\/www.upo.es\/formacionpermanente\/wp-content\/imagenes\/uploads\/Alfredo-Garci\u0301a-Herna\u0301ndez-Di\u0301az-scaled-e1657700701147-768x630.jpg\" class=\"attachment-medium_large size-medium_large wp-image-5567\" alt=\"Alfredo Garci\u0301a Herna\u0301ndez-Di\u0301az\" srcset=\"https:\/\/www.upo.es\/formacionpermanente\/wp-content\/imagenes\/uploads\/Alfredo-Garci\u0301a-Herna\u0301ndez-Di\u0301az-scaled-e1657700701147-768x630.jpg 768w, https:\/\/www.upo.es\/formacionpermanente\/wp-content\/imagenes\/uploads\/Alfredo-Garci\u0301a-Herna\u0301ndez-Di\u0301az-scaled-e1657700701147-300x246.jpg 300w, https:\/\/www.upo.es\/formacionpermanente\/wp-content\/imagenes\/uploads\/Alfredo-Garci\u0301a-Herna\u0301ndez-Di\u0301az-scaled-e1657700701147-1024x840.jpg 1024w, https:\/\/www.upo.es\/formacionpermanente\/wp-content\/imagenes\/uploads\/Alfredo-Garci\u0301a-Herna\u0301ndez-Di\u0301az-scaled-e1657700701147-1536x1260.jpg 1536w, https:\/\/www.upo.es\/formacionpermanente\/wp-content\/imagenes\/uploads\/Alfredo-Garci\u0301a-Herna\u0301ndez-Di\u0301az-scaled-e1657700701147.jpg 1708w\" sizes=\"(max-width: 768px) 100vw, 768px\" \/>\t\t\t\t<\/div><!-- .profile-header END -->\n\t\t\t\n\n\t\t\t\t<div class=\"profile-body\">\n\t\t\t\t\t\n\t\t\t\t\t<h2 class=\"profile-title\">\n\t\t\t\t\t\t\t\t\t\t\tD. Alfredo Garc\u00eda Hern\u00e1ndez-D\u00edaz\t\t\t\t\t\t\t\t\t\t<\/h2>\n\t\t\t\t\t<p class=\"profile-designation\">Direcci\u00f3n Acad\u00e9mica<\/p>\n\t\t\t\t\t\t\t\t\t\t<p class=\"profile-content\">Catedr\u00e1tico de Universidad del Departamento de M\u00e9todos Cuantitativos para la Econom\u00eda y Empresa<\/br>\n<strong>Universidad Pablo de Olavide<\/strong><\/p>\n\t\t\t\t\t\t\t\t\t<\/div><!-- .profile-body END -->\n\n\t\t\t\t\t\t\t\t<\/div>\n\t\t\t\t\t\t\t\n\t\t\t\n\t\t\t\t<\/div>\t\t\t\t<\/div>\n\t\t\t\t<\/div>\n\t\t\t\t\t<\/div>\n\t\t<\/div>\n\t\t\t\t<div class=\"elementor-column elementor-col-25 elementor-inner-column elementor-element elementor-element-bd292fc\" data-id=\"bd292fc\" data-element_type=\"column\" data-e-type=\"column\">\n\t\t\t<div class=\"elementor-widget-wrap elementor-element-populated\">\n\t\t\t\t\t\t<div class=\"elementor-element elementor-element-6582350 elementor-widget elementor-widget-elementskit-team\" data-id=\"6582350\" data-element_type=\"widget\" data-e-type=\"widget\" data-widget_type=\"elementskit-team.default\">\n\t\t\t\t<div class=\"elementor-widget-container\">\n\t\t\t\t\t<div class=\"ekit-wid-con\">\t\t\t\t\t\t\t\t\n\t\t<div class=\"profile-card elementor-animation- text-center ekit-team-style-default\">\n\t\t\t\n\t\t\t\t<div class=\"profile-header ekit-team-img ekit-img-overlay ekit-team-img-block\" >\n\t\t\t\t\t<img loading=\"lazy\" decoding=\"async\" width=\"768\" height=\"512\" src=\"https:\/\/www.upo.es\/formacionpermanente\/wp-content\/imagenes\/uploads\/2024\/02\/Julian-Sastre-768x512.jpeg\" class=\"attachment-medium_large size-medium_large wp-image-41136\" alt=\"\" srcset=\"https:\/\/www.upo.es\/formacionpermanente\/wp-content\/imagenes\/uploads\/2024\/02\/Julian-Sastre-768x512.jpeg 768w, https:\/\/www.upo.es\/formacionpermanente\/wp-content\/imagenes\/uploads\/2024\/02\/Julian-Sastre-300x200.jpeg 300w, https:\/\/www.upo.es\/formacionpermanente\/wp-content\/imagenes\/uploads\/2024\/02\/Julian-Sastre-1024x683.jpeg 1024w, https:\/\/www.upo.es\/formacionpermanente\/wp-content\/imagenes\/uploads\/2024\/02\/Julian-Sastre-1536x1024.jpeg 1536w, https:\/\/www.upo.es\/formacionpermanente\/wp-content\/imagenes\/uploads\/2024\/02\/Julian-Sastre-2048x1365.jpeg 2048w\" sizes=\"(max-width: 768px) 100vw, 768px\" \/>\t\t\t\t<\/div><!-- .profile-header END -->\n\t\t\t\n\n\t\t\t\t<div class=\"profile-body\">\n\t\t\t\t\t\n\t\t\t\t\t<h2 class=\"profile-title\">\n\t\t\t\t\t\t\t\t\t\t\tD. Juli\u00e1n Sastre Gonz\u00e1lez\t\t\t\t\t\t\t\t\t\t<\/h2>\n\t\t\t\t\t<p class=\"profile-designation\">Direcci\u00f3n Ejecutiva<\/p>\n\t\t\t\t\t\t\t\t\t\t<p class=\"profile-content\">Dr. Ingeniero de Caminos, Canales y Puertos. Presidente del<\/br><strong>Instituto de Movilidad<\/strong><\/p>\n\t\t\t\t\t\t\t\t\t<\/div><!-- .profile-body END -->\n\n\t\t\t\t\t\t\t\t<\/div>\n\t\t\t\t\t\t\t\n\t\t\t\n\t\t\t\t<\/div>\t\t\t\t<\/div>\n\t\t\t\t<\/div>\n\t\t\t\t\t<\/div>\n\t\t<\/div>\n\t\t\t\t<div class=\"elementor-column elementor-col-25 elementor-inner-column elementor-element elementor-element-ed8f0c6\" data-id=\"ed8f0c6\" data-element_type=\"column\" data-e-type=\"column\">\n\t\t\t<div class=\"elementor-widget-wrap elementor-element-populated\">\n\t\t\t\t\t\t<div class=\"elementor-element elementor-element-73fea5f elementor-widget elementor-widget-elementskit-team\" data-id=\"73fea5f\" data-element_type=\"widget\" data-e-type=\"widget\" data-widget_type=\"elementskit-team.default\">\n\t\t\t\t<div class=\"elementor-widget-container\">\n\t\t\t\t\t<div class=\"ekit-wid-con\">\t\t\t\t\t\t\t\t\n\t\t<div class=\"profile-card elementor-animation- text-center ekit-team-style-default\">\n\t\t\t\n\t\t\t\t<div class=\"profile-header ekit-team-img ekit-img-overlay ekit-team-img-block\" >\n\t\t\t\t\t<img loading=\"lazy\" decoding=\"async\" width=\"222\" height=\"299\" src=\"https:\/\/www.upo.es\/formacionpermanente\/wp-content\/imagenes\/uploads\/Captura-de-pantalla-2022-07-13-a-las-10.22.31.png\" class=\"attachment-medium_large size-medium_large wp-image-5564\" alt=\"Ana Dolores L\u00f3pez S\u00e1nchez\" \/>\t\t\t\t<\/div><!-- .profile-header END -->\n\t\t\t\n\n\t\t\t\t<div class=\"profile-body\">\n\t\t\t\t\t\n\t\t\t\t\t<h2 class=\"profile-title\">\n\t\t\t\t\t\t\t\t\t\t\tD\u00f1a. Ana Dolores L\u00f3pez S\u00e1nchez\t\t\t\t\t\t\t\t\t\t<\/h2>\n\t\t\t\t\t<p class=\"profile-designation\">Responsable de Calidad<\/p>\n\t\t\t\t\t\t\t\t\t\t<p class=\"profile-content\">Profesora Titular de Universidad del Departamento de M\u00e9todos Cuantitativos para la Econom\u00eda y Empresa<\/br><strong>Universidad Pablo de Olavide<\/strong><\/p>\n\t\t\t\t\t\t\t\t\t<\/div><!-- .profile-body END -->\n\n\t\t\t\t\t\t\t\t<\/div>\n\t\t\t\t\t\t\t\n\t\t\t\n\t\t\t\t<\/div>\t\t\t\t<\/div>\n\t\t\t\t<\/div>\n\t\t\t\t\t<\/div>\n\t\t<\/div>\n\t\t\t\t<div class=\"elementor-column elementor-col-25 elementor-inner-column elementor-element elementor-element-8850fe2\" data-id=\"8850fe2\" data-element_type=\"column\" data-e-type=\"column\">\n\t\t\t<div class=\"elementor-widget-wrap elementor-element-populated\">\n\t\t\t\t\t\t<div class=\"elementor-element elementor-element-c206727 elementor-widget elementor-widget-elementskit-team\" data-id=\"c206727\" data-element_type=\"widget\" data-e-type=\"widget\" data-widget_type=\"elementskit-team.default\">\n\t\t\t\t<div class=\"elementor-widget-container\">\n\t\t\t\t\t<div class=\"ekit-wid-con\">\t\t\t\t\t\t\t\t\n\t\t<div class=\"profile-card elementor-animation- text-center ekit-team-style-default\">\n\t\t\t\n\t\t\t\t<div class=\"profile-header ekit-team-img ekit-img-overlay ekit-team-img-block\" >\n\t\t\t\t\t<img loading=\"lazy\" decoding=\"async\" width=\"307\" height=\"307\" src=\"https:\/\/www.upo.es\/formacionpermanente\/wp-content\/imagenes\/uploads\/Cinta-Romero-Adame.jpg\" class=\"attachment-medium_large size-medium_large wp-image-5565\" alt=\"Cinta Romero Adame\" srcset=\"https:\/\/www.upo.es\/formacionpermanente\/wp-content\/imagenes\/uploads\/Cinta-Romero-Adame.jpg 307w, https:\/\/www.upo.es\/formacionpermanente\/wp-content\/imagenes\/uploads\/Cinta-Romero-Adame-300x300.jpg 300w, https:\/\/www.upo.es\/formacionpermanente\/wp-content\/imagenes\/uploads\/Cinta-Romero-Adame-150x150.jpg 150w\" sizes=\"(max-width: 307px) 100vw, 307px\" \/>\t\t\t\t<\/div><!-- .profile-header END -->\n\t\t\t\n\n\t\t\t\t<div class=\"profile-body\">\n\t\t\t\t\t\n\t\t\t\t\t<h2 class=\"profile-title\">\n\t\t\t\t\t\t\t\t\t\t\tD\u00f1a. Cinta Romero Adame\t\t\t\t\t\t\t\t\t\t<\/h2>\n\t\t\t\t\t<p class=\"profile-designation\">Coordinaci\u00f3n<\/p>\n\t\t\t\t\t\t\t\t\t\t<p class=\"profile-content\">Operations Manager. Consultora Alomon<\/br>\n<strong>Grupo S3Transportations<\/strong><\/p>\n\t\t\t\t\t\t\t\t\t<\/div><!-- .profile-body END -->\n\n\t\t\t\t\t\t\t\t<\/div>\n\t\t\t\t\t\t\t\n\t\t\t\n\t\t\t\t<\/div>\t\t\t\t<\/div>\n\t\t\t\t<\/div>\n\t\t\t\t\t<\/div>\n\t\t<\/div>\n\t\t\t\t\t<\/div>\n\t\t<\/section>\n\t\t\t\t\t<\/div>\n\t\t<\/div>\n\t\t\t\t\t<\/div>\n\t\t<\/section>\n\t\t\t\t<section class=\"elementor-section elementor-inner-section elementor-element elementor-element-563b22f elementor-section-full_width elementor-section-height-default elementor-section-height-default\" data-id=\"563b22f\" data-element_type=\"section\" data-e-type=\"section\">\n\t\t\t\t\t\t<div class=\"elementor-container elementor-column-gap-default\">\n\t\t\t\t\t<div class=\"elementor-column elementor-col-100 elementor-inner-column elementor-element elementor-element-124dc0f\" data-id=\"124dc0f\" data-element_type=\"column\" data-e-type=\"column\">\n\t\t\t<div class=\"elementor-widget-wrap elementor-element-populated\">\n\t\t\t\t\t\t<div class=\"elementor-element elementor-element-264b2d4 elementor-widget elementor-widget-heading\" data-id=\"264b2d4\" data-element_type=\"widget\" data-e-type=\"widget\" data-widget_type=\"heading.default\">\n\t\t\t\t<div class=\"elementor-widget-container\">\n\t\t\t\t\t<h3 class=\"elementor-heading-title elementor-size-default\">Plan de estudios<\/h3>\t\t\t\t<\/div>\n\t\t\t\t<\/div>\n\t\t\t\t<div class=\"elementor-element elementor-element-8c6cda7 elementor-widget elementor-widget-text-editor\" data-id=\"8c6cda7\" data-element_type=\"widget\" data-e-type=\"widget\" data-widget_type=\"text-editor.default\">\n\t\t\t\t<div class=\"elementor-widget-container\">\n\t\t\t\t\t\t\t\t\t<p>El programa solo se activar\u00e1 si se alcanza el n\u00famero m\u00ednimo de matr\u00edculas establecido en cada caso.<\/p>\n<h5><strong>Relaci\u00f3n de materias<\/strong><\/h5>\n<h4><\/h4>\n<h6>M\u00f3dulo I: Sistema de transporte general. 6 ECTS<\/h6>\n<p><strong>Asignatura 1:<\/strong> El Sector de los Transportes. 2 ECTS.<br \/>\n<strong>Asignatura 2:<\/strong> Estudios de Transporte y Movilidad. Metodolog\u00eda General. 2 ECTS.<br \/>\n<strong>Asignatura 3:<\/strong> Pol\u00edticas P\u00fablicas en Movilidad Urbana Sustentable. 1 ECTS.<br \/>\n<strong>Asignatura 4:<\/strong> Integraci\u00f3n del Transporte. 1 ECTS.<\/p>\n<h6>M\u00f3dulo II: Movilidad sostenible e implicaciones del urbanismo. 6 ECTS<\/h6>\n<p><strong>Asignatura 5:<\/strong>\u00a0 Introducci\u00f3n a los Planes de Movilidad Urbana Sostenible (PMUS). 1 ECTS.<br \/>\n<strong>Asignatura 6:<\/strong> Las implicaciones de los modelos urbanos y de movilidad actuales. 1 ECTS.<br \/>\n<strong>Asignatura 7:<\/strong>\u00a0 Nuevos modelos urbanos: DOT. 1 ECTS.<br \/>\n<strong>Asignatura 8:<\/strong> Regeneraci\u00f3n de bulevares. 1 ECTS.<br \/>\n<strong>Asignatura 9:<\/strong> Redes peatonales. 0,5 ECTS.<br \/>\n<strong>Asignatura 10:<\/strong> Redes ciclistas. 0,5 ECTS.<br \/>\n<strong>Asignatura 11:<\/strong> Territorio e impactos en movilidad. 1 ECTS.<\/p>\n<h6>M\u00f3dulo III: Estudios de mercado. 8 ECTS<\/h6>\n<p><strong>Asignatura 12:<\/strong> T\u00e9cnicas de Muestreo y Elaboraci\u00f3n de Encuestas. 2 ECTS.<br \/>\n<strong>Asignatura 13:<\/strong>\u00a0 Realizaci\u00f3n de estudios de Mercado. 3\u00a0ECTS.<br \/>\n<strong>Asignatura 14:<\/strong> Herramientas de Explotaci\u00f3n. 3\u00a0ECTS.<\/p>\n<h6>M\u00f3dulo IV: Modelizaci\u00f3n. 7,5 ECTS<\/h6>\n<p><strong>Asignatura 15:<\/strong> Modelizaci\u00f3n de la Red y Metodolog\u00eda. 3\u00a0ECTS.<br \/>\n<strong>Asignatura 16:<\/strong> Modelos econom\u00e9tricos. 3\u00a0ECTS.<br \/>\n<strong>Asignatura 17:<\/strong> Modelos de Asignaci\u00f3n. 0,5 ECTS.<br \/>\n<strong>Asignatura 18:<\/strong> Nuevos Retos en los Modelos de Transporte. 1\u00a0ECTS.<\/p>\n<h6>M\u00f3dulo V: Tr\u00e1fico y viabilidad. 9,5 ECTS<\/h6>\n<p><strong>Asignatura 19:<\/strong> Operaci\u00f3n del transporte urbano. 1\u00a0ECTS.<br \/>\n<strong>Asignatura 20:<\/strong> Tr\u00e1fico urbano. 3 ECTS.<br \/>\n<strong>Asignatura 21:<\/strong> Seguridad Vial. 2 ECTS.<br \/>\n<strong>Asignatura 22:<\/strong> Tecnolog\u00eda y Transporte. Sistemas de Transporte Inteligente. 2 ECTS.<br \/>\n<strong>Asignatura 23:<\/strong> Transporte de Mercanc\u00edas. 1\u00a0ECTS.<br \/>\n<strong>Asignatura 24:<\/strong> Manual de interpretaci\u00f3n de la realidad. 0,5\u00a0ECTS.<\/p>\n<h6>M\u00f3dulo VI: Planificaci\u00f3n, dise\u00f1o y operaci\u00f3n ferroviaria. 8 ECTS<\/h6>\n<p><strong>Asignatura 25:<\/strong> Introducci\u00f3n a la Tecnolog\u00eda Ferroviaria. 2 ECTS.<br \/>\n<strong>Asignatura 26:<\/strong> Implicaciones del dise\u00f1o en la Operaci\u00f3n y Mantenimiento ferroviario. 2 ECTS.<br \/>\n<strong>Asignatura 27:<\/strong> Claves del mantenimiento ferroviario. 2 ECTS.<br \/>\n<strong>Asignatura 28:<\/strong> C\u00e1lculo de una operaci\u00f3n ferroviaria. 2 ECTS.<\/p>\n<h6>M\u00f3dulo VII: Econom\u00eda del transporte. 10,5 ECTS<\/h6>\n<p><strong>Asignatura 29:<\/strong> Optimizaci\u00f3n del Transporte. 3\u00a0ECTS.<br \/>\n<strong>Asignatura 30:<\/strong> Gesti\u00f3n, Econom\u00eda y Financiaci\u00f3n de Infraestructuras. 2 ECTS.<br \/>\n<strong>Asignatura 31:<\/strong> Visi\u00f3n General de las PPPs. 1,5 ECTS.<br \/>\n<strong>Asignatura 32:<\/strong> C\u00f3mo dise\u00f1ar una Participaci\u00f3n P\u00fablico-Privada (PPP). 2 ECTS.<br \/>\n<strong>Asignatura 33:<\/strong> Aplicaci\u00f3n pr\u00e1ctica: Justificaci\u00f3n de una inversi\u00f3n mediante ACB. 2 ECTS.<\/p>\n<h6>M\u00f3dulo VIII: Transporte mar\u00edtimo metropolitano. 3 ECTS<\/h6>\n<p><strong>Asignatura 34:<\/strong> Introducci\u00f3n a la operativa de un puerto. 0,5 ECTS.<br \/>\n<strong>Asignatura 35:<\/strong> Transporte mar\u00edtimo y fluvial de corta distancia para pasajeros. 1 ECTS.<br \/>\n<strong>Asignatura 36:<\/strong> Relaci\u00f3n Puerto-Ciudad. An\u00e1lisis de casos. 1 ECTS.<br \/>\n<strong>Asignatura 37:<\/strong> Transporte Mar\u00edtimo Metropolitano Internacional. 0,5 ECTS.<\/p>\n<h6>M\u00f3dulo IX: Internacionalizaci\u00f3n del transporte. 5 ECTS<\/h6>\n<p><strong>Asignatura 38:<\/strong> Internacionalizaci\u00f3n. Preparaci\u00f3n de Ofertas. 5 ECTS.<\/p>\n<h6>M\u00f3dulo X: Big Data y movilidad. 2,5 ECTS<\/h6>\n<p><strong>Asignatura 39:<\/strong> El nuevo paradigma de la movilidad con la aparici\u00f3n de Big Data. 1\u00a0ECTS.<br \/>\n<strong>Asignatura 40:<\/strong> Introducci\u00f3n al Big Data. 1\u00a0ECTS.<br \/>\n<strong>Asignatura 41:<\/strong> Escenarios de uso del Big Data en la Planificaci\u00f3n del Transporte. Retos y Oportunidades<span style=\"font-size: 16px\">. 0,5 ECTS.<\/span><\/p>\n<h6>M\u00f3dulo XI: Pr\u00e1cticas en empresa. 12 ECTS<\/h6>\n<p>Los alumnos deber\u00e1n realizar Pr\u00e1cticas Curriculares en alguno de los centros de trabajo propuestos por la Comisi\u00f3n del M\u00e1ster, o proponer alg\u00fan centro para ello. A su vez, estas pr\u00e1cticas pueden ser reemplazadas por <strong>dos asignaturas optativas ofertadas<\/strong>.<\/p>\n<p><strong>Asignaturas optativas:<\/strong><\/p>\n<p><strong>Asignatura Optativa 1: <\/strong>Preparaci\u00f3n de una oferta para concesi\u00f3n de transporte. 6 ECTS.<br \/>\n<strong>Asignatura Optativa 2: <\/strong>Transporte a la Demanda. 6 ECTS.<br \/>\n<strong>Asignatura Optativa 3: <\/strong>Transporte en situaci\u00f3n de crisis y emergencias. 6 ECTS.<br \/>\n<strong>Asignatura Optativa 4: <\/strong>Planes de Movilidad de Empresas. 6 ECTS.<br \/>\n<strong>Asignatura Optativa 5: <\/strong>Zonas de Bajas Emisiones (ZBE). 6 ECTS.<br \/>\n<strong>Asignatura Optativa 6: <\/strong>Accesibilidad. 6 ECTS.<\/p>\n<h6>M\u00f3dulo XII: Trabajo Fin de M\u00e1ster. 12 ECTS<\/h6>\n\t\t\t\t\t\t\t\t<\/div>\n\t\t\t\t<\/div>\n\t\t\t\t\t<\/div>\n\t\t<\/div>\n\t\t\t\t\t<\/div>\n\t\t<\/section>\n\t\t\t\t<section class=\"elementor-section elementor-inner-section elementor-element elementor-element-dd820f9 elementor-section-full_width elementor-hidden-mobile elementor-section-height-default elementor-section-height-default\" data-id=\"dd820f9\" data-element_type=\"section\" data-e-type=\"section\">\n\t\t\t\t\t\t<div class=\"elementor-container elementor-column-gap-default\">\n\t\t\t\t\t<div class=\"elementor-column elementor-col-100 elementor-inner-column elementor-element elementor-element-a7cabd0\" data-id=\"a7cabd0\" data-element_type=\"column\" data-e-type=\"column\">\n\t\t\t<div class=\"elementor-widget-wrap elementor-element-populated\">\n\t\t\t\t\t\t<div class=\"elementor-element elementor-element-10fd50b elementor-widget elementor-widget-heading\" data-id=\"10fd50b\" data-element_type=\"widget\" data-e-type=\"widget\" data-widget_type=\"heading.default\">\n\t\t\t\t<div class=\"elementor-widget-container\">\n\t\t\t\t\t<h3 class=\"elementor-heading-title elementor-size-default\">Profesorado<\/h3>\t\t\t\t<\/div>\n\t\t\t\t<\/div>\n\t\t\t\t<div class=\"elementor-element elementor-element-e8af4ee elementor-widget elementor-widget-text-editor\" data-id=\"e8af4ee\" data-element_type=\"widget\" data-e-type=\"widget\" data-widget_type=\"text-editor.default\">\n\t\t\t\t<div class=\"elementor-widget-container\">\n\t\t\t\t\t\t\t\t\t<div class=\"elementoSeccion element elemento_relacionDocentes\">\n<div class=\"texto\">\n<p><strong>D. Alfredo Garc\u00eda Hern\u00e1ndez-D\u00edaz<\/strong><br \/>\nCatedr\u00e1tico del \u00c1rea de M\u00e9todos Cuantitativos en Universidad Pablo de Olavide.<\/p>\n<\/div>\n<\/div>\n<div class=\"elementoSeccion element elemento_relacionDocentes\">\n<div class=\"texto\">\n<p><strong>D. Juli\u00e1n Sastre Gonz\u00e1lez<\/strong><br \/>\nDr. Ingeniero de Caminos, Canales y Puertos. Consultor internacional experto en planificaci\u00f3n, financiaci\u00f3n, operaci\u00f3n y gesti\u00f3n del transporte.<\/p>\n<\/div>\n<\/div>\n<div class=\"elementoSeccion element elemento_relacionDocentes\">\n<div class=\"texto\">\n<p><strong>D\u00f1a. Cinta Romero Adame<\/strong><br \/>\nLicenciada en Direcci\u00f3n de Empresas y Derecho. Experta en licitaciones multilaterales e internacionalizaci\u00f3n de empresas de transporte.<\/p>\n<\/div>\n<\/div>\n<div class=\"elementoSeccion element elemento_relacionDocentes\">\n<div class=\"texto\">\n<p><strong>D. David \u00c1lvarez Castillo<\/strong><br \/>\nIngeniero de Caminos, Canales y Puertos. Consultor independiente, experto en tr\u00e1fico y en transporte p\u00fablico, estudios de demanda, planes de aparcamientos movilidad.<\/p>\n<\/div>\n<\/div>\n<div class=\"elementoSeccion element elemento_relacionDocentes\">\n<div class=\"texto\">\n<p><strong>D\u00f1a. Ana Dolores L\u00f3pez S\u00e1nchez<\/strong><br \/>\nProfesora Titular de Universidad del \u00c1rea de M\u00e9todos Cuantitativos de la Universidad Pablo de Olavide.<\/p>\n<\/div>\n<\/div>\n<div class=\"elementoSeccion element elemento_relacionDocentes\">\n<div class=\"texto\">\n<p><strong>D\u00f1a. Mar\u00eda Cuello Le\u00f3n<\/strong><br \/>\nArquitecto Superior. Experta en ordenaci\u00f3n del territorio y proyectos de movilidad sostenible (PMUS).<\/p>\n<\/div>\n<\/div>\n<div class=\"elementoSeccion element elemento_relacionDocentes\">\n<div class=\"texto\">\n<p><strong>D. Jos\u00e9 Manuel Almoguera Carvajal<\/strong><br \/>\nIngeniero de Caminos, Canales y Puertos. Experto en planificaci\u00f3n de proyectos de transporte de mercanc\u00edas.<\/p>\n<\/div>\n<\/div>\n<div class=\"elementoSeccion element elemento_relacionDocentes\">\n<div class=\"texto\">\n<p><strong>D. Ignacio Javier Galindo Pinto<\/strong><br \/>\nIngeniero Civil. Consultor s\u00e9nior independiente y representante regional de PTV Group.<\/p>\n<\/div>\n<\/div>\n<div class=\"elementoSeccion element elemento_relacionDocentes\">\n<div class=\"texto\">\n<p><strong>D. Carlos Crist\u00f3bal Pinto<\/strong><br \/>\nIngeniero Civil. Consultor y Experto en Transporte P\u00fablico y Movilidad Sostenible. Director del Consorcio Regional de Transportes de Madrid.<\/p>\n<\/div>\n<\/div>\n<div class=\"elementoSeccion element elemento_relacionDocentes\">\n<div class=\"texto\">\n<p><strong>D. \u00c1lvaro Fern\u00e1ndez Heredia<\/strong><br \/>\nDr. Ingeniero de Caminos, Canales y Puertos. Director Gerente de la Empresa Municipal de Transportes de Madrid.<\/p>\n<\/div>\n<\/div>\n<div class=\"elementoSeccion element elemento_relacionDocentes\">\n<div class=\"texto\">\n<p><strong>D. Jaume Barcel\u00f3 i Bugueda<\/strong><br \/>\nCatedr\u00e1tico de Estad\u00edstica e Investigaci\u00f3n Operativa de la Universidad Polit\u00e9cnica de Catalu\u00f1a. CEO del grupo PTV Iberia.<\/p>\n<\/div>\n<\/div>\n<div class=\"elementoSeccion element elemento_relacionDocentes\">\n<div class=\"texto\">\n<p><strong>D. Samir Awad N\u00fa\u00f1ez<\/strong><br \/>\nDoctor Ingeniero de Caminos, Canales y Puertos por la Universidad Polit\u00e9cnica de Madrid y Master en Din\u00e1micas Territoriales y Desarrollo en la Universidad Complutense de Madrid.<\/p>\n<p><strong>D\u00f1a.\u00a0Martha Luc\u00eda Guti\u00e9rrez Echeverri<\/strong><br \/>\nAbogada, especializada en Derecho Administrativo. Experta en Movilidad Urbana Sustentable.<\/p>\n<\/div>\n<\/div>\n\t\t\t\t\t\t\t\t<\/div>\n\t\t\t\t<\/div>\n\t\t\t\t\t<\/div>\n\t\t<\/div>\n\t\t\t\t\t<\/div>\n\t\t<\/section>\n\t\t\t\t<section class=\"elementor-section elementor-inner-section elementor-element elementor-element-25f6d60 elementor-section-full_width elementor-hidden-mobile elementor-section-height-default elementor-section-height-default\" data-id=\"25f6d60\" data-element_type=\"section\" data-e-type=\"section\">\n\t\t\t\t\t\t<div class=\"elementor-container elementor-column-gap-default\">\n\t\t\t\t\t<div class=\"elementor-column elementor-col-100 elementor-inner-column elementor-element elementor-element-1af4df3\" data-id=\"1af4df3\" data-element_type=\"column\" data-e-type=\"column\">\n\t\t\t<div class=\"elementor-widget-wrap elementor-element-populated\">\n\t\t\t\t\t\t<div class=\"elementor-element elementor-element-f373b15 elementor-widget elementor-widget-heading\" data-id=\"f373b15\" data-element_type=\"widget\" data-e-type=\"widget\" data-widget_type=\"heading.default\">\n\t\t\t\t<div class=\"elementor-widget-container\">\n\t\t\t\t\t<h3 class=\"elementor-heading-title elementor-size-default\">Pr\u00e1cticas externas<\/h3>\t\t\t\t<\/div>\n\t\t\t\t<\/div>\n\t\t\t\t<div class=\"elementor-element elementor-element-3507bf7 elementor-widget elementor-widget-text-editor\" data-id=\"3507bf7\" data-element_type=\"widget\" data-e-type=\"widget\" data-widget_type=\"text-editor.default\">\n\t\t\t\t<div class=\"elementor-widget-container\">\n\t\t\t\t\t\t\t\t\t<p><strong>Pr\u00e1cticas optativas:<\/strong><\/p>\n<p>Las pr\u00e1cticas en empresas tienen el objetivo fundamental de trabajar en la adquisici\u00f3n de competencias espec\u00edficas. Durante el transcurso de dichas pr\u00e1cticas el\/la estudiante deber\u00e1 afrontar situaciones reales de planificaci\u00f3n del transporte, modelizaci\u00f3n de redes, preparaci\u00f3n de ofertas, estudia de la viabilidad financiera de diversos proyectos, etc.<\/p>\n<p>Actualmente, contamos con el compromiso de empresas nacionales e internacionales:<\/p>\n<ul>\n<li>CONSULTORA ALOMON (SEVILLA) \u2013\u00a0<a href=\"https:\/\/consultoralomon.com\/\">https:\/\/consultoralomon.com\/<\/a><\/li>\n<li>S3Transportation EUROPA (BRUSELAS) \u2013\u00a0<a href=\"https:\/\/www.s3transportation.com\/\">https:\/\/www.s3transportation.com\/<\/a><\/li>\n<li>S3Transportation BOLIVIA (LA PAZ) \u2013\u00a0<a href=\"https:\/\/s3transportation.es\/\">https:\/\/s3transportation.es\/<\/a><\/li>\n<li>AFORA Tr\u00e1fico y Transporte (M\u00c1LAGA) \u2013\u00a0<a href=\"https:\/\/www.facebook.com\/aforatt\">https:\/\/www.facebook.com\/aforatt<\/a><\/li>\n<li>URBATRANS CARIBE (M\u00c1LAGA) \u2013\u00a0<a href=\"http:\/\/urbatranscaribe.com\/\">http:\/\/urbatranscaribe.com\/<\/a><\/li>\n<li>AYESA (SEVILLA) \u2013\u00a0<a href=\"https:\/\/www.ayesa.com\/es\/\">https:\/\/www.ayesa.com\/es\/<\/a><\/li>\n<li>ASOCIACI\u00d3N ESPA\u00d1OLA DE LA CARRETERA (MADRID) \u2013\u00a0<a href=\"https:\/\/www.aecarretera.com\/\">https:\/\/www.aecarretera.com\/<\/a><\/li>\n<li>FUNDACI\u00d3N CAMINOS DE HIERRO (MADRID) \u2013\u00a0<a href=\"http:\/\/www.fcaminoshierro.com\/\">http:\/\/www.fcaminoshierro.com\/<\/a><\/li>\n<li>TARYET (MADRID) \u2013\u00a0<a href=\"https:\/\/trntaryet.com\/\">https:\/\/trntaryet.com\/<\/a><\/li>\n<li>CONTORNO (GRANADA) \u2013\u00a0<a href=\"http:\/\/contorno.es\/\">http:\/\/contorno.es\/<\/a><\/li>\n<li>IDIC CONSULTING IBERGROUP (BADAJOZ) \u2013\u00a0<a href=\"https:\/\/www.idicsl.com\/\">https:\/\/www.idicsl.com\/<\/a><\/li>\n<li>MUVYCAR (VALENCIA) \u2013\u00a0<a href=\"http:\/\/www.muvycar.com\/\">http:\/\/www.muvycar.com\/<\/a><\/li>\n<li>CYCLING FRIENDLY (MALLORCA) \u2013\u00a0<a href=\"https:\/\/www.cycling-friendly.com\/\">https:\/\/www.cycling-friendly.com\/<\/a><\/li>\n<li>INGEOTRANS (MADRID) \u2013\u00a0<a href=\"http:\/\/www.ingeotrans.com\/\">http:\/\/www.ingeotrans.com\/<\/a><\/li>\n<li>ECORAIL (SEVILLA) \u2013\u00a0<a href=\"https:\/\/ecorail.es\/\">https:\/\/ecorail.es\/<\/a><\/li>\n<li>MOVIVIA (GIJ\u00d3N) \u2013\u00a0<a href=\"https:\/\/www.movivia.es\/\">https:\/\/www.movivia.es\/<\/a><\/li>\n<li>CPS (MADRID) \u2013\u00a0<a href=\"https:\/\/www.grupo-cps.com\/\">https:\/\/www.grupo-cps.com\/<\/a><\/li>\n<li>MCRIT (BARCELONA) \u2013\u00a0<a href=\"http:\/\/www.mcrit.com\/\">http:\/\/www.mcrit.com\/<\/a><\/li>\n<li>ESTUDIO 7 (M\u00c1LAGA) \u2013\u00a0<a href=\"https:\/\/www.estudio7soluciones.es\/\">https:\/\/www.estudio7soluciones.es\/<\/a><\/li>\n<li>EMASESA (SEVILLA) \u2013\u00a0<a href=\"https:\/\/www.emasesa.com\/\">https:\/\/www.emasesa.com\/<\/a><\/li>\n<\/ul>\n<h5>Sistema de Evaluaci\u00f3n<\/h5>\n<h4><\/h4>\n<p>Informe (confidencial para el estudiante) emitido por el\/la responsable en la empresa de tutelar dichas pr\u00e1cticas. Para facilitar dicha evaluaci\u00f3n, se le proporcionar\u00e1 un cuestionario detallado con las cuestiones y competencias a evaluar.<\/p>\n<p><strong>Cr\u00e9ditos asignados a las pr\u00e1cticas:\u00a012 ECTS<\/strong><\/p>\n\t\t\t\t\t\t\t\t<\/div>\n\t\t\t\t<\/div>\n\t\t\t\t\t<\/div>\n\t\t<\/div>\n\t\t\t\t\t<\/div>\n\t\t<\/section>\n\t\t\t\t<section class=\"elementor-section elementor-inner-section elementor-element elementor-element-46e42b5 elementor-section-full_width elementor-hidden-mobile elementor-section-height-default elementor-section-height-default\" data-id=\"46e42b5\" data-element_type=\"section\" data-e-type=\"section\">\n\t\t\t\t\t\t<div class=\"elementor-container elementor-column-gap-default\">\n\t\t\t\t\t<div class=\"elementor-column elementor-col-100 elementor-inner-column elementor-element elementor-element-949ef62\" data-id=\"949ef62\" data-element_type=\"column\" data-e-type=\"column\">\n\t\t\t<div class=\"elementor-widget-wrap elementor-element-populated\">\n\t\t\t\t\t\t<div class=\"elementor-element elementor-element-7ec1724 elementor-widget elementor-widget-heading\" data-id=\"7ec1724\" data-element_type=\"widget\" data-e-type=\"widget\" data-widget_type=\"heading.default\">\n\t\t\t\t<div class=\"elementor-widget-container\">\n\t\t\t\t\t<h3 class=\"elementor-heading-title elementor-size-default\">Proyecto final<\/h3>\t\t\t\t<\/div>\n\t\t\t\t<\/div>\n\t\t\t\t<div class=\"elementor-element elementor-element-dbd6dc6 elementor-widget elementor-widget-text-editor\" data-id=\"dbd6dc6\" data-element_type=\"widget\" data-e-type=\"widget\" data-widget_type=\"text-editor.default\">\n\t\t\t\t<div class=\"elementor-widget-container\">\n\t\t\t\t\t\t\t\t\t<p>El Trabajo Final de M\u00e1ster constituye una materia obligatoria del M\u00e1ster en Planificaci\u00f3n, Econom\u00eda y Operaci\u00f3n del Transporte Urbano. Tiene asignados un total de 12 cr\u00e9ditos ECTS.<\/p>\n<p>Se trata de un trabajo original que el alumnado debe desarrollar de manera personal e individual bajo la direcci\u00f3n de un\/a profesor\/a tutor\/a. Este\/a docente ser\u00e1 designado en cada caso por la Comisi\u00f3n acad\u00e9mica del M\u00e1ster entre el profesorado que interviene en \u00e9l, aunque excepcionalmente puede ser designado tambi\u00e9n otro docente de los departamentos involucrados en el M\u00e1ster.<\/p>\n<p>El\/la estudiante deber\u00e1 escoger la l\u00ednea de proyecto en la cual desea realizar su TFM entre las que proponga la Comisi\u00f3n Acad\u00e9mica. Dichas l\u00edneas tem\u00e1ticas ir\u00e1n en consonancia con el resto de las materias que est\u00e9 cursando en el M\u00e1ster de Transporte Urbano.<\/p>\n<p>Una vez definida la l\u00ednea de proyecto y designado el\/la tutor\/a, acordar\u00e1 con el\/la estudiante el t\u00edtulo del proyecto (tanto en espa\u00f1ol como en ingl\u00e9s), fijando su alcance y las condiciones concretas en las que debe ser desarrollado. Aunque, como se ha indicado, el trabajo debe ser desarrollado por el alumnado de manera personal e individual, el\/la tutor\/a har\u00e1 un seguimiento continuado del progreso conseguido.<\/p>\n<p>El TFM que podr\u00e1 realizarse en ingl\u00e9s o espa\u00f1ol.<\/p>\n<p><strong>Cr\u00e9ditos asignados al trabajo final:\u00a012 ECTS<\/strong><\/p>\n\t\t\t\t\t\t\t\t<\/div>\n\t\t\t\t<\/div>\n\t\t\t\t\t<\/div>\n\t\t<\/div>\n\t\t\t\t\t<\/div>\n\t\t<\/section>\n\t\t\t\t<section class=\"elementor-section elementor-inner-section elementor-element elementor-element-08bb7d0 elementor-section-full_width elementor-hidden-mobile elementor-section-height-default elementor-section-height-default\" data-id=\"08bb7d0\" data-element_type=\"section\" data-e-type=\"section\">\n\t\t\t\t\t\t<div class=\"elementor-container elementor-column-gap-default\">\n\t\t\t\t\t<div class=\"elementor-column elementor-col-100 elementor-inner-column elementor-element elementor-element-49adb54\" data-id=\"49adb54\" data-element_type=\"column\" data-e-type=\"column\">\n\t\t\t<div class=\"elementor-widget-wrap elementor-element-populated\">\n\t\t\t\t\t\t<div class=\"elementor-element elementor-element-c04951d elementor-widget elementor-widget-heading\" data-id=\"c04951d\" data-element_type=\"widget\" data-e-type=\"widget\" data-widget_type=\"heading.default\">\n\t\t\t\t<div class=\"elementor-widget-container\">\n\t\t\t\t\t<h3 class=\"elementor-heading-title elementor-size-default\">Metodolog\u00eda y evaluaci\u00f3n<\/h3>\t\t\t\t<\/div>\n\t\t\t\t<\/div>\n\t\t\t\t<div class=\"elementor-element elementor-element-5675f78 elementor-widget elementor-widget-text-editor\" data-id=\"5675f78\" data-element_type=\"widget\" data-e-type=\"widget\" data-widget_type=\"text-editor.default\">\n\t\t\t\t<div class=\"elementor-widget-container\">\n\t\t\t\t\t\t\t\t\t<div class=\"elementoSeccion element elemento_metodologia\">\n<div class=\"texto\">\n<p>El\u00a0<strong>M\u00e1ster en Planificaci\u00f3n, Econom\u00eda y Operaci\u00f3n del Transporte<\/strong>\u00a0se desarrollar\u00e1 \u00edntegramente a distancia, a trav\u00e9s de la herramienta Aula Virtual proporcionada por la Universidad Pablo de Olavide. Para poder acceder a la misma, a cada estudiante se le proporcionar\u00e1 un nombre de usuario y una clave de acceso. Los documentos a los que se puede acceder a trav\u00e9s del Aula Virtual est\u00e1n sujetos a la protecci\u00f3n de los derechos de autor, y se proh\u00edbe su difusi\u00f3n por cualquier medio, salvo en caso de que se cuente con la autorizaci\u00f3n expresa del autor\/a.<\/p>\n<p>Todos los m\u00f3dulos y asignaturas estar\u00e1n\u00a0<strong>tutorizados<\/strong>\u00a0por docentes que se encargan de elaborar los contenidos, casos pr\u00e1cticos y puntuar las pruebas de evaluaci\u00f3n.<\/p>\n<p>El hecho de que el M\u00e1ster se ofrezca on-line no puede ir en detrimento del nivel de exigencia, por ello se establecer\u00e1 un\u00a0<strong>calendario de referencia<\/strong>. Se dispondr\u00e1 de al menos unas 30 horas (8 d\u00edas) por m\u00f3dulo, per\u00edodo en el que el alumnado dispondr\u00e1 de tiempo para el estudio del material te\u00f3rico, la contestaci\u00f3n del cuestionario y, en su caso, la resoluci\u00f3n de los casos pr\u00e1cticos.<\/p>\n<p>Adem\u00e1s, para la obtenci\u00f3n del t\u00edtulo de M\u00e1ster ser\u00e1 necesario:<\/p>\n<ul>\n<li>Elaborar, bajo la supervisi\u00f3n de un profesor\/a tutor\/a, un\u00a0<strong>Trabajo Fin de M\u00e1ster<\/strong>, que consistir\u00e1 en un trabajo de investigaci\u00f3n relacionado con la tem\u00e1tica del curso.<\/li>\n<li>Realizar\u00a0<strong>pr\u00e1cticas en una empresa del sector<\/strong>\u00a0de entre las propuestas por la direcci\u00f3n o bien en una empresa propuesta por el\/la estudiante. A su vez, las pr\u00e1cticas en empresa pueden ser reemplazadas por la realizaci\u00f3n de dos asignaturas optativas eminentemente pr\u00e1cticas.<\/li>\n<\/ul>\n<\/div>\n<\/div>\n<h5>Evaluaci\u00f3n<\/h5>\n<h4><\/h4>\n<div class=\"elementoSeccion element elemento_evaluacion\">\n<div class=\"texto\">\n<p>La evaluaci\u00f3n se calcular\u00e1 en funci\u00f3n a los siguientes porcentajes:<\/p>\n<ul>\n<li>\n<div>Asistencia: 5%<\/div>\n<\/li>\n<li>\n<div>Pruebas te\u00f3ricas: 20%<\/div>\n<\/li>\n<li>Actividades pr\u00e1cticas: 25%<\/li>\n<li>\n<div>Pr\u00e1cticas en empresa: 25%<\/div>\n<\/li>\n<li>\n<div>Trabajo Fin de M\u00e1ster: 25%<\/div>\n<\/li>\n<\/ul>\n<\/div>\n<\/div>\n\t\t\t\t\t\t\t\t<\/div>\n\t\t\t\t<\/div>\n\t\t\t\t\t<\/div>\n\t\t<\/div>\n\t\t\t\t\t<\/div>\n\t\t<\/section>\n\t\t\t\t<section class=\"elementor-section elementor-inner-section elementor-element elementor-element-f0bf854 elementor-section-full_width elementor-section-height-default elementor-section-height-default\" data-id=\"f0bf854\" data-element_type=\"section\" data-e-type=\"section\">\n\t\t\t\t\t\t<div class=\"elementor-container elementor-column-gap-default\">\n\t\t\t\t\t<div class=\"elementor-column elementor-col-100 elementor-inner-column elementor-element elementor-element-cbdf028\" data-id=\"cbdf028\" data-element_type=\"column\" data-e-type=\"column\">\n\t\t\t<div class=\"elementor-widget-wrap elementor-element-populated\">\n\t\t\t\t\t\t<div class=\"elementor-element elementor-element-3fb48d4 elementor-widget elementor-widget-heading\" data-id=\"3fb48d4\" data-element_type=\"widget\" data-e-type=\"widget\" data-widget_type=\"heading.default\">\n\t\t\t\t<div class=\"elementor-widget-container\">\n\t\t\t\t\t<h3 class=\"elementor-heading-title elementor-size-default\">Requisitos y perfil de acceso<\/h3>\t\t\t\t<\/div>\n\t\t\t\t<\/div>\n\t\t\t\t<div class=\"elementor-element elementor-element-abe8c0e elementor-widget elementor-widget-text-editor\" data-id=\"abe8c0e\" data-element_type=\"widget\" data-e-type=\"widget\" data-widget_type=\"text-editor.default\">\n\t\t\t\t<div class=\"elementor-widget-container\">\n\t\t\t\t\t\t\t\t\t<h5><strong>Titulaci\u00f3n requerida<\/strong><\/h5>\n<p>Podr\u00e1n acceder a los estudios de M\u00e1ster de Formaci\u00f3n Permanente:<\/p>\n<ul>\n<li>Quienes est\u00e9n en posesi\u00f3n de un t\u00edtulo universitario de Grado espa\u00f1ol o equivalente.<\/li>\n<li>Quienes est\u00e9n en posesi\u00f3n de un t\u00edtulo expedido por una instituci\u00f3n de educaci\u00f3n superior del Espacio Europeo de Educaci\u00f3n Superior, que otorgue acceso a ense\u00f1anzas oficiales de Postgrado.<\/li>\n<li>Quienes est\u00e9n en posesi\u00f3n de un t\u00edtulo conforme a sistemas educativos ajenos al Espacio Europeo de Educaci\u00f3n Superior, que acredite un nivel de formaci\u00f3n equivalente a los correspondientes T\u00edtulos universitarios oficiales espa\u00f1oles de Grado, y que facultan en el pa\u00eds expedidor del t\u00edtulo para el acceso a ense\u00f1anzas de Postgrado. *<\/li>\n<li>Quienes acrediten haber superado al menos 180 cr\u00e9ditos ECTS correspondientes a ense\u00f1anzas oficiales de Grado. En este caso, para que el estudiante obtenga su t\u00edtulo, debe haber terminado sus estudios de Grado antes de la finalizaci\u00f3n del M\u00e1ster.<\/li>\n<li>Excepcionalmente, quienes acrediten experiencia profesional demostrada en un \u00e1mbito relacionado con el contenido del t\u00edtulo. Esta admisi\u00f3n estar\u00e1 condicionada a la autorizaci\u00f3n por la Comisi\u00f3n de Postgrado de la Universidad Pablo de Olavide.<\/li>\n<\/ul>\n<p><em>*No es necesario que estos t\u00edtulos se encuentren homologados en Espa\u00f1a.<\/em><\/p>\n<h5><strong>\u00a0Perfil de acceso<\/strong><\/h5>\n<h4><\/h4>\n<p>El perfil de ingreso a este M\u00e1ster es el de un\/a estudiante con una formaci\u00f3n previa de grado o equivalente, fundamentalmente en los \u00e1mbitos de:<\/p>\n<ul>\n<li>\n<div><strong>Ingenier\u00eda Civil, Industrial y de Caminos, Canales y Puertos<\/strong>.<\/div>\n<\/li>\n<li>\n<div><strong>Econom\u00eda, Administraci\u00f3n de Empresas, Arquitectura o Geograf\u00eda.<\/strong><\/div>\n<\/li>\n<li>\n<div><strong>Profesionales que en la actualidad est\u00e9n trabajando en el sector de los transportes<\/strong>\u00a0y que sin encontrarse en posesi\u00f3n de una titulaci\u00f3n universitaria poseen de amplia experiencia profesional que les faculte para el acceso a un M\u00e1ster.<\/div>\n<\/li>\n<\/ul>\n<p>Son necesarios conocimientos de ingl\u00e9s (equivalente al nivel B1 o superior del Marco Europeo Com\u00fan de referencia para el conocimiento de las lenguas).<\/p>\n\t\t\t\t\t\t\t\t<\/div>\n\t\t\t\t<\/div>\n\t\t\t\t\t<\/div>\n\t\t<\/div>\n\t\t\t\t\t<\/div>\n\t\t<\/section>\n\t\t\t\t<section class=\"elementor-section elementor-inner-section elementor-element elementor-element-01ca511 elementor-section-full_width elementor-section-height-default elementor-section-height-default\" data-id=\"01ca511\" data-element_type=\"section\" data-e-type=\"section\">\n\t\t\t\t\t\t<div class=\"elementor-container elementor-column-gap-default\">\n\t\t\t\t\t<div class=\"elementor-column elementor-col-100 elementor-inner-column elementor-element elementor-element-02d55c3\" data-id=\"02d55c3\" data-element_type=\"column\" data-e-type=\"column\">\n\t\t\t<div class=\"elementor-widget-wrap elementor-element-populated\">\n\t\t\t\t\t\t<div class=\"elementor-element elementor-element-6daa241 elementor-widget elementor-widget-heading\" data-id=\"6daa241\" data-element_type=\"widget\" data-e-type=\"widget\" data-widget_type=\"heading.default\">\n\t\t\t\t<div class=\"elementor-widget-container\">\n\t\t\t\t\t<h3 class=\"elementor-heading-title elementor-size-default\">Horario<\/h3>\t\t\t\t<\/div>\n\t\t\t\t<\/div>\n\t\t\t\t<div class=\"elementor-element elementor-element-932e5e6 elementor-widget elementor-widget-text-editor\" data-id=\"932e5e6\" data-element_type=\"widget\" data-e-type=\"widget\" data-widget_type=\"text-editor.default\">\n\t\t\t\t<div class=\"elementor-widget-container\">\n\t\t\t\t\t\t\t\t\t<p>Este M\u00e1ster se desarrollar\u00e1\u00a0<strong>del 6 de noviembre de 2025 al 13 de julio de 2026<\/strong>.<\/p>\n<p>Las clases ser\u00e1n 100% online. Con car\u00e1cter voluntario se organizar\u00e1n sesiones presenciales online de 16.00 a 20.00 horas al inicio de cada tema.<\/p>\n\t\t\t\t\t\t\t\t<\/div>\n\t\t\t\t<\/div>\n\t\t\t\t\t<\/div>\n\t\t<\/div>\n\t\t\t\t\t<\/div>\n\t\t<\/section>\n\t\t\t\t<section class=\"elementor-section elementor-inner-section elementor-element elementor-element-b22dffd elementor-section-full_width elementor-section-height-default elementor-section-height-default\" data-id=\"b22dffd\" data-element_type=\"section\" data-e-type=\"section\">\n\t\t\t\t\t\t<div class=\"elementor-container elementor-column-gap-default\">\n\t\t\t\t\t<div class=\"elementor-column elementor-col-100 elementor-inner-column elementor-element elementor-element-6012d34\" data-id=\"6012d34\" data-element_type=\"column\" data-e-type=\"column\">\n\t\t\t<div class=\"elementor-widget-wrap elementor-element-populated\">\n\t\t\t\t\t\t<div class=\"elementor-element elementor-element-03a11f1 elementor-widget elementor-widget-heading\" data-id=\"03a11f1\" data-element_type=\"widget\" data-e-type=\"widget\" data-widget_type=\"heading.default\">\n\t\t\t\t<div class=\"elementor-widget-container\">\n\t\t\t\t\t<h3 class=\"elementor-heading-title elementor-size-default\">Precios y ayuda<\/h3>\t\t\t\t<\/div>\n\t\t\t\t<\/div>\n\t\t\t\t<div class=\"elementor-element elementor-element-f8b4ff4 elementor-widget elementor-widget-text-editor\" data-id=\"f8b4ff4\" data-element_type=\"widget\" data-e-type=\"widget\" data-widget_type=\"text-editor.default\">\n\t\t\t\t<div class=\"elementor-widget-container\">\n\t\t\t\t\t\t\t\t\t<h5><strong>Tasas<\/strong><\/h5>\n<p>2.950,20 \u20ac<\/p>\n<ul>\n<li>Este importe no incluye las\u00a0<strong>tasas de expedici\u00f3n del t\u00edtulo<\/strong>, puede acceder a la informaci\u00f3n en el\u00a0<a href=\"https:\/\/www.upo.es\/formacionpermanente\/titulos-propios\/como-solicitar-el-titulo-o-diploma-de-un-titulo-propio\/\" target=\"_blank\" rel=\"noopener\">siguiente enlace.<\/a><\/li>\n<li>Este importe no incluye las\u00a0<strong>tasas de expedici\u00f3n del carnet de estudiante<\/strong>, puede acceder a la informaci\u00f3n desde el\u00a0<a href=\"https:\/\/www.upo.es\/formacionpermanente\/titulos-propios\/carnet-de-estudiante-para-titulos-propios\/\" target=\"_blank\" rel=\"noopener\">siguiente enlace<\/a>.<\/li>\n<\/ul>\n<h5>\u00a0Pagos<\/h5>\n<h5><\/h5>\n<ul>\n<li>Reserva de plaza:\u00a0<strong>442,53 \u20ac<br \/>\n<\/strong><\/li>\n<li>Matr\u00edcula (una vez comunicada la admisi\u00f3n y antes del inicio del programa):<strong> 1.253,84 \u20ac<br \/>\n<\/strong><\/li>\n<li>Primer plazo fraccionado (febrero de 2026): <strong>626,92 \u20ac<br \/>\n<\/strong><\/li>\n<li>Segundo plazo fraccionado (abril de 2026): <strong>626,91 \u20ac<br \/>\n<\/strong><\/li>\n<\/ul>\n<p>El pago fraccionado no exime del abono completo de las tasas una vez iniciado el programa. Para consultar los motivos de devoluci\u00f3n de la Reserva de Plaza puede hacerlo desde\u00a0<a href=\"https:\/\/www.upo.es\/formacionpermanente\/wp-content\/imagenes\/uploads\/2025\/01\/BUPO-13-2024_Instruccion-Reserva-de-Plaza.pdf\" target=\"_blank\" rel=\"noopener\">aqu\u00ed.<\/a><\/p>\n<h5><strong>Ayudas al estudio<\/strong><\/h5>\n<p>Todos los programas de T\u00edtulos Propios ofrecen la posibilidad de solicitar una ayuda al estudio. Puede consultar la informaci\u00f3n completa y la fecha de la convocatoria <a href=\"https:\/\/www.upo.es\/formacionpermanente\/titulos-propios\/ayudas-al-estudio-para-titulos-propios\/\">aqu\u00ed<\/a>.<\/p>\n\t\t\t\t\t\t\t\t<\/div>\n\t\t\t\t<\/div>\n\t\t\t\t\t<\/div>\n\t\t<\/div>\n\t\t\t\t\t<\/div>\n\t\t<\/section>\n\t\t\t\t<section class=\"elementor-section elementor-inner-section elementor-element elementor-element-4a4934a elementor-section-full_width elementor-section-height-default elementor-section-height-default\" data-id=\"4a4934a\" data-element_type=\"section\" data-e-type=\"section\">\n\t\t\t\t\t\t<div class=\"elementor-container elementor-column-gap-default\">\n\t\t\t\t\t<div class=\"elementor-column elementor-col-100 elementor-inner-column elementor-element elementor-element-b340165\" data-id=\"b340165\" data-element_type=\"column\" data-e-type=\"column\">\n\t\t\t<div class=\"elementor-widget-wrap elementor-element-populated\">\n\t\t\t\t\t\t<div class=\"elementor-element elementor-element-19a643c elementor-widget elementor-widget-heading\" data-id=\"19a643c\" data-element_type=\"widget\" data-e-type=\"widget\" data-widget_type=\"heading.default\">\n\t\t\t\t<div class=\"elementor-widget-container\">\n\t\t\t\t\t<h3 class=\"elementor-heading-title elementor-size-default\">\u00bfTienes alguna duda? Contacta con nosotros<\/h3>\t\t\t\t<\/div>\n\t\t\t\t<\/div>\n\t\t\t\t\t<\/div>\n\t\t<\/div>\n\t\t\t\t\t<\/div>\n\t\t<\/section>\n\t\t\t\t<section class=\"elementor-section elementor-inner-section elementor-element elementor-element-0459369 elementor-section-boxed elementor-section-height-default elementor-section-height-default\" data-id=\"0459369\" data-element_type=\"section\" data-e-type=\"section\">\n\t\t\t\t\t\t<div class=\"elementor-container elementor-column-gap-default\">\n\t\t\t\t\t<div class=\"elementor-column elementor-col-50 elementor-inner-column elementor-element elementor-element-24e6a20\" data-id=\"24e6a20\" data-element_type=\"column\" data-e-type=\"column\">\n\t\t\t<div class=\"elementor-widget-wrap elementor-element-populated\">\n\t\t\t\t\t\t<div class=\"elementor-element elementor-element-5a90a2f elementor-widget elementor-widget-text-editor\" data-id=\"5a90a2f\" data-element_type=\"widget\" data-e-type=\"widget\" data-widget_type=\"text-editor.default\">\n\t\t\t\t<div class=\"elementor-widget-container\">\n\t\t\t\t\t\t\t\t\t<h5><strong>Para informaci\u00f3n acad\u00e9mica:<\/strong><\/h5>\t\t\t\t\t\t\t\t<\/div>\n\t\t\t\t<\/div>\n\t\t\t\t<div class=\"elementor-element elementor-element-88564de elementor-widget elementor-widget-text-editor\" data-id=\"88564de\" data-element_type=\"widget\" data-e-type=\"widget\" data-widget_type=\"text-editor.default\">\n\t\t\t\t<div class=\"elementor-widget-container\">\n\t\t\t\t\t\t\t\t\tAlfredo Garc\u00eda Hern\u00e1ndez-D\u00edaz\t\t\t\t\t\t\t\t<\/div>\n\t\t\t\t<\/div>\n\t\t\t\t<div class=\"elementor-element elementor-element-083f0db elementor-widget elementor-widget-text-editor\" data-id=\"083f0db\" data-element_type=\"widget\" data-e-type=\"widget\" data-widget_type=\"text-editor.default\">\n\t\t\t\t<div class=\"elementor-widget-container\">\n\t\t\t\t\t\t\t\t\tagarher@upo.es\t\t\t\t\t\t\t\t<\/div>\n\t\t\t\t<\/div>\n\t\t\t\t\t<\/div>\n\t\t<\/div>\n\t\t\t\t<div class=\"elementor-column elementor-col-50 elementor-inner-column elementor-element elementor-element-67a683c\" data-id=\"67a683c\" data-element_type=\"column\" data-e-type=\"column\">\n\t\t\t<div class=\"elementor-widget-wrap elementor-element-populated\">\n\t\t\t\t\t\t<div class=\"elementor-element elementor-element-49ec0a4 elementor-widget elementor-widget-text-editor\" data-id=\"49ec0a4\" data-element_type=\"widget\" data-e-type=\"widget\" data-widget_type=\"text-editor.default\">\n\t\t\t\t<div class=\"elementor-widget-container\">\n\t\t\t\t\t\t\t\t\t<h5>Para informaci\u00f3n administrativa:<\/h5><p>\u00c1rea de T\u00edtulos Propios<br \/>Tel: +34 954348963 \/ +34 954349066<br \/>titulospropios@fundacion.upo.es<\/p>\t\t\t\t\t\t\t\t<\/div>\n\t\t\t\t<\/div>\n\t\t\t\t\t<\/div>\n\t\t<\/div>\n\t\t\t\t\t<\/div>\n\t\t<\/section>\n\t\t\t\t<section class=\"elementor-section elementor-inner-section elementor-element elementor-element-172ded8 elementor-section-full_width elementor-section-height-default elementor-section-height-default\" data-id=\"172ded8\" data-element_type=\"section\" data-e-type=\"section\" data-settings=\"{&quot;background_background&quot;:&quot;classic&quot;}\">\n\t\t\t\t\t\t<div class=\"elementor-container elementor-column-gap-wider\">\n\t\t\t\t\t<div class=\"elementor-column elementor-col-50 elementor-inner-column elementor-element elementor-element-f10af79\" data-id=\"f10af79\" data-element_type=\"column\" data-e-type=\"column\">\n\t\t\t<div class=\"elementor-widget-wrap elementor-element-populated\">\n\t\t\t\t\t\t<div class=\"elementor-element elementor-element-1c0fd77 elementor-widget elementor-widget-image\" data-id=\"1c0fd77\" data-element_type=\"widget\" data-e-type=\"widget\" data-widget_type=\"image.default\">\n\t\t\t\t<div class=\"elementor-widget-container\">\n\t\t\t\t\t\t\t\t\t\t\t\t\t\t\t<img loading=\"lazy\" decoding=\"async\" width=\"768\" height=\"353\" src=\"https:\/\/www.upo.es\/formacionpermanente\/wp-content\/imagenes\/uploads\/2024\/02\/Calidad-Web-768x353.png\" class=\"attachment-medium_large size-medium_large wp-image-38133\" alt=\"\" srcset=\"https:\/\/www.upo.es\/formacionpermanente\/wp-content\/imagenes\/uploads\/2024\/02\/Calidad-Web-768x353.png 768w, https:\/\/www.upo.es\/formacionpermanente\/wp-content\/imagenes\/uploads\/2024\/02\/Calidad-Web-300x138.png 300w, https:\/\/www.upo.es\/formacionpermanente\/wp-content\/imagenes\/uploads\/2024\/02\/Calidad-Web.png 800w\" sizes=\"(max-width: 768px) 100vw, 768px\" \/>\t\t\t\t\t\t\t\t\t\t\t\t\t\t\t<\/div>\n\t\t\t\t<\/div>\n\t\t\t\t<div class=\"elementor-element elementor-element-e536d30 elementor-align-center elementor-widget elementor-widget-button\" data-id=\"e536d30\" data-element_type=\"widget\" data-e-type=\"widget\" data-widget_type=\"button.default\">\n\t\t\t\t<div class=\"elementor-widget-container\">\n\t\t\t\t\t\t\t\t\t<div class=\"elementor-button-wrapper\">\n\t\t\t\t\t<a class=\"elementor-button elementor-button-link elementor-size-sm\" href=\"https:\/\/www.upo.es\/formacionpermanente\/wp-content\/imagenes\/uploads\/2024\/09\/calidad-fupo-20242025.pdf\" target=\"_blank\">\n\t\t\t\t\t\t<span class=\"elementor-button-content-wrapper\">\n\t\t\t\t\t\t\t\t\t<span class=\"elementor-button-text\">Ver Certificado<\/span>\n\t\t\t\t\t<\/span>\n\t\t\t\t\t<\/a>\n\t\t\t\t<\/div>\n\t\t\t\t\t\t\t\t<\/div>\n\t\t\t\t<\/div>\n\t\t\t\t\t<\/div>\n\t\t<\/div>\n\t\t\t\t<div class=\"elementor-column elementor-col-50 elementor-inner-column elementor-element elementor-element-0967d87\" data-id=\"0967d87\" data-element_type=\"column\" data-e-type=\"column\">\n\t\t\t<div class=\"elementor-widget-wrap elementor-element-populated\">\n\t\t\t\t\t\t<div class=\"elementor-element elementor-element-aca8473 elementor-widget elementor-widget-heading\" data-id=\"aca8473\" data-element_type=\"widget\" data-e-type=\"widget\" data-widget_type=\"heading.default\">\n\t\t\t\t<div class=\"elementor-widget-container\">\n\t\t\t\t\t<h3 class=\"elementor-heading-title elementor-size-default\">Certificaci\u00f3n de Calidad - AENOR ISO 9001<\/h3>\t\t\t\t<\/div>\n\t\t\t\t<\/div>\n\t\t\t\t<div class=\"elementor-element elementor-element-6481bfb elementor-widget elementor-widget-text-editor\" data-id=\"6481bfb\" data-element_type=\"widget\" data-e-type=\"widget\" data-widget_type=\"text-editor.default\">\n\t\t\t\t<div class=\"elementor-widget-container\">\n\t\t\t\t\t\t\t\t\t<div data-id=\"5b61699\" data-element_type=\"widget\" data-widget_type=\"text-editor.default\"><div><p>La <strong>Fundaci\u00f3n Universidad Pablo de Olavide<\/strong>, ha asumido su compromiso con la gesti\u00f3n de la calidad desde el a\u00f1o 2003, fecha en la que se obtuvo por primera vez la certificaci\u00f3n de su <strong>Sistema de Gesti\u00f3n de la Calidad<\/strong>. Desde ese momento, se ha apostado por un proceso de mejora continua que ha permitido la evoluci\u00f3n del sistema de gesti\u00f3n de la Fundaci\u00f3n en sus nuevos retos operativos, conforme siempre a los est\u00e1ndares de calidad de la normas ISO.<\/p><p>El alcance del Certificado de Calidad de la Fundaci\u00f3n recoge las actividades de <strong>Gesti\u00f3n de Pr\u00e1cticas Acad\u00e9micas Externas<\/strong> (Curriculares y Extracurriculares) y <strong>Gesti\u00f3n de Formaci\u00f3n Permanente<\/strong> (T\u00edtulos Propios y Microcredenciales).<\/p><\/div><\/div>\t\t\t\t\t\t\t\t<\/div>\n\t\t\t\t<\/div>\n\t\t\t\t\t<\/div>\n\t\t<\/div>\n\t\t\t\t\t<\/div>\n\t\t<\/section>\n\t\t\t\t\t<\/div>\n\t\t<\/div>\n\t\t\t\t<div class=\"elementor-column elementor-col-50 elementor-top-column elementor-element elementor-element-214eae4\" data-id=\"214eae4\" data-element_type=\"column\" data-e-type=\"column\" data-settings=\"{&quot;background_background&quot;:&quot;classic&quot;}\">\n\t\t\t<div class=\"elementor-widget-wrap elementor-element-populated\">\n\t\t\t\t\t\t<section class=\"elementor-section elementor-inner-section elementor-element elementor-element-8e58470 elementor-section-full_width elementor-hidden-tablet elementor-hidden-mobile elementor-section-height-default elementor-section-height-default\" data-id=\"8e58470\" data-element_type=\"section\" data-e-type=\"section\" data-settings=\"{&quot;sticky&quot;:&quot;top&quot;,&quot;sticky_on&quot;:[&quot;desktop&quot;],&quot;sticky_parent&quot;:&quot;yes&quot;,&quot;sticky_offset&quot;:50,&quot;sticky_effects_offset&quot;:0,&quot;sticky_anchor_link_offset&quot;:0}\">\n\t\t\t\t\t\t<div class=\"elementor-container elementor-column-gap-no\">\n\t\t\t\t\t<div class=\"elementor-column elementor-col-100 elementor-inner-column elementor-element elementor-element-db52cce\" data-id=\"db52cce\" data-element_type=\"column\" data-e-type=\"column\">\n\t\t\t<div class=\"elementor-widget-wrap elementor-element-populated\">\n\t\t\t\t\t\t<div class=\"elementor-element elementor-element-7c690a9 elementor-widget elementor-widget-heading\" data-id=\"7c690a9\" data-element_type=\"widget\" data-e-type=\"widget\" data-widget_type=\"heading.default\">\n\t\t\t\t<div class=\"elementor-widget-container\">\n\t\t\t\t\t<h4 class=\"elementor-heading-title elementor-size-default\">Modalidad<\/h4>\t\t\t\t<\/div>\n\t\t\t\t<\/div>\n\t\t\t\t<div class=\"elementor-element elementor-element-e09e5ee elementor-widget elementor-widget-heading\" data-id=\"e09e5ee\" data-element_type=\"widget\" data-e-type=\"widget\" data-widget_type=\"heading.default\">\n\t\t\t\t<div class=\"elementor-widget-container\">\n\t\t\t\t\t<h5 class=\"elementor-heading-title elementor-size-default\">Online<\/h5>\t\t\t\t<\/div>\n\t\t\t\t<\/div>\n\t\t\t\t<div class=\"elementor-element elementor-element-33231d5 elementor-widget elementor-widget-heading\" data-id=\"33231d5\" data-element_type=\"widget\" data-e-type=\"widget\" data-widget_type=\"heading.default\">\n\t\t\t\t<div class=\"elementor-widget-container\">\n\t\t\t\t\t<h4 class=\"elementor-heading-title elementor-size-default\">Inicio del curso<\/h4>\t\t\t\t<\/div>\n\t\t\t\t<\/div>\n\t\t\t\t<div class=\"elementor-element elementor-element-91e4468 elementor-widget elementor-widget-heading\" data-id=\"91e4468\" data-element_type=\"widget\" data-e-type=\"widget\" data-widget_type=\"heading.default\">\n\t\t\t\t<div class=\"elementor-widget-container\">\n\t\t\t\t\t<h5 class=\"elementor-heading-title elementor-size-default\">06\/11\/2025<\/h5>\t\t\t\t<\/div>\n\t\t\t\t<\/div>\n\t\t\t\t<div class=\"elementor-element elementor-element-dc5ecef elementor-widget elementor-widget-heading\" data-id=\"dc5ecef\" data-element_type=\"widget\" data-e-type=\"widget\" data-widget_type=\"heading.default\">\n\t\t\t\t<div class=\"elementor-widget-container\">\n\t\t\t\t\t<h4 class=\"elementor-heading-title elementor-size-default\">Calendario acad\u00e9mico<\/h4>\t\t\t\t<\/div>\n\t\t\t\t<\/div>\n\t\t\t\t<div class=\"elementor-element elementor-element-d2ebbb3 elementor-align-left elementor-widget elementor-widget-button\" data-id=\"d2ebbb3\" data-element_type=\"widget\" data-e-type=\"widget\" data-widget_type=\"button.default\">\n\t\t\t\t<div class=\"elementor-widget-container\">\n\t\t\t\t\t\t\t\t\t<div class=\"elementor-button-wrapper\">\n\t\t\t\t\t<a class=\"elementor-button elementor-button-link elementor-size-md\" href=\"https:\/\/www.upo.es\/formacionpermanente\/wp-content\/imagenes\/uploads\/2025\/02\/M2025-11_Calendario.pdf\">\n\t\t\t\t\t\t<span class=\"elementor-button-content-wrapper\">\n\t\t\t\t\t\t\t\t\t<span class=\"elementor-button-text\">Haz clic aqu\u00ed para consultar<\/span>\n\t\t\t\t\t<\/span>\n\t\t\t\t\t<\/a>\n\t\t\t\t<\/div>\n\t\t\t\t\t\t\t\t<\/div>\n\t\t\t\t<\/div>\n\t\t\t\t<div class=\"elementor-element elementor-element-bf8e7f6 elementor-widget elementor-widget-heading\" data-id=\"bf8e7f6\" data-element_type=\"widget\" data-e-type=\"widget\" data-widget_type=\"heading.default\">\n\t\t\t\t<div class=\"elementor-widget-container\">\n\t\t\t\t\t<h4 class=\"elementor-heading-title elementor-size-default\">Cr\u00e9ditos<\/h4>\t\t\t\t<\/div>\n\t\t\t\t<\/div>\n\t\t\t\t<div class=\"elementor-element elementor-element-f33fd53 elementor-widget elementor-widget-heading\" data-id=\"f33fd53\" data-element_type=\"widget\" data-e-type=\"widget\" data-widget_type=\"heading.default\">\n\t\t\t\t<div class=\"elementor-widget-container\">\n\t\t\t\t\t<h5 class=\"elementor-heading-title elementor-size-default\">90 ECTS<\/h5>\t\t\t\t<\/div>\n\t\t\t\t<\/div>\n\t\t\t\t<div class=\"elementor-element elementor-element-4227d21 elementor-widget elementor-widget-heading\" data-id=\"4227d21\" data-element_type=\"widget\" data-e-type=\"widget\" data-widget_type=\"heading.default\">\n\t\t\t\t<div class=\"elementor-widget-container\">\n\t\t\t\t\t<h4 class=\"elementor-heading-title elementor-size-default\">Precio del curso<\/h4>\t\t\t\t<\/div>\n\t\t\t\t<\/div>\n\t\t\t\t<div class=\"elementor-element elementor-element-04c0336 elementor-widget elementor-widget-heading\" data-id=\"04c0336\" data-element_type=\"widget\" data-e-type=\"widget\" data-widget_type=\"heading.default\">\n\t\t\t\t<div class=\"elementor-widget-container\">\n\t\t\t\t\t<h5 class=\"elementor-heading-title elementor-size-default\">2.950,20 \u20ac<\/h5>\t\t\t\t<\/div>\n\t\t\t\t<\/div>\n\t\t\t\t<div data-dce-title-color=\"#00335B\" class=\"elementor-element elementor-element-8363b78 elementor-cta--skin-cover elementor-cta--valign-middle elementor-bg-transform elementor-bg-transform-zoom-out elementor-widget elementor-widget-call-to-action\" data-id=\"8363b78\" data-element_type=\"widget\" data-e-type=\"widget\" data-widget_type=\"call-to-action.default\">\n\t\t\t\t<div class=\"elementor-widget-container\">\n\t\t\t\t\t\t\t<a class=\"elementor-cta\" href=\"#elementor-action%3Aaction%3Dpopup%3Aopen%26settings%3DeyJpZCI6IjE5MTA1IiwidG9nZ2xlIjpmYWxzZX0%3D\">\n\t\t\t\t\t<div class=\"elementor-cta__bg-wrapper\">\n\t\t\t\t<div class=\"elementor-cta__bg elementor-bg\" style=\"background-image: url(https:\/\/www.upo.es\/formacionpermanente\/wp-content\/imagenes\/uploads\/2022\/10\/microcredenciales-1.jpg);\" role=\"img\" aria-label=\"microcredenciales-1\"><\/div>\n\t\t\t\t<div class=\"elementor-cta__bg-overlay\"><\/div>\n\t\t\t<\/div>\n\t\t\t\t\t\t\t<div class=\"elementor-cta__content\">\n\t\t\t\t\n\t\t\t\t\t\t\t\t\t<h2 class=\"elementor-cta__title elementor-cta__content-item elementor-content-item\">\n\t\t\t\t\t\t\u00bfNecesitas m\u00e1s informaci\u00f3n?\t\t\t\t\t<\/h2>\n\t\t\t\t\n\t\t\t\t\t\t\t\t\t<div class=\"elementor-cta__description elementor-cta__content-item elementor-content-item\">\n\t\t\t\t\t\t\u00bfTienes alguna duda sobre este t\u00edtulo propio? \u00bfQuieres que te avisemos de la pr\u00f3xima edici\u00f3n?\t\t\t\t\t<\/div>\n\t\t\t\t\n\t\t\t\t\t\t\t\t\t<div class=\"elementor-cta__button-wrapper elementor-cta__content-item elementor-content-item \">\n\t\t\t\t\t<span class=\"elementor-cta__button elementor-button elementor-size-md\">\n\t\t\t\t\t\tContacta con nosotros\t\t\t\t\t<\/span>\n\t\t\t\t\t<\/div>\n\t\t\t\t\t\t\t<\/div>\n\t\t\t\t\t\t<\/a>\n\t\t\t\t\t\t<\/div>\n\t\t\t\t<\/div>\n\t\t\t\t\t<\/div>\n\t\t<\/div>\n\t\t\t\t\t<\/div>\n\t\t<\/section>\n\t\t\t\t<section class=\"elementor-section elementor-inner-section elementor-element elementor-element-eb5decd elementor-section-full_width elementor-section-content-middle elementor-hidden-desktop elementor-section-height-default elementor-section-height-default\" data-id=\"eb5decd\" data-element_type=\"section\" data-e-type=\"section\" data-settings=\"{&quot;sticky&quot;:&quot;top&quot;,&quot;sticky_on&quot;:[&quot;desktop&quot;],&quot;sticky_parent&quot;:&quot;yes&quot;,&quot;sticky_offset&quot;:0,&quot;sticky_effects_offset&quot;:0,&quot;sticky_anchor_link_offset&quot;:0}\">\n\t\t\t\t\t\t<div class=\"elementor-container elementor-column-gap-extended\">\n\t\t\t\t\t<div class=\"elementor-column elementor-col-25 elementor-inner-column elementor-element elementor-element-df39516\" data-id=\"df39516\" data-element_type=\"column\" data-e-type=\"column\">\n\t\t\t<div class=\"elementor-widget-wrap elementor-element-populated\">\n\t\t\t\t\t\t<div class=\"elementor-element elementor-element-5ef5f4d elementor-widget elementor-widget-heading\" data-id=\"5ef5f4d\" data-element_type=\"widget\" data-e-type=\"widget\" data-widget_type=\"heading.default\">\n\t\t\t\t<div class=\"elementor-widget-container\">\n\t\t\t\t\t<h4 class=\"elementor-heading-title elementor-size-default\">Modalidad<\/h4>\t\t\t\t<\/div>\n\t\t\t\t<\/div>\n\t\t\t\t<div class=\"elementor-element elementor-element-8aa4a41 elementor-widget elementor-widget-heading\" data-id=\"8aa4a41\" data-element_type=\"widget\" data-e-type=\"widget\" data-widget_type=\"heading.default\">\n\t\t\t\t<div class=\"elementor-widget-container\">\n\t\t\t\t\t<h5 class=\"elementor-heading-title elementor-size-default\">Online<\/h5>\t\t\t\t<\/div>\n\t\t\t\t<\/div>\n\t\t\t\t\t<\/div>\n\t\t<\/div>\n\t\t\t\t<div class=\"elementor-column elementor-col-25 elementor-inner-column elementor-element elementor-element-d4ad4e0\" data-id=\"d4ad4e0\" data-element_type=\"column\" data-e-type=\"column\">\n\t\t\t<div class=\"elementor-widget-wrap elementor-element-populated\">\n\t\t\t\t\t\t<div class=\"elementor-element elementor-element-3b5550c elementor-widget elementor-widget-heading\" data-id=\"3b5550c\" data-element_type=\"widget\" data-e-type=\"widget\" data-widget_type=\"heading.default\">\n\t\t\t\t<div class=\"elementor-widget-container\">\n\t\t\t\t\t<h4 class=\"elementor-heading-title elementor-size-default\">Inicio del curso<\/h4>\t\t\t\t<\/div>\n\t\t\t\t<\/div>\n\t\t\t\t<div class=\"elementor-element elementor-element-d9b1ac6 elementor-widget elementor-widget-heading\" data-id=\"d9b1ac6\" data-element_type=\"widget\" data-e-type=\"widget\" data-widget_type=\"heading.default\">\n\t\t\t\t<div class=\"elementor-widget-container\">\n\t\t\t\t\t<h5 class=\"elementor-heading-title elementor-size-default\">06\/11\/2025<\/h5>\t\t\t\t<\/div>\n\t\t\t\t<\/div>\n\t\t\t\t<div class=\"elementor-element elementor-element-c99f505 elementor-mobile-align-center elementor-widget elementor-widget-button\" data-id=\"c99f505\" data-element_type=\"widget\" data-e-type=\"widget\" data-widget_type=\"button.default\">\n\t\t\t\t<div class=\"elementor-widget-container\">\n\t\t\t\t\t\t\t\t\t<div class=\"elementor-button-wrapper\">\n\t\t\t\t\t<a class=\"elementor-button elementor-button-link elementor-size-sm\" href=\"https:\/\/www.upo.es\/formacionpermanente\/wp-content\/imagenes\/uploads\/2025\/02\/M2025-11_Calendario.pdf\">\n\t\t\t\t\t\t<span class=\"elementor-button-content-wrapper\">\n\t\t\t\t\t\t\t\t\t<span class=\"elementor-button-text\">Consultar calendario<\/span>\n\t\t\t\t\t<\/span>\n\t\t\t\t\t<\/a>\n\t\t\t\t<\/div>\n\t\t\t\t\t\t\t\t<\/div>\n\t\t\t\t<\/div>\n\t\t\t\t\t<\/div>\n\t\t<\/div>\n\t\t\t\t<div class=\"elementor-column elementor-col-25 elementor-inner-column elementor-element elementor-element-8522012\" data-id=\"8522012\" data-element_type=\"column\" data-e-type=\"column\">\n\t\t\t<div class=\"elementor-widget-wrap elementor-element-populated\">\n\t\t\t\t\t\t<div class=\"elementor-element elementor-element-fcf39f6 elementor-widget elementor-widget-heading\" data-id=\"fcf39f6\" data-element_type=\"widget\" data-e-type=\"widget\" data-widget_type=\"heading.default\">\n\t\t\t\t<div class=\"elementor-widget-container\">\n\t\t\t\t\t<h4 class=\"elementor-heading-title elementor-size-default\">Cr\u00e9ditos<\/h4>\t\t\t\t<\/div>\n\t\t\t\t<\/div>\n\t\t\t\t<div class=\"elementor-element elementor-element-c72eab7 elementor-widget elementor-widget-heading\" data-id=\"c72eab7\" data-element_type=\"widget\" data-e-type=\"widget\" data-widget_type=\"heading.default\">\n\t\t\t\t<div class=\"elementor-widget-container\">\n\t\t\t\t\t<h5 class=\"elementor-heading-title elementor-size-default\">90 ECTS<\/h5>\t\t\t\t<\/div>\n\t\t\t\t<\/div>\n\t\t\t\t\t<\/div>\n\t\t<\/div>\n\t\t\t\t<div class=\"elementor-column elementor-col-25 elementor-inner-column elementor-element elementor-element-eb062da\" data-id=\"eb062da\" data-element_type=\"column\" data-e-type=\"column\">\n\t\t\t<div class=\"elementor-widget-wrap elementor-element-populated\">\n\t\t\t\t\t\t<div class=\"elementor-element elementor-element-16e0a47 elementor-widget elementor-widget-heading\" data-id=\"16e0a47\" data-element_type=\"widget\" data-e-type=\"widget\" data-widget_type=\"heading.default\">\n\t\t\t\t<div class=\"elementor-widget-container\">\n\t\t\t\t\t<h4 class=\"elementor-heading-title elementor-size-default\">Precio del curso<\/h4>\t\t\t\t<\/div>\n\t\t\t\t<\/div>\n\t\t\t\t<div class=\"elementor-element elementor-element-051b9bf elementor-widget elementor-widget-heading\" data-id=\"051b9bf\" data-element_type=\"widget\" data-e-type=\"widget\" data-widget_type=\"heading.default\">\n\t\t\t\t<div class=\"elementor-widget-container\">\n\t\t\t\t\t<h5 class=\"elementor-heading-title elementor-size-default\">2.950,20<\/h5>\t\t\t\t<\/div>\n\t\t\t\t<\/div>\n\t\t\t\t\t<\/div>\n\t\t<\/div>\n\t\t\t\t\t<\/div>\n\t\t<\/section>\n\t\t\t\t\t<\/div>\n\t\t<\/div>\n\t\t\t\t\t<\/div>\n\t\t<\/section>\n\t\t\t\t<section class=\"elementor-section elementor-top-section elementor-element elementor-element-567d2259 elementor-section-full_width elementor-hidden-desktop elementor-section-height-default elementor-section-height-default\" data-id=\"567d2259\" data-element_type=\"section\" data-e-type=\"section\">\n\t\t\t\t\t\t<div class=\"elementor-container elementor-column-gap-default\">\n\t\t\t\t\t<div class=\"elementor-column elementor-col-100 elementor-top-column elementor-element elementor-element-69ca51b1\" data-id=\"69ca51b1\" data-element_type=\"column\" data-e-type=\"column\">\n\t\t\t<div class=\"elementor-widget-wrap elementor-element-populated\">\n\t\t\t\t\t\t<div class=\"elementor-element elementor-element-54e60b6f elementor-align-center elementor-tablet-align-center elementor-widget elementor-widget-button\" data-id=\"54e60b6f\" data-element_type=\"widget\" data-e-type=\"widget\" data-settings=\"{&quot;sticky&quot;:&quot;bottom&quot;,&quot;sticky_on&quot;:[&quot;tablet&quot;,&quot;mobile&quot;],&quot;sticky_offset_tablet&quot;:80,&quot;sticky_offset_mobile&quot;:50,&quot;sticky_offset&quot;:0,&quot;sticky_effects_offset&quot;:0,&quot;sticky_anchor_link_offset&quot;:0}\" data-widget_type=\"button.default\">\n\t\t\t\t<div class=\"elementor-widget-container\">\n\t\t\t\t\t\t\t\t\t<div class=\"elementor-button-wrapper\">\n\t\t\t\t\t<a class=\"elementor-button elementor-button-link elementor-size-lg\" href=\"https:\/\/www.upo.es\/automat-fund\/web\/index.php?r=curso%2Fview&#038;id=603\">\n\t\t\t\t\t\t<span class=\"elementor-button-content-wrapper\">\n\t\t\t\t\t\t\t\t\t<span class=\"elementor-button-text\">Realizar reserva de plaza<\/span>\n\t\t\t\t\t<\/span>\n\t\t\t\t\t<\/a>\n\t\t\t\t<\/div>\n\t\t\t\t\t\t\t\t<\/div>\n\t\t\t\t<\/div>\n\t\t\t\t\t<\/div>\n\t\t<\/div>\n\t\t\t\t\t<\/div>\n\t\t<\/section>\n\t\t\t\t<section class=\"elementor-section elementor-top-section elementor-element elementor-element-71bd819 elementor-section-full_width elementor-section-height-default elementor-section-height-default\" data-id=\"71bd819\" data-element_type=\"section\" data-e-type=\"section\">\n\t\t\t\t\t\t<div class=\"elementor-container elementor-column-gap-wide\">\n\t\t\t\t\t<div class=\"elementor-column elementor-col-100 elementor-top-column elementor-element elementor-element-754afa7\" data-id=\"754afa7\" data-element_type=\"column\" data-e-type=\"column\">\n\t\t\t<div class=\"elementor-widget-wrap elementor-element-populated\">\n\t\t\t\t\t\t<div class=\"elementor-element elementor-element-592efcb elementor-hidden-desktop elementor-widget elementor-widget-text-editor\" data-id=\"592efcb\" data-element_type=\"widget\" data-e-type=\"widget\" data-widget_type=\"text-editor.default\">\n\t\t\t\t<div class=\"elementor-widget-container\">\n\t\t\t\t\t\t\t\t\t<p><em>Para consultar la informaci\u00f3n completa de este T\u00edtulo Propio, por favor visite esta web en un ordenador de escritorio.<\/em><\/p>\t\t\t\t\t\t\t\t<\/div>\n\t\t\t\t<\/div>\n\t\t\t\t\t<\/div>\n\t\t<\/div>\n\t\t\t\t\t<\/div>\n\t\t<\/section>\n\t\t\t\t<\/div>\n\t\t","protected":false},"featured_media":5561,"parent":0,"template":"","meta":{"_acf_changed":false,"site-sidebar-layout":"no-sidebar","site-content-layout":"page-builder","ast-site-content-layout":"full-width-container","site-content-style":"unboxed","site-sidebar-style":"unboxed","ast-global-header-display":"","ast-banner-title-visibility":"disabled","ast-main-header-display":"disabled","ast-hfb-above-header-display":"disabled","ast-hfb-below-header-display":"","ast-hfb-mobile-header-display":"disabled","site-post-title":"disabled","ast-breadcrumbs-content":"disabled","ast-featured-img":"disabled","footer-sml-layout":"disabled","ast-disable-related-posts":"","theme-transparent-header-meta":"default","adv-header-id-meta":"","stick-header-meta":"default","header-above-stick-meta":"","header-main-stick-meta":"","header-below-stick-meta":"","astra-migrate-meta-layouts":"set","ast-page-background-enabled":"default","ast-page-background-meta":{"desktop":{"background-color":"var(--ast-global-color-4)","background-image":"","background-repeat":"repeat","background-position":"center center","background-size":"auto","background-attachment":"scroll","background-type":"","background-media":"","overlay-type":"","overlay-color":"","overlay-opacity":"","overlay-gradient":""},"tablet":{"background-color":"","background-image":"","background-repeat":"repeat","background-position":"center center","background-size":"auto","background-attachment":"scroll","background-type":"","background-media":"","overlay-type":"","overlay-color":"","overlay-opacity":"","overlay-gradient":""},"mobile":{"background-color":"","background-image":"","background-repeat":"repeat","background-position":"center center","background-size":"auto","background-attachment":"scroll","background-type":"","background-media":"","overlay-type":"","overlay-color":"","overlay-opacity":"","overlay-gradient":""}},"ast-content-background-meta":{"desktop":{"background-color":"var(--ast-global-color-5)","background-image":"","background-repeat":"repeat","background-position":"center center","background-size":"auto","background-attachment":"scroll","background-type":"","background-media":"","overlay-type":"","overlay-color":"","overlay-opacity":"","overlay-gradient":""},"tablet":{"background-color":"var(--ast-global-color-5)","background-image":"","background-repeat":"repeat","background-position":"center center","background-size":"auto","background-attachment":"scroll","background-type":"","background-media":"","overlay-type":"","overlay-color":"","overlay-opacity":"","overlay-gradient":""},"mobile":{"background-color":"var(--ast-global-color-5)","background-image":"","background-repeat":"repeat","background-position":"center center","background-size":"auto","background-attachment":"scroll","background-type":"","background-media":"","overlay-type":"","overlay-color":"","overlay-opacity":"","overlay-gradient":""}}},"categories":[631,52],"tags":[649],"titulos_propios":[],"class_list":["post-41661","master-fp","type-master-fp","status-publish","has-post-thumbnail","hentry","category-2025-2026","category-matricula-cerrada","tag-m2025-11"],"acf":[],"yoast_head":"<!-- This site is optimized with the Yoast SEO plugin v27.3 - https:\/\/yoast.com\/product\/yoast-seo-wordpress\/ -->\n<title>M\u00e1ster Planificaci\u00f3n, Econom\u00eda y Operaci\u00f3n del Transporte Urbano y Metropolitano<\/title>\n<meta name=\"description\" content=\"El M\u00e1ster de la Universidad Pablo de Olavide en Planificaci\u00f3n, Econom\u00eda y Operaci\u00f3n del Transporte Urbano y Metropolitano tiene como...\" \/>\n<meta name=\"robots\" content=\"index, follow, max-snippet:-1, max-image-preview:large, max-video-preview:-1\" \/>\n<link rel=\"canonical\" href=\"https:\/\/www.upo.es\/formacionpermanente\/master-formacion-permanente\/m2025-11\/\" \/>\n<meta property=\"og:locale\" content=\"es_ES\" \/>\n<meta property=\"og:type\" content=\"article\" \/>\n<meta property=\"og:title\" content=\"M\u00e1ster Planificaci\u00f3n, Econom\u00eda y Operaci\u00f3n del Transporte Urbano y Metropolitano\" \/>\n<meta property=\"og:description\" content=\"El M\u00e1ster de la Universidad Pablo de Olavide en Planificaci\u00f3n, Econom\u00eda y Operaci\u00f3n del Transporte Urbano y Metropolitano tiene como...\" \/>\n<meta property=\"og:url\" content=\"https:\/\/www.upo.es\/formacionpermanente\/master-formacion-permanente\/m2025-11\/\" \/>\n<meta property=\"og:site_name\" content=\"Formaci\u00f3n Permanente UPO\" \/>\n<meta property=\"article:modified_time\" content=\"2026-02-16T10:26:52+00:00\" \/>\n<meta property=\"og:image\" content=\"https:\/\/www.upo.es\/formacionpermanente\/wp-content\/imagenes\/uploads\/pexels-photo-186537-scaled.jpeg\" \/>\n\t<meta property=\"og:image:width\" content=\"2560\" \/>\n\t<meta property=\"og:image:height\" content=\"1920\" \/>\n\t<meta property=\"og:image:type\" content=\"image\/jpeg\" \/>\n<meta name=\"twitter:card\" content=\"summary_large_image\" \/>\n<meta name=\"twitter:label1\" content=\"Tiempo de lectura\" \/>\n\t<meta name=\"twitter:data1\" content=\"4 minutos\" \/>\n<script type=\"application\/ld+json\" class=\"yoast-schema-graph\">{\"@context\":\"https:\\\/\\\/schema.org\",\"@graph\":[{\"@type\":\"WebPage\",\"@id\":\"https:\\\/\\\/www.upo.es\\\/formacionpermanente\\\/master-formacion-permanente\\\/m2025-11\\\/\",\"url\":\"https:\\\/\\\/www.upo.es\\\/formacionpermanente\\\/master-formacion-permanente\\\/m2025-11\\\/\",\"name\":\"M\u00e1ster Planificaci\u00f3n, Econom\u00eda y Operaci\u00f3n del Transporte Urbano y Metropolitano\",\"isPartOf\":{\"@id\":\"https:\\\/\\\/www.upo.es\\\/formacionpermanente\\\/#website\"},\"primaryImageOfPage\":{\"@id\":\"https:\\\/\\\/www.upo.es\\\/formacionpermanente\\\/master-formacion-permanente\\\/m2025-11\\\/#primaryimage\"},\"image\":{\"@id\":\"https:\\\/\\\/www.upo.es\\\/formacionpermanente\\\/master-formacion-permanente\\\/m2025-11\\\/#primaryimage\"},\"thumbnailUrl\":\"https:\\\/\\\/www.upo.es\\\/formacionpermanente\\\/wp-content\\\/imagenes\\\/uploads\\\/pexels-photo-186537-scaled.jpeg\",\"datePublished\":\"2025-02-13T11:54:30+00:00\",\"dateModified\":\"2026-02-16T10:26:52+00:00\",\"description\":\"El M\u00e1ster de la Universidad Pablo de Olavide en Planificaci\u00f3n, Econom\u00eda y Operaci\u00f3n del Transporte Urbano y Metropolitano tiene como...\",\"breadcrumb\":{\"@id\":\"https:\\\/\\\/www.upo.es\\\/formacionpermanente\\\/master-formacion-permanente\\\/m2025-11\\\/#breadcrumb\"},\"inLanguage\":\"es\",\"potentialAction\":[{\"@type\":\"ReadAction\",\"target\":[\"https:\\\/\\\/www.upo.es\\\/formacionpermanente\\\/master-formacion-permanente\\\/m2025-11\\\/\"]}]},{\"@type\":\"ImageObject\",\"inLanguage\":\"es\",\"@id\":\"https:\\\/\\\/www.upo.es\\\/formacionpermanente\\\/master-formacion-permanente\\\/m2025-11\\\/#primaryimage\",\"url\":\"https:\\\/\\\/www.upo.es\\\/formacionpermanente\\\/wp-content\\\/imagenes\\\/uploads\\\/pexels-photo-186537-scaled.jpeg\",\"contentUrl\":\"https:\\\/\\\/www.upo.es\\\/formacionpermanente\\\/wp-content\\\/imagenes\\\/uploads\\\/pexels-photo-186537-scaled.jpeg\",\"width\":2560,\"height\":1920,\"caption\":\"M\u00e1ster en Planificaci\u00f3n, Econom\u00eda y Operaci\u00f3n del Transporte Urbano y Metropolitano\"},{\"@type\":\"BreadcrumbList\",\"@id\":\"https:\\\/\\\/www.upo.es\\\/formacionpermanente\\\/master-formacion-permanente\\\/m2025-11\\\/#breadcrumb\",\"itemListElement\":[{\"@type\":\"ListItem\",\"position\":1,\"name\":\"Portada\",\"item\":\"https:\\\/\\\/www.upo.es\\\/formacionpermanente\\\/\"},{\"@type\":\"ListItem\",\"position\":2,\"name\":\"Planificaci\u00f3n, Econom\u00eda y Operaci\u00f3n del Transporte Urbano y Metropolitano\"}]},{\"@type\":\"WebSite\",\"@id\":\"https:\\\/\\\/www.upo.es\\\/formacionpermanente\\\/#website\",\"url\":\"https:\\\/\\\/www.upo.es\\\/formacionpermanente\\\/\",\"name\":\"Formaci\u00f3n Permanente UPO\",\"description\":\"T\u00edtulos Propios, Microcredenciales, Cursos de Verano\",\"publisher\":{\"@id\":\"https:\\\/\\\/www.upo.es\\\/formacionpermanente\\\/#organization\"},\"potentialAction\":[{\"@type\":\"SearchAction\",\"target\":{\"@type\":\"EntryPoint\",\"urlTemplate\":\"https:\\\/\\\/www.upo.es\\\/formacionpermanente\\\/?s={search_term_string}\"},\"query-input\":{\"@type\":\"PropertyValueSpecification\",\"valueRequired\":true,\"valueName\":\"search_term_string\"}}],\"inLanguage\":\"es\"},{\"@type\":\"Organization\",\"@id\":\"https:\\\/\\\/www.upo.es\\\/formacionpermanente\\\/#organization\",\"name\":\"Formaci\u00f3n Permanente Universidad Pablo de Olavide\",\"alternateName\":\"Formaci\u00f3n Permanente UPO\",\"url\":\"https:\\\/\\\/www.upo.es\\\/formacionpermanente\\\/\",\"logo\":{\"@type\":\"ImageObject\",\"inLanguage\":\"es\",\"@id\":\"https:\\\/\\\/www.upo.es\\\/formacionpermanente\\\/#\\\/schema\\\/logo\\\/image\\\/\",\"url\":\"https:\\\/\\\/www.upo.es\\\/formacionpermanente\\\/wp-content\\\/imagenes\\\/uploads\\\/2023\\\/02\\\/Logo-UPO-azul-amarillo-horizontal.png\",\"contentUrl\":\"https:\\\/\\\/www.upo.es\\\/formacionpermanente\\\/wp-content\\\/imagenes\\\/uploads\\\/2023\\\/02\\\/Logo-UPO-azul-amarillo-horizontal.png\",\"width\":1000,\"height\":407,\"caption\":\"Formaci\u00f3n Permanente Universidad Pablo de Olavide\"},\"image\":{\"@id\":\"https:\\\/\\\/www.upo.es\\\/formacionpermanente\\\/#\\\/schema\\\/logo\\\/image\\\/\"}}]}<\/script>\n<!-- \/ Yoast SEO plugin. -->","yoast_head_json":{"title":"M\u00e1ster Planificaci\u00f3n, Econom\u00eda y Operaci\u00f3n del Transporte Urbano y Metropolitano","description":"El M\u00e1ster de la Universidad Pablo de Olavide en Planificaci\u00f3n, Econom\u00eda y Operaci\u00f3n del Transporte Urbano y Metropolitano tiene como...","robots":{"index":"index","follow":"follow","max-snippet":"max-snippet:-1","max-image-preview":"max-image-preview:large","max-video-preview":"max-video-preview:-1"},"canonical":"https:\/\/www.upo.es\/formacionpermanente\/master-formacion-permanente\/m2025-11\/","og_locale":"es_ES","og_type":"article","og_title":"M\u00e1ster Planificaci\u00f3n, Econom\u00eda y Operaci\u00f3n del Transporte Urbano y Metropolitano","og_description":"El M\u00e1ster de la Universidad Pablo de Olavide en Planificaci\u00f3n, Econom\u00eda y Operaci\u00f3n del Transporte Urbano y Metropolitano tiene como...","og_url":"https:\/\/www.upo.es\/formacionpermanente\/master-formacion-permanente\/m2025-11\/","og_site_name":"Formaci\u00f3n Permanente UPO","article_modified_time":"2026-02-16T10:26:52+00:00","og_image":[{"width":2560,"height":1920,"url":"https:\/\/www.upo.es\/formacionpermanente\/wp-content\/imagenes\/uploads\/pexels-photo-186537-scaled.jpeg","type":"image\/jpeg"}],"twitter_card":"summary_large_image","twitter_misc":{"Tiempo de lectura":"4 minutos"},"schema":{"@context":"https:\/\/schema.org","@graph":[{"@type":"WebPage","@id":"https:\/\/www.upo.es\/formacionpermanente\/master-formacion-permanente\/m2025-11\/","url":"https:\/\/www.upo.es\/formacionpermanente\/master-formacion-permanente\/m2025-11\/","name":"M\u00e1ster Planificaci\u00f3n, Econom\u00eda y Operaci\u00f3n del Transporte Urbano y Metropolitano","isPartOf":{"@id":"https:\/\/www.upo.es\/formacionpermanente\/#website"},"primaryImageOfPage":{"@id":"https:\/\/www.upo.es\/formacionpermanente\/master-formacion-permanente\/m2025-11\/#primaryimage"},"image":{"@id":"https:\/\/www.upo.es\/formacionpermanente\/master-formacion-permanente\/m2025-11\/#primaryimage"},"thumbnailUrl":"https:\/\/www.upo.es\/formacionpermanente\/wp-content\/imagenes\/uploads\/pexels-photo-186537-scaled.jpeg","datePublished":"2025-02-13T11:54:30+00:00","dateModified":"2026-02-16T10:26:52+00:00","description":"El M\u00e1ster de la Universidad Pablo de Olavide en Planificaci\u00f3n, Econom\u00eda y Operaci\u00f3n del Transporte Urbano y Metropolitano tiene como...","breadcrumb":{"@id":"https:\/\/www.upo.es\/formacionpermanente\/master-formacion-permanente\/m2025-11\/#breadcrumb"},"inLanguage":"es","potentialAction":[{"@type":"ReadAction","target":["https:\/\/www.upo.es\/formacionpermanente\/master-formacion-permanente\/m2025-11\/"]}]},{"@type":"ImageObject","inLanguage":"es","@id":"https:\/\/www.upo.es\/formacionpermanente\/master-formacion-permanente\/m2025-11\/#primaryimage","url":"https:\/\/www.upo.es\/formacionpermanente\/wp-content\/imagenes\/uploads\/pexels-photo-186537-scaled.jpeg","contentUrl":"https:\/\/www.upo.es\/formacionpermanente\/wp-content\/imagenes\/uploads\/pexels-photo-186537-scaled.jpeg","width":2560,"height":1920,"caption":"M\u00e1ster en Planificaci\u00f3n, Econom\u00eda y Operaci\u00f3n del Transporte Urbano y Metropolitano"},{"@type":"BreadcrumbList","@id":"https:\/\/www.upo.es\/formacionpermanente\/master-formacion-permanente\/m2025-11\/#breadcrumb","itemListElement":[{"@type":"ListItem","position":1,"name":"Portada","item":"https:\/\/www.upo.es\/formacionpermanente\/"},{"@type":"ListItem","position":2,"name":"Planificaci\u00f3n, Econom\u00eda y Operaci\u00f3n del Transporte Urbano y Metropolitano"}]},{"@type":"WebSite","@id":"https:\/\/www.upo.es\/formacionpermanente\/#website","url":"https:\/\/www.upo.es\/formacionpermanente\/","name":"Formaci\u00f3n Permanente UPO","description":"T\u00edtulos Propios, Microcredenciales, Cursos de Verano","publisher":{"@id":"https:\/\/www.upo.es\/formacionpermanente\/#organization"},"potentialAction":[{"@type":"SearchAction","target":{"@type":"EntryPoint","urlTemplate":"https:\/\/www.upo.es\/formacionpermanente\/?s={search_term_string}"},"query-input":{"@type":"PropertyValueSpecification","valueRequired":true,"valueName":"search_term_string"}}],"inLanguage":"es"},{"@type":"Organization","@id":"https:\/\/www.upo.es\/formacionpermanente\/#organization","name":"Formaci\u00f3n Permanente Universidad Pablo de Olavide","alternateName":"Formaci\u00f3n Permanente UPO","url":"https:\/\/www.upo.es\/formacionpermanente\/","logo":{"@type":"ImageObject","inLanguage":"es","@id":"https:\/\/www.upo.es\/formacionpermanente\/#\/schema\/logo\/image\/","url":"https:\/\/www.upo.es\/formacionpermanente\/wp-content\/imagenes\/uploads\/2023\/02\/Logo-UPO-azul-amarillo-horizontal.png","contentUrl":"https:\/\/www.upo.es\/formacionpermanente\/wp-content\/imagenes\/uploads\/2023\/02\/Logo-UPO-azul-amarillo-horizontal.png","width":1000,"height":407,"caption":"Formaci\u00f3n Permanente Universidad Pablo de Olavide"},"image":{"@id":"https:\/\/www.upo.es\/formacionpermanente\/#\/schema\/logo\/image\/"}}]}},"_links":{"self":[{"href":"https:\/\/www.upo.es\/formacionpermanente\/wp-json\/wp\/v2\/master-fp\/41661","targetHints":{"allow":["GET"]}}],"collection":[{"href":"https:\/\/www.upo.es\/formacionpermanente\/wp-json\/wp\/v2\/master-fp"}],"about":[{"href":"https:\/\/www.upo.es\/formacionpermanente\/wp-json\/wp\/v2\/types\/master-fp"}],"version-history":[{"count":20,"href":"https:\/\/www.upo.es\/formacionpermanente\/wp-json\/wp\/v2\/master-fp\/41661\/revisions"}],"predecessor-version":[{"id":50333,"href":"https:\/\/www.upo.es\/formacionpermanente\/wp-json\/wp\/v2\/master-fp\/41661\/revisions\/50333"}],"wp:featuredmedia":[{"embeddable":true,"href":"https:\/\/www.upo.es\/formacionpermanente\/wp-json\/wp\/v2\/media\/5561"}],"wp:attachment":[{"href":"https:\/\/www.upo.es\/formacionpermanente\/wp-json\/wp\/v2\/media?parent=41661"}],"wp:term":[{"taxonomy":"category","embeddable":true,"href":"https:\/\/www.upo.es\/formacionpermanente\/wp-json\/wp\/v2\/categories?post=41661"},{"taxonomy":"post_tag","embeddable":true,"href":"https:\/\/www.upo.es\/formacionpermanente\/wp-json\/wp\/v2\/tags?post=41661"},{"taxonomy":"titulos_propios","embeddable":true,"href":"https:\/\/www.upo.es\/formacionpermanente\/wp-json\/wp\/v2\/titulos_propios?post=41661"}],"curies":[{"name":"wp","href":"https:\/\/api.w.org\/{rel}","templated":true}]}}