{"id":51684,"date":"2026-01-29T11:37:41","date_gmt":"2026-01-29T10:37:41","guid":{"rendered":"https:\/\/www.upo.es\/formacionpermanente\/?post_type=master-fp&#038;p=51684"},"modified":"2026-02-23T12:50:43","modified_gmt":"2026-02-23T11:50:43","slug":"atencion-y-promocion-de-las-altas-capacidades","status":"publish","type":"master-fp","link":"https:\/\/www.upo.es\/formacionpermanente\/master-formacion-permanente\/atencion-y-promocion-de-las-altas-capacidades\/","title":{"rendered":"Atenci\u00f3n y Promoci\u00f3n de las Altas Capacidades"},"content":{"rendered":"\t\t<div data-elementor-type=\"wp-post\" data-elementor-id=\"51684\" class=\"elementor elementor-51684\" data-elementor-post-type=\"master-fp\">\n\t\t\t\t\t\t<section data-dce-background-image-url=\"https:\/\/www.upo.es\/formacionpermanente\/wp-content\/imagenes\/uploads\/2025\/04\/Imagen-master-AACC-UPO.png\" class=\"elementor-section elementor-top-section elementor-element elementor-element-0ab6def elementor-section-height-min-height elementor-section-boxed elementor-section-height-default elementor-section-items-middle\" data-id=\"0ab6def\" data-element_type=\"section\" data-e-type=\"section\" data-settings=\"{&quot;background_background&quot;:&quot;classic&quot;}\">\n\t\t\t\t\t\t\t<div class=\"elementor-background-overlay\"><\/div>\n\t\t\t\t\t\t\t<div class=\"elementor-container elementor-column-gap-default\">\n\t\t\t\t\t<div class=\"elementor-column elementor-col-100 elementor-top-column elementor-element elementor-element-ffe655b\" data-id=\"ffe655b\" data-element_type=\"column\" data-e-type=\"column\">\n\t\t\t<div class=\"elementor-widget-wrap elementor-element-populated\">\n\t\t\t\t\t\t<section class=\"elementor-section elementor-inner-section elementor-element elementor-element-f082340 elementor-section-boxed elementor-section-height-default elementor-section-height-default\" data-id=\"f082340\" data-element_type=\"section\" data-e-type=\"section\">\n\t\t\t\t\t\t<div class=\"elementor-container elementor-column-gap-default\">\n\t\t\t\t\t<div class=\"elementor-column elementor-col-100 elementor-inner-column elementor-element elementor-element-9008a93\" data-id=\"9008a93\" data-element_type=\"column\" data-e-type=\"column\">\n\t\t\t<div class=\"elementor-widget-wrap elementor-element-populated\">\n\t\t\t\t\t\t<div class=\"elementor-element elementor-element-b70567a elementor-widget elementor-widget-elementskit-heading\" data-id=\"b70567a\" data-element_type=\"widget\" data-e-type=\"widget\" data-widget_type=\"elementskit-heading.default\">\n\t\t\t\t<div class=\"elementor-widget-container\">\n\t\t\t\t\t<div class=\"ekit-wid-con\" ><div class=\"ekit-heading elementskit-section-title-wraper text_left   ekit_heading_tablet-   ekit_heading_mobile-\"><h3 class=\"elementskit-section-subtitle  \">\n\t\t\t\t\t\tM\u00e1ster de Formaci\u00f3n Permanente\n\t\t\t\t\t<\/h3>\t\t\t\t<div class='ekit-heading__description'>\n\t\t\t\t\t<p>II Ed.<\/p>\n\t\t\t\t<\/div>\n\t\t\t<\/div><\/div>\t\t\t\t<\/div>\n\t\t\t\t<\/div>\n\t\t\t\t<div data-dce-background-color=\"#FAB54C\" class=\"elementor-element elementor-element-90b2903 elementor-align-left elementor-mobile-align-center elementor-hidden-mobile elementor-widget elementor-widget-button\" data-id=\"90b2903\" data-element_type=\"widget\" data-e-type=\"widget\" data-widget_type=\"button.default\">\n\t\t\t\t<div class=\"elementor-widget-container\">\n\t\t\t\t\t\t\t\t\t<div class=\"elementor-button-wrapper\">\n\t\t\t\t\t<a class=\"elementor-button elementor-button-link elementor-size-lg\" href=\"https:\/\/www.upo.es\/automat-fund\/web\/index.php?r=curso%2Fview&#038;id=847\" target=\"_blank\">\n\t\t\t\t\t\t<span class=\"elementor-button-content-wrapper\">\n\t\t\t\t\t\t\t\t\t<span class=\"elementor-button-text\">Realizar reserva de plaza<\/span>\n\t\t\t\t\t<\/span>\n\t\t\t\t\t<\/a>\n\t\t\t\t<\/div>\n\t\t\t\t\t\t\t\t<\/div>\n\t\t\t\t<\/div>\n\t\t\t\t\t<\/div>\n\t\t<\/div>\n\t\t\t\t\t<\/div>\n\t\t<\/section>\n\t\t\t\t\t<\/div>\n\t\t<\/div>\n\t\t\t\t\t<\/div>\n\t\t<\/section>\n\t\t\t\t<section class=\"elementor-section elementor-top-section elementor-element elementor-element-4e33f734 elementor-section-full_width elementor-reverse-mobile elementor-reverse-tablet elementor-section-height-default elementor-section-height-default\" data-id=\"4e33f734\" data-element_type=\"section\" data-e-type=\"section\">\n\t\t\t\t\t\t<div class=\"elementor-container elementor-column-gap-no\">\n\t\t\t\t\t<div class=\"elementor-column elementor-col-50 elementor-top-column elementor-element elementor-element-4dacce31\" data-id=\"4dacce31\" data-element_type=\"column\" data-e-type=\"column\">\n\t\t\t<div class=\"elementor-widget-wrap elementor-element-populated\">\n\t\t\t\t\t\t<section class=\"elementor-section elementor-inner-section elementor-element elementor-element-62ca686c elementor-section-full_width elementor-section-height-default elementor-section-height-default\" data-id=\"62ca686c\" data-element_type=\"section\" data-e-type=\"section\">\n\t\t\t\t\t\t<div class=\"elementor-container elementor-column-gap-default\">\n\t\t\t\t\t<div class=\"elementor-column elementor-col-100 elementor-inner-column elementor-element elementor-element-68bb95b1\" data-id=\"68bb95b1\" data-element_type=\"column\" data-e-type=\"column\">\n\t\t\t<div class=\"elementor-widget-wrap elementor-element-populated\">\n\t\t\t\t\t\t<div class=\"elementor-element elementor-element-4102d1fe elementor-widget elementor-widget-heading\" data-id=\"4102d1fe\" data-element_type=\"widget\" data-e-type=\"widget\" data-widget_type=\"heading.default\">\n\t\t\t\t<div class=\"elementor-widget-container\">\n\t\t\t\t\t<h2 class=\"elementor-heading-title elementor-size-default\">\u00bfPor qu\u00e9 elegir este T\u00edtulo Propio de la Universidad Pablo de Olavide?<\/h2>\t\t\t\t<\/div>\n\t\t\t\t<\/div>\n\t\t\t\t<div class=\"elementor-element elementor-element-2bde0c09 elementor-widget elementor-widget-text-editor\" data-id=\"2bde0c09\" data-element_type=\"widget\" data-e-type=\"widget\" data-widget_type=\"text-editor.default\">\n\t\t\t\t<div class=\"elementor-widget-container\">\n\t\t\t\t\t\t\t\t\t<p>Si est\u00e1s considerando un avance en tu carrera profesional y quieres marcar una diferencia real en el \u00e1mbito de las Altas Capacidades, el M\u00e1ster en Atenci\u00f3n y Promoci\u00f3n de las Altas Capacidades es la elecci\u00f3n que estabas buscando. Este programa es el primero impartido en una universidad p\u00fablica espa\u00f1ola, estableciendo un nuevo est\u00e1ndar en la formaci\u00f3n especializada sobre un tema que sigue siendo poco abordado, pero de enorme relevancia.<\/p>\n<p>Las altas capacidades no son solo un concepto acad\u00e9mico; representan el potencial y la promesa de muchas personas que, sin el reconocimiento adecuado, quedan sin apoyo suficiente para desarrollar sus habilidades. Con este m\u00e1ster, no solo adquirir\u00e1s conocimientos esenciales sobre estos estudiantes excepcionales, sino que te convertir\u00e1s en un actor clave en su desarrollo.<\/p>\n<p>Impartido por expertos en el \u00e1rea, de la esfera nacional e internacional, y respaldado por la C\u00e1tedra CADIS de Altas Capacidades, nuestro programa combina la teor\u00eda con la pr\u00e1ctica, ofreci\u00e9ndote herramientas concretas para evaluar, diagnosticar y abordar las necesidades espec\u00edficas de esta poblaci\u00f3n. Aqu\u00ed, tendr\u00e1s la oportunidad de aprender de casos reales y ejemplos pr\u00e1cticos que te preparar\u00e1n para enfrentar desaf\u00edos en el aula, en el hogar, en la comunidad, y m\u00e1s all\u00e1.<\/p>\n<p>En un momento en que la educaci\u00f3n inclusiva es m\u00e1s importante que nunca, tu decisi\u00f3n de matricularte no solo beneficiar\u00e1 tu carrera, sino que impactar\u00e1 de manera positiva en la vida de muchos j\u00f3venes. Al finalizar el m\u00e1ster, estar\u00e1s listo para contribuir significativamente en diversos entornos profesionales, desde la educaci\u00f3n hasta el \u00e1mbito psicosocial, mejorando la calidad de vida y la experiencia educativa de las personas con altas capacidades.<\/p>\n<p>No dejes pasar esta oportunidad de ser un experto en un campo que est\u00e1 en auge. Tu decisi\u00f3n de inscribirte en el M\u00e1ster en Atenci\u00f3n y Promoci\u00f3n de las Altas Capacidades puede marcar la diferencia. \u00a1\u00danete a nosotros y s\u00e9 parte del cambio que la sociedad necesita! Bienvenida, bienvenido.<\/p>\n<p>&nbsp;<\/p>\n<p>&nbsp;<\/p>\n\t\t\t\t\t\t\t\t<\/div>\n\t\t\t\t<\/div>\n\t\t\t\t<div class=\"elementor-element elementor-element-68b07e0 elementor-widget elementor-widget-video\" data-id=\"68b07e0\" data-element_type=\"widget\" data-e-type=\"widget\" data-settings=\"{&quot;youtube_url&quot;:&quot;https:\\\/\\\/youtu.be\\\/D3ES_Z7EeyU&quot;,&quot;video_type&quot;:&quot;youtube&quot;,&quot;controls&quot;:&quot;yes&quot;}\" data-widget_type=\"video.default\">\n\t\t\t\t<div class=\"elementor-widget-container\">\n\t\t\t\t\t\t\t<div class=\"elementor-wrapper elementor-open-inline\">\n\t\t\t<div class=\"elementor-video\"><\/div>\t\t<\/div>\n\t\t\t\t\t\t<\/div>\n\t\t\t\t<\/div>\n\t\t\t\t\t<\/div>\n\t\t<\/div>\n\t\t\t\t\t<\/div>\n\t\t<\/section>\n\t\t\t\t<section class=\"elementor-section elementor-inner-section elementor-element elementor-element-3f076a05 elementor-section-full_width elementor-section-height-default elementor-section-height-default\" data-id=\"3f076a05\" data-element_type=\"section\" data-e-type=\"section\">\n\t\t\t\t\t\t<div class=\"elementor-container elementor-column-gap-default\">\n\t\t\t\t\t<div class=\"elementor-column elementor-col-100 elementor-inner-column elementor-element elementor-element-26b9f644\" data-id=\"26b9f644\" data-element_type=\"column\" data-e-type=\"column\">\n\t\t\t<div class=\"elementor-widget-wrap elementor-element-populated\">\n\t\t\t\t\t\t<div class=\"elementor-element elementor-element-7556b840 elementor-widget elementor-widget-heading\" data-id=\"7556b840\" data-element_type=\"widget\" data-e-type=\"widget\" data-widget_type=\"heading.default\">\n\t\t\t\t<div class=\"elementor-widget-container\">\n\t\t\t\t\t<h3 class=\"elementor-heading-title elementor-size-default\">Entidades colaboradoras<\/h3>\t\t\t\t<\/div>\n\t\t\t\t<\/div>\n\t\t\t\t\t<\/div>\n\t\t<\/div>\n\t\t\t\t\t<\/div>\n\t\t<\/section>\n\t\t\t\t<section class=\"elementor-section elementor-inner-section elementor-element elementor-element-1ae1410 elementor-section-boxed elementor-section-height-default elementor-section-height-default\" data-id=\"1ae1410\" data-element_type=\"section\" data-e-type=\"section\">\n\t\t\t\t\t\t<div class=\"elementor-container elementor-column-gap-default\">\n\t\t\t\t\t<div class=\"elementor-column elementor-col-33 elementor-inner-column elementor-element elementor-element-8e79824\" data-id=\"8e79824\" data-element_type=\"column\" data-e-type=\"column\">\n\t\t\t<div class=\"elementor-widget-wrap elementor-element-populated\">\n\t\t\t\t\t\t<div class=\"elementor-element elementor-element-495d17c elementor-widget elementor-widget-image\" data-id=\"495d17c\" data-element_type=\"widget\" data-e-type=\"widget\" data-widget_type=\"image.default\">\n\t\t\t\t<div class=\"elementor-widget-container\">\n\t\t\t\t\t\t\t\t\t\t\t\t\t\t\t\t<a href=\"https:\/\/www.upo.es\/otri\/oferta-cientifico-tecnologica\/grupos-de-investigacion\/TRABAJO-SOCIAL-Y-NUEVAS-TECNOLOGIAS-PARA-LA-INTERVENCION-SOCIAL.-GRUPO-GITTEC-SEJ-608\/\" target=\"_blank\">\n\t\t\t\t\t\t\t<img decoding=\"async\" width=\"300\" height=\"104\" src=\"https:\/\/www.upo.es\/formacionpermanente\/wp-content\/imagenes\/uploads\/2025\/04\/Logo-Grupo-PAidi-300x104.jpg\" class=\"attachment-medium size-medium wp-image-45076\" alt=\"\" srcset=\"https:\/\/www.upo.es\/formacionpermanente\/wp-content\/imagenes\/uploads\/2025\/04\/Logo-Grupo-PAidi-300x104.jpg 300w, https:\/\/www.upo.es\/formacionpermanente\/wp-content\/imagenes\/uploads\/2025\/04\/Logo-Grupo-PAidi.jpg 410w\" sizes=\"(max-width: 300px) 100vw, 300px\" \/>\t\t\t\t\t\t\t\t<\/a>\n\t\t\t\t\t\t\t\t\t\t\t\t\t\t\t<\/div>\n\t\t\t\t<\/div>\n\t\t\t\t\t<\/div>\n\t\t<\/div>\n\t\t\t\t<div class=\"elementor-column elementor-col-33 elementor-inner-column elementor-element elementor-element-0cb1bed\" data-id=\"0cb1bed\" data-element_type=\"column\" data-e-type=\"column\">\n\t\t\t<div class=\"elementor-widget-wrap elementor-element-populated\">\n\t\t\t\t\t\t<div class=\"elementor-element elementor-element-d8ff5d9 elementor-widget elementor-widget-image\" data-id=\"d8ff5d9\" data-element_type=\"widget\" data-e-type=\"widget\" data-widget_type=\"image.default\">\n\t\t\t\t<div class=\"elementor-widget-container\">\n\t\t\t\t\t\t\t\t\t\t\t\t\t\t\t\t<a href=\"https:\/\/www.centrocadis.com\/\" target=\"_blank\">\n\t\t\t\t\t\t\t<img decoding=\"async\" width=\"150\" height=\"150\" src=\"https:\/\/www.upo.es\/formacionpermanente\/wp-content\/imagenes\/uploads\/2025\/04\/Cadis-Centro-150x150.jpg\" class=\"attachment-thumbnail size-thumbnail wp-image-45487\" alt=\"\" \/>\t\t\t\t\t\t\t\t<\/a>\n\t\t\t\t\t\t\t\t\t\t\t\t\t\t\t<\/div>\n\t\t\t\t<\/div>\n\t\t\t\t\t<\/div>\n\t\t<\/div>\n\t\t\t\t<div class=\"elementor-column elementor-col-33 elementor-inner-column elementor-element elementor-element-d48ecc3\" data-id=\"d48ecc3\" data-element_type=\"column\" data-e-type=\"column\">\n\t\t\t<div class=\"elementor-widget-wrap elementor-element-populated\">\n\t\t\t\t\t\t<div class=\"elementor-element elementor-element-b623655 elementor-widget elementor-widget-image\" data-id=\"b623655\" data-element_type=\"widget\" data-e-type=\"widget\" data-widget_type=\"image.default\">\n\t\t\t\t<div class=\"elementor-widget-container\">\n\t\t\t\t\t\t\t\t\t\t\t\t\t\t\t\t<a href=\"https:\/\/catedraaltascapacidadescadis.com\/\" target=\"_blank\">\n\t\t\t\t\t\t\t<img decoding=\"async\" width=\"300\" height=\"83\" src=\"https:\/\/www.upo.es\/formacionpermanente\/wp-content\/imagenes\/uploads\/2025\/04\/logo-catedra-300x83.jpg\" class=\"attachment-medium size-medium wp-image-45075\" alt=\"\" srcset=\"https:\/\/www.upo.es\/formacionpermanente\/wp-content\/imagenes\/uploads\/2025\/04\/logo-catedra-300x83.jpg 300w, https:\/\/www.upo.es\/formacionpermanente\/wp-content\/imagenes\/uploads\/2025\/04\/logo-catedra-1024x284.jpg 1024w, https:\/\/www.upo.es\/formacionpermanente\/wp-content\/imagenes\/uploads\/2025\/04\/logo-catedra-768x213.jpg 768w, https:\/\/www.upo.es\/formacionpermanente\/wp-content\/imagenes\/uploads\/2025\/04\/logo-catedra-1536x426.jpg 1536w, https:\/\/www.upo.es\/formacionpermanente\/wp-content\/imagenes\/uploads\/2025\/04\/logo-catedra-2048x568.jpg 2048w\" sizes=\"(max-width: 300px) 100vw, 300px\" \/>\t\t\t\t\t\t\t\t<\/a>\n\t\t\t\t\t\t\t\t\t\t\t\t\t\t\t<\/div>\n\t\t\t\t<\/div>\n\t\t\t\t\t<\/div>\n\t\t<\/div>\n\t\t\t\t\t<\/div>\n\t\t<\/section>\n\t\t\t\t<section class=\"elementor-section elementor-inner-section elementor-element elementor-element-3e5e9268 elementor-section-full_width elementor-section-height-default elementor-section-height-default\" data-id=\"3e5e9268\" data-element_type=\"section\" data-e-type=\"section\">\n\t\t\t\t\t\t<div class=\"elementor-container elementor-column-gap-default\">\n\t\t\t\t\t<div class=\"elementor-column elementor-col-100 elementor-inner-column elementor-element elementor-element-328c387e\" data-id=\"328c387e\" data-element_type=\"column\" data-e-type=\"column\">\n\t\t\t<div class=\"elementor-widget-wrap elementor-element-populated\">\n\t\t\t\t\t\t<div class=\"elementor-element elementor-element-1629c5da elementor-widget elementor-widget-heading\" data-id=\"1629c5da\" data-element_type=\"widget\" data-e-type=\"widget\" data-widget_type=\"heading.default\">\n\t\t\t\t<div class=\"elementor-widget-container\">\n\t\t\t\t\t<h3 class=\"elementor-heading-title elementor-size-default\">Salidas profesionales<\/h3>\t\t\t\t<\/div>\n\t\t\t\t<\/div>\n\t\t\t\t<div class=\"elementor-element elementor-element-2d565daa elementor-widget elementor-widget-text-editor\" data-id=\"2d565daa\" data-element_type=\"widget\" data-e-type=\"widget\" data-widget_type=\"text-editor.default\">\n\t\t\t\t<div class=\"elementor-widget-container\">\n\t\t\t\t\t\t\t\t\t<p>El M\u00e1ster en Atenci\u00f3n y Promoci\u00f3n de las Altas Capacidades ofrece una comprensi\u00f3n profunda y diversa sobre las altas capacidades intelectuales, abord\u00e1ndolas desde distintos enfoques. Esta visi\u00f3n integral permite acceder a diversas oportunidades profesionales con una perspectiva multidisciplinar. Adem\u00e1s, proporciona una formaci\u00f3n s\u00f3lida para intervenir desde diferentes \u00e1mbitos.<\/p>\n<p><strong><u>\u00c1mbito educativo (formal e informal)<\/u><\/strong><\/p>\n<ol>\n<li><strong>Docente especializado\/a en Altas Capacidades<\/strong>\n<ul>\n<li>En centros educativos (p\u00fablicos o privados) como referente o coordinador\/a del alumnado con AACC.<\/li>\n<li>Dise\u00f1o de adaptaciones curriculares, planes de enriquecimiento o agrupamientos flexibles.<\/li>\n<\/ul>\n<\/li>\n<li><strong>Orientador\/a escolar o psicopedagogo\/a<\/strong>\n<ul>\n<li>En colegios o institutos, con una mirada especializada hacia la detecci\u00f3n, evaluaci\u00f3n e intervenci\u00f3n con alumnado de AACC.<\/li>\n<\/ul>\n<\/li>\n<li><strong>Formador\/a de docentes<\/strong>\n<ul>\n<li>Impartiendo cursos, talleres o seminarios sobre AACC en centros de formaci\u00f3n del profesorado, universidades, etc.<\/li>\n<\/ul>\n<\/li>\n<li><strong>Coordinador\/a de programas extracurriculares<\/strong>\n<ul>\n<li>Dise\u00f1o y gesti\u00f3n de programas de enriquecimiento fuera del horario escolar: talleres, campus, clubes de talento, etc.<\/li>\n<\/ul>\n<\/li>\n<\/ol>\n<p><strong><u>\u00c1mbito cl\u00ednico, psicoeducativo y social (implica formaci\u00f3n en Psicolog\u00eda, Pedagog\u00eda, Psicopedagog\u00eda, Trabajo Social, Terapia Ocupacional\u2026)<\/u><\/strong><\/p>\n<ol>\n<li><strong>Psic\u00f3logo\/a especializado\/a en AACC<\/strong>\n<ul>\n<li>Evaluaci\u00f3n psicom\u00e9trica y diagn\u00f3stica, orientaci\u00f3n a familias, intervenci\u00f3n emocional y social.<\/li>\n<\/ul>\n<\/li>\n<li><strong>Asesor\/a psicopedag\u00f3gico\/a especializado\/a en Altas Capacidades<\/strong><\/li>\n<\/ol>\n<ol start=\"3\">\n<li><strong>Especialista en orientaci\u00f3n y desarrollo del talento<\/strong><\/li>\n<li><strong>Profesional de apoyo t\u00e9cnico-pedag\u00f3gico en altas capacidades intelectuales<\/strong><\/li>\n<li><strong>Consultor\/a acad\u00e9mico\/a con especializaci\u00f3n en atenci\u00f3n a la diversidad<\/strong><\/li>\n<\/ol>\n<p><strong><u>Investigaci\u00f3n y desarrollo<\/u><\/strong><\/p>\n<ol>\n<li><strong>Investigador\/a en universidades o centros especializados<\/strong>\n<ul>\n<li>Participaci\u00f3n en proyectos de investigaci\u00f3n sobre desarrollo del talento, neuroeducaci\u00f3n, educaci\u00f3n diferenciada, etc.<\/li>\n<\/ul>\n<\/li>\n<li><strong>Dise\u00f1ador\/a de materiales y recursos educativos<\/strong>\n<ul>\n<li>Elaboraci\u00f3n de propuestas curriculares, materiales did\u00e1cticos o tecnolog\u00edas adaptadas a AACC.<\/li>\n<\/ul>\n<\/li>\n<\/ol>\n<p><strong><u>Emprendimiento<\/u><\/strong><\/p>\n<ol>\n<li><strong>Creaci\u00f3n de centros o programas privados especializados<\/strong>\n<ul>\n<li>Centros de diagn\u00f3stico, asesoramiento y talleres para ni\u00f1os\/as con AACC.<\/li>\n<\/ul>\n<\/li>\n<li><strong>Proyectos editoriales o digitales<\/strong>\n<ul>\n<li>Plataformas online, apps educativas, libros o materiales para estudiantes de alta capacidad.<\/li>\n<\/ul>\n<\/li>\n<\/ol>\n<p><strong><u>Formulaciones profesionales relacionadas con el \u00e1mbito asociativo y familiar<\/u><\/strong><strong>:<\/strong><\/p>\n<ol>\n<li><strong>Colaborador\/a o asesor\/a en asociaciones de altas capacidades<br \/>\n<\/strong>Participaci\u00f3n en el dise\u00f1o e implementaci\u00f3n de programas de apoyo, orientaci\u00f3n a familias y actividades de enriquecimiento.<\/li>\n<li><strong>Responsable de proyectos en entidades del tercer sector especializadas en altas capacidades<br \/>\n<\/strong>Coordinaci\u00f3n de iniciativas dirigidas al desarrollo del talento en contextos no formales.<\/li>\n<li><strong>Educador\/a o facilitador\/a en programas extracurriculares promovidos por asociaciones de familias con hijos\/as con AACC<\/strong><br \/>\nImplica experiencia directa en intervenci\u00f3n educativa y acompa\u00f1amiento emocional.<\/li>\n<li><strong>Consultor\/a para asociaciones en la creaci\u00f3n de recursos, talleres y acciones de sensibilizaci\u00f3n<br \/>\n<\/strong>M\u00e1s enfocado en el dise\u00f1o de contenidos y formaci\u00f3n de adultos (familias, docentes, voluntarios\u2026).<\/li>\n<li><strong>Miembro activo\/a o t\u00e9cnico\/a colaborador\/a en redes de apoyo al alumnado con altas capacidades<br \/>\n<\/strong>Abarca tanto roles operativos como estrat\u00e9gicos dentro de asociaciones o fundaciones.<\/li>\n<\/ol>\n\t\t\t\t\t\t\t\t<\/div>\n\t\t\t\t<\/div>\n\t\t\t\t\t<\/div>\n\t\t<\/div>\n\t\t\t\t\t<\/div>\n\t\t<\/section>\n\t\t\t\t<section class=\"elementor-section elementor-inner-section elementor-element elementor-element-24b2d15f elementor-section-full_width elementor-section-height-default elementor-section-height-default\" data-id=\"24b2d15f\" data-element_type=\"section\" data-e-type=\"section\">\n\t\t\t\t\t\t<div class=\"elementor-container elementor-column-gap-default\">\n\t\t\t\t\t<div class=\"elementor-column elementor-col-100 elementor-inner-column elementor-element elementor-element-308163b6\" data-id=\"308163b6\" data-element_type=\"column\" data-e-type=\"column\">\n\t\t\t<div class=\"elementor-widget-wrap elementor-element-populated\">\n\t\t\t\t\t\t<div class=\"elementor-element elementor-element-4ca1e55f elementor-widget elementor-widget-heading\" data-id=\"4ca1e55f\" data-element_type=\"widget\" data-e-type=\"widget\" data-widget_type=\"heading.default\">\n\t\t\t\t<div class=\"elementor-widget-container\">\n\t\t\t\t\t<h3 class=\"elementor-heading-title elementor-size-default\">\u00bfA qui\u00e9n va dirigido?<\/h3>\t\t\t\t<\/div>\n\t\t\t\t<\/div>\n\t\t\t\t<div class=\"elementor-element elementor-element-5de58339 elementor-widget elementor-widget-text-editor\" data-id=\"5de58339\" data-element_type=\"widget\" data-e-type=\"widget\" data-widget_type=\"text-editor.default\">\n\t\t\t\t<div class=\"elementor-widget-container\">\n\t\t\t\t\t\t\t\t\t<p>Personas que posean o est\u00e9n realizando el \u00faltimo curso de Titulaciones de Psicolog\u00eda, Pedagog\u00eda, Educaci\u00f3n Social, Magisterio, Trabajo Social, Derecho\u2026y en general, cualquier profesional titulado en la rama ciencias sociales y otras titulaciones relacionadas con una inclinaci\u00f3n profesional hacia las Altas Capacidades, que tengan especial inter\u00e9s en adquirir conocimiento, herramientas y t\u00e9cnicas para la intervenci\u00f3n en este \u00e1mbito.<\/p>\n\t\t\t\t\t\t\t\t<\/div>\n\t\t\t\t<\/div>\n\t\t\t\t\t<\/div>\n\t\t<\/div>\n\t\t\t\t\t<\/div>\n\t\t<\/section>\n\t\t\t\t<section class=\"elementor-section elementor-inner-section elementor-element elementor-element-7e47f189 elementor-section-full_width elementor-hidden-mobile elementor-section-height-default elementor-section-height-default\" data-id=\"7e47f189\" data-element_type=\"section\" data-e-type=\"section\" data-settings=\"{&quot;background_background&quot;:&quot;classic&quot;}\">\n\t\t\t\t\t\t<div class=\"elementor-container elementor-column-gap-default\">\n\t\t\t\t\t<div class=\"elementor-column elementor-col-100 elementor-inner-column elementor-element elementor-element-35f2b705\" data-id=\"35f2b705\" data-element_type=\"column\" data-e-type=\"column\">\n\t\t\t<div class=\"elementor-widget-wrap elementor-element-populated\">\n\t\t\t\t\t\t<div class=\"elementor-element elementor-element-6e282c0 elementor-widget elementor-widget-heading\" data-id=\"6e282c0\" data-element_type=\"widget\" data-e-type=\"widget\" data-widget_type=\"heading.default\">\n\t\t\t\t<div class=\"elementor-widget-container\">\n\t\t\t\t\t<h2 class=\"elementor-heading-title elementor-size-default\">Direcci\u00f3n del t\u00edtulo<\/h2>\t\t\t\t<\/div>\n\t\t\t\t<\/div>\n\t\t\t\t\t<\/div>\n\t\t<\/div>\n\t\t\t\t\t<\/div>\n\t\t<\/section>\n\t\t\t\t<section class=\"elementor-section elementor-inner-section elementor-element elementor-element-984b061 elementor-section-content-middle elementor-section-boxed elementor-section-height-default elementor-section-height-default\" data-id=\"984b061\" data-element_type=\"section\" data-e-type=\"section\" data-settings=\"{&quot;background_background&quot;:&quot;classic&quot;}\">\n\t\t\t\t\t\t<div class=\"elementor-container elementor-column-gap-narrow\">\n\t\t\t\t\t<div class=\"elementor-column elementor-col-25 elementor-inner-column elementor-element elementor-element-270ff59\" data-id=\"270ff59\" data-element_type=\"column\" data-e-type=\"column\">\n\t\t\t<div class=\"elementor-widget-wrap elementor-element-populated\">\n\t\t\t\t\t\t<div class=\"elementor-element elementor-element-de172e4 elementor-widget elementor-widget-elementskit-team\" data-id=\"de172e4\" data-element_type=\"widget\" data-e-type=\"widget\" data-widget_type=\"elementskit-team.default\">\n\t\t\t\t<div class=\"elementor-widget-container\">\n\t\t\t\t\t<div class=\"ekit-wid-con\">\t\t\t\t\t\t\t\t\n\t\t<div class=\"profile-card elementor-animation- text-center ekit-team-style-default\">\n\t\t\t\n\t\t\t\t<div class=\"profile-header ekit-team-img ekit-img-overlay ekit-team-img-block\" >\n\t\t\t\t\t<img loading=\"lazy\" decoding=\"async\" width=\"214\" height=\"282\" src=\"https:\/\/www.upo.es\/formacionpermanente\/wp-content\/imagenes\/uploads\/2025\/04\/EVARISTO-BARRERA-ALGARIN.png\" class=\"attachment-medium_large size-medium_large wp-image-45065\" alt=\"\" \/>\t\t\t\t<\/div><!-- .profile-header END -->\n\t\t\t\n\n\t\t\t\t<div class=\"profile-body\">\n\t\t\t\t\t\n\t\t\t\t\t<h2 class=\"profile-title\">\n\t\t\t\t\t\t\t\t\t\t\tEvaristo Barrera Algar\u00edn\t\t\t\t\t\t\t\t\t\t<\/h2>\n\t\t\t\t\t<p class=\"profile-designation\">Direcci\u00f3n Acad\u00e9mica<\/p>\n\t\t\t\t\t\t\t\t\t\t<p class=\"profile-content\">Catedr\u00e1tico de Universidad del Departamento de Trabajo Social y Servicios Sociales,<\/br>\n<strong>Universidad Pablo de Olavide<\/strong><\/p>\n\t\t\t\t\t\t\t\t\t<\/div><!-- .profile-body END -->\n\n\t\t\t\t\t\t\t\t<\/div>\n\t\t\t\t\t\t\t\n\t\t\t\n\t\t\t\t<\/div>\t\t\t\t<\/div>\n\t\t\t\t<\/div>\n\t\t\t\t\t<\/div>\n\t\t<\/div>\n\t\t\t\t<div class=\"elementor-column elementor-col-25 elementor-inner-column elementor-element elementor-element-56e07ff\" data-id=\"56e07ff\" data-element_type=\"column\" data-e-type=\"column\">\n\t\t\t<div class=\"elementor-widget-wrap elementor-element-populated\">\n\t\t\t\t\t\t<div class=\"elementor-element elementor-element-65f061b elementor-widget elementor-widget-elementskit-team\" data-id=\"65f061b\" data-element_type=\"widget\" data-e-type=\"widget\" data-widget_type=\"elementskit-team.default\">\n\t\t\t\t<div class=\"elementor-widget-container\">\n\t\t\t\t\t<div class=\"ekit-wid-con\">\t\t\t\t\t\t\t\t\n\t\t<div class=\"profile-card elementor-animation- text-center ekit-team-style-default\">\n\t\t\t\n\t\t\t\t<div class=\"profile-header ekit-team-img ekit-img-overlay ekit-team-img-block\" >\n\t\t\t\t\t<img loading=\"lazy\" decoding=\"async\" width=\"768\" height=\"768\" src=\"https:\/\/www.upo.es\/formacionpermanente\/wp-content\/imagenes\/uploads\/2025\/04\/Ma-Teresa-Fernandez-Reyes-768x768.jpg\" class=\"attachment-medium_large size-medium_large wp-image-44566\" alt=\"\" srcset=\"https:\/\/www.upo.es\/formacionpermanente\/wp-content\/imagenes\/uploads\/2025\/04\/Ma-Teresa-Fernandez-Reyes-768x768.jpg 768w, https:\/\/www.upo.es\/formacionpermanente\/wp-content\/imagenes\/uploads\/2025\/04\/Ma-Teresa-Fernandez-Reyes-300x300.jpg 300w, https:\/\/www.upo.es\/formacionpermanente\/wp-content\/imagenes\/uploads\/2025\/04\/Ma-Teresa-Fernandez-Reyes-150x150.jpg 150w, https:\/\/www.upo.es\/formacionpermanente\/wp-content\/imagenes\/uploads\/2025\/04\/Ma-Teresa-Fernandez-Reyes.jpg 900w\" sizes=\"(max-width: 768px) 100vw, 768px\" \/>\t\t\t\t<\/div><!-- .profile-header END -->\n\t\t\t\n\n\t\t\t\t<div class=\"profile-body\">\n\t\t\t\t\t\n\t\t\t\t\t<h2 class=\"profile-title\">\n\t\t\t\t\t\t\t\t\t\t\tD\u00f1a. M\u00aa Teresa Fern\u00e1ndez Reyes\t\t\t\t\t\t\t\t\t\t<\/h2>\n\t\t\t\t\t<p class=\"profile-designation\">Direcci\u00f3n Ejecutiva<\/p>\n\t\t\t\t\t\t\t\t\t\t<p class=\"profile-content\"><strong>Directora del Centro CADIS <\/strong><\/p>\n\t\t\t\t\t\t\t\t\t<\/div><!-- .profile-body END -->\n\n\t\t\t\t\t\t\t\t<\/div>\n\t\t\t\t\t\t\t\n\t\t\t\n\t\t\t\t<\/div>\t\t\t\t<\/div>\n\t\t\t\t<\/div>\n\t\t\t\t\t<\/div>\n\t\t<\/div>\n\t\t\t\t<div class=\"elementor-column elementor-col-25 elementor-inner-column elementor-element elementor-element-2c1373a\" data-id=\"2c1373a\" data-element_type=\"column\" data-e-type=\"column\">\n\t\t\t<div class=\"elementor-widget-wrap elementor-element-populated\">\n\t\t\t\t\t\t<div class=\"elementor-element elementor-element-e27f790 elementor-widget elementor-widget-elementskit-team\" data-id=\"e27f790\" data-element_type=\"widget\" data-e-type=\"widget\" data-widget_type=\"elementskit-team.default\">\n\t\t\t\t<div class=\"elementor-widget-container\">\n\t\t\t\t\t<div class=\"ekit-wid-con\">\t\t\t\t\t\t\t\t\n\t\t<div class=\"profile-card elementor-animation- text-center ekit-team-style-default\">\n\t\t\t\n\t\t\t\t<div class=\"profile-header ekit-team-img ekit-img-overlay ekit-team-img-block\" >\n\t\t\t\t\t<img loading=\"lazy\" decoding=\"async\" width=\"500\" height=\"500\" src=\"https:\/\/www.upo.es\/formacionpermanente\/wp-content\/imagenes\/uploads\/2025\/04\/Fernando-Relinque-Medina.jpg\" class=\"attachment-medium_large size-medium_large wp-image-44567\" alt=\"\" srcset=\"https:\/\/www.upo.es\/formacionpermanente\/wp-content\/imagenes\/uploads\/2025\/04\/Fernando-Relinque-Medina.jpg 500w, https:\/\/www.upo.es\/formacionpermanente\/wp-content\/imagenes\/uploads\/2025\/04\/Fernando-Relinque-Medina-300x300.jpg 300w, https:\/\/www.upo.es\/formacionpermanente\/wp-content\/imagenes\/uploads\/2025\/04\/Fernando-Relinque-Medina-150x150.jpg 150w\" sizes=\"(max-width: 500px) 100vw, 500px\" \/>\t\t\t\t<\/div><!-- .profile-header END -->\n\t\t\t\n\n\t\t\t\t<div class=\"profile-body\">\n\t\t\t\t\t\n\t\t\t\t\t<h2 class=\"profile-title\">\n\t\t\t\t\t\t\t\t\t\t\tD. Fernando Relinque Medina\t\t\t\t\t\t\t\t\t\t<\/h2>\n\t\t\t\t\t<p class=\"profile-designation\">Responsable de Calidad<\/p>\n\t\t\t\t\t\t\t\t\t\t<p class=\"profile-content\">Profesor Titular de Universidad del Departamento de Trabajo Social y Servicios Sociales,<\/br>\n<strong>Universidad Pablo de Olavide<\/strong><\/p>\n\t\t\t\t\t\t\t\t\t<\/div><!-- .profile-body END -->\n\n\t\t\t\t\t\t\t\t<\/div>\n\t\t\t\t\t\t\t\n\t\t\t\n\t\t\t\t<\/div>\t\t\t\t<\/div>\n\t\t\t\t<\/div>\n\t\t\t\t\t<\/div>\n\t\t<\/div>\n\t\t\t\t<div class=\"elementor-column elementor-col-25 elementor-inner-column elementor-element elementor-element-d8012db\" data-id=\"d8012db\" data-element_type=\"column\" data-e-type=\"column\">\n\t\t\t<div class=\"elementor-widget-wrap elementor-element-populated\">\n\t\t\t\t\t\t<div class=\"elementor-element elementor-element-72ae0fa elementor-widget elementor-widget-elementskit-team\" data-id=\"72ae0fa\" data-element_type=\"widget\" data-e-type=\"widget\" data-widget_type=\"elementskit-team.default\">\n\t\t\t\t<div class=\"elementor-widget-container\">\n\t\t\t\t\t<div class=\"ekit-wid-con\">\t\t\t\t\t\t\t\t\n\t\t<div class=\"profile-card elementor-animation- text-center ekit-team-style-default\">\n\t\t\t\n\t\t\t\t<div class=\"profile-header ekit-team-img ekit-img-overlay ekit-team-img-block\" >\n\t\t\t\t\t<img loading=\"lazy\" decoding=\"async\" width=\"200\" height=\"200\" src=\"https:\/\/www.upo.es\/formacionpermanente\/wp-content\/imagenes\/uploads\/2025\/04\/Ana-Stiefel-Marquez.jpg\" class=\"attachment-medium_large size-medium_large wp-image-44568\" alt=\"\" srcset=\"https:\/\/www.upo.es\/formacionpermanente\/wp-content\/imagenes\/uploads\/2025\/04\/Ana-Stiefel-Marquez.jpg 200w, https:\/\/www.upo.es\/formacionpermanente\/wp-content\/imagenes\/uploads\/2025\/04\/Ana-Stiefel-Marquez-150x150.jpg 150w\" sizes=\"(max-width: 200px) 100vw, 200px\" \/>\t\t\t\t<\/div><!-- .profile-header END -->\n\t\t\t\n\n\t\t\t\t<div class=\"profile-body\">\n\t\t\t\t\t\n\t\t\t\t\t<h2 class=\"profile-title\">\n\t\t\t\t\t\t\t\t\t\t\tD\u00f1a. Ana Stiefel M\u00e1rquez\t\t\t\t\t\t\t\t\t\t<\/h2>\n\t\t\t\t\t<p class=\"profile-designation\">Coordinaci\u00f3n<\/p>\n\t\t\t\t\t\t\t\t\t\t<p class=\"profile-content\">Trabajadora Social con M\u00e1ster en Intervenci\u00f3n Social, Diversidad y Cultura<\/br><\/p>\n\t\t\t\t\t\t\t\t\t<\/div><!-- .profile-body END -->\n\n\t\t\t\t\t\t\t\t<\/div>\n\t\t\t\t\t\t\t\n\t\t\t\n\t\t\t\t<\/div>\t\t\t\t<\/div>\n\t\t\t\t<\/div>\n\t\t\t\t\t<\/div>\n\t\t<\/div>\n\t\t\t\t\t<\/div>\n\t\t<\/section>\n\t\t\t\t<section class=\"elementor-section elementor-inner-section elementor-element elementor-element-563b22f elementor-section-full_width elementor-section-height-default elementor-section-height-default\" data-id=\"563b22f\" data-element_type=\"section\" data-e-type=\"section\">\n\t\t\t\t\t\t<div class=\"elementor-container elementor-column-gap-default\">\n\t\t\t\t\t<div class=\"elementor-column elementor-col-100 elementor-inner-column elementor-element elementor-element-124dc0f\" data-id=\"124dc0f\" data-element_type=\"column\" data-e-type=\"column\">\n\t\t\t<div class=\"elementor-widget-wrap elementor-element-populated\">\n\t\t\t\t\t\t<div class=\"elementor-element elementor-element-264b2d4 elementor-widget elementor-widget-heading\" data-id=\"264b2d4\" data-element_type=\"widget\" data-e-type=\"widget\" data-widget_type=\"heading.default\">\n\t\t\t\t<div class=\"elementor-widget-container\">\n\t\t\t\t\t<h3 class=\"elementor-heading-title elementor-size-default\">Plan de estudios<\/h3>\t\t\t\t<\/div>\n\t\t\t\t<\/div>\n\t\t\t\t<div class=\"elementor-element elementor-element-8c6cda7 elementor-widget elementor-widget-text-editor\" data-id=\"8c6cda7\" data-element_type=\"widget\" data-e-type=\"widget\" data-widget_type=\"text-editor.default\">\n\t\t\t\t<div class=\"elementor-widget-container\">\n\t\t\t\t\t\t\t\t\t<p>El m\u00e1ster solo se activar\u00e1 si se alcanza el n\u00famero m\u00ednimo de matr\u00edculas establecido en cada caso.<\/p>\n<h5><strong>Relaci\u00f3n de materias<\/strong><\/h5>\n<h4><\/h4>\n<h6>M\u00f3dulo I: Fundamentos te\u00f3ricos sobre las Altas Capacidades. 10 ECTS<\/h6>\n<p><strong>Asignatura 1:<\/strong> Introducci\u00f3n a las Altas Capacidades. 2,5 ECTS.<br \/>\n<strong>Asignatura 2:<\/strong> Desarrollo Cognitivo y Altas Capacidades. 2,5 ECTS.<br \/>\n<strong>Asignatura 3:<\/strong> Neurociencia y Altas Capacidades. 2,5 ECTS.<br \/>\n<strong>Asignatura 4:<\/strong> Aspectos Emocionales y Sociales en Individuos de Alta Capacidad. 2,5 ECTS.<\/p>\n<h6>M\u00f3dulo II: Evaluaci\u00f3n y Diagn\u00f3stico de la Alta Capacidad. 10 ECTS<\/h6>\n<p><strong>Asignatura 5:<\/strong> Evaluaci\u00f3n y Diagn\u00f3stico de la Alta Capacidad. 10 ECTS.<\/p>\n<h6>M\u00f3dulo III: Educaci\u00f3n y Altas Capacidades. 10 ECTS<\/h6>\n<p><strong>Asignatura 6:<\/strong> Escuela y Altas Capacidades. 5,5 ECTS.<br \/>\n<strong>Asignatura 7:<\/strong> D\u00e9ficits y puntos de mejora: La familia, la escuela y el profesorado. 2,5 ECTS.<br \/>\n<strong>Asignatura 8:<\/strong> Altas capacidades y Universidad. 2 ECTS.<\/p>\n<h6>M\u00f3dulo IV: Intervenci\u00f3n Psicol\u00f3gica y Social en las Altas Capacidades. 10 ECTS<\/h6>\n<p><strong>Asignatura 9:<\/strong> Psicoterapia con Ni\u00f1os y Adolescentes de Altas Capacidades. 3,5 ECTS.<br \/>\n<strong>Asignatura 10: <\/strong>Apoyo Familiar y Comunitario. 2 ECTS.<br \/>\n<strong>Asignatura 11<\/strong>: Altas Capacidades y Acoso Escolar e Intervenci\u00f3n en Doble Excepcionalidad. 3 ECTS.<br \/>\n<strong>Asignatura 12:<\/strong> Orientaci\u00f3n Vocacional y Profesional para j\u00f3venes con altas capacidades. 1,5 ECTS.<\/p>\n<h6>M\u00f3dulo V: Investigaci\u00f3n en Altas Capacidades. 10 ECTS<\/h6>\n<p><strong>Asignatura 13:<\/strong> Investigaci\u00f3n en Altas Capacidades. 10 ECTS.<\/p>\n<h6>M\u00f3dulo VI: Trabajo Fin de M\u00e1ster. 10 ECTS<\/h6>\n<p><strong>Asignatura 14:<\/strong> Trabajo Fin de M\u00e1ster. 10\u00a0 ECTS.<\/p>\n\t\t\t\t\t\t\t\t<\/div>\n\t\t\t\t<\/div>\n\t\t\t\t\t<\/div>\n\t\t<\/div>\n\t\t\t\t\t<\/div>\n\t\t<\/section>\n\t\t\t\t<section class=\"elementor-section elementor-inner-section elementor-element elementor-element-dd820f9 elementor-section-full_width elementor-hidden-mobile elementor-section-height-default elementor-section-height-default\" data-id=\"dd820f9\" data-element_type=\"section\" data-e-type=\"section\">\n\t\t\t\t\t\t<div class=\"elementor-container elementor-column-gap-default\">\n\t\t\t\t\t<div class=\"elementor-column elementor-col-100 elementor-inner-column elementor-element elementor-element-a7cabd0\" data-id=\"a7cabd0\" data-element_type=\"column\" data-e-type=\"column\">\n\t\t\t<div class=\"elementor-widget-wrap elementor-element-populated\">\n\t\t\t\t\t\t<div class=\"elementor-element elementor-element-10fd50b elementor-widget elementor-widget-heading\" data-id=\"10fd50b\" data-element_type=\"widget\" data-e-type=\"widget\" data-widget_type=\"heading.default\">\n\t\t\t\t<div class=\"elementor-widget-container\">\n\t\t\t\t\t<h3 class=\"elementor-heading-title elementor-size-default\">Profesorado<\/h3>\t\t\t\t<\/div>\n\t\t\t\t<\/div>\n\t\t\t\t<div class=\"elementor-element elementor-element-e8af4ee elementor-widget elementor-widget-text-editor\" data-id=\"e8af4ee\" data-element_type=\"widget\" data-e-type=\"widget\" data-widget_type=\"text-editor.default\">\n\t\t\t\t<div class=\"elementor-widget-container\">\n\t\t\t\t\t\t\t\t\t<p><strong>D\u00f1a. Teresa Fern\u00e1ndez Reyes<\/strong><br \/>\nPsic\u00f3loga. Directora y Fundadora del Centro CADIS.<\/p>\n<p><strong>D. Ceferino Artiles Hern\u00e1ndez<\/strong><br \/>\nDr. en Psicolog\u00eda y Experto en Altas Capacidades Intelectuales y Dificultades de Aprendizaje.<\/p>\n<p><strong>D. Alberto Fla\u00f1o Romero<\/strong><br \/>\nFundador de la Fundaci\u00f3n Avanza.<\/p>\n<p><strong>D\u00f1a. Carmen Garcer\u00e1n S\u00e1ez<\/strong><br \/>\nPsic\u00f3loga Sanitaria con amplia formaci\u00f3n y experiencia en Altas Capacidades Intelectuales y evaluaci\u00f3n psicopedag\u00f3gica en Centro CADIS.<\/p>\n<p><strong>D. Evaristo Barrera Algar\u00edn<\/strong><br \/>\nCatedr\u00e1tico de Universidad en el Departamento de Trabajo Social y Servicios Sociales de la Universidad Pablo de Olavide. Director de la C\u00e1tedra CADIS de Altas Capacidades de la Universidad Pablo de Olavide.<\/p>\n<p><strong>D. Javier P\u00e9rez Aznar<\/strong><br \/>\nPsic\u00f3logo. Especialista en acoso escolar. Programa TEI (Tutor\u00eda Entre Iguales), sede de Barcelona.<\/p>\n<p><strong>D\u00f1a. Coral Elizondo<\/strong><br \/>\nExperta en innovaci\u00f3n educativa inclusiva y Dise\u00f1o Universal para el Aprendizaje (DUA). Espacio Educativo Coral Elizondo.<\/p>\n<p><strong>D\u00f1a. Roc\u00edo Mart\u00ednez Fern\u00e1ndez<\/strong><br \/>\nProfesora Sustituta del Departamento de Trabajo Social y Servicios Sociales de la Universidad Pablo de Olavide.<\/p>\n<p><strong>D. Fernando Relinque Medina<\/strong><br \/>\nProfesor Titular de Universidad. Secretario del Departamento de Trabajo Social y Servicios Sociales y Responsable del \u00c1rea de Trabajo Social y Servicios Sociales de la Universidad Pablo de Olavide.<\/p>\n<p><strong>D. Jos\u00e9 Tomas Diestre Mej\u00edas<\/strong><br \/>\nProfesor Asociado del Departamento de Trabajo Social y Servicios Sociales de la Universidad Pablo de Olavide.<\/p>\n<p><strong>D. Javier Ortu\u00f1o Sierra<\/strong><br \/>\nProfesor Titular del \u00c1rea de Psicolog\u00eda Evolutiva y de la Educaci\u00f3n de la Universidad de la Rioja.<\/p>\n<p><strong>D\u00f1a. Paula Irueste<\/strong><br \/>\nDirectora Servicio de Neuropsicolog\u00eda, \u00c1rea Infantil, Facultad de Psicolog\u00eda, UNC, Argentina. Profesora Titular, C\u00e1tedra Psicolog\u00eda Cl\u00ednica, Facultad de Psicolog\u00eda, UNC.<\/p>\n<p><strong>D\u00f1a. Raquel Pardo de Santayana Sanz<\/strong><br \/>\nInspectora de Educaci\u00f3n en la Comunidad de Cantabria.<\/p>\n<p><strong>D\u00f1a. Helena Mu\u00f1oz-Reja de los Santos<\/strong><br \/>\nPedagoga. Diagn\u00f3stico y diferenciaci\u00f3n de personas con Altas Capacidades intelectual y Talentos en Centro CADIS.<\/p>\n<p><strong>D. Juan Antonio Prieto S\u00e1nchez<\/strong><br \/>\nDoctor en Did\u00e1ctica de las Matem\u00e1ticas. Profesor de Secundaria en el Colegio Huerta de la Cruz, Algeciras (C\u00e1diz).<\/p>\n<p><strong>D\u00f1a. B\u00e1rbara de Aymerich Vadillo<\/strong><br \/>\nProfesora Asociada del \u00c1rea de Did\u00e1ctica de las Ciencias Experimentales de la Universidad de Burgos.<\/p>\n<p><strong>D\u00f1a. Ana Villaescusa Lamet<\/strong><br \/>\nProfesora de Biolog\u00eda en Secundaria durante casi 40 a\u00f1os. Delegada en Espa\u00f1a de la Sociedad Latina para la Ciencia y la Tecnolog\u00eda (SOLACYT).<\/p>\n<p><strong>D. Jos\u00e9 \u00c1ngel Ramos Su\u00e1rez<\/strong><br \/>\nDesarrollo de los talleres de Rob\u00f3tica, Programaci\u00f3n y dise\u00f1o de Videojuegos para alumnos de Altas capacidades en el centro CADIS.<\/p>\n<p><strong>D\u00f1a. Mar\u00eda Dolores Lanzarote Fern\u00e1ndez<\/strong><br \/>\nPsic\u00f3loga General Sanitaria. Profesora Titular en el Departamento de Personalidad, Evaluaci\u00f3n y Tratamiento Psicol\u00f3gicos de la Universidad de Sevilla.<\/p>\n<p><strong>D\u00f1a. Concepci\u00f3n Villaescusa Lamet<\/strong><br \/>\nDelegada Territorial en el Campo de Gibraltar del Excmo. Colegio Oficial de M\u00e9dicos de C\u00e1diz. Ejercicio profesional como Pediatra durante m\u00e1s de 40 a\u00f1os en el \u00e1mbito de la sanidad p\u00fablica y privada.<\/p>\n<p><strong>D\u00f1a. Mar\u00eda del Pilar Mu\u00f1oz Deleito<\/strong><br \/>\nDoctora en Psicolog\u00eda Escolar. Codirectora y Coordinadora del PROGRAMA ADA (Alto desarrollo del Aprendizaje) de la Universidad Camilo Jos\u00e9 Cela.<\/p>\n<p><strong>D\u00f1a. Mar\u00eda Teresa Terr\u00f3n Caro<\/strong><br \/>\nProfesora Titular en el \u00c1rea de Teor\u00eda e Historia de la Educaci\u00f3n del Departamento de Educaci\u00f3n y Psicolog\u00eda Social de la Universidad Pablo de Olavide.<\/p>\n<p><strong>D\u00f1a. Nieves Aquino Linares<\/strong><br \/>\nProfesora Contratada Doctora en el \u00c1rea de Estad\u00edstica e Investigaci\u00f3n Operativa en la Universidad Pablo de Olavide.<\/p>\n<p><strong>D\u00f1a. Mar\u00eda del Pilar Moreno Navarro<\/strong><br \/>\nProfesora Titular en el \u00c1rea de Estad\u00edstica e Investigaci\u00f3n Operativa en la Universidad Pablo de Olavide.<\/p>\n<p><strong>D. Carlos Moreno Borrallo<\/strong><br \/>\nProfesor de Ciencias en el Centro \u00c1gora International School Andorra.<\/p>\n<p><strong>D. Alberto Sarasola Fern\u00e1ndez<\/strong><br \/>\nProfesor Sustituto en el Departamento de Trabajo Social y Servicios Sociales de la Universidad Pablo de Olavide.<\/p>\n<p><strong>D\u00f1a. Mar\u00eda S\u00e1nchez Dauder<\/strong><br \/>\nPsicopedagoga en el Centro CORREQUEVUELAS. Barcelona.<\/p>\n<p><strong>D\u00f1a. Lola Ord\u00f3\u00f1ez Su\u00e1rez<\/strong><br \/>\nPsic\u00f3loga General Sanitaria colegiada n\u00fam. AN04468.<br \/>\nPsicoterapeuta Acreditada. Especialidad infantojuvenil, familia y adultos.<br \/>\nDirectora del Centro de Psicolog\u00eda Progreso de Sevilla.<\/p>\n<p><strong>D\u00f1a. Nuria S\u00e1nchez Povedano<\/strong><br \/>\nPsic\u00f3loga Educativa, Cl\u00ednica y Jur\u00eddica. Miembro activo del Turno de Intervenci\u00f3n Profesional del Colegio de Psic\u00f3logos de Catalu\u00f1a.<\/p>\n<p><strong>D\u00f1a. Mar\u00eda Leonor Conejeros<\/strong><br \/>\nProfesora Titular de la Escuela de Pedagog\u00eda de la Pontificia Universidad Cat\u00f3lica de Valpara\u00edso, Chile.<\/p>\n<p><strong>D\u00f1a. Katia Sandoval Rodr\u00edguez<\/strong><br \/>\nProfesora de la Escuela de Pedagog\u00eda de la Pontificia Universidad Cat\u00f3lica de Valpara\u00edso, Chile.<\/p>\n<p><strong>D. Alberto Fla\u00f1o Lombardo<\/strong><br \/>\nOrganizador de proyectos en cultura cient\u00edfica, tecnol\u00f3gica, innovaci\u00f3n y arte, con una s\u00f3lida trayectoria en la direcci\u00f3n y coordinaci\u00f3n de programas de impacto. Proyecto DACIU (Desarrollo de las Altas Capacidades Intelectuales en la Universidad).<\/p>\n<p><strong>D\u00f1a. Carmen Carmona Huelva<\/strong><br \/>\nCoordinadora de los Programas de Intervenci\u00f3n en Centro CADIS.<\/p>\n\t\t\t\t\t\t\t\t<\/div>\n\t\t\t\t<\/div>\n\t\t\t\t\t<\/div>\n\t\t<\/div>\n\t\t\t\t\t<\/div>\n\t\t<\/section>\n\t\t\t\t<section class=\"elementor-section elementor-inner-section elementor-element elementor-element-25f6d60 elementor-section-full_width elementor-hidden-mobile elementor-section-height-default elementor-section-height-default\" data-id=\"25f6d60\" data-element_type=\"section\" data-e-type=\"section\">\n\t\t\t\t\t\t<div class=\"elementor-container elementor-column-gap-default\">\n\t\t\t\t\t<div class=\"elementor-column elementor-col-100 elementor-inner-column elementor-element elementor-element-1af4df3\" data-id=\"1af4df3\" data-element_type=\"column\" data-e-type=\"column\">\n\t\t\t<div class=\"elementor-widget-wrap elementor-element-populated\">\n\t\t\t\t\t\t<div class=\"elementor-element elementor-element-f373b15 elementor-widget elementor-widget-heading\" data-id=\"f373b15\" data-element_type=\"widget\" data-e-type=\"widget\" data-widget_type=\"heading.default\">\n\t\t\t\t<div class=\"elementor-widget-container\">\n\t\t\t\t\t<h3 class=\"elementor-heading-title elementor-size-default\">Pr\u00e1cticas externas<\/h3>\t\t\t\t<\/div>\n\t\t\t\t<\/div>\n\t\t\t\t<div class=\"elementor-element elementor-element-3507bf7 elementor-widget elementor-widget-text-editor\" data-id=\"3507bf7\" data-element_type=\"widget\" data-e-type=\"widget\" data-widget_type=\"text-editor.default\">\n\t\t\t\t<div class=\"elementor-widget-container\">\n\t\t\t\t\t\t\t\t\t<p>Aunque el M\u00e1ster no incluye de manera obligatoria pr\u00e1cticas externas, podr\u00e1 acogerse a los distintos programas de pr\u00e1cticas existentes dirigidos tanto a estudiantes como titulados\/as y gestionados por la\u00a0<a href=\"https:\/\/www.upo.es\/fundacion\/practicas-en-empresas\/\" target=\"_blank\" rel=\"noopener\">Fundaci\u00f3n Universidad Pablo de Olavide<\/a>.<\/p>\n\t\t\t\t\t\t\t\t<\/div>\n\t\t\t\t<\/div>\n\t\t\t\t\t<\/div>\n\t\t<\/div>\n\t\t\t\t\t<\/div>\n\t\t<\/section>\n\t\t\t\t<section class=\"elementor-section elementor-inner-section elementor-element elementor-element-46e42b5 elementor-section-full_width elementor-hidden-mobile elementor-section-height-default elementor-section-height-default\" data-id=\"46e42b5\" data-element_type=\"section\" data-e-type=\"section\">\n\t\t\t\t\t\t<div class=\"elementor-container elementor-column-gap-default\">\n\t\t\t\t\t<div class=\"elementor-column elementor-col-100 elementor-inner-column elementor-element elementor-element-949ef62\" data-id=\"949ef62\" data-element_type=\"column\" data-e-type=\"column\">\n\t\t\t<div class=\"elementor-widget-wrap elementor-element-populated\">\n\t\t\t\t\t\t<div class=\"elementor-element elementor-element-7ec1724 elementor-widget elementor-widget-heading\" data-id=\"7ec1724\" data-element_type=\"widget\" data-e-type=\"widget\" data-widget_type=\"heading.default\">\n\t\t\t\t<div class=\"elementor-widget-container\">\n\t\t\t\t\t<h3 class=\"elementor-heading-title elementor-size-default\">Proyecto final<\/h3>\t\t\t\t<\/div>\n\t\t\t\t<\/div>\n\t\t\t\t<div class=\"elementor-element elementor-element-dbd6dc6 elementor-widget elementor-widget-text-editor\" data-id=\"dbd6dc6\" data-element_type=\"widget\" data-e-type=\"widget\" data-widget_type=\"text-editor.default\">\n\t\t\t\t<div class=\"elementor-widget-container\">\n\t\t\t\t\t\t\t\t\t<p>El Trabajo de Fin de M\u00e1ster (TFM) supondr\u00e1 elaborar un documento\/informe que incluya un compendio de conocimientos, habilidades y t\u00e9cnicas competenciales, que el estudiante ha adquirido durante el desarrollo del m\u00e1ster, referidos a una tem\u00e1tica concreta que ser\u00e1 abordada de manera personalizada por el propio estudiante, y tutorizada y supervisada por un docente del m\u00e1ster, que ser\u00e1 entregado en el tiempo y fecha que se comunicar\u00e1 al principio de curso.<\/p>\n<p>El Trabajo de Fin de M\u00e1ster deber\u00e1 suponer la demostraci\u00f3n por parte del alumno de que ha adquirido las competencias generales y espec\u00edficas asociadas al m\u00e1ster.<\/p>\n<p>La tem\u00e1tica de los trabajos, de intervenci\u00f3n o investigaci\u00f3n, debe corresponder a colectivos o a \u00e1reas objeto del m\u00e1ster.<\/p>\n<p>Se podr\u00e1 realizar un TFM de cualquiera de estas 6 modalidades:<\/p>\n<p>1.-Proyecto de intervenci\u00f3n e innovaci\u00f3n social.<br \/>\n2.-Proyectos de Investigaci\u00f3n.<br \/>\n3.-Ensayo- an\u00e1lisis cr\u00edtico.<br \/>\n4.-Estudio de casos.<br \/>\n5.-Evaluaci\u00f3n de Programas\/Proyectos.<br \/>\n6.-Revisi\u00f3n sistem\u00e1tica o meta-an\u00e1lisis.<\/p>\n<p>&nbsp;<\/p>\n<h5><strong>Sistema de Evaluaci\u00f3n<\/strong><\/h5>\n<h4><\/h4>\n<p>Al inicio del M\u00e1ster se entregar\u00e1 al alumnado las Normas que regir\u00e1n la relaci\u00f3n con los tutores.<\/p>\n<ul>\n<li>El trabajo de fin de m\u00e1ster se ajustar\u00e1 a lo establecido por la Direcci\u00f3n del M\u00e1ster, y se entregar\u00e1 conforme a las fechas y convocatorias establecidas.<\/li>\n<li>Cada trabajo tendr\u00e1 asignado un tutor\/a, que ser\u00e1 propuesto desde la Direcci\u00f3n del M\u00e1ster a cada estudiante.<\/li>\n<li>La entrega del Trabajo de Fin de M\u00e1ster, necesariamente y como medida obligatoria, habr\u00e1 de contar con una carta aval del tutor\/a. Sin esta carta, no se puede evaluar al estudiante.<\/li>\n<li>Los d\u00edas de defensa de los trabajos y sus horarios se publicar\u00e1n con suficiente antelaci\u00f3n.<\/li>\n<li>Los miembros del tribunal evaluador se determinar\u00e1n por parte de la direcci\u00f3n del m\u00e1ster, suponiendo acto p\u00fablico<\/li>\n<li>Las defensas ser\u00e1n a trav\u00e9s de plataforma on-line.<\/li>\n<\/ul>\n<p><strong>Cr\u00e9ditos asignados al trabajo final: 10 ECTS<\/strong><\/p>\n\t\t\t\t\t\t\t\t<\/div>\n\t\t\t\t<\/div>\n\t\t\t\t\t<\/div>\n\t\t<\/div>\n\t\t\t\t\t<\/div>\n\t\t<\/section>\n\t\t\t\t<section class=\"elementor-section elementor-inner-section elementor-element elementor-element-08bb7d0 elementor-section-full_width elementor-hidden-mobile elementor-section-height-default elementor-section-height-default\" data-id=\"08bb7d0\" data-element_type=\"section\" data-e-type=\"section\">\n\t\t\t\t\t\t<div class=\"elementor-container elementor-column-gap-default\">\n\t\t\t\t\t<div class=\"elementor-column elementor-col-100 elementor-inner-column elementor-element elementor-element-49adb54\" data-id=\"49adb54\" data-element_type=\"column\" data-e-type=\"column\">\n\t\t\t<div class=\"elementor-widget-wrap elementor-element-populated\">\n\t\t\t\t\t\t<div class=\"elementor-element elementor-element-c04951d elementor-widget elementor-widget-heading\" data-id=\"c04951d\" data-element_type=\"widget\" data-e-type=\"widget\" data-widget_type=\"heading.default\">\n\t\t\t\t<div class=\"elementor-widget-container\">\n\t\t\t\t\t<h3 class=\"elementor-heading-title elementor-size-default\">Metodolog\u00eda y evaluaci\u00f3n<\/h3>\t\t\t\t<\/div>\n\t\t\t\t<\/div>\n\t\t\t\t<div class=\"elementor-element elementor-element-5675f78 elementor-widget elementor-widget-text-editor\" data-id=\"5675f78\" data-element_type=\"widget\" data-e-type=\"widget\" data-widget_type=\"text-editor.default\">\n\t\t\t\t<div class=\"elementor-widget-container\">\n\t\t\t\t\t\t\t\t\t<p>Esta formaci\u00f3n de postgrado opta por una metodolog\u00eda online y flexible, que abarque la tem\u00e1tica de las Altas Capacidades y sus aspectos relacionados, desde un enfoque m\u00faltiple, cient\u00edfico, profesional y personal-familiar.<\/p>\n<p>La persona estudiante dispondr\u00e1 de numerosos enfoques pr\u00e1cticos y aplicados en diferentes contextos de las altas capacidades, atendiendo a las caracter\u00edsticas de este campo, definiendo los conceptos y fen\u00f3menos que intervienen en su delimitaci\u00f3n; las teor\u00edas del Desarrollo Cognitivo que se han de conocer; las relaciones con el campo de las neurociencias; los aspectos emocionales y sociales vinculados a individuos con alta capacidad, su entorno y su familia; su identificaci\u00f3n, evaluaci\u00f3n; herramientas y test psicom\u00e9tricos, las entrevistas cl\u00ednicas, o la observaci\u00f3n conductual; todos los aspectos relacionados con el contexto educativo, sus problem\u00e1ticas y recursos aplicables, las medidas legislativas y la intervenci\u00f3n psicoeducativa; y por supuesto, psicoterapia con ni\u00f1os y adolescentes con Altas Capacidades, el apoyo familiar y comunitario, el desarrollo de habilidades sociales en individuos con Altas Capacidades, y la orientaci\u00f3n vocacional y profesional, entre otras cuestiones.<\/p>\n<p>La ense\u00f1anza se realizar\u00e1 en entornos virtuales digitalizados, de forma asincr\u00f3nica, que proporcionar\u00e1n la flexibilidad necesaria en el proceso de aprendizaje y la internacionalizaci\u00f3n que este tipo de formaci\u00f3n demanda. Para ello se har\u00e1 uso de herramientas y soportes en v\u00eddeo y ejercicios, evaluaciones telem\u00e1ticas y casos pr\u00e1cticos.<\/p>\n<h5><\/h5>\n<h5>Evaluaci\u00f3n<\/h5>\n<h4><\/h4>\n<p>La evaluaci\u00f3n se calcular\u00e1 en funci\u00f3n a los siguientes porcentajes:<\/p>\n<ul>\n<li>Pruebas te\u00f3ricas: 40%<\/li>\n<li>Actividades Pr\u00e1cticas: 30%<\/li>\n<li>Trabajo Final: 30%<\/li>\n<\/ul>\n\t\t\t\t\t\t\t\t<\/div>\n\t\t\t\t<\/div>\n\t\t\t\t\t<\/div>\n\t\t<\/div>\n\t\t\t\t\t<\/div>\n\t\t<\/section>\n\t\t\t\t<section class=\"elementor-section elementor-inner-section elementor-element elementor-element-f0bf854 elementor-section-full_width elementor-section-height-default elementor-section-height-default\" data-id=\"f0bf854\" data-element_type=\"section\" data-e-type=\"section\">\n\t\t\t\t\t\t<div class=\"elementor-container elementor-column-gap-default\">\n\t\t\t\t\t<div class=\"elementor-column elementor-col-100 elementor-inner-column elementor-element elementor-element-cbdf028\" data-id=\"cbdf028\" data-element_type=\"column\" data-e-type=\"column\">\n\t\t\t<div class=\"elementor-widget-wrap elementor-element-populated\">\n\t\t\t\t\t\t<div class=\"elementor-element elementor-element-3fb48d4 elementor-widget elementor-widget-heading\" data-id=\"3fb48d4\" data-element_type=\"widget\" data-e-type=\"widget\" data-widget_type=\"heading.default\">\n\t\t\t\t<div class=\"elementor-widget-container\">\n\t\t\t\t\t<h3 class=\"elementor-heading-title elementor-size-default\">Requisitos y perfil de acceso<\/h3>\t\t\t\t<\/div>\n\t\t\t\t<\/div>\n\t\t\t\t<div class=\"elementor-element elementor-element-abe8c0e elementor-widget elementor-widget-text-editor\" data-id=\"abe8c0e\" data-element_type=\"widget\" data-e-type=\"widget\" data-widget_type=\"text-editor.default\">\n\t\t\t\t<div class=\"elementor-widget-container\">\n\t\t\t\t\t\t\t\t\t<p>Podr\u00e1n acceder a los estudios de M\u00e1ster de Formaci\u00f3n Permanente:<\/p>\n<ul>\n<li>Quienes est\u00e9n en posesi\u00f3n de un t\u00edtulo universitario de Grado espa\u00f1ol o equivalente.<\/li>\n<li>Quienes est\u00e9n en posesi\u00f3n de un t\u00edtulo expedido por una instituci\u00f3n de educaci\u00f3n superior del Espacio Europeo de Educaci\u00f3n Superior, que otorgue acceso a ense\u00f1anzas oficiales de Postgrado.<\/li>\n<li>Quienes est\u00e9n en posesi\u00f3n de un t\u00edtulo conforme a sistemas educativos ajenos al Espacio Europeo de Educaci\u00f3n Superior, que acredite un nivel de formaci\u00f3n equivalente a los correspondientes T\u00edtulos universitarios oficiales espa\u00f1oles de Grado, y que facultan en el pa\u00eds expedidor del t\u00edtulo para el acceso a ense\u00f1anzas de Postgrado. *<\/li>\n<li>Quienes acrediten haber superado al menos 180 cr\u00e9ditos ECTS correspondientes a ense\u00f1anzas oficiales de Grado. En este caso, para que el estudiante obtenga su t\u00edtulo, debe haber terminado sus estudios de Grado antes de la finalizaci\u00f3n del M\u00e1ster.<\/li>\n<li>Excepcionalmente, quienes acrediten experiencia profesional demostrada en un \u00e1mbito relacionado con el contenido del t\u00edtulo. Esta admisi\u00f3n estar\u00e1 condicionada a la autorizaci\u00f3n por la Comisi\u00f3n de Postgrado de la Universidad Pablo de Olavide.<\/li>\n<\/ul>\n<p><em>*No es necesario que estos t\u00edtulos se encuentren homologados en Espa\u00f1a.<\/em><\/p>\n\t\t\t\t\t\t\t\t<\/div>\n\t\t\t\t<\/div>\n\t\t\t\t\t<\/div>\n\t\t<\/div>\n\t\t\t\t\t<\/div>\n\t\t<\/section>\n\t\t\t\t<section class=\"elementor-section elementor-inner-section elementor-element elementor-element-01ca511 elementor-section-full_width elementor-section-height-default elementor-section-height-default\" data-id=\"01ca511\" data-element_type=\"section\" data-e-type=\"section\">\n\t\t\t\t\t\t<div class=\"elementor-container elementor-column-gap-default\">\n\t\t\t\t\t<div class=\"elementor-column elementor-col-100 elementor-inner-column elementor-element elementor-element-02d55c3\" data-id=\"02d55c3\" data-element_type=\"column\" data-e-type=\"column\">\n\t\t\t<div class=\"elementor-widget-wrap elementor-element-populated\">\n\t\t\t\t\t\t<div class=\"elementor-element elementor-element-6daa241 elementor-widget elementor-widget-heading\" data-id=\"6daa241\" data-element_type=\"widget\" data-e-type=\"widget\" data-widget_type=\"heading.default\">\n\t\t\t\t<div class=\"elementor-widget-container\">\n\t\t\t\t\t<h3 class=\"elementor-heading-title elementor-size-default\">Horario<\/h3>\t\t\t\t<\/div>\n\t\t\t\t<\/div>\n\t\t\t\t<div class=\"elementor-element elementor-element-932e5e6 elementor-widget elementor-widget-text-editor\" data-id=\"932e5e6\" data-element_type=\"widget\" data-e-type=\"widget\" data-widget_type=\"text-editor.default\">\n\t\t\t\t<div class=\"elementor-widget-container\">\n\t\t\t\t\t\t\t\t\t<p>Este M\u00e1ster se desarrollar\u00e1 del <strong>3 de noviembre de 2026 al 16 de junio de 2027.<\/strong><\/p>\n<p>La ense\u00f1anza se realizar\u00e1 en el Aula Virtual de la UPO, de forma asincr\u00f3nica, que proporcionar\u00e1 la flexibilidad necesaria en el proceso de aprendizaje. Para ello se har\u00e1 uso de herramientas y soportes en v\u00eddeo y ejercicios, evaluaciones telem\u00e1ticas y casos pr\u00e1cticos.<\/p>\n\t\t\t\t\t\t\t\t<\/div>\n\t\t\t\t<\/div>\n\t\t\t\t\t<\/div>\n\t\t<\/div>\n\t\t\t\t\t<\/div>\n\t\t<\/section>\n\t\t\t\t<section class=\"elementor-section elementor-inner-section elementor-element elementor-element-b22dffd elementor-section-full_width elementor-section-height-default elementor-section-height-default\" data-id=\"b22dffd\" data-element_type=\"section\" data-e-type=\"section\">\n\t\t\t\t\t\t<div class=\"elementor-container elementor-column-gap-default\">\n\t\t\t\t\t<div class=\"elementor-column elementor-col-100 elementor-inner-column elementor-element elementor-element-6012d34\" data-id=\"6012d34\" data-element_type=\"column\" data-e-type=\"column\">\n\t\t\t<div class=\"elementor-widget-wrap elementor-element-populated\">\n\t\t\t\t\t\t<div class=\"elementor-element elementor-element-03a11f1 elementor-widget elementor-widget-heading\" data-id=\"03a11f1\" data-element_type=\"widget\" data-e-type=\"widget\" data-widget_type=\"heading.default\">\n\t\t\t\t<div class=\"elementor-widget-container\">\n\t\t\t\t\t<h3 class=\"elementor-heading-title elementor-size-default\">Precios y ayuda<\/h3>\t\t\t\t<\/div>\n\t\t\t\t<\/div>\n\t\t\t\t<div class=\"elementor-element elementor-element-f8b4ff4 elementor-widget elementor-widget-text-editor\" data-id=\"f8b4ff4\" data-element_type=\"widget\" data-e-type=\"widget\" data-widget_type=\"text-editor.default\">\n\t\t\t\t<div class=\"elementor-widget-container\">\n\t\t\t\t\t\t\t\t\t<h5><strong>Tasas<\/strong><\/h5>\n<p>2.200,20 \u20ac<\/p>\n<ul>\n<li>Este importe no incluye las\u00a0<strong>tasas de expedici\u00f3n del t\u00edtulo<\/strong>, puede acceder a la informaci\u00f3n en el\u00a0<a href=\"https:\/\/www.upo.es\/formacionpermanente\/titulos-propios\/como-solicitar-el-titulo-o-diploma-de-un-titulo-propio\/\" target=\"_blank\" rel=\"noopener\">siguiente enlace.<\/a><\/li>\n<li>Este importe no incluye las\u00a0<strong>tasas de expedici\u00f3n del carnet de estudiante<\/strong>, puede acceder a la informaci\u00f3n desde el\u00a0<a href=\"https:\/\/www.upo.es\/formacionpermanente\/titulos-propios\/carnet-de-estudiante-para-titulos-propios\/\" target=\"_blank\" rel=\"noopener\">siguiente enlace<\/a>.<\/li>\n<\/ul>\n<h5>\u00a0Pagos<\/h5>\n<h5><\/h5>\n<ul>\n<li>Reserva de plaza:\u00a0<strong>330,03 \u20ac<\/strong><\/li>\n<li>Matr\u00edcula (una vez comunicada la admisi\u00f3n y antes del inicio del programa):<strong> 935,09 \u20ac<\/strong><\/li>\n<li>Primer plazo fraccionado (febrero de 2027): <strong>467,54 \u20ac<\/strong><\/li>\n<li>Segundo plazo fraccionado (abril de 2027): <strong>467,54 \u20ac<\/strong><\/li>\n<\/ul>\n<p>El pago fraccionado no exime del abono completo de las tasas una vez iniciado el programa. Para consultar los motivos de devoluci\u00f3n de la Reserva de Plaza puede hacerlo desde\u00a0<a href=\"https:\/\/www.upo.es\/formacionpermanente\/wp-content\/imagenes\/uploads\/2025\/01\/BUPO-13-2024_Instruccion-Reserva-de-Plaza.pdf\" target=\"_blank\" rel=\"noopener\">aqu\u00ed.<\/a><\/p>\n<h5><strong>Ayudas al estudio<\/strong><\/h5>\n<p>Todos los programas de T\u00edtulos Propios ofrecen la posibilidad de solicitar una ayuda al estudio. Puede consultar la informaci\u00f3n completa y la fecha de la convocatoria <a href=\"https:\/\/www.upo.es\/formacionpermanente\/titulos-propios\/ayudas-al-estudio-para-titulos-propios\/\">aqu\u00ed<\/a>.<\/p>\n\t\t\t\t\t\t\t\t<\/div>\n\t\t\t\t<\/div>\n\t\t\t\t\t<\/div>\n\t\t<\/div>\n\t\t\t\t\t<\/div>\n\t\t<\/section>\n\t\t\t\t<section class=\"elementor-section elementor-inner-section elementor-element elementor-element-406491a elementor-section-full_width elementor-section-height-default elementor-section-height-default\" data-id=\"406491a\" data-element_type=\"section\" data-e-type=\"section\">\n\t\t\t\t\t\t<div class=\"elementor-container elementor-column-gap-default\">\n\t\t\t\t\t<div class=\"elementor-column elementor-col-100 elementor-inner-column elementor-element elementor-element-6c76863\" data-id=\"6c76863\" data-element_type=\"column\" data-e-type=\"column\">\n\t\t\t<div class=\"elementor-widget-wrap elementor-element-populated\">\n\t\t\t\t\t\t<div class=\"elementor-element elementor-element-d97fe7e elementor-widget elementor-widget-heading\" data-id=\"d97fe7e\" data-element_type=\"widget\" data-e-type=\"widget\" data-widget_type=\"heading.default\">\n\t\t\t\t<div class=\"elementor-widget-container\">\n\t\t\t\t\t<h3 class=\"elementor-heading-title elementor-size-default\">\u00bfTienes alguna duda? Contacta con nosotros<\/h3>\t\t\t\t<\/div>\n\t\t\t\t<\/div>\n\t\t\t\t\t<\/div>\n\t\t<\/div>\n\t\t\t\t\t<\/div>\n\t\t<\/section>\n\t\t\t\t<section class=\"elementor-section elementor-inner-section elementor-element elementor-element-9523bed elementor-section-boxed elementor-section-height-default elementor-section-height-default\" data-id=\"9523bed\" data-element_type=\"section\" data-e-type=\"section\">\n\t\t\t\t\t\t<div class=\"elementor-container elementor-column-gap-default\">\n\t\t\t\t\t<div class=\"elementor-column elementor-col-33 elementor-inner-column elementor-element elementor-element-9e6dc8f\" data-id=\"9e6dc8f\" data-element_type=\"column\" data-e-type=\"column\">\n\t\t\t<div class=\"elementor-widget-wrap elementor-element-populated\">\n\t\t\t\t\t\t<div class=\"elementor-element elementor-element-d5f2edb elementor-widget elementor-widget-text-editor\" data-id=\"d5f2edb\" data-element_type=\"widget\" data-e-type=\"widget\" data-widget_type=\"text-editor.default\">\n\t\t\t\t<div class=\"elementor-widget-container\">\n\t\t\t\t\t\t\t\t\t<h5><strong>Para informaci\u00f3n acad\u00e9mica:<\/strong><\/h5>\t\t\t\t\t\t\t\t<\/div>\n\t\t\t\t<\/div>\n\t\t\t\t<div class=\"elementor-element elementor-element-ed2e954 elementor-widget elementor-widget-text-editor\" data-id=\"ed2e954\" data-element_type=\"widget\" data-e-type=\"widget\" data-widget_type=\"text-editor.default\">\n\t\t\t\t<div class=\"elementor-widget-container\">\n\t\t\t\t\t\t\t\t\tEvaristo Barrera Algar\u00edn\t\t\t\t\t\t\t\t<\/div>\n\t\t\t\t<\/div>\n\t\t\t\t<div class=\"elementor-element elementor-element-605754b elementor-widget elementor-widget-text-editor\" data-id=\"605754b\" data-element_type=\"widget\" data-e-type=\"widget\" data-widget_type=\"text-editor.default\">\n\t\t\t\t<div class=\"elementor-widget-container\">\n\t\t\t\t\t\t\t\t\tebaralg@upo.es\t\t\t\t\t\t\t\t<\/div>\n\t\t\t\t<\/div>\n\t\t\t\t\t<\/div>\n\t\t<\/div>\n\t\t\t\t<div class=\"elementor-column elementor-col-33 elementor-inner-column elementor-element elementor-element-f29e7a5\" data-id=\"f29e7a5\" data-element_type=\"column\" data-e-type=\"column\">\n\t\t\t<div class=\"elementor-widget-wrap elementor-element-populated\">\n\t\t\t\t\t\t<div class=\"elementor-element elementor-element-ef90bc9 elementor-widget elementor-widget-text-editor\" data-id=\"ef90bc9\" data-element_type=\"widget\" data-e-type=\"widget\" data-widget_type=\"text-editor.default\">\n\t\t\t\t<div class=\"elementor-widget-container\">\n\t\t\t\t\t\t\t\t\t<h5><strong>Coordinaci\u00f3n del M\u00e1ster:<\/strong><\/h5>\t\t\t\t\t\t\t\t<\/div>\n\t\t\t\t<\/div>\n\t\t\t\t<div class=\"elementor-element elementor-element-148c267 elementor-widget elementor-widget-text-editor\" data-id=\"148c267\" data-element_type=\"widget\" data-e-type=\"widget\" data-widget_type=\"text-editor.default\">\n\t\t\t\t<div class=\"elementor-widget-container\">\n\t\t\t\t\t\t\t\t\t<p>masteraltascapacidades@upo.es<\/p>\t\t\t\t\t\t\t\t<\/div>\n\t\t\t\t<\/div>\n\t\t\t\t\t<\/div>\n\t\t<\/div>\n\t\t\t\t<div class=\"elementor-column elementor-col-33 elementor-inner-column elementor-element elementor-element-8b181e0\" data-id=\"8b181e0\" data-element_type=\"column\" data-e-type=\"column\">\n\t\t\t<div class=\"elementor-widget-wrap elementor-element-populated\">\n\t\t\t\t\t\t<div class=\"elementor-element elementor-element-26569b9 elementor-widget elementor-widget-text-editor\" data-id=\"26569b9\" data-element_type=\"widget\" data-e-type=\"widget\" data-widget_type=\"text-editor.default\">\n\t\t\t\t<div class=\"elementor-widget-container\">\n\t\t\t\t\t\t\t\t\t<h5>Para informaci\u00f3n administrativa:<\/h5><p>\u00c1rea de T\u00edtulos Propios<br \/>Tel: +34 954348963 \/ +34 954349066<br \/>titulospropios@fundacion.upo.es\u00a0<\/p>\t\t\t\t\t\t\t\t<\/div>\n\t\t\t\t<\/div>\n\t\t\t\t\t<\/div>\n\t\t<\/div>\n\t\t\t\t\t<\/div>\n\t\t<\/section>\n\t\t\t\t<section class=\"elementor-section elementor-inner-section elementor-element elementor-element-106426f elementor-section-full_width elementor-section-height-default elementor-section-height-default\" data-id=\"106426f\" data-element_type=\"section\" data-e-type=\"section\" data-settings=\"{&quot;background_background&quot;:&quot;classic&quot;}\">\n\t\t\t\t\t\t<div class=\"elementor-container elementor-column-gap-wider\">\n\t\t\t\t\t<div class=\"elementor-column elementor-col-50 elementor-inner-column elementor-element elementor-element-7fe4a62\" data-id=\"7fe4a62\" data-element_type=\"column\" data-e-type=\"column\">\n\t\t\t<div class=\"elementor-widget-wrap elementor-element-populated\">\n\t\t\t\t\t\t<div class=\"elementor-element elementor-element-ef9121d elementor-widget elementor-widget-image\" data-id=\"ef9121d\" data-element_type=\"widget\" data-e-type=\"widget\" data-widget_type=\"image.default\">\n\t\t\t\t<div class=\"elementor-widget-container\">\n\t\t\t\t\t\t\t\t\t\t\t\t\t\t\t<img loading=\"lazy\" decoding=\"async\" width=\"768\" height=\"353\" src=\"https:\/\/www.upo.es\/formacionpermanente\/wp-content\/imagenes\/uploads\/2024\/02\/Calidad-Web-768x353.png\" class=\"attachment-medium_large size-medium_large wp-image-38133\" alt=\"\" srcset=\"https:\/\/www.upo.es\/formacionpermanente\/wp-content\/imagenes\/uploads\/2024\/02\/Calidad-Web-768x353.png 768w, https:\/\/www.upo.es\/formacionpermanente\/wp-content\/imagenes\/uploads\/2024\/02\/Calidad-Web-300x138.png 300w, https:\/\/www.upo.es\/formacionpermanente\/wp-content\/imagenes\/uploads\/2024\/02\/Calidad-Web.png 800w\" sizes=\"(max-width: 768px) 100vw, 768px\" \/>\t\t\t\t\t\t\t\t\t\t\t\t\t\t\t<\/div>\n\t\t\t\t<\/div>\n\t\t\t\t<div class=\"elementor-element elementor-element-5b95669 elementor-align-center elementor-widget elementor-widget-button\" data-id=\"5b95669\" data-element_type=\"widget\" data-e-type=\"widget\" data-widget_type=\"button.default\">\n\t\t\t\t<div class=\"elementor-widget-container\">\n\t\t\t\t\t\t\t\t\t<div class=\"elementor-button-wrapper\">\n\t\t\t\t\t<a class=\"elementor-button elementor-button-link elementor-size-sm\" href=\"https:\/\/www.upo.es\/formacionpermanente\/wp-content\/imagenes\/uploads\/2024\/09\/calidad-fupo-20242025.pdf\" target=\"_blank\">\n\t\t\t\t\t\t<span class=\"elementor-button-content-wrapper\">\n\t\t\t\t\t\t\t\t\t<span class=\"elementor-button-text\">Ver Certificado<\/span>\n\t\t\t\t\t<\/span>\n\t\t\t\t\t<\/a>\n\t\t\t\t<\/div>\n\t\t\t\t\t\t\t\t<\/div>\n\t\t\t\t<\/div>\n\t\t\t\t\t<\/div>\n\t\t<\/div>\n\t\t\t\t<div class=\"elementor-column elementor-col-50 elementor-inner-column elementor-element elementor-element-54bf4cc\" data-id=\"54bf4cc\" data-element_type=\"column\" data-e-type=\"column\">\n\t\t\t<div class=\"elementor-widget-wrap elementor-element-populated\">\n\t\t\t\t\t\t<div class=\"elementor-element elementor-element-529f8d7 elementor-widget elementor-widget-heading\" data-id=\"529f8d7\" data-element_type=\"widget\" data-e-type=\"widget\" data-widget_type=\"heading.default\">\n\t\t\t\t<div class=\"elementor-widget-container\">\n\t\t\t\t\t<h3 class=\"elementor-heading-title elementor-size-default\">Certificaci\u00f3n de Calidad - AENOR ISO 9001<\/h3>\t\t\t\t<\/div>\n\t\t\t\t<\/div>\n\t\t\t\t<div class=\"elementor-element elementor-element-5fa1f18 elementor-widget elementor-widget-text-editor\" data-id=\"5fa1f18\" data-element_type=\"widget\" data-e-type=\"widget\" data-widget_type=\"text-editor.default\">\n\t\t\t\t<div class=\"elementor-widget-container\">\n\t\t\t\t\t\t\t\t\t<div data-id=\"5b61699\" data-element_type=\"widget\" data-widget_type=\"text-editor.default\"><div><p>La <strong>Fundaci\u00f3n Universidad Pablo de Olavide<\/strong>, ha asumido su compromiso con la gesti\u00f3n de la calidad desde el a\u00f1o 2003, fecha en la que se obtuvo por primera vez la certificaci\u00f3n de su <strong>Sistema de Gesti\u00f3n de la Calidad<\/strong>. Desde ese momento, se ha apostado por un proceso de mejora continua que ha permitido la evoluci\u00f3n del sistema de gesti\u00f3n de la Fundaci\u00f3n en sus nuevos retos operativos, conforme siempre a los est\u00e1ndares de calidad de la normas ISO.<\/p><p>El alcance del Certificado de Calidad de la Fundaci\u00f3n recoge las actividades de <strong>Gesti\u00f3n de Pr\u00e1cticas Acad\u00e9micas Externas<\/strong> (Curriculares y Extracurriculares) y <strong>Gesti\u00f3n de Formaci\u00f3n Permanente<\/strong> (T\u00edtulos Propios y Microcredenciales).<\/p><\/div><\/div>\t\t\t\t\t\t\t\t<\/div>\n\t\t\t\t<\/div>\n\t\t\t\t\t<\/div>\n\t\t<\/div>\n\t\t\t\t\t<\/div>\n\t\t<\/section>\n\t\t\t\t\t<\/div>\n\t\t<\/div>\n\t\t\t\t<div class=\"elementor-column elementor-col-50 elementor-top-column elementor-element elementor-element-07dee6e\" data-id=\"07dee6e\" data-element_type=\"column\" data-e-type=\"column\" data-settings=\"{&quot;background_background&quot;:&quot;classic&quot;}\">\n\t\t\t<div class=\"elementor-widget-wrap elementor-element-populated\">\n\t\t\t\t\t\t<section class=\"elementor-section elementor-inner-section elementor-element elementor-element-e6f3268 elementor-section-full_width elementor-hidden-tablet elementor-hidden-mobile elementor-section-height-default elementor-section-height-default\" data-id=\"e6f3268\" data-element_type=\"section\" data-e-type=\"section\" data-settings=\"{&quot;sticky&quot;:&quot;top&quot;,&quot;sticky_on&quot;:[&quot;desktop&quot;],&quot;sticky_parent&quot;:&quot;yes&quot;,&quot;sticky_offset&quot;:50,&quot;sticky_effects_offset&quot;:0,&quot;sticky_anchor_link_offset&quot;:0}\">\n\t\t\t\t\t\t<div class=\"elementor-container elementor-column-gap-no\">\n\t\t\t\t\t<div class=\"elementor-column elementor-col-100 elementor-inner-column elementor-element elementor-element-4428cf4\" data-id=\"4428cf4\" data-element_type=\"column\" data-e-type=\"column\">\n\t\t\t<div class=\"elementor-widget-wrap elementor-element-populated\">\n\t\t\t\t\t\t<div class=\"elementor-element elementor-element-e766fe8 elementor-align-left elementor-tablet-align-center elementor-hidden-tablet elementor-hidden-mobile elementor-widget elementor-widget-button\" data-id=\"e766fe8\" data-element_type=\"widget\" data-e-type=\"widget\" data-widget_type=\"button.default\">\n\t\t\t\t<div class=\"elementor-widget-container\">\n\t\t\t\t\t\t\t\t\t<div class=\"elementor-button-wrapper\">\n\t\t\t\t\t<a class=\"elementor-button elementor-button-link elementor-size-md\" href=\"https:\/\/www.upo.es\/automat-fund\/web\/index.php?r=curso%2Fview&#038;id=847\">\n\t\t\t\t\t\t<span class=\"elementor-button-content-wrapper\">\n\t\t\t\t\t\t\t\t\t<span class=\"elementor-button-text\">Realizar reserva de plaza<\/span>\n\t\t\t\t\t<\/span>\n\t\t\t\t\t<\/a>\n\t\t\t\t<\/div>\n\t\t\t\t\t\t\t\t<\/div>\n\t\t\t\t<\/div>\n\t\t\t\t<div class=\"elementor-element elementor-element-4e0991d elementor-widget elementor-widget-heading\" data-id=\"4e0991d\" data-element_type=\"widget\" data-e-type=\"widget\" data-widget_type=\"heading.default\">\n\t\t\t\t<div class=\"elementor-widget-container\">\n\t\t\t\t\t<h4 class=\"elementor-heading-title elementor-size-default\">Modalidad<\/h4>\t\t\t\t<\/div>\n\t\t\t\t<\/div>\n\t\t\t\t<div class=\"elementor-element elementor-element-2937030 elementor-widget elementor-widget-heading\" data-id=\"2937030\" data-element_type=\"widget\" data-e-type=\"widget\" data-widget_type=\"heading.default\">\n\t\t\t\t<div class=\"elementor-widget-container\">\n\t\t\t\t\t<h5 class=\"elementor-heading-title elementor-size-default\">Online<\/h5>\t\t\t\t<\/div>\n\t\t\t\t<\/div>\n\t\t\t\t<div class=\"elementor-element elementor-element-acdc1b9 elementor-widget elementor-widget-heading\" data-id=\"acdc1b9\" data-element_type=\"widget\" data-e-type=\"widget\" data-widget_type=\"heading.default\">\n\t\t\t\t<div class=\"elementor-widget-container\">\n\t\t\t\t\t<h4 class=\"elementor-heading-title elementor-size-default\">Inicio del curso<\/h4>\t\t\t\t<\/div>\n\t\t\t\t<\/div>\n\t\t\t\t<div class=\"elementor-element elementor-element-335ac96 elementor-widget elementor-widget-heading\" data-id=\"335ac96\" data-element_type=\"widget\" data-e-type=\"widget\" data-widget_type=\"heading.default\">\n\t\t\t\t<div class=\"elementor-widget-container\">\n\t\t\t\t\t<h5 class=\"elementor-heading-title elementor-size-default\">03\/11\/2026<\/h5>\t\t\t\t<\/div>\n\t\t\t\t<\/div>\n\t\t\t\t<div class=\"elementor-element elementor-element-ca3520a elementor-widget elementor-widget-heading\" data-id=\"ca3520a\" data-element_type=\"widget\" data-e-type=\"widget\" data-widget_type=\"heading.default\">\n\t\t\t\t<div class=\"elementor-widget-container\">\n\t\t\t\t\t<h4 class=\"elementor-heading-title elementor-size-default\">Calendario acad\u00e9mico<\/h4>\t\t\t\t<\/div>\n\t\t\t\t<\/div>\n\t\t\t\t<div class=\"elementor-element elementor-element-67640f3 elementor-align-left elementor-widget elementor-widget-button\" data-id=\"67640f3\" data-element_type=\"widget\" data-e-type=\"widget\" data-widget_type=\"button.default\">\n\t\t\t\t<div class=\"elementor-widget-container\">\n\t\t\t\t\t\t\t\t\t<div class=\"elementor-button-wrapper\">\n\t\t\t\t\t<a class=\"elementor-button elementor-button-link elementor-size-md\" href=\"https:\/\/www.upo.es\/formacionpermanente\/wp-content\/imagenes\/uploads\/2026\/01\/M2026-01_Calendario.pdf\">\n\t\t\t\t\t\t<span class=\"elementor-button-content-wrapper\">\n\t\t\t\t\t\t\t\t\t<span class=\"elementor-button-text\">Haz clic aqu\u00ed para consultar<\/span>\n\t\t\t\t\t<\/span>\n\t\t\t\t\t<\/a>\n\t\t\t\t<\/div>\n\t\t\t\t\t\t\t\t<\/div>\n\t\t\t\t<\/div>\n\t\t\t\t<div class=\"elementor-element elementor-element-ffa7d6a elementor-widget elementor-widget-heading\" data-id=\"ffa7d6a\" data-element_type=\"widget\" data-e-type=\"widget\" data-widget_type=\"heading.default\">\n\t\t\t\t<div class=\"elementor-widget-container\">\n\t\t\t\t\t<h4 class=\"elementor-heading-title elementor-size-default\">Cr\u00e9ditos<\/h4>\t\t\t\t<\/div>\n\t\t\t\t<\/div>\n\t\t\t\t<div class=\"elementor-element elementor-element-14086b1 elementor-widget elementor-widget-heading\" data-id=\"14086b1\" data-element_type=\"widget\" data-e-type=\"widget\" data-widget_type=\"heading.default\">\n\t\t\t\t<div class=\"elementor-widget-container\">\n\t\t\t\t\t<h5 class=\"elementor-heading-title elementor-size-default\">60 ECTS<\/h5>\t\t\t\t<\/div>\n\t\t\t\t<\/div>\n\t\t\t\t<div class=\"elementor-element elementor-element-10320ff elementor-widget elementor-widget-heading\" data-id=\"10320ff\" data-element_type=\"widget\" data-e-type=\"widget\" data-widget_type=\"heading.default\">\n\t\t\t\t<div class=\"elementor-widget-container\">\n\t\t\t\t\t<h4 class=\"elementor-heading-title elementor-size-default\">Precio del curso<\/h4>\t\t\t\t<\/div>\n\t\t\t\t<\/div>\n\t\t\t\t<div class=\"elementor-element elementor-element-d105a3a elementor-widget elementor-widget-heading\" data-id=\"d105a3a\" data-element_type=\"widget\" data-e-type=\"widget\" data-widget_type=\"heading.default\">\n\t\t\t\t<div class=\"elementor-widget-container\">\n\t\t\t\t\t<h5 class=\"elementor-heading-title elementor-size-default\">2.200,20 \u20ac<\/h5>\t\t\t\t<\/div>\n\t\t\t\t<\/div>\n\t\t\t\t<div data-dce-title-color=\"#00335B\" class=\"elementor-element elementor-element-bca686f elementor-cta--skin-cover elementor-cta--valign-middle elementor-bg-transform elementor-bg-transform-zoom-out elementor-widget elementor-widget-call-to-action\" data-id=\"bca686f\" data-element_type=\"widget\" data-e-type=\"widget\" data-widget_type=\"call-to-action.default\">\n\t\t\t\t<div class=\"elementor-widget-container\">\n\t\t\t\t\t\t\t<a class=\"elementor-cta\" href=\"#elementor-action%3Aaction%3Dpopup%3Aopen%26settings%3DeyJpZCI6IjE5MTA1IiwidG9nZ2xlIjpmYWxzZX0%3D\">\n\t\t\t\t\t<div class=\"elementor-cta__bg-wrapper\">\n\t\t\t\t<div class=\"elementor-cta__bg elementor-bg\" style=\"background-image: url(https:\/\/www.upo.es\/formacionpermanente\/wp-content\/imagenes\/uploads\/2022\/10\/microcredenciales-1.jpg);\" role=\"img\" aria-label=\"microcredenciales-1\"><\/div>\n\t\t\t\t<div class=\"elementor-cta__bg-overlay\"><\/div>\n\t\t\t<\/div>\n\t\t\t\t\t\t\t<div class=\"elementor-cta__content\">\n\t\t\t\t\n\t\t\t\t\t\t\t\t\t<h2 class=\"elementor-cta__title elementor-cta__content-item elementor-content-item\">\n\t\t\t\t\t\t\u00bfNecesitas m\u00e1s informaci\u00f3n?\t\t\t\t\t<\/h2>\n\t\t\t\t\n\t\t\t\t\t\t\t\t\t<div class=\"elementor-cta__description elementor-cta__content-item elementor-content-item\">\n\t\t\t\t\t\t\u00bfTienes alguna duda sobre este t\u00edtulo propio? \u00bfQuieres que te avisemos de la pr\u00f3xima edici\u00f3n?\t\t\t\t\t<\/div>\n\t\t\t\t\n\t\t\t\t\t\t\t\t\t<div class=\"elementor-cta__button-wrapper elementor-cta__content-item elementor-content-item \">\n\t\t\t\t\t<span class=\"elementor-cta__button elementor-button elementor-size-md\">\n\t\t\t\t\t\tContacta con nosotros\t\t\t\t\t<\/span>\n\t\t\t\t\t<\/div>\n\t\t\t\t\t\t\t<\/div>\n\t\t\t\t\t\t<\/a>\n\t\t\t\t\t\t<\/div>\n\t\t\t\t<\/div>\n\t\t\t\t\t<\/div>\n\t\t<\/div>\n\t\t\t\t\t<\/div>\n\t\t<\/section>\n\t\t\t\t<section class=\"elementor-section elementor-inner-section elementor-element elementor-element-805467d elementor-section-full_width elementor-section-content-middle elementor-hidden-desktop elementor-section-height-default elementor-section-height-default\" data-id=\"805467d\" data-element_type=\"section\" data-e-type=\"section\" data-settings=\"{&quot;sticky&quot;:&quot;top&quot;,&quot;sticky_on&quot;:[&quot;desktop&quot;],&quot;sticky_parent&quot;:&quot;yes&quot;,&quot;sticky_offset&quot;:0,&quot;sticky_effects_offset&quot;:0,&quot;sticky_anchor_link_offset&quot;:0}\">\n\t\t\t\t\t\t<div class=\"elementor-container elementor-column-gap-extended\">\n\t\t\t\t\t<div class=\"elementor-column elementor-col-25 elementor-inner-column elementor-element elementor-element-f7ad539\" data-id=\"f7ad539\" data-element_type=\"column\" data-e-type=\"column\">\n\t\t\t<div class=\"elementor-widget-wrap elementor-element-populated\">\n\t\t\t\t\t\t<div class=\"elementor-element elementor-element-42ad1e6 elementor-widget elementor-widget-heading\" data-id=\"42ad1e6\" data-element_type=\"widget\" data-e-type=\"widget\" data-widget_type=\"heading.default\">\n\t\t\t\t<div class=\"elementor-widget-container\">\n\t\t\t\t\t<h4 class=\"elementor-heading-title elementor-size-default\">Modalidad<\/h4>\t\t\t\t<\/div>\n\t\t\t\t<\/div>\n\t\t\t\t<div class=\"elementor-element elementor-element-f7c6528 elementor-widget elementor-widget-heading\" data-id=\"f7c6528\" data-element_type=\"widget\" data-e-type=\"widget\" data-widget_type=\"heading.default\">\n\t\t\t\t<div class=\"elementor-widget-container\">\n\t\t\t\t\t<h5 class=\"elementor-heading-title elementor-size-default\">Online<\/h5>\t\t\t\t<\/div>\n\t\t\t\t<\/div>\n\t\t\t\t\t<\/div>\n\t\t<\/div>\n\t\t\t\t<div class=\"elementor-column elementor-col-25 elementor-inner-column elementor-element elementor-element-428a11e\" data-id=\"428a11e\" data-element_type=\"column\" data-e-type=\"column\">\n\t\t\t<div class=\"elementor-widget-wrap elementor-element-populated\">\n\t\t\t\t\t\t<div class=\"elementor-element elementor-element-e90e2eb elementor-widget elementor-widget-heading\" data-id=\"e90e2eb\" data-element_type=\"widget\" data-e-type=\"widget\" data-widget_type=\"heading.default\">\n\t\t\t\t<div class=\"elementor-widget-container\">\n\t\t\t\t\t<h4 class=\"elementor-heading-title elementor-size-default\">Inicio del curso<\/h4>\t\t\t\t<\/div>\n\t\t\t\t<\/div>\n\t\t\t\t<div class=\"elementor-element elementor-element-87ffb45 elementor-widget elementor-widget-heading\" data-id=\"87ffb45\" data-element_type=\"widget\" data-e-type=\"widget\" data-widget_type=\"heading.default\">\n\t\t\t\t<div class=\"elementor-widget-container\">\n\t\t\t\t\t<h5 class=\"elementor-heading-title elementor-size-default\">03\/11\/2026<\/h5>\t\t\t\t<\/div>\n\t\t\t\t<\/div>\n\t\t\t\t<div class=\"elementor-element elementor-element-155e1cf elementor-mobile-align-center elementor-widget elementor-widget-button\" data-id=\"155e1cf\" data-element_type=\"widget\" data-e-type=\"widget\" data-widget_type=\"button.default\">\n\t\t\t\t<div class=\"elementor-widget-container\">\n\t\t\t\t\t\t\t\t\t<div class=\"elementor-button-wrapper\">\n\t\t\t\t\t<a class=\"elementor-button elementor-button-link elementor-size-sm\" href=\"https:\/\/www.upo.es\/formacionpermanente\/wp-content\/imagenes\/uploads\/2026\/01\/M2026-01_Calendario.pdf\">\n\t\t\t\t\t\t<span class=\"elementor-button-content-wrapper\">\n\t\t\t\t\t\t\t\t\t<span class=\"elementor-button-text\">Consultar calendario<\/span>\n\t\t\t\t\t<\/span>\n\t\t\t\t\t<\/a>\n\t\t\t\t<\/div>\n\t\t\t\t\t\t\t\t<\/div>\n\t\t\t\t<\/div>\n\t\t\t\t\t<\/div>\n\t\t<\/div>\n\t\t\t\t<div class=\"elementor-column elementor-col-25 elementor-inner-column elementor-element elementor-element-3dc6335\" data-id=\"3dc6335\" data-element_type=\"column\" data-e-type=\"column\">\n\t\t\t<div class=\"elementor-widget-wrap elementor-element-populated\">\n\t\t\t\t\t\t<div class=\"elementor-element elementor-element-42ffa4d elementor-widget elementor-widget-heading\" data-id=\"42ffa4d\" data-element_type=\"widget\" data-e-type=\"widget\" data-widget_type=\"heading.default\">\n\t\t\t\t<div class=\"elementor-widget-container\">\n\t\t\t\t\t<h4 class=\"elementor-heading-title elementor-size-default\">Cr\u00e9ditos<\/h4>\t\t\t\t<\/div>\n\t\t\t\t<\/div>\n\t\t\t\t<div class=\"elementor-element elementor-element-3157109 elementor-widget elementor-widget-heading\" data-id=\"3157109\" data-element_type=\"widget\" data-e-type=\"widget\" data-widget_type=\"heading.default\">\n\t\t\t\t<div class=\"elementor-widget-container\">\n\t\t\t\t\t<h5 class=\"elementor-heading-title elementor-size-default\">60 ECTS<\/h5>\t\t\t\t<\/div>\n\t\t\t\t<\/div>\n\t\t\t\t\t<\/div>\n\t\t<\/div>\n\t\t\t\t<div class=\"elementor-column elementor-col-25 elementor-inner-column elementor-element elementor-element-600f6c2\" data-id=\"600f6c2\" data-element_type=\"column\" data-e-type=\"column\">\n\t\t\t<div class=\"elementor-widget-wrap elementor-element-populated\">\n\t\t\t\t\t\t<div class=\"elementor-element elementor-element-f560a34 elementor-widget elementor-widget-heading\" data-id=\"f560a34\" data-element_type=\"widget\" data-e-type=\"widget\" data-widget_type=\"heading.default\">\n\t\t\t\t<div class=\"elementor-widget-container\">\n\t\t\t\t\t<h4 class=\"elementor-heading-title elementor-size-default\">Precio del curso<\/h4>\t\t\t\t<\/div>\n\t\t\t\t<\/div>\n\t\t\t\t<div class=\"elementor-element elementor-element-9fe63e1 elementor-widget elementor-widget-heading\" data-id=\"9fe63e1\" data-element_type=\"widget\" data-e-type=\"widget\" data-widget_type=\"heading.default\">\n\t\t\t\t<div class=\"elementor-widget-container\">\n\t\t\t\t\t<h5 class=\"elementor-heading-title elementor-size-default\">2.200,20<\/h5>\t\t\t\t<\/div>\n\t\t\t\t<\/div>\n\t\t\t\t\t<\/div>\n\t\t<\/div>\n\t\t\t\t\t<\/div>\n\t\t<\/section>\n\t\t\t\t\t<\/div>\n\t\t<\/div>\n\t\t\t\t\t<\/div>\n\t\t<\/section>\n\t\t\t\t<section class=\"elementor-section elementor-top-section elementor-element elementor-element-567d2259 elementor-section-full_width elementor-hidden-desktop elementor-section-height-default elementor-section-height-default\" data-id=\"567d2259\" data-element_type=\"section\" data-e-type=\"section\">\n\t\t\t\t\t\t<div class=\"elementor-container elementor-column-gap-default\">\n\t\t\t\t\t<div class=\"elementor-column elementor-col-100 elementor-top-column elementor-element elementor-element-69ca51b1\" data-id=\"69ca51b1\" data-element_type=\"column\" data-e-type=\"column\">\n\t\t\t<div class=\"elementor-widget-wrap elementor-element-populated\">\n\t\t\t\t\t\t<div class=\"elementor-element elementor-element-54e60b6f elementor-align-center elementor-tablet-align-center elementor-widget elementor-widget-button\" data-id=\"54e60b6f\" data-element_type=\"widget\" data-e-type=\"widget\" data-settings=\"{&quot;sticky&quot;:&quot;bottom&quot;,&quot;sticky_on&quot;:[&quot;tablet&quot;,&quot;mobile&quot;],&quot;sticky_offset_tablet&quot;:80,&quot;sticky_offset_mobile&quot;:50,&quot;sticky_offset&quot;:0,&quot;sticky_effects_offset&quot;:0,&quot;sticky_anchor_link_offset&quot;:0}\" data-widget_type=\"button.default\">\n\t\t\t\t<div class=\"elementor-widget-container\">\n\t\t\t\t\t\t\t\t\t<div class=\"elementor-button-wrapper\">\n\t\t\t\t\t<a class=\"elementor-button elementor-button-link elementor-size-lg\" href=\"https:\/\/www.upo.es\/automat-fund\/web\/index.php?r=curso%2Fview&#038;id=847\">\n\t\t\t\t\t\t<span class=\"elementor-button-content-wrapper\">\n\t\t\t\t\t\t\t\t\t<span class=\"elementor-button-text\">Realizar reserva de plaza<\/span>\n\t\t\t\t\t<\/span>\n\t\t\t\t\t<\/a>\n\t\t\t\t<\/div>\n\t\t\t\t\t\t\t\t<\/div>\n\t\t\t\t<\/div>\n\t\t\t\t\t<\/div>\n\t\t<\/div>\n\t\t\t\t\t<\/div>\n\t\t<\/section>\n\t\t\t\t<section class=\"elementor-section elementor-top-section elementor-element elementor-element-71bd819 elementor-section-full_width elementor-section-height-default elementor-section-height-default\" data-id=\"71bd819\" data-element_type=\"section\" data-e-type=\"section\">\n\t\t\t\t\t\t<div class=\"elementor-container elementor-column-gap-wide\">\n\t\t\t\t\t<div class=\"elementor-column elementor-col-100 elementor-top-column elementor-element elementor-element-754afa7\" data-id=\"754afa7\" data-element_type=\"column\" data-e-type=\"column\">\n\t\t\t<div class=\"elementor-widget-wrap elementor-element-populated\">\n\t\t\t\t\t\t<div class=\"elementor-element elementor-element-592efcb elementor-hidden-desktop elementor-widget elementor-widget-text-editor\" data-id=\"592efcb\" data-element_type=\"widget\" data-e-type=\"widget\" data-widget_type=\"text-editor.default\">\n\t\t\t\t<div class=\"elementor-widget-container\">\n\t\t\t\t\t\t\t\t\t<p><em>Para consultar la informaci\u00f3n completa de este T\u00edtulo Propio, por favor visite esta web en un ordenador de escritorio.<\/em><\/p>\t\t\t\t\t\t\t\t<\/div>\n\t\t\t\t<\/div>\n\t\t\t\t\t<\/div>\n\t\t<\/div>\n\t\t\t\t\t<\/div>\n\t\t<\/section>\n\t\t\t\t<\/div>\n\t\t","protected":false},"featured_media":45064,"parent":0,"template":"","meta":{"_acf_changed":false,"site-sidebar-layout":"no-sidebar","site-content-layout":"page-builder","ast-site-content-layout":"full-width-container","site-content-style":"unboxed","site-sidebar-style":"unboxed","ast-global-header-display":"","ast-banner-title-visibility":"disabled","ast-main-header-display":"disabled","ast-hfb-above-header-display":"disabled","ast-hfb-below-header-display":"","ast-hfb-mobile-header-display":"disabled","site-post-title":"disabled","ast-breadcrumbs-content":"disabled","ast-featured-img":"disabled","footer-sml-layout":"disabled","ast-disable-related-posts":"","theme-transparent-header-meta":"default","adv-header-id-meta":"","stick-header-meta":"default","header-above-stick-meta":"","header-main-stick-meta":"","header-below-stick-meta":"","astra-migrate-meta-layouts":"set","ast-page-background-enabled":"default","ast-page-background-meta":{"desktop":{"background-color":"var(--ast-global-color-4)","background-image":"","background-repeat":"repeat","background-position":"center center","background-size":"auto","background-attachment":"scroll","background-type":"","background-media":"","overlay-type":"","overlay-color":"","overlay-opacity":"","overlay-gradient":""},"tablet":{"background-color":"","background-image":"","background-repeat":"repeat","background-position":"center center","background-size":"auto","background-attachment":"scroll","background-type":"","background-media":"","overlay-type":"","overlay-color":"","overlay-opacity":"","overlay-gradient":""},"mobile":{"background-color":"","background-image":"","background-repeat":"repeat","background-position":"center center","background-size":"auto","background-attachment":"scroll","background-type":"","background-media":"","overlay-type":"","overlay-color":"","overlay-opacity":"","overlay-gradient":""}},"ast-content-background-meta":{"desktop":{"background-color":"var(--ast-global-color-5)","background-image":"","background-repeat":"repeat","background-position":"center center","background-size":"auto","background-attachment":"scroll","background-type":"","background-media":"","overlay-type":"","overlay-color":"","overlay-opacity":"","overlay-gradient":""},"tablet":{"background-color":"var(--ast-global-color-5)","background-image":"","background-repeat":"repeat","background-position":"center center","background-size":"auto","background-attachment":"scroll","background-type":"","background-media":"","overlay-type":"","overlay-color":"","overlay-opacity":"","overlay-gradient":""},"mobile":{"background-color":"var(--ast-global-color-5)","background-image":"","background-repeat":"repeat","background-position":"center center","background-size":"auto","background-attachment":"scroll","background-type":"","background-media":"","overlay-type":"","overlay-color":"","overlay-opacity":"","overlay-gradient":""}}},"categories":[785,50],"tags":[794],"titulos_propios":[],"class_list":["post-51684","master-fp","type-master-fp","status-publish","has-post-thumbnail","hentry","category-2026-2027","category-matricula-abierta","tag-m2026-01"],"acf":[],"yoast_head":"<!-- This site is optimized with the Yoast SEO plugin v27.4 - https:\/\/yoast.com\/product\/yoast-seo-wordpress\/ -->\n<title>M\u00e1ster Atenci\u00f3n y Promoci\u00f3n de las Altas Capacidades<\/title>\n<meta name=\"description\" content=\"Este M\u00e1ster en Direcci\u00f3n y Administraci\u00f3n de Empresas Hosteleras te permitir\u00e1 desarrollar y aplicar las habilidades que has adquirido...\" \/>\n<meta name=\"robots\" content=\"index, follow, max-snippet:-1, max-image-preview:large, max-video-preview:-1\" \/>\n<link rel=\"canonical\" href=\"https:\/\/www.upo.es\/formacionpermanente\/master-formacion-permanente\/atencion-y-promocion-de-las-altas-capacidades\/\" \/>\n<meta property=\"og:locale\" content=\"es_ES\" \/>\n<meta property=\"og:type\" content=\"article\" \/>\n<meta property=\"og:title\" content=\"M\u00e1ster Atenci\u00f3n y Promoci\u00f3n de las Altas Capacidades\" \/>\n<meta property=\"og:description\" content=\"Este M\u00e1ster en Direcci\u00f3n y Administraci\u00f3n de Empresas Hosteleras te permitir\u00e1 desarrollar y aplicar las habilidades que has adquirido...\" \/>\n<meta property=\"og:url\" content=\"https:\/\/www.upo.es\/formacionpermanente\/master-formacion-permanente\/atencion-y-promocion-de-las-altas-capacidades\/\" \/>\n<meta property=\"og:site_name\" content=\"Formaci\u00f3n Permanente UPO\" \/>\n<meta property=\"article:modified_time\" content=\"2026-02-23T11:50:43+00:00\" \/>\n<meta property=\"og:image\" content=\"https:\/\/www.upo.es\/formacionpermanente\/wp-content\/imagenes\/uploads\/2025\/04\/Imagen-master-AACC-UPO.png\" \/>\n\t<meta property=\"og:image:width\" content=\"756\" \/>\n\t<meta property=\"og:image:height\" content=\"1138\" \/>\n\t<meta property=\"og:image:type\" content=\"image\/png\" \/>\n<meta name=\"twitter:card\" content=\"summary_large_image\" \/>\n<meta name=\"twitter:label1\" content=\"Tiempo de lectura\" \/>\n\t<meta name=\"twitter:data1\" content=\"16 minutos\" \/>\n<script type=\"application\/ld+json\" class=\"yoast-schema-graph\">{\"@context\":\"https:\\\/\\\/schema.org\",\"@graph\":[{\"@type\":\"WebPage\",\"@id\":\"https:\\\/\\\/www.upo.es\\\/formacionpermanente\\\/master-formacion-permanente\\\/atencion-y-promocion-de-las-altas-capacidades\\\/\",\"url\":\"https:\\\/\\\/www.upo.es\\\/formacionpermanente\\\/master-formacion-permanente\\\/atencion-y-promocion-de-las-altas-capacidades\\\/\",\"name\":\"M\u00e1ster Atenci\u00f3n y Promoci\u00f3n de las Altas Capacidades\",\"isPartOf\":{\"@id\":\"https:\\\/\\\/www.upo.es\\\/formacionpermanente\\\/#website\"},\"primaryImageOfPage\":{\"@id\":\"https:\\\/\\\/www.upo.es\\\/formacionpermanente\\\/master-formacion-permanente\\\/atencion-y-promocion-de-las-altas-capacidades\\\/#primaryimage\"},\"image\":{\"@id\":\"https:\\\/\\\/www.upo.es\\\/formacionpermanente\\\/master-formacion-permanente\\\/atencion-y-promocion-de-las-altas-capacidades\\\/#primaryimage\"},\"thumbnailUrl\":\"https:\\\/\\\/www.upo.es\\\/formacionpermanente\\\/wp-content\\\/imagenes\\\/uploads\\\/2025\\\/04\\\/Imagen-master-AACC-UPO.png\",\"datePublished\":\"2026-01-29T10:37:41+00:00\",\"dateModified\":\"2026-02-23T11:50:43+00:00\",\"description\":\"Este M\u00e1ster en Direcci\u00f3n y Administraci\u00f3n de Empresas Hosteleras te permitir\u00e1 desarrollar y aplicar las habilidades que has adquirido...\",\"breadcrumb\":{\"@id\":\"https:\\\/\\\/www.upo.es\\\/formacionpermanente\\\/master-formacion-permanente\\\/atencion-y-promocion-de-las-altas-capacidades\\\/#breadcrumb\"},\"inLanguage\":\"es\",\"potentialAction\":[{\"@type\":\"ReadAction\",\"target\":[\"https:\\\/\\\/www.upo.es\\\/formacionpermanente\\\/master-formacion-permanente\\\/atencion-y-promocion-de-las-altas-capacidades\\\/\"]}]},{\"@type\":\"ImageObject\",\"inLanguage\":\"es\",\"@id\":\"https:\\\/\\\/www.upo.es\\\/formacionpermanente\\\/master-formacion-permanente\\\/atencion-y-promocion-de-las-altas-capacidades\\\/#primaryimage\",\"url\":\"https:\\\/\\\/www.upo.es\\\/formacionpermanente\\\/wp-content\\\/imagenes\\\/uploads\\\/2025\\\/04\\\/Imagen-master-AACC-UPO.png\",\"contentUrl\":\"https:\\\/\\\/www.upo.es\\\/formacionpermanente\\\/wp-content\\\/imagenes\\\/uploads\\\/2025\\\/04\\\/Imagen-master-AACC-UPO.png\",\"width\":756,\"height\":1138},{\"@type\":\"BreadcrumbList\",\"@id\":\"https:\\\/\\\/www.upo.es\\\/formacionpermanente\\\/master-formacion-permanente\\\/atencion-y-promocion-de-las-altas-capacidades\\\/#breadcrumb\",\"itemListElement\":[{\"@type\":\"ListItem\",\"position\":1,\"name\":\"Portada\",\"item\":\"https:\\\/\\\/www.upo.es\\\/formacionpermanente\\\/\"},{\"@type\":\"ListItem\",\"position\":2,\"name\":\"Atenci\u00f3n y Promoci\u00f3n de las Altas Capacidades\"}]},{\"@type\":\"WebSite\",\"@id\":\"https:\\\/\\\/www.upo.es\\\/formacionpermanente\\\/#website\",\"url\":\"https:\\\/\\\/www.upo.es\\\/formacionpermanente\\\/\",\"name\":\"Formaci\u00f3n Permanente UPO\",\"description\":\"T\u00edtulos Propios, Microcredenciales, Cursos de Verano\",\"publisher\":{\"@id\":\"https:\\\/\\\/www.upo.es\\\/formacionpermanente\\\/#organization\"},\"potentialAction\":[{\"@type\":\"SearchAction\",\"target\":{\"@type\":\"EntryPoint\",\"urlTemplate\":\"https:\\\/\\\/www.upo.es\\\/formacionpermanente\\\/?s={search_term_string}\"},\"query-input\":{\"@type\":\"PropertyValueSpecification\",\"valueRequired\":true,\"valueName\":\"search_term_string\"}}],\"inLanguage\":\"es\"},{\"@type\":\"Organization\",\"@id\":\"https:\\\/\\\/www.upo.es\\\/formacionpermanente\\\/#organization\",\"name\":\"Formaci\u00f3n Permanente Universidad Pablo de Olavide\",\"alternateName\":\"Formaci\u00f3n Permanente UPO\",\"url\":\"https:\\\/\\\/www.upo.es\\\/formacionpermanente\\\/\",\"logo\":{\"@type\":\"ImageObject\",\"inLanguage\":\"es\",\"@id\":\"https:\\\/\\\/www.upo.es\\\/formacionpermanente\\\/#\\\/schema\\\/logo\\\/image\\\/\",\"url\":\"https:\\\/\\\/www.upo.es\\\/formacionpermanente\\\/wp-content\\\/imagenes\\\/uploads\\\/2023\\\/02\\\/Logo-UPO-azul-amarillo-horizontal.png\",\"contentUrl\":\"https:\\\/\\\/www.upo.es\\\/formacionpermanente\\\/wp-content\\\/imagenes\\\/uploads\\\/2023\\\/02\\\/Logo-UPO-azul-amarillo-horizontal.png\",\"width\":1000,\"height\":407,\"caption\":\"Formaci\u00f3n Permanente Universidad Pablo de Olavide\"},\"image\":{\"@id\":\"https:\\\/\\\/www.upo.es\\\/formacionpermanente\\\/#\\\/schema\\\/logo\\\/image\\\/\"}}]}<\/script>\n<!-- \/ Yoast SEO plugin. -->","yoast_head_json":{"title":"M\u00e1ster Atenci\u00f3n y Promoci\u00f3n de las Altas Capacidades","description":"Este M\u00e1ster en Direcci\u00f3n y Administraci\u00f3n de Empresas Hosteleras te permitir\u00e1 desarrollar y aplicar las habilidades que has adquirido...","robots":{"index":"index","follow":"follow","max-snippet":"max-snippet:-1","max-image-preview":"max-image-preview:large","max-video-preview":"max-video-preview:-1"},"canonical":"https:\/\/www.upo.es\/formacionpermanente\/master-formacion-permanente\/atencion-y-promocion-de-las-altas-capacidades\/","og_locale":"es_ES","og_type":"article","og_title":"M\u00e1ster Atenci\u00f3n y Promoci\u00f3n de las Altas Capacidades","og_description":"Este M\u00e1ster en Direcci\u00f3n y Administraci\u00f3n de Empresas Hosteleras te permitir\u00e1 desarrollar y aplicar las habilidades que has adquirido...","og_url":"https:\/\/www.upo.es\/formacionpermanente\/master-formacion-permanente\/atencion-y-promocion-de-las-altas-capacidades\/","og_site_name":"Formaci\u00f3n Permanente UPO","article_modified_time":"2026-02-23T11:50:43+00:00","og_image":[{"width":756,"height":1138,"url":"https:\/\/www.upo.es\/formacionpermanente\/wp-content\/imagenes\/uploads\/2025\/04\/Imagen-master-AACC-UPO.png","type":"image\/png"}],"twitter_card":"summary_large_image","twitter_misc":{"Tiempo de lectura":"16 minutos"},"schema":{"@context":"https:\/\/schema.org","@graph":[{"@type":"WebPage","@id":"https:\/\/www.upo.es\/formacionpermanente\/master-formacion-permanente\/atencion-y-promocion-de-las-altas-capacidades\/","url":"https:\/\/www.upo.es\/formacionpermanente\/master-formacion-permanente\/atencion-y-promocion-de-las-altas-capacidades\/","name":"M\u00e1ster Atenci\u00f3n y Promoci\u00f3n de las Altas Capacidades","isPartOf":{"@id":"https:\/\/www.upo.es\/formacionpermanente\/#website"},"primaryImageOfPage":{"@id":"https:\/\/www.upo.es\/formacionpermanente\/master-formacion-permanente\/atencion-y-promocion-de-las-altas-capacidades\/#primaryimage"},"image":{"@id":"https:\/\/www.upo.es\/formacionpermanente\/master-formacion-permanente\/atencion-y-promocion-de-las-altas-capacidades\/#primaryimage"},"thumbnailUrl":"https:\/\/www.upo.es\/formacionpermanente\/wp-content\/imagenes\/uploads\/2025\/04\/Imagen-master-AACC-UPO.png","datePublished":"2026-01-29T10:37:41+00:00","dateModified":"2026-02-23T11:50:43+00:00","description":"Este M\u00e1ster en Direcci\u00f3n y Administraci\u00f3n de Empresas Hosteleras te permitir\u00e1 desarrollar y aplicar las habilidades que has adquirido...","breadcrumb":{"@id":"https:\/\/www.upo.es\/formacionpermanente\/master-formacion-permanente\/atencion-y-promocion-de-las-altas-capacidades\/#breadcrumb"},"inLanguage":"es","potentialAction":[{"@type":"ReadAction","target":["https:\/\/www.upo.es\/formacionpermanente\/master-formacion-permanente\/atencion-y-promocion-de-las-altas-capacidades\/"]}]},{"@type":"ImageObject","inLanguage":"es","@id":"https:\/\/www.upo.es\/formacionpermanente\/master-formacion-permanente\/atencion-y-promocion-de-las-altas-capacidades\/#primaryimage","url":"https:\/\/www.upo.es\/formacionpermanente\/wp-content\/imagenes\/uploads\/2025\/04\/Imagen-master-AACC-UPO.png","contentUrl":"https:\/\/www.upo.es\/formacionpermanente\/wp-content\/imagenes\/uploads\/2025\/04\/Imagen-master-AACC-UPO.png","width":756,"height":1138},{"@type":"BreadcrumbList","@id":"https:\/\/www.upo.es\/formacionpermanente\/master-formacion-permanente\/atencion-y-promocion-de-las-altas-capacidades\/#breadcrumb","itemListElement":[{"@type":"ListItem","position":1,"name":"Portada","item":"https:\/\/www.upo.es\/formacionpermanente\/"},{"@type":"ListItem","position":2,"name":"Atenci\u00f3n y Promoci\u00f3n de las Altas Capacidades"}]},{"@type":"WebSite","@id":"https:\/\/www.upo.es\/formacionpermanente\/#website","url":"https:\/\/www.upo.es\/formacionpermanente\/","name":"Formaci\u00f3n Permanente UPO","description":"T\u00edtulos Propios, Microcredenciales, Cursos de Verano","publisher":{"@id":"https:\/\/www.upo.es\/formacionpermanente\/#organization"},"potentialAction":[{"@type":"SearchAction","target":{"@type":"EntryPoint","urlTemplate":"https:\/\/www.upo.es\/formacionpermanente\/?s={search_term_string}"},"query-input":{"@type":"PropertyValueSpecification","valueRequired":true,"valueName":"search_term_string"}}],"inLanguage":"es"},{"@type":"Organization","@id":"https:\/\/www.upo.es\/formacionpermanente\/#organization","name":"Formaci\u00f3n Permanente Universidad Pablo de Olavide","alternateName":"Formaci\u00f3n Permanente UPO","url":"https:\/\/www.upo.es\/formacionpermanente\/","logo":{"@type":"ImageObject","inLanguage":"es","@id":"https:\/\/www.upo.es\/formacionpermanente\/#\/schema\/logo\/image\/","url":"https:\/\/www.upo.es\/formacionpermanente\/wp-content\/imagenes\/uploads\/2023\/02\/Logo-UPO-azul-amarillo-horizontal.png","contentUrl":"https:\/\/www.upo.es\/formacionpermanente\/wp-content\/imagenes\/uploads\/2023\/02\/Logo-UPO-azul-amarillo-horizontal.png","width":1000,"height":407,"caption":"Formaci\u00f3n Permanente Universidad Pablo de Olavide"},"image":{"@id":"https:\/\/www.upo.es\/formacionpermanente\/#\/schema\/logo\/image\/"}}]}},"_links":{"self":[{"href":"https:\/\/www.upo.es\/formacionpermanente\/wp-json\/wp\/v2\/master-fp\/51684","targetHints":{"allow":["GET"]}}],"collection":[{"href":"https:\/\/www.upo.es\/formacionpermanente\/wp-json\/wp\/v2\/master-fp"}],"about":[{"href":"https:\/\/www.upo.es\/formacionpermanente\/wp-json\/wp\/v2\/types\/master-fp"}],"version-history":[{"count":9,"href":"https:\/\/www.upo.es\/formacionpermanente\/wp-json\/wp\/v2\/master-fp\/51684\/revisions"}],"predecessor-version":[{"id":53301,"href":"https:\/\/www.upo.es\/formacionpermanente\/wp-json\/wp\/v2\/master-fp\/51684\/revisions\/53301"}],"wp:featuredmedia":[{"embeddable":true,"href":"https:\/\/www.upo.es\/formacionpermanente\/wp-json\/wp\/v2\/media\/45064"}],"wp:attachment":[{"href":"https:\/\/www.upo.es\/formacionpermanente\/wp-json\/wp\/v2\/media?parent=51684"}],"wp:term":[{"taxonomy":"category","embeddable":true,"href":"https:\/\/www.upo.es\/formacionpermanente\/wp-json\/wp\/v2\/categories?post=51684"},{"taxonomy":"post_tag","embeddable":true,"href":"https:\/\/www.upo.es\/formacionpermanente\/wp-json\/wp\/v2\/tags?post=51684"},{"taxonomy":"titulos_propios","embeddable":true,"href":"https:\/\/www.upo.es\/formacionpermanente\/wp-json\/wp\/v2\/titulos_propios?post=51684"}],"curies":[{"name":"wp","href":"https:\/\/api.w.org\/{rel}","templated":true}]}}